{"id":76206,"date":"2026-03-26T15:20:07","date_gmt":"2026-03-26T19:20:07","guid":{"rendered":"https:\/\/fondationrivieres.org\/?post_type=team&#038;p=76206"},"modified":"2026-03-26T15:20:10","modified_gmt":"2026-03-26T19:20:10","slug":"benoit-croteau","status":"publish","type":"team","link":"https:\/\/fondationrivieres.org\/en\/team\/benoit-croteau\/","title":{"rendered":"Benoit Croteau"},"content":{"rendered":"<p>Autochtone de la Premi\u00e8re Nation Abitibiwinni, il a oeuvr\u00e9 pendant plus de 28 ans \u00e0 la protection du territoire anicinape (Algonquin) au sein de diff\u00e9rentes communaut\u00e9s, mais plus particuli\u00e8rement celui de sa nation comme directeur Territoire et Environnement pendant 24 ans. Pour lui, les rivi\u00e8res de notre territoire sont au c\u0153ur de son identit\u00e9 et de notre syst\u00e8me culturel, de nos valeurs, de qui nous sommes.<\/p>\n\n\n\n<p>Les rivi\u00e8res sont pour lui toute son identit\u00e9. Ayant pagay\u00e9 plusieurs rivi\u00e8res au Qu\u00e9bec dont trois qui ont \u00e9t\u00e9 document\u00e9es, il a d\u00e9velopp\u00e9 un amour immense envers celles-ci. Il a notamment particip\u00e9 au tournage \u00ab Je suis Magpie \u00bb, un documentaire de Suzan Flemming et de Kim O\u2019Bomsawin portant sur la rivi\u00e8re du m\u00eame nom et quelques autres exp\u00e9ditions sur les rivi\u00e8res du Qu\u00e9bec ont \u00e9t\u00e9 reconnus dans la revue Espace et par la Soci\u00e9t\u00e9 G\u00e9ographique Royale du Canada.<\/p>","protected":false},"author":39,"featured_media":76178,"menu_order":0,"template":"","team_designation":[165],"team_department":[156],"class_list":["post-76206","team","type-team","status-publish","has-post-thumbnail","hentry","team_designation-administrateur","team_department-conseil-dadministration"],"_links":{"self":[{"href":"https:\/\/fondationrivieres.org\/en\/wp-json\/wp\/v2\/team\/76206","targetHints":{"allow":["GET"]}}],"collection":[{"href":"https:\/\/fondationrivieres.org\/en\/wp-json\/wp\/v2\/team"}],"about":[{"href":"https:\/\/fondationrivieres.org\/en\/wp-json\/wp\/v2\/types\/team"}],"author":[{"embeddable":true,"href":"https:\/\/fondationrivieres.org\/en\/wp-json\/wp\/v2\/users\/39"}],"wp:featuredmedia":[{"embeddable":true,"href":"https:\/\/fondationrivieres.org\/en\/wp-json\/wp\/v2\/media\/76178"}],"wp:attachment":[{"href":"https:\/\/fondationrivieres.org\/en\/wp-json\/wp\/v2\/media?parent=76206"}],"wp:term":[{"taxonomy":"team_designation","embeddable":true,"href":"https:\/\/fondationrivieres.org\/en\/wp-json\/wp\/v2\/team_designation?post=76206"},{"taxonomy":"team_department","embeddable":true,"href":"https:\/\/fondationrivieres.org\/en\/wp-json\/wp\/v2\/team_department?post=76206"}],"curies":[{"name":"wp","href":"https:\/\/api.w.org\/{rel}","templated":true}]}}