{"id":76205,"date":"2026-03-26T14:59:12","date_gmt":"2026-03-26T18:59:12","guid":{"rendered":"https:\/\/fondationrivieres.org\/?post_type=team&#038;p=76205"},"modified":"2026-03-26T15:06:37","modified_gmt":"2026-03-26T19:06:37","slug":"maurice-couture","status":"publish","type":"team","link":"https:\/\/fondationrivieres.org\/en\/team\/maurice-couture\/","title":{"rendered":"Maurice Couture"},"content":{"rendered":"<p>Fondateur et dirigeant du cabinet de consultation sp\u00e9cialis\u00e9 en d\u00e9veloppement touristique durable GPS Tourisme et auparavant directeur d\u2019une Soci\u00e9t\u00e9 d\u2019aide au d\u00e9veloppement des collectivit\u00e9s (SADC) et agent de d\u00e9veloppement dans une ATR (1986-1994), il conna\u00eet bien les rouages et les pratiques de d\u00e9veloppement des organismes \u00e0 but non lucratif comme la Fondation Rivi\u00e8res.<\/p>\n\n\n\n<p>Il s\u2019est aussi impliqu\u00e9 \u00e0 fond dans la cr\u00e9ation du Parc lin\u00e9aire du P\u2019tit train du Nord et a agi \u00e0 titre de secr\u00e9taire de la coalition mise en place pour mobiliser le milieu, les \u00e9lus et le gouvernement dans l\u2019acquisition et la transformation de cette voie ferr\u00e9e de 200 km de long.<\/p>\n\n\n\n<p>Il a \u00e9galement de fortes comp\u00e9tences en mati\u00e8re de gouvernance et a \u00e9t\u00e9 pendant de nombreuses ann\u00e9es membre de l\u2019Ordre des administrateurs agr\u00e9\u00e9s du Qu\u00e9bec, dont un des principaux objectifs est de promouvoir des principes de saine gestion.<\/p>","protected":false},"author":39,"featured_media":76177,"menu_order":0,"template":"","team_designation":[165],"team_department":[156],"class_list":["post-76205","team","type-team","status-publish","has-post-thumbnail","hentry","team_designation-administrateur","team_department-conseil-dadministration"],"_links":{"self":[{"href":"https:\/\/fondationrivieres.org\/en\/wp-json\/wp\/v2\/team\/76205","targetHints":{"allow":["GET"]}}],"collection":[{"href":"https:\/\/fondationrivieres.org\/en\/wp-json\/wp\/v2\/team"}],"about":[{"href":"https:\/\/fondationrivieres.org\/en\/wp-json\/wp\/v2\/types\/team"}],"author":[{"embeddable":true,"href":"https:\/\/fondationrivieres.org\/en\/wp-json\/wp\/v2\/users\/39"}],"wp:featuredmedia":[{"embeddable":true,"href":"https:\/\/fondationrivieres.org\/en\/wp-json\/wp\/v2\/media\/76177"}],"wp:attachment":[{"href":"https:\/\/fondationrivieres.org\/en\/wp-json\/wp\/v2\/media?parent=76205"}],"wp:term":[{"taxonomy":"team_designation","embeddable":true,"href":"https:\/\/fondationrivieres.org\/en\/wp-json\/wp\/v2\/team_designation?post=76205"},{"taxonomy":"team_department","embeddable":true,"href":"https:\/\/fondationrivieres.org\/en\/wp-json\/wp\/v2\/team_department?post=76205"}],"curies":[{"name":"wp","href":"https:\/\/api.w.org\/{rel}","templated":true}]}}