{"id":76204,"date":"2026-03-26T14:55:38","date_gmt":"2026-03-26T18:55:38","guid":{"rendered":"https:\/\/fondationrivieres.org\/?post_type=team&#038;p=76204"},"modified":"2026-03-26T15:03:35","modified_gmt":"2026-03-26T19:03:35","slug":"sylvie-bouchard","status":"publish","type":"team","link":"https:\/\/fondationrivieres.org\/en\/team\/sylvie-bouchard\/","title":{"rendered":"Sylvie Bouchard"},"content":{"rendered":"<p>Forte de 20 ans d\u2019exp\u00e9rience en d\u00e9veloppement philanthropique et en gouvernance au sein d\u2019organisations \u0153uvrant en sant\u00e9 et en enseignement sup\u00e9rieur, notamment pour l&rsquo;Universit\u00e9 de Sherbrooke et la Fondation de l\u2019H\u00f4pital Charles-Lemoyne, elle a eu l\u2019occasion d\u2019accompagner des conseils d\u2019administration dans des contextes de croissance, de campagnes majeures et de structuration strat\u00e9gique. Son parcours lui a permise de d\u00e9velopper une solide compr\u00e9hension des enjeux li\u00e9s \u00e0 la vision organisationnelle, \u00e0 la gestion des risques, \u00e0 la reddition de comptes et \u00e0 la p\u00e9rennit\u00e9 financi\u00e8re.<\/p>\n\n\n\n<p>Elle souhaite contribuer activement aux r\u00e9flexions visant la diversification des revenus potentiels provenant de la philanthropie qui pourrait contribuer \u00e0 soutenir le rayonnement et le d\u00e9veloppement \u00e0 long terme de votre organisation.<\/p>","protected":false},"author":39,"featured_media":76176,"menu_order":0,"template":"","team_designation":[169],"team_department":[156],"class_list":["post-76204","team","type-team","status-publish","has-post-thumbnail","hentry","team_designation-administratrice","team_department-conseil-dadministration"],"_links":{"self":[{"href":"https:\/\/fondationrivieres.org\/en\/wp-json\/wp\/v2\/team\/76204","targetHints":{"allow":["GET"]}}],"collection":[{"href":"https:\/\/fondationrivieres.org\/en\/wp-json\/wp\/v2\/team"}],"about":[{"href":"https:\/\/fondationrivieres.org\/en\/wp-json\/wp\/v2\/types\/team"}],"author":[{"embeddable":true,"href":"https:\/\/fondationrivieres.org\/en\/wp-json\/wp\/v2\/users\/39"}],"wp:featuredmedia":[{"embeddable":true,"href":"https:\/\/fondationrivieres.org\/en\/wp-json\/wp\/v2\/media\/76176"}],"wp:attachment":[{"href":"https:\/\/fondationrivieres.org\/en\/wp-json\/wp\/v2\/media?parent=76204"}],"wp:term":[{"taxonomy":"team_designation","embeddable":true,"href":"https:\/\/fondationrivieres.org\/en\/wp-json\/wp\/v2\/team_designation?post=76204"},{"taxonomy":"team_department","embeddable":true,"href":"https:\/\/fondationrivieres.org\/en\/wp-json\/wp\/v2\/team_department?post=76204"}],"curies":[{"name":"wp","href":"https:\/\/api.w.org\/{rel}","templated":true}]}}