{"id":75416,"date":"2026-01-15T11:46:06","date_gmt":"2026-01-15T16:46:06","guid":{"rendered":"https:\/\/fondationrivieres.org\/?post_type=team&#038;p=75416"},"modified":"2026-01-21T10:30:05","modified_gmt":"2026-01-21T15:30:05","slug":"david-beauchamp","status":"publish","type":"team","link":"https:\/\/fondationrivieres.org\/en\/team\/david-beauchamp\/","title":{"rendered":"David Beauchamp"},"content":{"rendered":"<p>David Beauchamp a amorc\u00e9 sa carri\u00e8re comme journaliste \u00e0 Terre-Neuve, avant de poursuivre son parcours \u00e0 Montr\u00e9al au sein de salles de r\u00e9daction et de m\u00e9dias aux lignes \u00e9ditoriales vari\u00e9es. Ces exp\u00e9riences lui ont permis de d\u00e9velopper une solide capacit\u00e9 de vulgarisation, une rigueur dans le traitement de l\u2019information et une fine compr\u00e9hension des dynamiques sociales et politiques qui fa\u00e7onnent l\u2019espace public.<\/p>\n\n\n\n<p>Apr\u00e8s le journalisme, il choisit de mettre sa plume au service de causes qui lui tiennent \u00e0 c\u0153ur. Comme responsable des communications, il accompagne des organisations engag\u00e9es dans les enjeux d\u2019am\u00e9nagement du territoire et d\u2019environnement. Son travail vise notamment \u00e0 rendre accessibles des enjeux complexes et \u00e0 faire \u00e9merger dans le d\u00e9bat public des questions souvent sous-repr\u00e9sent\u00e9es, dont la protection des rivi\u00e8res et des milieux de vie.<\/p>\n\n\n\n<p>Titulaire d\u2019un baccalaur\u00e9at et d\u2019une ma\u00eetrise en histoire de l\u2019Universit\u00e9 de Montr\u00e9al, il mobilise une solide formation en recherche et en analyse pour soutenir des communications nuanc\u00e9es, accessibles et utiles \u00e0 la r\u00e9flexion collective.<\/p>\n\n\n\n<p><\/p>","protected":false},"author":35,"featured_media":75417,"menu_order":0,"template":"","team_designation":[247],"team_department":[157],"class_list":["post-75416","team","type-team","status-publish","has-post-thumbnail","hentry","team_designation-responsable-des-communications","team_department-equipe"],"_links":{"self":[{"href":"https:\/\/fondationrivieres.org\/en\/wp-json\/wp\/v2\/team\/75416","targetHints":{"allow":["GET"]}}],"collection":[{"href":"https:\/\/fondationrivieres.org\/en\/wp-json\/wp\/v2\/team"}],"about":[{"href":"https:\/\/fondationrivieres.org\/en\/wp-json\/wp\/v2\/types\/team"}],"author":[{"embeddable":true,"href":"https:\/\/fondationrivieres.org\/en\/wp-json\/wp\/v2\/users\/35"}],"wp:featuredmedia":[{"embeddable":true,"href":"https:\/\/fondationrivieres.org\/en\/wp-json\/wp\/v2\/media\/75417"}],"wp:attachment":[{"href":"https:\/\/fondationrivieres.org\/en\/wp-json\/wp\/v2\/media?parent=75416"}],"wp:term":[{"taxonomy":"team_designation","embeddable":true,"href":"https:\/\/fondationrivieres.org\/en\/wp-json\/wp\/v2\/team_designation?post=75416"},{"taxonomy":"team_department","embeddable":true,"href":"https:\/\/fondationrivieres.org\/en\/wp-json\/wp\/v2\/team_department?post=75416"}],"curies":[{"name":"wp","href":"https:\/\/api.w.org\/{rel}","templated":true}]}}