{"id":74574,"date":"2025-11-04T16:57:08","date_gmt":"2025-11-04T21:57:08","guid":{"rendered":"https:\/\/fondationrivieres.org\/?post_type=team&#038;p=74574"},"modified":"2025-11-04T17:02:55","modified_gmt":"2025-11-04T22:02:55","slug":"philippe-gauthier","status":"publish","type":"team","link":"https:\/\/fondationrivieres.org\/en\/team\/philippe-gauthier\/","title":{"rendered":"Philippe Gauthier"},"content":{"rendered":"<p>D\u00e9tenteur d\u2019un baccalaur\u00e9at en science politique \u00e0 l\u2019Universit\u00e9 McGill et d\u2019une ma\u00eetrise en science politique de l\u2019Universit\u00e9 de Montr\u00e9al. Il est r\u00e9cemment retourn\u00e9 sur les bancs d\u2019\u00e9cole pour faire la ma\u00eetrise en management \u00e0 HEC Montr\u00e9al. Il a derri\u00e8re lui une longue carri\u00e8re de journaliste, de r\u00e9dacteur scientifique, de blogueur et de chroniqueur radio, en plus d\u2019avoir compl\u00e9t\u00e9 une grande vari\u00e9t\u00e9 de mandats de recherche pour divers organismes. On lui doit aussi une \u00e9tude prospective d\u00e9taill\u00e9e sur l\u2019avenir du Qu\u00e9bec en 2040.<br>Il s\u2019int\u00e9resse aux enjeux \u00e9nerg\u00e9tiques depuis une quinzaine d\u2019ann\u00e9es et a notamment particip\u00e9 \u00e0 l\u2019ouvrage collectif <em>Sortir le Qu\u00e9bec du p\u00e9trole<\/em> en 2015. Il a donn\u00e9 pendant quelques ann\u00e9es un cours sur l\u2019\u00e9nergie dans une universit\u00e9 fran\u00e7aise. En plus de son savoir sur le secteur p\u00e9trolier, il a acquis une connaissance fine des enjeux li\u00e9s \u00e0 l\u2019architecture des r\u00e9seaux \u00e9lectriques. Il m\u00e8ne une veille technologique pouss\u00e9e sur les pratiques \u00e9mergentes de la transition \u00e9nerg\u00e9tique. Il entretient un vaste r\u00e9seau de contacts avec des chercheurs et des penseurs un peu partout dans le monde.<\/p>","protected":false},"author":19,"featured_media":74575,"menu_order":0,"template":"","team_designation":[442],"team_department":[157],"class_list":["post-74574","team","type-team","status-publish","has-post-thumbnail","hentry","team_designation-expert-microreseau-documentation-et-contenu","team_department-equipe"],"_links":{"self":[{"href":"https:\/\/fondationrivieres.org\/en\/wp-json\/wp\/v2\/team\/74574","targetHints":{"allow":["GET"]}}],"collection":[{"href":"https:\/\/fondationrivieres.org\/en\/wp-json\/wp\/v2\/team"}],"about":[{"href":"https:\/\/fondationrivieres.org\/en\/wp-json\/wp\/v2\/types\/team"}],"author":[{"embeddable":true,"href":"https:\/\/fondationrivieres.org\/en\/wp-json\/wp\/v2\/users\/19"}],"wp:featuredmedia":[{"embeddable":true,"href":"https:\/\/fondationrivieres.org\/en\/wp-json\/wp\/v2\/media\/74575"}],"wp:attachment":[{"href":"https:\/\/fondationrivieres.org\/en\/wp-json\/wp\/v2\/media?parent=74574"}],"wp:term":[{"taxonomy":"team_designation","embeddable":true,"href":"https:\/\/fondationrivieres.org\/en\/wp-json\/wp\/v2\/team_designation?post=74574"},{"taxonomy":"team_department","embeddable":true,"href":"https:\/\/fondationrivieres.org\/en\/wp-json\/wp\/v2\/team_department?post=74574"}],"curies":[{"name":"wp","href":"https:\/\/api.w.org\/{rel}","templated":true}]}}