{"id":72539,"date":"2025-04-29T09:36:08","date_gmt":"2025-04-29T13:36:08","guid":{"rendered":"https:\/\/fondationrivieres.org\/?post_type=team&#038;p=72539"},"modified":"2025-12-16T16:41:43","modified_gmt":"2025-12-16T21:41:43","slug":"etienne-page","status":"publish","type":"team","link":"https:\/\/fondationrivieres.org\/en\/team\/etienne-page\/","title":{"rendered":"\u00c9tienne Pag\u00e9"},"content":{"rendered":"<p>\u00c9tienne a effectu\u00e9 l&rsquo;ensemble de son parcours professionnel en intervention sociale et communautaire. Ayant \u0153uvr\u00e9 dans le domaine de la pers\u00e9v\u00e9rance scolaire et ayant \u00e0 c\u0153ur la justice sociale et environnementale, il croit fermement au r\u00f4le essentiel des organisations communautaires. \u00c9tienne a particip\u00e9 \u00e0 l&rsquo;\u00e9mergence de nombreux projets pilotes en pr\u00e9vention du d\u00e9crochage scolaire et en accompagnements de jeunes \u00e0 risque pour en faire des programmes \u00e9tablis, \u00e9valu\u00e9s et reconnus.&nbsp;<\/p>\n\n\n\n<p>\u00c9tienne met \u00e0 profit son exp\u00e9rience de gestionnaire d&rsquo;\u00e9quipes \u00e9largies, en gestion organisationnelle et de d\u00e9veloppement de partenariats au b\u00e9n\u00e9fice de la Fondation Rivi\u00e8res qui amorce une \u00e8re de croissance et de nouveaux projets. Il occupe le poste de responsable aux op\u00e9rations.<\/p>","protected":false},"author":19,"featured_media":72540,"menu_order":3,"template":"","team_designation":[434],"team_department":[157],"class_list":["post-72539","team","type-team","status-publish","has-post-thumbnail","hentry","team_designation-responsable-des-operations","team_department-equipe"],"_links":{"self":[{"href":"https:\/\/fondationrivieres.org\/en\/wp-json\/wp\/v2\/team\/72539","targetHints":{"allow":["GET"]}}],"collection":[{"href":"https:\/\/fondationrivieres.org\/en\/wp-json\/wp\/v2\/team"}],"about":[{"href":"https:\/\/fondationrivieres.org\/en\/wp-json\/wp\/v2\/types\/team"}],"author":[{"embeddable":true,"href":"https:\/\/fondationrivieres.org\/en\/wp-json\/wp\/v2\/users\/19"}],"wp:featuredmedia":[{"embeddable":true,"href":"https:\/\/fondationrivieres.org\/en\/wp-json\/wp\/v2\/media\/72540"}],"wp:attachment":[{"href":"https:\/\/fondationrivieres.org\/en\/wp-json\/wp\/v2\/media?parent=72539"}],"wp:term":[{"taxonomy":"team_designation","embeddable":true,"href":"https:\/\/fondationrivieres.org\/en\/wp-json\/wp\/v2\/team_designation?post=72539"},{"taxonomy":"team_department","embeddable":true,"href":"https:\/\/fondationrivieres.org\/en\/wp-json\/wp\/v2\/team_department?post=72539"}],"curies":[{"name":"wp","href":"https:\/\/api.w.org\/{rel}","templated":true}]}}