{"id":71653,"date":"2025-02-05T14:00:15","date_gmt":"2025-02-05T19:00:15","guid":{"rendered":"https:\/\/fondationrivieres.org\/?post_type=team&#038;p=71653"},"modified":"2026-03-16T10:57:54","modified_gmt":"2026-03-16T14:57:54","slug":"alexandre-ostiguy","status":"publish","type":"team","link":"https:\/\/fondationrivieres.org\/en\/team\/alexandre-ostiguy\/","title":{"rendered":"Alexandre Ostiguy"},"content":{"rendered":"<p>Apr\u00e8s un Baccalaur\u00e9at en Sciences politiques, Alexandre entreprend une ma\u00eetrise en affaires publiques et internationales et c\u2019est avec nous qu\u2019il a d\u00e9cid\u00e9 de faire son stage !<\/p>\n<p>Son mandat l\u2019am\u00e8ne actuellement \u00e0 mettre en place un projet pour favoriser une meilleure capacit\u00e9 d\u2019acc\u00e8s aux berges pour les Qu\u00e9b\u00e9cois. Sa passion pour le plein air, sp\u00e9cialement pour le canot-camping, et sa connaissance des enjeux li\u00e9s \u00e0 l\u2019acc\u00e8s au territoire et \u00e0 la gestion des ressources naturelles en fait le candidat parfait. Ses acquis lui permettent d\u2019avoir un regard nuanc\u00e9 sur les politiques qu\u00e9b\u00e9coises en mati\u00e8re d\u2019environnement. Alexandre a un objectif clair en t\u00eate : celui de pouvoir continuer de naviguer les rivi\u00e8res du Qu\u00e9bec.<\/p>","protected":false},"author":30,"featured_media":71655,"menu_order":10,"template":"","team_designation":[441],"team_department":[157],"class_list":["post-71653","team","type-team","status-publish","has-post-thumbnail","hentry","team_designation-charge-de-projet-microreseaux-intelligents","team_department-equipe"],"_links":{"self":[{"href":"https:\/\/fondationrivieres.org\/en\/wp-json\/wp\/v2\/team\/71653","targetHints":{"allow":["GET"]}}],"collection":[{"href":"https:\/\/fondationrivieres.org\/en\/wp-json\/wp\/v2\/team"}],"about":[{"href":"https:\/\/fondationrivieres.org\/en\/wp-json\/wp\/v2\/types\/team"}],"author":[{"embeddable":true,"href":"https:\/\/fondationrivieres.org\/en\/wp-json\/wp\/v2\/users\/30"}],"wp:featuredmedia":[{"embeddable":true,"href":"https:\/\/fondationrivieres.org\/en\/wp-json\/wp\/v2\/media\/71655"}],"wp:attachment":[{"href":"https:\/\/fondationrivieres.org\/en\/wp-json\/wp\/v2\/media?parent=71653"}],"wp:term":[{"taxonomy":"team_designation","embeddable":true,"href":"https:\/\/fondationrivieres.org\/en\/wp-json\/wp\/v2\/team_designation?post=71653"},{"taxonomy":"team_department","embeddable":true,"href":"https:\/\/fondationrivieres.org\/en\/wp-json\/wp\/v2\/team_department?post=71653"}],"curies":[{"name":"wp","href":"https:\/\/api.w.org\/{rel}","templated":true}]}}