{"id":67288,"date":"2024-04-25T13:36:47","date_gmt":"2024-04-25T17:36:47","guid":{"rendered":"https:\/\/fondationrivieres.org\/?post_type=team&#038;p=67288"},"modified":"2024-04-25T14:03:27","modified_gmt":"2024-04-25T18:03:27","slug":"robert-leblanc","status":"publish","type":"team","link":"https:\/\/fondationrivieres.org\/en\/team\/robert-leblanc\/","title":{"rendered":"Robert LeBlanc"},"content":{"rendered":"<p><span style=\"font-weight: 400;\">Robert LeBlanc est le pr\u00e9sident d\u2019une PME sp\u00e9cialis\u00e9e dans l\u2019\u00e9valuation des programmes internationaux et dans l\u2019analyse de la faisabilit\u00e9 des investissements publics outre-mer. Il est d\u00e9tenteur d\u2019une Ma\u00eetrise en Administration des Affaires de l\u2019Universit\u00e9 Dalhousie et d\u2019une scolarit\u00e9 de doctorat en administration des affaires (DBA) \u00e0 Sherbrooke.\u00a0<\/span><\/p>\n<p><span style=\"font-weight: 400;\">Il a fait partie de l\u2019\u00e9quipe canadienne aux n\u00e9gociations du GATT et a dirig\u00e9 un des plus importants contrats de d\u00e9veloppement des capacit\u00e9s syst\u00e9miques d\u2019un minist\u00e8re canadien. Il fut ensuite le directeur d\u2019un projet en Colombie pour la Banque mondiale et le Canada dans le secteur de la transformation du bois. Son r\u00f4le de Vice-pr\u00e9sident ex\u00e9cutif chez Lavalin lui a par la suite permis de d\u00e9velopper des structures socio-\u00e9conomiques et des investissements pour les autochtones canadiens.<\/span><\/p>\n<p><span style=\"font-weight: 400;\">Entre 1992 et 1994 il a \u00e9t\u00e9 membre de la facult\u00e9 du <\/span><i><span style=\"font-weight: 400;\">Canadian Center for Management Development<\/span><\/i><span style=\"font-weight: 400;\">, une institution de formation et de recherche strat\u00e9gique en administration publique.<\/span><\/p>\n<p><span style=\"font-weight: 400;\">En 1995 Le Conseil du Tr\u00e9sor du Canada lui octroya un mandat de restructuration d\u2019une Corporation de la couronne canadienne dans le domaine de syst\u00e8mes de gestion et politique scientifiques, dans ce r\u00f4le de sous-ministre, il participa \u00e0 la cr\u00e9ation d&rsquo;un programme visant l&rsquo;int\u00e9gration des connaissances traditionnelles des Premi\u00e8res Nations aux approches de la recherche scientifique occidentale.<\/span><\/p>\n<p><span style=\"font-weight: 400;\">Il devient ensuite Vice-pr\u00e9sident ex\u00e9cutif de Tecsult avec des responsabilit\u00e9s en d\u00e9veloppement des affaires. Il dirige plusieurs projets majeurs, comme par exemple chez Kenworth et le <\/span><i><span style=\"font-weight: 400;\">Department of\u00a0 Defense<\/span><\/i><span style=\"font-weight: 400;\"> des \u00c9tats-Unis. Il est ensuite envoy\u00e9 au Madagascar par le<\/span><i><span style=\"font-weight: 400;\"> State Department <\/span><\/i><span style=\"font-weight: 400;\">des \u00c9tats-Unis o\u00f9 il assume la direction d\u2019un programme de d\u00e9veloppement des politiques environnementales. Depuis son retour au Canada, il dirige plusieurs mandats en \u00e9valuation de programmes \u00e0 l\u2019international.\u00a0<\/span><\/p>\n<p><span style=\"font-weight: 400;\">Il agit actuellement comme conseiller vis-\u00e0-vis des OSBL au Canada, particuli\u00e8rement en ce qui concerne les plans et strat\u00e9gies pour la protection des bassins versants. <\/span><\/p>","protected":false},"author":27,"featured_media":67289,"menu_order":17,"template":"","team_designation":[165],"team_department":[156],"class_list":["post-67288","team","type-team","status-publish","has-post-thumbnail","hentry","team_designation-administrateur","team_department-conseil-dadministration"],"_links":{"self":[{"href":"https:\/\/fondationrivieres.org\/en\/wp-json\/wp\/v2\/team\/67288","targetHints":{"allow":["GET"]}}],"collection":[{"href":"https:\/\/fondationrivieres.org\/en\/wp-json\/wp\/v2\/team"}],"about":[{"href":"https:\/\/fondationrivieres.org\/en\/wp-json\/wp\/v2\/types\/team"}],"author":[{"embeddable":true,"href":"https:\/\/fondationrivieres.org\/en\/wp-json\/wp\/v2\/users\/27"}],"wp:featuredmedia":[{"embeddable":true,"href":"https:\/\/fondationrivieres.org\/en\/wp-json\/wp\/v2\/media\/67289"}],"wp:attachment":[{"href":"https:\/\/fondationrivieres.org\/en\/wp-json\/wp\/v2\/media?parent=67288"}],"wp:term":[{"taxonomy":"team_designation","embeddable":true,"href":"https:\/\/fondationrivieres.org\/en\/wp-json\/wp\/v2\/team_designation?post=67288"},{"taxonomy":"team_department","embeddable":true,"href":"https:\/\/fondationrivieres.org\/en\/wp-json\/wp\/v2\/team_department?post=67288"}],"curies":[{"name":"wp","href":"https:\/\/api.w.org\/{rel}","templated":true}]}}