{"id":75557,"date":"2026-01-27T14:38:04","date_gmt":"2026-01-27T19:38:04","guid":{"rendered":"https:\/\/fondationrivieres.org\/?page_id=75557"},"modified":"2026-01-29T13:31:53","modified_gmt":"2026-01-29T18:31:53","slug":"blogue-energie-courant","status":"publish","type":"page","link":"https:\/\/fondationrivieres.org\/en\/blogue-energie-courant\/","title":{"rendered":"\u00cates-vous au courant? &#8211; Blogue sur l\u2019\u00e9nergie"},"content":{"rendered":"\t\t<div data-elementor-type=\"wp-page\" data-elementor-id=\"75557\" class=\"elementor elementor-75557\" data-elementor-post-type=\"page\">\n\t\t\t\t<div class=\"elementor-element elementor-element-954b045 e-flex e-con-boxed e-con e-parent\" data-id=\"954b045\" data-element_type=\"container\" data-e-type=\"container\" data-settings=\"{&quot;background_background&quot;:&quot;classic&quot;,&quot;background_motion_fx_motion_fx_scrolling&quot;:&quot;yes&quot;,&quot;jet_parallax_layout_list&quot;:[],&quot;background_motion_fx_devices&quot;:[&quot;desktop&quot;,&quot;tablet&quot;,&quot;mobile&quot;]}\">\n\t\t\t\t\t<div class=\"e-con-inner\">\n\t\t<div class=\"elementor-element elementor-element-550b8fb e-con-full e-flex e-con e-child\" data-id=\"550b8fb\" data-element_type=\"container\" data-e-type=\"container\" data-settings=\"{&quot;background_background&quot;:&quot;classic&quot;,&quot;jet_parallax_layout_list&quot;:[]}\">\n\t\t\t\t<div class=\"elementor-element elementor-element-8de3efd elementor-widget elementor-widget-jet-breadcrumbs\" data-id=\"8de3efd\" data-element_type=\"widget\" data-e-type=\"widget\" data-widget_type=\"jet-breadcrumbs.default\">\n\t\t\t\t<div class=\"elementor-widget-container\">\n\t\t\t\t\t<div class=\"elementor-jet-breadcrumbs jet-blocks\">\n\t\t<div class=\"jet-breadcrumbs\">\n\t\t<div class=\"jet-breadcrumbs__content\">\n\t\t<div class=\"jet-breadcrumbs__wrap\"><div class=\"jet-breadcrumbs__item\"><a href=\"https:\/\/fondationrivieres.org\/en\/\" class=\"jet-breadcrumbs__item-link is-home\" rel=\"home\" title=\"Fondation Rivi\u00e8res\">Fondation Rivi\u00e8res<\/a><\/div>\n\t\t<\/div>\n\t\t<\/div>\n\t\t<\/div><\/div>\t\t\t\t<\/div>\n\t\t\t\t<\/div>\n\t\t\t\t<div class=\"elementor-element elementor-element-e5ba995 elementor-widget elementor-widget-heading\" data-id=\"e5ba995\" data-element_type=\"widget\" data-e-type=\"widget\" data-widget_type=\"heading.default\">\n\t\t\t\t<div class=\"elementor-widget-container\">\n\t\t\t\t\t<h1 class=\"elementor-heading-title elementor-size-default\">\u00cates-vous au courant?<\/h1>\t\t\t\t<\/div>\n\t\t\t\t<\/div>\n\t\t\t\t<div class=\"elementor-element elementor-element-798e584 elementor-widget-divider--view-line elementor-widget elementor-widget-divider\" data-id=\"798e584\" data-element_type=\"widget\" data-e-type=\"widget\" data-widget_type=\"divider.default\">\n\t\t\t\t<div class=\"elementor-widget-container\">\n\t\t\t\t\t\t\t<div class=\"elementor-divider\">\n\t\t\t<span class=\"elementor-divider-separator\">\n\t\t\t\t\t\t<\/span>\n\t\t<\/div>\n\t\t\t\t\t\t<\/div>\n\t\t\t\t<\/div>\n\t\t\t\t<div class=\"elementor-element elementor-element-07e0caf elementor-widget elementor-widget-heading\" data-id=\"07e0caf\" data-element_type=\"widget\" data-e-type=\"widget\" data-widget_type=\"heading.default\">\n\t\t\t\t<div class=\"elementor-widget-container\">\n\t\t\t\t\t<h2 class=\"elementor-heading-title elementor-size-default\">Blogue sur l'\u00e9nergie<\/h2>\t\t\t\t<\/div>\n\t\t\t\t<\/div>\n\t\t\t\t<\/div>\n\t\t\t\t\t<\/div>\n\t\t\t\t<\/div>\n\t\t<div class=\"elementor-element elementor-element-1fee255 e-flex e-con-boxed e-con e-parent\" data-id=\"1fee255\" data-element_type=\"container\" data-e-type=\"container\" data-settings=\"{&quot;background_background&quot;:&quot;classic&quot;,&quot;jet_parallax_layout_list&quot;:[]}\">\n\t\t\t\t\t<div class=\"e-con-inner\">\n\t\t\t\t<div class=\"elementor-element elementor-element-328a0ab elementor-widget elementor-widget-text-editor\" data-id=\"328a0ab\" data-element_type=\"widget\" data-e-type=\"widget\" data-widget_type=\"text-editor.default\">\n\t\t\t\t<div class=\"elementor-widget-container\">\n\t\t\t\t\t\t\t\t\t<p>Bonjour et bienvenue sur <strong>\u00cates-vous au courant?<\/strong>, un blogue aliment\u00e9 par la Fondation Rivi\u00e8res et enti\u00e8rement consacr\u00e9 aux questions \u00e9nerg\u00e9tiques! Nous nous penchons sur les \u00e9nergies renouvelables comme l\u2019\u00e9olien, le solaire, les batteries de stockage, et sur toutes les tendances mondiales dans le domaine \u00e9nerg\u00e9tique !<\/p>\t\t\t\t\t\t\t\t<\/div>\n\t\t\t\t<\/div>\n\t\t\t\t\t<\/div>\n\t\t\t\t<\/div>\n\t\t<div class=\"elementor-element elementor-element-243e274 e-flex e-con-boxed e-con e-parent\" data-id=\"243e274\" data-element_type=\"container\" data-e-type=\"container\" data-settings=\"{&quot;background_background&quot;:&quot;classic&quot;,&quot;jet_parallax_layout_list&quot;:[]}\">\n\t\t\t\t\t<div class=\"e-con-inner\">\n\t\t\t\t<div class=\"elementor-element elementor-element-219582f elementor-widget elementor-widget-spacer\" data-id=\"219582f\" data-element_type=\"widget\" data-e-type=\"widget\" data-widget_type=\"spacer.default\">\n\t\t\t\t<div class=\"elementor-widget-container\">\n\t\t\t\t\t\t\t<div class=\"elementor-spacer\">\n\t\t\t<div class=\"elementor-spacer-inner\"><\/div>\n\t\t<\/div>\n\t\t\t\t\t\t<\/div>\n\t\t\t\t<\/div>\n\t\t\t\t<div class=\"elementor-element elementor-element-b411827 elementor-widget elementor-widget-heading\" data-id=\"b411827\" data-element_type=\"widget\" data-e-type=\"widget\" data-widget_type=\"heading.default\">\n\t\t\t\t<div class=\"elementor-widget-container\">\n\t\t\t\t\t<h3 class=\"elementor-heading-title elementor-size-default\"><a href=\"https:\/\/fondationrivieres.org\/actualites-et-ressources\/\">Consultez nos articles <\/a><\/h3>\t\t\t\t<\/div>\n\t\t\t\t<\/div>\n\t\t\t\t<div class=\"elementor-element elementor-element-86386e2 elementor-grid-4 elementor-grid-tablet-2 elementor-grid-mobile-1 elementor-posts--thumbnail-top elementor-posts__hover-gradient elementor-widget elementor-widget-posts\" data-id=\"86386e2\" data-element_type=\"widget\" data-e-type=\"widget\" data-settings=\"{&quot;cards_columns&quot;:&quot;4&quot;,&quot;cards_columns_tablet&quot;:&quot;2&quot;,&quot;cards_columns_mobile&quot;:&quot;1&quot;,&quot;cards_row_gap&quot;:{&quot;unit&quot;:&quot;px&quot;,&quot;size&quot;:35,&quot;sizes&quot;:[]},&quot;cards_row_gap_tablet&quot;:{&quot;unit&quot;:&quot;px&quot;,&quot;size&quot;:&quot;&quot;,&quot;sizes&quot;:[]},&quot;cards_row_gap_mobile&quot;:{&quot;unit&quot;:&quot;px&quot;,&quot;size&quot;:&quot;&quot;,&quot;sizes&quot;:[]}}\" data-widget_type=\"posts.cards\">\n\t\t\t\t<div class=\"elementor-widget-container\">\n\t\t\t\t\t\t\t<div class=\"elementor-posts-container elementor-posts elementor-posts--skin-cards elementor-grid\" role=\"list\">\n\t\t\t\t<article class=\"elementor-post elementor-grid-item post-75643 post type-post status-publish format-standard has-post-thumbnail hentry category-prises-de-position category-actualites category-chroniques tag-blogue tag-energie\" role=\"listitem\">\n\t\t\t<div class=\"elementor-post__card\">\n\t\t\t\t<a class=\"elementor-post__thumbnail__link\" href=\"https:\/\/fondationrivieres.org\/en\/nucleaire-energies-renouvelables\/\" tabindex=\"-1\" target=\"_blank\"><div class=\"elementor-post__thumbnail\"><img fetchpriority=\"high\" decoding=\"async\" width=\"800\" height=\"535\" src=\"https:\/\/fondationrivieres.org\/wp-content\/uploads\/2026\/01\/Capture-decran-2026-01-30-135515.png\" class=\"attachment-large size-large wp-image-75652\" alt=\"Centrale de Gentilly-2\" srcset=\"https:\/\/fondationrivieres.org\/wp-content\/uploads\/2026\/01\/Capture-decran-2026-01-30-135515.png 926w, https:\/\/fondationrivieres.org\/wp-content\/uploads\/2026\/01\/Capture-decran-2026-01-30-135515-300x201.png 300w, https:\/\/fondationrivieres.org\/wp-content\/uploads\/2026\/01\/Capture-decran-2026-01-30-135515-768x513.png 768w, https:\/\/fondationrivieres.org\/wp-content\/uploads\/2026\/01\/Capture-decran-2026-01-30-135515-18x12.png 18w\" sizes=\"(max-width: 800px) 100vw, 800px\" \/><\/div><\/a>\n\t\t\t\t<div class=\"elementor-post__text\">\n\t\t\t\t<p class=\"elementor-post__title\">\n\t\t\t<a href=\"https:\/\/fondationrivieres.org\/en\/nucleaire-energies-renouvelables\/\" target=&quot;_blank&quot;>\n\t\t\t\tLe nucl\u00e9aire a eu sa chance, tournons la page\t\t\t<\/a>\n\t\t<\/p>\n\t\t\t\t\t<div class=\"elementor-post__read-more-wrapper\">\n\t\t\n\t\t<a class=\"elementor-post__read-more\" href=\"https:\/\/fondationrivieres.org\/en\/nucleaire-energies-renouvelables\/\" aria-label=\"Read more about Le nucl\u00e9aire a eu sa chance, tournons la page\" tabindex=\"-1\" target=\"_blank\">\n\t\t\tLire la suite \u00bb\t\t<\/a>\n\n\t\t\t\t\t<\/div>\n\t\t\t\t<\/div>\n\t\t\t\t\t<\/div>\n\t\t<\/article>\n\t\t\t\t<article class=\"elementor-post elementor-grid-item post-75373 post type-post status-publish format-standard has-post-thumbnail hentry category-guides-et-conseils tag-blogue tag-energie\" role=\"listitem\">\n\t\t\t<div class=\"elementor-post__card\">\n\t\t\t\t<a class=\"elementor-post__thumbnail__link\" href=\"https:\/\/fondationrivieres.org\/en\/energie-solaire-arctique\/\" tabindex=\"-1\" target=\"_blank\"><div class=\"elementor-post__thumbnail\"><img decoding=\"async\" width=\"800\" height=\"450\" src=\"https:\/\/fondationrivieres.org\/wp-content\/uploads\/2026\/01\/1000006054-1024x576.jpeg\" class=\"attachment-large size-large wp-image-75375\" alt=\"\u00c9nergie solaire hiver\" srcset=\"https:\/\/fondationrivieres.org\/wp-content\/uploads\/2026\/01\/1000006054-1024x576.jpeg 1024w, https:\/\/fondationrivieres.org\/wp-content\/uploads\/2026\/01\/1000006054-300x169.jpeg 300w, https:\/\/fondationrivieres.org\/wp-content\/uploads\/2026\/01\/1000006054-768x432.jpeg 768w, https:\/\/fondationrivieres.org\/wp-content\/uploads\/2026\/01\/1000006054-1536x864.jpeg 1536w, https:\/\/fondationrivieres.org\/wp-content\/uploads\/2026\/01\/1000006054-18x10.jpeg 18w, https:\/\/fondationrivieres.org\/wp-content\/uploads\/2026\/01\/1000006054.jpeg 1600w\" sizes=\"(max-width: 800px) 100vw, 800px\" \/><\/div><\/a>\n\t\t\t\t<div class=\"elementor-post__text\">\n\t\t\t\t<p class=\"elementor-post__title\">\n\t\t\t<a href=\"https:\/\/fondationrivieres.org\/en\/energie-solaire-arctique\/\" target=&quot;_blank&quot;>\n\t\t\t\tL&rsquo;\u00e9nergie solaire dans l\u2019Arctique, c\u2019est possible!\t\t\t<\/a>\n\t\t<\/p>\n\t\t\t\t\t<div class=\"elementor-post__read-more-wrapper\">\n\t\t\n\t\t<a class=\"elementor-post__read-more\" href=\"https:\/\/fondationrivieres.org\/en\/energie-solaire-arctique\/\" aria-label=\"Read more about L&rsquo;\u00e9nergie solaire dans l\u2019Arctique, c\u2019est possible!\" tabindex=\"-1\" target=\"_blank\">\n\t\t\tLire la suite \u00bb\t\t<\/a>\n\n\t\t\t\t\t<\/div>\n\t\t\t\t<\/div>\n\t\t\t\t\t<\/div>\n\t\t<\/article>\n\t\t\t\t<article class=\"elementor-post elementor-grid-item post-75020 post type-post status-publish format-standard has-post-thumbnail hentry category-guides-et-conseils tag-blogue tag-energie\" role=\"listitem\">\n\t\t\t<div class=\"elementor-post__card\">\n\t\t\t\t<a class=\"elementor-post__thumbnail__link\" href=\"https:\/\/fondationrivieres.org\/en\/portrait-energetique-de-la-cote-nord\/\" tabindex=\"-1\" target=\"_blank\"><div class=\"elementor-post__thumbnail\"><img decoding=\"async\" width=\"800\" height=\"450\" src=\"https:\/\/fondationrivieres.org\/wp-content\/uploads\/2025\/12\/laromaine-1024x576.jpg\" class=\"attachment-large size-large wp-image-75022\" alt=\"Co\u0302te-Nord ge\u0301ne\u0301ral\" srcset=\"https:\/\/fondationrivieres.org\/wp-content\/uploads\/2025\/12\/laromaine-1024x576.jpg 1024w, https:\/\/fondationrivieres.org\/wp-content\/uploads\/2025\/12\/laromaine-300x169.jpg 300w, https:\/\/fondationrivieres.org\/wp-content\/uploads\/2025\/12\/laromaine-768x432.jpg 768w, https:\/\/fondationrivieres.org\/wp-content\/uploads\/2025\/12\/laromaine-1536x864.jpg 1536w, https:\/\/fondationrivieres.org\/wp-content\/uploads\/2025\/12\/laromaine-18x10.jpg 18w, https:\/\/fondationrivieres.org\/wp-content\/uploads\/2025\/12\/laromaine.jpg 1920w\" sizes=\"(max-width: 800px) 100vw, 800px\" \/><\/div><\/a>\n\t\t\t\t<div class=\"elementor-post__text\">\n\t\t\t\t<p class=\"elementor-post__title\">\n\t\t\t<a href=\"https:\/\/fondationrivieres.org\/en\/portrait-energetique-de-la-cote-nord\/\" target=&quot;_blank&quot;>\n\t\t\t\tPortrait \u00e9nerg\u00e9tique de la C\u00f4te-Nord\t\t\t<\/a>\n\t\t<\/p>\n\t\t\t\t\t<div class=\"elementor-post__read-more-wrapper\">\n\t\t\n\t\t<a class=\"elementor-post__read-more\" href=\"https:\/\/fondationrivieres.org\/en\/portrait-energetique-de-la-cote-nord\/\" aria-label=\"Read more about Portrait \u00e9nerg\u00e9tique de la C\u00f4te-Nord\" tabindex=\"-1\" target=\"_blank\">\n\t\t\tLire la suite \u00bb\t\t<\/a>\n\n\t\t\t\t\t<\/div>\n\t\t\t\t<\/div>\n\t\t\t\t\t<\/div>\n\t\t<\/article>\n\t\t\t\t<article class=\"elementor-post elementor-grid-item post-74993 post type-post status-publish format-standard has-post-thumbnail hentry category-guides-et-conseils tag-blogue tag-energie\" role=\"listitem\">\n\t\t\t<div class=\"elementor-post__card\">\n\t\t\t\t<a class=\"elementor-post__thumbnail__link\" href=\"https:\/\/fondationrivieres.org\/en\/microreseaux-intelligents\/\" tabindex=\"-1\" target=\"_blank\"><div class=\"elementor-post__thumbnail\"><img loading=\"lazy\" decoding=\"async\" width=\"800\" height=\"534\" src=\"https:\/\/fondationrivieres.org\/wp-content\/uploads\/2025\/11\/microreseau_lac_megantic_principal_cr_hydro-quebec-1024x683.jpg\" class=\"attachment-large size-large wp-image-74793\" alt=\"Micror\u00e9seau Micror\u00e9seaux intelligents\" srcset=\"https:\/\/fondationrivieres.org\/wp-content\/uploads\/2025\/11\/microreseau_lac_megantic_principal_cr_hydro-quebec-1024x683.jpg 1024w, https:\/\/fondationrivieres.org\/wp-content\/uploads\/2025\/11\/microreseau_lac_megantic_principal_cr_hydro-quebec-300x200.jpg 300w, https:\/\/fondationrivieres.org\/wp-content\/uploads\/2025\/11\/microreseau_lac_megantic_principal_cr_hydro-quebec-768x512.jpg 768w, https:\/\/fondationrivieres.org\/wp-content\/uploads\/2025\/11\/microreseau_lac_megantic_principal_cr_hydro-quebec-18x12.jpg 18w, https:\/\/fondationrivieres.org\/wp-content\/uploads\/2025\/11\/microreseau_lac_megantic_principal_cr_hydro-quebec.jpg 1200w\" sizes=\"(max-width: 800px) 100vw, 800px\" \/><\/div><\/a>\n\t\t\t\t<div class=\"elementor-post__text\">\n\t\t\t\t<p class=\"elementor-post__title\">\n\t\t\t<a href=\"https:\/\/fondationrivieres.org\/en\/microreseaux-intelligents\/\" target=&quot;_blank&quot;>\n\t\t\t\tTour d&rsquo;horizon des micror\u00e9seaux intelligents \u00e0 travers le monde\t\t\t<\/a>\n\t\t<\/p>\n\t\t\t\t\t<div class=\"elementor-post__read-more-wrapper\">\n\t\t\n\t\t<a class=\"elementor-post__read-more\" href=\"https:\/\/fondationrivieres.org\/en\/microreseaux-intelligents\/\" aria-label=\"Read more about Tour d&rsquo;horizon des micror\u00e9seaux intelligents \u00e0 travers le monde\" tabindex=\"-1\" target=\"_blank\">\n\t\t\tLire la suite \u00bb\t\t<\/a>\n\n\t\t\t\t\t<\/div>\n\t\t\t\t<\/div>\n\t\t\t\t\t<\/div>\n\t\t<\/article>\n\t\t\t\t<\/div>\n\t\t\n\t\t\t\t\t\t<\/div>\n\t\t\t\t<\/div>\n\t\t\t\t<div class=\"elementor-element elementor-element-9586571 elementor-widget elementor-widget-spacer\" data-id=\"9586571\" data-element_type=\"widget\" data-e-type=\"widget\" data-widget_type=\"spacer.default\">\n\t\t\t\t<div class=\"elementor-widget-container\">\n\t\t\t\t\t\t\t<div class=\"elementor-spacer\">\n\t\t\t<div class=\"elementor-spacer-inner\"><\/div>\n\t\t<\/div>\n\t\t\t\t\t\t<\/div>\n\t\t\t\t<\/div>\n\t\t\t\t\t<\/div>\n\t\t\t\t<\/div>\n\t\t<div class=\"elementor-element elementor-element-8471f45 e-flex e-con-boxed e-con e-parent\" data-id=\"8471f45\" data-element_type=\"container\" data-e-type=\"container\" data-settings=\"{&quot;jet_parallax_layout_list&quot;:[]}\">\n\t\t\t\t\t<div class=\"e-con-inner\">\n\t\t\t\t<div class=\"elementor-element elementor-element-c1397e3 elementor-widget elementor-widget-text-editor\" data-id=\"c1397e3\" data-element_type=\"widget\" data-e-type=\"widget\" data-widget_type=\"text-editor.default\">\n\t\t\t\t<div class=\"elementor-widget-container\">\n\t\t\t\t\t\t\t\t\t<p><span style=\"font-weight: 400;\">Beaucoup de connaissances pr\u00e9sent\u00e9es dans cette section proviennent de nos recherches faites dans le cadre du projet sur les micror\u00e9seaux intelligents (MRI) visant \u00e0 \u00e9tudier et \u00e0 exp\u00e9rimenter des cadres techniques et r\u00e9glementaires qui pourraient faciliter le d\u00e9ploiement de nouvelles sources de production et d\u2019initiatives en sobri\u00e9t\u00e9 et efficacit\u00e9 \u00e9nerg\u00e9tiques.<\/span><\/p>\t\t\t\t\t\t\t\t<\/div>\n\t\t\t\t<\/div>\n\t\t\t\t<div class=\"elementor-element elementor-element-8dfed38 elementor-align-center elementor-widget elementor-widget-button\" data-id=\"8dfed38\" data-element_type=\"widget\" data-e-type=\"widget\" data-widget_type=\"button.default\">\n\t\t\t\t<div class=\"elementor-widget-container\">\n\t\t\t\t\t\t\t\t\t<div class=\"elementor-button-wrapper\">\n\t\t\t\t\t<a class=\"elementor-button elementor-button-link elementor-size-sm\" href=\"https:\/\/fondationrivieres.org\/nos-actions\/energie-barrages-hydroelectriques\/microreseaux\/\">\n\t\t\t\t\t\t<span class=\"elementor-button-content-wrapper\">\n\t\t\t\t\t\t<span class=\"elementor-button-icon\">\n\t\t\t\t<i aria-hidden=\"true\" class=\"fas fa-arrow-right\"><\/i>\t\t\t<\/span>\n\t\t\t\t\t\t\t\t\t<span class=\"elementor-button-text\">Pour en savoir plus sur le projet, consultez la page web ici <\/span>\n\t\t\t\t\t<\/span>\n\t\t\t\t\t<\/a>\n\t\t\t\t<\/div>\n\t\t\t\t\t\t\t\t<\/div>\n\t\t\t\t<\/div>\n\t\t\t\t<div class=\"elementor-element elementor-element-2c43cdd elementor-widget elementor-widget-text-editor\" data-id=\"2c43cdd\" data-element_type=\"widget\" data-e-type=\"widget\" data-widget_type=\"text-editor.default\">\n\t\t\t\t<div class=\"elementor-widget-container\">\n\t\t\t\t\t\t\t\t\t<p><span style=\"font-weight: 400;\">Plusieurs membres de l\u2019\u00e9quipe et partenaires contribuent \u00e0 alimenter ce blogue. <\/span><\/p>\t\t\t\t\t\t\t\t<\/div>\n\t\t\t\t<\/div>\n\t\t\t\t\t<\/div>\n\t\t\t\t<\/div>\n\t\t\t\t<\/div>\n\t\t","protected":false},"excerpt":{"rendered":"<p>Bonjour et bienvenue sur \u00cates-vous au courant?, un blogue sur l&rsquo;\u00e9nergie aliment\u00e9 par la Fondation Rivi\u00e8res! Nous nous penchons sur les \u00e9nergies renouvelables comme l\u2019\u00e9olien, le solaire, les batteries de stockage, et sur toutes les tendances mondiales en mati\u00e8re d\u2019\u00e9nergies vertes!<\/p>","protected":false},"author":35,"featured_media":75635,"parent":0,"menu_order":0,"comment_status":"closed","ping_status":"closed","template":"","meta":{"footnotes":""},"class_list":["post-75557","page","type-page","status-publish","has-post-thumbnail","hentry"],"_links":{"self":[{"href":"https:\/\/fondationrivieres.org\/en\/wp-json\/wp\/v2\/pages\/75557","targetHints":{"allow":["GET"]}}],"collection":[{"href":"https:\/\/fondationrivieres.org\/en\/wp-json\/wp\/v2\/pages"}],"about":[{"href":"https:\/\/fondationrivieres.org\/en\/wp-json\/wp\/v2\/types\/page"}],"author":[{"embeddable":true,"href":"https:\/\/fondationrivieres.org\/en\/wp-json\/wp\/v2\/users\/35"}],"replies":[{"embeddable":true,"href":"https:\/\/fondationrivieres.org\/en\/wp-json\/wp\/v2\/comments?post=75557"}],"version-history":[{"count":31,"href":"https:\/\/fondationrivieres.org\/en\/wp-json\/wp\/v2\/pages\/75557\/revisions"}],"predecessor-version":[{"id":75639,"href":"https:\/\/fondationrivieres.org\/en\/wp-json\/wp\/v2\/pages\/75557\/revisions\/75639"}],"wp:featuredmedia":[{"embeddable":true,"href":"https:\/\/fondationrivieres.org\/en\/wp-json\/wp\/v2\/media\/75635"}],"wp:attachment":[{"href":"https:\/\/fondationrivieres.org\/en\/wp-json\/wp\/v2\/media?parent=75557"}],"curies":[{"name":"wp","href":"https:\/\/api.w.org\/{rel}","templated":true}]}}