{"id":72913,"date":"2025-06-16T16:53:51","date_gmt":"2025-06-16T20:53:51","guid":{"rendered":"https:\/\/fondationrivieres.org\/?page_id=72913"},"modified":"2025-07-14T15:22:54","modified_gmt":"2025-07-14T19:22:54","slug":"solutions-perte-acces-aux-berges","status":"publish","type":"page","link":"https:\/\/fondationrivieres.org\/en\/solutions-perte-acces-aux-berges\/","title":{"rendered":"Nos solutions pour mettre un terme \u00e0 la perte d&rsquo;acc\u00e8s aux berges"},"content":{"rendered":"<div data-elementor-type=\"wp-page\" data-elementor-id=\"72913\" class=\"elementor elementor-72913\" data-elementor-post-type=\"page\">\n\t\t\t\t<section class=\"elementor-element elementor-element-ab75b30 e-flex e-con-boxed e-con e-parent\" data-id=\"ab75b30\" data-element_type=\"container\" data-e-type=\"container\" data-settings=\"{&quot;background_background&quot;:&quot;classic&quot;,&quot;jet_parallax_layout_list&quot;:[]}\">\n\t\t\t\t\t<div class=\"e-con-inner\">\n\t\t\t\t<div class=\"elementor-element elementor-element-b84aa22 elementor-hidden-tablet elementor-hidden-mobile elementor-widget elementor-widget-jet-breadcrumbs\" data-id=\"b84aa22\" data-element_type=\"widget\" data-e-type=\"widget\" data-widget_type=\"jet-breadcrumbs.default\">\n\t\t\t\t<div class=\"elementor-widget-container\">\n\t\t\t\t\t<div class=\"elementor-jet-breadcrumbs jet-blocks\">\n\t\t<div class=\"jet-breadcrumbs\">\n\t\t<div class=\"jet-breadcrumbs__content\">\n\t\t<div class=\"jet-breadcrumbs__wrap\"><div class=\"jet-breadcrumbs__item\"><a href=\"https:\/\/fondationrivieres.org\/en\/\" class=\"jet-breadcrumbs__item-link is-home\" rel=\"home\" title=\"Fondation Rivi\u00e8res\">Fondation Rivi\u00e8res<\/a><\/div>\n\t\t<\/div>\n\t\t<\/div>\n\t\t<\/div><\/div>\t\t\t\t<\/div>\n\t\t\t\t<\/div>\n\t\t\t\t<div class=\"elementor-element elementor-element-cbedf52 elementor-widget elementor-widget-heading\" data-id=\"cbedf52\" data-element_type=\"widget\" data-e-type=\"widget\" data-widget_type=\"heading.default\">\n\t\t\t\t<div class=\"elementor-widget-container\">\n\t\t\t\t\t<h1 class=\"elementor-heading-title elementor-size-default\">Nos solutions pour mettre un terme\n\u00e0 la perte d'acc\u00e8s aux berges<\/h1>\t\t\t\t<\/div>\n\t\t\t\t<\/div>\n\t\t\t\t<div class=\"elementor-element elementor-element-afe199b elementor-widget-divider--view-line elementor-widget elementor-widget-divider\" data-id=\"afe199b\" data-element_type=\"widget\" data-e-type=\"widget\" data-widget_type=\"divider.default\">\n\t\t\t\t<div class=\"elementor-widget-container\">\n\t\t\t\t\t\t\t<div class=\"elementor-divider\">\n\t\t\t<span class=\"elementor-divider-separator\">\n\t\t\t\t\t\t<\/span>\n\t\t<\/div>\n\t\t\t\t\t\t<\/div>\n\t\t\t\t<\/div>\n\t\t\t\t\t<\/div>\n\t\t\t\t<\/section>\n\t\t<div class=\"elementor-element elementor-element-c887635 e-flex e-con-boxed e-con e-parent\" data-id=\"c887635\" data-element_type=\"container\" data-e-type=\"container\" data-settings=\"{&quot;background_background&quot;:&quot;classic&quot;,&quot;jet_parallax_layout_list&quot;:[]}\">\n\t\t\t\t\t<div class=\"e-con-inner\">\n\t\t\t\t<div class=\"elementor-element elementor-element-a9126d9 elementor-widget elementor-widget-heading\" data-id=\"a9126d9\" data-element_type=\"widget\" data-e-type=\"widget\" data-widget_type=\"heading.default\">\n\t\t\t\t<div class=\"elementor-widget-container\">\n\t\t\t\t\t<h2 class=\"elementor-heading-title elementor-size-default\">Acc\u00e8s aux berges :  Conserver nos trop rares acc\u00e8s publics<\/h2>\t\t\t\t<\/div>\n\t\t\t\t<\/div>\n\t\t\t\t<div class=\"elementor-element elementor-element-8b2f559 elementor-widget elementor-widget-text-editor\" data-id=\"8b2f559\" data-element_type=\"widget\" data-e-type=\"widget\" data-widget_type=\"text-editor.default\">\n\t\t\t\t<div class=\"elementor-widget-container\">\n\t\t\t\t\t\t\t\t\t<p><span style=\"font-weight: 400;\">L\u2019urgence actuelle est de conserver les rares acc\u00e8s existants. Nous proposons plusieurs pistes de solution en ce sens :<\/span><\/p>\t\t\t\t\t\t\t\t<\/div>\n\t\t\t\t<\/div>\n\t\t\t\t<div class=\"elementor-element elementor-element-1e3c379 elementor-widget elementor-widget-heading\" data-id=\"1e3c379\" data-element_type=\"widget\" data-e-type=\"widget\" data-widget_type=\"heading.default\">\n\t\t\t\t<div class=\"elementor-widget-container\">\n\t\t\t\t\t<h3 class=\"elementor-heading-title elementor-size-default\">1. Obliger les municipalit\u00e9s \u00e0 compenser toute perte d\u2019acc\u00e8s public<\/h3>\t\t\t\t<\/div>\n\t\t\t\t<\/div>\n\t\t<div class=\"elementor-element elementor-element-b081852 e-con-full elementor-hidden-mobile e-transform e-flex e-con e-child\" data-id=\"b081852\" data-element_type=\"container\" data-e-type=\"container\" data-settings=\"{&quot;background_background&quot;:&quot;classic&quot;,&quot;jet_parallax_layout_list&quot;:[],&quot;_transform_translateX_effect&quot;:{&quot;unit&quot;:&quot;px&quot;,&quot;size&quot;:0,&quot;sizes&quot;:[]},&quot;_transform_translateX_effect_tablet&quot;:{&quot;unit&quot;:&quot;px&quot;,&quot;size&quot;:&quot;&quot;,&quot;sizes&quot;:[]},&quot;_transform_translateX_effect_mobile&quot;:{&quot;unit&quot;:&quot;px&quot;,&quot;size&quot;:&quot;&quot;,&quot;sizes&quot;:[]},&quot;_transform_translateY_effect&quot;:{&quot;unit&quot;:&quot;px&quot;,&quot;size&quot;:&quot;&quot;,&quot;sizes&quot;:[]},&quot;_transform_translateY_effect_tablet&quot;:{&quot;unit&quot;:&quot;px&quot;,&quot;size&quot;:&quot;&quot;,&quot;sizes&quot;:[]},&quot;_transform_translateY_effect_mobile&quot;:{&quot;unit&quot;:&quot;px&quot;,&quot;size&quot;:&quot;&quot;,&quot;sizes&quot;:[]}}\">\n\t\t\t\t<div class=\"elementor-element elementor-element-dc90534 elementor-widget-tablet__width-initial elementor-widget__width-initial elementor-widget elementor-widget-image\" data-id=\"dc90534\" data-element_type=\"widget\" data-e-type=\"widget\" data-widget_type=\"image.default\">\n\t\t\t\t<div class=\"elementor-widget-container\">\n\t\t\t\t\t\t\t\t\t\t\t\t\t\t\t<img fetchpriority=\"high\" decoding=\"async\" width=\"800\" height=\"800\" src=\"https:\/\/fondationrivieres.org\/wp-content\/uploads\/2025\/06\/Instagram-recrutement-Publication-Instagram-1-1024x1024.png\" class=\"attachment-large size-large wp-image-73754\" alt=\"Les municipalit\u00e9s comme acteurs de la solution pour l&#039;acc\u00e8s aux berges\" srcset=\"https:\/\/fondationrivieres.org\/wp-content\/uploads\/2025\/06\/Instagram-recrutement-Publication-Instagram-1-1024x1024.png 1024w, https:\/\/fondationrivieres.org\/wp-content\/uploads\/2025\/06\/Instagram-recrutement-Publication-Instagram-1-300x300.png 300w, https:\/\/fondationrivieres.org\/wp-content\/uploads\/2025\/06\/Instagram-recrutement-Publication-Instagram-1-150x150.png 150w, https:\/\/fondationrivieres.org\/wp-content\/uploads\/2025\/06\/Instagram-recrutement-Publication-Instagram-1-768x768.png 768w, https:\/\/fondationrivieres.org\/wp-content\/uploads\/2025\/06\/Instagram-recrutement-Publication-Instagram-1-12x12.png 12w, https:\/\/fondationrivieres.org\/wp-content\/uploads\/2025\/06\/Instagram-recrutement-Publication-Instagram-1-400x400.png 400w, https:\/\/fondationrivieres.org\/wp-content\/uploads\/2025\/06\/Instagram-recrutement-Publication-Instagram-1.png 1080w\" sizes=\"(max-width: 800px) 100vw, 800px\" \/>\t\t\t\t\t\t\t\t\t\t\t\t\t\t\t<\/div>\n\t\t\t\t<\/div>\n\t\t\t\t<div class=\"elementor-element elementor-element-60a9f87 elementor-widget elementor-widget-text-editor\" data-id=\"60a9f87\" data-element_type=\"widget\" data-e-type=\"widget\" data-widget_type=\"text-editor.default\">\n\t\t\t\t<div class=\"elementor-widget-container\">\n\t\t\t\t\t\t\t\t\t<p><span style=\"font-weight: 400;\">En France, l\u2019acteur local responsable d\u2019une perte d\u2019acc\u00e8s (par exemple les municipalit\u00e9s ou les promoteurs immobiliers) a une obligation de compensation. Ainsi, si un nouveau d\u00e9veloppement voit le jour sur des berges ou si une terre publique riveraine devient priv\u00e9e, l\u2019organisme responsable de cette perte d\u2019acc\u00e8s a l\u2019obligation de trouver un autre acc\u00e8s \u00e9quivalent sur le m\u00eame lac ou la m\u00eame rivi\u00e8re.<\/span><\/p><p>Nous recommandons que cette mesure soit appliqu\u00e9e au Qu\u00e9bec et que cette obligation ne puisse pas \u00eatre remplac\u00e9e par une compensation tarifaire.<\/p>\t\t\t\t\t\t\t\t<\/div>\n\t\t\t\t<\/div>\n\t\t\t\t<\/div>\n\t\t<div class=\"elementor-element elementor-element-77a30aa e-con-full elementor-hidden-tablet e-transform elementor-hidden-desktop e-flex e-con e-child\" data-id=\"77a30aa\" data-element_type=\"container\" data-e-type=\"container\" data-settings=\"{&quot;background_background&quot;:&quot;classic&quot;,&quot;jet_parallax_layout_list&quot;:[],&quot;_transform_translateX_effect&quot;:{&quot;unit&quot;:&quot;px&quot;,&quot;size&quot;:0,&quot;sizes&quot;:[]},&quot;_transform_translateX_effect_tablet&quot;:{&quot;unit&quot;:&quot;px&quot;,&quot;size&quot;:&quot;&quot;,&quot;sizes&quot;:[]},&quot;_transform_translateX_effect_mobile&quot;:{&quot;unit&quot;:&quot;px&quot;,&quot;size&quot;:&quot;&quot;,&quot;sizes&quot;:[]},&quot;_transform_translateY_effect&quot;:{&quot;unit&quot;:&quot;px&quot;,&quot;size&quot;:&quot;&quot;,&quot;sizes&quot;:[]},&quot;_transform_translateY_effect_tablet&quot;:{&quot;unit&quot;:&quot;px&quot;,&quot;size&quot;:&quot;&quot;,&quot;sizes&quot;:[]},&quot;_transform_translateY_effect_mobile&quot;:{&quot;unit&quot;:&quot;px&quot;,&quot;size&quot;:&quot;&quot;,&quot;sizes&quot;:[]}}\">\n\t\t\t\t<div class=\"elementor-element elementor-element-2c8c9a2 elementor-widget-tablet__width-initial elementor-widget-mobile__width-initial elementor-widget elementor-widget-image\" data-id=\"2c8c9a2\" data-element_type=\"widget\" data-e-type=\"widget\" data-widget_type=\"image.default\">\n\t\t\t\t<div class=\"elementor-widget-container\">\n\t\t\t\t\t\t\t\t\t\t\t\t\t\t\t<img fetchpriority=\"high\" decoding=\"async\" width=\"800\" height=\"800\" src=\"https:\/\/fondationrivieres.org\/wp-content\/uploads\/2025\/06\/Instagram-recrutement-Publication-Instagram-1-1024x1024.png\" class=\"attachment-large size-large wp-image-73754\" alt=\"Les municipalit\u00e9s comme acteurs de la solution pour l&#039;acc\u00e8s aux berges\" srcset=\"https:\/\/fondationrivieres.org\/wp-content\/uploads\/2025\/06\/Instagram-recrutement-Publication-Instagram-1-1024x1024.png 1024w, https:\/\/fondationrivieres.org\/wp-content\/uploads\/2025\/06\/Instagram-recrutement-Publication-Instagram-1-300x300.png 300w, https:\/\/fondationrivieres.org\/wp-content\/uploads\/2025\/06\/Instagram-recrutement-Publication-Instagram-1-150x150.png 150w, https:\/\/fondationrivieres.org\/wp-content\/uploads\/2025\/06\/Instagram-recrutement-Publication-Instagram-1-768x768.png 768w, https:\/\/fondationrivieres.org\/wp-content\/uploads\/2025\/06\/Instagram-recrutement-Publication-Instagram-1-12x12.png 12w, https:\/\/fondationrivieres.org\/wp-content\/uploads\/2025\/06\/Instagram-recrutement-Publication-Instagram-1-400x400.png 400w, https:\/\/fondationrivieres.org\/wp-content\/uploads\/2025\/06\/Instagram-recrutement-Publication-Instagram-1.png 1080w\" sizes=\"(max-width: 800px) 100vw, 800px\" \/>\t\t\t\t\t\t\t\t\t\t\t\t\t\t\t<\/div>\n\t\t\t\t<\/div>\n\t\t\t\t<div class=\"elementor-element elementor-element-3fa148c elementor-widget elementor-widget-text-editor\" data-id=\"3fa148c\" data-element_type=\"widget\" data-e-type=\"widget\" data-widget_type=\"text-editor.default\">\n\t\t\t\t<div class=\"elementor-widget-container\">\n\t\t\t\t\t\t\t\t\t<p><span style=\"font-weight: 400;\">En France, l\u2019acteur local responsable d\u2019une perte d\u2019acc\u00e8s (par exemple les municipalit\u00e9s ou les promoteurs immobiliers) a une obligation de compensation. Ainsi, si un nouveau d\u00e9veloppement voit le jour sur des berges ou si une terre publique riveraine devient priv\u00e9e, l\u2019organisme responsable de cette perte d\u2019acc\u00e8s a l\u2019obligation de trouver un autre acc\u00e8s \u00e9quivalent sur le m\u00eame lac ou la m\u00eame rivi\u00e8re.<\/span><\/p><p>Nous recommandons que cette mesure soit appliqu\u00e9e au Qu\u00e9bec et que cette obligation ne puisse pas \u00eatre remplac\u00e9e par une compensation tarifaire.<\/p>\t\t\t\t\t\t\t\t<\/div>\n\t\t\t\t<\/div>\n\t\t\t\t<\/div>\n\t\t\t\t<div class=\"elementor-element elementor-element-995a262 elementor-widget elementor-widget-heading\" data-id=\"995a262\" data-element_type=\"widget\" data-e-type=\"widget\" data-widget_type=\"heading.default\">\n\t\t\t\t<div class=\"elementor-widget-container\">\n\t\t\t\t\t<h3 class=\"elementor-heading-title elementor-size-default\">2. Mettre fin aux m\u00e9canismes dissuasifs abusifs<\/h3>\t\t\t\t<\/div>\n\t\t\t\t<\/div>\n\t\t<div class=\"elementor-element elementor-element-7062a4e e-con-full elementor-hidden-tablet elementor-hidden-mobile e-flex e-con e-child\" data-id=\"7062a4e\" data-element_type=\"container\" data-e-type=\"container\" data-settings=\"{&quot;background_background&quot;:&quot;classic&quot;,&quot;jet_parallax_layout_list&quot;:[]}\">\n\t\t\t\t<div class=\"elementor-element elementor-element-eac9ab9 elementor-widget elementor-widget-image\" data-id=\"eac9ab9\" data-element_type=\"widget\" data-e-type=\"widget\" data-widget_type=\"image.default\">\n\t\t\t\t<div class=\"elementor-widget-container\">\n\t\t\t\t\t\t\t\t\t\t\t\t\t\t\t<img decoding=\"async\" width=\"800\" height=\"800\" src=\"https:\/\/fondationrivieres.org\/wp-content\/uploads\/2025\/06\/Acces-aux-berges-restriction-1024x1024.png\" class=\"attachment-large size-large wp-image-73758\" alt=\"Restriction des municipalit\u00e9s pour l&#039;acc\u00e8s aux berges\" srcset=\"https:\/\/fondationrivieres.org\/wp-content\/uploads\/2025\/06\/Acces-aux-berges-restriction-1024x1024.png 1024w, https:\/\/fondationrivieres.org\/wp-content\/uploads\/2025\/06\/Acces-aux-berges-restriction-300x300.png 300w, https:\/\/fondationrivieres.org\/wp-content\/uploads\/2025\/06\/Acces-aux-berges-restriction-150x150.png 150w, https:\/\/fondationrivieres.org\/wp-content\/uploads\/2025\/06\/Acces-aux-berges-restriction-768x768.png 768w, https:\/\/fondationrivieres.org\/wp-content\/uploads\/2025\/06\/Acces-aux-berges-restriction-12x12.png 12w, https:\/\/fondationrivieres.org\/wp-content\/uploads\/2025\/06\/Acces-aux-berges-restriction-400x400.png 400w, https:\/\/fondationrivieres.org\/wp-content\/uploads\/2025\/06\/Acces-aux-berges-restriction.png 1080w\" sizes=\"(max-width: 800px) 100vw, 800px\" \/>\t\t\t\t\t\t\t\t\t\t\t\t\t\t\t<\/div>\n\t\t\t\t<\/div>\n\t\t\t\t<div class=\"elementor-element elementor-element-93b6fb4 elementor-widget-tablet__width-initial elementor-hidden-tablet elementor-hidden-mobile elementor-widget elementor-widget-text-editor\" data-id=\"93b6fb4\" data-element_type=\"widget\" data-e-type=\"widget\" data-widget_type=\"text-editor.default\">\n\t\t\t\t<div class=\"elementor-widget-container\">\n\t\t\t\t\t\t\t\t\t<p><span style=\"font-weight: 400;\">Il y a si <a href=\"https:\/\/www.latribune.ca\/actualites\/environnement\/2025\/05\/13\/rives-du-quebec-lacces-public-en-voie-de-disparition-KFKRU5CDMJFZNHVUNE7GECSHTI\/\" target=\"_blank\" rel=\"noopener\">peu d\u2019acc\u00e8s public aux berges<\/a> que cela entra\u00eene un surachalandage dans certaines r\u00e9gions. En r\u00e9action, des municipalit\u00e9s vont imposer des tarifs excessifs ou des r\u00e8glements qui r\u00e9servent \u00e0 toute fin pratique les acc\u00e8s publics \u00e0 leurs r\u00e9sidents.<\/span><\/p>\n<p><span style=\"font-weight: 400;\">Ces m\u00e9canismes dissuasifs devraient \u00eatre interdits ou minimalement encadr\u00e9s, par exemple en fixant un <\/span>seuil provincial maximal dans les tarifs journaliers ou saisonniers <span style=\"font-weight: 400;\">permettant d\u2019acc\u00e9der \u00e0 une plage, une rampe de mise \u00e0 l\u2019eau, etc.<\/span><\/p><p><span style=\"font-weight: 400;\"><br><\/span><\/p>\t\t\t\t\t\t\t\t<\/div>\n\t\t\t\t<\/div>\n\t\t\t\t<\/div>\n\t\t<div class=\"elementor-element elementor-element-45d7db7 e-con-full elementor-hidden-desktop e-flex e-con e-child\" data-id=\"45d7db7\" data-element_type=\"container\" data-e-type=\"container\" data-settings=\"{&quot;background_background&quot;:&quot;classic&quot;,&quot;jet_parallax_layout_list&quot;:[]}\">\n\t\t\t\t<div class=\"elementor-element elementor-element-20d26ea elementor-widget elementor-widget-image\" data-id=\"20d26ea\" data-element_type=\"widget\" data-e-type=\"widget\" data-widget_type=\"image.default\">\n\t\t\t\t<div class=\"elementor-widget-container\">\n\t\t\t\t\t\t\t\t\t\t\t\t\t\t\t<img decoding=\"async\" width=\"800\" height=\"800\" src=\"https:\/\/fondationrivieres.org\/wp-content\/uploads\/2025\/06\/Acces-aux-berges-restriction-1024x1024.png\" class=\"attachment-large size-large wp-image-73758\" alt=\"Restriction des municipalit\u00e9s pour l&#039;acc\u00e8s aux berges\" srcset=\"https:\/\/fondationrivieres.org\/wp-content\/uploads\/2025\/06\/Acces-aux-berges-restriction-1024x1024.png 1024w, https:\/\/fondationrivieres.org\/wp-content\/uploads\/2025\/06\/Acces-aux-berges-restriction-300x300.png 300w, https:\/\/fondationrivieres.org\/wp-content\/uploads\/2025\/06\/Acces-aux-berges-restriction-150x150.png 150w, https:\/\/fondationrivieres.org\/wp-content\/uploads\/2025\/06\/Acces-aux-berges-restriction-768x768.png 768w, https:\/\/fondationrivieres.org\/wp-content\/uploads\/2025\/06\/Acces-aux-berges-restriction-12x12.png 12w, https:\/\/fondationrivieres.org\/wp-content\/uploads\/2025\/06\/Acces-aux-berges-restriction-400x400.png 400w, https:\/\/fondationrivieres.org\/wp-content\/uploads\/2025\/06\/Acces-aux-berges-restriction.png 1080w\" sizes=\"(max-width: 800px) 100vw, 800px\" \/>\t\t\t\t\t\t\t\t\t\t\t\t\t\t\t<\/div>\n\t\t\t\t<\/div>\n\t\t\t\t<div class=\"elementor-element elementor-element-2f864e9 elementor-widget-tablet__width-initial elementor-widget elementor-widget-text-editor\" data-id=\"2f864e9\" data-element_type=\"widget\" data-e-type=\"widget\" data-widget_type=\"text-editor.default\">\n\t\t\t\t<div class=\"elementor-widget-container\">\n\t\t\t\t\t\t\t\t\t<p><span style=\"font-weight: 400;\">Il y a si <a href=\"https:\/\/www.latribune.ca\/actualites\/environnement\/2025\/05\/13\/rives-du-quebec-lacces-public-en-voie-de-disparition-KFKRU5CDMJFZNHVUNE7GECSHTI\/\" target=\"_blank\" rel=\"noopener\">peu d\u2019acc\u00e8s public aux berges<\/a> que cela entra\u00eene un surachalandage dans certaines r\u00e9gions. En r\u00e9action, des municipalit\u00e9s vont imposer des tarifs excessifs ou des r\u00e8glements qui r\u00e9servent \u00e0 toute fin pratique les acc\u00e8s publics \u00e0 leurs r\u00e9sidents.<\/span><\/p><p><span style=\"font-weight: 400;\">Ces m\u00e9canismes dissuasifs devraient \u00eatre interdits ou minimalement encadr\u00e9s, par exemple en fixant un <\/span>seuil provincial maximal dans les tarifs journaliers ou saisonniers <span style=\"font-weight: 400;\">permettant d\u2019acc\u00e9der \u00e0 une plage, une rampe de mise \u00e0 l\u2019eau, etc.<\/span><\/p>\t\t\t\t\t\t\t\t<\/div>\n\t\t\t\t<\/div>\n\t\t\t\t<\/div>\n\t\t\t\t<div class=\"elementor-element elementor-element-f713f4c elementor-widget elementor-widget-heading\" data-id=\"f713f4c\" data-element_type=\"widget\" data-e-type=\"widget\" data-widget_type=\"heading.default\">\n\t\t\t\t<div class=\"elementor-widget-container\">\n\t\t\t\t\t<h3 class=\"elementor-heading-title elementor-size-default\">3. Adopter une alternative \u00e0 la Ligne des hautes eaux comme moyen d\u2019\u00e9tablir une d\u00e9marcation entre les propri\u00e9t\u00e9s priv\u00e9es et publiques<\/h3>\t\t\t\t<\/div>\n\t\t\t\t<\/div>\n\t\t\t\t<div class=\"elementor-element elementor-element-74c8976 elementor-widget elementor-widget-text-editor\" data-id=\"74c8976\" data-element_type=\"widget\" data-e-type=\"widget\" data-widget_type=\"text-editor.default\">\n\t\t\t\t<div class=\"elementor-widget-container\">\n\t\t\t\t\t\t\t\t\t<p><span style=\"font-weight: 400;\">L\u2019utilisation de la ligne des hautes eaux comme d\u00e9marcation entre un terrain priv\u00e9 et public est complexe et co\u00fbteuse \u00e0 faire appliquer. Elle favorise la discorde et les recours aux tribunaux.\u00a0<\/span><\/p><p><span style=\"font-weight: 400;\">Le Qu\u00e9bec pourrait s\u2019inspirer de la Nouvelle-Z\u00e9lande et \u00e9tablir que la limite de la rive publique soit situ\u00e9e \u00e0 20 m\u00e8tres du plan d\u2019eau, quel que soit le niveau de l\u2019eau.\u00a0<\/span><\/p><p><span style=\"font-weight: 400;\">Une telle r\u00e8gle pourrait s\u2019accompagner d\u2019exceptions pour les r\u00e9gions o\u00f9 l&rsquo;\u00e9rosion est un probl\u00e8me majeur (ex. : Gasp\u00e9sie) ou dans le cas o\u00f9 des b\u00e2timents existants ont \u00e9t\u00e9 construits trop pr\u00e8s du rivage.<\/span><\/p>\t\t\t\t\t\t\t\t<\/div>\n\t\t\t\t<\/div>\n\t\t\t\t<div class=\"elementor-element elementor-element-a20ab15 elementor-align-center elementor-widget elementor-widget-button\" data-id=\"a20ab15\" data-element_type=\"widget\" data-e-type=\"widget\" data-widget_type=\"button.default\">\n\t\t\t\t<div class=\"elementor-widget-container\">\n\t\t\t\t\t\t\t\t\t<div class=\"elementor-button-wrapper\">\n\t\t\t\t\t<a class=\"elementor-button elementor-button-link elementor-size-sm\" href=\"https:\/\/drive.google.com\/file\/d\/1VdWWMKy8yIY5Rlri1ox4XczRqUoV80h3\/view\" target=\"_blank\" rel=\"noopener\">\n\t\t\t\t\t\t<span class=\"elementor-button-content-wrapper\">\n\t\t\t\t\t\t<span class=\"elementor-button-icon\">\n\t\t\t\t<i aria-hidden=\"true\" class=\"fas fa-arrow-right\"><\/i>\t\t\t<\/span>\n\t\t\t\t\t\t\t\t\t<span class=\"elementor-button-text\">Pour en savoir plus, consultez la partie \u00absolutions\u00bb de notre rapport.<\/span>\n\t\t\t\t\t<\/span>\n\t\t\t\t\t<\/a>\n\t\t\t\t<\/div>\n\t\t\t\t\t\t\t\t<\/div>\n\t\t\t\t<\/div>\n\t\t\t\t\t<\/div>\n\t\t\t\t<\/div>\n\t\t<div class=\"elementor-element elementor-element-afe0341 e-flex e-con-boxed e-con e-parent\" data-id=\"afe0341\" data-element_type=\"container\" data-e-type=\"container\" data-settings=\"{&quot;background_background&quot;:&quot;classic&quot;,&quot;jet_parallax_layout_list&quot;:[]}\">\n\t\t\t\t\t<div class=\"e-con-inner\">\n\t\t\t\t<div class=\"elementor-element elementor-element-2747ef9 elementor-widget elementor-widget-heading\" data-id=\"2747ef9\" data-element_type=\"widget\" data-e-type=\"widget\" data-widget_type=\"heading.default\">\n\t\t\t\t<div class=\"elementor-widget-container\">\n\t\t\t\t\t<h2 class=\"elementor-heading-title elementor-size-default\">Favoriser l\u2019acc\u00e8s aux lacs et rivi\u00e8res malgr\u00e9 la privatisation<\/h2>\t\t\t\t<\/div>\n\t\t\t\t<\/div>\n\t\t\t\t<div class=\"elementor-element elementor-element-5356ba6 elementor-widget elementor-widget-text-editor\" data-id=\"5356ba6\" data-element_type=\"widget\" data-e-type=\"widget\" data-widget_type=\"text-editor.default\">\n\t\t\t\t<div class=\"elementor-widget-container\">\n\t\t\t\t\t\t\t\t\t<p><span style=\"font-weight: 400;\">On ne peut pas revenir sur les erreurs du pass\u00e9, mais on peut donner un coup de barre en stimulant la cr\u00e9ation de nouveaux acc\u00e8s publics et en permettant au public de traverser \u00e0 pied des terres priv\u00e9es pour acc\u00e9der aux rivi\u00e8res et aux lacs. <\/span><\/p>\t\t\t\t\t\t\t\t<\/div>\n\t\t\t\t<\/div>\n\t\t\t\t<div class=\"elementor-element elementor-element-f843592 elementor-widget elementor-widget-heading\" data-id=\"f843592\" data-element_type=\"widget\" data-e-type=\"widget\" data-widget_type=\"heading.default\">\n\t\t\t\t<div class=\"elementor-widget-container\">\n\t\t\t\t\t<h3 class=\"elementor-heading-title elementor-size-default\">1. Obliger les municipalit\u00e9s \u00e0 cr\u00e9er des acc\u00e8s publics lors de toute nouvelle construction sur les berges<\/h3>\t\t\t\t<\/div>\n\t\t\t\t<\/div>\n\t\t<div class=\"elementor-element elementor-element-3c5dadf e-con-full e-transform e-flex e-con e-child\" data-id=\"3c5dadf\" data-element_type=\"container\" data-e-type=\"container\" data-settings=\"{&quot;background_background&quot;:&quot;classic&quot;,&quot;jet_parallax_layout_list&quot;:[],&quot;_transform_translateX_effect&quot;:{&quot;unit&quot;:&quot;px&quot;,&quot;size&quot;:0,&quot;sizes&quot;:[]},&quot;_transform_translateX_effect_tablet&quot;:{&quot;unit&quot;:&quot;px&quot;,&quot;size&quot;:&quot;&quot;,&quot;sizes&quot;:[]},&quot;_transform_translateX_effect_mobile&quot;:{&quot;unit&quot;:&quot;px&quot;,&quot;size&quot;:&quot;&quot;,&quot;sizes&quot;:[]},&quot;_transform_translateY_effect&quot;:{&quot;unit&quot;:&quot;px&quot;,&quot;size&quot;:&quot;&quot;,&quot;sizes&quot;:[]},&quot;_transform_translateY_effect_tablet&quot;:{&quot;unit&quot;:&quot;px&quot;,&quot;size&quot;:&quot;&quot;,&quot;sizes&quot;:[]},&quot;_transform_translateY_effect_mobile&quot;:{&quot;unit&quot;:&quot;px&quot;,&quot;size&quot;:&quot;&quot;,&quot;sizes&quot;:[]}}\">\n\t\t\t\t<div class=\"elementor-element elementor-element-7ec5322 elementor-hidden-mobile elementor-widget elementor-widget-image\" data-id=\"7ec5322\" data-element_type=\"widget\" data-e-type=\"widget\" data-widget_type=\"image.default\">\n\t\t\t\t<div class=\"elementor-widget-container\">\n\t\t\t\t\t\t\t\t\t\t\t\t\t\t\t<img decoding=\"async\" width=\"800\" height=\"800\" src=\"https:\/\/fondationrivieres.org\/wp-content\/uploads\/2025\/06\/2-1-1024x1024.png\" class=\"attachment-large size-large wp-image-73762\" alt=\"Droit de passage pour l&#039;acc\u00e8s aux berges\" srcset=\"https:\/\/fondationrivieres.org\/wp-content\/uploads\/2025\/06\/2-1-1024x1024.png 1024w, https:\/\/fondationrivieres.org\/wp-content\/uploads\/2025\/06\/2-1-300x300.png 300w, https:\/\/fondationrivieres.org\/wp-content\/uploads\/2025\/06\/2-1-150x150.png 150w, https:\/\/fondationrivieres.org\/wp-content\/uploads\/2025\/06\/2-1-768x768.png 768w, https:\/\/fondationrivieres.org\/wp-content\/uploads\/2025\/06\/2-1-12x12.png 12w, https:\/\/fondationrivieres.org\/wp-content\/uploads\/2025\/06\/2-1-400x400.png 400w, https:\/\/fondationrivieres.org\/wp-content\/uploads\/2025\/06\/2-1.png 1080w\" sizes=\"(max-width: 800px) 100vw, 800px\" \/>\t\t\t\t\t\t\t\t\t\t\t\t\t\t\t<\/div>\n\t\t\t\t<\/div>\n\t\t\t\t<div class=\"elementor-element elementor-element-02e1888 elementor-widget elementor-widget-text-editor\" data-id=\"02e1888\" data-element_type=\"widget\" data-e-type=\"widget\" data-widget_type=\"text-editor.default\">\n\t\t\t\t<div class=\"elementor-widget-container\">\n\t\t\t\t\t\t\t\t\t<p><span style=\"font-weight: 400;\">Les municipalit\u00e9s peuvent exiger d\u2019un propri\u00e9taire riverain qui demande un permis de lotissement ou de construction qu\u2019il c\u00e8de une partie du terrain ou qu\u2019il accorde une servitude \u00e0 la municipalit\u00e9 pour qu\u2019elle puisse am\u00e9nager un parc ou maintenir un espace naturel, ce qu\u2019on appelle une \u00ab contribution aux fins de parcs et d\u2019espaces naturels \u00bb.\u00a0\u00a0<\/span><\/p><p><span style=\"font-weight: 400;\">Ce m\u00e9canisme est sugg\u00e9r\u00e9 dans la Loi sur l\u2019am\u00e9nagement et l\u2019urbanisme; il devrait \u00eatre <\/span><span style=\"font-weight: 400;\">obligatoire<\/span><span style=\"font-weight: 400;\"> pour les rivi\u00e8res et les lacs d\u2019int\u00e9r\u00eat r\u00e9cr\u00e9otouristiques et pour les lacs et les rivi\u00e8res au-del\u00e0 d\u2019une certaine surface. <\/span><\/p>\t\t\t\t\t\t\t\t<\/div>\n\t\t\t\t<\/div>\n\t\t\t\t<\/div>\n\t\t\t\t<div class=\"elementor-element elementor-element-e621a35 elementor-widget elementor-widget-heading\" data-id=\"e621a35\" data-element_type=\"widget\" data-e-type=\"widget\" data-widget_type=\"heading.default\">\n\t\t\t\t<div class=\"elementor-widget-container\">\n\t\t\t\t\t<h3 class=\"elementor-heading-title elementor-size-default\">2. Soulager les propri\u00e9taires du fardeau de la responsabilit\u00e9 civile<\/h3>\t\t\t\t<\/div>\n\t\t\t\t<\/div>\n\t\t\t\t<div class=\"elementor-element elementor-element-bf6c7e2 elementor-widget-tablet__width-initial elementor-widget elementor-widget-text-editor\" data-id=\"bf6c7e2\" data-element_type=\"widget\" data-e-type=\"widget\" data-widget_type=\"text-editor.default\">\n\t\t\t\t<div class=\"elementor-widget-container\">\n\t\t\t\t\t\t\t\t\t<p><span style=\"font-weight: 400;\">Pour encourager les propri\u00e9taires \u00e0 permettre le passage sur leurs terrains, tous les pays que nous avons \u00e9tudi\u00e9s ont limit\u00e9 les recours en responsabilit\u00e9 civile contre des propri\u00e9taires et gestionnaires de site : ces derniers ne peuvent pas \u00eatre tenus responsables pour les risques inh\u00e9rents \u00e0 la pratique d\u2019une activit\u00e9 (ex. se tordre une cheville en passant sur un chemin pour acc\u00e9der \u00e0 un cours d\u2019eau). Ils ne sont \u00e9videmment pas prot\u00e9g\u00e9s s\u2019ils cherchent d\u00e9lib\u00e9r\u00e9ment \u00e0 nuire aux utilisateurs (ex. placer un pi\u00e8ge \u00e0 ours pour emp\u00eacher le passage).\u00a0<\/span><\/p><p><span style=\"font-weight: 400;\">En contrepartie, les usagers sont consid\u00e9r\u00e9s comme \u00e9tant responsables de leurs actes et c\u2019est \u00e0 eux de doivent prendre les pr\u00e9cautions n\u00e9cessaires \u00e0 la pratique de leur activit\u00e9.<\/span><\/p>\t\t\t\t\t\t\t\t<\/div>\n\t\t\t\t<\/div>\n\t\t\t\t<div class=\"elementor-element elementor-element-e19681f elementor-widget elementor-widget-heading\" data-id=\"e19681f\" data-element_type=\"widget\" data-e-type=\"widget\" data-widget_type=\"heading.default\">\n\t\t\t\t<div class=\"elementor-widget-container\">\n\t\t\t\t\t<h3 class=\"elementor-heading-title elementor-size-default\">3. Permettre le passage \u00e0 pied sur un terrain priv\u00e9 <\/h3>\t\t\t\t<\/div>\n\t\t\t\t<\/div>\n\t\t\t\t<div class=\"elementor-element elementor-element-724d32e elementor-widget elementor-widget-text-editor\" data-id=\"724d32e\" data-element_type=\"widget\" data-e-type=\"widget\" data-widget_type=\"text-editor.default\">\n\t\t\t\t<div class=\"elementor-widget-container\">\n\t\t\t\t\t\t\t\t\t<p><span style=\"font-weight: 400;\">Le passage en terres priv\u00e9es est accept\u00e9 et rendu possible dans plusieurs des pays \u00e9tudi\u00e9s :\u00a0<\/span><\/p><ul><li style=\"font-weight: 400;\" aria-level=\"1\"><span style=\"font-weight: 400;\">La Nouvelle-Z\u00e9lande propose diff\u00e9rents m\u00e9canismes volontaires pour les propri\u00e9taires (servitudes) qui sont ensuite li\u00e9s \u00e0 la propri\u00e9t\u00e9 et non au propri\u00e9taire.\u00a0<\/span><\/li><li style=\"font-weight: 400;\" aria-level=\"1\"><span style=\"font-weight: 400;\">La France a impos\u00e9 <a href=\"https:\/\/www.service-public.fr\/particuliers\/vosdroits\/F2040\" target=\"_blank\" rel=\"noopener\">une servitude de passage<\/a> en littoral afin d\u2019assurer l\u2019acc\u00e8s aux berges sur l\u2019ensemble de son territoire. Ce n\u2019est pas une expropriation, mais le passage y est assur\u00e9.\u00a0<\/span><\/li><li style=\"font-weight: 400;\" aria-level=\"1\"><span style=\"font-weight: 400;\">L\u2019\u00c9cosse a d\u00e9cid\u00e9 d\u2019un <\/span><a href=\"https:\/\/www.youtube.com\/watch?v=FpUsaQp1fDQ\" target=\"_blank\" rel=\"noopener\"><i><span style=\"font-weight: 400;\">right to roam<\/span><\/i><\/a><span style=\"font-weight: 400;\"> qui permet \u00e0 tout le monde de se promener \u00e0 pied en terre priv\u00e9e.<\/span><\/li><li style=\"font-weight: 400;\" aria-level=\"1\"><span style=\"font-weight: 400;\">Les pays scandinaves ont depuis des si\u00e8cles un <\/span><i><span style=\"font-weight: 400;\">right to roam<\/span><\/i><span style=\"font-weight: 400;\"> qui permet le passage \u00e0 pied, mais aussi le camping, le pr\u00e9l\u00e8vement de ressources naturelles, etc.\u00a0<\/span><\/li><\/ul>\t\t\t\t\t\t\t\t<\/div>\n\t\t\t\t<\/div>\n\t\t\t\t<div class=\"elementor-element elementor-element-a82ea42 elementor-widget elementor-widget-text-editor\" data-id=\"a82ea42\" data-element_type=\"widget\" data-e-type=\"widget\" data-widget_type=\"text-editor.default\">\n\t\t\t\t<div class=\"elementor-widget-container\">\n\t\t\t\t\t\t\t\t\t<p><span style=\"font-weight: 400;\">Le Qu\u00e9bec doit s\u2019inspirer de ces pratiques et cr\u00e9er des servitudes obligatoires afin de permettre de traverser \u00e0 pied une terre priv\u00e9e pour acc\u00e9der aux rivi\u00e8res et aux lacs d\u2019une certaine taille.\u00a0<\/span><\/p>\t\t\t\t\t\t\t\t<\/div>\n\t\t\t\t<\/div>\n\t\t\t\t<div class=\"elementor-element elementor-element-37e741f elementor-align-center elementor-widget elementor-widget-button\" data-id=\"37e741f\" data-element_type=\"widget\" data-e-type=\"widget\" data-widget_type=\"button.default\">\n\t\t\t\t<div class=\"elementor-widget-container\">\n\t\t\t\t\t\t\t\t\t<div class=\"elementor-button-wrapper\">\n\t\t\t\t\t<a class=\"elementor-button elementor-button-link elementor-size-sm\" href=\"https:\/\/fondationrivieres.org\/wp-content\/uploads\/2025\/07\/Rapport-final-Acces-aux-berges_Partie-Solutions.pdf\">\n\t\t\t\t\t\t<span class=\"elementor-button-content-wrapper\">\n\t\t\t\t\t\t<span class=\"elementor-button-icon\">\n\t\t\t\t<i aria-hidden=\"true\" class=\"fas fa-arrow-right\"><\/i>\t\t\t<\/span>\n\t\t\t\t\t\t\t\t\t<span class=\"elementor-button-text\">Pour en savoir plus, consultez la partie \u00absolutions\u00bb de notre rapport.<\/span>\n\t\t\t\t\t<\/span>\n\t\t\t\t\t<\/a>\n\t\t\t\t<\/div>\n\t\t\t\t\t\t\t\t<\/div>\n\t\t\t\t<\/div>\n\t\t\t\t\t<\/div>\n\t\t\t\t<\/div>\n\t\t\t\t<\/div>","protected":false},"excerpt":{"rendered":"<p>klkl<\/p>","protected":false},"author":32,"featured_media":72915,"parent":0,"menu_order":0,"comment_status":"closed","ping_status":"closed","template":"elementor_header_footer","meta":{"footnotes":""},"class_list":["post-72913","page","type-page","status-publish","has-post-thumbnail","hentry"],"_links":{"self":[{"href":"https:\/\/fondationrivieres.org\/en\/wp-json\/wp\/v2\/pages\/72913","targetHints":{"allow":["GET"]}}],"collection":[{"href":"https:\/\/fondationrivieres.org\/en\/wp-json\/wp\/v2\/pages"}],"about":[{"href":"https:\/\/fondationrivieres.org\/en\/wp-json\/wp\/v2\/types\/page"}],"author":[{"embeddable":true,"href":"https:\/\/fondationrivieres.org\/en\/wp-json\/wp\/v2\/users\/32"}],"replies":[{"embeddable":true,"href":"https:\/\/fondationrivieres.org\/en\/wp-json\/wp\/v2\/comments?post=72913"}],"version-history":[{"count":186,"href":"https:\/\/fondationrivieres.org\/en\/wp-json\/wp\/v2\/pages\/72913\/revisions"}],"predecessor-version":[{"id":74160,"href":"https:\/\/fondationrivieres.org\/en\/wp-json\/wp\/v2\/pages\/72913\/revisions\/74160"}],"wp:featuredmedia":[{"embeddable":true,"href":"https:\/\/fondationrivieres.org\/en\/wp-json\/wp\/v2\/media\/72915"}],"wp:attachment":[{"href":"https:\/\/fondationrivieres.org\/en\/wp-json\/wp\/v2\/media?parent=72913"}],"curies":[{"name":"wp","href":"https:\/\/api.w.org\/{rel}","templated":true}]}}