{"id":63042,"date":"2023-11-30T09:20:00","date_gmt":"2023-11-30T14:20:00","guid":{"rendered":"https:\/\/fondationrivieres.org\/?page_id=63042"},"modified":"2024-10-09T16:23:24","modified_gmt":"2024-10-09T20:23:24","slug":"14-revendications-avenir-energetique","status":"publish","type":"page","link":"https:\/\/fondationrivieres.org\/en\/nos-actions\/energie-barrages-hydroelectriques\/14-revendications-avenir-energetique\/","title":{"rendered":"14 demands from a regrouping of civil society for a fair and viable energy future in Quebec"},"content":{"rendered":"\t\t<div data-elementor-type=\"wp-page\" data-elementor-id=\"63042\" class=\"elementor elementor-63042\" data-elementor-post-type=\"page\">\n\t\t\t\t\t\t<section class=\"elementor-section elementor-top-section elementor-element elementor-element-c9d7c9e elementor-section-boxed elementor-section-height-default elementor-section-height-default\" data-id=\"c9d7c9e\" data-element_type=\"section\" data-e-type=\"section\" data-settings=\"{&quot;background_background&quot;:&quot;classic&quot;,&quot;jet_parallax_layout_list&quot;:[{&quot;_id&quot;:&quot;5aba9f&quot;,&quot;jet_parallax_layout_speed&quot;:{&quot;unit&quot;:&quot;%&quot;,&quot;size&quot;:52,&quot;sizes&quot;:[]},&quot;jet_parallax_layout_bg_y&quot;:29,&quot;jet_parallax_layout_image&quot;:{&quot;url&quot;:&quot;&quot;,&quot;id&quot;:&quot;&quot;,&quot;size&quot;:&quot;&quot;},&quot;jet_parallax_layout_image_tablet&quot;:{&quot;url&quot;:&quot;&quot;,&quot;id&quot;:&quot;&quot;,&quot;size&quot;:&quot;&quot;},&quot;jet_parallax_layout_image_mobile&quot;:{&quot;url&quot;:&quot;&quot;,&quot;id&quot;:&quot;&quot;,&quot;size&quot;:&quot;&quot;},&quot;jet_parallax_layout_type&quot;:&quot;scroll&quot;,&quot;jet_parallax_layout_direction&quot;:&quot;1&quot;,&quot;jet_parallax_layout_fx_direction&quot;:null,&quot;jet_parallax_layout_z_index&quot;:&quot;&quot;,&quot;jet_parallax_layout_bg_x&quot;:50,&quot;jet_parallax_layout_bg_x_tablet&quot;:&quot;&quot;,&quot;jet_parallax_layout_bg_x_mobile&quot;:&quot;&quot;,&quot;jet_parallax_layout_bg_y_tablet&quot;:&quot;&quot;,&quot;jet_parallax_layout_bg_y_mobile&quot;:&quot;&quot;,&quot;jet_parallax_layout_bg_size&quot;:&quot;auto&quot;,&quot;jet_parallax_layout_bg_size_tablet&quot;:&quot;&quot;,&quot;jet_parallax_layout_bg_size_mobile&quot;:&quot;&quot;,&quot;jet_parallax_layout_animation_prop&quot;:&quot;transform&quot;,&quot;jet_parallax_layout_on&quot;:[&quot;desktop&quot;,&quot;tablet&quot;]}]}\">\n\t\t\t\t\t\t\t<div class=\"elementor-background-overlay\"><\/div>\n\t\t\t\t\t\t\t<div class=\"elementor-container elementor-column-gap-default\">\n\t\t\t\t\t<div class=\"elementor-column elementor-col-100 elementor-top-column elementor-element elementor-element-58557c5\" data-id=\"58557c5\" data-element_type=\"column\" data-e-type=\"column\">\n\t\t\t<div class=\"elementor-widget-wrap elementor-element-populated\">\n\t\t\t\t\t\t<div class=\"elementor-element elementor-element-14fd7b0 elementor-widget elementor-widget-jet-breadcrumbs\" data-id=\"14fd7b0\" data-element_type=\"widget\" data-e-type=\"widget\" data-widget_type=\"jet-breadcrumbs.default\">\n\t\t\t\t<div class=\"elementor-widget-container\">\n\t\t\t\t\t<div class=\"elementor-jet-breadcrumbs jet-blocks\">\n\t\t<div class=\"jet-breadcrumbs\">\n\t\t<div class=\"jet-breadcrumbs__content\">\n\t\t<div class=\"jet-breadcrumbs__wrap\"><div class=\"jet-breadcrumbs__item\"><a href=\"https:\/\/fondationrivieres.org\/en\/\" class=\"jet-breadcrumbs__item-link is-home\" rel=\"home\" title=\"Fondation Rivi\u00e8res\">Fondation Rivi\u00e8res<\/a><\/div>\n\t\t<\/div>\n\t\t<\/div>\n\t\t<\/div><\/div>\t\t\t\t<\/div>\n\t\t\t\t<\/div>\n\t\t\t\t<div class=\"elementor-element elementor-element-7862406 elementor-widget elementor-widget-heading\" data-id=\"7862406\" data-element_type=\"widget\" data-e-type=\"widget\" data-widget_type=\"heading.default\">\n\t\t\t\t<div class=\"elementor-widget-container\">\n\t\t\t\t\t<h1 class=\"elementor-heading-title elementor-size-default\">14 revendications d\u2019un regroupement de la soci\u00e9t\u00e9 civile pour un avenir \u00e9nerg\u00e9tique juste et viable au Qu\u00e9bec\n<\/h1>\t\t\t\t<\/div>\n\t\t\t\t<\/div>\n\t\t\t\t<div class=\"elementor-element elementor-element-2a822e8 elementor-widget-divider--view-line elementor-widget elementor-widget-divider\" data-id=\"2a822e8\" data-element_type=\"widget\" data-e-type=\"widget\" data-widget_type=\"divider.default\">\n\t\t\t\t<div class=\"elementor-widget-container\">\n\t\t\t\t\t\t\t<div class=\"elementor-divider\">\n\t\t\t<span class=\"elementor-divider-separator\">\n\t\t\t\t\t\t<\/span>\n\t\t<\/div>\n\t\t\t\t\t\t<\/div>\n\t\t\t\t<\/div>\n\t\t\t\t<div class=\"elementor-element elementor-element-4049318 elementor-share-buttons--view-icon elementor-share-buttons--shape-circle elementor-share-buttons--color-custom elementor-share-buttons--skin-minimal elementor-grid-0 elementor-widget elementor-widget-share-buttons\" data-id=\"4049318\" data-element_type=\"widget\" data-e-type=\"widget\" data-widget_type=\"share-buttons.default\">\n\t\t\t\t<div class=\"elementor-widget-container\">\n\t\t\t\t\t\t\t<div class=\"elementor-grid\" role=\"list\">\n\t\t\t\t\t\t\t\t<div class=\"elementor-grid-item\" role=\"listitem\">\n\t\t\t\t\t\t<div class=\"elementor-share-btn elementor-share-btn_facebook\" role=\"button\" tabindex=\"0\" aria-label=\"Partager sur facebook\">\n\t\t\t\t\t\t\t\t\t\t\t\t\t\t\t<span class=\"elementor-share-btn__icon\">\n\t\t\t\t\t\t\t\t<i class=\"fab fa-facebook\" aria-hidden=\"true\"><\/i>\t\t\t\t\t\t\t<\/span>\n\t\t\t\t\t\t\t\t\t\t\t\t\t\t\t\t\t\t\t\t<\/div>\n\t\t\t\t\t<\/div>\n\t\t\t\t\t\t\t\t\t<div class=\"elementor-grid-item\" role=\"listitem\">\n\t\t\t\t\t\t<div class=\"elementor-share-btn elementor-share-btn_twitter\" role=\"button\" tabindex=\"0\" aria-label=\"Partager sur twitter\">\n\t\t\t\t\t\t\t\t\t\t\t\t\t\t\t<span class=\"elementor-share-btn__icon\">\n\t\t\t\t\t\t\t\t<i class=\"fab fa-twitter\" aria-hidden=\"true\"><\/i>\t\t\t\t\t\t\t<\/span>\n\t\t\t\t\t\t\t\t\t\t\t\t\t\t\t\t\t\t\t\t<\/div>\n\t\t\t\t\t<\/div>\n\t\t\t\t\t\t\t\t\t<div class=\"elementor-grid-item\" role=\"listitem\">\n\t\t\t\t\t\t<div class=\"elementor-share-btn elementor-share-btn_linkedin\" role=\"button\" tabindex=\"0\" aria-label=\"Partager sur linkedin\">\n\t\t\t\t\t\t\t\t\t\t\t\t\t\t\t<span class=\"elementor-share-btn__icon\">\n\t\t\t\t\t\t\t\t<i class=\"fab fa-linkedin\" aria-hidden=\"true\"><\/i>\t\t\t\t\t\t\t<\/span>\n\t\t\t\t\t\t\t\t\t\t\t\t\t\t\t\t\t\t\t\t<\/div>\n\t\t\t\t\t<\/div>\n\t\t\t\t\t\t\t\t\t<div class=\"elementor-grid-item\" role=\"listitem\">\n\t\t\t\t\t\t<div class=\"elementor-share-btn elementor-share-btn_reddit\" role=\"button\" tabindex=\"0\" aria-label=\"Partager sur reddit\">\n\t\t\t\t\t\t\t\t\t\t\t\t\t\t\t<span class=\"elementor-share-btn__icon\">\n\t\t\t\t\t\t\t\t<i class=\"fab fa-reddit\" aria-hidden=\"true\"><\/i>\t\t\t\t\t\t\t<\/span>\n\t\t\t\t\t\t\t\t\t\t\t\t\t\t\t\t\t\t\t\t<\/div>\n\t\t\t\t\t<\/div>\n\t\t\t\t\t\t\t\t\t<div class=\"elementor-grid-item\" role=\"listitem\">\n\t\t\t\t\t\t<div class=\"elementor-share-btn elementor-share-btn_email\" role=\"button\" tabindex=\"0\" aria-label=\"Partager sur email\">\n\t\t\t\t\t\t\t\t\t\t\t\t\t\t\t<span class=\"elementor-share-btn__icon\">\n\t\t\t\t\t\t\t\t<i class=\"fas fa-envelope\" aria-hidden=\"true\"><\/i>\t\t\t\t\t\t\t<\/span>\n\t\t\t\t\t\t\t\t\t\t\t\t\t\t\t\t\t\t\t\t<\/div>\n\t\t\t\t\t<\/div>\n\t\t\t\t\t\t<\/div>\n\t\t\t\t\t\t<\/div>\n\t\t\t\t<\/div>\n\t\t\t\t\t<\/div>\n\t\t<\/div>\n\t\t\t\t\t<\/div>\n\t\t<\/section>\n\t\t<div class=\"elementor-element elementor-element-9a6ecc3 e-flex e-con-boxed e-con e-parent\" data-id=\"9a6ecc3\" data-element_type=\"container\" data-e-type=\"container\" data-settings=\"{&quot;background_background&quot;:&quot;classic&quot;,&quot;jet_parallax_layout_list&quot;:[]}\">\n\t\t\t\t\t<div class=\"e-con-inner\">\n\t\t\t\t<div class=\"elementor-element elementor-element-0836a7b elementor-widget elementor-widget-text-editor\" data-id=\"0836a7b\" data-element_type=\"widget\" data-e-type=\"widget\" data-widget_type=\"text-editor.default\">\n\t\t\t\t<div class=\"elementor-widget-container\">\n\t\t\t\t\t\t\t\t\t<p>Des groupes citoyens, \u00e9cologistes, syndicaux, communautaires, scientifiques, professionnels et sp\u00e9cialistes de divers domaines s\u2019unissent et pr\u00e9sentent 14 revendications au gouvernement du Qu\u00e9bec sous forme de \u00ab Manifeste pour un avenir \u00e9nerg\u00e9tique juste et viable \u00bb.<\/p>\t\t\t\t\t\t\t\t<\/div>\n\t\t\t\t<\/div>\n\t\t\t\t\t<\/div>\n\t\t\t\t<\/div>\n\t\t<div class=\"elementor-element elementor-element-1b5ffce e-flex e-con-boxed e-con e-parent\" data-id=\"1b5ffce\" data-element_type=\"container\" data-e-type=\"container\" data-settings=\"{&quot;jet_parallax_layout_list&quot;:[]}\">\n\t\t\t\t\t<div class=\"e-con-inner\">\n\t\t\t\t<div class=\"elementor-element elementor-element-38e06f2 elementor-widget elementor-widget-text-editor\" data-id=\"38e06f2\" data-element_type=\"widget\" data-e-type=\"widget\" data-widget_type=\"text-editor.default\">\n\t\t\t\t<div class=\"elementor-widget-container\">\n\t\t\t\t\t\t\t\t\t<p>Face \u00e0 l\u2019immense d\u00e9fi que pr\u00e9sente la d\u00e9carbonation du Qu\u00e9bec et en pr\u00e9vision du d\u00e9p\u00f4t du projet de loi visant \u00e0 \u00ab moderniser \u00bb le cadre l\u00e9gal et r\u00e9glementaire du secteur de l&rsquo;\u00e9nergie \u2013 dont les d\u00e9cisions semblent se prendre derri\u00e8re des portes closes par une poign\u00e9e de personnes alors qu\u2019elles devraient \u00e9merger du dialogue social et du d\u00e9bat d\u00e9mocratique \u2013 une centaine de groupes de la soci\u00e9t\u00e9 civile qu\u00e9b\u00e9coise pr\u00e9sentent pour la premi\u00e8re fois leur vision commune de notre avenir \u00e9nerg\u00e9tique sous forme de manifeste. Celui-ci est le r\u00e9sultat de plusieurs mois de recherche, d\u2019\u00e9changes et d\u2019efforts de concertation.<\/p>\t\t\t\t\t\t\t\t<\/div>\n\t\t\t\t<\/div>\n\t\t\t\t\t<\/div>\n\t\t\t\t<\/div>\n\t\t<div class=\"elementor-element elementor-element-5d68595 e-flex e-con-boxed e-con e-parent\" data-id=\"5d68595\" data-element_type=\"container\" data-e-type=\"container\" data-settings=\"{&quot;background_background&quot;:&quot;classic&quot;,&quot;jet_parallax_layout_list&quot;:[]}\">\n\t\t\t\t\t<div class=\"e-con-inner\">\n\t\t\t\t<div class=\"elementor-element elementor-element-78e2d79 elementor-widget elementor-widget-text-editor\" data-id=\"78e2d79\" data-element_type=\"widget\" data-e-type=\"widget\" data-widget_type=\"text-editor.default\">\n\t\t\t\t<div class=\"elementor-widget-container\">\n\t\t\t\t\t\t\t\t\t<p>Pr\u00e9occup\u00e9e par la construction d\u2019\u00e9ventuels barrages hydro\u00e9lectriques, la Fondation Rivi\u00e8res s\u2019est jointe au mouvement afin de favoriser des prises de d\u00e9cision \u00e9clair\u00e9es tenant pleinement compte de l\u2019impact de nos futures sources d\u2019approvisionnement \u00e9nerg\u00e9tique sur le territoire et les communaut\u00e9s locales.\u00a0<\/p><p style=\"text-align: center;\"><strong>C\u2019est toutefois en tant que porte-voix qu\u2019elle vous pr\u00e9sente ici le manifeste, qui est le fruit des efforts collectifs d\u2019un grand nombre d\u2019organisations et de personnes.<\/strong><\/p>\t\t\t\t\t\t\t\t<\/div>\n\t\t\t\t<\/div>\n\t\t\t\t<div class=\"elementor-element elementor-element-90a6bcc elementor-widget-divider--view-line elementor-widget elementor-widget-divider\" data-id=\"90a6bcc\" data-element_type=\"widget\" data-e-type=\"widget\" data-widget_type=\"divider.default\">\n\t\t\t\t<div class=\"elementor-widget-container\">\n\t\t\t\t\t\t\t<div class=\"elementor-divider\">\n\t\t\t<span class=\"elementor-divider-separator\">\n\t\t\t\t\t\t<\/span>\n\t\t<\/div>\n\t\t\t\t\t\t<\/div>\n\t\t\t\t<\/div>\n\t\t\t\t<div class=\"elementor-element elementor-element-d1bb229 elementor-widget elementor-widget-spacer\" data-id=\"d1bb229\" data-element_type=\"widget\" data-e-type=\"widget\" data-widget_type=\"spacer.default\">\n\t\t\t\t<div class=\"elementor-widget-container\">\n\t\t\t\t\t\t\t<div class=\"elementor-spacer\">\n\t\t\t<div class=\"elementor-spacer-inner\"><\/div>\n\t\t<\/div>\n\t\t\t\t\t\t<\/div>\n\t\t\t\t<\/div>\n\t\t\t\t<div class=\"elementor-element elementor-element-3374063 elementor-widget elementor-widget-heading\" data-id=\"3374063\" data-element_type=\"widget\" data-e-type=\"widget\" data-widget_type=\"heading.default\">\n\t\t\t\t<div class=\"elementor-widget-container\">\n\t\t\t\t\t<h2 class=\"elementor-heading-title elementor-size-default\">Donnez votre appui au Manifeste pour un avenir \u00e9nerg\u00e9tique juste et viable<\/h2>\t\t\t\t<\/div>\n\t\t\t\t<\/div>\n\t\t\t\t<div class=\"elementor-element elementor-element-e111b1d elementor-widget elementor-widget-spacer\" data-id=\"e111b1d\" data-element_type=\"widget\" data-e-type=\"widget\" data-widget_type=\"spacer.default\">\n\t\t\t\t<div class=\"elementor-widget-container\">\n\t\t\t\t\t\t\t<div class=\"elementor-spacer\">\n\t\t\t<div class=\"elementor-spacer-inner\"><\/div>\n\t\t<\/div>\n\t\t\t\t\t\t<\/div>\n\t\t\t\t<\/div>\n\t\t\t\t<div class=\"elementor-element elementor-element-91fec48 elementor-align-center elementor-widget elementor-widget-button\" data-id=\"91fec48\" data-element_type=\"widget\" data-e-type=\"widget\" data-widget_type=\"button.default\">\n\t\t\t\t<div class=\"elementor-widget-container\">\n\t\t\t\t\t\t\t\t\t<div class=\"elementor-button-wrapper\">\n\t\t\t\t\t<a class=\"elementor-button elementor-button-link elementor-size-sm\" href=\"https:\/\/docs.google.com\/forms\/d\/e\/1FAIpQLSfw-7l3qscl-s7Bi5qE3kF62BJaJ301PRc4Q9dQa9nXtmIdyQ\/viewform\" target=\"_blank\" rel=\"nofollow noopener\">\n\t\t\t\t\t\t<span class=\"elementor-button-content-wrapper\">\n\t\t\t\t\t\t<span class=\"elementor-button-icon\">\n\t\t\t\t<i aria-hidden=\"true\" class=\"fas fa-arrow-right\"><\/i>\t\t\t<\/span>\n\t\t\t\t\t\t\t\t\t<span class=\"elementor-button-text\">Signez le formulaire<\/span>\n\t\t\t\t\t<\/span>\n\t\t\t\t\t<\/a>\n\t\t\t\t<\/div>\n\t\t\t\t\t\t\t\t<\/div>\n\t\t\t\t<\/div>\n\t\t\t\t<div class=\"elementor-element elementor-element-406d3d1 elementor-widget elementor-widget-spacer\" data-id=\"406d3d1\" data-element_type=\"widget\" data-e-type=\"widget\" data-widget_type=\"spacer.default\">\n\t\t\t\t<div class=\"elementor-widget-container\">\n\t\t\t\t\t\t\t<div class=\"elementor-spacer\">\n\t\t\t<div class=\"elementor-spacer-inner\"><\/div>\n\t\t<\/div>\n\t\t\t\t\t\t<\/div>\n\t\t\t\t<\/div>\n\t\t\t\t\t<\/div>\n\t\t\t\t<\/div>\n\t\t<div class=\"elementor-element elementor-element-5a5b011 e-flex e-con-boxed e-con e-parent\" data-id=\"5a5b011\" data-element_type=\"container\" data-e-type=\"container\" data-settings=\"{&quot;background_background&quot;:&quot;classic&quot;,&quot;jet_parallax_layout_list&quot;:[]}\">\n\t\t\t\t\t<div class=\"e-con-inner\">\n\t\t\t\t<div class=\"elementor-element elementor-element-9a55b1c elementor-widget elementor-widget-heading\" data-id=\"9a55b1c\" data-element_type=\"widget\" data-e-type=\"widget\" data-widget_type=\"heading.default\">\n\t\t\t\t<div class=\"elementor-widget-container\">\n\t\t\t\t\t<h2 class=\"elementor-heading-title elementor-size-default\">Manifeste pour un avenir \u00e9nerg\u00e9tique juste et viable<\/h2>\t\t\t\t<\/div>\n\t\t\t\t<\/div>\n\t\t\t\t<div class=\"elementor-element elementor-element-7b50e73 elementor-widget elementor-widget-heading\" data-id=\"7b50e73\" data-element_type=\"widget\" data-e-type=\"widget\" data-widget_type=\"heading.default\">\n\t\t\t\t<div class=\"elementor-widget-container\">\n\t\t\t\t\t<h3 class=\"elementor-heading-title elementor-size-default\">Notre vision<\/h3>\t\t\t\t<\/div>\n\t\t\t\t<\/div>\n\t\t\t\t<div class=\"elementor-element elementor-element-56942ab elementor-widget elementor-widget-text-editor\" data-id=\"56942ab\" data-element_type=\"widget\" data-e-type=\"widget\" data-widget_type=\"text-editor.default\">\n\t\t\t\t<div class=\"elementor-widget-container\">\n\t\t\t\t\t\t\t\t\t<p>Nos efforts ne doivent plus \u00eatre consacr\u00e9s essentiellement \u00e0 nous opposer \u00e0 des projets destructeurs. Il nous faut plut\u00f4t travailler \u00e0 la construction d\u2019un avenir viable. Nous croyons fermement que l&rsquo;\u00e9nergie doit \u00eatre g\u00e9r\u00e9e de mani\u00e8re responsable, c\u2019est-\u00e0-dire de fa\u00e7on d\u00e9mocratique, orient\u00e9e vers l&rsquo;int\u00e9r\u00eat public et g\u00e9n\u00e9r\u00e9e en respectant les limites biophysiques de la plan\u00e8te. Nous demandons que l\u2019\u00e9nergie soit consid\u00e9r\u00e9e comme un bien public. Nous r\u00e9clamons un d\u00e9bat large sur l\u2019avenir \u00e9nerg\u00e9tique du Qu\u00e9bec menant \u00e0 une nouvelle politique \u00e9nerg\u00e9tique coh\u00e9rente. Celle-ci doit \u00eatre bas\u00e9e sur une planification int\u00e9gr\u00e9e des ressources et permettre une r\u00e9duction des demandes en \u00e9nergie ainsi qu\u2019une sortie juste, graduelle et pr\u00e9visible, mais rapide, des \u00e9nergies fossiles. <\/p><p>Nous nous opposons \u00e0 toute augmentation des tarifs d\u2019\u00e9lectricit\u00e9 qui accentuerait la pr\u00e9carit\u00e9 et risquerait de ralentir la transition \u00e9nerg\u00e9tique. Nous exigeons une meilleure protection des territoires, qui se fera en consultant les peuples autochtones et avec le consentement des communaut\u00e9s locales, en assurant leur participation aux prises de d\u00e9cisions qui les concernent et en reconnaissant leurs droits. En nous engageant ainsi, nous visons \u00e0 prot\u00e9ger notre patrimoine \u00e9nerg\u00e9tique commun pour les g\u00e9n\u00e9rations futures. <\/p>\t\t\t\t\t\t\t\t<\/div>\n\t\t\t\t<\/div>\n\t\t\t\t\t<\/div>\n\t\t\t\t<\/div>\n\t\t<div class=\"elementor-element elementor-element-5a00de8 e-flex e-con-boxed e-con e-parent\" data-id=\"5a00de8\" data-element_type=\"container\" data-e-type=\"container\" data-settings=\"{&quot;jet_parallax_layout_list&quot;:[]}\">\n\t\t\t\t\t<div class=\"e-con-inner\">\n\t\t\t\t<div class=\"elementor-element elementor-element-1a897d9 elementor-widget elementor-widget-heading\" data-id=\"1a897d9\" data-element_type=\"widget\" data-e-type=\"widget\" data-widget_type=\"heading.default\">\n\t\t\t\t<div class=\"elementor-widget-container\">\n\t\t\t\t\t<h3 class=\"elementor-heading-title elementor-size-default\">Nos valeurs fondamentales <\/h3>\t\t\t\t<\/div>\n\t\t\t\t<\/div>\n\t\t\t\t<div class=\"elementor-element elementor-element-1a593b2 elementor-widget elementor-widget-text-editor\" data-id=\"1a593b2\" data-element_type=\"widget\" data-e-type=\"widget\" data-widget_type=\"text-editor.default\">\n\t\t\t\t<div class=\"elementor-widget-container\">\n\t\t\t\t\t\t\t\t\t<p>Nous prenons fermement parti pour le bien commun, la d\u00e9mocratie, la transparence, l\u2019imputabilit\u00e9, la justice sociale, la tol\u00e9rance, la prise en compte des limites biophysiques de la plan\u00e8te, la stabilit\u00e9 sociale, la s\u00e9curit\u00e9 \u00e9nerg\u00e9tique, la pr\u00e9servation de nos acquis sociaux, la responsabilit\u00e9 face aux g\u00e9n\u00e9rations futures et la qualit\u00e9 de vie pour toutes et tous. Nous voulons nous consacrer \u00e0 construire un Qu\u00e9bec r\u00e9silient, d\u00e9carbon\u00e9, viable et juste.<\/p>\t\t\t\t\t\t\t\t<\/div>\n\t\t\t\t<\/div>\n\t\t\t\t\t<\/div>\n\t\t\t\t<\/div>\n\t\t<div class=\"elementor-element elementor-element-d1b8c89 e-flex e-con-boxed e-con e-parent\" data-id=\"d1b8c89\" data-element_type=\"container\" data-e-type=\"container\" data-settings=\"{&quot;background_background&quot;:&quot;classic&quot;,&quot;jet_parallax_layout_list&quot;:[]}\">\n\t\t\t\t\t<div class=\"e-con-inner\">\n\t\t\t\t<div class=\"elementor-element elementor-element-d93b46e elementor-widget elementor-widget-heading\" data-id=\"d93b46e\" data-element_type=\"widget\" data-e-type=\"widget\" data-widget_type=\"heading.default\">\n\t\t\t\t<div class=\"elementor-widget-container\">\n\t\t\t\t\t<h2 class=\"elementor-heading-title elementor-size-default\">Nos 14 revendications <\/h2>\t\t\t\t<\/div>\n\t\t\t\t<\/div>\n\t\t<div class=\"elementor-element elementor-element-08fd949 e-flex e-con-boxed e-con e-child\" data-id=\"08fd949\" data-element_type=\"container\" data-e-type=\"container\" data-settings=\"{&quot;jet_parallax_layout_list&quot;:[]}\">\n\t\t\t\t\t<div class=\"e-con-inner\">\n\t\t\t\t<div class=\"elementor-element elementor-element-13060aa elementor-icon-list--layout-traditional elementor-list-item-link-full_width elementor-widget elementor-widget-icon-list\" data-id=\"13060aa\" data-element_type=\"widget\" data-e-type=\"widget\" data-widget_type=\"icon-list.default\">\n\t\t\t\t<div class=\"elementor-widget-container\">\n\t\t\t\t\t\t\t<ul class=\"elementor-icon-list-items\">\n\t\t\t\t\t\t\t<li class=\"elementor-icon-list-item\">\n\t\t\t\t\t\t\t\t\t\t\t<span class=\"elementor-icon-list-icon\">\n\t\t\t\t\t\t\t<i aria-hidden=\"true\" class=\"fas fa-arrow-right\"><\/i>\t\t\t\t\t\t<\/span>\n\t\t\t\t\t\t\t\t\t\t<span class=\"elementor-icon-list-text\">Pour une \u00e9nergie publique sous contr\u00f4le d\u00e9mocratique<\/span>\n\t\t\t\t\t\t\t\t\t<\/li>\n\t\t\t\t\t\t\t\t<li class=\"elementor-icon-list-item\">\n\t\t\t\t\t\t\t\t\t\t\t<span class=\"elementor-icon-list-icon\">\n\t\t\t\t\t\t\t<i aria-hidden=\"true\" class=\"fas fa-arrow-right\"><\/i>\t\t\t\t\t\t<\/span>\n\t\t\t\t\t\t\t\t\t\t<span class=\"elementor-icon-list-text\">Pour un d\u00e9bat sur l'\u00e9nergie au Qu\u00e9bec<\/span>\n\t\t\t\t\t\t\t\t\t<\/li>\n\t\t\t\t\t\t\t\t<li class=\"elementor-icon-list-item\">\n\t\t\t\t\t\t\t\t\t\t\t<span class=\"elementor-icon-list-icon\">\n\t\t\t\t\t\t\t<i aria-hidden=\"true\" class=\"fas fa-arrow-right\"><\/i>\t\t\t\t\t\t<\/span>\n\t\t\t\t\t\t\t\t\t\t<span class=\"elementor-icon-list-text\">Pour une nouvelle politique \u00e9nerg\u00e9tique au Qu\u00e9bec<\/span>\n\t\t\t\t\t\t\t\t\t<\/li>\n\t\t\t\t\t\t\t\t<li class=\"elementor-icon-list-item\">\n\t\t\t\t\t\t\t\t\t\t\t<span class=\"elementor-icon-list-icon\">\n\t\t\t\t\t\t\t<i aria-hidden=\"true\" class=\"fas fa-arrow-right\"><\/i>\t\t\t\t\t\t<\/span>\n\t\t\t\t\t\t\t\t\t\t<span class=\"elementor-icon-list-text\">Pour une planification int\u00e9gr\u00e9e des ressources<\/span>\n\t\t\t\t\t\t\t\t\t<\/li>\n\t\t\t\t\t\t\t\t<li class=\"elementor-icon-list-item\">\n\t\t\t\t\t\t\t\t\t\t\t<span class=\"elementor-icon-list-icon\">\n\t\t\t\t\t\t\t<i aria-hidden=\"true\" class=\"fas fa-arrow-right\"><\/i>\t\t\t\t\t\t<\/span>\n\t\t\t\t\t\t\t\t\t\t<span class=\"elementor-icon-list-text\">Pour des mesures qui favorisent la r\u00e9duction des demandes en \u00e9nergie<\/span>\n\t\t\t\t\t\t\t\t\t<\/li>\n\t\t\t\t\t\t\t\t<li class=\"elementor-icon-list-item\">\n\t\t\t\t\t\t\t\t\t\t\t<span class=\"elementor-icon-list-icon\">\n\t\t\t\t\t\t\t<i aria-hidden=\"true\" class=\"fas fa-arrow-right\"><\/i>\t\t\t\t\t\t<\/span>\n\t\t\t\t\t\t\t\t\t\t<span class=\"elementor-icon-list-text\">Pour des plans contraignants visant une sortie graduelle et pr\u00e9visible, mais rapide, des \u00e9nergies fossiles<\/span>\n\t\t\t\t\t\t\t\t\t<\/li>\n\t\t\t\t\t\t\t\t<li class=\"elementor-icon-list-item\">\n\t\t\t\t\t\t\t\t\t\t\t<span class=\"elementor-icon-list-icon\">\n\t\t\t\t\t\t\t<i aria-hidden=\"true\" class=\"fas fa-arrow-right\"><\/i>\t\t\t\t\t\t<\/span>\n\t\t\t\t\t\t\t\t\t\t<span class=\"elementor-icon-list-text\">Contre le principe du pollueur-pay\u00e9<\/span>\n\t\t\t\t\t\t\t\t\t<\/li>\n\t\t\t\t\t\t<\/ul>\n\t\t\t\t\t\t<\/div>\n\t\t\t\t<\/div>\n\t\t\t\t<div class=\"elementor-element elementor-element-3a0ef22 elementor-icon-list--layout-traditional elementor-list-item-link-full_width elementor-widget elementor-widget-icon-list\" data-id=\"3a0ef22\" data-element_type=\"widget\" data-e-type=\"widget\" data-widget_type=\"icon-list.default\">\n\t\t\t\t<div class=\"elementor-widget-container\">\n\t\t\t\t\t\t\t<ul class=\"elementor-icon-list-items\">\n\t\t\t\t\t\t\t<li class=\"elementor-icon-list-item\">\n\t\t\t\t\t\t\t\t\t\t\t<span class=\"elementor-icon-list-icon\">\n\t\t\t\t\t\t\t<i aria-hidden=\"true\" class=\"fas fa-arrow-right\"><\/i>\t\t\t\t\t\t<\/span>\n\t\t\t\t\t\t\t\t\t\t<span class=\"elementor-icon-list-text\">Contre la privatisation totale ou partielle d'Hydro-Qu\u00e9bec<\/span>\n\t\t\t\t\t\t\t\t\t<\/li>\n\t\t\t\t\t\t\t\t<li class=\"elementor-icon-list-item\">\n\t\t\t\t\t\t\t\t\t\t\t<span class=\"elementor-icon-list-icon\">\n\t\t\t\t\t\t\t<i aria-hidden=\"true\" class=\"fas fa-arrow-right\"><\/i>\t\t\t\t\t\t<\/span>\n\t\t\t\t\t\t\t\t\t\t<span class=\"elementor-icon-list-text\">Pour la sauvegarde et le renforcement des pouvoirs de la R\u00e9gie de l'\u00e9nergie<\/span>\n\t\t\t\t\t\t\t\t\t<\/li>\n\t\t\t\t\t\t\t\t<li class=\"elementor-icon-list-item\">\n\t\t\t\t\t\t\t\t\t\t\t<span class=\"elementor-icon-list-icon\">\n\t\t\t\t\t\t\t<i aria-hidden=\"true\" class=\"fas fa-arrow-right\"><\/i>\t\t\t\t\t\t<\/span>\n\t\t\t\t\t\t\t\t\t\t<span class=\"elementor-icon-list-text\">Pour une transition juste pour les travailleurs et travailleuses<\/span>\n\t\t\t\t\t\t\t\t\t<\/li>\n\t\t\t\t\t\t\t\t<li class=\"elementor-icon-list-item\">\n\t\t\t\t\t\t\t\t\t\t\t<span class=\"elementor-icon-list-icon\">\n\t\t\t\t\t\t\t<i aria-hidden=\"true\" class=\"fas fa-arrow-right\"><\/i>\t\t\t\t\t\t<\/span>\n\t\t\t\t\t\t\t\t\t\t<span class=\"elementor-icon-list-text\">Contre une augmentation des tarifs d\u2019\u00e9lectricit\u00e9 qui accentuerait la pr\u00e9carit\u00e9 et risquerait de ralentir la transition \u00e9nerg\u00e9tique<\/span>\n\t\t\t\t\t\t\t\t\t<\/li>\n\t\t\t\t\t\t\t\t<li class=\"elementor-icon-list-item\">\n\t\t\t\t\t\t\t\t\t\t\t<span class=\"elementor-icon-list-icon\">\n\t\t\t\t\t\t\t<i aria-hidden=\"true\" class=\"fas fa-arrow-right\"><\/i>\t\t\t\t\t\t<\/span>\n\t\t\t\t\t\t\t\t\t\t<span class=\"elementor-icon-list-text\">Pour la protection du territoire<\/span>\n\t\t\t\t\t\t\t\t\t<\/li>\n\t\t\t\t\t\t\t\t<li class=\"elementor-icon-list-item\">\n\t\t\t\t\t\t\t\t\t\t\t<span class=\"elementor-icon-list-icon\">\n\t\t\t\t\t\t\t<i aria-hidden=\"true\" class=\"fas fa-arrow-right\"><\/i>\t\t\t\t\t\t<\/span>\n\t\t\t\t\t\t\t\t\t\t<span class=\"elementor-icon-list-text\">Pour la reconnaissance des droits des peuples autochtones<\/span>\n\t\t\t\t\t\t\t\t\t<\/li>\n\t\t\t\t\t\t\t\t<li class=\"elementor-icon-list-item\">\n\t\t\t\t\t\t\t\t\t\t\t<span class=\"elementor-icon-list-icon\">\n\t\t\t\t\t\t\t<i aria-hidden=\"true\" class=\"fas fa-arrow-right\"><\/i>\t\t\t\t\t\t<\/span>\n\t\t\t\t\t\t\t\t\t\t<span class=\"elementor-icon-list-text\">Pour le consentement des populations locales<\/span>\n\t\t\t\t\t\t\t\t\t<\/li>\n\t\t\t\t\t\t<\/ul>\n\t\t\t\t\t\t<\/div>\n\t\t\t\t<\/div>\n\t\t\t\t\t<\/div>\n\t\t\t\t<\/div>\n\t\t\t\t\t<\/div>\n\t\t\t\t<\/div>\n\t\t<div class=\"elementor-element elementor-element-c734b84 e-flex e-con-boxed e-con e-parent\" data-id=\"c734b84\" data-element_type=\"container\" data-e-type=\"container\" data-settings=\"{&quot;jet_parallax_layout_list&quot;:[],&quot;background_background&quot;:&quot;classic&quot;}\">\n\t\t\t\t\t<div class=\"e-con-inner\">\n\t\t\t\t<div class=\"elementor-element elementor-element-03cd622 elementor-widget__width-initial elementor-widget-mobile__width-initial elementor-widget elementor-widget-heading\" data-id=\"03cd622\" data-element_type=\"widget\" data-e-type=\"widget\" data-widget_type=\"heading.default\">\n\t\t\t\t<div class=\"elementor-widget-container\">\n\t\t\t\t\t<h3 class=\"elementor-heading-title elementor-size-default\"><a href=\"https:\/\/drive.google.com\/file\/d\/1ExORmDpqWxkzpFB7ByQmCaeJ8wUMMg9l\/view?usp=drive_link\" target=\"_blank\" rel=\"noopener\">Acc\u00e9der \u00e0 l'enti\u00e8ret\u00e9 du Manifeste<\/a><\/h3>\t\t\t\t<\/div>\n\t\t\t\t<\/div>\n\t\t\t\t<div class=\"elementor-element elementor-element-05ddf52 elementor-widget-mobile__width-initial elementor-view-default elementor-widget elementor-widget-icon\" data-id=\"05ddf52\" data-element_type=\"widget\" data-e-type=\"widget\" data-widget_type=\"icon.default\">\n\t\t\t\t<div class=\"elementor-widget-container\">\n\t\t\t\t\t\t\t<div class=\"elementor-icon-wrapper\">\n\t\t\t<a class=\"elementor-icon elementor-animation-grow\" href=\"https:\/\/drive.google.com\/file\/d\/1ExORmDpqWxkzpFB7ByQmCaeJ8wUMMg9l\/view?usp=drive_link\" target=\"_blank\" rel=\"noopener\">\n\t\t\t<i aria-hidden=\"true\" class=\"fas fa-arrow-alt-circle-right\"><\/i>\t\t\t<\/a>\n\t\t<\/div>\n\t\t\t\t\t\t<\/div>\n\t\t\t\t<\/div>\n\t\t\t\t\t<\/div>\n\t\t\t\t<\/div>\n\t\t<div class=\"elementor-element elementor-element-cf779d0 e-flex e-con-boxed e-con e-parent\" data-id=\"cf779d0\" data-element_type=\"container\" data-e-type=\"container\" data-settings=\"{&quot;jet_parallax_layout_list&quot;:[]}\">\n\t\t\t\t\t<div class=\"e-con-inner\">\n\t\t\t\t<div class=\"elementor-element elementor-element-9b57a2e elementor-widget elementor-widget-heading\" data-id=\"9b57a2e\" data-element_type=\"widget\" data-e-type=\"widget\" data-widget_type=\"heading.default\">\n\t\t\t\t<div class=\"elementor-widget-container\">\n\t\t\t\t\t<h4 class=\"elementor-heading-title elementor-size-default\">Ce que nous nous engageons \u00e0 faire<\/h4>\t\t\t\t<\/div>\n\t\t\t\t<\/div>\n\t\t\t\t<div class=\"elementor-element elementor-element-76594c4 elementor-widget elementor-widget-text-editor\" data-id=\"76594c4\" data-element_type=\"widget\" data-e-type=\"widget\" data-widget_type=\"text-editor.default\">\n\t\t\t\t<div class=\"elementor-widget-container\">\n\t\t\t\t\t\t\t\t\t<p>Face aux menaces qui p\u00e8sent sur notre avenir \u00e9nerg\u00e9tique, nous sommes pr\u00eat.e.s \u00e0 intensifier notre mobilisation pour mettre davantage de pression sur les titulaires de charges publiques. Nous sommes d\u00e9termin\u00e9.e.s \u00e0 faire entendre nos voix et \u00e0 exiger un cadre l\u00e9gislatif qui sera adapt\u00e9 au contexte actuel et futur. Ensemble, nous travaillerons sans rel\u00e2che pour d\u00e9fendre un avenir viable, bas\u00e9 sur des choix \u00e9nerg\u00e9tiques coh\u00e9rents et d\u00e9mocratiques. Nous n&rsquo;accepterons aucune r\u00e9gression dans notre qu\u00eate pour prot\u00e9ger le vivant, l\u2019int\u00e9grit\u00e9 de nos territoires et pour garantir l&rsquo;\u00e9quit\u00e9 \u00e9nerg\u00e9tique pour tous et toutes.<\/p>\t\t\t\t\t\t\t\t<\/div>\n\t\t\t\t<\/div>\n\t\t\t\t\t<\/div>\n\t\t\t\t<\/div>\n\t\t<div class=\"elementor-element elementor-element-df39354 e-flex e-con-boxed e-con e-parent\" data-id=\"df39354\" data-element_type=\"container\" data-e-type=\"container\" data-settings=\"{&quot;jet_parallax_layout_list&quot;:[],&quot;background_background&quot;:&quot;classic&quot;}\">\n\t\t\t\t\t<div class=\"e-con-inner\">\n\t\t\t\t<div class=\"elementor-element elementor-element-a1c214a elementor-widget__width-initial elementor-widget-mobile__width-initial elementor-widget elementor-widget-heading\" data-id=\"a1c214a\" data-element_type=\"widget\" data-e-type=\"widget\" data-widget_type=\"heading.default\">\n\t\t\t\t<div class=\"elementor-widget-container\">\n\t\t\t\t\t<h3 class=\"elementor-heading-title elementor-size-default\"><a href=\"https:\/\/drive.google.com\/file\/d\/1w_zyKCtRC3DKivfnw_rADT6fXNyA85LT\/view?usp=drive_link\" target=\"_blank\" rel=\"noopener\">Acc\u00e9der \u00e0 la version abr\u00e9g\u00e9e du Manifeste<\/a><\/h3>\t\t\t\t<\/div>\n\t\t\t\t<\/div>\n\t\t\t\t<div class=\"elementor-element elementor-element-af38c7a elementor-widget-mobile__width-initial elementor-view-default elementor-widget elementor-widget-icon\" data-id=\"af38c7a\" data-element_type=\"widget\" data-e-type=\"widget\" data-widget_type=\"icon.default\">\n\t\t\t\t<div class=\"elementor-widget-container\">\n\t\t\t\t\t\t\t<div class=\"elementor-icon-wrapper\">\n\t\t\t<a class=\"elementor-icon elementor-animation-grow\" href=\"https:\/\/drive.google.com\/file\/d\/1w_zyKCtRC3DKivfnw_rADT6fXNyA85LT\/view?usp=drive_link\" target=\"_blank\" rel=\"noopener\">\n\t\t\t<i aria-hidden=\"true\" class=\"fas fa-arrow-alt-circle-right\"><\/i>\t\t\t<\/a>\n\t\t<\/div>\n\t\t\t\t\t\t<\/div>\n\t\t\t\t<\/div>\n\t\t\t\t\t<\/div>\n\t\t\t\t<\/div>\n\t\t<div class=\"elementor-element elementor-element-ff621ca e-flex e-con-boxed e-con e-parent\" data-id=\"ff621ca\" data-element_type=\"container\" data-e-type=\"container\" data-settings=\"{&quot;background_background&quot;:&quot;classic&quot;,&quot;jet_parallax_layout_list&quot;:[]}\">\n\t\t\t\t\t<div class=\"e-con-inner\">\n\t\t\t\t<div class=\"elementor-element elementor-element-35d65f3 elementor-widget elementor-widget-heading\" data-id=\"35d65f3\" data-element_type=\"widget\" data-e-type=\"widget\" data-widget_type=\"heading.default\">\n\t\t\t\t<div class=\"elementor-widget-container\">\n\t\t\t\t\t<h5 class=\"elementor-heading-title elementor-size-default\">Signataires<\/h5>\t\t\t\t<\/div>\n\t\t\t\t<\/div>\n\t\t<div class=\"elementor-element elementor-element-31356ff e-flex e-con-boxed e-con e-child\" data-id=\"31356ff\" data-element_type=\"container\" data-e-type=\"container\" data-settings=\"{&quot;jet_parallax_layout_list&quot;:[]}\">\n\t\t\t\t\t<div class=\"e-con-inner\">\n\t\t\t\t<div class=\"elementor-element elementor-element-c59efb0 elementor-widget__width-initial elementor-widget elementor-widget-text-editor\" data-id=\"c59efb0\" data-element_type=\"widget\" data-e-type=\"widget\" data-widget_type=\"text-editor.default\">\n\t\t\t\t<div class=\"elementor-widget-container\">\n\t\t\t\t\t\t\t\t\t<ul><li>Acc\u00e8s transports viables<\/li><li>ACEF ABE, de la P\u00e9ninsule, de Laval, des Basses-Laurentides, des Bois-Francs, du Nord de Montr\u00e9al, du Sud-Ouest de Montr\u00e9al, Estrie et Lanaudi\u00e8re<\/li><li>Action Climat Outaouais (ACO)<\/li><li>Action Environnement Basses-Laurentides<\/li><li>Ahuntsic-Cartierville en transition<\/li><li>Alliance du personnel professionnel et technique de la sant\u00e9 et des services sociaux (APTS)<\/li><li>Alliance pour l&rsquo;engagement jeunesse<\/li><li>Ambioterra<\/li><li>Amis de la rivi\u00e8re Kipawa<\/li><li>Association qu\u00e9b\u00e9coise de lutte contre la pollution atmosph\u00e9rique (AQLPA)<\/li><li>Association qu\u00e9b\u00e9coise des m\u00e9decins pour l&rsquo;environnement (AQME)<\/li><li>Association qu\u00e9b\u00e9coise pour la promotion de l&rsquo;\u00e9ducation relative \u00e0 l&rsquo;environnement. (AQPERE)<\/li><li>Ateliers pour la biodiversit\u00e9<\/li><li>ATTAC-Qu\u00e9bec<\/li><li>Canot Kayak Qu\u00e9bec<\/li><li>Carrefour d&rsquo;\u00e9ducation populaire de Pointe-Saint-Charles<\/li><li>Carrefour de participation, ressourcement et formation (CPRF)<\/li><li>CDC Solidarit\u00e9s Villeray<\/li><li>Centrale des syndicats du Qu\u00e9bec<\/li><li>Centre d&rsquo;entraide \u00c9motions<\/li><li>Centre d&rsquo;intervention budg\u00e9taire et sociale de la Mauricie<\/li><li>Centre de recherche et de consultation en organisation communautaire<\/li><li>Centre de ressources et d&rsquo;action communautaire de La Petite-Patrie<\/li><li>Chaire Mobilit\u00e9 de Polytechnique Montr\u00e9al<\/li><li>Coalition Alerte \u00e0 l&rsquo;Enfouissement Rivi\u00e8re-du-Nord \/ CAER<\/li><li>Coalition climat Montr\u00e9al<\/li><li>Coalition contre la pauvret\u00e9 de la Petite-Patrie<\/li><li>Coalition montr\u00e9alaise des Tables de quartier<\/li><li>Coalition Sortons la Caisse du carbone<\/li><li>Coalition Sortons le gaz!<\/li><li>Collectif scientifique sur les enjeux \u00e9nerg\u00e9tiques au Qu\u00e9bec<\/li><li>Collectivit\u00e9 Z\u00e9N de l&rsquo;Assomption Autray<\/li><li>Collectivit\u00e9s Z\u00e9N Outaouais<\/li><li>Comit\u00e9 de citoyens responsables de B\u00e9cancour<\/li><li>Comit\u00e9 des citoyens et des citoyennes pour la protection de l&rsquo;environnement maskoutain (CCCPEM)<\/li><li>Comit\u00e9 Logemen&rsquo;Mele<\/li><li>Comit\u00e9 Logement de la Petite Patrie<\/li><li>Conf\u00e9d\u00e9ration des syndicats nationaux &#8211; CSN<\/li><li>Conseil central du Montr\u00e9al m\u00e9tropolitain-CSN<\/li><li>Conseil Qu\u00e9b\u00e9cois sur l&rsquo;Environnement<\/li><li>Convergence populaire<\/li><li>Coop Celsius<\/li><li>Coop\u00e9rative Sens Climat<\/li><li>Coordination du Qu\u00e9bec de la Marche mondiale des femmes<\/li><li>Corporation Jeunesse l&rsquo;\u00c9vasion l&rsquo;Ormi\u00e8re<\/li><li>CREPPA UQAM<\/li><li>Eau Secours<\/li><\/ul>\t\t\t\t\t\t\t\t<\/div>\n\t\t\t\t<\/div>\n\t\t\t\t<div class=\"elementor-element elementor-element-e9ca6ff elementor-widget elementor-widget-text-editor\" data-id=\"e9ca6ff\" data-element_type=\"widget\" data-e-type=\"widget\" data-widget_type=\"text-editor.default\">\n\t\t\t\t<div class=\"elementor-widget-container\">\n\t\t\t\t\t\t\t\t\t<ul><li>Eau Vive Qu\u00e9bec<\/li><li>\u00c9cole d&rsquo;innovation sociale \u00c9lisabeth-Bruy\u00e8re, Universit\u00e9 Saint-Paul<\/li><li>\u00c9coth\u00e8que<\/li><li>F\u00e9d\u00e9ration autonome de l&rsquo;enseignement<\/li><li>Festival des technologies vertes<\/li><li>Fondation Coule pas chez nous<\/li><li>Fondation David Suzuki<\/li><li>Fondation Monique-Fitz-Back<\/li><li>Fondation Rivi\u00e8res<\/li><li>Greenpeace Canada<\/li><li>L\u2019Assomption en transition<\/li><li>LA Plan\u00e8te s&rsquo;invite au Parlement<\/li><li>LE GRAPE<\/li><li>Les Amis de la Chicot de Saint-Cuthbert<\/li><li>Les AmiEs de la Terre de Qu\u00e9bec<\/li><li>Les oubli\u00e9s de l&rsquo;autobus<\/li><li>Ligue des droits et libert\u00e9s<\/li><li>Maison des jeunes de Saint-\u00c9mile<\/li><li>MARE (Mouvement d&rsquo;action r\u00e9gional en environnement)<\/li><li>M\u00e8res au front Rouyn-Noranda, T\u00e9miscouata et Madawaska<\/li><li>Mobilisation environnement Ahuntsic-Cartierville<\/li><li>Montr\u00e9al pour tous<\/li><li>Mouvement d&rsquo;\u00e9ducation populaire et d&rsquo;action communautaire du Qu\u00e9bec (M\u00c9PACQ)<\/li><li>Mouvement \u00e9cocitoyen UNEplan\u00e8te<\/li><li>Nature Qu\u00e9bec<\/li><li>Observatoire international des droits de la Nature<\/li><li>Projet Collectif<\/li><li>Propre.org<\/li><li>QUiNTUS<\/li><li>Ralliement contre la pollution radioactive<\/li><li>R\u00e9alit\u00e9 climatique Canada<\/li><li>Regroupement des groupes de femmes de la Capitale Nationale<\/li><li>Regroupement vigilance hydrocarbures Qu\u00e9bec<\/li><li>R\u00e9seau d&rsquo;action des femmes en sant\u00e9 et services sociaux<\/li><li>R\u00e9seau des femmes en environnement<\/li><li>Regroupement des organismes environnementaux en \u00e9nergie (ROE\u00c9)<\/li><li>R\u00e9seau qu\u00e9b\u00e9cois des groupes \u00e9cologistes (RQGE)<\/li><li>Service d&rsquo;aide au consommateur<\/li><li>Solidarit\u00e9 environnement Sutton<\/li><li>Syndicat de la fonction publique et parapublique du Qu\u00e9bec (SFPQ)<\/li><li>Syndicat des sp\u00e9cialistes et professionnels de Hydro Qu\u00e9bec SCFP 4250<\/li><li>Table r\u00e9gionale des organismes volontaires d&rsquo;\u00e9ducation populaire (TROVEP) de Montr\u00e9al<\/li><li>TerraVie<\/li><li>Travailleuses et Travailleurs pour la Justice Climatique (TJC)<\/li><li>Union des consommateurs<\/li><li>Vers un val vert\u00a0<\/li><li>Ville en vert<\/li><li>Vivre en Ville<\/li><\/ul>\t\t\t\t\t\t\t\t<\/div>\n\t\t\t\t<\/div>\n\t\t\t\t\t<\/div>\n\t\t\t\t<\/div>\n\t\t\t\t<div class=\"elementor-element elementor-element-6fa4e83 elementor-widget elementor-widget-heading\" data-id=\"6fa4e83\" data-element_type=\"widget\" data-e-type=\"widget\" data-widget_type=\"heading.default\">\n\t\t\t\t<div class=\"elementor-widget-container\">\n\t\t\t\t\t<h6 class=\"elementor-heading-title elementor-size-default\">Milieu universitaire et professionnel<\/h6>\t\t\t\t<\/div>\n\t\t\t\t<\/div>\n\t\t<div class=\"elementor-element elementor-element-1478367 e-flex e-con-boxed e-con e-child\" data-id=\"1478367\" data-element_type=\"container\" data-e-type=\"container\" data-settings=\"{&quot;jet_parallax_layout_list&quot;:[]}\">\n\t\t\t\t\t<div class=\"e-con-inner\">\n\t\t\t\t<div class=\"elementor-element elementor-element-c945b92 elementor-widget__width-initial elementor-widget elementor-widget-text-editor\" data-id=\"c945b92\" data-element_type=\"widget\" data-e-type=\"widget\" data-widget_type=\"text-editor.default\">\n\t\t\t\t<div class=\"elementor-widget-container\">\n\t\t\t\t\t\t\t\t\t<ul><li>Adrian Burke, professeur, UdeM<\/li><li>Alain Rouleau, professeur retrait\u00e9, UQAC<\/li><li>Anne-Sophie Gousse-Lessard, professeure, UQAM<\/li><li>Annie Carrier, professeure-chercheure, Universit\u00e9 de Sherbrooke<\/li><li>Audrey Laurin-Lamothe, professeure agr\u00e9g\u00e9e, Universit\u00e9 de York<\/li><li>B\u00e9atrice Pudelko, professeure, T\u00c9LUQ<\/li><li>Benoit \u00c9thier, professeur, Universit\u00e9 du Qu\u00e9bec en Abitibi-T\u00e9miscamingue<\/li><li>Benoit Tremblay, professeur agr\u00e9g\u00e9, Universit\u00e9 Laval<\/li><li>Blaise Stanislas Mamponda, candidat au doctorat en droit de l&rsquo;environnement, Universit\u00e9 Laval<\/li><li>Caroline Desbiens, titulaire de la Chaire de recherche du Canada en patrimoine et tourisme autochtones et responsable de la Certification \u00abGardien.nes du Territoire\u00bb, Universit\u00e9 Laval<\/li><li>Caroline Halde, professeure, Universit\u00e9 Laval<\/li><li>Charles Baron, professeur titulaire, Universit\u00e9 Laval<\/li><li>Charles-Antoine Bachand, professeur en fondements de l&rsquo;\u00e9ducation, UQO<\/li><li>Dan Furukawa Marques, professeur agr\u00e9g\u00e9 de sociologie, Universit\u00e9 Laval<\/li><li>Denis Bourque, professeur, Recherches partenariales Transition socio\u00e9cologique et Philanthropie dans le d\u00e9veloppement des communaut\u00e9s territoriales, UQO<\/li><li>Dominique Berteaux, professeur-chercheur, UQAR<\/li><li>Eric Pineault, professeur et pr\u00e9sident du comit\u00e9 scientifique, Institut des sciences de l\u2019environnement, UQAM<\/li><li>Estelle Carde, professeure, Universit\u00e9 de Montr\u00e9al<\/li><li>Evelyn Dionne, candidate au doctorat en relations industrielles sp\u00e9cialis\u00e9e sur l&rsquo;\u00e9tude des impacts de la transition juste sur le travail et l&#8217;emploi, Universit\u00e9 Laval<\/li><li>Franck Scherrer, professeur, Universit\u00e9 de Montr\u00e9al<\/li><li>Francois-Xavier Michaux, coordonnateur g\u00e9n\u00e9ral, Transition en Commun<\/li><li>Fr\u00e9d\u00e9ric Lasserre, professeur, Conseil qu\u00e9b\u00e9cois d&rsquo;\u00c9tudes g\u00e9opolitiques, Universit\u00e9 Laval<\/li><li>Genevi\u00e8ve Brisson, professeure et anthropologue de l&rsquo;environnement, UQAR<\/li><li>Genevi\u00e8ve Perron, professeure, UQAM<\/li><li>Genevi\u00e8ve Therriault, professeure titulaire, UQAR<\/li><li>H\u00e9l\u00e8ne Mad\u00e9nian, doctorante, INRS<\/li><li>Isabelle Arseneau, charg\u00e9e de cours, Universit\u00e9 Laval<\/li><li>Isabelle Goupil-Sormany, M\u00e9decin-clinicien enseignante adjointe, Universit\u00e9 Laval<\/li><li>Isabelle Miron, professeure, UQAM<\/li><li>Ivan Tchotourian, professeur, Facult\u00e9 de droit, Universit\u00e9 Laval<\/li><li>Jacinthe Dion, professeure, UQAC<\/li><li>Jean-Fran\u00e7ois Blain, analyste s\u00e9nior, secteur de l\u2019\u00e9nergie<\/li><li>Jean-S\u00e9bastien Fallu, professeur agr\u00e9g\u00e9, Universit\u00e9 de Montr\u00e9al<\/li><\/ul>\t\t\t\t\t\t\t\t<\/div>\n\t\t\t\t<\/div>\n\t\t\t\t<div class=\"elementor-element elementor-element-17fa0e7 elementor-widget elementor-widget-text-editor\" data-id=\"17fa0e7\" data-element_type=\"widget\" data-e-type=\"widget\" data-widget_type=\"text-editor.default\">\n\t\t\t\t<div class=\"elementor-widget-container\">\n\t\t\t\t\t\t\t\t\t<ul><li>Johanne Saint-Charles, professeure, UQAM<\/li><li>Karine Collette, professeure, Universit\u00e9 de Sherbrooke<\/li><li>Karl Janelle, doctorant, HEC Montr\u00e9al<\/li><li>Laura Daleau, charg\u00e9e de cours, Universit\u00e9 Laval<\/li><li>Laurie Guimond, professeure, UQAM<\/li><li>Louis Favreau, sociologue, professeur \u00e9m\u00e9rite, UQO<\/li><li>Louise Carignan, professeure, UQAC<\/li><li>Laurence Bri\u00e8re, professeure, Institut des sciences de l&rsquo;environnement, UQAM<\/li><li>Lucie Mayer, candidate \u00e0 la ma\u00eetrise, UQTR<\/li><li>Lucie Morin, candidate au doctorat, Universit\u00e9 de Montr\u00e9al<\/li><li>Lyne Lefebvre, professeure associ\u00e9e, UQAM<\/li><li>Marc Lucotte, professeur titulaire, UQAM<\/li><li>Marc-Urbain Proulx, professeur, UQAC<\/li><li>Marguerite Mendell, professeure distingu\u00e9e \u00e9m\u00e9rite, Universit\u00e9 Concordia<\/li><li>Marie Fall, professeure, UQAM<\/li><li>Marie France Labrecque, professeure \u00e9m\u00e9rite, Universit\u00e9 Laval<\/li><li>Marie Saint-Arnaud, professeure associ\u00e9e, Institut des sciences de l&rsquo;environnement, UQAM<\/li><li>Marie-H\u00e9l\u00e8ne L\u00e9vesque, candidate au doctorat, Universit\u00e9 de Sherbrooke<\/li><li>Marie-Jos\u00e9e Drolet, professeure-chercheuse, UQTR<\/li><li>Martine D&rsquo;Amours, professeure associ\u00e9e retrait\u00e9e, Universit\u00e9 Laval<\/li><li>Mathieu Charron, professeur, UQO<\/li><li>M\u00e9lanie Champoux, charg\u00e9e de cours, Universit\u00e9 de Sherbrooke<\/li><li>Nadia Aubin-Horth, professeure titulaire, biologie int\u00e9grative et g\u00e9nomique du comportement, Universit\u00e9 Laval<\/li><li>Olivier Riffon, professeur en \u00e9co-conseil, UQAC<\/li><li>Oumar Kane, professeur, UQAM<\/li><li>Paquito Bernard, professeur, UQAM<\/li><li>Phaedra Royle, professeure, Universit\u00e9 de Montr\u00e9al<\/li><li>Pier-Luc Turcotte, professeur adjoint, Universit\u00e9 d&rsquo;Ottawa<\/li><li>Pierre Legendre, professeur titulaire, Universit\u00e9 de Montr\u00e9al<\/li><li>Rodolphe De Koninck, professeur \u00e9m\u00e9rite, Universit\u00e9 de Montr\u00e9al<\/li><li>Serigne Touba Mback\u00e9 Gueye, professeur, UQAT<\/li><li>Ren\u00e9 Lachapelle, chercheur, Centre de recherche et de consultation en organisation communautaire<\/li><li>Simon Tremblay-Pepin, professeur, Universit\u00e9 Saint-Paul<\/li><li>Sophie L. Van Neste, professeure agr\u00e9g\u00e9e, INRS, Chaire de recherche du Canada en action climatique urbaine<\/li><li>Thierry Pauchant, professeur, Attac-Qu\u00e9bec<\/li><li>Xavier Parent-Rocheleau, professeur, HEC Montr\u00e9al<\/li><li>Yves Caumartin, m\u00e9decin, Universit\u00e9 Laval<\/li><li>Yves-Marie Abraham, professeur, HEC Montr\u00e9al<\/li><\/ul>\t\t\t\t\t\t\t\t<\/div>\n\t\t\t\t<\/div>\n\t\t\t\t\t<\/div>\n\t\t\t\t<\/div>\n\t\t\t\t<div class=\"elementor-element elementor-element-b3e3e94 elementor-widget elementor-widget-heading\" data-id=\"b3e3e94\" data-element_type=\"widget\" data-e-type=\"widget\" data-widget_type=\"heading.default\">\n\t\t\t\t<div class=\"elementor-widget-container\">\n\t\t\t\t\t<h6 class=\"elementor-heading-title elementor-size-default\">\u00c9galement appuy\u00e9 par<\/h6>\t\t\t\t<\/div>\n\t\t\t\t<\/div>\n\t\t<div class=\"elementor-element elementor-element-d891f32 e-flex e-con-boxed e-con e-child\" data-id=\"d891f32\" data-element_type=\"container\" data-e-type=\"container\" data-settings=\"{&quot;jet_parallax_layout_list&quot;:[]}\">\n\t\t\t\t\t<div class=\"e-con-inner\">\n\t\t\t\t<div class=\"elementor-element elementor-element-7ac34fd elementor-widget__width-initial elementor-widget elementor-widget-text-editor\" data-id=\"7ac34fd\" data-element_type=\"widget\" data-e-type=\"widget\" data-widget_type=\"text-editor.default\">\n\t\t\t\t<div class=\"elementor-widget-container\">\n\t\t\t\t\t\t\t\t\t<ul><li>Bad Skin<\/li><li>Christian Vanasse<\/li><li>Christian B\u00e9gin<\/li><li>Christine Beaulieu<\/li><li>Debbie Lynch-White<\/li><li>Dominic Champagne<\/li><li>domlebo<\/li><li>Emmanuel Bilodeau<\/li><li>Eric Jean<\/li><li>Eve Landry<\/li><\/ul>\t\t\t\t\t\t\t\t<\/div>\n\t\t\t\t<\/div>\n\t\t\t\t<div class=\"elementor-element elementor-element-3ada993 elementor-widget elementor-widget-text-editor\" data-id=\"3ada993\" data-element_type=\"widget\" data-e-type=\"widget\" data-widget_type=\"text-editor.default\">\n\t\t\t\t<div class=\"elementor-widget-container\">\n\t\t\t\t\t\t\t\t\t<ul><li>Fred Savard<\/li><li>Genevi\u00e8ve Bilodeau<\/li><li>Hubert Proulx<\/li><li>Jean-F\u00e9lix Ch\u00e9nier<\/li><li>Louis-Gilles Francoeur<\/li><li>Maryse Letarte<\/li><li>Paul Pich\u00e9<\/li><li>Roy Dupuis<\/li><li>Salom\u00e9 Corbeau<\/li><li>Val\u00e9rie Ivy Hamelin<\/li><\/ul>\t\t\t\t\t\t\t\t<\/div>\n\t\t\t\t<\/div>\n\t\t\t\t\t<\/div>\n\t\t\t\t<\/div>\n\t\t\t\t\t<\/div>\n\t\t\t\t<\/div>\n\t\t<div class=\"elementor-element elementor-element-ad53a08 e-flex e-con-boxed e-con e-parent\" data-id=\"ad53a08\" data-element_type=\"container\" data-e-type=\"container\" data-settings=\"{&quot;jet_parallax_layout_list&quot;:[]}\">\n\t\t\t\t\t<div class=\"e-con-inner\">\n\t\t\t\t<div class=\"elementor-element elementor-element-c720e5a elementor-widget elementor-widget-heading\" data-id=\"c720e5a\" data-element_type=\"widget\" data-e-type=\"widget\" data-widget_type=\"heading.default\">\n\t\t\t\t<div class=\"elementor-widget-container\">\n\t\t\t\t\t<h2 class=\"elementor-heading-title elementor-size-default\">D\u00e9couvrez des mobilisations citoyennes qui ont port\u00e9 fruit auxquelles certains signataires ont contribu\u00e9 ces derni\u00e8res ann\u00e9es :<\/h2>\t\t\t\t<\/div>\n\t\t\t\t<\/div>\n\t\t\t\t<div class=\"elementor-element elementor-element-63512b1 elementor-widget elementor-widget-spacer\" data-id=\"63512b1\" data-element_type=\"widget\" data-e-type=\"widget\" data-widget_type=\"spacer.default\">\n\t\t\t\t<div class=\"elementor-widget-container\">\n\t\t\t\t\t\t\t<div class=\"elementor-spacer\">\n\t\t\t<div class=\"elementor-spacer-inner\"><\/div>\n\t\t<\/div>\n\t\t\t\t\t\t<\/div>\n\t\t\t\t<\/div>\n\t\t\t\t<div class=\"elementor-element elementor-element-738e99d elementor-align-start elementor-icon-list--layout-traditional elementor-list-item-link-full_width elementor-widget elementor-widget-icon-list\" data-id=\"738e99d\" data-element_type=\"widget\" data-e-type=\"widget\" data-widget_type=\"icon-list.default\">\n\t\t\t\t<div class=\"elementor-widget-container\">\n\t\t\t\t\t\t\t<ul class=\"elementor-icon-list-items\">\n\t\t\t\t\t\t\t<li class=\"elementor-icon-list-item\">\n\t\t\t\t\t\t\t\t\t\t\t<a href=\"https:\/\/ici.radio-canada.ca\/nouvelle\/1105405\/hydrocarbures-zone-protection-fracturation-schiste\" target=\"_blank\" rel=\"noopener\">\n\n\t\t\t\t\t\t\t\t\t\t\t\t<span class=\"elementor-icon-list-icon\">\n\t\t\t\t\t\t\t<i aria-hidden=\"true\" class=\"fas fa-external-link-alt\"><\/i>\t\t\t\t\t\t<\/span>\n\t\t\t\t\t\t\t\t\t\t<span class=\"elementor-icon-list-text\">Interdiction d\u2019exploitation du gaz de schiste<\/span>\n\t\t\t\t\t\t\t\t\t\t\t<\/a>\n\t\t\t\t\t\t\t\t\t<\/li>\n\t\t\t\t\t\t\t\t<li class=\"elementor-icon-list-item\">\n\t\t\t\t\t\t\t\t\t\t\t<a href=\"https:\/\/ici.radio-canada.ca\/nouvelle\/1059783\/transcanada-oleoduc-energie-est-abandonne\" target=\"_blank\" rel=\"noopener\">\n\n\t\t\t\t\t\t\t\t\t\t\t\t<span class=\"elementor-icon-list-icon\">\n\t\t\t\t\t\t\t<i aria-hidden=\"true\" class=\"fas fa-external-link-alt\"><\/i>\t\t\t\t\t\t<\/span>\n\t\t\t\t\t\t\t\t\t\t<span class=\"elementor-icon-list-text\">Annulation du m\u00e9ga projet \u00c9nergie Est<\/span>\n\t\t\t\t\t\t\t\t\t\t\t<\/a>\n\t\t\t\t\t\t\t\t\t<\/li>\n\t\t\t\t\t\t\t\t<li class=\"elementor-icon-list-item\">\n\t\t\t\t\t\t\t\t\t\t\t<a href=\"https:\/\/www.lapresse.ca\/actualites\/politique\/2022-04-12\/hydrocarbures\/quebec-adopte-la-loi-qui-met-fin-a-la-recherche-et-a-l-exploitation.php\" target=\"_blank\" rel=\"noopener\">\n\n\t\t\t\t\t\t\t\t\t\t\t\t<span class=\"elementor-icon-list-icon\">\n\t\t\t\t\t\t\t<i aria-hidden=\"true\" class=\"fas fa-external-link-alt\"><\/i>\t\t\t\t\t\t<\/span>\n\t\t\t\t\t\t\t\t\t\t<span class=\"elementor-icon-list-text\">Projet de loi interdisant l'exploration et l\u2019exploitation des hydrocarbures<\/span>\n\t\t\t\t\t\t\t\t\t\t\t<\/a>\n\t\t\t\t\t\t\t\t\t<\/li>\n\t\t\t\t\t\t\t\t<li class=\"elementor-icon-list-item\">\n\t\t\t\t\t\t\t\t\t\t\t<a href=\"https:\/\/lactualite.com\/de-notre-partenaire\/la-lutte-aux-changements-climatiques-a-lechelle-municipale\/\" target=\"_blank\" rel=\"noopener\">\n\n\t\t\t\t\t\t\t\t\t\t\t\t<span class=\"elementor-icon-list-icon\">\n\t\t\t\t\t\t\t<i aria-hidden=\"true\" class=\"fas fa-external-link-alt\"><\/i>\t\t\t\t\t\t<\/span>\n\t\t\t\t\t\t\t\t\t\t<span class=\"elementor-icon-list-text\">D\u00e9claration d\u2019urgence climatique <\/span>\n\t\t\t\t\t\t\t\t\t\t\t<\/a>\n\t\t\t\t\t\t\t\t\t<\/li>\n\t\t\t\t\t\t\t\t<li class=\"elementor-icon-list-item\">\n\t\t\t\t\t\t\t\t\t\t\t<a href=\"https:\/\/www.pourlatransitionenergetique.org\/feuille-de-route-quebec-zen\/\" target=\"_blank\" rel=\"noopener\">\n\n\t\t\t\t\t\t\t\t\t\t\t\t<span class=\"elementor-icon-list-icon\">\n\t\t\t\t\t\t\t<i aria-hidden=\"true\" class=\"fas fa-external-link-alt\"><\/i>\t\t\t\t\t\t<\/span>\n\t\t\t\t\t\t\t\t\t\t<span class=\"elementor-icon-list-text\">Feuille de route pour la transition du Qu\u00e9bec vers la carboneutralit\u00e9<\/span>\n\t\t\t\t\t\t\t\t\t\t\t<\/a>\n\t\t\t\t\t\t\t\t\t<\/li>\n\t\t\t\t\t\t\t\t<li class=\"elementor-icon-list-item\">\n\t\t\t\t\t\t\t\t\t\t\t<a href=\"https:\/\/www.ledevoir.com\/environnement\/624228\/quebec-officialise-par-decret-le-rejet-de-gnl-quebec\" target=\"_blank\" rel=\"noopener\">\n\n\t\t\t\t\t\t\t\t\t\t\t\t<span class=\"elementor-icon-list-icon\">\n\t\t\t\t\t\t\t<i aria-hidden=\"true\" class=\"fas fa-external-link-alt\"><\/i>\t\t\t\t\t\t<\/span>\n\t\t\t\t\t\t\t\t\t\t<span class=\"elementor-icon-list-text\">Opposition au projet gazier GNL Qu\u00e9bec<\/span>\n\t\t\t\t\t\t\t\t\t\t\t<\/a>\n\t\t\t\t\t\t\t\t\t<\/li>\n\t\t\t\t\t\t<\/ul>\n\t\t\t\t\t\t<\/div>\n\t\t\t\t<\/div>\n\t\t\t\t\t<\/div>\n\t\t\t\t<\/div>\n\t\t\t\t<\/div>\n\t\t","protected":false},"excerpt":{"rendered":"<p>Manifeste pour un avenir \u00e9nerg\u00e9tique juste et viable : une centaine de groupes de la soci\u00e9t\u00e9 civile pr\u00e9sentent 14 revendications au gouvernement du Qu\u00e9bec. <\/p>","protected":false},"author":1,"featured_media":63118,"parent":54285,"menu_order":0,"comment_status":"closed","ping_status":"closed","template":"","meta":{"footnotes":""},"class_list":["post-63042","page","type-page","status-publish","has-post-thumbnail","hentry"],"_links":{"self":[{"href":"https:\/\/fondationrivieres.org\/en\/wp-json\/wp\/v2\/pages\/63042","targetHints":{"allow":["GET"]}}],"collection":[{"href":"https:\/\/fondationrivieres.org\/en\/wp-json\/wp\/v2\/pages"}],"about":[{"href":"https:\/\/fondationrivieres.org\/en\/wp-json\/wp\/v2\/types\/page"}],"author":[{"embeddable":true,"href":"https:\/\/fondationrivieres.org\/en\/wp-json\/wp\/v2\/users\/1"}],"replies":[{"embeddable":true,"href":"https:\/\/fondationrivieres.org\/en\/wp-json\/wp\/v2\/comments?post=63042"}],"version-history":[{"count":7,"href":"https:\/\/fondationrivieres.org\/en\/wp-json\/wp\/v2\/pages\/63042\/revisions"}],"predecessor-version":[{"id":69976,"href":"https:\/\/fondationrivieres.org\/en\/wp-json\/wp\/v2\/pages\/63042\/revisions\/69976"}],"up":[{"embeddable":true,"href":"https:\/\/fondationrivieres.org\/en\/wp-json\/wp\/v2\/pages\/54285"}],"wp:featuredmedia":[{"embeddable":true,"href":"https:\/\/fondationrivieres.org\/en\/wp-json\/wp\/v2\/media\/63118"}],"wp:attachment":[{"href":"https:\/\/fondationrivieres.org\/en\/wp-json\/wp\/v2\/media?parent=63042"}],"curies":[{"name":"wp","href":"https:\/\/api.w.org\/{rel}","templated":true}]}}