{"id":57647,"date":"2023-06-26T15:14:08","date_gmt":"2023-06-26T19:14:08","guid":{"rendered":"https:\/\/fondationrivieres.org\/?page_id=57647"},"modified":"2025-12-05T16:03:30","modified_gmt":"2025-12-05T21:03:30","slug":"roy-dupuis","status":"publish","type":"page","link":"https:\/\/fondationrivieres.org\/en\/la-fondation\/roy-dupuis\/","title":{"rendered":"Roy Dupuis"},"content":{"rendered":"\t\t<div data-elementor-type=\"wp-page\" data-elementor-id=\"57647\" class=\"elementor elementor-57647\" data-elementor-post-type=\"page\">\n\t\t\t\t<section class=\"elementor-element elementor-element-5559bcd e-flex e-con-boxed e-con e-parent\" data-id=\"5559bcd\" data-element_type=\"container\" data-e-type=\"container\" data-settings=\"{&quot;background_background&quot;:&quot;classic&quot;,&quot;jet_parallax_layout_list&quot;:[{&quot;_id&quot;:&quot;5aba9f&quot;,&quot;jet_parallax_layout_speed&quot;:{&quot;unit&quot;:&quot;%&quot;,&quot;size&quot;:52,&quot;sizes&quot;:[]},&quot;jet_parallax_layout_bg_y&quot;:29,&quot;jet_parallax_layout_image&quot;:{&quot;url&quot;:&quot;&quot;,&quot;id&quot;:&quot;&quot;,&quot;size&quot;:&quot;&quot;},&quot;jet_parallax_layout_image_tablet&quot;:{&quot;url&quot;:&quot;&quot;,&quot;id&quot;:&quot;&quot;,&quot;size&quot;:&quot;&quot;},&quot;jet_parallax_layout_image_mobile&quot;:{&quot;url&quot;:&quot;&quot;,&quot;id&quot;:&quot;&quot;,&quot;size&quot;:&quot;&quot;},&quot;jet_parallax_layout_type&quot;:&quot;scroll&quot;,&quot;jet_parallax_layout_direction&quot;:&quot;1&quot;,&quot;jet_parallax_layout_fx_direction&quot;:null,&quot;jet_parallax_layout_z_index&quot;:&quot;&quot;,&quot;jet_parallax_layout_bg_x&quot;:50,&quot;jet_parallax_layout_bg_x_tablet&quot;:&quot;&quot;,&quot;jet_parallax_layout_bg_x_mobile&quot;:&quot;&quot;,&quot;jet_parallax_layout_bg_y_tablet&quot;:&quot;&quot;,&quot;jet_parallax_layout_bg_y_mobile&quot;:&quot;&quot;,&quot;jet_parallax_layout_bg_size&quot;:&quot;auto&quot;,&quot;jet_parallax_layout_bg_size_tablet&quot;:&quot;&quot;,&quot;jet_parallax_layout_bg_size_mobile&quot;:&quot;&quot;,&quot;jet_parallax_layout_animation_prop&quot;:&quot;transform&quot;,&quot;jet_parallax_layout_on&quot;:[&quot;desktop&quot;,&quot;tablet&quot;]}]}\">\n\t\t\t\t\t<div class=\"e-con-inner\">\n\t\t\t\t<div class=\"elementor-element elementor-element-cf9ec30 elementor-hidden-tablet elementor-hidden-mobile elementor-widget elementor-widget-jet-breadcrumbs\" data-id=\"cf9ec30\" data-element_type=\"widget\" data-e-type=\"widget\" data-widget_type=\"jet-breadcrumbs.default\">\n\t\t\t\t<div class=\"elementor-widget-container\">\n\t\t\t\t\t<div class=\"elementor-jet-breadcrumbs jet-blocks\">\n\t\t<div class=\"jet-breadcrumbs\">\n\t\t<div class=\"jet-breadcrumbs__content\">\n\t\t<div class=\"jet-breadcrumbs__wrap\"><div class=\"jet-breadcrumbs__item\"><a href=\"https:\/\/fondationrivieres.org\/en\/\" class=\"jet-breadcrumbs__item-link is-home\" rel=\"home\" title=\"Fondation Rivi\u00e8res\">Fondation Rivi\u00e8res<\/a><\/div>\n\t\t<\/div>\n\t\t<\/div>\n\t\t<\/div><\/div>\t\t\t\t<\/div>\n\t\t\t\t<\/div>\n\t\t\t\t<div class=\"elementor-element elementor-element-2ef639f elementor-widget elementor-widget-heading\" data-id=\"2ef639f\" data-element_type=\"widget\" data-e-type=\"widget\" data-widget_type=\"heading.default\">\n\t\t\t\t<div class=\"elementor-widget-container\">\n\t\t\t\t\t<h1 class=\"elementor-heading-title elementor-size-default\">Roy Dupuis, cofondateur de la Fondation Rivi\u00e8res<\/h1>\t\t\t\t<\/div>\n\t\t\t\t<\/div>\n\t\t\t\t<div class=\"elementor-element elementor-element-7697572 elementor-widget-divider--view-line elementor-widget elementor-widget-divider\" data-id=\"7697572\" data-element_type=\"widget\" data-e-type=\"widget\" data-widget_type=\"divider.default\">\n\t\t\t\t<div class=\"elementor-widget-container\">\n\t\t\t\t\t\t\t<div class=\"elementor-divider\">\n\t\t\t<span class=\"elementor-divider-separator\">\n\t\t\t\t\t\t<\/span>\n\t\t<\/div>\n\t\t\t\t\t\t<\/div>\n\t\t\t\t<\/div>\n\t\t\t\t<div class=\"elementor-element elementor-element-0e6600a elementor-widget elementor-widget-heading\" data-id=\"0e6600a\" data-element_type=\"widget\" data-e-type=\"widget\" data-widget_type=\"heading.default\">\n\t\t\t\t<div class=\"elementor-widget-container\">\n\t\t\t\t\t<h2 class=\"elementor-heading-title elementor-size-default\">Cofondateur de la Fondation Rivi\u00e8res<\/h2>\t\t\t\t<\/div>\n\t\t\t\t<\/div>\n\t\t\t\t\t<\/div>\n\t\t\t\t<\/section>\n\t\t<div class=\"elementor-element elementor-element-4e7e73c e-flex e-con-boxed e-con e-parent\" data-id=\"4e7e73c\" data-element_type=\"container\" data-e-type=\"container\" data-settings=\"{&quot;jet_parallax_layout_list&quot;:[],&quot;background_background&quot;:&quot;classic&quot;}\">\n\t\t\t\t\t<div class=\"e-con-inner\">\n\t\t<div class=\"elementor-element elementor-element-7046315 elementor-hidden-tablet elementor-hidden-mobile e-con-full e-flex e-con e-child\" data-id=\"7046315\" data-element_type=\"container\" data-e-type=\"container\" data-settings=\"{&quot;jet_parallax_layout_list&quot;:[]}\">\n\t\t\t\t<div class=\"elementor-element elementor-element-65751cb elementor-icon-list--layout-traditional elementor-list-item-link-full_width elementor-widget elementor-widget-icon-list\" data-id=\"65751cb\" data-element_type=\"widget\" data-e-type=\"widget\" data-widget_type=\"icon-list.default\">\n\t\t\t\t<div class=\"elementor-widget-container\">\n\t\t\t\t\t\t\t<ul class=\"elementor-icon-list-items\">\n\t\t\t\t\t\t\t<li class=\"elementor-icon-list-item\">\n\t\t\t\t\t\t\t\t\t\t\t<a href=\"https:\/\/fondationrivieres.org\/la-fondation\/\">\n\n\t\t\t\t\t\t\t\t\t\t\t\t<span class=\"elementor-icon-list-icon\">\n\t\t\t\t\t\t\t<i aria-hidden=\"true\" class=\"fas fa-arrow-right\"><\/i>\t\t\t\t\t\t<\/span>\n\t\t\t\t\t\t\t\t\t\t<span class=\"elementor-icon-list-text\">Qui est la Fondation Rivi\u00e8res ? <\/span>\n\t\t\t\t\t\t\t\t\t\t\t<\/a>\n\t\t\t\t\t\t\t\t\t<\/li>\n\t\t\t\t\t\t\t\t<li class=\"elementor-icon-list-item\">\n\t\t\t\t\t\t\t\t\t\t\t<a href=\"https:\/\/fondationrivieres.org\/la-fondation\/notre-historique\/\">\n\n\t\t\t\t\t\t\t\t\t\t\t\t<span class=\"elementor-icon-list-icon\">\n\t\t\t\t\t\t\t<i aria-hidden=\"true\" class=\"fas fa-arrow-right\"><\/i>\t\t\t\t\t\t<\/span>\n\t\t\t\t\t\t\t\t\t\t<span class=\"elementor-icon-list-text\">Notre historique<\/span>\n\t\t\t\t\t\t\t\t\t\t\t<\/a>\n\t\t\t\t\t\t\t\t\t<\/li>\n\t\t\t\t\t\t\t\t<li class=\"elementor-icon-list-item\">\n\t\t\t\t\t\t\t\t\t\t\t<a href=\"https:\/\/fondationrivieres.org\/nos-actions\/adoptez-une-riviere\/\">\n\n\t\t\t\t\t\t\t\t\t\t\t\t<span class=\"elementor-icon-list-icon\">\n\t\t\t\t\t\t\t<i aria-hidden=\"true\" class=\"fas fa-arrow-right\"><\/i>\t\t\t\t\t\t<\/span>\n\t\t\t\t\t\t\t\t\t\t<span class=\"elementor-icon-list-text\">Adoptez une rivi\u00e8re<\/span>\n\t\t\t\t\t\t\t\t\t\t\t<\/a>\n\t\t\t\t\t\t\t\t\t<\/li>\n\t\t\t\t\t\t<\/ul>\n\t\t\t\t\t\t<\/div>\n\t\t\t\t<\/div>\n\t\t\t\t<\/div>\n\t\t<div class=\"elementor-element elementor-element-1b13e47 e-con-full e-flex e-con e-child\" data-id=\"1b13e47\" data-element_type=\"container\" data-e-type=\"container\" data-settings=\"{&quot;jet_parallax_layout_list&quot;:[]}\">\n\t\t\t\t<div class=\"elementor-element elementor-element-6e20198 elementor-widget elementor-widget-text-editor\" data-id=\"6e20198\" data-element_type=\"widget\" data-e-type=\"widget\" data-widget_type=\"text-editor.default\">\n\t\t\t\t<div class=\"elementor-widget-container\">\n\t\t\t\t\t\t\t\t\t<p style=\"text-align: right;\"><a href=\"https:\/\/www.rapideblanc.ca\/#\/home\" target=\"_blank\" rel=\"noopener\">Cr\u00e9dit photo : Rapide-Blanc<\/a><\/p>\t\t\t\t\t\t\t\t<\/div>\n\t\t\t\t<\/div>\n\t\t\t\t<div class=\"elementor-element elementor-element-340d090 elementor-blockquote--skin-quotation elementor-widget elementor-widget-blockquote\" data-id=\"340d090\" data-element_type=\"widget\" data-e-type=\"widget\" data-widget_type=\"blockquote.default\">\n\t\t\t\t<div class=\"elementor-widget-container\">\n\t\t\t\t\t\t\t<blockquote class=\"elementor-blockquote\">\n\t\t\t<p class=\"elementor-blockquote__content\">\n\t\t\t\t\u00ab Il y a tellement de raisons d\u2019agir aujourd\u2019hui. De s\u2019impliquer. Ne serait-ce que pour \u00eatre vivant. Pour vivre. \u00bb\u00a0\t\t\t<\/p>\n\t\t\t\t\t\t\t<div class=\"e-q-footer\">\n\t\t\t\t\t\t\t\t\t\t\t<cite class=\"elementor-blockquote__author\">Roy Dupuis, porte-parole et cofondateur de la Fondation Rivi\u00e8res<\/cite>\n\t\t\t\t\t\t\t\t\t\t\t\t\t\t<\/div>\n\t\t\t\t\t<\/blockquote>\n\t\t\t\t\t\t<\/div>\n\t\t\t\t<\/div>\n\t\t\t\t<\/div>\n\t\t\t\t\t<\/div>\n\t\t\t\t<\/div>\n\t\t<div class=\"elementor-element elementor-element-a6bf8cd e-flex e-con-boxed e-con e-parent\" data-id=\"a6bf8cd\" data-element_type=\"container\" data-e-type=\"container\" data-settings=\"{&quot;jet_parallax_layout_list&quot;:[]}\">\n\t\t\t\t\t<div class=\"e-con-inner\">\n\t\t<div class=\"elementor-element elementor-element-bf0020c e-con-full e-flex e-con e-child\" data-id=\"bf0020c\" data-element_type=\"container\" data-e-type=\"container\" data-settings=\"{&quot;jet_parallax_layout_list&quot;:[]}\">\n\t\t\t\t<div class=\"elementor-element elementor-element-9b0ee50 elementor-widget elementor-widget-heading\" data-id=\"9b0ee50\" data-element_type=\"widget\" data-e-type=\"widget\" data-widget_type=\"heading.default\">\n\t\t\t\t<div class=\"elementor-widget-container\">\n\t\t\t\t\t<h3 class=\"elementor-heading-title elementor-size-default\">Le mot de Roy Dupuis <\/h3>\t\t\t\t<\/div>\n\t\t\t\t<\/div>\n\t\t<div class=\"elementor-element elementor-element-b7492d1 e-flex e-con-boxed e-con e-child\" data-id=\"b7492d1\" data-element_type=\"container\" data-e-type=\"container\" data-settings=\"{&quot;jet_parallax_layout_list&quot;:[]}\">\n\t\t\t\t\t<div class=\"e-con-inner\">\n\t\t\t\t<div class=\"elementor-element elementor-element-674e128 elementor-widget elementor-widget-text-editor\" data-id=\"674e128\" data-element_type=\"widget\" data-e-type=\"widget\" data-widget_type=\"text-editor.default\">\n\t\t\t\t<div class=\"elementor-widget-container\">\n\t\t\t\t\t\t\t\t\t<p>L\u2019eau qui s\u2019\u00e9coule, turbulente ou tranquille, n\u2019appartient \u00e0 personne : elle se pr\u00eate \u00e0 tous. C\u2019est un bien commun si pr\u00e9cieux qu\u2019il appelle notre respect et notre engagement pour sa protection.<\/p><p>Dans le contexte environnemental actuel, les rivi\u00e8res sont de plus en plus menac\u00e9es, notamment par la multiplication des centrales hydro\u00e9lectriques, par des projets d\u00e9truisant les berges et par de nombreux rejets polluants. Je crois qu\u2019en tant que collectivit\u00e9 nous devons agir et poser des gestes dans le sens du d\u00e9veloppement durable.<\/p><p>Afin de favoriser l\u2019engagement citoyen, la Fondation vise avant tout \u00e0 rassembler, \u00e0 soutenir et \u00e0 guider ceux qui sont interpell\u00e9s par le sort des rivi\u00e8res, c\u2019est-\u00e0-dire les comit\u00e9s de citoyens, les organismes locaux, les organismes r\u00e9cr\u00e9otouristiques, les groupes scolaires et les Premi\u00e8res Nations.<\/p><p>Amoureux inconditionnel de l\u2019eau, de sa beaut\u00e9 sauvage, je me suis engag\u00e9 \u00e0 faire de mon mieux pour sensibiliser la population afin de prot\u00e9ger les rivi\u00e8res du Qu\u00e9bec.<\/p><p>Je sollicite votre appui afin de poursuivre cette d\u00e9marche collective et vous invite \u00e0 contribuer \u00e0 la protection de l\u2019environnement en soutenant la Fondation.<\/p><p>Puisse cette d\u00e9marche toucher votre conscience collective pour la beaut\u00e9 des rivi\u00e8res!<\/p>\t\t\t\t\t\t\t\t<\/div>\n\t\t\t\t<\/div>\n\t\t\t\t\t<\/div>\n\t\t\t\t<\/div>\n\t\t<div class=\"elementor-element elementor-element-04dba5f e-con-full e-flex e-con e-child\" data-id=\"04dba5f\" data-element_type=\"container\" data-e-type=\"container\" data-settings=\"{&quot;jet_parallax_layout_list&quot;:[]}\">\n\t\t<div class=\"elementor-element elementor-element-7af5743 e-con-full e-flex e-con e-child\" data-id=\"7af5743\" data-element_type=\"container\" data-e-type=\"container\" data-settings=\"{&quot;jet_parallax_layout_list&quot;:[]}\">\n\t\t\t\t<div class=\"elementor-element elementor-element-7d4c6c0 elementor-widget elementor-widget-image\" data-id=\"7d4c6c0\" data-element_type=\"widget\" data-e-type=\"widget\" data-widget_type=\"image.default\">\n\t\t\t\t<div class=\"elementor-widget-container\">\n\t\t\t\t\t\t\t\t\t\t\t\t\t\t\t<img decoding=\"async\" width=\"200\" height=\"63\" src=\"https:\/\/fondationrivieres.org\/wp-content\/uploads\/2021\/06\/RoyDupuis_signature-e1622562605142.png\" class=\"attachment-large size-large wp-image-25357\" alt=\"Roy Dupuis signature\" \/>\t\t\t\t\t\t\t\t\t\t\t\t\t\t\t<\/div>\n\t\t\t\t<\/div>\n\t\t\t\t<div class=\"elementor-element elementor-element-e645dbc elementor-widget elementor-widget-heading\" data-id=\"e645dbc\" data-element_type=\"widget\" data-e-type=\"widget\" data-widget_type=\"heading.default\">\n\t\t\t\t<div class=\"elementor-widget-container\">\n\t\t\t\t\t<p class=\"elementor-heading-title elementor-size-default\">Roy Dupuis, co-fondateur de la Fondation Rivi\u00e8res<\/p>\t\t\t\t<\/div>\n\t\t\t\t<\/div>\n\t\t\t\t<\/div>\n\t\t\t\t<\/div>\n\t\t\t\t<\/div>\n\t\t<div class=\"elementor-element elementor-element-6d6a5de e-con-full e-flex e-con e-child\" data-id=\"6d6a5de\" data-element_type=\"container\" data-e-type=\"container\" data-settings=\"{&quot;jet_parallax_layout_list&quot;:[]}\">\n\t\t\t\t<div class=\"elementor-element elementor-element-24ca475 elementor-widget elementor-widget-image\" data-id=\"24ca475\" data-element_type=\"widget\" data-e-type=\"widget\" data-widget_type=\"image.default\">\n\t\t\t\t<div class=\"elementor-widget-container\">\n\t\t\t\t\t\t\t\t\t\t\t\t\t\t\t<img fetchpriority=\"high\" decoding=\"async\" width=\"300\" height=\"300\" src=\"https:\/\/fondationrivieres.org\/wp-content\/uploads\/2021\/05\/RoyDupuis-e1631547939976-1.jpeg\" class=\"attachment-large size-large wp-image-24206\" alt=\"Roy Dupuis - La Fondation\" srcset=\"https:\/\/fondationrivieres.org\/wp-content\/uploads\/2021\/05\/RoyDupuis-e1631547939976-1.jpeg 300w, https:\/\/fondationrivieres.org\/wp-content\/uploads\/2021\/05\/RoyDupuis-e1631547939976-1-150x150.jpeg 150w\" sizes=\"(max-width: 300px) 100vw, 300px\" \/>\t\t\t\t\t\t\t\t\t\t\t\t\t\t\t<\/div>\n\t\t\t\t<\/div>\n\t\t\t\t<\/div>\n\t\t\t\t\t<\/div>\n\t\t\t\t<\/div>\n\t\t<div class=\"elementor-element elementor-element-ecf43a6 e-con-full e-flex e-con e-parent\" data-id=\"ecf43a6\" data-element_type=\"container\" data-e-type=\"container\" data-settings=\"{&quot;background_background&quot;:&quot;classic&quot;,&quot;jet_parallax_layout_list&quot;:[]}\">\n\t\t\t\t<div class=\"elementor-element elementor-element-7b51bd5 elementor-cta--layout-image-left elementor-cta--valign-middle elementor-cta--skin-classic elementor-animated-content elementor-bg-transform elementor-bg-transform-zoom-in elementor-widget elementor-widget-call-to-action\" data-id=\"7b51bd5\" data-element_type=\"widget\" data-e-type=\"widget\" data-widget_type=\"call-to-action.default\">\n\t\t\t\t<div class=\"elementor-widget-container\">\n\t\t\t\t\t\t\t<a class=\"elementor-cta\" href=\"https:\/\/give-can.keela.co\/don-fondation-rivieres-cta\" target=\"_blank\" rel=\"nofollow noopener\">\n\t\t\t\t\t\t\t<div class=\"elementor-cta__content\">\n\t\t\t\t\t\t\t\t\t<div class=\"elementor-content-item elementor-cta__content-item elementor-icon-wrapper elementor-cta__icon elementor-view-default\">\n\t\t\t\t\t\t<div class=\"elementor-icon\">\n\t\t\t\t\t\t\t<i aria-hidden=\"true\" class=\"fas fa-hand-holding-heart\"><\/i>\t\t\t\t\t\t<\/div>\n\t\t\t\t\t<\/div>\n\t\t\t\t\n\t\t\t\t\t\t\t\t\t<h4 class=\"elementor-cta__title elementor-cta__content-item elementor-content-item\">\n\t\t\t\t\t\tComme Roy Dupuis, contribuez \u00e0 la protection des rivi\u00e8res et cours d'eau du Qu\u00e9bec\t\t\t\t\t<\/h4>\n\t\t\t\t\n\t\t\t\t\n\t\t\t\t\t\t\t\t\t<div class=\"elementor-cta__button-wrapper elementor-cta__content-item elementor-content-item \">\n\t\t\t\t\t<span class=\"elementor-cta__button elementor-button elementor-size-\">\n\t\t\t\t\t\tFaites un don \t\t\t\t\t<\/span>\n\t\t\t\t\t<\/div>\n\t\t\t\t\t\t\t<\/div>\n\t\t\t\t\t\t<\/a>\n\t\t\t\t\t\t<\/div>\n\t\t\t\t<\/div>\n\t\t\t\t<\/div>\n\t\t<div class=\"elementor-element elementor-element-8160a3f e-flex e-con-boxed e-con e-parent\" data-id=\"8160a3f\" data-element_type=\"container\" data-e-type=\"container\" data-settings=\"{&quot;jet_parallax_layout_list&quot;:[],&quot;background_background&quot;:&quot;classic&quot;}\">\n\t\t\t\t\t<div class=\"e-con-inner\">\n\t\t<div class=\"elementor-element elementor-element-b6aafb3 e-con-full e-flex e-con e-child\" data-id=\"b6aafb3\" data-element_type=\"container\" data-e-type=\"container\" data-settings=\"{&quot;jet_parallax_layout_list&quot;:[]}\">\n\t\t\t\t<div class=\"elementor-element elementor-element-2d40b43 elementor-widget elementor-widget-heading\" data-id=\"2d40b43\" data-element_type=\"widget\" data-e-type=\"widget\" data-widget_type=\"heading.default\">\n\t\t\t\t<div class=\"elementor-widget-container\">\n\t\t\t\t\t<h2 class=\"elementor-heading-title elementor-size-default\">L'engagement de Roy Dupuis envers les rivi\u00e8res du Qu\u00e9bec<\/h2>\t\t\t\t<\/div>\n\t\t\t\t<\/div>\n\t\t\t\t<div class=\"elementor-element elementor-element-8dc3ac2 elementor-widget elementor-widget-jet-image-accordion\" data-id=\"8dc3ac2\" data-element_type=\"widget\" data-e-type=\"widget\" data-widget_type=\"jet-image-accordion.default\">\n\t\t\t\t<div class=\"elementor-widget-container\">\n\t\t\t\t\t<div class=\"elementor-jet-image-accordion jet-tabs-addons\"><div class=\"jet-image-accordion jet-image-accordion-vertical-orientation jet-image-accordion-circ-ease\" role=\"tablist\" data-settings=\"{&quot;orientation&quot;:&quot;vertical&quot;,&quot;activeSize&quot;:{&quot;unit&quot;:&quot;%&quot;,&quot;size&quot;:60,&quot;sizes&quot;:[]},&quot;duration&quot;:500,&quot;activeItem&quot;:-1}\">\n\t<div class=\"jet-image-accordion__list\">\n<div class=\"jet-image-accordion__item title-display-mode__on_hover\" role=\"tab\" aria-selected=\"false\" tabindex=\"0\">\n<img decoding=\"async\" class=\"jet-image-accordion__image-instance\" src=\"https:\/\/fondationrivieres.org\/wp-content\/uploads\/2023\/04\/ALR_STILLS_001-1024x576-1.jpg\" alt=\"Roy Dupuis et la po\u00e9tesse innue Rita Mestokosho - Film documentaire - Apr\u00e8s la Romaine Cr\u00e9dit photo : Rapide Blanc\">\n\t\n\t<div class=\"jet-image-accordion__content\">\n\t\t<h3 class=\"jet-image-accordion__title\">Apr\u00e8s la Romaine<\/h3><div class=\"jet-image-accordion__desc\">Apr\u00e8s leur film Chercher le courant, les r\u00e9alisateurs Nicolas Boisclair et Alexis De Gheldere ainsi que notre cofondateur Roy Dupuis retournent sur la rivi\u00e8re Romaine, sur la C\u00f4te-Nord du Qu\u00e9bec, pour dresser un \u00e9tat des lieux.<\/div><a class=\"elementor-button elementor-size-md jet-image-accordion__button\" role=\"button\" tabindex=\"0\" href=\"https:\/\/fondationrivieres.org\/apres-la-romaine\/\">En savoir plus<\/a><\/div>\n\t<div class=\"jet-image-accordion__item-loader\"><span><\/span><\/div>\n<\/div>\n<div class=\"jet-image-accordion__item title-display-mode__on_hover\" role=\"tab\" aria-selected=\"false\" tabindex=\"0\">\n<img decoding=\"async\" class=\"jet-image-accordion__image-instance\" src=\"https:\/\/fondationrivieres.org\/wp-content\/uploads\/2023\/04\/Apres-la-romaine_hydroelectricite_Fondation-Rivieres-1024x614.jpg\" alt=\"Apre\u0300s la romaine_hydroe\u0301lectricite\u0301_Fondation Rivie\u0300res - Transition \u00e9nerg\u00e9tique\">\n\t\n\t<div class=\"jet-image-accordion__content\">\n\t\t<h3 class=\"jet-image-accordion__title\">Lettre aux ministres \u2013 Pour une transition \u00e9nerg\u00e9tique respectueuse des derni\u00e8res rivi\u00e8res sauvages<\/h3><div class=\"jet-image-accordion__desc\">La Fondation Rivi\u00e8res et une vingtaine de signataires, incluant Roy Dupuis, demandent au gouvernement du Qu\u00e9bec de s\u2019engager \u00e0 prot\u00e9ger les derni\u00e8res grandes rivi\u00e8res du Qu\u00e9bec en renon\u00e7ant \u00e0 la construction de nouveaux barrages et \u00e0 lancer un grand d\u00e9bat public sur l'\u00e9nergie.<\/div><a class=\"elementor-button elementor-size-md jet-image-accordion__button\" role=\"button\" tabindex=\"0\" href=\"https:\/\/fondationrivieres.org\/lettre-aux-ministres-pour-une-transition-energetique-respectueuse-des-dernieres-rivieres-sauvages\/\">En savoir plus<\/a><\/div>\n\t<div class=\"jet-image-accordion__item-loader\"><span><\/span><\/div>\n<\/div>\n<div class=\"jet-image-accordion__item title-display-mode__on_hover\" role=\"tab\" aria-selected=\"false\" tabindex=\"0\">\n<img decoding=\"async\" class=\"jet-image-accordion__image-instance\" src=\"https:\/\/fondationrivieres.org\/wp-content\/uploads\/2023\/04\/made-from-the-sky-i-eXpmQ98M8-unsplash-1024x692.jpg\" alt=\"\u00c9oliennes\">\n\t\n\t<div class=\"jet-image-accordion__content\">\n\t\t<h3 class=\"jet-image-accordion__title\">\u00c9nergie et barrages hydro\u00e9lectriques<\/h3><div class=\"jet-image-accordion__desc\">Les barrages hydro\u00e9lectriques, bien que renouvelables, ont des impacts significatifs sur l'environnement, les communaut\u00e9s locales et la soci\u00e9t\u00e9 qu\u00e9b\u00e9coise, ce qui remet en question leur qualification de sources d'\u00e9nergie \"verte\" ou \"propre\".<\/div><a class=\"elementor-button elementor-size-md jet-image-accordion__button\" role=\"button\" tabindex=\"0\" href=\"https:\/\/fondationrivieres.org\/nos-actions\/energie-barrages-hydroelectriques\/\">En savoir plus<\/a><\/div>\n\t<div class=\"jet-image-accordion__item-loader\"><span><\/span><\/div>\n<\/div>\n<\/div>\n<\/div>\n<\/div>\t\t\t\t<\/div>\n\t\t\t\t<\/div>\n\t\t\t\t<div class=\"elementor-element elementor-element-dd53916 elementor-widget elementor-widget-spacer\" data-id=\"dd53916\" data-element_type=\"widget\" data-e-type=\"widget\" data-widget_type=\"spacer.default\">\n\t\t\t\t<div class=\"elementor-widget-container\">\n\t\t\t\t\t\t\t<div class=\"elementor-spacer\">\n\t\t\t<div class=\"elementor-spacer-inner\"><\/div>\n\t\t<\/div>\n\t\t\t\t\t\t<\/div>\n\t\t\t\t<\/div>\n\t\t\t\t<\/div>\n\t\t\t\t\t<\/div>\n\t\t\t\t<\/div>\n\t\t<div class=\"elementor-element elementor-element-2841cc7 e-flex e-con-boxed e-con e-parent\" data-id=\"2841cc7\" data-element_type=\"container\" data-e-type=\"container\" data-settings=\"{&quot;jet_parallax_layout_list&quot;:[]}\">\n\t\t\t\t\t<div class=\"e-con-inner\">\n\t\t\t\t<div class=\"elementor-element elementor-element-78472e3 elementor-widget elementor-widget-heading\" data-id=\"78472e3\" data-element_type=\"widget\" data-e-type=\"widget\" data-widget_type=\"heading.default\">\n\t\t\t\t<div class=\"elementor-widget-container\">\n\t\t\t\t\t<h2 class=\"elementor-heading-title elementor-size-default\">Roy Dupuis et la Fondation Rivi\u00e8res<\/h2>\t\t\t\t<\/div>\n\t\t\t\t<\/div>\n\t\t<div class=\"elementor-element elementor-element-e264747 e-flex e-con-boxed e-con e-child\" data-id=\"e264747\" data-element_type=\"container\" data-e-type=\"container\" data-settings=\"{&quot;jet_parallax_layout_list&quot;:[]}\">\n\t\t\t\t\t<div class=\"e-con-inner\">\n\t\t\t\t<div class=\"elementor-element elementor-element-be13779 elementor-widget__width-initial elementor-widget elementor-widget-video\" data-id=\"be13779\" data-element_type=\"widget\" data-e-type=\"widget\" data-settings=\"{&quot;youtube_url&quot;:&quot;https:\\\/\\\/www.youtube.com\\\/watch?v=-APXYrl5Bro&quot;,&quot;lazy_load&quot;:&quot;yes&quot;,&quot;video_type&quot;:&quot;youtube&quot;,&quot;controls&quot;:&quot;yes&quot;}\" data-widget_type=\"video.default\">\n\t\t\t\t<div class=\"elementor-widget-container\">\n\t\t\t\t\t\t\t<div class=\"elementor-wrapper elementor-open-inline\">\n\t\t\t<div class=\"elementor-video\"><\/div>\t\t<\/div>\n\t\t\t\t\t\t<\/div>\n\t\t\t\t<\/div>\n\t\t\t\t<div class=\"elementor-element elementor-element-233c626 elementor-widget__width-initial elementor-widget elementor-widget-text-editor\" data-id=\"233c626\" data-element_type=\"widget\" data-e-type=\"widget\" data-widget_type=\"text-editor.default\">\n\t\t\t\t<div class=\"elementor-widget-container\">\n\t\t\t\t\t\t\t\t\t<p>Roy Dupuis nous explique pourquoi il aime la Fondation Rivi\u00e8res. Il nous parle des d\u00e9buts de l&rsquo;organisation, qui depuis 20 ans, pose des gestes concrets pour prot\u00e9ger notre plus belle richesse : les rivi\u00e8res et les cours d\u2019eau du Qu\u00e9bec.\u00a0<\/p>\t\t\t\t\t\t\t\t<\/div>\n\t\t\t\t<\/div>\n\t\t\t\t\t<\/div>\n\t\t\t\t<\/div>\n\t\t\t\t\t<\/div>\n\t\t\t\t<\/div>\n\t\t<div class=\"elementor-element elementor-element-829d1d9 e-flex e-con-boxed e-con e-parent\" data-id=\"829d1d9\" data-element_type=\"container\" data-e-type=\"container\" data-settings=\"{&quot;jet_parallax_layout_list&quot;:[],&quot;background_background&quot;:&quot;classic&quot;}\">\n\t\t\t\t\t<div class=\"e-con-inner\">\n\t\t\t\t<div class=\"elementor-element elementor-element-7bf5ed2 elementor-widget elementor-widget-heading\" data-id=\"7bf5ed2\" data-element_type=\"widget\" data-e-type=\"widget\" data-widget_type=\"heading.default\">\n\t\t\t\t<div class=\"elementor-widget-container\">\n\t\t\t\t\t<h3 class=\"elementor-heading-title elementor-size-default\">Nos articles sur le sujet<\/h3>\t\t\t\t<\/div>\n\t\t\t\t<\/div>\n\t\t\t\t<div class=\"elementor-element elementor-element-4c98fee elementor-grid-3 elementor-grid-tablet-2 elementor-grid-mobile-1 elementor-posts--thumbnail-top elementor-widget elementor-widget-posts\" data-id=\"4c98fee\" data-element_type=\"widget\" data-e-type=\"widget\" data-settings=\"{&quot;classic_columns&quot;:&quot;3&quot;,&quot;classic_columns_tablet&quot;:&quot;2&quot;,&quot;classic_columns_mobile&quot;:&quot;1&quot;,&quot;classic_row_gap&quot;:{&quot;unit&quot;:&quot;px&quot;,&quot;size&quot;:35,&quot;sizes&quot;:[]},&quot;classic_row_gap_tablet&quot;:{&quot;unit&quot;:&quot;px&quot;,&quot;size&quot;:&quot;&quot;,&quot;sizes&quot;:[]},&quot;classic_row_gap_mobile&quot;:{&quot;unit&quot;:&quot;px&quot;,&quot;size&quot;:&quot;&quot;,&quot;sizes&quot;:[]}}\" data-widget_type=\"posts.classic\">\n\t\t\t\t<div class=\"elementor-widget-container\">\n\t\t\t\t\t\t\t<div class=\"elementor-posts-container elementor-posts elementor-posts--skin-classic elementor-grid\" role=\"list\">\n\t\t\t\t<article class=\"elementor-post elementor-grid-item post-55344 post type-post status-publish format-standard has-post-thumbnail hentry category-plaintes-lettres-aux-gouvernements tag-energie tag-hydroelectricite\" role=\"listitem\">\n\t\t\t\t<a class=\"elementor-post__thumbnail__link\" href=\"https:\/\/fondationrivieres.org\/en\/lettre-aux-ministres-pour-une-transition-energetique-respectueuse-des-dernieres-rivieres-sauvages\/\" tabindex=\"-1\">\n\t\t\t<div class=\"elementor-post__thumbnail\"><img decoding=\"async\" width=\"800\" height=\"480\" src=\"https:\/\/fondationrivieres.org\/wp-content\/uploads\/2023\/04\/Apres-la-romaine_hydroelectricite_Fondation-Rivieres-1024x614.jpg\" class=\"attachment-large size-large wp-image-54425\" alt=\"Apre\u0300s la romaine_hydroe\u0301lectricite\u0301_Fondation Rivie\u0300res - Transition \u00e9nerg\u00e9tique\" srcset=\"https:\/\/fondationrivieres.org\/wp-content\/uploads\/2023\/04\/Apres-la-romaine_hydroelectricite_Fondation-Rivieres-1024x614.jpg 1024w, https:\/\/fondationrivieres.org\/wp-content\/uploads\/2023\/04\/Apres-la-romaine_hydroelectricite_Fondation-Rivieres-300x180.jpg 300w, https:\/\/fondationrivieres.org\/wp-content\/uploads\/2023\/04\/Apres-la-romaine_hydroelectricite_Fondation-Rivieres-768x461.jpg 768w, https:\/\/fondationrivieres.org\/wp-content\/uploads\/2023\/04\/Apres-la-romaine_hydroelectricite_Fondation-Rivieres-1536x922.jpg 1536w, https:\/\/fondationrivieres.org\/wp-content\/uploads\/2023\/04\/Apres-la-romaine_hydroelectricite_Fondation-Rivieres-2048x1229.jpg 2048w, https:\/\/fondationrivieres.org\/wp-content\/uploads\/2023\/04\/Apres-la-romaine_hydroelectricite_Fondation-Rivieres-18x12.jpg 18w\" sizes=\"(max-width: 800px) 100vw, 800px\" \/><\/div>\n\t\t<\/a>\n\t\t\t\t<div class=\"elementor-post__text\">\n\t\t\t\t<h4 class=\"elementor-post__title\">\n\t\t\t<a href=\"https:\/\/fondationrivieres.org\/en\/lettre-aux-ministres-pour-une-transition-energetique-respectueuse-des-dernieres-rivieres-sauvages\/\">\n\t\t\t\tLettre aux ministres : Pour une transition \u00e9nerg\u00e9tique respectueuse des derni\u00e8res rivi\u00e8res sauvages\t\t\t<\/a>\n\t\t<\/h4>\n\t\t\t\t<div class=\"elementor-post__meta-data\">\n\t\t\t\t\t<span class=\"elementor-post-date\">\n\t\t\t21 April 2023\t\t<\/span>\n\t\t\t\t<\/div>\n\t\t\n\t\t<a class=\"elementor-post__read-more\" href=\"https:\/\/fondationrivieres.org\/en\/lettre-aux-ministres-pour-une-transition-energetique-respectueuse-des-dernieres-rivieres-sauvages\/\" aria-label=\"Read more about Lettre aux ministres : Pour une transition \u00e9nerg\u00e9tique respectueuse des derni\u00e8res rivi\u00e8res sauvages\" tabindex=\"-1\">\n\t\t\tEn savoir plus \u00bb\t\t<\/a>\n\n\t\t\t\t<\/div>\n\t\t\t\t<\/article>\n\t\t\t\t<article class=\"elementor-post elementor-grid-item post-54262 post type-post status-publish format-standard has-post-thumbnail hentry category-guides-et-conseils tag-culture-et-communautes tag-documentaire tag-energie tag-hydroelectricite tag-la-romaine tag-riviere-magpie\" role=\"listitem\">\n\t\t\t\t<a class=\"elementor-post__thumbnail__link\" href=\"https:\/\/fondationrivieres.org\/en\/apres-la-romaine\/\" tabindex=\"-1\">\n\t\t\t<div class=\"elementor-post__thumbnail\"><img loading=\"lazy\" decoding=\"async\" width=\"800\" height=\"450\" src=\"https:\/\/fondationrivieres.org\/wp-content\/uploads\/2023\/04\/ALR_STILLS_010-1024x576.jpeg\" class=\"attachment-large size-large wp-image-54664\" alt=\"Documentaire Apr\u00e8s la Romaine. Cr\u00e9dit : Rapide Blanc\" srcset=\"https:\/\/fondationrivieres.org\/wp-content\/uploads\/2023\/04\/ALR_STILLS_010-1024x576.jpeg 1024w, https:\/\/fondationrivieres.org\/wp-content\/uploads\/2023\/04\/ALR_STILLS_010-300x169.jpeg 300w, https:\/\/fondationrivieres.org\/wp-content\/uploads\/2023\/04\/ALR_STILLS_010-768x432.jpeg 768w, https:\/\/fondationrivieres.org\/wp-content\/uploads\/2023\/04\/ALR_STILLS_010-1536x865.jpeg 1536w, https:\/\/fondationrivieres.org\/wp-content\/uploads\/2023\/04\/ALR_STILLS_010-18x10.jpeg 18w, https:\/\/fondationrivieres.org\/wp-content\/uploads\/2023\/04\/ALR_STILLS_010.jpeg 1700w\" sizes=\"(max-width: 800px) 100vw, 800px\" \/><\/div>\n\t\t<\/a>\n\t\t\t\t<div class=\"elementor-post__text\">\n\t\t\t\t<h4 class=\"elementor-post__title\">\n\t\t\t<a href=\"https:\/\/fondationrivieres.org\/en\/apres-la-romaine\/\">\n\t\t\t\tApr\u00e8s la Romaine : un documentaire \u00e0 voir \u00e0 Radio-Canada\t\t\t<\/a>\n\t\t<\/h4>\n\t\t\t\t<div class=\"elementor-post__meta-data\">\n\t\t\t\t\t<span class=\"elementor-post-date\">\n\t\t\t10 April 2023\t\t<\/span>\n\t\t\t\t<\/div>\n\t\t\n\t\t<a class=\"elementor-post__read-more\" href=\"https:\/\/fondationrivieres.org\/en\/apres-la-romaine\/\" aria-label=\"Read more about Apr\u00e8s la Romaine : un documentaire \u00e0 voir \u00e0 Radio-Canada\" tabindex=\"-1\">\n\t\t\tEn savoir plus \u00bb\t\t<\/a>\n\n\t\t\t\t<\/div>\n\t\t\t\t<\/article>\n\t\t\t\t<article class=\"elementor-post elementor-grid-item post-54069 post type-post status-publish format-standard has-post-thumbnail hentry category-communiques tag-energie tag-hydro-quebec tag-hydroelectricite tag-riviere-du-petit-mecatina\" role=\"listitem\">\n\t\t\t\t<a class=\"elementor-post__thumbnail__link\" href=\"https:\/\/fondationrivieres.org\/en\/etude-potentiel-hydroelectrique-la-riviere-du-petit-mecatina-injustifiee\/\" tabindex=\"-1\">\n\t\t\t<div class=\"elementor-post__thumbnail\"><img loading=\"lazy\" decoding=\"async\" width=\"800\" height=\"540\" src=\"https:\/\/fondationrivieres.org\/wp-content\/uploads\/2023\/04\/Screen-Shot-2023-04-04-at-4.17.46-PM.png\" class=\"attachment-large size-large wp-image-54071\" alt=\"Carte Google Map Qu\u00e9bec - la rivi\u00e8re du Petit M\u00e9catina\" srcset=\"https:\/\/fondationrivieres.org\/wp-content\/uploads\/2023\/04\/Screen-Shot-2023-04-04-at-4.17.46-PM.png 874w, https:\/\/fondationrivieres.org\/wp-content\/uploads\/2023\/04\/Screen-Shot-2023-04-04-at-4.17.46-PM-300x203.png 300w, https:\/\/fondationrivieres.org\/wp-content\/uploads\/2023\/04\/Screen-Shot-2023-04-04-at-4.17.46-PM-768x518.png 768w, https:\/\/fondationrivieres.org\/wp-content\/uploads\/2023\/04\/Screen-Shot-2023-04-04-at-4.17.46-PM-18x12.png 18w\" sizes=\"(max-width: 800px) 100vw, 800px\" \/><\/div>\n\t\t<\/a>\n\t\t\t\t<div class=\"elementor-post__text\">\n\t\t\t\t<h4 class=\"elementor-post__title\">\n\t\t\t<a href=\"https:\/\/fondationrivieres.org\/en\/etude-potentiel-hydroelectrique-la-riviere-du-petit-mecatina-injustifiee\/\">\n\t\t\t\tL\u2019\u00e9tude du potentiel hydro\u00e9lectrique de la rivi\u00e8re du Petit M\u00e9catina est injustifi\u00e9e\t\t\t<\/a>\n\t\t<\/h4>\n\t\t\t\t<div class=\"elementor-post__meta-data\">\n\t\t\t\t\t<span class=\"elementor-post-date\">\n\t\t\t4 April 2023\t\t<\/span>\n\t\t\t\t<\/div>\n\t\t\n\t\t<a class=\"elementor-post__read-more\" href=\"https:\/\/fondationrivieres.org\/en\/etude-potentiel-hydroelectrique-la-riviere-du-petit-mecatina-injustifiee\/\" aria-label=\"Read more about L\u2019\u00e9tude du potentiel hydro\u00e9lectrique de la rivi\u00e8re du Petit M\u00e9catina est injustifi\u00e9e\" tabindex=\"-1\">\n\t\t\tEn savoir plus \u00bb\t\t<\/a>\n\n\t\t\t\t<\/div>\n\t\t\t\t<\/article>\n\t\t\t\t<\/div>\n\t\t\n\t\t\t\t\t\t<\/div>\n\t\t\t\t<\/div>\n\t\t\t\t\t<\/div>\n\t\t\t\t<\/div>\n\t\t<div class=\"elementor-element elementor-element-9af1f60 e-flex e-con-boxed e-con e-parent\" data-id=\"9af1f60\" data-element_type=\"container\" data-e-type=\"container\" data-settings=\"{&quot;jet_parallax_layout_list&quot;:[{&quot;_id&quot;:&quot;521674d&quot;,&quot;jet_parallax_layout_image&quot;:{&quot;url&quot;:&quot;&quot;,&quot;id&quot;:&quot;&quot;,&quot;size&quot;:&quot;&quot;},&quot;jet_parallax_layout_image_tablet&quot;:{&quot;url&quot;:&quot;&quot;,&quot;id&quot;:&quot;&quot;,&quot;size&quot;:&quot;&quot;},&quot;jet_parallax_layout_image_mobile&quot;:{&quot;url&quot;:&quot;&quot;,&quot;id&quot;:&quot;&quot;,&quot;size&quot;:&quot;&quot;},&quot;jet_parallax_layout_speed&quot;:{&quot;unit&quot;:&quot;%&quot;,&quot;size&quot;:50,&quot;sizes&quot;:[]},&quot;jet_parallax_layout_type&quot;:&quot;scroll&quot;,&quot;jet_parallax_layout_direction&quot;:&quot;1&quot;,&quot;jet_parallax_layout_fx_direction&quot;:null,&quot;jet_parallax_layout_z_index&quot;:&quot;&quot;,&quot;jet_parallax_layout_bg_x&quot;:50,&quot;jet_parallax_layout_bg_x_tablet&quot;:&quot;&quot;,&quot;jet_parallax_layout_bg_x_mobile&quot;:&quot;&quot;,&quot;jet_parallax_layout_bg_y&quot;:50,&quot;jet_parallax_layout_bg_y_tablet&quot;:&quot;&quot;,&quot;jet_parallax_layout_bg_y_mobile&quot;:&quot;&quot;,&quot;jet_parallax_layout_bg_size&quot;:&quot;auto&quot;,&quot;jet_parallax_layout_bg_size_tablet&quot;:&quot;&quot;,&quot;jet_parallax_layout_bg_size_mobile&quot;:&quot;&quot;,&quot;jet_parallax_layout_animation_prop&quot;:&quot;transform&quot;,&quot;jet_parallax_layout_on&quot;:[&quot;desktop&quot;,&quot;tablet&quot;]}],&quot;background_background&quot;:&quot;classic&quot;}\">\n\t\t\t\t\t<div class=\"e-con-inner\">\n\t\t\t\t<div class=\"elementor-element elementor-element-f287d25 elementor-widget elementor-widget-image\" data-id=\"f287d25\" data-element_type=\"widget\" data-e-type=\"widget\" data-widget_type=\"image.default\">\n\t\t\t\t<div class=\"elementor-widget-container\">\n\t\t\t\t\t\t\t\t\t\t\t\t\t\t\t\t<a href=\"https:\/\/fondationrivieres.org\/nos-actions\/adoptez-une-riviere\/\">\n\t\t\t\t\t\t\t<img loading=\"lazy\" decoding=\"async\" width=\"600\" height=\"305\" src=\"https:\/\/fondationrivieres.org\/wp-content\/uploads\/2022\/10\/AUR_Logo2022_Blanc.png\" class=\"attachment-large size-large wp-image-49785\" alt=\"Adoptez une rivi\u00e8re - Logo - Lumea 2022\" srcset=\"https:\/\/fondationrivieres.org\/wp-content\/uploads\/2022\/10\/AUR_Logo2022_Blanc.png 600w, https:\/\/fondationrivieres.org\/wp-content\/uploads\/2022\/10\/AUR_Logo2022_Blanc-300x153.png 300w, https:\/\/fondationrivieres.org\/wp-content\/uploads\/2022\/10\/elementor\/thumbs\/AUR_Logo2022_Blanc-q6dbpucvdin4vrjfpxruuq75h0llh47r900nm8m0hs.png 252w\" sizes=\"(max-width: 600px) 100vw, 600px\" \/>\t\t\t\t\t\t\t\t<\/a>\n\t\t\t\t\t\t\t\t\t\t\t\t\t\t\t<\/div>\n\t\t\t\t<\/div>\n\t\t\t\t<div class=\"elementor-element elementor-element-ea270a0 elementor-widget elementor-widget-text-editor\" data-id=\"ea270a0\" data-element_type=\"widget\" data-e-type=\"widget\" data-widget_type=\"text-editor.default\">\n\t\t\t\t<div class=\"elementor-widget-container\">\n\t\t\t\t\t\t\t\t\t<p style=\"text-align: center;\">D\u00e9couvrez les rivi\u00e8res pour lesquelles la Fondation Rivi\u00e8res agit positivement.\u00a0<\/p>\t\t\t\t\t\t\t\t<\/div>\n\t\t\t\t<\/div>\n\t\t\t\t<div class=\"elementor-element elementor-element-6330e6f elementor-align-center elementor-widget elementor-widget-button\" data-id=\"6330e6f\" data-element_type=\"widget\" data-e-type=\"widget\" data-widget_type=\"button.default\">\n\t\t\t\t<div class=\"elementor-widget-container\">\n\t\t\t\t\t\t\t\t\t<div class=\"elementor-button-wrapper\">\n\t\t\t\t\t<a class=\"elementor-button elementor-button-link elementor-size-sm\" href=\"https:\/\/fondationrivieres.org\/nos-actions\/adoptez-une-riviere\/\">\n\t\t\t\t\t\t<span class=\"elementor-button-content-wrapper\">\n\t\t\t\t\t\t<span class=\"elementor-button-icon\">\n\t\t\t\t<i aria-hidden=\"true\" class=\"fas fa-arrow-right\"><\/i>\t\t\t<\/span>\n\t\t\t\t\t\t\t\t\t<span class=\"elementor-button-text\">Adoptez une rivi\u00e8re<\/span>\n\t\t\t\t\t<\/span>\n\t\t\t\t\t<\/a>\n\t\t\t\t<\/div>\n\t\t\t\t\t\t\t\t<\/div>\n\t\t\t\t<\/div>\n\t\t\t\t\t<\/div>\n\t\t\t\t<\/div>\n\t\t\t\t<\/div>\n\t\t","protected":false},"excerpt":{"rendered":"<p>Roy Dupuis is the co-founder of Fondation Rivi\u00e8res, an environmental organization for the protection of Quebec&#039;s rivers. <\/p>","protected":false},"author":2,"featured_media":57669,"parent":203,"menu_order":0,"comment_status":"closed","ping_status":"closed","template":"","meta":{"footnotes":""},"class_list":["post-57647","page","type-page","status-publish","has-post-thumbnail","hentry"],"_links":{"self":[{"href":"https:\/\/fondationrivieres.org\/en\/wp-json\/wp\/v2\/pages\/57647","targetHints":{"allow":["GET"]}}],"collection":[{"href":"https:\/\/fondationrivieres.org\/en\/wp-json\/wp\/v2\/pages"}],"about":[{"href":"https:\/\/fondationrivieres.org\/en\/wp-json\/wp\/v2\/types\/page"}],"author":[{"embeddable":true,"href":"https:\/\/fondationrivieres.org\/en\/wp-json\/wp\/v2\/users\/2"}],"replies":[{"embeddable":true,"href":"https:\/\/fondationrivieres.org\/en\/wp-json\/wp\/v2\/comments?post=57647"}],"version-history":[{"count":10,"href":"https:\/\/fondationrivieres.org\/en\/wp-json\/wp\/v2\/pages\/57647\/revisions"}],"predecessor-version":[{"id":75842,"href":"https:\/\/fondationrivieres.org\/en\/wp-json\/wp\/v2\/pages\/57647\/revisions\/75842"}],"up":[{"embeddable":true,"href":"https:\/\/fondationrivieres.org\/en\/wp-json\/wp\/v2\/pages\/203"}],"wp:featuredmedia":[{"embeddable":true,"href":"https:\/\/fondationrivieres.org\/en\/wp-json\/wp\/v2\/media\/57669"}],"wp:attachment":[{"href":"https:\/\/fondationrivieres.org\/en\/wp-json\/wp\/v2\/media?parent=57647"}],"curies":[{"name":"wp","href":"https:\/\/api.w.org\/{rel}","templated":true}]}}