{"id":54383,"date":"2023-04-13T16:15:06","date_gmt":"2023-04-13T20:15:06","guid":{"rendered":"https:\/\/fondationrivieres.org\/?page_id=54383"},"modified":"2025-05-15T16:48:35","modified_gmt":"2025-05-15T20:48:35","slug":"impact-environnemental-barrages-hydroelectriques","status":"publish","type":"page","link":"https:\/\/fondationrivieres.org\/en\/nos-actions\/impact-environnemental-barrages-hydroelectriques\/","title":{"rendered":"What is the environmental impact of hydroelectric dams?"},"content":{"rendered":"\t\t<div data-elementor-type=\"wp-page\" data-elementor-id=\"54383\" class=\"elementor elementor-54383\" data-elementor-post-type=\"page\">\n\t\t\t\t<section class=\"elementor-element elementor-element-b014886 e-flex e-con-boxed e-con e-parent\" data-id=\"b014886\" data-element_type=\"container\" data-e-type=\"container\" data-settings=\"{&quot;background_background&quot;:&quot;classic&quot;,&quot;jet_parallax_layout_list&quot;:[{&quot;_id&quot;:&quot;5aba9f&quot;,&quot;jet_parallax_layout_speed&quot;:{&quot;unit&quot;:&quot;%&quot;,&quot;size&quot;:52,&quot;sizes&quot;:[]},&quot;jet_parallax_layout_bg_y&quot;:29,&quot;jet_parallax_layout_image&quot;:{&quot;url&quot;:&quot;&quot;,&quot;id&quot;:&quot;&quot;,&quot;size&quot;:&quot;&quot;},&quot;jet_parallax_layout_image_tablet&quot;:{&quot;url&quot;:&quot;&quot;,&quot;id&quot;:&quot;&quot;,&quot;size&quot;:&quot;&quot;},&quot;jet_parallax_layout_image_mobile&quot;:{&quot;url&quot;:&quot;&quot;,&quot;id&quot;:&quot;&quot;,&quot;size&quot;:&quot;&quot;},&quot;jet_parallax_layout_type&quot;:&quot;scroll&quot;,&quot;jet_parallax_layout_direction&quot;:&quot;1&quot;,&quot;jet_parallax_layout_fx_direction&quot;:null,&quot;jet_parallax_layout_z_index&quot;:&quot;&quot;,&quot;jet_parallax_layout_bg_x&quot;:50,&quot;jet_parallax_layout_bg_x_tablet&quot;:&quot;&quot;,&quot;jet_parallax_layout_bg_x_mobile&quot;:&quot;&quot;,&quot;jet_parallax_layout_bg_y_tablet&quot;:&quot;&quot;,&quot;jet_parallax_layout_bg_y_mobile&quot;:&quot;&quot;,&quot;jet_parallax_layout_bg_size&quot;:&quot;auto&quot;,&quot;jet_parallax_layout_bg_size_tablet&quot;:&quot;&quot;,&quot;jet_parallax_layout_bg_size_mobile&quot;:&quot;&quot;,&quot;jet_parallax_layout_animation_prop&quot;:&quot;transform&quot;,&quot;jet_parallax_layout_on&quot;:[&quot;desktop&quot;,&quot;tablet&quot;]}]}\">\n\t\t\t\t\t<div class=\"e-con-inner\">\n\t\t<div class=\"elementor-element elementor-element-d19b6db e-con-full elementor-hidden-tablet elementor-hidden-mobile e-flex e-con e-child\" data-id=\"d19b6db\" data-element_type=\"container\" data-e-type=\"container\" data-settings=\"{&quot;background_background&quot;:&quot;classic&quot;,&quot;jet_parallax_layout_list&quot;:[]}\">\n\t\t\t\t<div class=\"elementor-element elementor-element-eb39b18 elementor-hidden-tablet elementor-hidden-mobile elementor-widget elementor-widget-jet-breadcrumbs\" data-id=\"eb39b18\" data-element_type=\"widget\" data-e-type=\"widget\" data-widget_type=\"jet-breadcrumbs.default\">\n\t\t\t\t<div class=\"elementor-widget-container\">\n\t\t\t\t\t<div class=\"elementor-jet-breadcrumbs jet-blocks\">\n\t\t<div class=\"jet-breadcrumbs\">\n\t\t<div class=\"jet-breadcrumbs__content\">\n\t\t<div class=\"jet-breadcrumbs__wrap\"><div class=\"jet-breadcrumbs__item\"><a href=\"https:\/\/fondationrivieres.org\/en\/\" class=\"jet-breadcrumbs__item-link is-home\" rel=\"home\" title=\"Fondation Rivi\u00e8res\">Fondation Rivi\u00e8res<\/a><\/div>\n\t\t<\/div>\n\t\t<\/div>\n\t\t<\/div><\/div>\t\t\t\t<\/div>\n\t\t\t\t<\/div>\n\t\t\t\t<div class=\"elementor-element elementor-element-682016e elementor-widget elementor-widget-heading\" data-id=\"682016e\" data-element_type=\"widget\" data-e-type=\"widget\" data-widget_type=\"heading.default\">\n\t\t\t\t<div class=\"elementor-widget-container\">\n\t\t\t\t\t<h1 class=\"elementor-heading-title elementor-size-default\">Quel est l\u2019impact environnemental des barrages hydro\u00e9lectriques?\n<\/h1>\t\t\t\t<\/div>\n\t\t\t\t<\/div>\n\t\t\t\t<div class=\"elementor-element elementor-element-b99ba6b elementor-widget-divider--view-line elementor-widget elementor-widget-divider\" data-id=\"b99ba6b\" data-element_type=\"widget\" data-e-type=\"widget\" data-widget_type=\"divider.default\">\n\t\t\t\t<div class=\"elementor-widget-container\">\n\t\t\t\t\t\t\t<div class=\"elementor-divider\">\n\t\t\t<span class=\"elementor-divider-separator\">\n\t\t\t\t\t\t<\/span>\n\t\t<\/div>\n\t\t\t\t\t\t<\/div>\n\t\t\t\t<\/div>\n\t\t\t\t<div class=\"elementor-element elementor-element-02e518b elementor-widget elementor-widget-heading\" data-id=\"02e518b\" data-element_type=\"widget\" data-e-type=\"widget\" data-widget_type=\"heading.default\">\n\t\t\t\t<div class=\"elementor-widget-container\">\n\t\t\t\t\t<h2 class=\"elementor-heading-title elementor-size-default\">D\u00e9couvrez 4 impacts de l'hydro\u00e9lectricit\u00e9 sur l'environnement <\/h2>\t\t\t\t<\/div>\n\t\t\t\t<\/div>\n\t\t\t\t<div class=\"elementor-element elementor-element-30618c7 elementor-widget elementor-widget-text-editor\" data-id=\"30618c7\" data-element_type=\"widget\" data-e-type=\"widget\" data-widget_type=\"text-editor.default\">\n\t\t\t\t<div class=\"elementor-widget-container\">\n\t\t\t\t\t\t\t\t\t<p>Les barrages hydro\u00e9lectriques ont des impacts sur l\u2019environnement \u2013 la nature, la rivi\u00e8re, la faune et la flore \u2013 et sur les communaut\u00e9s locales. En effet, bien que l\u2019hydro\u00e9lectricit\u00e9 soit une \u00e9nergie renouvelable, elle n\u2019est pas sans cons\u00e9quences.<\/p>\t\t\t\t\t\t\t\t<\/div>\n\t\t\t\t<\/div>\n\t\t\t\t<\/div>\n\t\t\t\t\t<\/div>\n\t\t\t\t<\/section>\n\t\t<div class=\"elementor-element elementor-element-e406a0a e-flex e-con-boxed e-con e-parent\" data-id=\"e406a0a\" data-element_type=\"container\" data-e-type=\"container\" data-settings=\"{&quot;background_background&quot;:&quot;classic&quot;,&quot;jet_parallax_layout_list&quot;:[{&quot;_id&quot;:&quot;5aba9f&quot;,&quot;jet_parallax_layout_image&quot;:{&quot;url&quot;:&quot;&quot;,&quot;id&quot;:&quot;&quot;,&quot;size&quot;:&quot;&quot;},&quot;jet_parallax_layout_image_tablet&quot;:{&quot;url&quot;:&quot;&quot;,&quot;id&quot;:&quot;&quot;,&quot;size&quot;:&quot;&quot;},&quot;jet_parallax_layout_image_mobile&quot;:{&quot;url&quot;:&quot;&quot;,&quot;id&quot;:&quot;&quot;,&quot;size&quot;:&quot;&quot;},&quot;jet_parallax_layout_speed&quot;:{&quot;unit&quot;:&quot;%&quot;,&quot;size&quot;:50,&quot;sizes&quot;:[]},&quot;jet_parallax_layout_type&quot;:&quot;scroll&quot;,&quot;jet_parallax_layout_direction&quot;:&quot;1&quot;,&quot;jet_parallax_layout_fx_direction&quot;:null,&quot;jet_parallax_layout_z_index&quot;:&quot;&quot;,&quot;jet_parallax_layout_bg_x&quot;:50,&quot;jet_parallax_layout_bg_x_tablet&quot;:&quot;&quot;,&quot;jet_parallax_layout_bg_x_mobile&quot;:&quot;&quot;,&quot;jet_parallax_layout_bg_y&quot;:50,&quot;jet_parallax_layout_bg_y_tablet&quot;:&quot;&quot;,&quot;jet_parallax_layout_bg_y_mobile&quot;:&quot;&quot;,&quot;jet_parallax_layout_bg_size&quot;:&quot;auto&quot;,&quot;jet_parallax_layout_bg_size_tablet&quot;:&quot;&quot;,&quot;jet_parallax_layout_bg_size_mobile&quot;:&quot;&quot;,&quot;jet_parallax_layout_animation_prop&quot;:&quot;transform&quot;,&quot;jet_parallax_layout_on&quot;:[&quot;desktop&quot;,&quot;tablet&quot;]}]}\">\n\t\t\t\t\t<div class=\"e-con-inner\">\n\t\t<div class=\"elementor-element elementor-element-8a2fb13 e-con-full e-flex e-con e-child\" data-id=\"8a2fb13\" data-element_type=\"container\" data-e-type=\"container\" data-settings=\"{&quot;jet_parallax_layout_list&quot;:[]}\">\n\t\t\t\t<div class=\"elementor-element elementor-element-6f9c2fc elementor-widget elementor-widget-spacer\" data-id=\"6f9c2fc\" data-element_type=\"widget\" data-e-type=\"widget\" data-widget_type=\"spacer.default\">\n\t\t\t\t<div class=\"elementor-widget-container\">\n\t\t\t\t\t\t\t<div class=\"elementor-spacer\">\n\t\t\t<div class=\"elementor-spacer-inner\"><\/div>\n\t\t<\/div>\n\t\t\t\t\t\t<\/div>\n\t\t\t\t<\/div>\n\t\t\t\t<div class=\"elementor-element elementor-element-34cb86b elementor-widget elementor-widget-heading\" data-id=\"34cb86b\" data-element_type=\"widget\" data-e-type=\"widget\" data-widget_type=\"heading.default\">\n\t\t\t\t<div class=\"elementor-widget-container\">\n\t\t\t\t\t<h3 class=\"elementor-heading-title elementor-size-default\">Bouleversement des \u00e9cosyst\u00e8mes aquatiques<\/h3>\t\t\t\t<\/div>\n\t\t\t\t<\/div>\n\t\t\t\t<div class=\"elementor-element elementor-element-2aac0a1 elementor-widget elementor-widget-spacer\" data-id=\"2aac0a1\" data-element_type=\"widget\" data-e-type=\"widget\" data-widget_type=\"spacer.default\">\n\t\t\t\t<div class=\"elementor-widget-container\">\n\t\t\t\t\t\t\t<div class=\"elementor-spacer\">\n\t\t\t<div class=\"elementor-spacer-inner\"><\/div>\n\t\t<\/div>\n\t\t\t\t\t\t<\/div>\n\t\t\t\t<\/div>\n\t\t\t\t<div class=\"elementor-element elementor-element-5cc840f elementor-widget elementor-widget-text-editor\" data-id=\"5cc840f\" data-element_type=\"widget\" data-e-type=\"widget\" data-widget_type=\"text-editor.default\">\n\t\t\t\t<div class=\"elementor-widget-container\">\n\t\t\t\t\t\t\t\t\t<p>Les barrages hydro\u00e9lectriques ont des impacts sur les \u00e9cosyst\u00e8mes aquatiques. Une <a href=\"https:\/\/cdnsciencepub.com\/doi\/full\/10.1139\/cjfas-2017-0561#.W2rqJChKg2w\" target=\"_blank\" rel=\"noopener\">\u00e9tude men\u00e9e en 2017 par une \u00e9quipe de chercheurs de l\u2019Institut des Sciences de la For\u00eat Temp\u00e9r\u00e9e de l\u2019Universit\u00e9 du Qu\u00e9bec en Outaouais (UQO)<\/a> rel\u00e8ve que les r\u00e9servoirs en r\u00e9gion bor\u00e9ale, comme au Qu\u00e9bec, ont peu d\u2019effet sur le nombre d\u2019esp\u00e8ces qu\u2019on y retrouve. Or, ils affectent les structures d\u2019esp\u00e8ces. En d\u2019autres mots, la pr\u00e9sence de ces r\u00e9servoirs ne m\u00e8ne pas \u00e0 l&rsquo;apparition ou \u00e0 la disparition d\u2019esp\u00e8ces, mais leur pr\u00e9sence modifie la quantit\u00e9 d\u2019individus au sein d&rsquo;une m\u00eame esp\u00e8ce. Les r\u00e9servoirs s&rsquo;av\u00e8rent ainsi avantageux pour certaines, dont les cor\u00e9gonid\u00e9s et les brochets, mais n\u00e9faste pour d\u2019autres, incluant les meuniers et un salmonid\u00e9.<\/p><p>L\u2019augmentation de la temp\u00e9rature de l\u2019eau due \u00e0 l\u2019eau stagnante ainsi que la d\u00e9composition de la mati\u00e8re organique suite \u00e0 l&rsquo;inondation du sol pourraient expliquer ce ph\u00e9nom\u00e8ne. Aussi, la fluctuation des niveaux d\u2019eau caus\u00e9e par l\u2019op\u00e9ration du barrage pourrait avoir un effet n\u00e9gatif sur les macroinvert\u00e9br\u00e9s dont s\u2019approvisionnent les poissons.<\/p>\t\t\t\t\t\t\t\t<\/div>\n\t\t\t\t<\/div>\n\t\t\t\t<\/div>\n\t\t<div class=\"elementor-element elementor-element-24ee348 e-con-full e-flex e-con e-child\" data-id=\"24ee348\" data-element_type=\"container\" data-e-type=\"container\" data-settings=\"{&quot;jet_parallax_layout_list&quot;:[]}\">\n\t\t\t\t<div class=\"elementor-element elementor-element-11b2475 elementor-widget elementor-widget-spacer\" data-id=\"11b2475\" data-element_type=\"widget\" data-e-type=\"widget\" data-widget_type=\"spacer.default\">\n\t\t\t\t<div class=\"elementor-widget-container\">\n\t\t\t\t\t\t\t<div class=\"elementor-spacer\">\n\t\t\t<div class=\"elementor-spacer-inner\"><\/div>\n\t\t<\/div>\n\t\t\t\t\t\t<\/div>\n\t\t\t\t<\/div>\n\t\t\t\t<div class=\"elementor-element elementor-element-0f7d782 elementor-widget elementor-widget-image\" data-id=\"0f7d782\" data-element_type=\"widget\" data-e-type=\"widget\" data-widget_type=\"image.default\">\n\t\t\t\t<div class=\"elementor-widget-container\">\n\t\t\t\t\t\t\t\t\t\t\t\t<figure class=\"wp-caption\">\n\t\t\t\t\t\t\t\t\t\t<img fetchpriority=\"high\" decoding=\"async\" width=\"800\" height=\"400\" src=\"https:\/\/fondationrivieres.org\/wp-content\/uploads\/2023\/04\/Meunier-Noir_RAPPEL_perca31-Licence-CC-BY-NC-1024x512.jpg\" class=\"attachment-large size-large wp-image-54702\" alt=\"Meunier Noir cr\u00e9dit photo Rappel perca31-Licence-CC-BY-NC - impact des barrages hydro\u00e9lectriques\" srcset=\"https:\/\/fondationrivieres.org\/wp-content\/uploads\/2023\/04\/Meunier-Noir_RAPPEL_perca31-Licence-CC-BY-NC-1024x512.jpg 1024w, https:\/\/fondationrivieres.org\/wp-content\/uploads\/2023\/04\/Meunier-Noir_RAPPEL_perca31-Licence-CC-BY-NC-300x150.jpg 300w, https:\/\/fondationrivieres.org\/wp-content\/uploads\/2023\/04\/Meunier-Noir_RAPPEL_perca31-Licence-CC-BY-NC-768x384.jpg 768w, https:\/\/fondationrivieres.org\/wp-content\/uploads\/2023\/04\/Meunier-Noir_RAPPEL_perca31-Licence-CC-BY-NC-1536x768.jpg 1536w, https:\/\/fondationrivieres.org\/wp-content\/uploads\/2023\/04\/Meunier-Noir_RAPPEL_perca31-Licence-CC-BY-NC-18x9.jpg 18w, https:\/\/fondationrivieres.org\/wp-content\/uploads\/2023\/04\/Meunier-Noir_RAPPEL_perca31-Licence-CC-BY-NC.jpg 1920w\" sizes=\"(max-width: 800px) 100vw, 800px\" \/>\t\t\t\t\t\t\t\t\t\t\t<figcaption class=\"widget-image-caption wp-caption-text\">Meunier Noir. Cr\u00e9dit : RAPPEL  <\/figcaption>\n\t\t\t\t\t\t\t\t\t\t<\/figure>\n\t\t\t\t\t\t\t\t\t<\/div>\n\t\t\t\t<\/div>\n\t\t\t\t<div class=\"elementor-element elementor-element-d9e829e elementor-widget elementor-widget-text-editor\" data-id=\"d9e829e\" data-element_type=\"widget\" data-e-type=\"widget\" data-widget_type=\"text-editor.default\">\n\t\t\t\t<div class=\"elementor-widget-container\">\n\t\t\t\t\t\t\t\t\t<p>Quant aux barrages au fil de l\u2019eau, c\u2019est-\u00e0-dire des barrages sans grand r\u00e9servoir, ils repr\u00e9sentent un obstacle \u00e0 la migration des esp\u00e8ces aquatiques. C\u2019est pourquoi plusieurs de ces barrages sont munis de <a href=\"https:\/\/www.ledevoir.com\/opinion\/chroniques\/348547\/laissez-passer-les-poissons\" target=\"_blank\" rel=\"noopener\">passes migratoires pour poissons<\/a>, et parfois, <a href=\"https:\/\/www.hydroquebec.com\/data\/developpement-durable\/pdf\/fiche-anguille-amerique-fr.pdf\" target=\"_blank\" rel=\"noopener\">pour anguilles<\/a>. Hydro-Qu\u00e9bec d\u00e9ploie beaucoup d\u2019efforts dans leur maintenance, mais les r\u00e9sultats sont souvent al\u00e9atoires. Ces passes ne garantissent donc pas la survie de toutes les esp\u00e8ces qui y transitent. Face aux changements climatiques et \u00e0 la hausse de la temp\u00e9rature de l\u2019eau, il importe de faciliter le passage des esp\u00e8ces vers des eaux qui leurs sont adapt\u00e9es.<\/p>\t\t\t\t\t\t\t\t<\/div>\n\t\t\t\t<\/div>\n\t\t\t\t<div class=\"elementor-element elementor-element-4230e97 elementor-widget elementor-widget-spacer\" data-id=\"4230e97\" data-element_type=\"widget\" data-e-type=\"widget\" data-widget_type=\"spacer.default\">\n\t\t\t\t<div class=\"elementor-widget-container\">\n\t\t\t\t\t\t\t<div class=\"elementor-spacer\">\n\t\t\t<div class=\"elementor-spacer-inner\"><\/div>\n\t\t<\/div>\n\t\t\t\t\t\t<\/div>\n\t\t\t\t<\/div>\n\t\t\t\t<\/div>\n\t\t\t\t\t<\/div>\n\t\t\t\t<\/div>\n\t\t<div class=\"elementor-element elementor-element-9b94df6 e-flex e-con-boxed e-con e-parent\" data-id=\"9b94df6\" data-element_type=\"container\" data-e-type=\"container\" data-settings=\"{&quot;jet_parallax_layout_list&quot;:[],&quot;background_background&quot;:&quot;classic&quot;}\">\n\t\t\t\t\t<div class=\"e-con-inner\">\n\t\t\t\t<div class=\"elementor-element elementor-element-88208b5 elementor-widget elementor-widget-text-editor\" data-id=\"88208b5\" data-element_type=\"widget\" data-e-type=\"widget\" data-widget_type=\"text-editor.default\">\n\t\t\t\t<div class=\"elementor-widget-container\">\n\t\t\t\t\t\t\t\t\t<p>Les cons\u00e9quences des barrages sur l\u2019environnement pourraient \u00eatre plus importantes qu\u2019on ne le croit : il n&rsquo;existe aucune \u00e9tude ind\u00e9pendante sur leurs effets cumulatifs, tant sur le cycle de l\u2019eau, que sur la biodiversit\u00e9 en territoire qu\u00e9b\u00e9cois.<\/p>\t\t\t\t\t\t\t\t<\/div>\n\t\t\t\t<\/div>\n\t\t\t\t\t<\/div>\n\t\t\t\t<\/div>\n\t\t<div class=\"elementor-element elementor-element-ac8cb6f e-flex e-con-boxed e-con e-parent\" data-id=\"ac8cb6f\" data-element_type=\"container\" data-e-type=\"container\" data-settings=\"{&quot;background_background&quot;:&quot;classic&quot;,&quot;jet_parallax_layout_list&quot;:[{&quot;_id&quot;:&quot;f0847bb&quot;,&quot;jet_parallax_layout_image&quot;:{&quot;url&quot;:&quot;&quot;,&quot;id&quot;:&quot;&quot;,&quot;size&quot;:&quot;&quot;},&quot;jet_parallax_layout_image_tablet&quot;:{&quot;url&quot;:&quot;&quot;,&quot;id&quot;:&quot;&quot;,&quot;size&quot;:&quot;&quot;},&quot;jet_parallax_layout_image_mobile&quot;:{&quot;url&quot;:&quot;&quot;,&quot;id&quot;:&quot;&quot;,&quot;size&quot;:&quot;&quot;},&quot;jet_parallax_layout_speed&quot;:{&quot;unit&quot;:&quot;%&quot;,&quot;size&quot;:50,&quot;sizes&quot;:[]},&quot;jet_parallax_layout_type&quot;:&quot;scroll&quot;,&quot;jet_parallax_layout_direction&quot;:&quot;1&quot;,&quot;jet_parallax_layout_fx_direction&quot;:null,&quot;jet_parallax_layout_z_index&quot;:&quot;&quot;,&quot;jet_parallax_layout_bg_x&quot;:50,&quot;jet_parallax_layout_bg_x_tablet&quot;:&quot;&quot;,&quot;jet_parallax_layout_bg_x_mobile&quot;:&quot;&quot;,&quot;jet_parallax_layout_bg_y&quot;:50,&quot;jet_parallax_layout_bg_y_tablet&quot;:&quot;&quot;,&quot;jet_parallax_layout_bg_y_mobile&quot;:&quot;&quot;,&quot;jet_parallax_layout_bg_size&quot;:&quot;auto&quot;,&quot;jet_parallax_layout_bg_size_tablet&quot;:&quot;&quot;,&quot;jet_parallax_layout_bg_size_mobile&quot;:&quot;&quot;,&quot;jet_parallax_layout_animation_prop&quot;:&quot;transform&quot;,&quot;jet_parallax_layout_on&quot;:[&quot;desktop&quot;,&quot;tablet&quot;]}]}\">\n\t\t\t\t\t<div class=\"e-con-inner\">\n\t\t<div class=\"elementor-element elementor-element-8c9eedf e-con-full e-flex e-con e-child\" data-id=\"8c9eedf\" data-element_type=\"container\" data-e-type=\"container\" data-settings=\"{&quot;jet_parallax_layout_list&quot;:[]}\">\n\t\t\t\t<div class=\"elementor-element elementor-element-597d2cf elementor-widget elementor-widget-spacer\" data-id=\"597d2cf\" data-element_type=\"widget\" data-e-type=\"widget\" data-widget_type=\"spacer.default\">\n\t\t\t\t<div class=\"elementor-widget-container\">\n\t\t\t\t\t\t\t<div class=\"elementor-spacer\">\n\t\t\t<div class=\"elementor-spacer-inner\"><\/div>\n\t\t<\/div>\n\t\t\t\t\t\t<\/div>\n\t\t\t\t<\/div>\n\t\t\t\t<div class=\"elementor-element elementor-element-cc4dd9d elementor-widget elementor-widget-heading\" data-id=\"cc4dd9d\" data-element_type=\"widget\" data-e-type=\"widget\" data-widget_type=\"heading.default\">\n\t\t\t\t<div class=\"elementor-widget-container\">\n\t\t\t\t\t<h4 class=\"elementor-heading-title elementor-size-default\">Perturbation de l\u2019habitat du caribou forestier<\/h4>\t\t\t\t<\/div>\n\t\t\t\t<\/div>\n\t\t\t\t<div class=\"elementor-element elementor-element-9873e9b elementor-widget elementor-widget-spacer\" data-id=\"9873e9b\" data-element_type=\"widget\" data-e-type=\"widget\" data-widget_type=\"spacer.default\">\n\t\t\t\t<div class=\"elementor-widget-container\">\n\t\t\t\t\t\t\t<div class=\"elementor-spacer\">\n\t\t\t<div class=\"elementor-spacer-inner\"><\/div>\n\t\t<\/div>\n\t\t\t\t\t\t<\/div>\n\t\t\t\t<\/div>\n\t\t\t\t<div class=\"elementor-element elementor-element-6048dc6 elementor-widget elementor-widget-text-editor\" data-id=\"6048dc6\" data-element_type=\"widget\" data-e-type=\"widget\" data-widget_type=\"text-editor.default\">\n\t\t\t\t<div class=\"elementor-widget-container\">\n\t\t\t\t\t\t\t\t\t<p>Le caribou forestier est une esp\u00e8ce vuln\u00e9rable au Qu\u00e9bec, et menac\u00e9e au Canada. Puisque c\u2019est une esp\u00e8ce qui choisit de vivre dans des milieux sauvages, au riche couvert v\u00e9g\u00e9tal et le moins perturb\u00e9 possible par toute forme d\u2019activit\u00e9 humaine, elle est tr\u00e8s sensible \u00e0 ces derni\u00e8res, incluant les barrages hydro\u00e9lectriques. Pr\u00e9cis\u00e9ment, ce sont les lignes de transport d\u2019\u00e9nergie ainsi que la construction de routes d\u2019acc\u00e8s aux centrales qui perturbent son habitat.<\/p><p>Ces modifications au territoire ont pour effet d\u2019ouvrir la voie aux pr\u00e9dateurs, dont le loup. Les lignes de transport engendreraient des impacts cumul\u00e9s \u00e0 ceux des coupes foresti\u00e8res et des routes sur le comportement du caribous forestier, selon un <a href=\"https:\/\/voute.bape.gouv.qc.ca\/dl\/?id=00000041231\" target=\"_blank\" rel=\"noopener\">rapport d\u2019\u00e9valuation des impacts men\u00e9e en 2013 par l\u2019Universit\u00e9 du Qu\u00e9bec \u00e0 Rimouski (UQAR), l\u2019Universit\u00e9 du Qu\u00e9bec \u00e0 Montr\u00e9al (UQAM) et le Minist\u00e8re du D\u00e9veloppement durable, de l\u2019Environnement, de la Faune et des Parcs du Qu\u00e9bec.<\/a><\/p>\t\t\t\t\t\t\t\t<\/div>\n\t\t\t\t<\/div>\n\t\t\t\t<div class=\"elementor-element elementor-element-afa5dea elementor-widget elementor-widget-spacer\" data-id=\"afa5dea\" data-element_type=\"widget\" data-e-type=\"widget\" data-widget_type=\"spacer.default\">\n\t\t\t\t<div class=\"elementor-widget-container\">\n\t\t\t\t\t\t\t<div class=\"elementor-spacer\">\n\t\t\t<div class=\"elementor-spacer-inner\"><\/div>\n\t\t<\/div>\n\t\t\t\t\t\t<\/div>\n\t\t\t\t<\/div>\n\t\t\t\t<\/div>\n\t\t<div class=\"elementor-element elementor-element-5ca2892 e-con-full e-flex e-con e-child\" data-id=\"5ca2892\" data-element_type=\"container\" data-e-type=\"container\" data-settings=\"{&quot;jet_parallax_layout_list&quot;:[]}\">\n\t\t\t\t<div class=\"elementor-element elementor-element-6bd2833 elementor-widget elementor-widget-image\" data-id=\"6bd2833\" data-element_type=\"widget\" data-e-type=\"widget\" data-widget_type=\"image.default\">\n\t\t\t\t<div class=\"elementor-widget-container\">\n\t\t\t\t\t\t\t\t\t\t\t\t<figure class=\"wp-caption\">\n\t\t\t\t\t\t\t\t\t\t<img decoding=\"async\" width=\"678\" height=\"381\" src=\"https:\/\/fondationrivieres.org\/wp-content\/uploads\/2023\/04\/Caribou_Environnement-et-Changement-climatique-Canada.jpeg\" class=\"attachment-large size-large wp-image-54704\" alt=\"Caribou_Environnement et Changement climatique Canada\" srcset=\"https:\/\/fondationrivieres.org\/wp-content\/uploads\/2023\/04\/Caribou_Environnement-et-Changement-climatique-Canada.jpeg 678w, https:\/\/fondationrivieres.org\/wp-content\/uploads\/2023\/04\/Caribou_Environnement-et-Changement-climatique-Canada-300x169.jpeg 300w, https:\/\/fondationrivieres.org\/wp-content\/uploads\/2023\/04\/Caribou_Environnement-et-Changement-climatique-Canada-18x10.jpeg 18w\" sizes=\"(max-width: 678px) 100vw, 678px\" \/>\t\t\t\t\t\t\t\t\t\t\t<figcaption class=\"widget-image-caption wp-caption-text\">Caribou. Cr\u00e9dit Environnement et Changement climatique Canada<\/figcaption>\n\t\t\t\t\t\t\t\t\t\t<\/figure>\n\t\t\t\t\t\t\t\t\t<\/div>\n\t\t\t\t<\/div>\n\t\t\t\t<div class=\"elementor-element elementor-element-efc0adb elementor-widget elementor-widget-text-editor\" data-id=\"efc0adb\" data-element_type=\"widget\" data-e-type=\"widget\" data-widget_type=\"text-editor.default\">\n\t\t\t\t<div class=\"elementor-widget-container\">\n\t\t\t\t\t\t\t\t\t<p>De son c\u00f4t\u00e9, Hydro-Qu\u00e9bec \u00e9tudie les effets de la construction et l\u2019exploitation du complexe de la Romaine. L\u2019\u00e9tude, qui a d\u00e9but\u00e9 en 2009, devrait se poursuivre jusqu\u2019en 2025, mais note d\u00e9j\u00e0 une <a href=\"https:\/\/www.hydroquebec.com\/romaine\/developpement-durable\/respect\/caribou.html\" target=\"_blank\" rel=\"noopener\">d\u00e9croissance de 21%<\/a> de la population dans la zone \u00e9tudi\u00e9e. D\u2019autres part, l&rsquo;inondation d\u2019un territoire pour cr\u00e9er un r\u00e9servoir entra\u00eene le d\u00e9placement de populations d\u2019autres esp\u00e8ces terrestres comme les ours et les castors.<\/p>\t\t\t\t\t\t\t\t<\/div>\n\t\t\t\t<\/div>\n\t\t\t\t<\/div>\n\t\t\t\t\t<\/div>\n\t\t\t\t<\/div>\n\t\t<div class=\"elementor-element elementor-element-d38784a e-flex e-con-boxed e-con e-parent\" data-id=\"d38784a\" data-element_type=\"container\" data-e-type=\"container\" data-settings=\"{&quot;background_background&quot;:&quot;classic&quot;,&quot;jet_parallax_layout_list&quot;:[{&quot;_id&quot;:&quot;5aba9f&quot;,&quot;jet_parallax_layout_image&quot;:{&quot;url&quot;:&quot;&quot;,&quot;id&quot;:&quot;&quot;,&quot;size&quot;:&quot;&quot;},&quot;jet_parallax_layout_image_tablet&quot;:{&quot;url&quot;:&quot;&quot;,&quot;id&quot;:&quot;&quot;,&quot;size&quot;:&quot;&quot;},&quot;jet_parallax_layout_image_mobile&quot;:{&quot;url&quot;:&quot;&quot;,&quot;id&quot;:&quot;&quot;,&quot;size&quot;:&quot;&quot;},&quot;jet_parallax_layout_speed&quot;:{&quot;unit&quot;:&quot;%&quot;,&quot;size&quot;:50,&quot;sizes&quot;:[]},&quot;jet_parallax_layout_type&quot;:&quot;scroll&quot;,&quot;jet_parallax_layout_direction&quot;:&quot;1&quot;,&quot;jet_parallax_layout_fx_direction&quot;:null,&quot;jet_parallax_layout_z_index&quot;:&quot;&quot;,&quot;jet_parallax_layout_bg_x&quot;:50,&quot;jet_parallax_layout_bg_x_tablet&quot;:&quot;&quot;,&quot;jet_parallax_layout_bg_x_mobile&quot;:&quot;&quot;,&quot;jet_parallax_layout_bg_y&quot;:50,&quot;jet_parallax_layout_bg_y_tablet&quot;:&quot;&quot;,&quot;jet_parallax_layout_bg_y_mobile&quot;:&quot;&quot;,&quot;jet_parallax_layout_bg_size&quot;:&quot;auto&quot;,&quot;jet_parallax_layout_bg_size_tablet&quot;:&quot;&quot;,&quot;jet_parallax_layout_bg_size_mobile&quot;:&quot;&quot;,&quot;jet_parallax_layout_animation_prop&quot;:&quot;transform&quot;,&quot;jet_parallax_layout_on&quot;:[&quot;desktop&quot;,&quot;tablet&quot;]}],&quot;background_motion_fx_motion_fx_mouse&quot;:&quot;yes&quot;}\">\n\t\t\t\t\t<div class=\"e-con-inner\">\n\t\t<div class=\"elementor-element elementor-element-120d0b0 e-con-full e-flex e-con e-child\" data-id=\"120d0b0\" data-element_type=\"container\" data-e-type=\"container\" data-settings=\"{&quot;jet_parallax_layout_list&quot;:[],&quot;background_background&quot;:&quot;classic&quot;}\">\n\t\t\t\t<div class=\"elementor-element elementor-element-d0d09cf elementor-view-default elementor-widget elementor-widget-icon\" data-id=\"d0d09cf\" data-element_type=\"widget\" data-e-type=\"widget\" data-widget_type=\"icon.default\">\n\t\t\t\t<div class=\"elementor-widget-container\">\n\t\t\t\t\t\t\t<div class=\"elementor-icon-wrapper\">\n\t\t\t<div class=\"elementor-icon\">\n\t\t\t<i aria-hidden=\"true\" class=\"fas fa-video\"><\/i>\t\t\t<\/div>\n\t\t<\/div>\n\t\t\t\t\t\t<\/div>\n\t\t\t\t<\/div>\n\t\t\t\t<div class=\"elementor-element elementor-element-6904c1e elementor-widget elementor-widget-heading\" data-id=\"6904c1e\" data-element_type=\"widget\" data-e-type=\"widget\" data-widget_type=\"heading.default\">\n\t\t\t\t<div class=\"elementor-widget-container\">\n\t\t\t\t\t<h4 class=\"elementor-heading-title elementor-size-default\">Avez-vous vu Chercher le courant?<\/h4>\t\t\t\t<\/div>\n\t\t\t\t<\/div>\n\t\t\t\t<div class=\"elementor-element elementor-element-ba84d8d elementor-widget elementor-widget-text-editor\" data-id=\"ba84d8d\" data-element_type=\"widget\" data-e-type=\"widget\" data-widget_type=\"text-editor.default\">\n\t\t\t\t<div class=\"elementor-widget-container\">\n\t\t\t\t\t\t\t\t\t<p>Nicolas Boisclair et Alexis de Gheldere, accompagn\u00e9s de Roy Dupuis, pr\u00e9sentent dans leur documentaire la beaut\u00e9 de la rivi\u00e8re Romaine avant qu\u2019Hydro-Qu\u00e9bec y construise quatre barrages hydro\u00e9lectriques.<\/p><p style=\"padding-left: 40px;\"><a href=\"https:\/\/www.youtube.com\/watch?v=RcNBHoaGzNs\" target=\"_blank\" rel=\"nofollow noopener\"><strong>Acc\u00e9dez \u00e0 l&rsquo;int\u00e9gral du documentaire\u00a0 \u2192<\/strong><\/a><\/p>\t\t\t\t\t\t\t\t<\/div>\n\t\t\t\t<\/div>\n\t\t\t\t<\/div>\n\t\t<div class=\"elementor-element elementor-element-d8f351c e-con-full e-flex e-con e-child\" data-id=\"d8f351c\" data-element_type=\"container\" data-e-type=\"container\" data-settings=\"{&quot;jet_parallax_layout_list&quot;:[]}\">\n\t\t\t\t<div class=\"elementor-element elementor-element-4ea1ce8 elementor-widget elementor-widget-video\" data-id=\"4ea1ce8\" data-element_type=\"widget\" data-e-type=\"widget\" data-settings=\"{&quot;youtube_url&quot;:&quot;https:\\\/\\\/www.youtube.com\\\/watch?v=RcNBHoaGzNs&quot;,&quot;start&quot;:2908,&quot;end&quot;:2952,&quot;lazy_load&quot;:&quot;yes&quot;,&quot;video_type&quot;:&quot;youtube&quot;,&quot;controls&quot;:&quot;yes&quot;}\" data-widget_type=\"video.default\">\n\t\t\t\t<div class=\"elementor-widget-container\">\n\t\t\t\t\t\t\t<div class=\"elementor-wrapper elementor-open-inline\">\n\t\t\t<div class=\"elementor-video\"><\/div>\t\t<\/div>\n\t\t\t\t\t\t<\/div>\n\t\t\t\t<\/div>\n\t\t\t\t<\/div>\n\t\t\t\t\t<\/div>\n\t\t\t\t<\/div>\n\t\t<div class=\"elementor-element elementor-element-a86bdb0 e-flex e-con-boxed e-con e-parent\" data-id=\"a86bdb0\" data-element_type=\"container\" data-e-type=\"container\" data-settings=\"{&quot;background_background&quot;:&quot;classic&quot;,&quot;jet_parallax_layout_list&quot;:[]}\">\n\t\t\t\t\t<div class=\"e-con-inner\">\n\t\t\t\t<div class=\"elementor-element elementor-element-481e5d0 elementor-cta--skin-classic elementor-animated-content elementor-bg-transform elementor-bg-transform-zoom-in elementor-widget elementor-widget-global elementor-global-65319 elementor-widget-call-to-action\" data-id=\"481e5d0\" data-element_type=\"widget\" data-e-type=\"widget\" data-widget_type=\"call-to-action.default\">\n\t\t\t\t<div class=\"elementor-widget-container\">\n\t\t\t\t\t\t\t<a class=\"elementor-cta\" href=\"https:\/\/signup-can.keela.co\/infolettre-url-invitation-hydroelectricite\" target=\"_blank\" rel=\"nofollow noopener\">\n\t\t\t\t\t\t\t<div class=\"elementor-cta__content\">\n\t\t\t\t\t\t\t\t\t<div class=\"elementor-content-item elementor-cta__content-item elementor-icon-wrapper elementor-cta__icon elementor-view-default\">\n\t\t\t\t\t\t<div class=\"elementor-icon\">\n\t\t\t\t\t\t\t<i aria-hidden=\"true\" class=\"fas fa-mail-bulk\"><\/i>\t\t\t\t\t\t<\/div>\n\t\t\t\t\t<\/div>\n\t\t\t\t\n\t\t\t\t\t\t\t\t\t<h2 class=\"elementor-cta__title elementor-cta__content-item elementor-content-item\">\n\t\t\t\t\t\tRestez inform\u00e9s de nos actions pour prot\u00e9ger les rivi\u00e8res des barrages hydro\u00e9lectriques\t\t\t\t\t<\/h2>\n\t\t\t\t\n\t\t\t\t\n\t\t\t\t\t\t\t\t\t<div class=\"elementor-cta__button-wrapper elementor-cta__content-item elementor-content-item \">\n\t\t\t\t\t<span class=\"elementor-cta__button elementor-button elementor-size-\">\n\t\t\t\t\t\tInscrivez-vous \u00e0 notre infolettre\t\t\t\t\t<\/span>\n\t\t\t\t\t<\/div>\n\t\t\t\t\t\t\t<\/div>\n\t\t\t\t\t\t<\/a>\n\t\t\t\t\t\t<\/div>\n\t\t\t\t<\/div>\n\t\t\t\t\t<\/div>\n\t\t\t\t<\/div>\n\t\t<div class=\"elementor-element elementor-element-a7041a9 e-flex e-con-boxed e-con e-parent\" data-id=\"a7041a9\" data-element_type=\"container\" data-e-type=\"container\" data-settings=\"{&quot;background_background&quot;:&quot;classic&quot;,&quot;jet_parallax_layout_list&quot;:[{&quot;_id&quot;:&quot;f0847bb&quot;,&quot;jet_parallax_layout_image&quot;:{&quot;url&quot;:&quot;&quot;,&quot;id&quot;:&quot;&quot;,&quot;size&quot;:&quot;&quot;},&quot;jet_parallax_layout_image_tablet&quot;:{&quot;url&quot;:&quot;&quot;,&quot;id&quot;:&quot;&quot;,&quot;size&quot;:&quot;&quot;},&quot;jet_parallax_layout_image_mobile&quot;:{&quot;url&quot;:&quot;&quot;,&quot;id&quot;:&quot;&quot;,&quot;size&quot;:&quot;&quot;},&quot;jet_parallax_layout_speed&quot;:{&quot;unit&quot;:&quot;%&quot;,&quot;size&quot;:50,&quot;sizes&quot;:[]},&quot;jet_parallax_layout_type&quot;:&quot;scroll&quot;,&quot;jet_parallax_layout_direction&quot;:&quot;1&quot;,&quot;jet_parallax_layout_fx_direction&quot;:null,&quot;jet_parallax_layout_z_index&quot;:&quot;&quot;,&quot;jet_parallax_layout_bg_x&quot;:50,&quot;jet_parallax_layout_bg_x_tablet&quot;:&quot;&quot;,&quot;jet_parallax_layout_bg_x_mobile&quot;:&quot;&quot;,&quot;jet_parallax_layout_bg_y&quot;:50,&quot;jet_parallax_layout_bg_y_tablet&quot;:&quot;&quot;,&quot;jet_parallax_layout_bg_y_mobile&quot;:&quot;&quot;,&quot;jet_parallax_layout_bg_size&quot;:&quot;auto&quot;,&quot;jet_parallax_layout_bg_size_tablet&quot;:&quot;&quot;,&quot;jet_parallax_layout_bg_size_mobile&quot;:&quot;&quot;,&quot;jet_parallax_layout_animation_prop&quot;:&quot;transform&quot;,&quot;jet_parallax_layout_on&quot;:[&quot;desktop&quot;,&quot;tablet&quot;]}]}\">\n\t\t\t\t\t<div class=\"e-con-inner\">\n\t\t<div class=\"elementor-element elementor-element-7bd71f1 e-con-full e-flex e-con e-child\" data-id=\"7bd71f1\" data-element_type=\"container\" data-e-type=\"container\" data-settings=\"{&quot;jet_parallax_layout_list&quot;:[]}\">\n\t\t\t\t<div class=\"elementor-element elementor-element-015790c elementor-widget elementor-widget-spacer\" data-id=\"015790c\" data-element_type=\"widget\" data-e-type=\"widget\" data-widget_type=\"spacer.default\">\n\t\t\t\t<div class=\"elementor-widget-container\">\n\t\t\t\t\t\t\t<div class=\"elementor-spacer\">\n\t\t\t<div class=\"elementor-spacer-inner\"><\/div>\n\t\t<\/div>\n\t\t\t\t\t\t<\/div>\n\t\t\t\t<\/div>\n\t\t\t\t<div class=\"elementor-element elementor-element-c961c62 elementor-widget elementor-widget-heading\" data-id=\"c961c62\" data-element_type=\"widget\" data-e-type=\"widget\" data-widget_type=\"heading.default\">\n\t\t\t\t<div class=\"elementor-widget-container\">\n\t\t\t\t\t<h3 class=\"elementor-heading-title elementor-size-default\">\u00c9mission de gaz \u00e0 effet de serre<\/h3>\t\t\t\t<\/div>\n\t\t\t\t<\/div>\n\t\t\t\t<div class=\"elementor-element elementor-element-cc7ab0f elementor-widget elementor-widget-text-editor\" data-id=\"cc7ab0f\" data-element_type=\"widget\" data-e-type=\"widget\" data-widget_type=\"text-editor.default\">\n\t\t\t\t<div class=\"elementor-widget-container\">\n\t\t\t\t\t\t\t\t\t<p>Les barrages dot\u00e9s de grands r\u00e9servoirs \u00e9mettent des gaz \u00e0 effet de serre (GES) incluant du dioxyde de carbone (CO2) et du m\u00e9thane (CH4). Le CO2 \u00e9mis provient de la mati\u00e8re organique qui se d\u00e9compose dans l\u2019eau apr\u00e8s avoir \u00e9t\u00e9 submerg\u00e9e par la cr\u00e9ation d\u2019un r\u00e9servoir. Les \u00e9missions d\u00e9clinent avec le temps sur une p\u00e9riode d\u2019une centaine d\u2019ann\u00e9es. Ces \u00e9missions sont particuli\u00e8rement importantes durant les 20 premi\u00e8res ann\u00e9es d\u2019exploitation.<\/p><p>Les grands barrages g\u00e9n\u00e8rent aussi du m\u00e9thane. Ce puissant gaz \u00e0 effet de serre se forme \u00e9galement \u00e0 partir de la mati\u00e8re organique submerg\u00e9e, dans les s\u00e9diments au fond de l\u2019eau. Or, les \u00e9missions de m\u00e9thane ne diminuent pas aussi rapidement que celles du CO2 avec le temps, puisque le m\u00e9thane se forme en l\u2019absence d&rsquo;oxyg\u00e8ne. \u00c0 mesure que l\u2019oxyg\u00e8ne est consomm\u00e9 dans le fond du r\u00e9servoir, les \u00e9missions de CO2 sont donc progressivement remplac\u00e9es par des \u00e9missions de m\u00e9thane.<\/p><p>\u00a0<\/p>\t\t\t\t\t\t\t\t<\/div>\n\t\t\t\t<\/div>\n\t\t\t\t<\/div>\n\t\t<div class=\"elementor-element elementor-element-e5f678b e-con-full e-flex e-con e-child\" data-id=\"e5f678b\" data-element_type=\"container\" data-e-type=\"container\" data-settings=\"{&quot;jet_parallax_layout_list&quot;:[]}\">\n\t\t\t\t<div class=\"elementor-element elementor-element-4e95c58 elementor-view-default elementor-widget elementor-widget-icon\" data-id=\"4e95c58\" data-element_type=\"widget\" data-e-type=\"widget\" data-widget_type=\"icon.default\">\n\t\t\t\t<div class=\"elementor-widget-container\">\n\t\t\t\t\t\t\t<div class=\"elementor-icon-wrapper\">\n\t\t\t<div class=\"elementor-icon\">\n\t\t\t<i aria-hidden=\"true\" class=\"fas fa-exclamation-triangle\"><\/i>\t\t\t<\/div>\n\t\t<\/div>\n\t\t\t\t\t\t<\/div>\n\t\t\t\t<\/div>\n\t\t\t\t<div class=\"elementor-element elementor-element-07459a0 elementor-widget elementor-widget-spacer\" data-id=\"07459a0\" data-element_type=\"widget\" data-e-type=\"widget\" data-widget_type=\"spacer.default\">\n\t\t\t\t<div class=\"elementor-widget-container\">\n\t\t\t\t\t\t\t<div class=\"elementor-spacer\">\n\t\t\t<div class=\"elementor-spacer-inner\"><\/div>\n\t\t<\/div>\n\t\t\t\t\t\t<\/div>\n\t\t\t\t<\/div>\n\t\t\t\t<div class=\"elementor-element elementor-element-bdfb13f elementor-widget elementor-widget-text-editor\" data-id=\"bdfb13f\" data-element_type=\"widget\" data-e-type=\"widget\" data-widget_type=\"text-editor.default\">\n\t\t\t\t<div class=\"elementor-widget-container\">\n\t\t\t\t\t\t\t\t\t<p>Certains r\u00e9servoirs \u00e9mettent beaucoup plus de GES que d\u2019autres. Plusieurs facteurs entrent en ligne de compte, comme la profondeur du r\u00e9servoir, sa configuration ou le climat de l\u2019endroit o\u00f9 il se trouve. Par exemple, au Qu\u00e9bec, les \u00e9missions de m\u00e9thane sont moins importantes qu\u2019en climat tropical. En effet, puisque l&rsquo;eau d\u2019ici est plus froide, elle est moins propice aux bact\u00e9ries responsables de la formation de m\u00e9thane (m\u00e9thanog\u00e9n\u00e8se). N\u2019en demeure pas moins que d\u2019un point de vue mondial, les grands r\u00e9servoirs des centrales hydro\u00e9lectriques ont repr\u00e9sent\u00e9 5,2 % des \u00e9missions de m\u00e9thane issues des activit\u00e9s humaines en 2020, un apport significatif, souligne une <a href=\"https:\/\/www.nature.com\/articles\/s41561-022-01004-2\" target=\"_blank\" rel=\"noopener\">\u00e9tude<\/a> supervis\u00e9e par le professeur du D\u00e9partement des sciences biologiques de l\u2019UQAM, Yves Prairie.<\/p>\t\t\t\t\t\t\t\t<\/div>\n\t\t\t\t<\/div>\n\t\t\t\t<\/div>\n\t\t\t\t\t<\/div>\n\t\t\t\t<\/div>\n\t\t<div class=\"elementor-element elementor-element-923b323 e-flex e-con-boxed e-con e-parent\" data-id=\"923b323\" data-element_type=\"container\" data-e-type=\"container\" data-settings=\"{&quot;background_background&quot;:&quot;classic&quot;,&quot;jet_parallax_layout_list&quot;:[]}\">\n\t\t\t\t\t<div class=\"e-con-inner\">\n\t\t\t\t<div class=\"elementor-element elementor-element-232f5e3 elementor-headline--style-highlight elementor-widget elementor-widget-animated-headline\" data-id=\"232f5e3\" data-element_type=\"widget\" data-e-type=\"widget\" data-settings=\"{&quot;marker&quot;:&quot;double_underline&quot;,&quot;highlighted_text&quot;:&quot;730 000 000 \\u00e0 2 410 000 000&quot;,&quot;headline_style&quot;:&quot;highlight&quot;,&quot;loop&quot;:&quot;yes&quot;,&quot;highlight_animation_duration&quot;:1200,&quot;highlight_iteration_delay&quot;:8000}\" data-widget_type=\"animated-headline.default\">\n\t\t\t\t<div class=\"elementor-widget-container\">\n\t\t\t\t\t\t\t<p class=\"elementor-headline\">\n\t\t\t\t<span class=\"elementor-headline-dynamic-wrapper elementor-headline-text-wrapper\">\n\t\t\t\t\t<span class=\"elementor-headline-dynamic-text elementor-headline-text-active\">730 000 000 \u00e0 2 410 000 000<\/span>\n\t\t\t\t<\/span>\n\t\t\t\t\t<span class=\"elementor-headline-plain-text elementor-headline-text-wrapper\">tonnes de GES sont produits la premi\u00e8re ann\u00e9e de service d\u2019une centrale hydro\u00e9lectrique \u00e0 r\u00e9servoir<\/span>\n\t\t\t\t\t<\/p>\n\t\t\t\t\t\t<\/div>\n\t\t\t\t<\/div>\n\t\t\t\t\t<\/div>\n\t\t\t\t<\/div>\n\t\t<div class=\"elementor-element elementor-element-ad81243 e-flex e-con-boxed e-con e-parent\" data-id=\"ad81243\" data-element_type=\"container\" data-e-type=\"container\" data-settings=\"{&quot;background_background&quot;:&quot;classic&quot;,&quot;jet_parallax_layout_list&quot;:[{&quot;_id&quot;:&quot;5aba9f&quot;,&quot;jet_parallax_layout_image&quot;:{&quot;url&quot;:&quot;&quot;,&quot;id&quot;:&quot;&quot;,&quot;size&quot;:&quot;&quot;},&quot;jet_parallax_layout_image_tablet&quot;:{&quot;url&quot;:&quot;&quot;,&quot;id&quot;:&quot;&quot;,&quot;size&quot;:&quot;&quot;},&quot;jet_parallax_layout_image_mobile&quot;:{&quot;url&quot;:&quot;&quot;,&quot;id&quot;:&quot;&quot;,&quot;size&quot;:&quot;&quot;},&quot;jet_parallax_layout_speed&quot;:{&quot;unit&quot;:&quot;%&quot;,&quot;size&quot;:50,&quot;sizes&quot;:[]},&quot;jet_parallax_layout_type&quot;:&quot;scroll&quot;,&quot;jet_parallax_layout_direction&quot;:&quot;1&quot;,&quot;jet_parallax_layout_fx_direction&quot;:null,&quot;jet_parallax_layout_z_index&quot;:&quot;&quot;,&quot;jet_parallax_layout_bg_x&quot;:50,&quot;jet_parallax_layout_bg_x_tablet&quot;:&quot;&quot;,&quot;jet_parallax_layout_bg_x_mobile&quot;:&quot;&quot;,&quot;jet_parallax_layout_bg_y&quot;:50,&quot;jet_parallax_layout_bg_y_tablet&quot;:&quot;&quot;,&quot;jet_parallax_layout_bg_y_mobile&quot;:&quot;&quot;,&quot;jet_parallax_layout_bg_size&quot;:&quot;auto&quot;,&quot;jet_parallax_layout_bg_size_tablet&quot;:&quot;&quot;,&quot;jet_parallax_layout_bg_size_mobile&quot;:&quot;&quot;,&quot;jet_parallax_layout_animation_prop&quot;:&quot;transform&quot;,&quot;jet_parallax_layout_on&quot;:[&quot;desktop&quot;,&quot;tablet&quot;]}],&quot;background_motion_fx_motion_fx_mouse&quot;:&quot;yes&quot;}\">\n\t\t\t\t\t<div class=\"e-con-inner\">\n\t\t<div class=\"elementor-element elementor-element-5883f84 e-con-full e-flex e-con e-child\" data-id=\"5883f84\" data-element_type=\"container\" data-e-type=\"container\" data-settings=\"{&quot;jet_parallax_layout_list&quot;:[]}\">\n\t\t\t\t<div class=\"elementor-element elementor-element-3d0d519 elementor-view-default elementor-widget elementor-widget-icon\" data-id=\"3d0d519\" data-element_type=\"widget\" data-e-type=\"widget\" data-widget_type=\"icon.default\">\n\t\t\t\t<div class=\"elementor-widget-container\">\n\t\t\t\t\t\t\t<div class=\"elementor-icon-wrapper\">\n\t\t\t<div class=\"elementor-icon\">\n\t\t\t<i aria-hidden=\"true\" class=\"fas fa-angle-double-up\"><\/i>\t\t\t<\/div>\n\t\t<\/div>\n\t\t\t\t\t\t<\/div>\n\t\t\t\t<\/div>\n\t\t\t\t<div class=\"elementor-element elementor-element-ca41d55 elementor-widget elementor-widget-heading\" data-id=\"ca41d55\" data-element_type=\"widget\" data-e-type=\"widget\" data-widget_type=\"heading.default\">\n\t\t\t\t<div class=\"elementor-widget-container\">\n\t\t\t\t\t<h3 class=\"elementor-heading-title elementor-size-default\">Augmentation du taux de m\u00e9thylmercure dans la cha\u00eene alimentaire<\/h3>\t\t\t\t<\/div>\n\t\t\t\t<\/div>\n\t\t\t\t<\/div>\n\t\t<div class=\"elementor-element elementor-element-8dea2a3 e-con-full e-flex e-con e-child\" data-id=\"8dea2a3\" data-element_type=\"container\" data-e-type=\"container\" data-settings=\"{&quot;jet_parallax_layout_list&quot;:[]}\">\n\t\t\t\t<div class=\"elementor-element elementor-element-52a8bc2 elementor-widget elementor-widget-text-editor\" data-id=\"52a8bc2\" data-element_type=\"widget\" data-e-type=\"widget\" data-widget_type=\"text-editor.default\">\n\t\t\t\t<div class=\"elementor-widget-container\">\n\t\t\t\t\t\t\t\t\t<p>Le mercure est un \u00e9l\u00e9ment chimique qui se trouve naturellement dans les sols et la v\u00e9g\u00e9tation. Il peut aussi \u00eatre \u00e9mis sous forme gazeuse par certaines industries et \u00eatre transport\u00e9 par le vent, parfois sur des milliers de kilom\u00e8tres, avant d\u2019\u00eatre d\u00e9pos\u00e9 au sol. <a href=\"https:\/\/www.hydroquebec.com\/developpement-durable\/documentation-specialisee\/mercure.html\" target=\"_blank\" rel=\"noopener\">Sous cette forme, le mercure ne pr\u00e9sente pas de risque important.<\/a><\/p><p>Par contre, le remplissage d\u2019un r\u00e9servoir hydro\u00e9lectrique cr\u00e9e des conditions favorables \u00e0 la transformation de ce mercure en m\u00e9thylmercure, une forme de mercure qui peut \u00eatre n\u00e9faste pour la sant\u00e9 humaine si elle est ing\u00e9r\u00e9e en tr\u00e8s grande quantit\u00e9. Ce m\u00e9thylmercure est absorb\u00e9 par des bact\u00e9ries qui servent de nourriture au plancton, qui sera \u00e0 son tour consomm\u00e9 par des poissons.<\/p><p>\u00c0 chaque niveau de la cha\u00eene alimentaire, le m\u00e9thylmercure est donc de plus concentr\u00e9 : c\u2019est ce qu\u2019on appelle la bioamplification. La construction de barrages peut donc avoir un impact sur les pratiques alimentaires des Premi\u00e8res Nations, notamment en les for\u00e7ant \u00e0 r\u00e9duire leur consommation de poissons ou en se rabattant sur d\u2019autres lacs ou rivi\u00e8res dont les poissons sont moins contamin\u00e9s.<\/p>\t\t\t\t\t\t\t\t<\/div>\n\t\t\t\t<\/div>\n\t\t\t\t<\/div>\n\t\t\t\t\t<\/div>\n\t\t\t\t<\/div>\n\t\t<div class=\"elementor-element elementor-element-b09c3c7 e-flex e-con-boxed e-con e-parent\" data-id=\"b09c3c7\" data-element_type=\"container\" data-e-type=\"container\" data-settings=\"{&quot;background_background&quot;:&quot;classic&quot;,&quot;jet_parallax_layout_list&quot;:[]}\">\n\t\t\t\t\t<div class=\"e-con-inner\">\n\t\t<div class=\"elementor-element elementor-element-d839a19 e-con-full e-flex e-con e-child\" data-id=\"d839a19\" data-element_type=\"container\" data-e-type=\"container\" data-settings=\"{&quot;jet_parallax_layout_list&quot;:[]}\">\n\t\t\t\t<div class=\"elementor-element elementor-element-2ba103d elementor-widget elementor-widget-spacer\" data-id=\"2ba103d\" data-element_type=\"widget\" data-e-type=\"widget\" data-widget_type=\"spacer.default\">\n\t\t\t\t<div class=\"elementor-widget-container\">\n\t\t\t\t\t\t\t<div class=\"elementor-spacer\">\n\t\t\t<div class=\"elementor-spacer-inner\"><\/div>\n\t\t<\/div>\n\t\t\t\t\t\t<\/div>\n\t\t\t\t<\/div>\n\t\t\t\t<div class=\"elementor-element elementor-element-ca15fac elementor-view-default elementor-widget elementor-widget-icon\" data-id=\"ca15fac\" data-element_type=\"widget\" data-e-type=\"widget\" data-widget_type=\"icon.default\">\n\t\t\t\t<div class=\"elementor-widget-container\">\n\t\t\t\t\t\t\t<div class=\"elementor-icon-wrapper\">\n\t\t\t<div class=\"elementor-icon\">\n\t\t\t<i aria-hidden=\"true\" class=\"fas fa-bolt\"><\/i>\t\t\t<\/div>\n\t\t<\/div>\n\t\t\t\t\t\t<\/div>\n\t\t\t\t<\/div>\n\t\t\t\t<div class=\"elementor-element elementor-element-d6853ef elementor-widget elementor-widget-heading\" data-id=\"d6853ef\" data-element_type=\"widget\" data-e-type=\"widget\" data-widget_type=\"heading.default\">\n\t\t\t\t<div class=\"elementor-widget-container\">\n\t\t\t\t\t<h2 class=\"elementor-heading-title elementor-size-default\">R\u00e9ussir la transition \u00e9nerg\u00e9tique sans nouveaux barrages<\/h2>\t\t\t\t<\/div>\n\t\t\t\t<\/div>\n\t\t\t\t<div class=\"elementor-element elementor-element-fc98cfd elementor-widget elementor-widget-text-editor\" data-id=\"fc98cfd\" data-element_type=\"widget\" data-e-type=\"widget\" data-widget_type=\"text-editor.default\">\n\t\t\t\t<div class=\"elementor-widget-container\">\n\t\t\t\t\t\t\t\t\t<p>Selon les pr\u00e9visions d&rsquo;Hydro-Qu\u00e9bec, le Qu\u00e9bec doit ajouter <a href=\"https:\/\/www.hydroquebec.com\/data\/a-propos\/pdf\/plan-action-2035.pdf\" target=\"_blank\" rel=\"noopener\">150 \u00e0 200 t\u00e9rawattheures (TWh)<\/a> d&rsquo;\u00e9nergie \u00e0 sa production annuelle d\u2019ici 2050. Les trois quarts serviront \u00e0 la d\u00e9carbonation; le reste \u00e0 la croissance \u00e9conomique. Pr\u00e9sentement, <a href=\"https:\/\/www.quebec.ca\/agriculture-environnement-et-ressources-naturelles\/energie\/production-approvisionnement-distribution\/sources-energie\" target=\"_blank\" rel=\"noopener\">94 % des 200 TWh<\/a> produits annuellement sont de source hydro\u00e9lectrique.<\/p><p>La solution ne se trouve pas dans la construction de nouveaux barrages hydro\u00e9lectriques. Leurs impacts environnementaux et sociaux, aujourd\u2019hui mieux document\u00e9s qu\u2019\u00e0 l&rsquo;\u00e9poque de la construction des grands barrages, sont trop importants. Des alternatives existent, pour le mieux de la population et des espaces naturels du Qu\u00e9bec.<\/p>\t\t\t\t\t\t\t\t<\/div>\n\t\t\t\t<\/div>\n\t\t\t\t<div class=\"elementor-element elementor-element-014486e elementor-widget elementor-widget-spacer\" data-id=\"014486e\" data-element_type=\"widget\" data-e-type=\"widget\" data-widget_type=\"spacer.default\">\n\t\t\t\t<div class=\"elementor-widget-container\">\n\t\t\t\t\t\t\t<div class=\"elementor-spacer\">\n\t\t\t<div class=\"elementor-spacer-inner\"><\/div>\n\t\t<\/div>\n\t\t\t\t\t\t<\/div>\n\t\t\t\t<\/div>\n\t\t\t\t<\/div>\n\t\t<div class=\"elementor-element elementor-element-08ee834 e-con-full e-flex e-con e-child\" data-id=\"08ee834\" data-element_type=\"container\" data-e-type=\"container\" data-settings=\"{&quot;jet_parallax_layout_list&quot;:[]}\">\n\t\t\t\t<div class=\"elementor-element elementor-element-6afe4fe elementor-widget elementor-widget-heading\" data-id=\"6afe4fe\" data-element_type=\"widget\" data-e-type=\"widget\" data-widget_type=\"heading.default\">\n\t\t\t\t<div class=\"elementor-widget-container\">\n\t\t\t\t\t<p class=\"elementor-heading-title elementor-size-default\">Surtout, des questions fondamentales doivent \u00eatre adress\u00e9es.<\/p>\t\t\t\t<\/div>\n\t\t\t\t<\/div>\n\t\t\t\t<div class=\"elementor-element elementor-element-7fef0c9 elementor-icon-list--layout-traditional elementor-list-item-link-full_width elementor-widget elementor-widget-icon-list\" data-id=\"7fef0c9\" data-element_type=\"widget\" data-e-type=\"widget\" data-widget_type=\"icon-list.default\">\n\t\t\t\t<div class=\"elementor-widget-container\">\n\t\t\t\t\t\t\t<ul class=\"elementor-icon-list-items\">\n\t\t\t\t\t\t\t<li class=\"elementor-icon-list-item\">\n\t\t\t\t\t\t\t\t\t\t\t<a href=\"https:\/\/fondationrivieres.org\/lelectricite-un-actif-precieux-mais-pour-qui\/\">\n\n\t\t\t\t\t\t\t\t\t\t\t\t<span class=\"elementor-icon-list-icon\">\n\t\t\t\t\t\t\t<i aria-hidden=\"true\" class=\"fas fa-arrow-right\"><\/i>\t\t\t\t\t\t<\/span>\n\t\t\t\t\t\t\t\t\t\t<span class=\"elementor-icon-list-text\">\u00c0 quoi servira notre \u00e9lectricit\u00e9? R\u00e9pondre aux besoins de la population ou servir \u00e0 alimenter la croissance industrielle?<\/span>\n\t\t\t\t\t\t\t\t\t\t\t<\/a>\n\t\t\t\t\t\t\t\t\t<\/li>\n\t\t\t\t\t\t\t\t<li class=\"elementor-icon-list-item\">\n\t\t\t\t\t\t\t\t\t\t\t<a href=\"https:\/\/fondationrivieres.org\/nos-actions\/energie-barrages-hydroelectriques\/25-rivieres-sauvages\/\">\n\n\t\t\t\t\t\t\t\t\t\t\t\t<span class=\"elementor-icon-list-icon\">\n\t\t\t\t\t\t\t<i aria-hidden=\"true\" class=\"fas fa-arrow-right\"><\/i>\t\t\t\t\t\t<\/span>\n\t\t\t\t\t\t\t\t\t\t<span class=\"elementor-icon-list-text\">Quelles sont les grandes rivi\u00e8res sauvages menac\u00e9es?<\/span>\n\t\t\t\t\t\t\t\t\t\t\t<\/a>\n\t\t\t\t\t\t\t\t\t<\/li>\n\t\t\t\t\t\t\t\t<li class=\"elementor-icon-list-item\">\n\t\t\t\t\t\t\t\t\t\t\t<span class=\"elementor-icon-list-icon\">\n\t\t\t\t\t\t\t<i aria-hidden=\"true\" class=\"fas fa-arrow-right\"><\/i>\t\t\t\t\t\t<\/span>\n\t\t\t\t\t\t\t\t\t\t<span class=\"elementor-icon-list-text\">Que serait le Qu\u00e9bec sans ses espaces sillonn\u00e9s de rivi\u00e8res sauvages?<\/span>\n\t\t\t\t\t\t\t\t\t<\/li>\n\t\t\t\t\t\t\t\t<li class=\"elementor-icon-list-item\">\n\t\t\t\t\t\t\t\t\t\t\t<span class=\"elementor-icon-list-icon\">\n\t\t\t\t\t\t\t<i aria-hidden=\"true\" class=\"fas fa-arrow-right\"><\/i>\t\t\t\t\t\t<\/span>\n\t\t\t\t\t\t\t\t\t\t<span class=\"elementor-icon-list-text\">Que veut-on l\u00e9guer aux g\u00e9n\u00e9rations futures?<\/span>\n\t\t\t\t\t\t\t\t\t<\/li>\n\t\t\t\t\t\t<\/ul>\n\t\t\t\t\t\t<\/div>\n\t\t\t\t<\/div>\n\t\t\t\t<\/div>\n\t\t\t\t\t<\/div>\n\t\t\t\t<\/div>\n\t\t<div class=\"elementor-element elementor-element-e14fe3d e-flex e-con-boxed e-con e-parent\" data-id=\"e14fe3d\" data-element_type=\"container\" data-e-type=\"container\" data-settings=\"{&quot;background_background&quot;:&quot;classic&quot;,&quot;jet_parallax_layout_list&quot;:[]}\">\n\t\t\t\t\t<div class=\"e-con-inner\">\n\t\t\t\t<div class=\"elementor-element elementor-element-a7b8e04 elementor-cta--skin-classic elementor-animated-content elementor-widget elementor-widget-global elementor-global-65277 elementor-widget-call-to-action\" data-id=\"a7b8e04\" data-element_type=\"widget\" data-e-type=\"widget\" data-widget_type=\"call-to-action.default\">\n\t\t\t\t<div class=\"elementor-widget-container\">\n\t\t\t\t\t\t\t<div class=\"elementor-cta\">\n\t\t\t\t\t\t\t<div class=\"elementor-cta__content\">\n\t\t\t\t\t\t\t\t\t<div class=\"elementor-content-item elementor-cta__content-item elementor-icon-wrapper elementor-cta__icon elementor-view-default\">\n\t\t\t\t\t\t<div class=\"elementor-icon\">\n\t\t\t\t\t\t\t<i aria-hidden=\"true\" class=\"fas fa-hand-holding-heart\"><\/i>\t\t\t\t\t\t<\/div>\n\t\t\t\t\t<\/div>\n\t\t\t\t\n\t\t\t\t\t\t\t\t\t<div class=\"elementor-cta__title elementor-cta__content-item elementor-content-item\">\n\t\t\t\t\t\tContribuez \u00e0 la pr\u00e9servation des rivi\u00e8res qu\u00e9b\u00e9coises\t\t\t\t\t<\/div>\n\t\t\t\t\n\t\t\t\t\t\t\t\t\t<div class=\"elementor-cta__description elementor-cta__content-item elementor-content-item\">\n\t\t\t\t\t\tEn plus de soutenir notre \u00e9quipe \u00e0 prot\u00e9ger les rivi\u00e8res, votre don vous donne droit \u00e0 un re\u00e7u de charit\u00e9 pour vos imp\u00f4ts et au statut de membre de la Fondation Rivi\u00e8res pour un an. \n\t\t\t\t\t<\/div>\n\t\t\t\t\n\t\t\t\t\t\t\t\t\t<div class=\"elementor-cta__button-wrapper elementor-cta__content-item elementor-content-item \">\n\t\t\t\t\t<a class=\"elementor-cta__button elementor-button elementor-size-\" href=\"https:\/\/give-can.keela.co\/don-fr-actualite\" target=\"_blank\" rel=\"noopener\">\n\t\t\t\t\t\tFaites un don\t\t\t\t\t<\/a>\n\t\t\t\t\t<\/div>\n\t\t\t\t\t\t\t<\/div>\n\t\t\t\t\t\t<\/div>\n\t\t\t\t\t\t<\/div>\n\t\t\t\t<\/div>\n\t\t\t\t\t<\/div>\n\t\t\t\t<\/div>\n\t\t<div class=\"elementor-element elementor-element-7351f99 e-flex e-con-boxed e-con e-parent\" data-id=\"7351f99\" data-element_type=\"container\" data-e-type=\"container\" data-settings=\"{&quot;jet_parallax_layout_list&quot;:[]}\">\n\t\t\t\t\t<div class=\"e-con-inner\">\n\t\t\t\t<div class=\"elementor-element elementor-element-5baa9de elementor-widget elementor-widget-heading\" data-id=\"5baa9de\" data-element_type=\"widget\" data-e-type=\"widget\" data-widget_type=\"heading.default\">\n\t\t\t\t<div class=\"elementor-widget-container\">\n\t\t\t\t\t<h3 class=\"elementor-heading-title elementor-size-default\">En savoir plus sur l'impact environnemental des barrages hydro\u00e9lectriques<\/h3>\t\t\t\t<\/div>\n\t\t\t\t<\/div>\n\t\t\t\t<div class=\"elementor-element elementor-element-57fd40c elementor-widget elementor-widget-jet-image-accordion\" data-id=\"57fd40c\" data-element_type=\"widget\" data-e-type=\"widget\" data-widget_type=\"jet-image-accordion.default\">\n\t\t\t\t<div class=\"elementor-widget-container\">\n\t\t\t\t\t<div class=\"elementor-jet-image-accordion jet-tabs-addons\"><div class=\"jet-image-accordion jet-image-accordion-vertical-orientation jet-image-accordion-circ-ease\" role=\"tablist\" data-settings=\"{&quot;orientation&quot;:&quot;vertical&quot;,&quot;activeSize&quot;:{&quot;unit&quot;:&quot;%&quot;,&quot;size&quot;:75,&quot;sizes&quot;:[]},&quot;duration&quot;:500,&quot;activeItem&quot;:-1}\">\n\t<div class=\"jet-image-accordion__list\">\n<div class=\"jet-image-accordion__item title-display-mode__on_hover\" role=\"tab\" aria-selected=\"false\" tabindex=\"0\">\n<img decoding=\"async\" class=\"jet-image-accordion__image-instance\" src=\"https:\/\/fondationrivieres.org\/wp-content\/uploads\/2023\/09\/zhang-fengsheng-gUKv_yrQ_tk-unsplash-1024x684.jpg\" alt=\"Alternatives aux barrages hydro\u00e9lectriques_Zhang_Fengsheng_Unsplash_OS\">\n\t\n\t<div class=\"jet-image-accordion__content\">\n\t\t<h4 class=\"jet-image-accordion__title\">Quelles sont les alternatives aux barrages hydro\u00e9lectriques?<\/h4><div class=\"jet-image-accordion__desc\">D\u00e9couvrez les alternatives aux barrages hydro\u00e9lectriques. La construction de barrages a des cons\u00e9quences majeures sur l\u2019environnement et les populations locales. <\/div><a class=\"elementor-button elementor-size-md jet-image-accordion__button\" role=\"button\" tabindex=\"0\" href=\"https:\/\/fondationrivieres.org\/nos-actions\/energie-barrages-hydroelectriques\/alternatives-aux-barrages-hydroelectriques\/\">En savoir plus<\/a><\/div>\n\t<div class=\"jet-image-accordion__item-loader\"><span><\/span><\/div>\n<\/div>\n<div class=\"jet-image-accordion__item title-display-mode__on_hover\" role=\"tab\" aria-selected=\"false\" tabindex=\"0\">\n<img decoding=\"async\" class=\"jet-image-accordion__image-instance\" src=\"https:\/\/fondationrivieres.org\/wp-content\/uploads\/2023\/04\/Apres-la-romaine_hydroelectricite_Fondation-Rivieres-1024x614.jpg\" alt=\"Apre\u0300s la romaine_hydroe\u0301lectricite\u0301_Fondation Rivie\u0300res - Transition \u00e9nerg\u00e9tique\">\n\t\n\t<div class=\"jet-image-accordion__content\">\n\t\t<h4 class=\"jet-image-accordion__title\">Encore des barrages? On peut faire mieux!<\/h4><div class=\"jet-image-accordion__desc\">Dites au gouvernement de renoncer \u00e0 la construction de nouveaux barrages hydro\u00e9lectriques pour prot\u00e9ger les derni\u00e8res grandes rivi\u00e8res du Qu\u00e9bec\n<\/div><a class=\"elementor-button elementor-size-md jet-image-accordion__button\" role=\"button\" tabindex=\"0\" href=\"https:\/\/fondationrivieres.org\/nos-actions\/energie-barrages-hydroelectriques\/on-peut-faire-mieux\/\">En savoir plus<\/a><\/div>\n\t<div class=\"jet-image-accordion__item-loader\"><span><\/span><\/div>\n<\/div>\n<div class=\"jet-image-accordion__item title-display-mode__on_hover\" role=\"tab\" aria-selected=\"false\" tabindex=\"0\">\n<img decoding=\"async\" class=\"jet-image-accordion__image-instance\" src=\"https:\/\/fondationrivieres.org\/wp-content\/uploads\/2023\/04\/ALR_STILLS_021_-credit-Rapide-Blanc-1-1024x577.jpg\" alt=\"\u00c9nergie et barrages hydro\u00e9lectriques - Barrage hydro\u00e9lectrique sur la rivi\u00e8re Romaine. Cr\u00e9dit : Rapide Blanc\">\n\t\n\t<div class=\"jet-image-accordion__content\">\n\t\t<h4 class=\"jet-image-accordion__title\">\u00c9nergie et barrages hydro\u00e9lectriques<\/h4><div class=\"jet-image-accordion__desc\">D\u00e9couvrez les actions et la position de la Fondation Rivi\u00e8res sur l'\u00e9nergie et la construction de barrages hydro\u00e9lectriques. <\/div><a class=\"elementor-button elementor-size-md jet-image-accordion__button\" role=\"button\" tabindex=\"0\" href=\"https:\/\/fondationrivieres.org\/nos-actions\/energie-barrages-hydroelectriques\/\">En savoir plus<\/a><\/div>\n\t<div class=\"jet-image-accordion__item-loader\"><span><\/span><\/div>\n<\/div>\n<\/div>\n<\/div>\n<\/div>\t\t\t\t<\/div>\n\t\t\t\t<\/div>\n\t\t\t\t\t<\/div>\n\t\t\t\t<\/div>\n\t\t<div class=\"elementor-element elementor-element-18062ad e-flex e-con-boxed e-con e-parent\" data-id=\"18062ad\" data-element_type=\"container\" data-e-type=\"container\" data-settings=\"{&quot;jet_parallax_layout_list&quot;:[],&quot;background_background&quot;:&quot;classic&quot;}\">\n\t\t\t\t\t<div class=\"e-con-inner\">\n\t\t\t\t<div class=\"elementor-element elementor-element-a1f5fa8 elementor-widget elementor-widget-image\" data-id=\"a1f5fa8\" data-element_type=\"widget\" data-e-type=\"widget\" data-widget_type=\"image.default\">\n\t\t\t\t<div class=\"elementor-widget-container\">\n\t\t\t\t\t\t\t\t\t\t\t\t\t\t\t\t<a href=\"https:\/\/fondationrivieres.org\/nos-actions\/adoptez-une-riviere\/\">\n\t\t\t\t\t\t\t<img decoding=\"async\" width=\"600\" height=\"305\" src=\"https:\/\/fondationrivieres.org\/wp-content\/uploads\/2022\/10\/AUR_Logo2022_Blanc.png\" class=\"attachment-large size-large wp-image-49785\" alt=\"Adoptez une rivi\u00e8re - Logo - Lumea 2022\" srcset=\"https:\/\/fondationrivieres.org\/wp-content\/uploads\/2022\/10\/AUR_Logo2022_Blanc.png 600w, https:\/\/fondationrivieres.org\/wp-content\/uploads\/2022\/10\/AUR_Logo2022_Blanc-300x153.png 300w, https:\/\/fondationrivieres.org\/wp-content\/uploads\/2022\/10\/elementor\/thumbs\/AUR_Logo2022_Blanc-q6dbpucvdin4vrjfpxruuq75h0llh47r900nm8m0hs.png 252w\" sizes=\"(max-width: 600px) 100vw, 600px\" \/>\t\t\t\t\t\t\t\t<\/a>\n\t\t\t\t\t\t\t\t\t\t\t\t\t\t\t<\/div>\n\t\t\t\t<\/div>\n\t\t\t\t<div class=\"elementor-element elementor-element-a79377f elementor-widget elementor-widget-text-editor\" data-id=\"a79377f\" data-element_type=\"widget\" data-e-type=\"widget\" data-widget_type=\"text-editor.default\">\n\t\t\t\t<div class=\"elementor-widget-container\">\n\t\t\t\t\t\t\t\t\t<p style=\"text-align: center;\">D\u00e9couvrez les rivi\u00e8res pour lesquelles la Fondation Rivi\u00e8res agit positivement. Contribuez \u00e0 nos actions en adoptant celle de votre choix.\u00a0<\/p>\t\t\t\t\t\t\t\t<\/div>\n\t\t\t\t<\/div>\n\t\t\t\t<div class=\"elementor-element elementor-element-eac3124 elementor-align-center elementor-widget elementor-widget-global elementor-global-64727 elementor-widget-button\" data-id=\"eac3124\" data-element_type=\"widget\" data-e-type=\"widget\" data-widget_type=\"button.default\">\n\t\t\t\t<div class=\"elementor-widget-container\">\n\t\t\t\t\t\t\t\t\t<div class=\"elementor-button-wrapper\">\n\t\t\t\t\t<a class=\"elementor-button elementor-button-link elementor-size-md\" href=\"#faitesundon\">\n\t\t\t\t\t\t<span class=\"elementor-button-content-wrapper\">\n\t\t\t\t\t\t<span class=\"elementor-button-icon\">\n\t\t\t\t<i aria-hidden=\"true\" class=\"fas fa-arrow-right\"><\/i>\t\t\t<\/span>\n\t\t\t\t\t\t\t\t\t<span class=\"elementor-button-text\">Adoptez une rivi\u00e8re<\/span>\n\t\t\t\t\t<\/span>\n\t\t\t\t\t<\/a>\n\t\t\t\t<\/div>\n\t\t\t\t\t\t\t\t<\/div>\n\t\t\t\t<\/div>\n\t\t\t\t\t<\/div>\n\t\t\t\t<\/div>\n\t\t\t\t<\/div>\n\t\t","protected":false},"excerpt":{"rendered":"<p>Hydroelectric dams have impacts on the environment \u2013 nature, the river, fauna and flora \u2013 and on local communities. Indeed, although hydroelectricity is a renewable energy, it is not without consequences. <\/p>","protected":false},"author":2,"featured_media":54818,"parent":43840,"menu_order":0,"comment_status":"closed","ping_status":"closed","template":"elementor_header_footer","meta":{"footnotes":""},"class_list":["post-54383","page","type-page","status-publish","has-post-thumbnail","hentry"],"_links":{"self":[{"href":"https:\/\/fondationrivieres.org\/en\/wp-json\/wp\/v2\/pages\/54383","targetHints":{"allow":["GET"]}}],"collection":[{"href":"https:\/\/fondationrivieres.org\/en\/wp-json\/wp\/v2\/pages"}],"about":[{"href":"https:\/\/fondationrivieres.org\/en\/wp-json\/wp\/v2\/types\/page"}],"author":[{"embeddable":true,"href":"https:\/\/fondationrivieres.org\/en\/wp-json\/wp\/v2\/users\/2"}],"replies":[{"embeddable":true,"href":"https:\/\/fondationrivieres.org\/en\/wp-json\/wp\/v2\/comments?post=54383"}],"version-history":[{"count":16,"href":"https:\/\/fondationrivieres.org\/en\/wp-json\/wp\/v2\/pages\/54383\/revisions"}],"predecessor-version":[{"id":72793,"href":"https:\/\/fondationrivieres.org\/en\/wp-json\/wp\/v2\/pages\/54383\/revisions\/72793"}],"up":[{"embeddable":true,"href":"https:\/\/fondationrivieres.org\/en\/wp-json\/wp\/v2\/pages\/43840"}],"wp:featuredmedia":[{"embeddable":true,"href":"https:\/\/fondationrivieres.org\/en\/wp-json\/wp\/v2\/media\/54818"}],"wp:attachment":[{"href":"https:\/\/fondationrivieres.org\/en\/wp-json\/wp\/v2\/media?parent=54383"}],"curies":[{"name":"wp","href":"https:\/\/api.w.org\/{rel}","templated":true}]}}