{"id":54285,"date":"2023-04-12T13:49:53","date_gmt":"2023-04-12T17:49:53","guid":{"rendered":"https:\/\/fondationrivieres.org\/?page_id=54285"},"modified":"2026-04-14T14:37:44","modified_gmt":"2026-04-14T18:37:44","slug":"energie-barrages-hydroelectriques","status":"publish","type":"page","link":"https:\/\/fondationrivieres.org\/en\/nos-actions\/energie-barrages-hydroelectriques\/","title":{"rendered":"Energy and hydroelectric dams"},"content":{"rendered":"\t\t<div data-elementor-type=\"wp-page\" data-elementor-id=\"54285\" class=\"elementor elementor-54285\" data-elementor-post-type=\"page\">\n\t\t\t\t<section class=\"elementor-element elementor-element-b5fc325 e-flex e-con-boxed e-con e-parent\" data-id=\"b5fc325\" data-element_type=\"container\" data-e-type=\"container\" data-settings=\"{&quot;background_background&quot;:&quot;classic&quot;,&quot;jet_parallax_layout_list&quot;:[{&quot;_id&quot;:&quot;5aba9f&quot;,&quot;jet_parallax_layout_speed&quot;:{&quot;unit&quot;:&quot;%&quot;,&quot;size&quot;:52,&quot;sizes&quot;:[]},&quot;jet_parallax_layout_bg_y&quot;:29,&quot;jet_parallax_layout_image&quot;:{&quot;url&quot;:&quot;&quot;,&quot;id&quot;:&quot;&quot;,&quot;size&quot;:&quot;&quot;},&quot;jet_parallax_layout_image_tablet&quot;:{&quot;url&quot;:&quot;&quot;,&quot;id&quot;:&quot;&quot;,&quot;size&quot;:&quot;&quot;},&quot;jet_parallax_layout_image_mobile&quot;:{&quot;url&quot;:&quot;&quot;,&quot;id&quot;:&quot;&quot;,&quot;size&quot;:&quot;&quot;},&quot;jet_parallax_layout_type&quot;:&quot;scroll&quot;,&quot;jet_parallax_layout_direction&quot;:&quot;1&quot;,&quot;jet_parallax_layout_fx_direction&quot;:null,&quot;jet_parallax_layout_z_index&quot;:&quot;&quot;,&quot;jet_parallax_layout_bg_x&quot;:50,&quot;jet_parallax_layout_bg_x_tablet&quot;:&quot;&quot;,&quot;jet_parallax_layout_bg_x_mobile&quot;:&quot;&quot;,&quot;jet_parallax_layout_bg_y_tablet&quot;:&quot;&quot;,&quot;jet_parallax_layout_bg_y_mobile&quot;:&quot;&quot;,&quot;jet_parallax_layout_bg_size&quot;:&quot;auto&quot;,&quot;jet_parallax_layout_bg_size_tablet&quot;:&quot;&quot;,&quot;jet_parallax_layout_bg_size_mobile&quot;:&quot;&quot;,&quot;jet_parallax_layout_animation_prop&quot;:&quot;transform&quot;,&quot;jet_parallax_layout_on&quot;:[&quot;desktop&quot;,&quot;tablet&quot;]}]}\">\n\t\t\t\t\t<div class=\"e-con-inner\">\n\t\t<div class=\"elementor-element elementor-element-1e1bafb e-con-full elementor-hidden-tablet elementor-hidden-mobile e-flex e-con e-child\" data-id=\"1e1bafb\" data-element_type=\"container\" data-e-type=\"container\" data-settings=\"{&quot;background_background&quot;:&quot;classic&quot;,&quot;jet_parallax_layout_list&quot;:[]}\">\n\t\t\t\t<div class=\"elementor-element elementor-element-ae43d9b elementor-hidden-tablet elementor-hidden-mobile elementor-widget elementor-widget-jet-breadcrumbs\" data-id=\"ae43d9b\" data-element_type=\"widget\" data-e-type=\"widget\" data-widget_type=\"jet-breadcrumbs.default\">\n\t\t\t\t<div class=\"elementor-widget-container\">\n\t\t\t\t\t<div class=\"elementor-jet-breadcrumbs jet-blocks\">\n\t\t<div class=\"jet-breadcrumbs\">\n\t\t<div class=\"jet-breadcrumbs__content\">\n\t\t<div class=\"jet-breadcrumbs__wrap\"><div class=\"jet-breadcrumbs__item\"><a href=\"https:\/\/fondationrivieres.org\/en\/\" class=\"jet-breadcrumbs__item-link is-home\" rel=\"home\" title=\"Fondation Rivi\u00e8res\">Fondation Rivi\u00e8res<\/a><\/div>\n\t\t<\/div>\n\t\t<\/div>\n\t\t<\/div><\/div>\t\t\t\t<\/div>\n\t\t\t\t<\/div>\n\t\t\t\t<div class=\"elementor-element elementor-element-546e1a7 elementor-widget elementor-widget-heading\" data-id=\"546e1a7\" data-element_type=\"widget\" data-e-type=\"widget\" data-widget_type=\"heading.default\">\n\t\t\t\t<div class=\"elementor-widget-container\">\n\t\t\t\t\t<h1 class=\"elementor-heading-title elementor-size-default\">\u00c9nergie et barrages hydro\u00e9lectriques<\/h1>\t\t\t\t<\/div>\n\t\t\t\t<\/div>\n\t\t\t\t<div class=\"elementor-element elementor-element-1957fc5 elementor-widget-divider--view-line elementor-widget elementor-widget-divider\" data-id=\"1957fc5\" data-element_type=\"widget\" data-e-type=\"widget\" data-widget_type=\"divider.default\">\n\t\t\t\t<div class=\"elementor-widget-container\">\n\t\t\t\t\t\t\t<div class=\"elementor-divider\">\n\t\t\t<span class=\"elementor-divider-separator\">\n\t\t\t\t\t\t<\/span>\n\t\t<\/div>\n\t\t\t\t\t\t<\/div>\n\t\t\t\t<\/div>\n\t\t\t\t<div class=\"elementor-element elementor-element-8f905dc elementor-widget elementor-widget-heading\" data-id=\"8f905dc\" data-element_type=\"widget\" data-e-type=\"widget\" data-widget_type=\"heading.default\">\n\t\t\t\t<div class=\"elementor-widget-container\">\n\t\t\t\t\t<h2 class=\"elementor-heading-title elementor-size-default\">La construction de barrages hydro\u00e9lectriques est faussement per\u00e7ue comme la seule solution \u00ab verte \u00bb aux enjeux d\u2019approvisionnement \u00e9nerg\u00e9tique du Qu\u00e9bec.<\/h2>\t\t\t\t<\/div>\n\t\t\t\t<\/div>\n\t\t\t\t<\/div>\n\t\t\t\t\t<\/div>\n\t\t\t\t<\/section>\n\t\t<div class=\"elementor-element elementor-element-486df13 e-flex e-con-boxed e-con e-parent\" data-id=\"486df13\" data-element_type=\"container\" data-e-type=\"container\" data-settings=\"{&quot;background_background&quot;:&quot;classic&quot;,&quot;jet_parallax_layout_list&quot;:[]}\">\n\t\t\t\t\t<div class=\"e-con-inner\">\n\t\t\t\t<div class=\"elementor-element elementor-element-7c01c26 elementor-widget elementor-widget-heading\" data-id=\"7c01c26\" data-element_type=\"widget\" data-e-type=\"widget\" data-widget_type=\"heading.default\">\n\t\t\t\t<div class=\"elementor-widget-container\">\n\t\t\t\t\t<h3 class=\"elementor-heading-title elementor-size-default\">Les d\u00e9fis de l'hydro\u00e9lectricit\u00e9<\/h3>\t\t\t\t<\/div>\n\t\t\t\t<\/div>\n\t\t\t\t<div class=\"elementor-element elementor-element-6c61a82 elementor-widget elementor-widget-text-editor\" data-id=\"6c61a82\" data-element_type=\"widget\" data-e-type=\"widget\" data-widget_type=\"text-editor.default\">\n\t\t\t\t<div class=\"elementor-widget-container\">\n\t\t\t\t\t\t\t\t\t<p><span style=\"color: #ffffff;\">Bien que l\u2019hydro\u00e9lectricit\u00e9 soit une \u00e9nergie renouvelable, elle n\u2019est ni \u00ab verte \u00bb ni \u00ab propre \u00bb : les barrages hydro\u00e9lectriques ont des impacts bien r\u00e9els sur l\u2019environnement, les communaut\u00e9s locales et ultimement, la soci\u00e9t\u00e9 qu\u00e9b\u00e9coise.\u00a0<\/span><\/p><p><span style=\"color: #ffffff;\">Pour r\u00e9aliser la transition \u00e9nerg\u00e9tique du Qu\u00e9bec de fa\u00e7on astucieuse, tournons-nous vers les meilleures solutions, avec pour questionnement omnipr\u00e9sent :<\/span><\/p>\t\t\t\t\t\t\t\t<\/div>\n\t\t\t\t<\/div>\n\t\t\t\t<div class=\"elementor-element elementor-element-b8d975c elementor-widget elementor-widget-heading\" data-id=\"b8d975c\" data-element_type=\"widget\" data-e-type=\"widget\" data-widget_type=\"heading.default\">\n\t\t\t\t<div class=\"elementor-widget-container\">\n\t\t\t\t\t<h4 class=\"elementor-heading-title elementor-size-default\">Que voulons-nous l\u00e9guer aux g\u00e9n\u00e9rations futures?<\/h4>\t\t\t\t<\/div>\n\t\t\t\t<\/div>\n\t\t\t\t\t<\/div>\n\t\t\t\t<\/div>\n\t\t<div class=\"elementor-element elementor-element-7b0dee2 e-flex e-con-boxed e-con e-parent\" data-id=\"7b0dee2\" data-element_type=\"container\" data-e-type=\"container\" data-settings=\"{&quot;background_background&quot;:&quot;classic&quot;,&quot;jet_parallax_layout_list&quot;:[]}\">\n\t\t\t\t\t<div class=\"e-con-inner\">\n\t\t\t\t<div class=\"elementor-element elementor-element-aa9ad9a elementor-widget elementor-widget-elementskit-funfact\" data-id=\"aa9ad9a\" data-element_type=\"widget\" data-e-type=\"widget\" data-widget_type=\"elementskit-funfact.default\">\n\t\t\t\t<div class=\"elementor-widget-container\">\n\t\t\t\t\t<div class=\"ekit-wid-con\" >\n\t\t<div class=\"elementskit-funfact text-center     \">\n\t\t\t\n\t\t\t<div class=\"elementskit-funfact-inner position_top\">\n\t\t\t\t\t\t\t\t\t<div class=\"funfact-icon\">\n\t\t\t\t\t\t<i aria-hidden=\"true\" class=\"elementskit-funfact-icon fas fa-water\"><\/i>\t\t\t\t\t<\/div>\n\t\t\t\t\n\t\t\t\t<div class=\"funfact-content\">\n\t\t\t\t\t<div class=\"number-percentage-wraper\">\n\t\t\t\t\t\t\t\t\t\t\t\t<span class=\"number-percentage\"\n\t\t\t\t\t\t      data-value=\"30000\"\n\t\t\t\t\t\t      data-animation-duration=\"3500\"\n\t\t\t\t\t\t\t  data-style=\"static\">0<\/span>\n\t\t\t\t\t\tKM\u00b2\t\t\t\t\t\t\t\t\t\t\t<\/div>\n\n\t\t\t\t\t<p class=\"funfact-title\">sont inond\u00e9s par les r\u00e9servoirs des 62 centrales hydro\u00e9lectriques d&#039;Hydro-Qu\u00e9bec et leurs infrastructures. C\u2019est 40 fois la superficie de l&#039;\u00eele de Montr\u00e9al.<\/p>\t\t\t\t\t\t\t\t<\/div>\n\t\t<\/div>\n\t\t<\/div>\n\n\n\t\t<\/div>\t\t\t\t<\/div>\n\t\t\t\t<\/div>\n\t\t\t\t<div class=\"elementor-element elementor-element-220ce25 elementor-align-center elementor-widget elementor-widget-button\" data-id=\"220ce25\" data-element_type=\"widget\" data-e-type=\"widget\" data-widget_type=\"button.default\">\n\t\t\t\t<div class=\"elementor-widget-container\">\n\t\t\t\t\t\t\t\t\t<div class=\"elementor-button-wrapper\">\n\t\t\t\t\t<a class=\"elementor-button elementor-button-link elementor-size-sm\" href=\"https:\/\/fondationrivieres.org\/nos-actions\/impact-environnemental-barrages-hydroelectriques\">\n\t\t\t\t\t\t<span class=\"elementor-button-content-wrapper\">\n\t\t\t\t\t\t\t\t\t<span class=\"elementor-button-text\">Quels sont les impacts des barrages?<\/span>\n\t\t\t\t\t<\/span>\n\t\t\t\t\t<\/a>\n\t\t\t\t<\/div>\n\t\t\t\t\t\t\t\t<\/div>\n\t\t\t\t<\/div>\n\t\t\t\t\t<\/div>\n\t\t\t\t<\/div>\n\t\t<div class=\"elementor-element elementor-element-f1f0aba e-flex e-con-boxed e-con e-parent\" data-id=\"f1f0aba\" data-element_type=\"container\" data-e-type=\"container\" data-settings=\"{&quot;background_background&quot;:&quot;classic&quot;,&quot;jet_parallax_layout_list&quot;:[{&quot;_id&quot;:&quot;f0847bb&quot;,&quot;jet_parallax_layout_image&quot;:{&quot;url&quot;:&quot;&quot;,&quot;id&quot;:&quot;&quot;,&quot;size&quot;:&quot;&quot;},&quot;jet_parallax_layout_image_tablet&quot;:{&quot;url&quot;:&quot;&quot;,&quot;id&quot;:&quot;&quot;,&quot;size&quot;:&quot;&quot;},&quot;jet_parallax_layout_image_mobile&quot;:{&quot;url&quot;:&quot;&quot;,&quot;id&quot;:&quot;&quot;,&quot;size&quot;:&quot;&quot;},&quot;jet_parallax_layout_speed&quot;:{&quot;unit&quot;:&quot;%&quot;,&quot;size&quot;:50,&quot;sizes&quot;:[]},&quot;jet_parallax_layout_type&quot;:&quot;scroll&quot;,&quot;jet_parallax_layout_direction&quot;:&quot;1&quot;,&quot;jet_parallax_layout_fx_direction&quot;:null,&quot;jet_parallax_layout_z_index&quot;:&quot;&quot;,&quot;jet_parallax_layout_bg_x&quot;:50,&quot;jet_parallax_layout_bg_x_tablet&quot;:&quot;&quot;,&quot;jet_parallax_layout_bg_x_mobile&quot;:&quot;&quot;,&quot;jet_parallax_layout_bg_y&quot;:50,&quot;jet_parallax_layout_bg_y_tablet&quot;:&quot;&quot;,&quot;jet_parallax_layout_bg_y_mobile&quot;:&quot;&quot;,&quot;jet_parallax_layout_bg_size&quot;:&quot;auto&quot;,&quot;jet_parallax_layout_bg_size_tablet&quot;:&quot;&quot;,&quot;jet_parallax_layout_bg_size_mobile&quot;:&quot;&quot;,&quot;jet_parallax_layout_animation_prop&quot;:&quot;transform&quot;,&quot;jet_parallax_layout_on&quot;:[&quot;desktop&quot;,&quot;tablet&quot;]}]}\">\n\t\t\t\t\t<div class=\"e-con-inner\">\n\t\t\t\t<div class=\"elementor-element elementor-element-3d3afd5 elementor-widget elementor-widget-heading\" data-id=\"3d3afd5\" data-element_type=\"widget\" data-e-type=\"widget\" data-widget_type=\"heading.default\">\n\t\t\t\t<div class=\"elementor-widget-container\">\n\t\t\t\t\t<h3 class=\"elementor-heading-title elementor-size-default\">Notre vision<\/h3>\t\t\t\t<\/div>\n\t\t\t\t<\/div>\n\t\t\t\t<div class=\"elementor-element elementor-element-77a7da5 elementor-widget elementor-widget-spacer\" data-id=\"77a7da5\" data-element_type=\"widget\" data-e-type=\"widget\" data-widget_type=\"spacer.default\">\n\t\t\t\t<div class=\"elementor-widget-container\">\n\t\t\t\t\t\t\t<div class=\"elementor-spacer\">\n\t\t\t<div class=\"elementor-spacer-inner\"><\/div>\n\t\t<\/div>\n\t\t\t\t\t\t<\/div>\n\t\t\t\t<\/div>\n\t\t\t\t<div class=\"elementor-element elementor-element-fb49f96 elementor-widget elementor-widget-text-editor\" data-id=\"fb49f96\" data-element_type=\"widget\" data-e-type=\"widget\" data-widget_type=\"text-editor.default\">\n\t\t\t\t<div class=\"elementor-widget-container\">\n\t\t\t\t\t\t\t\t\t<p>Une soci\u00e9t\u00e9 o\u00f9 tous et toutes puissent jouir de fa\u00e7on responsable d\u2019une \u00e9nergie \u00e0 moindre impact, sur un territoire o\u00f9 s\u2019\u00e9coulent des rivi\u00e8res pr\u00e9serv\u00e9es \u00e0 l\u2019\u00e9tat naturel.<\/p>\t\t\t\t\t\t\t\t<\/div>\n\t\t\t\t<\/div>\n\t\t\t\t\t<\/div>\n\t\t\t\t<\/div>\n\t\t<div class=\"elementor-element elementor-element-615faf4 e-flex e-con-boxed e-con e-parent\" data-id=\"615faf4\" data-element_type=\"container\" data-e-type=\"container\" data-settings=\"{&quot;background_background&quot;:&quot;classic&quot;,&quot;jet_parallax_layout_list&quot;:[],&quot;background_motion_fx_motion_fx_mouse&quot;:&quot;yes&quot;}\">\n\t\t\t\t\t<div class=\"e-con-inner\">\n\t\t\t\t<div class=\"elementor-element elementor-element-37a8503 elementor-widget elementor-widget-heading\" data-id=\"37a8503\" data-element_type=\"widget\" data-e-type=\"widget\" data-widget_type=\"heading.default\">\n\t\t\t\t<div class=\"elementor-widget-container\">\n\t\t\t\t\t<h4 class=\"elementor-heading-title elementor-size-default\">Plus de barrages hydro\u00e9lectriques au Qu\u00e9bec? Nous pouvons faire mieux pour notre avenir!\n<\/h4>\t\t\t\t<\/div>\n\t\t\t\t<\/div>\n\t\t\t\t<div class=\"elementor-element elementor-element-968fa1d elementor-widget__width-initial elementor-widget elementor-widget-video\" data-id=\"968fa1d\" data-element_type=\"widget\" data-e-type=\"widget\" data-settings=\"{&quot;youtube_url&quot;:&quot;https:\\\/\\\/youtu.be\\\/qwBcKGWJiOw&quot;,&quot;lazy_load&quot;:&quot;yes&quot;,&quot;video_type&quot;:&quot;youtube&quot;,&quot;controls&quot;:&quot;yes&quot;}\" data-widget_type=\"video.default\">\n\t\t\t\t<div class=\"elementor-widget-container\">\n\t\t\t\t\t\t\t<div class=\"elementor-wrapper elementor-open-inline\">\n\t\t\t<div class=\"elementor-video\"><\/div>\t\t<\/div>\n\t\t\t\t\t\t<\/div>\n\t\t\t\t<\/div>\n\t\t\t\t\t<\/div>\n\t\t\t\t<\/div>\n\t\t<div class=\"elementor-element elementor-element-99db748 e-flex e-con-boxed e-con e-parent\" data-id=\"99db748\" data-element_type=\"container\" data-e-type=\"container\" data-settings=\"{&quot;jet_parallax_layout_list&quot;:[]}\">\n\t\t\t\t\t<div class=\"e-con-inner\">\n\t\t\t\t<div class=\"elementor-element elementor-element-bf48314 elementor-align-center elementor-widget elementor-widget-button\" data-id=\"bf48314\" data-element_type=\"widget\" data-e-type=\"widget\" data-widget_type=\"button.default\">\n\t\t\t\t<div class=\"elementor-widget-container\">\n\t\t\t\t\t\t\t\t\t<div class=\"elementor-button-wrapper\">\n\t\t\t\t\t<a class=\"elementor-button elementor-button-link elementor-size-sm\" href=\"https:\/\/fondationrivieres.org\/nos-actions\/energie-barrages-hydroelectriques\/microreseaux\/\">\n\t\t\t\t\t\t<span class=\"elementor-button-content-wrapper\">\n\t\t\t\t\t\t\t\t\t<span class=\"elementor-button-text\">D\u00e9couvrez notre projet de recherche sur les micror\u00e9seaux<\/span>\n\t\t\t\t\t<\/span>\n\t\t\t\t\t<\/a>\n\t\t\t\t<\/div>\n\t\t\t\t\t\t\t\t<\/div>\n\t\t\t\t<\/div>\n\t\t\t\t\t<\/div>\n\t\t\t\t<\/div>\n\t\t<div class=\"elementor-element elementor-element-fd909df e-flex e-con-boxed e-con e-parent\" data-id=\"fd909df\" data-element_type=\"container\" data-e-type=\"container\" data-settings=\"{&quot;jet_parallax_layout_list&quot;:[]}\">\n\t\t\t\t\t<div class=\"e-con-inner\">\n\t\t\t\t<div class=\"elementor-element elementor-element-b794024 elementor-widget elementor-widget-heading\" data-id=\"b794024\" data-element_type=\"widget\" data-e-type=\"widget\" data-widget_type=\"heading.default\">\n\t\t\t\t<div class=\"elementor-widget-container\">\n\t\t\t\t\t<h2 class=\"elementor-heading-title elementor-size-default\">D\u00e9couvrez les derni\u00e8res 25 grandes rivi\u00e8res sauvages menac\u00e9es<\/h2>\t\t\t\t<\/div>\n\t\t\t\t<\/div>\n\t\t\t\t<div class=\"elementor-element elementor-element-6fe9cfa elementor-widget elementor-widget-text-editor\" data-id=\"6fe9cfa\" data-element_type=\"widget\" data-e-type=\"widget\" data-widget_type=\"text-editor.default\">\n\t\t\t\t<div class=\"elementor-widget-container\">\n\t\t\t\t\t\t\t\t\t<p>Quelles sont les grandes rivi\u00e8res sauvages qui poss\u00e8dent un potentiel hydro\u00e9lectrique? Devant le refus de l&rsquo;acc\u00e8s \u00e0 l&rsquo;information d&rsquo;Hydro-Qu\u00e9bec, nous avons fait un important travail de recherche pour trouver la r\u00e9ponse. Nous avons identifi\u00e9 les rivi\u00e8res qui ont un d\u00e9bit sup\u00e9rieur \u00e0 100m3\/seconde, et qui poss\u00e8dent les caract\u00e9ristiques pour former des barrages avec r\u00e9servoir. 25 rivi\u00e8res se retrouvent sur notre liste et elles sont situ\u00e9es dans trois r\u00e9gions: la C\u00f4te-Nord, le Nunavik et la Baie-James\/Abitibi. Nous vous pr\u00e9sentons aussi trois grandes rivi\u00e8res qui poss\u00e8dent le statut de r\u00e9serve aquatique projet\u00e9e car ce sont des mod\u00e8les inspirants de protection des rivi\u00e8res.<\/p>\t\t\t\t\t\t\t\t<\/div>\n\t\t\t\t<\/div>\n\t\t\t\t<div class=\"elementor-element elementor-element-4d3b568 elementor-align-center elementor-widget elementor-widget-button\" data-id=\"4d3b568\" data-element_type=\"widget\" data-e-type=\"widget\" data-widget_type=\"button.default\">\n\t\t\t\t<div class=\"elementor-widget-container\">\n\t\t\t\t\t\t\t\t\t<div class=\"elementor-button-wrapper\">\n\t\t\t\t\t<a class=\"elementor-button elementor-button-link elementor-size-sm\" href=\"https:\/\/fondationrivieres.org\/nos-actions\/energie-barrages-hydroelectriques\/25-rivieres-sauvages\/\">\n\t\t\t\t\t\t<span class=\"elementor-button-content-wrapper\">\n\t\t\t\t\t\t<span class=\"elementor-button-icon\">\n\t\t\t\t<i aria-hidden=\"true\" class=\"fas fa-arrow-right\"><\/i>\t\t\t<\/span>\n\t\t\t\t\t\t\t\t\t<span class=\"elementor-button-text\">Pour voir le dossier des 25 rivi\u00e8res<\/span>\n\t\t\t\t\t<\/span>\n\t\t\t\t\t<\/a>\n\t\t\t\t<\/div>\n\t\t\t\t\t\t\t\t<\/div>\n\t\t\t\t<\/div>\n\t\t\t\t\t<\/div>\n\t\t\t\t<\/div>\n\t\t<div class=\"elementor-element elementor-element-33749d5 e-flex e-con-boxed e-con e-parent\" data-id=\"33749d5\" data-element_type=\"container\" data-e-type=\"container\" data-settings=\"{&quot;background_background&quot;:&quot;classic&quot;,&quot;jet_parallax_layout_list&quot;:[{&quot;_id&quot;:&quot;5aba9f&quot;,&quot;jet_parallax_layout_image&quot;:{&quot;url&quot;:&quot;&quot;,&quot;id&quot;:&quot;&quot;,&quot;size&quot;:&quot;&quot;},&quot;jet_parallax_layout_image_tablet&quot;:{&quot;url&quot;:&quot;&quot;,&quot;id&quot;:&quot;&quot;,&quot;size&quot;:&quot;&quot;},&quot;jet_parallax_layout_image_mobile&quot;:{&quot;url&quot;:&quot;&quot;,&quot;id&quot;:&quot;&quot;,&quot;size&quot;:&quot;&quot;},&quot;jet_parallax_layout_speed&quot;:{&quot;unit&quot;:&quot;%&quot;,&quot;size&quot;:50,&quot;sizes&quot;:[]},&quot;jet_parallax_layout_type&quot;:&quot;scroll&quot;,&quot;jet_parallax_layout_direction&quot;:&quot;1&quot;,&quot;jet_parallax_layout_fx_direction&quot;:null,&quot;jet_parallax_layout_z_index&quot;:&quot;&quot;,&quot;jet_parallax_layout_bg_x&quot;:50,&quot;jet_parallax_layout_bg_x_tablet&quot;:&quot;&quot;,&quot;jet_parallax_layout_bg_x_mobile&quot;:&quot;&quot;,&quot;jet_parallax_layout_bg_y&quot;:50,&quot;jet_parallax_layout_bg_y_tablet&quot;:&quot;&quot;,&quot;jet_parallax_layout_bg_y_mobile&quot;:&quot;&quot;,&quot;jet_parallax_layout_bg_size&quot;:&quot;auto&quot;,&quot;jet_parallax_layout_bg_size_tablet&quot;:&quot;&quot;,&quot;jet_parallax_layout_bg_size_mobile&quot;:&quot;&quot;,&quot;jet_parallax_layout_animation_prop&quot;:&quot;transform&quot;,&quot;jet_parallax_layout_on&quot;:[&quot;desktop&quot;,&quot;tablet&quot;]}],&quot;background_motion_fx_motion_fx_mouse&quot;:&quot;yes&quot;}\">\n\t\t\t\t\t<div class=\"e-con-inner\">\n\t\t\t\t<div class=\"elementor-element elementor-element-9bec135 elementor-widget elementor-widget-heading\" data-id=\"9bec135\" data-element_type=\"widget\" data-e-type=\"widget\" data-widget_type=\"heading.default\">\n\t\t\t\t<div class=\"elementor-widget-container\">\n\t\t\t\t\t<h3 class=\"elementor-heading-title elementor-size-default\">Impacts des barrages hydro\u00e9lectriques et les solutions<\/h3>\t\t\t\t<\/div>\n\t\t\t\t<\/div>\n\t\t\t\t<div class=\"elementor-element elementor-element-db044a8 elementor-widget elementor-widget-jet-image-accordion\" data-id=\"db044a8\" data-element_type=\"widget\" data-e-type=\"widget\" data-widget_type=\"jet-image-accordion.default\">\n\t\t\t\t<div class=\"elementor-widget-container\">\n\t\t\t\t\t<div class=\"elementor-jet-image-accordion jet-tabs-addons\"><div class=\"jet-image-accordion jet-image-accordion-vertical-orientation jet-image-accordion-circ-ease\" role=\"tablist\" data-settings=\"{&quot;orientation&quot;:&quot;vertical&quot;,&quot;activeSize&quot;:{&quot;unit&quot;:&quot;%&quot;,&quot;size&quot;:75,&quot;sizes&quot;:[]},&quot;duration&quot;:500,&quot;activeItem&quot;:-1}\">\n\t<div class=\"jet-image-accordion__list\">\n<div class=\"jet-image-accordion__item title-display-mode__on_hover\" role=\"tab\" aria-selected=\"false\" tabindex=\"0\">\n<img decoding=\"async\" class=\"jet-image-accordion__image-instance\" src=\"https:\/\/fondationrivieres.org\/wp-content\/uploads\/2023\/04\/Barrage-la-Romaine-credit-Rapide-Blanc-1024x576.jpg\" alt=\"Roy Dupuis pr\u00e8s du Barrage la Romaine - Apr\u00e8s la Romaine - cre\u0301dit Rapide Blanc - Roy Dupuis - Quel est l\u2019impact environnemental des barrages hydro\u00e9lectriques? -\">\n\t\n\t<div class=\"jet-image-accordion__content\">\n\t\t<h4 class=\"jet-image-accordion__title\">Impacts des barrages hydro\u00e9lectriques sur l'environnement<\/h4><div class=\"jet-image-accordion__desc\">D\u00e9couvrez 4 impacts des barrages hydro\u00e9lectriques sur l\u2019environnement.\n<\/div><a class=\"elementor-button elementor-size-md jet-image-accordion__button\" role=\"button\" tabindex=\"0\" href=\"https:\/\/fondationrivieres.org\/nos-actions\/impact-environnemental-barrages-hydroelectriques\/\">En savoir plus<\/a><\/div>\n\t<div class=\"jet-image-accordion__item-loader\"><span><\/span><\/div>\n<\/div>\n<div class=\"jet-image-accordion__item title-display-mode__on_hover\" role=\"tab\" aria-selected=\"false\" tabindex=\"0\">\n<img decoding=\"async\" class=\"jet-image-accordion__image-instance\" src=\"https:\/\/fondationrivieres.org\/wp-content\/uploads\/2023\/04\/ALR_STILLS_011_-credit-Rapide-Blanc-1024x578.jpg\" alt=\"Rapide Blanc_Apr\u00e8s la romaine_impact des barrages hydro\u00e9lectriques sur les communaut\u00e9s_premi\u00e8res nations\">\n\t\n\t<div class=\"jet-image-accordion__content\">\n\t\t<h4 class=\"jet-image-accordion__title\">Impacts des barrages hydro\u00e9lectriques sur les communaut\u00e9s<\/h4><div class=\"jet-image-accordion__desc\">\u00c0 venir<\/div><\/div>\n\t<div class=\"jet-image-accordion__item-loader\"><span><\/span><\/div>\n<\/div>\n<div class=\"jet-image-accordion__item title-display-mode__on_hover\" role=\"tab\" aria-selected=\"false\" tabindex=\"0\">\n<img decoding=\"async\" class=\"jet-image-accordion__image-instance\" src=\"https:\/\/fondationrivieres.org\/wp-content\/uploads\/2023\/09\/zhang-fengsheng-gUKv_yrQ_tk-unsplash-1024x684.jpg\" alt=\"Alternatives aux barrages hydro\u00e9lectriques_Zhang_Fengsheng_Unsplash_OS\">\n\t\n\t<div class=\"jet-image-accordion__content\">\n\t\t<h4 class=\"jet-image-accordion__title\">Alternatives aux barrages hydro\u00e9lectriques<\/h4><div class=\"jet-image-accordion__desc\">D\u00e9couvrez les alternatives aux barrages hydro\u00e9lectriques. La construction de barrages a des cons\u00e9quences majeures sur l\u2019environnement et les populations locales. <\/div><a class=\"elementor-button elementor-size-md jet-image-accordion__button\" role=\"button\" tabindex=\"0\" href=\"https:\/\/fondationrivieres.org\/nos-actions\/energie-barrages-hydroelectriques\/alternatives-aux-barrages-hydroelectriques\/\">En savoir plus<\/a><\/div>\n\t<div class=\"jet-image-accordion__item-loader\"><span><\/span><\/div>\n<\/div>\n<\/div>\n<\/div>\n<\/div>\t\t\t\t<\/div>\n\t\t\t\t<\/div>\n\t\t\t\t\t<\/div>\n\t\t\t\t<\/div>\n\t\t<div class=\"elementor-element elementor-element-930f4ee e-flex e-con-boxed e-con e-parent\" data-id=\"930f4ee\" data-element_type=\"container\" data-e-type=\"container\" data-settings=\"{&quot;jet_parallax_layout_list&quot;:[]}\">\n\t\t\t\t\t<div class=\"e-con-inner\">\n\t\t\t\t<div class=\"elementor-element elementor-element-f55d6a1 elementor-widget elementor-widget-heading\" data-id=\"f55d6a1\" data-element_type=\"widget\" data-e-type=\"widget\" data-widget_type=\"heading.default\">\n\t\t\t\t<div class=\"elementor-widget-container\">\n\t\t\t\t\t<h2 class=\"elementor-heading-title elementor-size-default\">Foire aux questions : barrages hydro\u00e9lectriques <\/h2>\t\t\t\t<\/div>\n\t\t\t\t<\/div>\n\t\t\t\t<div class=\"elementor-element elementor-element-b0cbe65 elementor-widget elementor-widget-jet-accordion\" data-id=\"b0cbe65\" data-element_type=\"widget\" data-e-type=\"widget\" data-widget_type=\"jet-accordion.default\">\n\t\t\t\t<div class=\"elementor-widget-container\">\n\t\t\t\t\t\t\t\t\t<div class=\"jet-accordion\" data-settings=\"{&quot;collapsible&quot;:false,&quot;ajaxTemplate&quot;:false,&quot;switchScrolling&quot;:false,&quot;switchScrollingTablet&quot;:false,&quot;switchScrollingMobile&quot;:false,&quot;switchScrollingOffset&quot;:{&quot;size&quot;:0,&quot;unit&quot;:&quot;px&quot;},&quot;switchScrollingOffsetTablet&quot;:{&quot;size&quot;:0,&quot;unit&quot;:&quot;px&quot;},&quot;switchScrollingOffsetMobile&quot;:{&quot;size&quot;:0,&quot;unit&quot;:&quot;px&quot;},&quot;switchScrollingDelay&quot;:500,&quot;switchScrollingDelayTablet&quot;:500,&quot;switchScrollingDelayMobile&quot;:500}\">\n\t\t\t<div class=\"jet-accordion__inner\">\n\t\t\t\t<div class=\" jet-accordion__item jet-toggle jet-toggle-move-up-effect \">\n\t\t\t\t\t\t\t<div id=\"jet-toggle-control-1851\" class=\"jet-toggle__control elementor-menu-anchor\" data-toggle=\"1\" role=\"button\" tabindex=\"0\" aria-controls=\"jet-toggle-content-1851\" aria-expanded=\"false\" data-template-id=\"false\">\n\t\t\t\t\t\t\t\t<div class=\"jet-toggle__label-icon jet-toggle-icon-position-left\"><span class=\"jet-toggle__icon icon-normal jet-tabs-icon\"><i class=\"fas fa-plus\"><\/i><\/span><span class=\"jet-toggle__icon icon-active jet-tabs-icon\"><i class=\"fas fa-minus\"><\/i><\/span><\/div><h3 class=\"jet-toggle__label-text\">Comment Hydro-Qu\u00e9bec fait pour choisir les rivi\u00e8res \u00e0 barrages?<\/h3>\t\t\t\t\t\t\t<\/div>\n\t\t\t\t\t\t\t<div id=\"jet-toggle-content-1851\" class=\"jet-toggle__content\" data-toggle=\"1\" role=\"region\" data-template-id=\"false\">\n\t\t\t\t\t\t\t\t<div class=\"jet-toggle__content-inner\"><p>Une rivi\u00e8re doit r\u00e9pondre \u00e0 plusieurs crit\u00e8res pour \u00eatre harnach\u00e9e : les d\u00e9bits d\u2019eau, le d\u00e9nivel\u00e9, la contenance du r\u00e9servoir, les affluents suppl\u00e9mentaires potentiels (d\u00e9viation de rivi\u00e8res), la qualit\u00e9 du sol limitant l\u2019\u00e9rosion et pour contenir l\u2019eau, la localisation (plus co\u00fbteux).<\/p><p>Les grandes rivi\u00e8res naturelles les mieux adapt\u00e9es pour d\u2019imposants ouvrages ont d\u00e9j\u00e0 \u00e9t\u00e9 harnach\u00e9es ou d\u00e9vi\u00e9es vers un r\u00e9servoir. Les prochaines rivi\u00e8res risquent d\u2019\u00eatre \u00e9loign\u00e9es, de demander d\u2019imposants travaux d\u2019am\u00e9nagement des sites, d\u2019imposer le d\u00e9tournement de rivi\u00e8res et impliquer d\u2019autres co\u00fbteuses op\u00e9rations. <\/p><\/div>\n\t\t\t\t\t\t\t<\/div>\n\t\t\t\t\t\t<\/div><div class=\" jet-accordion__item jet-toggle jet-toggle-move-up-effect \">\n\t\t\t\t\t\t\t<div id=\"jet-toggle-control-1852\" class=\"jet-toggle__control elementor-menu-anchor\" data-toggle=\"2\" role=\"button\" tabindex=\"0\" aria-controls=\"jet-toggle-content-1852\" aria-expanded=\"false\" data-template-id=\"false\">\n\t\t\t\t\t\t\t\t<div class=\"jet-toggle__label-icon jet-toggle-icon-position-left\"><span class=\"jet-toggle__icon icon-normal jet-tabs-icon\"><i class=\"fas fa-plus\"><\/i><\/span><span class=\"jet-toggle__icon icon-active jet-tabs-icon\"><i class=\"fas fa-minus\"><\/i><\/span><\/div><h3 class=\"jet-toggle__label-text\">Quelles \u00e9tudes sont faites exactement par Hydro-Qu\u00e9bec sur la rivi\u00e8re du Petit M\u00e9catina? <\/h3>\t\t\t\t\t\t\t<\/div>\n\t\t\t\t\t\t\t<div id=\"jet-toggle-content-1852\" class=\"jet-toggle__content\" data-toggle=\"2\" role=\"region\" data-template-id=\"false\">\n\t\t\t\t\t\t\t\t<div class=\"jet-toggle__content-inner\"><p>Nous avons pos\u00e9 la question \u00e0 Hydro-Qu\u00e9bec sur la nature des \u00e9tudes pr\u00e9liminaires sur la <a href=\"https:\/\/fondationrivieres.org\/projets\/adoptez-une-riviere-petit-mecatina\/\">rivi\u00e8re du Petit M\u00e9catina<\/a>. On nous a r\u00e9pondu qu\u2019une \u00e9tude pr\u00e9liminaire consistait \u00e0 \u00ab \u00e9valuer la pr\u00e9faisabilit\u00e9 technique, \u00e9conomique, environnementale et sociale d\u2019un projet. (&#8230;) Sur le terrain, les responsables de l\u2019\u00e9tude r\u00e9alisent les activit\u00e9s suivantes :<\/p><p style=\"padding-left: 40px;\">\u2022 Rencontres d\u2019\u00e9change et de suivi avec les collectivit\u00e9s locales et les communaut\u00e9s autochtones<br \/>\u2022 \u00c9laboration d\u2019une strat\u00e9gie d\u2019acc\u00e8s au territoire vis\u00e9 par les activit\u00e9s au terrain<br \/>\u2022 Acquisition des donn\u00e9es cartographiques, hydrom\u00e9triques, g\u00e9ologiques et environnementales<br \/>\u2022 \u00c9valuation des capacit\u00e9s d\u2019accueil du milieu pour mieux planifier l&rsquo;organisation logistique des activit\u00e9s au terrain \u00bb.<\/p><\/div>\n\t\t\t\t\t\t\t<\/div>\n\t\t\t\t\t\t<\/div><div class=\" jet-accordion__item jet-toggle jet-toggle-move-up-effect \">\n\t\t\t\t\t\t\t<div id=\"jet-toggle-control-1853\" class=\"jet-toggle__control elementor-menu-anchor\" data-toggle=\"3\" role=\"button\" tabindex=\"0\" aria-controls=\"jet-toggle-content-1853\" aria-expanded=\"false\" data-template-id=\"false\">\n\t\t\t\t\t\t\t\t<div class=\"jet-toggle__label-icon jet-toggle-icon-position-left\"><span class=\"jet-toggle__icon icon-normal jet-tabs-icon\"><i class=\"fas fa-plus\"><\/i><\/span><span class=\"jet-toggle__icon icon-active jet-tabs-icon\"><i class=\"fas fa-minus\"><\/i><\/span><\/div><h3 class=\"jet-toggle__label-text\">Quelle est la capacit\u00e9 de production \u00e9nerg\u00e9tique d\u2019Hydro-Qu\u00e9bec?<\/h3>\t\t\t\t\t\t\t<\/div>\n\t\t\t\t\t\t\t<div id=\"jet-toggle-content-1853\" class=\"jet-toggle__content\" data-toggle=\"3\" role=\"region\" data-template-id=\"false\">\n\t\t\t\t\t\t\t\t<div class=\"jet-toggle__content-inner\"><p><a href=\"https:\/\/www.hydroquebec.com\/production\/\" target=\"_blank\" rel=\"noopener\">Le parc de production d\u2019Hydro-Qu\u00e9bec<\/a> compte 61 centrales hydro\u00e9lectriques et 24 centrales thermiques, ce qui repr\u00e9sente une puissance install\u00e9e de 37, 2 GW. De plus, ses am\u00e9nagements hydro\u00e9lectriques comprennent 28 grands r\u00e9servoirs d&rsquo;une capacit\u00e9 de stockage de plus de 176 TWh, auxquels s\u2019ajoutent 681 barrages et 91 ouvrages r\u00e9gulateurs selon les donn\u00e9es d\u2019Hydro-Qu\u00e9bec.<\/p><\/div>\n\t\t\t\t\t\t\t<\/div>\n\t\t\t\t\t\t<\/div><div class=\" jet-accordion__item jet-toggle jet-toggle-move-up-effect \">\n\t\t\t\t\t\t\t<div id=\"jet-toggle-control-1854\" class=\"jet-toggle__control elementor-menu-anchor\" data-toggle=\"4\" role=\"button\" tabindex=\"0\" aria-controls=\"jet-toggle-content-1854\" aria-expanded=\"false\" data-template-id=\"false\">\n\t\t\t\t\t\t\t\t<div class=\"jet-toggle__label-icon jet-toggle-icon-position-left\"><span class=\"jet-toggle__icon icon-normal jet-tabs-icon\"><i class=\"fas fa-plus\"><\/i><\/span><span class=\"jet-toggle__icon icon-active jet-tabs-icon\"><i class=\"fas fa-minus\"><\/i><\/span><\/div><h3 class=\"jet-toggle__label-text\">Pourquoi faut-il produire plus d\u2019\u00e9nergie d\u2019ici 2050 au Qu\u00e9bec? <\/h3>\t\t\t\t\t\t\t<\/div>\n\t\t\t\t\t\t\t<div id=\"jet-toggle-content-1854\" class=\"jet-toggle__content\" data-toggle=\"4\" role=\"region\" data-template-id=\"false\">\n\t\t\t\t\t\t\t\t<div class=\"jet-toggle__content-inner\"><p>Il faut augmenter la production d\u2019\u00e9nergie dans le but de r\u00e9aliser la transition \u00e9nerg\u00e9tique, c\u2019est-\u00e0-dire pour se d\u00e9partir de nos \u00e9nergies fossiles. Quelle quantit\u00e9 faut-il produire? Cela d\u00e9pend de notre volont\u00e9 \u00e0 mettre en place des mesures audacieuses en mati\u00e8re d\u2019\u00e9conomie d\u2019\u00e9nergie.<\/p><p>Le potentiel est \u00e9norme : r\u00e9novation des habitations mal isol\u00e9es, r\u00e9forme du code du b\u00e2timent pour bien isoler les constructions neuves, tarification dynamique, investissements massifs en transport en commun, etc. Si on ne fait que remplacer 5 millions de voitures \u00e0 essence en voitures \u00e9lectriques, on devra produire beaucoup plus. Et c\u2019est sans compter la volont\u00e9 du gouvernement provincial d\u2019attirer des industries gourmandes en \u00e9nergie dans un contexte de p\u00e9nurie d\u2019emplois, de crise de la biodiversit\u00e9 et de la n\u00e9cessaire transition \u00e9nerg\u00e9tique.<\/p><\/div>\n\t\t\t\t\t\t\t<\/div>\n\t\t\t\t\t\t<\/div><div class=\" jet-accordion__item jet-toggle jet-toggle-move-up-effect \">\n\t\t\t\t\t\t\t<div id=\"jet-toggle-control-1855\" class=\"jet-toggle__control elementor-menu-anchor\" data-toggle=\"5\" role=\"button\" tabindex=\"0\" aria-controls=\"jet-toggle-content-1855\" aria-expanded=\"false\" data-template-id=\"false\">\n\t\t\t\t\t\t\t\t<div class=\"jet-toggle__label-icon jet-toggle-icon-position-left\"><span class=\"jet-toggle__icon icon-normal jet-tabs-icon\"><i class=\"fas fa-plus\"><\/i><\/span><span class=\"jet-toggle__icon icon-active jet-tabs-icon\"><i class=\"fas fa-minus\"><\/i><\/span><\/div><h3 class=\"jet-toggle__label-text\">L'hydro\u00e9lectricit\u00e9, c\u2019est toujours mieux que le charbon! <\/h3>\t\t\t\t\t\t\t<\/div>\n\t\t\t\t\t\t\t<div id=\"jet-toggle-content-1855\" class=\"jet-toggle__content\" data-toggle=\"5\" role=\"region\" data-template-id=\"false\">\n\t\t\t\t\t\t\t\t<div class=\"jet-toggle__content-inner\"><p>Ce n\u2019est pas le cas partout dans le monde : <a href=\"https:\/\/actualites.uqam.ca\/2022\/un-article-sur-les-emissions-de-ges-des-grands-barrages-dans-nature-geoscience\/\" target=\"_blank\" rel=\"noopener\">certaines centrales hydro\u00e9lectriques ont une empreinte \u00e9cologique pire que des centrales au charbon<\/a>. Heureusement, ce n\u2019est pas le cas au Qu\u00e9bec. Si l\u2019hydro\u00e9lectricit\u00e9 est une \u00e9nergie pr\u00e9f\u00e9rable \u00e0 bien d\u2019autres, il n\u2019en reste pas moins que ce n\u2019est pas une \u00e9nergie propre : c\u2019est une \u00e9nergie renouvelable, qui a des <a href=\"https:\/\/fondationrivieres.org\/nos-actions\/impact-environnemental-barrages-hydroelectriques\/\">impacts sur l\u2019environnement<\/a>.<\/p><p>Par exemple, les grands r\u00e9servoirs fragmentent le territoire, parfois avec des esp\u00e8ces menac\u00e9es et \u00e9mettent des gaz \u00e0 effet de serre, surtout les premi\u00e8res ann\u00e9es de service. Qui plus est, des alternatives aux effets moins dommageables existent, alors pourquoi comparer l\u2019hydro\u00e9lectricit\u00e9 aux pires \u00e9nergies plut\u00f4t qu\u2019aux meilleures?<\/p><\/div>\n\t\t\t\t\t\t\t<\/div>\n\t\t\t\t\t\t<\/div><div class=\" jet-accordion__item jet-toggle jet-toggle-move-up-effect \">\n\t\t\t\t\t\t\t<div id=\"jet-toggle-control-1856\" class=\"jet-toggle__control elementor-menu-anchor\" data-toggle=\"6\" role=\"button\" tabindex=\"0\" aria-controls=\"jet-toggle-content-1856\" aria-expanded=\"false\" data-template-id=\"false\">\n\t\t\t\t\t\t\t\t<div class=\"jet-toggle__label-icon jet-toggle-icon-position-left\"><span class=\"jet-toggle__icon icon-normal jet-tabs-icon\"><i class=\"fas fa-plus\"><\/i><\/span><span class=\"jet-toggle__icon icon-active jet-tabs-icon\"><i class=\"fas fa-minus\"><\/i><\/span><\/div><h3 class=\"jet-toggle__label-text\">Quelles sont les alternatives \u00e0 la construction de barrage hydro\u00e9lectrique? <\/h3>\t\t\t\t\t\t\t<\/div>\n\t\t\t\t\t\t\t<div id=\"jet-toggle-content-1856\" class=\"jet-toggle__content\" data-toggle=\"6\" role=\"region\" data-template-id=\"false\">\n\t\t\t\t\t\t\t\t<div class=\"jet-toggle__content-inner\"><p>Une panoplie d\u2019alternatives existent. Aucune ne constitue la r\u00e9ponse ultime \u00e0 nos besoins; c\u2019est leur combinaison qu\u2019il faut consid\u00e9rer. <a href=\"https:\/\/fondationrivieres.org\/nos-actions\/energie-barrages-hydroelectriques\/alternatives-aux-barrages-hydroelectriques\/\">Apprenez-en plus dans notre article sur le sujet.<\/a><\/p><\/div>\n\t\t\t\t\t\t\t<\/div>\n\t\t\t\t\t\t<\/div><div class=\" jet-accordion__item jet-toggle jet-toggle-move-up-effect \">\n\t\t\t\t\t\t\t<div id=\"jet-toggle-control-1857\" class=\"jet-toggle__control elementor-menu-anchor\" data-toggle=\"7\" role=\"button\" tabindex=\"0\" aria-controls=\"jet-toggle-content-1857\" aria-expanded=\"false\" data-template-id=\"false\">\n\t\t\t\t\t\t\t\t<div class=\"jet-toggle__label-icon jet-toggle-icon-position-left\"><span class=\"jet-toggle__icon icon-normal jet-tabs-icon\"><i class=\"fas fa-plus\"><\/i><\/span><span class=\"jet-toggle__icon icon-active jet-tabs-icon\"><i class=\"fas fa-minus\"><\/i><\/span><\/div><h3 class=\"jet-toggle__label-text\">La construction de nouvelles centrales ne permettrait-elle pas de g\u00e9n\u00e9rer des emplois, ce qui est bon pour notre \u00e9conomie?<\/h3>\t\t\t\t\t\t\t<\/div>\n\t\t\t\t\t\t\t<div id=\"jet-toggle-content-1857\" class=\"jet-toggle__content\" data-toggle=\"7\" role=\"region\" data-template-id=\"false\">\n\t\t\t\t\t\t\t\t<div class=\"jet-toggle__content-inner\"><p>La construction de centrales g\u00e9n\u00e8re beaucoup d&#8217;emplois localement, surtout au moment de la construction, et jusque dans une certaine mesure, dans la p\u00e9riode d\u2019exploitation, mais ce n\u2019est pas la seule option pour g\u00e9n\u00e9rer de l\u2019emploi dans le secteur de l\u2019\u00e9nergie. Par exemple, un programme de r\u00e9novation domiciliaire risque de cr\u00e9er plus d\u2019emplois \u00e0 l\u2019\u00e9chelle nationale.<\/p><p>Puis, si on veut parler de ce qui est bon pour notre \u00e9conomie, parlons d\u2019une \u00e9nergie au moindre co\u00fbt unitaire. Par exemple, le co\u00fbt de production de l\u2019\u00e9olien \u00e9tait de 6,10 cents le KWh dans le dernier appel d\u2019offres d\u2019Hydro-Qu\u00e9bec, soit moins cher que l\u2019\u00e9nergie produite par le complexe la Romaine dont les co\u00fbts \u00e9taient \u00e9valu\u00e9s \u00e0 8,05 cents le KWh en 2009.<\/p><p>Finalement, nous ferions erreur d\u2019aborder la richesse seulement sous l\u2019angle \u00e9conomique. Une ressource naturelle a aussi une valeur r\u00e9cr\u00e9otouristique et sociale en plus de rendre des services \u00e9cosyst\u00e9miques.<\/p><\/div>\n\t\t\t\t\t\t\t<\/div>\n\t\t\t\t\t\t<\/div><div class=\" jet-accordion__item jet-toggle jet-toggle-move-up-effect \">\n\t\t\t\t\t\t\t<div id=\"jet-toggle-control-1858\" class=\"jet-toggle__control elementor-menu-anchor\" data-toggle=\"8\" role=\"button\" tabindex=\"0\" aria-controls=\"jet-toggle-content-1858\" aria-expanded=\"false\" data-template-id=\"false\">\n\t\t\t\t\t\t\t\t<div class=\"jet-toggle__label-icon jet-toggle-icon-position-left\"><span class=\"jet-toggle__icon icon-normal jet-tabs-icon\"><i class=\"fas fa-plus\"><\/i><\/span><span class=\"jet-toggle__icon icon-active jet-tabs-icon\"><i class=\"fas fa-minus\"><\/i><\/span><\/div><h3 class=\"jet-toggle__label-text\">Si le gouvernement veut construire des barrages, c\u2019est que \u00e7a doit \u00eatre la meilleure option pour l\u2019environnement et pour l\u2019\u00e9conomie du Qu\u00e9bec. <\/h3>\t\t\t\t\t\t\t<\/div>\n\t\t\t\t\t\t\t<div id=\"jet-toggle-content-1858\" class=\"jet-toggle__content\" data-toggle=\"8\" role=\"region\" data-template-id=\"false\">\n\t\t\t\t\t\t\t\t<div class=\"jet-toggle__content-inner\"><p>La construction de centrales hydro\u00e9lectriques est une grande r\u00e9ussite du 20e si\u00e8cle sur le plan technique et qui \u00e9veille un sentiment de fiert\u00e9 sur lequel mise pr\u00e9sentement le gouvernement provincial. Force est d\u2019admettre que ce qui avivait autrefois la fibre nationaliste est aujourd\u2019hui beaucoup moins int\u00e9ressant : la quasi-totalit\u00e9 des rivi\u00e8res offrant un potentiel hydro\u00e9lectrique \u00e0 bon co\u00fbt est d\u00e9j\u00e0 utilis\u00e9e.<\/p><p>Il faut donc se tourner vers des rivi\u00e8res sur des territoires beaucoup plus \u00e9loign\u00e9s, \u00e0 plus grand co\u00fbt. D\u2019autre part, les avanc\u00e9es technologiques permettent de se tourner vers des alternatives \u00e0 moindre impact comparativement \u00e0 l\u2019hydro\u00e9lectricit\u00e9.<\/p><\/div>\n\t\t\t\t\t\t\t<\/div>\n\t\t\t\t\t\t<\/div>\t\t\t<\/div>\n\t\t<\/div>\n\t\t\t\t\t\t<\/div>\n\t\t\t\t<\/div>\n\t\t\t\t\t<\/div>\n\t\t\t\t<\/div>\n\t\t<div class=\"elementor-element elementor-element-0f001ba e-flex e-con-boxed e-con e-parent\" data-id=\"0f001ba\" data-element_type=\"container\" data-e-type=\"container\" data-settings=\"{&quot;background_background&quot;:&quot;classic&quot;,&quot;jet_parallax_layout_list&quot;:[]}\">\n\t\t\t\t\t<div class=\"e-con-inner\">\n\t\t\t\t<div class=\"elementor-element elementor-element-cb66de4 elementor-widget elementor-widget-heading\" data-id=\"cb66de4\" data-element_type=\"widget\" data-e-type=\"widget\" data-widget_type=\"heading.default\">\n\t\t\t\t<div class=\"elementor-widget-container\">\n\t\t\t\t\t<h4 class=\"elementor-heading-title elementor-size-default\">Nos articles sur l'hydro\u00e9lectricit\u00e9<\/h4>\t\t\t\t<\/div>\n\t\t\t\t<\/div>\n\t\t\t\t<div class=\"elementor-element elementor-element-734ce0b elementor-posts--align-left elementor-grid-3 elementor-grid-tablet-2 elementor-grid-mobile-1 elementor-posts--thumbnail-top elementor-widget elementor-widget-posts\" data-id=\"734ce0b\" data-element_type=\"widget\" data-e-type=\"widget\" data-settings=\"{&quot;classic_row_gap&quot;:{&quot;unit&quot;:&quot;px&quot;,&quot;size&quot;:10,&quot;sizes&quot;:[]},&quot;classic_row_gap_mobile&quot;:{&quot;unit&quot;:&quot;px&quot;,&quot;size&quot;:15,&quot;sizes&quot;:[]},&quot;classic_columns&quot;:&quot;3&quot;,&quot;classic_columns_tablet&quot;:&quot;2&quot;,&quot;classic_columns_mobile&quot;:&quot;1&quot;,&quot;classic_row_gap_tablet&quot;:{&quot;unit&quot;:&quot;px&quot;,&quot;size&quot;:&quot;&quot;,&quot;sizes&quot;:[]}}\" data-widget_type=\"posts.classic\">\n\t\t\t\t<div class=\"elementor-widget-container\">\n\t\t\t\t\t\t\t<div class=\"elementor-posts-container elementor-posts elementor-posts--skin-classic elementor-grid\" role=\"list\">\n\t\t\t\t<article class=\"elementor-post elementor-grid-item post-69811 post type-post status-publish format-standard has-post-thumbnail hentry category-plaintes-lettres-aux-gouvernements tag-energie tag-hydroelectricite tag-mobilisation\" role=\"listitem\">\n\t\t\t\t<a class=\"elementor-post__thumbnail__link\" href=\"https:\/\/fondationrivieres.org\/en\/pl-69-son-adoption-devrait-etre-reportee\/\" tabindex=\"-1\">\n\t\t\t<div class=\"elementor-post__thumbnail\"><img fetchpriority=\"high\" decoding=\"async\" width=\"768\" height=\"519\" src=\"https:\/\/fondationrivieres.org\/wp-content\/uploads\/2024\/10\/made-from-the-sky-i-eXpmQ98M8-unsplash_used-768x519.jpg\" class=\"attachment-medium_large size-medium_large wp-image-69818\" alt=\"Image lettre Le PL-69 : son adoption devrait \u00eatre report\u00e9e\" srcset=\"https:\/\/fondationrivieres.org\/wp-content\/uploads\/2024\/10\/made-from-the-sky-i-eXpmQ98M8-unsplash_used-768x519.jpg 768w, https:\/\/fondationrivieres.org\/wp-content\/uploads\/2024\/10\/made-from-the-sky-i-eXpmQ98M8-unsplash_used-300x203.jpg 300w, https:\/\/fondationrivieres.org\/wp-content\/uploads\/2024\/10\/made-from-the-sky-i-eXpmQ98M8-unsplash_used-1024x692.jpg 1024w, https:\/\/fondationrivieres.org\/wp-content\/uploads\/2024\/10\/made-from-the-sky-i-eXpmQ98M8-unsplash_used-1536x1038.jpg 1536w, https:\/\/fondationrivieres.org\/wp-content\/uploads\/2024\/10\/made-from-the-sky-i-eXpmQ98M8-unsplash_used-2048x1384.jpg 2048w, https:\/\/fondationrivieres.org\/wp-content\/uploads\/2024\/10\/made-from-the-sky-i-eXpmQ98M8-unsplash_used-18x12.jpg 18w\" sizes=\"(max-width: 768px) 100vw, 768px\" \/><\/div>\n\t\t<\/a>\n\t\t\t\t<div class=\"elementor-post__text\">\n\t\t\t\t<h5 class=\"elementor-post__title\">\n\t\t\t<a href=\"https:\/\/fondationrivieres.org\/en\/pl-69-son-adoption-devrait-etre-reportee\/\">\n\t\t\t\tLe PL-69 : son adoption devrait \u00eatre report\u00e9e\t\t\t<\/a>\n\t\t<\/h5>\n\t\t\t\t<div class=\"elementor-post__meta-data\">\n\t\t\t\t\t<span class=\"elementor-post-date\">\n\t\t\t3 October 2024\t\t<\/span>\n\t\t\t\t<\/div>\n\t\t\t\t<div class=\"elementor-post__excerpt\">\n\t\t\t<p>Le 26 septembre 2024 \u00c0: Christine Fr\u00e9chette, ministre de l&rsquo;\u00c9conomie, de l&rsquo;Innovation et de l&rsquo;\u00c9nergieFran\u00e7ois Legault, premier ministre Objet :<\/p>\n\t\t<\/div>\n\t\t\t\t\t<div class=\"elementor-post__read-more-wrapper\">\n\t\t\n\t\t<a class=\"elementor-post__read-more\" href=\"https:\/\/fondationrivieres.org\/en\/pl-69-son-adoption-devrait-etre-reportee\/\" aria-label=\"Read more about Le PL-69 : son adoption devrait \u00eatre report\u00e9e\" tabindex=\"-1\">\n\t\t\tLire la suite \u00bb\t\t<\/a>\n\n\t\t\t\t\t<\/div>\n\t\t\t\t<\/div>\n\t\t\t\t<\/article>\n\t\t\t\t<article class=\"elementor-post elementor-grid-item post-69777 post type-post status-publish format-standard has-post-thumbnail hentry category-communiques tag-deversements tag-energie tag-hydroelectricite tag-mobilisation tag-pollution\" role=\"listitem\">\n\t\t\t\t<a class=\"elementor-post__thumbnail__link\" href=\"https:\/\/fondationrivieres.org\/en\/mouvement-pour-la-suite-du-monde\/\" tabindex=\"-1\">\n\t\t\t<div class=\"elementor-post__thumbnail\"><img decoding=\"async\" width=\"768\" height=\"376\" src=\"https:\/\/fondationrivieres.org\/wp-content\/uploads\/2024\/09\/ras-le-bol_economie-vs-rivieres-copie2-768x376.jpg\" class=\"attachment-medium_large size-medium_large wp-image-69823\" alt=\"Image - Mouvement pour la suite du monde : c\u2019est tout le Qu\u00e9bec qui se mobilise aujourd\u2019hui pour d\u00e9noncer les mauvaises d\u00e9cisions du gouvernement Legault\" srcset=\"https:\/\/fondationrivieres.org\/wp-content\/uploads\/2024\/09\/ras-le-bol_economie-vs-rivieres-copie2-768x376.jpg 768w, https:\/\/fondationrivieres.org\/wp-content\/uploads\/2024\/09\/ras-le-bol_economie-vs-rivieres-copie2-300x147.jpg 300w, https:\/\/fondationrivieres.org\/wp-content\/uploads\/2024\/09\/ras-le-bol_economie-vs-rivieres-copie2-1024x501.jpg 1024w, https:\/\/fondationrivieres.org\/wp-content\/uploads\/2024\/09\/ras-le-bol_economie-vs-rivieres-copie2-1536x752.jpg 1536w, https:\/\/fondationrivieres.org\/wp-content\/uploads\/2024\/09\/ras-le-bol_economie-vs-rivieres-copie2-2048x1002.jpg 2048w, https:\/\/fondationrivieres.org\/wp-content\/uploads\/2024\/09\/ras-le-bol_economie-vs-rivieres-copie2-18x9.jpg 18w\" sizes=\"(max-width: 768px) 100vw, 768px\" \/><\/div>\n\t\t<\/a>\n\t\t\t\t<div class=\"elementor-post__text\">\n\t\t\t\t<h5 class=\"elementor-post__title\">\n\t\t\t<a href=\"https:\/\/fondationrivieres.org\/en\/mouvement-pour-la-suite-du-monde\/\">\n\t\t\t\tMouvement pour la suite du monde : c&rsquo;est tout le Qu\u00e9bec qui se mobilise aujourd&rsquo;hui pour d\u00e9noncer les mauvaises d\u00e9cisions du gouvernement Legault\t\t\t<\/a>\n\t\t<\/h5>\n\t\t\t\t<div class=\"elementor-post__meta-data\">\n\t\t\t\t\t<span class=\"elementor-post-date\">\n\t\t\t27 September 2024\t\t<\/span>\n\t\t\t\t<\/div>\n\t\t\t\t<div class=\"elementor-post__excerpt\">\n\t\t\t<p>COMMUNIQU\u00c9 DE PRESSE SOURCE : COLLECTIF POUR LA SUITE DU MONDE Montr\u00e9al, le 27 septembre 2024 \u2013Le mouvement Pour la<\/p>\n\t\t<\/div>\n\t\t\t\t\t<div class=\"elementor-post__read-more-wrapper\">\n\t\t\n\t\t<a class=\"elementor-post__read-more\" href=\"https:\/\/fondationrivieres.org\/en\/mouvement-pour-la-suite-du-monde\/\" aria-label=\"Read more about Mouvement pour la suite du monde : c&rsquo;est tout le Qu\u00e9bec qui se mobilise aujourd&rsquo;hui pour d\u00e9noncer les mauvaises d\u00e9cisions du gouvernement Legault\" tabindex=\"-1\">\n\t\t\tLire la suite \u00bb\t\t<\/a>\n\n\t\t\t\t\t<\/div>\n\t\t\t\t<\/div>\n\t\t\t\t<\/article>\n\t\t\t\t<article class=\"elementor-post elementor-grid-item post-69618 post type-post status-publish format-standard has-post-thumbnail hentry category-communiques tag-energie tag-hydroelectricite tag-mobilisation\" role=\"listitem\">\n\t\t\t\t<a class=\"elementor-post__thumbnail__link\" href=\"https:\/\/fondationrivieres.org\/en\/pl-69-frein-acceptabilite-sociale-energie\/\" tabindex=\"-1\">\n\t\t\t<div class=\"elementor-post__thumbnail\"><img decoding=\"async\" width=\"768\" height=\"432\" src=\"https:\/\/fondationrivieres.org\/wp-content\/uploads\/2024\/09\/Design-sans-titre-4-768x432.png\" class=\"attachment-medium_large size-medium_large wp-image-69619\" alt=\"PL 69 - projet de loi 69 Parc \u00e9olien vu du ciel Cr\u00e9dit photo : Thomas Richter\" srcset=\"https:\/\/fondationrivieres.org\/wp-content\/uploads\/2024\/09\/Design-sans-titre-4-768x432.png 768w, https:\/\/fondationrivieres.org\/wp-content\/uploads\/2024\/09\/Design-sans-titre-4-300x169.png 300w, https:\/\/fondationrivieres.org\/wp-content\/uploads\/2024\/09\/Design-sans-titre-4-1024x576.png 1024w, https:\/\/fondationrivieres.org\/wp-content\/uploads\/2024\/09\/Design-sans-titre-4-18x10.png 18w, https:\/\/fondationrivieres.org\/wp-content\/uploads\/2024\/09\/Design-sans-titre-4.png 1200w\" sizes=\"(max-width: 768px) 100vw, 768px\" \/><\/div>\n\t\t<\/a>\n\t\t\t\t<div class=\"elementor-post__text\">\n\t\t\t\t<h5 class=\"elementor-post__title\">\n\t\t\t<a href=\"https:\/\/fondationrivieres.org\/en\/pl-69-frein-acceptabilite-sociale-energie\/\">\n\t\t\t\tLe PL 69 risque de tuer l&rsquo;acceptabilit\u00e9 sociale de l&rsquo;\u00e9nergie \u00e9olienne et ouvrir la porte \u00e0 une multiplication des barrages\t\t\t<\/a>\n\t\t<\/h5>\n\t\t\t\t<div class=\"elementor-post__meta-data\">\n\t\t\t\t\t<span class=\"elementor-post-date\">\n\t\t\t17 September 2024\t\t<\/span>\n\t\t\t\t<\/div>\n\t\t\t\t<div class=\"elementor-post__excerpt\">\n\t\t\t<p>La Fondation Rivi\u00e8res s\u2019inqui\u00e8te de la centralisation des d\u00e9cisions sur l\u2019avenir \u00e9nerg\u00e9tique aux mains du ministre de l\u2019\u00c9nergie, de l\u2019ouverture\t\t<\/div>\n\t\t\t\t\t<div class=\"elementor-post__read-more-wrapper\">\n\t\t\n\t\t<a class=\"elementor-post__read-more\" href=\"https:\/\/fondationrivieres.org\/en\/pl-69-frein-acceptabilite-sociale-energie\/\" aria-label=\"Read more about Le PL 69 risque de tuer l&rsquo;acceptabilit\u00e9 sociale de l&rsquo;\u00e9nergie \u00e9olienne et ouvrir la porte \u00e0 une multiplication des barrages\" tabindex=\"-1\">\n\t\t\tLire la suite \u00bb\t\t<\/a>\n\n\t\t\t\t\t<\/div>\n\t\t\t\t<\/div>\n\t\t\t\t<\/article>\n\t\t\t\t<\/div>\n\t\t\n\t\t\t\t\t\t<\/div>\n\t\t\t\t<\/div>\n\t\t\t\t\t<\/div>\n\t\t\t\t<\/div>\n\t\t<div class=\"elementor-element elementor-element-d706285 e-flex e-con-boxed e-con e-parent\" data-id=\"d706285\" data-element_type=\"container\" data-e-type=\"container\" data-settings=\"{&quot;background_background&quot;:&quot;classic&quot;,&quot;jet_parallax_layout_list&quot;:[],&quot;background_motion_fx_motion_fx_mouse&quot;:&quot;yes&quot;}\">\n\t\t\t\t\t<div class=\"e-con-inner\">\n\t\t<div class=\"elementor-element elementor-element-da96678 e-con-full e-flex e-con e-child\" data-id=\"da96678\" data-element_type=\"container\" data-e-type=\"container\" data-settings=\"{&quot;jet_parallax_layout_list&quot;:[]}\">\n\t\t\t\t<div class=\"elementor-element elementor-element-6df0d8c elementor-widget elementor-widget-heading\" data-id=\"6df0d8c\" data-element_type=\"widget\" data-e-type=\"widget\" data-widget_type=\"heading.default\">\n\t\t\t\t<div class=\"elementor-widget-container\">\n\t\t\t\t\t<p class=\"elementor-heading-title elementor-size-default\">Unis aux experts<\/p>\t\t\t\t<\/div>\n\t\t\t\t<\/div>\n\t\t\t\t<div class=\"elementor-element elementor-element-a39f282 elementor-widget elementor-widget-spacer\" data-id=\"a39f282\" data-element_type=\"widget\" data-e-type=\"widget\" data-widget_type=\"spacer.default\">\n\t\t\t\t<div class=\"elementor-widget-container\">\n\t\t\t\t\t\t\t<div class=\"elementor-spacer\">\n\t\t\t<div class=\"elementor-spacer-inner\"><\/div>\n\t\t<\/div>\n\t\t\t\t\t\t<\/div>\n\t\t\t\t<\/div>\n\t\t\t\t<div class=\"elementor-element elementor-element-e35a125 elementor-widget elementor-widget-text-editor\" data-id=\"e35a125\" data-element_type=\"widget\" data-e-type=\"widget\" data-widget_type=\"text-editor.default\">\n\t\t\t\t<div class=\"elementor-widget-container\">\n\t\t\t\t\t\t\t\t\t<p>Nous sommes membres du Regroupement des organismes environnementaux en \u00e9nergie (ROE\u00c9) et du Front Commun pour la Transition \u00e9nerg\u00e9tique.<\/p>\t\t\t\t\t\t\t\t<\/div>\n\t\t\t\t<\/div>\n\t\t<div class=\"elementor-element elementor-element-7446b48 e-con-full e-flex e-con e-child\" data-id=\"7446b48\" data-element_type=\"container\" data-e-type=\"container\" data-settings=\"{&quot;jet_parallax_layout_list&quot;:[]}\">\n\t\t\t\t<div class=\"elementor-element elementor-element-2b07bf8 elementor-widget__width-initial elementor-widget elementor-widget-image\" data-id=\"2b07bf8\" data-element_type=\"widget\" data-e-type=\"widget\" data-widget_type=\"image.default\">\n\t\t\t\t<div class=\"elementor-widget-container\">\n\t\t\t\t\t\t\t\t\t\t\t\t\t\t\t\t<a href=\"https:\/\/www.roee.ca\/\" target=\"_blank\" rel=\"noopener\">\n\t\t\t\t\t\t\t<img loading=\"lazy\" decoding=\"async\" width=\"739\" height=\"417\" src=\"https:\/\/fondationrivieres.org\/wp-content\/uploads\/2023\/04\/logo_roee.png\" class=\"attachment-large size-large wp-image-54420\" alt=\"Logo - Regroupement des organismes environnementaux en \u00e9nergie - ROEE\" srcset=\"https:\/\/fondationrivieres.org\/wp-content\/uploads\/2023\/04\/logo_roee.png 739w, https:\/\/fondationrivieres.org\/wp-content\/uploads\/2023\/04\/logo_roee-300x169.png 300w, https:\/\/fondationrivieres.org\/wp-content\/uploads\/2023\/04\/logo_roee-18x10.png 18w\" sizes=\"(max-width: 739px) 100vw, 739px\" \/>\t\t\t\t\t\t\t\t<\/a>\n\t\t\t\t\t\t\t\t\t\t\t\t\t\t\t<\/div>\n\t\t\t\t<\/div>\n\t\t\t\t<div class=\"elementor-element elementor-element-dec9244 elementor-widget__width-initial elementor-widget elementor-widget-image\" data-id=\"dec9244\" data-element_type=\"widget\" data-e-type=\"widget\" data-widget_type=\"image.default\">\n\t\t\t\t<div class=\"elementor-widget-container\">\n\t\t\t\t\t\t\t\t\t\t\t\t\t\t\t\t<a href=\"https:\/\/www.pourlatransitionenergetique.org\/\" target=\"_blank\" rel=\"noopener\">\n\t\t\t\t\t\t\t<img loading=\"lazy\" decoding=\"async\" width=\"800\" height=\"523\" src=\"https:\/\/fondationrivieres.org\/wp-content\/uploads\/2023\/04\/Logo-FCTE-CouleurHRTransparent-1024x669.png\" class=\"attachment-large size-large wp-image-54518\" alt=\"Logo Front Commun pour la transition \u00e9nerg\u00e9tique\" srcset=\"https:\/\/fondationrivieres.org\/wp-content\/uploads\/2023\/04\/Logo-FCTE-CouleurHRTransparent-1024x669.png 1024w, https:\/\/fondationrivieres.org\/wp-content\/uploads\/2023\/04\/Logo-FCTE-CouleurHRTransparent-300x196.png 300w, https:\/\/fondationrivieres.org\/wp-content\/uploads\/2023\/04\/Logo-FCTE-CouleurHRTransparent-768x502.png 768w, https:\/\/fondationrivieres.org\/wp-content\/uploads\/2023\/04\/Logo-FCTE-CouleurHRTransparent-1536x1004.png 1536w, https:\/\/fondationrivieres.org\/wp-content\/uploads\/2023\/04\/Logo-FCTE-CouleurHRTransparent-18x12.png 18w, https:\/\/fondationrivieres.org\/wp-content\/uploads\/2023\/04\/Logo-FCTE-CouleurHRTransparent.png 1723w\" sizes=\"(max-width: 800px) 100vw, 800px\" \/>\t\t\t\t\t\t\t\t<\/a>\n\t\t\t\t\t\t\t\t\t\t\t\t\t\t\t<\/div>\n\t\t\t\t<\/div>\n\t\t\t\t<\/div>\n\t\t\t\t<\/div>\n\t\t\t\t<div class=\"elementor-element elementor-element-3909d73 elementor-cta--skin-classic elementor-animated-content elementor-bg-transform elementor-bg-transform-zoom-in elementor-widget elementor-widget-call-to-action\" data-id=\"3909d73\" data-element_type=\"widget\" data-e-type=\"widget\" data-widget_type=\"call-to-action.default\">\n\t\t\t\t<div class=\"elementor-widget-container\">\n\t\t\t\t\t\t\t<div class=\"elementor-cta\">\n\t\t\t\t\t\t\t<div class=\"elementor-cta__content\">\n\t\t\t\t\t\t\t\t\t<div class=\"elementor-content-item elementor-cta__content-item elementor-icon-wrapper elementor-cta__icon elementor-view-default\">\n\t\t\t\t\t\t<div class=\"elementor-icon\">\n\t\t\t\t\t\t\t<i aria-hidden=\"true\" class=\"fas fa-hand-holding-heart\"><\/i>\t\t\t\t\t\t<\/div>\n\t\t\t\t\t<\/div>\n\t\t\t\t\n\t\t\t\t\t\t\t\t\t<h5 class=\"elementor-cta__title elementor-cta__content-item elementor-content-item\">\n\t\t\t\t\t\tSoutenez la Fondation Rivi\u00e8res afin de prot\u00e9ger les rivi\u00e8res du Qu\u00e9bec\t\t\t\t\t<\/h5>\n\t\t\t\t\n\t\t\t\t\n\t\t\t\t\t\t\t\t\t<div class=\"elementor-cta__button-wrapper elementor-cta__content-item elementor-content-item \">\n\t\t\t\t\t<a class=\"elementor-cta__button elementor-button elementor-size-\" href=\"https:\/\/give-can.keela.co\/don-fondation-rivieres-hydroelectricite\" target=\"_blank\" rel=\"noopener\">\n\t\t\t\t\t\tFaites un don \t\t\t\t\t<\/a>\n\t\t\t\t\t<\/div>\n\t\t\t\t\t\t\t<\/div>\n\t\t\t\t\t\t<\/div>\n\t\t\t\t\t\t<\/div>\n\t\t\t\t<\/div>\n\t\t\t\t\t<\/div>\n\t\t\t\t<\/div>\n\t\t<div class=\"elementor-element elementor-element-f440adb e-flex e-con-boxed e-con e-parent\" data-id=\"f440adb\" data-element_type=\"container\" data-e-type=\"container\" data-settings=\"{&quot;jet_parallax_layout_list&quot;:[]}\">\n\t\t\t\t\t<div class=\"e-con-inner\">\n\t\t\t\t<div class=\"elementor-element elementor-element-f8cdff9 elementor-widget elementor-widget-heading\" data-id=\"f8cdff9\" data-element_type=\"widget\" data-e-type=\"widget\" data-widget_type=\"heading.default\">\n\t\t\t\t<div class=\"elementor-widget-container\">\n\t\t\t\t\t<h2 class=\"elementor-heading-title elementor-size-default\">Nos initiatives au fil du temps <\/h2>\t\t\t\t<\/div>\n\t\t\t\t<\/div>\n\t\t\t\t<div class=\"elementor-element elementor-element-e6747bb elementor-widget elementor-widget-jet-horizontal-timeline\" data-id=\"e6747bb\" data-element_type=\"widget\" data-e-type=\"widget\" data-settings=\"{&quot;columns&quot;:2,&quot;slides_to_scroll_mobile&quot;:&quot;1&quot;,&quot;columns_tablet&quot;:2,&quot;columns_mobile&quot;:1,&quot;slides_to_scroll&quot;:&quot;1&quot;}\" data-widget_type=\"jet-horizontal-timeline.default\">\n\t\t\t\t<div class=\"elementor-widget-container\">\n\t\t\t\t\t<div class=\"elementor-jet-horizontal-timeline jet-elements\">\n<div class=\"jet-hor-timeline jet-hor-timeline--layout-bottom jet-hor-timeline--align-center jet-hor-timeline--arrows-nav\">\n\t<div class=\"jet-hor-timeline-inner\">\n\t\t<div class=\"jet-hor-timeline-track\">\n\t\t\t<div class=\"jet-hor-timeline-list jet-hor-timeline-list--top\">\n<div class=\"jet-hor-timeline-item elementor-repeater-item-f2360cc is-active\" data-item-id=\"f2360cc\">\n\t\t\t<div class=\"jet-hor-timeline-item__meta\">1994<\/div>\t<\/div>\n\n<div class=\"jet-hor-timeline-item elementor-repeater-item-53d90c3\" data-item-id=\"53d90c3\">\n\t\t\t<div class=\"jet-hor-timeline-item__meta\">2002<\/div>\t<\/div>\n\n<div class=\"jet-hor-timeline-item elementor-repeater-item-5c01118\" data-item-id=\"5c01118\">\n\t\t\t<div class=\"jet-hor-timeline-item__meta\">1999-2003<\/div>\t<\/div>\n\n<div class=\"jet-hor-timeline-item elementor-repeater-item-6e31d0c\" data-item-id=\"6e31d0c\">\n\t\t\t<div class=\"jet-hor-timeline-item__meta\">2004<\/div>\t<\/div>\n\n<div class=\"jet-hor-timeline-item elementor-repeater-item-171fea4\" data-item-id=\"171fea4\">\n\t\t\t<div class=\"jet-hor-timeline-item__meta\">2008<\/div>\t<\/div>\n\n<div class=\"jet-hor-timeline-item elementor-repeater-item-b12f44b\" data-item-id=\"b12f44b\">\n\t\t\t<div class=\"jet-hor-timeline-item__meta\">2009<\/div>\t<\/div>\n\n<div class=\"jet-hor-timeline-item elementor-repeater-item-8244984\" data-item-id=\"8244984\">\n\t\t\t<div class=\"jet-hor-timeline-item__meta\">2012<\/div>\t<\/div>\n\n<div class=\"jet-hor-timeline-item elementor-repeater-item-408b105\" data-item-id=\"408b105\">\n\t\t\t<div class=\"jet-hor-timeline-item__meta\">2015<\/div>\t<\/div>\n<\/div>\t\t\t<div class=\"jet-hor-timeline-list jet-hor-timeline-list--middle\">\n\t<div class=\"jet-hor-timeline__line\"><\/div>\n\n<div class=\"jet-hor-timeline-item elementor-repeater-item-f2360cc is-active\" data-item-id=\"f2360cc\">\n\t<div class=\"jet-hor-timeline-item__point\"><div class=\"jet-hor-timeline-item__point-content\"><span class=\"jet-elements-icon\"><i aria-hidden=\"true\" class=\"fas fa-calendar-alt\"><\/i><\/span><\/div><\/div><\/div>\n\n<div class=\"jet-hor-timeline-item elementor-repeater-item-53d90c3\" data-item-id=\"53d90c3\">\n\t<div class=\"jet-hor-timeline-item__point\"><div class=\"jet-hor-timeline-item__point-content\"><span class=\"jet-elements-icon\"><i aria-hidden=\"true\" class=\"fas fa-calendar-alt\"><\/i><\/span><\/div><\/div><\/div>\n\n<div class=\"jet-hor-timeline-item elementor-repeater-item-5c01118\" data-item-id=\"5c01118\">\n\t<div class=\"jet-hor-timeline-item__point\"><div class=\"jet-hor-timeline-item__point-content\"><span class=\"jet-elements-icon\"><i aria-hidden=\"true\" class=\"fas fa-calendar-alt\"><\/i><\/span><\/div><\/div><\/div>\n\n<div class=\"jet-hor-timeline-item elementor-repeater-item-6e31d0c\" data-item-id=\"6e31d0c\">\n\t<div class=\"jet-hor-timeline-item__point\"><div class=\"jet-hor-timeline-item__point-content\"><span class=\"jet-elements-icon\"><i aria-hidden=\"true\" class=\"fas fa-water\"><\/i><\/span><\/div><\/div><\/div>\n\n<div class=\"jet-hor-timeline-item elementor-repeater-item-171fea4\" data-item-id=\"171fea4\">\n\t<div class=\"jet-hor-timeline-item__point\"><div class=\"jet-hor-timeline-item__point-content\"><span class=\"jet-elements-icon\"><i aria-hidden=\"true\" class=\"fas fa-calendar-alt\"><\/i><\/span><\/div><\/div><\/div>\n\n<div class=\"jet-hor-timeline-item elementor-repeater-item-b12f44b\" data-item-id=\"b12f44b\">\n\t<div class=\"jet-hor-timeline-item__point\"><div class=\"jet-hor-timeline-item__point-content\"><span class=\"jet-elements-icon\"><i aria-hidden=\"true\" class=\"fab fa-youtube\"><\/i><\/span><\/div><\/div><\/div>\n\n<div class=\"jet-hor-timeline-item elementor-repeater-item-8244984\" data-item-id=\"8244984\">\n\t<div class=\"jet-hor-timeline-item__point\"><div class=\"jet-hor-timeline-item__point-content\"><span class=\"jet-elements-icon\"><i aria-hidden=\"true\" class=\"fas fa-calendar-alt\"><\/i><\/span><\/div><\/div><\/div>\n\n<div class=\"jet-hor-timeline-item elementor-repeater-item-408b105\" data-item-id=\"408b105\">\n\t<div class=\"jet-hor-timeline-item__point\"><div class=\"jet-hor-timeline-item__point-content\"><span class=\"jet-elements-icon\"><i aria-hidden=\"true\" class=\"fas fa-calendar-alt\"><\/i><\/span><\/div><\/div><\/div>\n<\/div>\t\t\t<div class=\"jet-hor-timeline-list jet-hor-timeline-list--bottom\">\n<div class=\"jet-hor-timeline-item elementor-repeater-item-f2360cc is-active\" data-item-id=\"f2360cc\">\n\t\t\t\n<div class=\"jet-hor-timeline-item__card\">\n\t<div class=\"jet-hor-timeline-item__card-inner\">\n\t\t<h3 class=\"jet-hor-timeline-item__card-title\">Des projets de petites centrales hydro\u00e9lectriques incitent les militants de la premi\u00e8re heure \u00e0 se mobiliser <\/h3><div class=\"jet-hor-timeline-item__card-desc\">Sur demande du gouvernement, Hydro-Qu\u00e9bec proc\u00e8de \u00e0 des appels d\u2019offres aupr\u00e8s de producteurs priv\u00e9s pour la construction de petites centrales hydro\u00e9lectriques (25 MW et moins) sur les rivi\u00e8res du Qu\u00e9bec. Des contrats d\u2019achats d\u2019\u00e9lectricit\u00e9 sont attribu\u00e9s sans un contr\u00f4le \u00e9tatique suffisant. En 1994, l\u2019ing\u00e9nieur Alain Saladzius, aujourd\u2019hui pr\u00e9sident de la Fondation Rivi\u00e8res, est en contact \u00e9troit avec la S\u00fbret\u00e9 du Qu\u00e9bec et le ministre de l\u2019\u00c9nergie du nouveau gouvernement provincial pour faire la lumi\u00e8re sur la situation. La commission d\u2019enqu\u00eate publique Doyon livre un rapport troublant en 1997.\n<\/div>\t<\/div>\n\t\t\t<div class=\"jet-hor-timeline-item__card-arrow\"><\/div>\n\t<\/div>\n\t<\/div>\n\n<div class=\"jet-hor-timeline-item elementor-repeater-item-53d90c3\" data-item-id=\"53d90c3\">\n\t\t\t\n<div class=\"jet-hor-timeline-item__card\">\n\t<div class=\"jet-hor-timeline-item__card-inner\">\n\t\t<h3 class=\"jet-hor-timeline-item__card-title\">Naissance de la Fondation Rivi\u00e8res<\/h3><div class=\"jet-hor-timeline-item__card-desc\">Hydro-Qu\u00e9bec relance un ambitieux plan visant \u00e0 construire 36 petites centrales \u00e0 l\u2019instigation du gouvernement. De nombreux artistes, personnalit\u00e9s publiques, comit\u00e9s de citoyens et groupes d\u2019int\u00e9r\u00eats se mobilisent. L\u2019initiative Adoptez une rivi\u00e8re prend forme, suite \u00e0 quoi la Fondation Rivi\u00e8res voit le jour. La Fondation est cofond\u00e9e par Alain Saladzius, Roy Dupuis, toujours porte-parole, et Michel Gauthier. L\u2019organisation est anim\u00e9e par la conviction profonde qu\u2019il faut d\u00e9velopper des alternatives \u00e0 la production hydro\u00e9lectrique.<\/div>\t<\/div>\n\t\t\t<div class=\"jet-hor-timeline-item__card-arrow\"><\/div>\n\t<\/div>\n\t<\/div>\n\n<div class=\"jet-hor-timeline-item elementor-repeater-item-5c01118\" data-item-id=\"5c01118\">\n\t\t\t\n<div class=\"jet-hor-timeline-item__card\">\n\t<div class=\"jet-hor-timeline-item__card-inner\">\n\t\t<h3 class=\"jet-hor-timeline-item__card-title\">\u00c0 la d\u00e9fense de la rivi\u00e8re Rupert<\/h3><div class=\"jet-hor-timeline-item__card-desc\">La Fondation Rivi\u00e8res soutient les efforts de R\u00e9v\u00e9rence Rupert, un groupe citoyen qui s\u2019oppose au projet Eastmain-1A d\u2019Hydro-Qu\u00e9bec qui implique la d\u00e9rivation des eaux de la rivi\u00e8re Rupert et qui la privera de plus de 80% de son eau \u00e0 la hauteur de l'\u00e9vacuateur de crues. La paix des braves, une entente politique et \u00e9conomique entre Qu\u00e9bec et les Cris, n\u00e9cessite l'acceptation de ces derniers de l'alt\u00e9ration permanente d'une des derni\u00e8res grandes rivi\u00e8res vierges. Le sort de la Rupert est scell\u00e9 en 2003 par un r\u00e9f\u00e9rendum qui d\u00e9chire l'Eeyou Istchee, qui oppose mouvances traditionnelles et politiques. <\/div><div class=\"jet-hor-timeline-item__card-btn-wrap\"><a class=\"jet-hor-timeline-item__card-btn elementor-button elementor-size-md\" role=\"button\" href=\"https:\/\/fondationrivieres.org\/documentaire-nouvelle-rupert-nicolas-renaud\/\">En savoir plus<\/a><\/div>\t<\/div>\n\t\t\t<div class=\"jet-hor-timeline-item__card-arrow\"><\/div>\n\t<\/div>\n\t<\/div>\n\n<div class=\"jet-hor-timeline-item elementor-repeater-item-6e31d0c\" data-item-id=\"6e31d0c\">\n\t\t\t\n<div class=\"jet-hor-timeline-item__card\">\n\t<div class=\"jet-hor-timeline-item__card-inner\">\n\t\t<h3 class=\"jet-hor-timeline-item__card-title\">Descente de la rivi\u00e8re Magpie<\/h3><div class=\"jet-hor-timeline-item__card-desc\">Un projet de barrage hydro\u00e9lectrique priv\u00e9 risque d\u2019affecter l\u2019int\u00e9grit\u00e9 de la rivi\u00e8re Magpie. La Fondation Rivi\u00e8res organise une exp\u00e9dition de reconnaissance le long de la rivi\u00e8re pour promouvoir son attrait \u00e9cotouristique, en collaboration avec la Soci\u00e9t\u00e9 pour la Nature et les Parcs (SNAP), l\u2019Union Qu\u00e9b\u00e9coise pour la Conservation de la Nature (Nature Qu\u00e9bec), Greenpeace et Earth River. Robert F. Kennedy Jr. se joint au groupe afin de mettre en \u00e9vidence l\u2019int\u00e9r\u00eat mondial de ce joyau naturel. La Magpie obtiendra un statut juridique de protection en 2021, \u00e0 la suite d\u2019une d\u00e9marche conjointe de la MRC, des communaut\u00e9s Innus et de la SNAP, mais Qu\u00e9bec n\u2019a toujours pas accept\u00e9 de prot\u00e9ger la rivi\u00e8re contre le d\u00e9veloppement hydro\u00e9lectrique.<\/div>\t<\/div>\n\t\t\t<div class=\"jet-hor-timeline-item__card-arrow\"><\/div>\n\t<\/div>\n\t<\/div>\n\n<div class=\"jet-hor-timeline-item elementor-repeater-item-171fea4\" data-item-id=\"171fea4\">\n\t\t\t\n<div class=\"jet-hor-timeline-item__card\">\n\t<div class=\"jet-hor-timeline-item__card-inner\">\n\t\t<h3 class=\"jet-hor-timeline-item__card-title\">Un m\u00e9moire sur la rivi\u00e8re Romaine, qui devient l\u2019objet d\u2019un documentaire <\/h3><div class=\"jet-hor-timeline-item__card-desc\">En 2008, la Fondation Rivi\u00e8res pr\u00e9sente un m\u00e9moire au Bureau d\u2019audiences publiques sur l\u2019environnement (BAPE) concernant le projet d\u2019am\u00e9nagement hydro\u00e9lectrique sur la rivi\u00e8re Romaine. La m\u00eame ann\u00e9e, Roy Dupuis et les r\u00e9alisateurs Nicolas Boisclair et Alexis de Gheldere r\u00e9alisent une descente de la rivi\u00e8re Romaine qu\u2019ils documentent, pour une derni\u00e8re fois avant qu\u2019elle ne soit d\u00e9truite. Paru en 2010, le film Chercher le courant \u00e9veille la soci\u00e9t\u00e9 qu\u00e9b\u00e9coise aux impacts environnementaux des barrages et aux \u00e9nergies alternatives. <\/div><div class=\"jet-hor-timeline-item__card-btn-wrap\"><a class=\"jet-hor-timeline-item__card-btn elementor-button elementor-size-md\" role=\"button\" href=\"https:\/\/fondationrivieres.org\/memoire-projet-damenagement-hydroelectrique-riviere-romaine\/\">En savoir plus<\/a><\/div>\t<\/div>\n\t\t\t<div class=\"jet-hor-timeline-item__card-arrow\"><\/div>\n\t<\/div>\n\t<\/div>\n\n<div class=\"jet-hor-timeline-item elementor-repeater-item-b12f44b\" data-item-id=\"b12f44b\">\n\t\t\t\n<div class=\"jet-hor-timeline-item__card\">\n\t<div class=\"jet-hor-timeline-item__card-inner\">\n\t\t<h3 class=\"jet-hor-timeline-item__card-title\">Campagne Avec \u00c9nergie<\/h3><div class=\"jet-hor-timeline-item__card-desc\">Onze artistes livrent un message de mobilisation pour que le Qu\u00e9bec effectue le virage \u00e9nerg\u00e9tique vert du 21e si\u00e8cle. Cette s\u00e9rie de capsules vid\u00e9os r\u00e9alis\u00e9es en collaboration avec Nature Qu\u00e9bec sensibilise la population \u00e0 repenser nos fa\u00e7ons de faire, bas\u00e9e sur la science et sur ce qui se fait \u00e9galement de par le monde.<\/div><div class=\"jet-hor-timeline-item__card-btn-wrap\"><a class=\"jet-hor-timeline-item__card-btn elementor-button elementor-size-md\" role=\"button\" href=\"https:\/\/www.youtube.com\/watch?v=LIwCz8HT1H8&#038;list=PLfU02-g0G5LNmjXZOV2H88IrOZAk0Oo6-\" target=\"_blank\">En savoir plus<\/a><\/div>\t<\/div>\n\t\t\t<div class=\"jet-hor-timeline-item__card-arrow\"><\/div>\n\t<\/div>\n\t<\/div>\n\n<div class=\"jet-hor-timeline-item elementor-repeater-item-8244984\" data-item-id=\"8244984\">\n\t\t\t\n<div class=\"jet-hor-timeline-item__card\">\n\t<div class=\"jet-hor-timeline-item__card-inner\">\n\t\t<h3 class=\"jet-hor-timeline-item__card-title\">Mobilisation contre la construction d\u2019une centrale sur la chute Ouiatchouan<\/h3><div class=\"jet-hor-timeline-item__card-desc\">La Fondation Rivi\u00e8res m\u00e8ne une lutte importante avec des citoyen.ne.s contre la destruction de la chute Ouiatchouan, au c\u0153ur du village historique de Val-Jalbert. B\u00e9n\u00e9ficiant de subventions consid\u00e9rables d\u2019Hydro-Qu\u00e9bec, la MRC et le Conseil innu de Mashteuiatsh y voient une opportunit\u00e9 de financer leurs activit\u00e9s. Aujourd\u2019hui, la chute coule uniquement le jour, en \u00e9t\u00e9, alors que le site est ouvert aux visiteurs. Bien que ce projet ait abouti, la Fondation Rivi\u00e8res continue d'\u0153uvrer dans la lutte contre les menaces injustifiables \u00e0 l\u2019int\u00e9grit\u00e9 des rivi\u00e8res.<\/div><div class=\"jet-hor-timeline-item__card-btn-wrap\"><a class=\"jet-hor-timeline-item__card-btn elementor-button elementor-size-md\" role=\"button\" href=\"https:\/\/fondationrivieres.org\/tag\/val-jalbert\/\">En savoir plus<\/a><\/div>\t<\/div>\n\t\t\t<div class=\"jet-hor-timeline-item__card-arrow\"><\/div>\n\t<\/div>\n\t<\/div>\n\n<div class=\"jet-hor-timeline-item elementor-repeater-item-408b105\" data-item-id=\"408b105\">\n\t\t\t\n<div class=\"jet-hor-timeline-item__card\">\n\t<div class=\"jet-hor-timeline-item__card-inner\">\n\t\t<h3 class=\"jet-hor-timeline-item__card-title\">Emp\u00eacher le projet de centrale sur la 11e chute de la rivi\u00e8re Mistassini<\/h3><div class=\"jet-hor-timeline-item__card-desc\">La Fondation Rivi\u00e8res pr\u00e9sente un m\u00e9moire au Bureau d\u2019audiences publiques sur l\u2019environnement (BAPE) concernant la construction d\u2019une centrale hydro\u00e9lectrique sur la 11e chute de la rivi\u00e8re Mistassini. <\/div><div class=\"jet-hor-timeline-item__card-btn-wrap\"><a class=\"jet-hor-timeline-item__card-btn elementor-button elementor-size-md\" role=\"button\" href=\"https:\/\/fondationrivieres.org\/memoire-construction-centrale-hydroelectrique-11e-chute-riviere-mistassini\/\">En savoir plus<\/a><\/div>\t<\/div>\n\t\t\t<div class=\"jet-hor-timeline-item__card-arrow\"><\/div>\n\t<\/div>\n\t<\/div>\n<\/div>\t\t<\/div>\n\t<\/div>\n\t<i class=\"jet-arrow jet-prev-arrow jet-arrow-disabled\"><svg width=\"24\" height=\"24\" viewBox=\"0 0 24 24\" fill=\"none\" xmlns=\"http:\/\/www.w3.org\/2000\/svg\"><path d=\"M14.625 5.3999L16.3 7.0749L11.35 12.0249L16.3 16.9749L14.625 18.6499L7.99999 12.0249L14.625 5.3999Z\" fill=\"#0F172A\"\/><\/svg><\/i><i class=\"jet-arrow jet-next-arrow\"><svg width=\"24\" height=\"24\" viewBox=\"0 0 24 24\" fill=\"none\" xmlns=\"http:\/\/www.w3.org\/2000\/svg\"><path d=\"M9.37501 18.6001L7.70001 16.9251L12.65 11.9751L7.70001 7.0251L9.37501 5.3501L16 11.9751L9.37501 18.6001Z\" fill=\"#0F172A\"\/><\/svg><\/i><\/div><\/div>\t\t\t\t<\/div>\n\t\t\t\t<\/div>\n\t\t\t\t\t<\/div>\n\t\t\t\t<\/div>\n\t\t<div class=\"elementor-element elementor-element-74007b0 e-flex e-con-boxed e-con e-parent\" data-id=\"74007b0\" data-element_type=\"container\" data-e-type=\"container\" data-settings=\"{&quot;jet_parallax_layout_list&quot;:[],&quot;background_background&quot;:&quot;classic&quot;}\">\n\t\t\t\t\t<div class=\"e-con-inner\">\n\t\t<div class=\"elementor-element elementor-element-32ce517 e-con-full e-flex e-con e-child\" data-id=\"32ce517\" data-element_type=\"container\" data-e-type=\"container\" data-settings=\"{&quot;jet_parallax_layout_list&quot;:[]}\">\n\t\t\t\t<div class=\"elementor-element elementor-element-3dfd724 elementor-widget elementor-widget-image\" data-id=\"3dfd724\" data-element_type=\"widget\" data-e-type=\"widget\" data-widget_type=\"image.default\">\n\t\t\t\t<div class=\"elementor-widget-container\">\n\t\t\t\t\t\t\t\t\t\t\t\t\t\t\t\t<a href=\"https:\/\/fondationrivieres.org\/nos-actions\/adoptez-une-riviere\/\">\n\t\t\t\t\t\t\t<img loading=\"lazy\" decoding=\"async\" width=\"600\" height=\"305\" src=\"https:\/\/fondationrivieres.org\/wp-content\/uploads\/2022\/10\/AUR_Logo2022_Blanc.png\" class=\"attachment-large size-large wp-image-49785\" alt=\"Adoptez une rivi\u00e8re - Logo - Lumea 2022\" srcset=\"https:\/\/fondationrivieres.org\/wp-content\/uploads\/2022\/10\/AUR_Logo2022_Blanc.png 600w, https:\/\/fondationrivieres.org\/wp-content\/uploads\/2022\/10\/AUR_Logo2022_Blanc-300x153.png 300w, https:\/\/fondationrivieres.org\/wp-content\/uploads\/2022\/10\/elementor\/thumbs\/AUR_Logo2022_Blanc-q6dbpucvdin4vrjfpxruuq75h0llh47r900nm8m0hs.png 252w\" sizes=\"(max-width: 600px) 100vw, 600px\" \/>\t\t\t\t\t\t\t\t<\/a>\n\t\t\t\t\t\t\t\t\t\t\t\t\t\t\t<\/div>\n\t\t\t\t<\/div>\n\t\t\t\t<div class=\"elementor-element elementor-element-e02a07e elementor-widget elementor-widget-text-editor\" data-id=\"e02a07e\" data-element_type=\"widget\" data-e-type=\"widget\" data-widget_type=\"text-editor.default\">\n\t\t\t\t<div class=\"elementor-widget-container\">\n\t\t\t\t\t\t\t\t\t<p style=\"text-align: left;\">D\u00e9couvrez les rivi\u00e8res pour lesquelles la Fondation Rivi\u00e8res agit positivement. Contribuez \u00e0 nos actions en adoptant celle de votre choix.\u00a0<\/p>\t\t\t\t\t\t\t\t<\/div>\n\t\t\t\t<\/div>\n\t\t\t\t<div class=\"elementor-element elementor-element-1803e6c elementor-align-center elementor-widget elementor-widget-global elementor-global-64727 elementor-widget-button\" data-id=\"1803e6c\" data-element_type=\"widget\" data-e-type=\"widget\" data-widget_type=\"button.default\">\n\t\t\t\t<div class=\"elementor-widget-container\">\n\t\t\t\t\t\t\t\t\t<div class=\"elementor-button-wrapper\">\n\t\t\t\t\t<a class=\"elementor-button elementor-button-link elementor-size-md\" href=\"#faitesundon\">\n\t\t\t\t\t\t<span class=\"elementor-button-content-wrapper\">\n\t\t\t\t\t\t<span class=\"elementor-button-icon\">\n\t\t\t\t<i aria-hidden=\"true\" class=\"fas fa-arrow-right\"><\/i>\t\t\t<\/span>\n\t\t\t\t\t\t\t\t\t<span class=\"elementor-button-text\">Adoptez une rivi\u00e8re<\/span>\n\t\t\t\t\t<\/span>\n\t\t\t\t\t<\/a>\n\t\t\t\t<\/div>\n\t\t\t\t\t\t\t\t<\/div>\n\t\t\t\t<\/div>\n\t\t\t\t<\/div>\n\t\t<div class=\"elementor-element elementor-element-cb1462f elementor-hidden-tablet elementor-hidden-mobile e-con-full e-flex e-con e-child\" data-id=\"cb1462f\" data-element_type=\"container\" data-e-type=\"container\" data-settings=\"{&quot;jet_parallax_layout_list&quot;:[]}\">\n\t\t\t\t<div class=\"elementor-element elementor-element-b02ea85 elementor-widget elementor-widget-heading\" data-id=\"b02ea85\" data-element_type=\"widget\" data-e-type=\"widget\" data-widget_type=\"heading.default\">\n\t\t\t\t<div class=\"elementor-widget-container\">\n\t\t\t\t\t<p class=\"elementor-heading-title elementor-size-large\">D\u00e9couvrez notre organisation<\/p>\t\t\t\t<\/div>\n\t\t\t\t<\/div>\n\t\t\t\t<div class=\"elementor-element elementor-element-5e535c4 elementor-icon-list--layout-traditional elementor-list-item-link-full_width elementor-widget elementor-widget-icon-list\" data-id=\"5e535c4\" data-element_type=\"widget\" data-e-type=\"widget\" data-widget_type=\"icon-list.default\">\n\t\t\t\t<div class=\"elementor-widget-container\">\n\t\t\t\t\t\t\t<ul class=\"elementor-icon-list-items\">\n\t\t\t\t\t\t\t<li class=\"elementor-icon-list-item\">\n\t\t\t\t\t\t\t\t\t\t\t<a href=\"https:\/\/fondationrivieres.org\/nos-actions\">\n\n\t\t\t\t\t\t\t\t\t\t\t\t<span class=\"elementor-icon-list-icon\">\n\t\t\t\t\t\t\t<i aria-hidden=\"true\" class=\"fas fa-arrow-right\"><\/i>\t\t\t\t\t\t<\/span>\n\t\t\t\t\t\t\t\t\t\t<span class=\"elementor-icon-list-text\">Nos actions<\/span>\n\t\t\t\t\t\t\t\t\t\t\t<\/a>\n\t\t\t\t\t\t\t\t\t<\/li>\n\t\t\t\t\t\t\t\t<li class=\"elementor-icon-list-item\">\n\t\t\t\t\t\t\t\t\t\t\t<a href=\"https:\/\/fondationrivieres.org\/la-fondation\/notre-historique\/\">\n\n\t\t\t\t\t\t\t\t\t\t\t\t<span class=\"elementor-icon-list-icon\">\n\t\t\t\t\t\t\t<i aria-hidden=\"true\" class=\"fas fa-arrow-right\"><\/i>\t\t\t\t\t\t<\/span>\n\t\t\t\t\t\t\t\t\t\t<span class=\"elementor-icon-list-text\">Notre historique<\/span>\n\t\t\t\t\t\t\t\t\t\t\t<\/a>\n\t\t\t\t\t\t\t\t\t<\/li>\n\t\t\t\t\t\t\t\t<li class=\"elementor-icon-list-item\">\n\t\t\t\t\t\t\t\t\t\t\t<a href=\"https:\/\/signup-can.keela.co\/infolettre-invitation-fondationrivieres-articles\" target=\"_blank\" rel=\"noopener\">\n\n\t\t\t\t\t\t\t\t\t\t\t\t<span class=\"elementor-icon-list-icon\">\n\t\t\t\t\t\t\t<i aria-hidden=\"true\" class=\"fas fa-arrow-right\"><\/i>\t\t\t\t\t\t<\/span>\n\t\t\t\t\t\t\t\t\t\t<span class=\"elementor-icon-list-text\">Inscrivez-vous \u00e0 notre infolettre<\/span>\n\t\t\t\t\t\t\t\t\t\t\t<\/a>\n\t\t\t\t\t\t\t\t\t<\/li>\n\t\t\t\t\t\t\t\t<li class=\"elementor-icon-list-item\">\n\t\t\t\t\t\t\t\t\t\t\t<a href=\"https:\/\/fondationrivieres.org\/nos-actions\/energie-barrages-hydroelectriques\/on-peut-faire-mieux\/\">\n\n\t\t\t\t\t\t\t\t\t\t\t\t<span class=\"elementor-icon-list-icon\">\n\t\t\t\t\t\t\t<i aria-hidden=\"true\" class=\"fas fa-arrow-right\"><\/i>\t\t\t\t\t\t<\/span>\n\t\t\t\t\t\t\t\t\t\t<span class=\"elementor-icon-list-text\">Encore des barrages? On peut faire mieux!<\/span>\n\t\t\t\t\t\t\t\t\t\t\t<\/a>\n\t\t\t\t\t\t\t\t\t<\/li>\n\t\t\t\t\t\t<\/ul>\n\t\t\t\t\t\t<\/div>\n\t\t\t\t<\/div>\n\t\t\t\t<\/div>\n\t\t\t\t\t<\/div>\n\t\t\t\t<\/div>\n\t\t\t\t<\/div>\n\t\t","protected":false},"excerpt":{"rendered":"<p>Les barrages hydro\u00e9lectriques, bien que renouvelables, ont des impacts significatifs sur l&rsquo;environnement, les communaut\u00e9s locales et la soci\u00e9t\u00e9 qu\u00e9b\u00e9coise, ce qui remet en question leur qualification de sources d&rsquo;\u00e9nergie \u00ab\u00a0verte\u00a0\u00bb ou \u00ab\u00a0propre\u00a0\u00bb.<\/p>","protected":false},"author":2,"featured_media":54459,"parent":43840,"menu_order":0,"comment_status":"closed","ping_status":"closed","template":"","meta":{"footnotes":""},"class_list":["post-54285","page","type-page","status-publish","has-post-thumbnail","hentry"],"_links":{"self":[{"href":"https:\/\/fondationrivieres.org\/en\/wp-json\/wp\/v2\/pages\/54285","targetHints":{"allow":["GET"]}}],"collection":[{"href":"https:\/\/fondationrivieres.org\/en\/wp-json\/wp\/v2\/pages"}],"about":[{"href":"https:\/\/fondationrivieres.org\/en\/wp-json\/wp\/v2\/types\/page"}],"author":[{"embeddable":true,"href":"https:\/\/fondationrivieres.org\/en\/wp-json\/wp\/v2\/users\/2"}],"replies":[{"embeddable":true,"href":"https:\/\/fondationrivieres.org\/en\/wp-json\/wp\/v2\/comments?post=54285"}],"version-history":[{"count":29,"href":"https:\/\/fondationrivieres.org\/en\/wp-json\/wp\/v2\/pages\/54285\/revisions"}],"predecessor-version":[{"id":76389,"href":"https:\/\/fondationrivieres.org\/en\/wp-json\/wp\/v2\/pages\/54285\/revisions\/76389"}],"up":[{"embeddable":true,"href":"https:\/\/fondationrivieres.org\/en\/wp-json\/wp\/v2\/pages\/43840"}],"wp:featuredmedia":[{"embeddable":true,"href":"https:\/\/fondationrivieres.org\/en\/wp-json\/wp\/v2\/media\/54459"}],"wp:attachment":[{"href":"https:\/\/fondationrivieres.org\/en\/wp-json\/wp\/v2\/media?parent=54285"}],"curies":[{"name":"wp","href":"https:\/\/api.w.org\/{rel}","templated":true}]}}