{"id":45367,"date":"2022-09-23T14:21:56","date_gmt":"2022-09-23T18:21:56","guid":{"rendered":"https:\/\/sandbox.cdgdeveloppeur.com\/web\/fondationrivieres_dev\/?page_id=45367"},"modified":"2025-05-23T10:15:21","modified_gmt":"2025-05-23T14:15:21","slug":"conseil-administration","status":"publish","type":"page","link":"https:\/\/fondationrivieres.org\/en\/la-fondation\/conseil-administration\/","title":{"rendered":"Board of Directors"},"content":{"rendered":"\t\t<div data-elementor-type=\"wp-page\" data-elementor-id=\"45367\" class=\"elementor elementor-45367\" data-elementor-post-type=\"page\">\n\t\t\t\t<div class=\"elementor-element elementor-element-c521a59 elementor-hidden-tablet elementor-hidden-mobile e-flex e-con-boxed e-con e-parent\" data-id=\"c521a59\" data-element_type=\"container\" data-e-type=\"container\" data-settings=\"{&quot;background_background&quot;:&quot;classic&quot;,&quot;jet_parallax_layout_list&quot;:[]}\">\n\t\t\t\t\t<div class=\"e-con-inner\">\n\t\t<div class=\"elementor-element elementor-element-379b7bc e-con-full elementor-hidden-tablet elementor-hidden-mobile e-flex e-con e-child\" data-id=\"379b7bc\" data-element_type=\"container\" data-e-type=\"container\" data-settings=\"{&quot;background_background&quot;:&quot;classic&quot;,&quot;jet_parallax_layout_list&quot;:[]}\">\n\t\t\t\t<div class=\"elementor-element elementor-element-a690e51 elementor-hidden-tablet elementor-hidden-mobile elementor-widget elementor-widget-jet-breadcrumbs\" data-id=\"a690e51\" data-element_type=\"widget\" data-e-type=\"widget\" data-widget_type=\"jet-breadcrumbs.default\">\n\t\t\t\t<div class=\"elementor-widget-container\">\n\t\t\t\t\t<div class=\"elementor-jet-breadcrumbs jet-blocks\">\n\t\t<div class=\"jet-breadcrumbs\">\n\t\t<div class=\"jet-breadcrumbs__content\">\n\t\t<div class=\"jet-breadcrumbs__wrap\"><div class=\"jet-breadcrumbs__item\"><a href=\"https:\/\/fondationrivieres.org\/en\/\" class=\"jet-breadcrumbs__item-link is-home\" rel=\"home\" title=\"Fondation Rivi\u00e8res\">Fondation Rivi\u00e8res<\/a><\/div>\n\t\t<\/div>\n\t\t<\/div>\n\t\t<\/div><\/div>\t\t\t\t<\/div>\n\t\t\t\t<\/div>\n\t\t\t\t<div class=\"elementor-element elementor-element-f0808fc elementor-widget elementor-widget-heading\" data-id=\"f0808fc\" data-element_type=\"widget\" data-e-type=\"widget\" data-widget_type=\"heading.default\">\n\t\t\t\t<div class=\"elementor-widget-container\">\n\t\t\t\t\t<h1 class=\"elementor-heading-title elementor-size-default\">Conseil d'administration<\/h1>\t\t\t\t<\/div>\n\t\t\t\t<\/div>\n\t\t\t\t<div class=\"elementor-element elementor-element-b0ffaf4 elementor-widget-divider--view-line elementor-widget elementor-widget-divider\" data-id=\"b0ffaf4\" data-element_type=\"widget\" data-e-type=\"widget\" data-widget_type=\"divider.default\">\n\t\t\t\t<div class=\"elementor-widget-container\">\n\t\t\t\t\t\t\t<div class=\"elementor-divider\">\n\t\t\t<span class=\"elementor-divider-separator\">\n\t\t\t\t\t\t<\/span>\n\t\t<\/div>\n\t\t\t\t\t\t<\/div>\n\t\t\t\t<\/div>\n\t\t\t\t<\/div>\n\t\t\t\t\t<\/div>\n\t\t\t\t<\/div>\n\t\t\t\t<section class=\"elementor-section elementor-top-section elementor-element elementor-element-3d87c65 elementor-section-boxed elementor-section-height-default elementor-section-height-default\" data-id=\"3d87c65\" data-element_type=\"section\" data-e-type=\"section\" data-settings=\"{&quot;jet_parallax_layout_list&quot;:[],&quot;background_background&quot;:&quot;classic&quot;}\">\n\t\t\t\t\t\t<div class=\"elementor-container elementor-column-gap-default\">\n\t\t\t\t\t<div class=\"elementor-column elementor-col-100 elementor-top-column elementor-element elementor-element-02471b0\" data-id=\"02471b0\" data-element_type=\"column\" data-e-type=\"column\">\n\t\t\t<div class=\"elementor-widget-wrap elementor-element-populated\">\n\t\t\t\t\t\t<section class=\"elementor-section elementor-inner-section elementor-element elementor-element-dfa25dc elementor-section-boxed elementor-section-height-default elementor-section-height-default\" data-id=\"dfa25dc\" data-element_type=\"section\" data-e-type=\"section\" data-settings=\"{&quot;jet_parallax_layout_list&quot;:[]}\">\n\t\t\t\t\t\t<div class=\"elementor-container elementor-column-gap-default\">\n\t\t\t\t\t<div class=\"elementor-column elementor-col-50 elementor-inner-column elementor-element elementor-element-3f7d23c elementor-hidden-tablet elementor-hidden-mobile\" data-id=\"3f7d23c\" data-element_type=\"column\" data-e-type=\"column\">\n\t\t\t<div class=\"elementor-widget-wrap elementor-element-populated\">\n\t\t\t\t\t\t<div class=\"elementor-element elementor-element-07cd27c elementor-icon-list--layout-traditional elementor-list-item-link-full_width elementor-widget elementor-widget-icon-list\" data-id=\"07cd27c\" data-element_type=\"widget\" data-e-type=\"widget\" data-widget_type=\"icon-list.default\">\n\t\t\t\t<div class=\"elementor-widget-container\">\n\t\t\t\t\t\t\t<ul class=\"elementor-icon-list-items\">\n\t\t\t\t\t\t\t<li class=\"elementor-icon-list-item\">\n\t\t\t\t\t\t\t\t\t\t\t<a href=\"https:\/\/fondationrivieres.org\/la-fondation\/\">\n\n\t\t\t\t\t\t\t\t\t\t\t\t<span class=\"elementor-icon-list-icon\">\n\t\t\t\t\t\t\t<i aria-hidden=\"true\" class=\"fas fa-arrow-right\"><\/i>\t\t\t\t\t\t<\/span>\n\t\t\t\t\t\t\t\t\t\t<span class=\"elementor-icon-list-text\">La Fondation<\/span>\n\t\t\t\t\t\t\t\t\t\t\t<\/a>\n\t\t\t\t\t\t\t\t\t<\/li>\n\t\t\t\t\t\t\t\t<li class=\"elementor-icon-list-item\">\n\t\t\t\t\t\t\t\t\t\t\t<a href=\"https:\/\/fondationrivieres.org\/la-fondation\/notre-equipe\/\">\n\n\t\t\t\t\t\t\t\t\t\t\t\t<span class=\"elementor-icon-list-icon\">\n\t\t\t\t\t\t\t<i aria-hidden=\"true\" class=\"fas fa-arrow-right\"><\/i>\t\t\t\t\t\t<\/span>\n\t\t\t\t\t\t\t\t\t\t<span class=\"elementor-icon-list-text\">Notre \u00c9quipe<\/span>\n\t\t\t\t\t\t\t\t\t\t\t<\/a>\n\t\t\t\t\t\t\t\t\t<\/li>\n\t\t\t\t\t\t\t\t<li class=\"elementor-icon-list-item\">\n\t\t\t\t\t\t\t\t\t\t\t<a href=\"https:\/\/fondationrivieres.org\/la-fondation\/travaillez-avec-nous\/\">\n\n\t\t\t\t\t\t\t\t\t\t\t\t<span class=\"elementor-icon-list-icon\">\n\t\t\t\t\t\t\t<i aria-hidden=\"true\" class=\"fas fa-arrow-right\"><\/i>\t\t\t\t\t\t<\/span>\n\t\t\t\t\t\t\t\t\t\t<span class=\"elementor-icon-list-text\">Travaillez avec nous<\/span>\n\t\t\t\t\t\t\t\t\t\t\t<\/a>\n\t\t\t\t\t\t\t\t\t<\/li>\n\t\t\t\t\t\t\t\t<li class=\"elementor-icon-list-item\">\n\t\t\t\t\t\t\t\t\t\t\t<a href=\"#rapports\">\n\n\t\t\t\t\t\t\t\t\t\t\t\t<span class=\"elementor-icon-list-icon\">\n\t\t\t\t\t\t\t<i aria-hidden=\"true\" class=\"fas fa-arrow-right\"><\/i>\t\t\t\t\t\t<\/span>\n\t\t\t\t\t\t\t\t\t\t<span class=\"elementor-icon-list-text\">Nos rapports d'activit\u00e9s<\/span>\n\t\t\t\t\t\t\t\t\t\t\t<\/a>\n\t\t\t\t\t\t\t\t\t<\/li>\n\t\t\t\t\t\t<\/ul>\n\t\t\t\t\t\t<\/div>\n\t\t\t\t<\/div>\n\t\t\t\t\t<\/div>\n\t\t<\/div>\n\t\t\t\t<div class=\"elementor-column elementor-col-50 elementor-inner-column elementor-element elementor-element-07674a7\" data-id=\"07674a7\" data-element_type=\"column\" data-e-type=\"column\">\n\t\t\t<div class=\"elementor-widget-wrap elementor-element-populated\">\n\t\t\t\t\t\t<div class=\"elementor-element elementor-element-3a3ec67 elementor-widget elementor-widget-heading\" data-id=\"3a3ec67\" data-element_type=\"widget\" data-e-type=\"widget\" data-widget_type=\"heading.default\">\n\t\t\t\t<div class=\"elementor-widget-container\">\n\t\t\t\t\t<h2 class=\"elementor-heading-title elementor-size-default\">Cofondateurs, administrateurs et administratrices <\/h2>\t\t\t\t<\/div>\n\t\t\t\t<\/div>\n\t\t\t\t<div class=\"elementor-element elementor-element-0d75268 elementor-widget elementor-widget-heading\" data-id=\"0d75268\" data-element_type=\"widget\" data-e-type=\"widget\" data-widget_type=\"heading.default\">\n\t\t\t\t<div class=\"elementor-widget-container\">\n\t\t\t\t\t<h3 class=\"elementor-heading-title elementor-size-default\">Une gouvernance rigoureuse<\/h3>\t\t\t\t<\/div>\n\t\t\t\t<\/div>\n\t\t\t\t<div class=\"elementor-element elementor-element-c8cdd9e elementor-widget elementor-widget-text-editor\" data-id=\"c8cdd9e\" data-element_type=\"widget\" data-e-type=\"widget\" data-widget_type=\"text-editor.default\">\n\t\t\t\t<div class=\"elementor-widget-container\">\n\t\t\t\t\t\t\t\t\t<p>Le conseil d&rsquo;administration de la Fondation Rivi\u00e8res est issu de diff\u00e9rents milieux. L\u2019engagement, l\u2019expertise et la diversit\u00e9 des comp\u00e9tences de celui-ci sont remarquables. Consultez leur profil et apprenez-en plus sur leurs parcours professionnels.<\/p>\t\t\t\t\t\t\t\t<\/div>\n\t\t\t\t<\/div>\n\t\t\t\t\t<\/div>\n\t\t<\/div>\n\t\t\t\t\t<\/div>\n\t\t<\/section>\n\t\t\t\t\t<\/div>\n\t\t<\/div>\n\t\t\t\t\t<\/div>\n\t\t<\/section>\n\t\t\t\t<section class=\"elementor-section elementor-top-section elementor-element elementor-element-4fd1dcb elementor-section-boxed elementor-section-height-default elementor-section-height-default\" data-id=\"4fd1dcb\" data-element_type=\"section\" data-e-type=\"section\" data-settings=\"{&quot;jet_parallax_layout_list&quot;:[]}\">\n\t\t\t\t\t\t<div class=\"elementor-container elementor-column-gap-default\">\n\t\t\t\t\t<div class=\"elementor-column elementor-col-100 elementor-top-column elementor-element elementor-element-104dc74\" data-id=\"104dc74\" data-element_type=\"column\" data-e-type=\"column\">\n\t\t\t<div class=\"elementor-widget-wrap elementor-element-populated\">\n\t\t\t\t\t\t<div class=\"elementor-element elementor-element-7a0eafe elementor-widget elementor-widget-text-editor\" data-id=\"7a0eafe\" data-element_type=\"widget\" data-e-type=\"widget\" data-widget_type=\"text-editor.default\">\n\t\t\t\t<div class=\"elementor-widget-container\">\n\t\t\t\t\t\t\t\t\t<h4>Des expertises pr\u00e9cieuses au conseil d&rsquo;administration de la Fondation<\/h4>\t\t\t\t\t\t\t\t<\/div>\n\t\t\t\t<\/div>\n\t\t\t\t<div class=\"elementor-element elementor-element-2816661 elementor-icon-list--layout-traditional elementor-list-item-link-full_width elementor-widget elementor-widget-icon-list\" data-id=\"2816661\" data-element_type=\"widget\" data-e-type=\"widget\" data-widget_type=\"icon-list.default\">\n\t\t\t\t<div class=\"elementor-widget-container\">\n\t\t\t\t\t\t\t<ul class=\"elementor-icon-list-items\">\n\t\t\t\t\t\t\t<li class=\"elementor-icon-list-item\">\n\t\t\t\t\t\t\t\t\t\t\t<span class=\"elementor-icon-list-icon\">\n\t\t\t\t\t\t\t<i aria-hidden=\"true\" class=\"fas fa-arrow-circle-right\"><\/i>\t\t\t\t\t\t<\/span>\n\t\t\t\t\t\t\t\t\t\t<span class=\"elementor-icon-list-text\">Direction r\u00e9gionale au minist\u00e8re de l'Environnement<\/span>\n\t\t\t\t\t\t\t\t\t<\/li>\n\t\t\t\t\t\t\t\t<li class=\"elementor-icon-list-item\">\n\t\t\t\t\t\t\t\t\t\t\t<span class=\"elementor-icon-list-icon\">\n\t\t\t\t\t\t\t<i aria-hidden=\"true\" class=\"fas fa-arrow-circle-right\"><\/i>\t\t\t\t\t\t<\/span>\n\t\t\t\t\t\t\t\t\t\t<span class=\"elementor-icon-list-text\">Application des crit\u00e8res environnementaux, sociaux et de gouvernance (ESG)<\/span>\n\t\t\t\t\t\t\t\t\t<\/li>\n\t\t\t\t\t\t\t\t<li class=\"elementor-icon-list-item\">\n\t\t\t\t\t\t\t\t\t\t\t<span class=\"elementor-icon-list-icon\">\n\t\t\t\t\t\t\t<i aria-hidden=\"true\" class=\"fas fa-arrow-circle-right\"><\/i>\t\t\t\t\t\t<\/span>\n\t\t\t\t\t\t\t\t\t\t<span class=\"elementor-icon-list-text\">Conseil strat\u00e9gique en num\u00e9rique<\/span>\n\t\t\t\t\t\t\t\t\t<\/li>\n\t\t\t\t\t\t\t\t<li class=\"elementor-icon-list-item\">\n\t\t\t\t\t\t\t\t\t\t\t<a href=\"https:\/\/www.polymtl.ca\/durable\/bureau-du-developpement-durable\" target=\"_blank\" rel=\"noopener\">\n\n\t\t\t\t\t\t\t\t\t\t\t\t<span class=\"elementor-icon-list-icon\">\n\t\t\t\t\t\t\t<i aria-hidden=\"true\" class=\"fas fa-arrow-circle-right\"><\/i>\t\t\t\t\t\t<\/span>\n\t\t\t\t\t\t\t\t\t\t<span class=\"elementor-icon-list-text\">Bureau du d\u00e9veloppement durable de Polytechnique Montr\u00e9al<\/span>\n\t\t\t\t\t\t\t\t\t\t\t<\/a>\n\t\t\t\t\t\t\t\t\t<\/li>\n\t\t\t\t\t\t<\/ul>\n\t\t\t\t\t\t<\/div>\n\t\t\t\t<\/div>\n\t\t\t\t\t<\/div>\n\t\t<\/div>\n\t\t\t\t\t<\/div>\n\t\t<\/section>\n\t\t<div class=\"elementor-element elementor-element-fb12162 e-flex e-con-boxed e-con e-parent\" data-id=\"fb12162\" data-element_type=\"container\" data-e-type=\"container\" data-settings=\"{&quot;jet_parallax_layout_list&quot;:[]}\">\n\t\t\t\t\t<div class=\"e-con-inner\">\n\t\t\t\t<div class=\"elementor-element elementor-element-4d0f241 elementor-widget elementor-widget-tlp-team\" data-id=\"4d0f241\" data-element_type=\"widget\" data-e-type=\"widget\" data-widget_type=\"tlp-team.default\">\n\t\t\t\t<div class=\"elementor-widget-container\">\n\t\t\t\t\t<div class='rt-container-fluid rt-team-container rt-pos-r rt-team-container-49567' id='rt-team-container-3652320745'  data-layout='layout2' data-desktop-col='1'  data-tab-col='2'  data-mobile-col='1' data-sc-id='49567' data-popup-bg='#00a7e9'><div data-title='Loading ...' class='rt-row rt-content-loader layout2 ttp-even ttp-pre-loader'><div class=\"rt-col-md-12 rt-col-sm-6 rt-col-xs-12  even-grid-item rt-grid-item round-img\" data-id=\"49548\"><div class=\"single-team-area\"><div class=\"img-area rt-col-sm-4 rt-col-xs-4 \"><figure><a class=\"\" data-id=\"49548\" target=\"_self\" href=\"https:\/\/fondationrivieres.org\/en\/team\/alain-saladzius\/\"><img fetchpriority=\"high\" decoding=\"async\" width=\"300\" height=\"300\" src=\"https:\/\/fondationrivieres.org\/wp-content\/uploads\/2021\/05\/Alain-Saladzius-e1631547962840.jpeg\" class=\"img-responsive rt-team-img\" alt=\"Alain Saladzius - La Fondation\" \/><\/a><\/figure><\/div><div class=\"rttm-content-area rt-col-sm-8 rt-col-xs-8 \"><h3><span class=\"team-name\"><a class=\"\" data-id=\"49548\" target=\"_self\" title=\"Alain Saladzius\" href=\"https:\/\/fondationrivieres.org\/en\/team\/alain-saladzius\/\">Alain Saladzius<\/a><\/span><\/h3><div class=\"tlp-position\"><a class=\"\" data-id=\"49548\" target=\"_self\" title=\"Alain Saladzius\" href=\"https:\/\/fondationrivieres.org\/en\/team\/alain-saladzius\/\">Cofondateur, Secr\u00e9taire<\/a><\/div><div class=\"short-bio\"><p>Dipl\u00f4m\u00e9 en 1982 de l\u2019\u00c9cole Polytechnique en g\u00e9nie civil, avec une orientation en protection de l\u2019environnement, Alain Saladzius \u0153uvre depuis pr\u00e8s de 40 ans dans le domaine du traitement des eaux.<\/p>\n<p>Il a \u00e9t\u00e9 coordonnateur de projets au minist\u00e8re de l\u2019Environnement et chef d\u2019\u00e9quipe \u00e0 la direction des infrastructures de Montr\u00e9al du minist\u00e8re des Affaires municipales et de l\u2019Occupation du territoire, o\u00f9 il a supervis\u00e9 la r\u00e9alisation de centaines de projets de traitement d\u2019eau potable et d\u2019eaux us\u00e9es. Il a particip\u00e9 \u00e0 l\u2019\u00e9laboration de la Strat\u00e9gie qu\u00e9b\u00e9coise d\u2019\u00e9conomie de l\u2019eau potable issue de la Politique nationale de l\u2019eau. Il est maintenant consultant ind\u00e9pendant en gestion des eaux et administration publique.<\/p>\n<p>Alain Saladzius a \u00e9t\u00e9 particuli\u00e8rement actif dans l\u2019analyse des cons\u00e9quences environnementales et \u00e9conomiques de l\u2019attribution de contrats de production d\u2019\u00e9lectricit\u00e9 \u00e0 des producteurs priv\u00e9s dans les ann\u00e9es 1990 et ce, de fa\u00e7on ind\u00e9pendante. Ses recherches et actions, en collaboration avec diff\u00e9rents sp\u00e9cialistes et groupes, ont conduit le gouvernement \u00e0 cr\u00e9er en 1995 une commission d\u2019enqu\u00eate publique sur cette industrie.\u00a0<\/p>\n<p>En 2002, il a coordonn\u00e9 l\u2019op\u00e9ration Adoptez une rivi\u00e8re regroupant cinq groupes nationaux et une multitude d\u2019artistes, dont Roy Dupuis, et de b\u00e9n\u00e9voles engag\u00e9.e.s afin de contrer la construction de 36 petites centrales hydro\u00e9lectriques sur 24 rivi\u00e8res du Qu\u00e9bec. L\u2019initiative a donn\u00e9 le coup d\u2019envoi de la Fondation Rivi\u00e8res en plus de se m\u00e9riter le prix Ph\u00e9nix de l\u2019environnement, cat\u00e9gorie \u00c9ducation et sensibilisation.\u00a0<\/p>\n<p>Alain Saladzius a \u00e9t\u00e9 couvert de nombreuses reconnaissances au fil de sa carri\u00e8re. Il a \u00e9t\u00e9 laur\u00e9at d\u2019un prix canadien de l\u2019environnement, Cat\u00e9gorie action communautaire et conservation, et premier H\u00e9ros de l\u2019ann\u00e9e de S\u00e9lection du Reader\u2019s Digest en 2003. Le Conseil canadien des ing\u00e9nieurs lui a d\u00e9cern\u00e9 l\u2019ann\u00e9e suivante une Distinction pour services m\u00e9ritoires, cat\u00e9gorie Service communautaire. En 2017, il a re\u00e7u le titre de Fellow d\u2019Ing\u00e9nieurs Canada en reconnaissance de ses contributions exceptionnelles \u00e0 la profession d\u2019ing\u00e9nieur au Canada. L\u2019Ordre des ing\u00e9nieurs lui a remis un Honoris genius en 2021 pour souligner son engagement social. En 2023, l\u2019Universit\u00e9 du Qu\u00e9bec lui a d\u00e9cern\u00e9 un doctorat honorifique pour la mise en \u0153uvre de notre organisme ainsi que pour sa contribution exceptionnelle \u00e0 la protection et la mise en valeur des rivi\u00e8res qu\u00e9b\u00e9coises, notamment dans l\u2019op\u00e9ration Adoptez une rivi\u00e8re.<\/p>\n<\/div><div class=\"contact-info\"><ul><li class=\"tlp-phone\"><i class=\"fa fa-phone-alt\"><\/i><a href=\"tel:poste 300\" class=\"tlp-phone\">poste 300<\/a><\/li><\/ul><\/div><\/div><\/div><\/div><div class=\"rt-col-md-12 rt-col-sm-6 rt-col-xs-12  even-grid-item rt-grid-item round-img\" data-id=\"76206\"><div class=\"single-team-area\"><div class=\"img-area rt-col-sm-4 rt-col-xs-4 \"><figure><a class=\"\" data-id=\"76206\" target=\"_self\" href=\"https:\/\/fondationrivieres.org\/en\/team\/benoit-croteau\/\"><img decoding=\"async\" width=\"400\" height=\"400\" src=\"https:\/\/fondationrivieres.org\/wp-content\/uploads\/2026\/03\/Benoit-Croteau-1-400x400.jpg\" class=\"img-responsive rt-team-img\" alt=\"Benoit Croteau\" \/><\/a><\/figure><\/div><div class=\"rttm-content-area rt-col-sm-8 rt-col-xs-8 \"><h3><span class=\"team-name\"><a class=\"\" data-id=\"76206\" target=\"_self\" title=\"Benoit Croteau\" href=\"https:\/\/fondationrivieres.org\/en\/team\/benoit-croteau\/\">Benoit Croteau<\/a><\/span><\/h3><div class=\"tlp-position\"><a class=\"\" data-id=\"76206\" target=\"_self\" title=\"Benoit Croteau\" href=\"https:\/\/fondationrivieres.org\/en\/team\/benoit-croteau\/\">Administrateur<\/a><\/div><div class=\"short-bio\"><p>Autochtone de la Premi\u00e8re Nation Abitibiwinni, il a oeuvr\u00e9 pendant plus de 28 ans \u00e0 la protection du territoire anicinape (Algonquin) au sein de diff\u00e9rentes communaut\u00e9s, mais plus particuli\u00e8rement celui de sa nation comme directeur Territoire et Environnement pendant 24 ans. Pour lui, les rivi\u00e8res de notre territoire sont au c\u0153ur de son identit\u00e9 et de notre syst\u00e8me culturel, de nos valeurs, de qui nous sommes.<\/p>\n<p>Les rivi\u00e8res sont pour lui toute son identit\u00e9. Ayant pagay\u00e9 plusieurs rivi\u00e8res au Qu\u00e9bec dont trois qui ont \u00e9t\u00e9 document\u00e9es, il a d\u00e9velopp\u00e9 un amour immense envers celles-ci. Il a notamment particip\u00e9 au tournage \u00ab Je suis Magpie \u00bb, un documentaire de Suzan Flemming et de Kim O\u2019Bomsawin portant sur la rivi\u00e8re du m\u00eame nom et quelques autres exp\u00e9ditions sur les rivi\u00e8res du Qu\u00e9bec ont \u00e9t\u00e9 reconnus dans la revue Espace et par la Soci\u00e9t\u00e9 G\u00e9ographique Royale du Canada.<\/p>\n<\/div><\/div><\/div><\/div><div class=\"rt-col-md-12 rt-col-sm-6 rt-col-xs-12  even-grid-item rt-grid-item round-img\" data-id=\"49552\"><div class=\"single-team-area\"><div class=\"img-area rt-col-sm-4 rt-col-xs-4 \"><figure><a class=\"\" data-id=\"49552\" target=\"_self\" href=\"https:\/\/fondationrivieres.org\/en\/team\/daniel-leblanc\/\"><img decoding=\"async\" width=\"300\" height=\"300\" src=\"https:\/\/fondationrivieres.org\/wp-content\/uploads\/2021\/05\/Daniel-Leblanc-e1631547787618.jpeg\" class=\"img-responsive rt-team-img\" alt=\"Daniel Leblanc - La Fondation\" \/><\/a><\/figure><\/div><div class=\"rttm-content-area rt-col-sm-8 rt-col-xs-8 \"><h3><span class=\"team-name\"><a class=\"\" data-id=\"49552\" target=\"_self\" title=\"Daniel Leblanc\" href=\"https:\/\/fondationrivieres.org\/en\/team\/daniel-leblanc\/\">Daniel Leblanc<\/a><\/span><\/h3><div class=\"tlp-position\"><a class=\"\" data-id=\"49552\" target=\"_self\" title=\"Daniel Leblanc\" href=\"https:\/\/fondationrivieres.org\/en\/team\/daniel-leblanc\/\">Administrateur, Vice-pr\u00e9sident<\/a><\/div><div class=\"short-bio\"><p>Amoureux de la nature, Daniel Leblanc a obtenu en 1979 son dipl\u00f4me de g\u00e9nie civil, orientation protection de l\u2019environnement. Il a poursuivi sa formation dans ce domaine au niveau ma\u00eetrise et doctoral.<\/p>\n<p>Apr\u00e8s avoir travaill\u00e9 principalement pour Bell Canada, la Soci\u00e9t\u00e9 d\u2019\u00c9nergie de la Baie James et pour l\u2019\u00c9cole Polytechnique, il a travers\u00e9 l\u2019oc\u00e9an pour travailler au minist\u00e8re de l\u2019Environnement de France et \u00e0 l\u2019\u00c9cole Nationale des Ponts et Chauss\u00e9es, o\u00f9 il a fait des \u00e9tudes doctorales, dans le domaine de l\u2019analyse des \u00e9tudes d\u2019impact sur l\u2019environnement de diff\u00e9rents projets lin\u00e9aires.<\/p>\n<p>Apr\u00e8s avoir travaill\u00e9 \u00e9galement pour une multinationale fran\u00e7aise, toujours en environnement, il est revenu au Qu\u00e9bec pour partager son expertise au minist\u00e8re de l\u2019Environnement et de la Lutte contre les Changements Climatiques (MELCC) du Qu\u00e9bec comme sp\u00e9cialiste du traitement des eaux us\u00e9es; et ce durant quelques ann\u00e9es.<\/p>\n<p>Par la suite, il a pass\u00e9 ses 27 derni\u00e8res ann\u00e9es de sa carri\u00e8re au minist\u00e8re comme gestionnaire dans les 5 diff\u00e9rentes directions r\u00e9gionales du Grand Montr\u00e9al en terminant comme Directeur r\u00e9gional de la Mont\u00e9r\u00e9gie, secteurs agricole, hydrique, municipal et naturel. Ses \u00e9quipes d\u2019agronomes, de biologistes, d\u2019ing\u00e9nieurs, de g\u00e9ologues et autres sp\u00e9cialistes ont trait\u00e9 plusieurs dizaines de milliers de projets. Il a \u00e9t\u00e9 membre de plusieurs comit\u00e9s mandat\u00e9s pour \u00e9laborer des lois, des r\u00e8glements, des politiques, des directives et des guides. Il a repr\u00e9sent\u00e9 le minist\u00e8re aupr\u00e8s de diff\u00e9rentes d\u00e9l\u00e9gations internationales. Il a initi\u00e9 sur le territoire de Montr\u00e9al et de la Mont\u00e9r\u00e9gie les plans de conservation des milieux naturels. Il a soutenu plusieurs groupes environnementaux dans leurs actions. Il a g\u00e9r\u00e9 diff\u00e9rentes catastrophes environnementales comme la contamination au plomb de l\u2019eau potable, des incendies dans des lieux de gestion de mati\u00e8res r\u00e9siduelles, le verglas, et plusieurs grandes inondations.<\/p>\n<p>Actuellement il termine son 4i\u00e8me mandat comme membre canadien de diff\u00e9rents groupes d\u2019\u00e9tudes mis en place par la Commission Mixte Internationale qui traite de probl\u00e9matiques de gestion de l\u2019eau dans des bassins versants situ\u00e9s \u00e0 cheval sur le Canada et les \u00c9tats-Unis.<\/p>\n<p>R\u00e9cemment retrait\u00e9, il a d\u00e9cid\u00e9 de continuer \u00e0 s\u2019impliquer pour la protection de l\u2019environnement en participant \u00e0 la mission de la Fondation Rivi\u00e8res.<\/p>\n<\/div><\/div><\/div><\/div><div class=\"rt-col-md-12 rt-col-sm-6 rt-col-xs-12  even-grid-item rt-grid-item round-img\" data-id=\"72214\"><div class=\"single-team-area\"><div class=\"img-area rt-col-sm-4 rt-col-xs-4 \"><figure><a class=\"\" data-id=\"72214\" target=\"_self\" href=\"https:\/\/fondationrivieres.org\/en\/team\/julie-barlow\/\"><img loading=\"lazy\" decoding=\"async\" width=\"400\" height=\"400\" src=\"https:\/\/fondationrivieres.org\/wp-content\/uploads\/2025\/04\/Julie-Barlow-400x400.jpg\" class=\"img-responsive rt-team-img\" alt=\"Julie Barlow\" \/><\/a><\/figure><\/div><div class=\"rttm-content-area rt-col-sm-8 rt-col-xs-8 \"><h3><span class=\"team-name\"><a class=\"\" data-id=\"72214\" target=\"_self\" title=\"Julie Barlow\" href=\"https:\/\/fondationrivieres.org\/en\/team\/julie-barlow\/\">Julie Barlow<\/a><\/span><\/h3><div class=\"tlp-position\"><a class=\"\" data-id=\"72214\" target=\"_self\" title=\"Julie Barlow\" href=\"https:\/\/fondationrivieres.org\/en\/team\/julie-barlow\/\">Administratrice<\/a><\/div><div class=\"short-bio\"><p>Nageuse depuis toujours, Julie Barlow s'est int\u00e9ress\u00e9e \u00e0 la cause de la sant\u00e9 de l'eau dans les rivi\u00e8res du Qu\u00e9bec depuis qu'elle a commenc\u00e9 \u00e0 nager toute l'ann\u00e9e dans le fleuve Saint-Laurent. C\u2019est lors de ses sorties de natation qu\u2019elle a constat\u00e9 les difficult\u00e9s \u00e0 trouver des points d'acc\u00e8s \u00e0 l'eau et \u00e0 obtenir des informations fiables et \u00e0 jour sur la qualit\u00e9 de l'eau.<br \/>\nJournaliste, \u00e9crivaine et traductrice, Julie a publi\u00e9 8 livres de non-fiction, dont un livre sur Hydro-Qu\u00e9bec (Branch\u00e9 : Hydro-Qu\u00e9bec et le futur de l'\u00e9lectricit\u00e9, Qu\u00e9bec Am\u00e9rique, 2018). Elle a \u00e9galement \u00e9crit des centaines articles de magazines et de journaux, en anglais et en fran\u00e7ais au Canada et ailleurs.<br \/>\nJulie a une trentaine d'ann\u00e9es d'exp\u00e9rience en tant que leader au sein de divers conseils d'administration, principalement dans le secteur litt\u00e9raire et journalistique, mais aussi en faveur de la cause des r\u00e9fugi\u00e9s et en affaires internationales. Elle a \u00e9t\u00e9 pr\u00e9sidente de la Quebec Writers' Federation de 2021-2023.<br \/>\nAvec son exp\u00e9rience de nageuse, combin\u00e9e \u00e0 son exp\u00e9rience au sein de conseils d'administration et dans les m\u00e9dias, Julie se joint \u00e0 la Fondation Rivi\u00e8res avec l\u2019espoir de contribuer \u00e0 promouvoir et am\u00e9liorer l'acc\u00e8s aux rivi\u00e8res pour les baigneurs et les nageurs, et convaincre les dirigeants de diff\u00e9rents niveaux de la n\u00e9cessit\u00e9 de prot\u00e9ger les rivi\u00e8res.<\/p>\n<\/div><\/div><\/div><\/div><div class=\"rt-col-md-12 rt-col-sm-6 rt-col-xs-12  even-grid-item rt-grid-item round-img\" data-id=\"49565\"><div class=\"single-team-area\"><div class=\"img-area rt-col-sm-4 rt-col-xs-4 \"><figure><a class=\"\" data-id=\"49565\" target=\"_self\" href=\"https:\/\/fondationrivieres.org\/en\/team\/louise-millette\/\"><img loading=\"lazy\" decoding=\"async\" width=\"296\" height=\"363\" src=\"https:\/\/fondationrivieres.org\/wp-content\/uploads\/2022\/09\/Louise-Millette.jpg\" class=\"img-responsive rt-team-img\" alt=\"Louise Millette CA Fondation Rivi\u00e8res\" \/><\/a><\/figure><\/div><div class=\"rttm-content-area rt-col-sm-8 rt-col-xs-8 \"><h3><span class=\"team-name\"><a class=\"\" data-id=\"49565\" target=\"_self\" title=\"Louise Millette\" href=\"https:\/\/fondationrivieres.org\/en\/team\/louise-millette\/\">Louise Millette<\/a><\/span><\/h3><div class=\"tlp-position\"><a class=\"\" data-id=\"49565\" target=\"_self\" title=\"Louise Millette\" href=\"https:\/\/fondationrivieres.org\/en\/team\/louise-millette\/\">Pr\u00e9sidente<\/a><\/div><div class=\"short-bio\"><p>Louise Millette est professeure Ph. D. au d\u00e9partement des g\u00e9nies civil, g\u00e9ologique et des mines de Polytechnique Montr\u00e9al depuis 2002 et en a \u00e9t\u00e9 la directrice jusqu\u2019en juin 2021. C\u2019est l\u2019\u00e9tat d\u00e9plorable de la rivi\u00e8re des Prairies et l\u2019espoir de pouvoir changer les choses qui l\u2019ont conduit au g\u00e9nie civil et \u00e0 la protection de l\u2019environnement. <\/p>\n<p>Mme Millette a catalys\u00e9 l\u2019engagement de Polytechnique en mati\u00e8re de d\u00e9veloppement durable (DD). En 2004, elle r\u00e9dige sa premi\u00e8re politique en mati\u00e8re d\u2019environnement et cr\u00e9e, en 2019, le Bureau du DD. Ces actions valent \u00e0 Polytechnique d\u2019obtenir, en 2019, l\u2019accr\u00e9ditation STARS Or. Elle \u0153uvre \u00e0 l\u2019int\u00e9gration du DD dans la formation des ing\u00e9nieurs.<\/p>\n<p>L\u2019implication de Mme Millette dans plusieurs organisations lui a valu de recevoir plusieurs prix et mentions notamment les titres de Chevali\u00e8re de l\u2019Ordre de Montr\u00e9al et de Fellow d\u2019Ing\u00e9nieurs Canada, et des prix du Ministre de l\u2019\u00c9ducation et de l\u2019Enseignement sup\u00e9rieur et du R\u00e9seau des femmes d\u2019affaires du Qu\u00e9bec.<\/p>\n<\/div><\/div><\/div><\/div><div class=\"rt-col-md-12 rt-col-sm-6 rt-col-xs-12  even-grid-item rt-grid-item round-img\" data-id=\"76207\"><div class=\"single-team-area\"><div class=\"img-area rt-col-sm-4 rt-col-xs-4 \"><figure><a class=\"\" data-id=\"76207\" target=\"_self\" href=\"https:\/\/fondationrivieres.org\/en\/team\/luc-maurice\/\"><img loading=\"lazy\" decoding=\"async\" width=\"400\" height=\"400\" src=\"https:\/\/fondationrivieres.org\/wp-content\/uploads\/2026\/03\/Luc-Maurice-400x400.jpg\" class=\"img-responsive rt-team-img\" alt=\"Luc Maurice\" \/><\/a><\/figure><\/div><div class=\"rttm-content-area rt-col-sm-8 rt-col-xs-8 \"><h3><span class=\"team-name\"><a class=\"\" data-id=\"76207\" target=\"_self\" title=\"Luc Maurice\" href=\"https:\/\/fondationrivieres.org\/en\/team\/luc-maurice\/\">Luc Maurice<\/a><\/span><\/h3><div class=\"tlp-position\"><a class=\"\" data-id=\"76207\" target=\"_self\" title=\"Luc Maurice\" href=\"https:\/\/fondationrivieres.org\/en\/team\/luc-maurice\/\">Administrateur<\/a><\/div><div class=\"short-bio\"><p>Apr\u00e8s avoir entam\u00e9 une premi\u00e8re carri\u00e8re en loisir o\u00f9 il a pu se consacrer professionnellement \u00e0 la passion qu'il entretenait pour les activit\u00e9s de plein air, il effectue une conversion vers le domaine d'\u00e9tudes du droit, alors qu'il compl\u00e8te une licence \u00e0 la Facult\u00e9 de droit de l'Universit\u00e9 d'Ottawa, pour devenir par la suite avocat. Il a \u00e9t\u00e9 membre du Barreau du Qu\u00e9bec jusqu'\u00e0 sa d\u00e9mission en 2023. <\/p>\n<p>Il a oeuvr\u00e9 au sein du C\u00e9gep de l'Outaouais \u00e0 partir de 1989, principalement comme cadre de direction sup\u00e9rieure, dans les affaires \u00e9tudiantes et aussi dans les affaires corporatives. Ce passage d'une quinzaine d'ann\u00e9es au C\u00e9gep allait consacrer son virage professionnel d\u00e9finitif, jusqu'\u00e0 la fin de sa carri\u00e8re, dans le milieu de l'enseignement post-secondaire, alors qu'il rejoint, en 2005, l'Universit\u00e9 du Qu\u00e9bec en Outaouais, d'abord comme registraire, puis comme secr\u00e9taire g\u00e9n\u00e9ral. C'est \u00e9galement \u00e0 titre de secr\u00e9taire g\u00e9n\u00e9ral qu'il se joindra, en 2014, \u00e0 Polytechnique Montr\u00e9al, avant de prendre sa retraite en d\u00e9cembre 2022.<\/p>\n<\/div><\/div><\/div><\/div><div class=\"rt-col-md-12 rt-col-sm-6 rt-col-xs-12  even-grid-item rt-grid-item round-img\" data-id=\"76205\"><div class=\"single-team-area\"><div class=\"img-area rt-col-sm-4 rt-col-xs-4 \"><figure><a class=\"\" data-id=\"76205\" target=\"_self\" href=\"https:\/\/fondationrivieres.org\/en\/team\/maurice-couture\/\"><img loading=\"lazy\" decoding=\"async\" width=\"400\" height=\"400\" src=\"https:\/\/fondationrivieres.org\/wp-content\/uploads\/2026\/03\/Maurice-Couture-1-400x400.jpg\" class=\"img-responsive rt-team-img\" alt=\"Maurice Couture\" \/><\/a><\/figure><\/div><div class=\"rttm-content-area rt-col-sm-8 rt-col-xs-8 \"><h3><span class=\"team-name\"><a class=\"\" data-id=\"76205\" target=\"_self\" title=\"Maurice Couture\" href=\"https:\/\/fondationrivieres.org\/en\/team\/maurice-couture\/\">Maurice Couture<\/a><\/span><\/h3><div class=\"tlp-position\"><a class=\"\" data-id=\"76205\" target=\"_self\" title=\"Maurice Couture\" href=\"https:\/\/fondationrivieres.org\/en\/team\/maurice-couture\/\">Administrateur<\/a><\/div><div class=\"short-bio\"><p>Fondateur et dirigeant du cabinet de consultation sp\u00e9cialis\u00e9 en d\u00e9veloppement touristique durable GPS Tourisme et auparavant directeur d\u2019une Soci\u00e9t\u00e9 d\u2019aide au d\u00e9veloppement des collectivit\u00e9s (SADC) et agent de d\u00e9veloppement dans une ATR (1986-1994), il conna\u00eet bien les rouages et les pratiques de d\u00e9veloppement des organismes \u00e0 but non lucratif comme la Fondation Rivi\u00e8res.<\/p>\n<p>Il s\u2019est aussi impliqu\u00e9 \u00e0 fond dans la cr\u00e9ation du Parc lin\u00e9aire du P\u2019tit train du Nord et a agi \u00e0 titre de secr\u00e9taire de la coalition mise en place pour mobiliser le milieu, les \u00e9lus et le gouvernement dans l\u2019acquisition et la transformation de cette voie ferr\u00e9e de 200 km de long.<\/p>\n<p>Il a \u00e9galement de fortes comp\u00e9tences en mati\u00e8re de gouvernance et a \u00e9t\u00e9 pendant de nombreuses ann\u00e9es membre de l\u2019Ordre des administrateurs agr\u00e9\u00e9s du Qu\u00e9bec, dont un des principaux objectifs est de promouvoir des principes de saine gestion.<\/p>\n<\/div><\/div><\/div><\/div><div class=\"rt-col-md-12 rt-col-sm-6 rt-col-xs-12  even-grid-item rt-grid-item round-img\" data-id=\"67288\"><div class=\"single-team-area\"><div class=\"img-area rt-col-sm-4 rt-col-xs-4 \"><figure><a class=\"\" data-id=\"67288\" target=\"_self\" href=\"https:\/\/fondationrivieres.org\/en\/team\/robert-leblanc\/\"><img loading=\"lazy\" decoding=\"async\" width=\"400\" height=\"400\" src=\"https:\/\/fondationrivieres.org\/wp-content\/uploads\/2024\/04\/robert-leblanc-noir-et-blanc-400x400.jpg\" class=\"img-responsive rt-team-img\" alt=\"Robert LeBlanc\" \/><\/a><\/figure><\/div><div class=\"rttm-content-area rt-col-sm-8 rt-col-xs-8 \"><h3><span class=\"team-name\"><a class=\"\" data-id=\"67288\" target=\"_self\" title=\"Robert LeBlanc\" href=\"https:\/\/fondationrivieres.org\/en\/team\/robert-leblanc\/\">Robert LeBlanc<\/a><\/span><\/h3><div class=\"tlp-position\"><a class=\"\" data-id=\"67288\" target=\"_self\" title=\"Robert LeBlanc\" href=\"https:\/\/fondationrivieres.org\/en\/team\/robert-leblanc\/\">Administrateur<\/a><\/div><div class=\"short-bio\"><p>Robert LeBlanc est le Pr\u00e9sident d\u2019une PME sp\u00e9cialis\u00e9 dans l\u2019\u00e9valuation des programmes internationaux et dans l\u2019analyse de la faisabilit\u00e9 des investissements publics outre-mer. Il est d\u00e9tenteur d\u2019une Ma\u00eetrise en Administration des Affaires de l\u2019Universit\u00e9 Dalhousie et d\u2019une scolarit\u00e9 de doctorat en administration des affaires (DBA) \u00e0 Sherbrooke.\u00a0<\/p>\n<p>Il a fait partie de l\u2019\u00e9quipe canadienne aux n\u00e9gociations du GATT et dirigea un des plus importants contrats de d\u00e9veloppement des capacit\u00e9s syst\u00e9miques d\u2019un minist\u00e8re canadien. Ensuite, il fut le directeur d\u2019un projet en Colombie pour la Banque Mondiale et le Canada dans le secteur de la transformation du bois. Son prochain r\u00f4le de Vice-pr\u00e9sident ex\u00e9cutif chez Lavalin lui a permis de d\u00e9velopper des structures socio-\u00e9conomiques et des investissements pour les autochtones canadiens.<\/p>\n<p>Entre 1992 et 1994 il a \u00e9t\u00e9 membre de la facult\u00e9 du prestigieux\u00a0 Canadian Center for Management Development, une institution de formation et de recherche strat\u00e9gique en administration publique.<\/p>\n<p>En 1995 Le Conseil du Tr\u00e9sor du Canada lui octroya un mandat de restructuration d\u2019une Corporation de la couronne canadienne dans le domaine de syst\u00e8mes de gestion et politique scientifiques, Dans ce r\u00f4le de sous-ministre, il participa \u00e0 la cr\u00e9ation d'un programme visant l'int\u00e9gration des connaissances traditionnelles des Premi\u00e8res Nations aux approches de la recherche scientifique occidentale.<\/p>\n<p>Il devient ensuite Vice-pr\u00e9sident ex\u00e9cutif de Tecsult avec responsabilit\u00e9s en d\u00e9veloppement des affaires. Il dirigea plusieurs projets majeurs; par exemple chez\u00a0 Kenworth\u00a0 et le Department of\u00a0 Defense des \u00c9tats-Unis, il est ensuite envoy\u00e9 au Madagascar par le\u00a0 State Department des \u00c9tats-Unis o\u00f9 il assuma la direction\u00a0 d\u2019un programme de d\u00e9veloppement des politiques environnementales. Depuis son retour au Canada, il dirige plusieurs mandats en \u00e9valuation de programmes \u00e0 l\u2019international.\u00a0<\/p>\n<p>Il agit pr\u00e9sentement comme conseiller vis-\u00e0-vis des OSBL au Canada, particuli\u00e8rement en ce qui concerne des plans et strat\u00e9gies pour la protection des bassins versants.<\/p>\n<\/div><\/div><\/div><\/div><div class=\"rt-col-md-12 rt-col-sm-6 rt-col-xs-12  even-grid-item rt-grid-item round-img\" data-id=\"49549\"><div class=\"single-team-area\"><div class=\"img-area rt-col-sm-4 rt-col-xs-4 \"><figure><a class=\"\" data-id=\"49549\" target=\"_self\" href=\"https:\/\/fondationrivieres.org\/en\/team\/stephane-gautier-ethier\/\"><img loading=\"lazy\" decoding=\"async\" width=\"400\" height=\"400\" src=\"https:\/\/fondationrivieres.org\/wp-content\/uploads\/2022\/11\/Les-de\u0301bordements-nont-pas-tous-le-me\u0302me-impact-sur-lenvironnement-voici-les-villes-qui-menacent-le-plus-leurs-cours-deau.-Publication-Instagram-45-3-400x400.png\" class=\"img-responsive rt-team-img\" alt=\"St\u00e9phane Gautier-\u00c9thier\" \/><\/a><\/figure><\/div><div class=\"rttm-content-area rt-col-sm-8 rt-col-xs-8 \"><h3><span class=\"team-name\"><a class=\"\" data-id=\"49549\" target=\"_self\" title=\"St\u00e9phane Gautier-\u00c9thier\" href=\"https:\/\/fondationrivieres.org\/en\/team\/stephane-gautier-ethier\/\">St\u00e9phane Gautier-\u00c9thier<\/a><\/span><\/h3><div class=\"tlp-position\"><a class=\"\" data-id=\"49549\" target=\"_self\" title=\"St\u00e9phane Gautier-\u00c9thier\" href=\"https:\/\/fondationrivieres.org\/en\/team\/stephane-gautier-ethier\/\">Tr\u00e9sorier<\/a><\/div><div class=\"short-bio\"><p>St\u00e9phane Gautier-\u00c9thier est comptable professionnel agr\u00e9\u00e9 chez Brunet Roy Dub\u00e9, CPA et d\u00e9tient un Baccalaur\u00e9at en administration des affaires de l\u2019\u00e9cole des Hautes \u00e9tudes commerciales de Montr\u00e9al.<\/p>\n<p>Il se distingue dans sa vie professionnelle en r\u00e9pondant aux besoins de ses clients et au niveau communautaire par son d\u00e9vouement. Il souhaite que notre soci\u00e9t\u00e9 soit proactive dans la protection de l\u2019environnement et plus coh\u00e9rente dans ses actions. \u00ab Nous connaissons les impacts nuisibles de notre d\u00e9veloppement et nous devons travailler \u00e0 les enrayer\u00bb. \u00c0 son sens, la protection de l\u2019environnement peut \u00eatre un levier \u00e9conomique et il consid\u00e8re que nos plans d\u2019eau sont une richesse que l\u2019on doit valoriser pour les g\u00e9n\u00e9rations \u00e0 venir.<\/p>\n<\/div><\/div><\/div><\/div><div class=\"rt-col-md-12 rt-col-sm-6 rt-col-xs-12  even-grid-item rt-grid-item round-img\" data-id=\"76204\"><div class=\"single-team-area\"><div class=\"img-area rt-col-sm-4 rt-col-xs-4 \"><figure><a class=\"\" data-id=\"76204\" target=\"_self\" href=\"https:\/\/fondationrivieres.org\/en\/team\/sylvie-bouchard\/\"><img loading=\"lazy\" decoding=\"async\" width=\"400\" height=\"400\" src=\"https:\/\/fondationrivieres.org\/wp-content\/uploads\/2026\/03\/Sylvie-Bouchard-400x400.jpg\" class=\"img-responsive rt-team-img\" alt=\"Sylvie Bouchard\" \/><\/a><\/figure><\/div><div class=\"rttm-content-area rt-col-sm-8 rt-col-xs-8 \"><h3><span class=\"team-name\"><a class=\"\" data-id=\"76204\" target=\"_self\" title=\"Sylvie Bouchard\" href=\"https:\/\/fondationrivieres.org\/en\/team\/sylvie-bouchard\/\">Sylvie Bouchard<\/a><\/span><\/h3><div class=\"tlp-position\"><a class=\"\" data-id=\"76204\" target=\"_self\" title=\"Sylvie Bouchard\" href=\"https:\/\/fondationrivieres.org\/en\/team\/sylvie-bouchard\/\">Administratrice<\/a><\/div><div class=\"short-bio\"><p>Forte de 20 ans d\u2019exp\u00e9rience en d\u00e9veloppement philanthropique et en gouvernance au sein d\u2019organisations \u0153uvrant en sant\u00e9 et en enseignement sup\u00e9rieur, notamment pour l'Universit\u00e9 de Sherbrooke et la Fondation de l\u2019H\u00f4pital Charles-Lemoyne, elle a eu l\u2019occasion d\u2019accompagner des conseils d\u2019administration dans des contextes de croissance, de campagnes majeures et de structuration strat\u00e9gique. Son parcours lui a permise de d\u00e9velopper une solide compr\u00e9hension des enjeux li\u00e9s \u00e0 la vision organisationnelle, \u00e0 la gestion des risques, \u00e0 la reddition de comptes et \u00e0 la p\u00e9rennit\u00e9 financi\u00e8re.<\/p>\n<p>Elle souhaite contribuer activement aux r\u00e9flexions visant la diversification des revenus potentiels provenant de la philanthropie qui pourrait contribuer \u00e0 soutenir le rayonnement et le d\u00e9veloppement \u00e0 long terme de votre organisation.<\/p>\n<\/div><\/div><\/div><\/div><div class=\"rt-col-md-12 rt-col-sm-6 rt-col-xs-12  even-grid-item rt-grid-item round-img\" data-id=\"49555\"><div class=\"single-team-area\"><div class=\"img-area rt-col-sm-4 rt-col-xs-4 \"><figure><a class=\"\" data-id=\"49555\" target=\"_self\" href=\"https:\/\/fondationrivieres.org\/en\/team\/veronique-lussier\/\"><img loading=\"lazy\" decoding=\"async\" width=\"329\" height=\"347\" src=\"https:\/\/fondationrivieres.org\/wp-content\/uploads\/2021\/05\/Veronique-Lussier.jpeg\" class=\"img-responsive rt-team-img\" alt=\"V\u00e9ronique Lussier - La Fondation\" \/><\/a><\/figure><\/div><div class=\"rttm-content-area rt-col-sm-8 rt-col-xs-8 \"><h3><span class=\"team-name\"><a class=\"\" data-id=\"49555\" target=\"_self\" title=\"V\u00e9ronique Lussier\" href=\"https:\/\/fondationrivieres.org\/en\/team\/veronique-lussier\/\">V\u00e9ronique Lussier<\/a><\/span><\/h3><div class=\"tlp-position\"><a class=\"\" data-id=\"49555\" target=\"_self\" title=\"V\u00e9ronique Lussier\" href=\"https:\/\/fondationrivieres.org\/en\/team\/veronique-lussier\/\">Administratrice<\/a><\/div><div class=\"short-bio\"><p>Dipl\u00f4m\u00e9e en communication de l\u2019UQAM, V\u00e9ronique Lussier a accompli une grande partie de sa vie professionnelle comme gestionnaire dans l\u2019univers m\u00e9diatique.<\/p>\n<p>Elle a \u0153uvr\u00e9 dans le secteur priv\u00e9 et public notamment \u00e0 Radio-Canada, TFO, TVA et Astral. Elle a occup\u00e9 pendant trois ans un poste de cadre de direction \u00e0 la ville de Montr\u00e9al.<\/p>\n<p>Aujourd\u2019hui, elle poursuit son travail comme consultante et accompagne des \u00e9quipes multidisciplinaires dans des projets d\u2019entreprises, d\u2019organismes publics et dans le milieu associatif. Amateure d\u2019activit\u00e9s dans l\u2019eau, sur l\u2019eau et autour de l\u2019eau, les lacs et les rivi\u00e8res ont toujours habit\u00e9s sa vie. La richesse de nos cours d\u2019eau constitue un atout distinctif de notre territoire et de la culture qu\u00e9b\u00e9coise. Il faut la pr\u00e9server et mettre en valeur son caract\u00e8re naturel.<\/p>\n<\/div><\/div><\/div><\/div><div class=\"rt-col-md-12 rt-col-sm-6 rt-col-xs-12  even-grid-item rt-grid-item round-img\" data-id=\"72222\"><div class=\"single-team-area\"><div class=\"img-area rt-col-sm-4 rt-col-xs-4 \"><figure><a class=\"\" data-id=\"72222\" target=\"_self\" href=\"https:\/\/fondationrivieres.org\/en\/team\/yves-goussard\/\"><img loading=\"lazy\" decoding=\"async\" width=\"400\" height=\"400\" src=\"https:\/\/fondationrivieres.org\/wp-content\/uploads\/2025\/03\/5-400x400.png\" class=\"img-responsive rt-team-img\" alt=\"Yves Goussard\" \/><\/a><\/figure><\/div><div class=\"rttm-content-area rt-col-sm-8 rt-col-xs-8 \"><h3><span class=\"team-name\"><a class=\"\" data-id=\"72222\" target=\"_self\" title=\"Yves Goussard\" href=\"https:\/\/fondationrivieres.org\/en\/team\/yves-goussard\/\">Yves Goussard<\/a><\/span><\/h3><div class=\"tlp-position\"><a class=\"\" data-id=\"72222\" target=\"_self\" title=\"Yves Goussard\" href=\"https:\/\/fondationrivieres.org\/en\/team\/yves-goussard\/\">Administrateur<\/a><\/div><div class=\"short-bio\"><p>Yves Goussard a d\u2019abord \u00e9t\u00e9 Charg\u00e9 de recherche au Centre national de la recherche scientifique, Paris, France (1985-1991), puis professeur \u00e0 Polytechnique Montr\u00e9al (1992-2024) en g\u00e9nie \u00e9lectrique et en g\u00e9nie biom\u00e9dical. Il s\u2019est fortement engag\u00e9 dans le fonctionnement de cette derni\u00e8re institution, tout d\u2019abord au sein du syndicat de professeurs (1995-2007) en occupant plusieurs fonctions dont celle de pr\u00e9sident, puis en tant que membre du Conseil d\u2019administration (2007-2015) et enfin en dirigeant le D\u00e9partement de g\u00e9nie \u00e9lectrique (2015-2021) et le Bureau des affaires professorales (2021-2024). En tant qu\u2019administrateur de Polytechnique Montr\u00e9al puis aux postes de direction qu\u2019il a occup\u00e9s, Yves Goussard a agi vigoureusement pour que les questions environnementales et de d\u00e9veloppement durable soient ad\u00e9quatement prises en compte dans les orientations et le d\u00e9veloppement de l\u2019institution, notamment en contribuant \u00e0 l\u2019inclusion de ces notions dans les programmes de formation et en soutenant activement la mise en place puis les actions du Bureau du d\u00e9veloppement durable.<\/p>\n<\/div><\/div><\/div><\/div><div class=\"rt-loading-overlay\"><\/div><div class=\"rt-loading rt-ball-clip-rotate\"><div><\/div><\/div><\/div><\/div>\t\t\t\t<\/div>\n\t\t\t\t<\/div>\n\t\t\t\t\t<\/div>\n\t\t\t\t<\/div>\n\t\t\t\t<section class=\"elementor-section elementor-top-section elementor-element elementor-element-10f8eb3 elementor-section-boxed elementor-section-height-default elementor-section-height-default\" data-id=\"10f8eb3\" data-element_type=\"section\" data-e-type=\"section\" data-settings=\"{&quot;jet_parallax_layout_list&quot;:[]}\">\n\t\t\t\t\t\t<div class=\"elementor-container elementor-column-gap-default\">\n\t\t\t\t\t<div class=\"elementor-column elementor-col-100 elementor-top-column elementor-element elementor-element-e21b157\" data-id=\"e21b157\" data-element_type=\"column\" data-e-type=\"column\">\n\t\t\t<div class=\"elementor-widget-wrap elementor-element-populated\">\n\t\t\t\t\t\t<div class=\"elementor-element elementor-element-2bc50b4 elementor-widget elementor-widget-heading\" data-id=\"2bc50b4\" data-element_type=\"widget\" data-e-type=\"widget\" data-widget_type=\"heading.default\">\n\t\t\t\t<div class=\"elementor-widget-container\">\n\t\t\t\t\t<h2 class=\"elementor-heading-title elementor-size-default\">Un mot de nos cofondateurs, Roy Dupuis et Alain Saladzius <\/h2>\t\t\t\t<\/div>\n\t\t\t\t<\/div>\n\t\t\t\t<section class=\"elementor-section elementor-inner-section elementor-element elementor-element-b248b6d elementor-section-boxed elementor-section-height-default elementor-section-height-default\" data-id=\"b248b6d\" data-element_type=\"section\" data-e-type=\"section\" data-settings=\"{&quot;jet_parallax_layout_list&quot;:[]}\">\n\t\t\t\t\t\t<div class=\"elementor-container elementor-column-gap-default\">\n\t\t\t\t\t<div class=\"elementor-column elementor-col-50 elementor-inner-column elementor-element elementor-element-0974c35\" data-id=\"0974c35\" data-element_type=\"column\" data-e-type=\"column\">\n\t\t\t<div class=\"elementor-widget-wrap elementor-element-populated\">\n\t\t\t\t\t\t<div class=\"elementor-element elementor-element-c3a5b93 elementor-widget elementor-widget-testimonial\" data-id=\"c3a5b93\" data-element_type=\"widget\" data-e-type=\"widget\" data-widget_type=\"testimonial.default\">\n\t\t\t\t<div class=\"elementor-widget-container\">\n\t\t\t\t\t\t\t<div class=\"elementor-testimonial-wrapper\">\n\t\t\t\t\t\t\t<div class=\"elementor-testimonial-content\"> \u00ab Pour donner une voix aux rivi\u00e8res et \u00e0 ceux qui les aiment, la Fondation Rivi\u00e8res identifie ce qui les menace, appuie les citoyens qui en prennent la d\u00e9fense et met en \u0153uvre les moyens pour  leur pr\u00e9servation. Nous travaillons ensemble pour que les g\u00e9n\u00e9rations futures puissent admirer la beaut\u00e9 naturelle de nos belles rivi\u00e8res. \u00bb \n\n<\/div>\n\t\t\t\n\t\t\t\t\t\t<div class=\"elementor-testimonial-meta elementor-has-image elementor-testimonial-image-position-aside\">\n\t\t\t\t<div class=\"elementor-testimonial-meta-inner\">\n\t\t\t\t\t\t\t\t\t\t\t<div class=\"elementor-testimonial-image\">\n\t\t\t\t\t\t\t<img loading=\"lazy\" decoding=\"async\" width=\"2424\" height=\"2530\" src=\"https:\/\/fondationrivieres.org\/wp-content\/uploads\/2022\/12\/Alain_Saladzius-OIQ-orig-edit-20220920173358.jpeg\" class=\"attachment-full size-full wp-image-51236\" alt=\"Alain Saladzius pr\u00e9sident et cofondateur de la Fondation Rivi\u00e8res Source : ordre des ing\u00e9nieurs du Qu\u00e9bec\" srcset=\"https:\/\/fondationrivieres.org\/wp-content\/uploads\/2022\/12\/Alain_Saladzius-OIQ-orig-edit-20220920173358.jpeg 2424w, https:\/\/fondationrivieres.org\/wp-content\/uploads\/2022\/12\/Alain_Saladzius-OIQ-orig-edit-20220920173358-287x300.jpeg 287w, https:\/\/fondationrivieres.org\/wp-content\/uploads\/2022\/12\/Alain_Saladzius-OIQ-orig-edit-20220920173358-981x1024.jpeg 981w, https:\/\/fondationrivieres.org\/wp-content\/uploads\/2022\/12\/Alain_Saladzius-OIQ-orig-edit-20220920173358-768x802.jpeg 768w, https:\/\/fondationrivieres.org\/wp-content\/uploads\/2022\/12\/Alain_Saladzius-OIQ-orig-edit-20220920173358-1472x1536.jpeg 1472w, https:\/\/fondationrivieres.org\/wp-content\/uploads\/2022\/12\/Alain_Saladzius-OIQ-orig-edit-20220920173358-1962x2048.jpeg 1962w, https:\/\/fondationrivieres.org\/wp-content\/uploads\/2022\/12\/Alain_Saladzius-OIQ-orig-edit-20220920173358-11x12.jpeg 11w\" sizes=\"(max-width: 2424px) 100vw, 2424px\" \/>\t\t\t\t\t\t<\/div>\n\t\t\t\t\t\n\t\t\t\t\t\t\t\t\t\t<div class=\"elementor-testimonial-details\">\n\t\t\t\t\t\t\t\t\t\t\t\t\t\t<div class=\"elementor-testimonial-name\">Alain Saladzius,<\/div>\n\t\t\t\t\t\t\t\t\t\t\t\t\t\t\t\t\t\t\t\t\t\t<div class=\"elementor-testimonial-job\"> Pr\u00e9sident cofondateur de la Fondation <\/div>\n\t\t\t\t\t\t\t\t\t\t\t\t\t<\/div>\n\t\t\t\t\t\t\t\t\t<\/div>\n\t\t\t<\/div>\n\t\t\t\t\t<\/div>\n\t\t\t\t\t\t<\/div>\n\t\t\t\t<\/div>\n\t\t\t\t\t<\/div>\n\t\t<\/div>\n\t\t\t\t<div class=\"elementor-column elementor-col-50 elementor-inner-column elementor-element elementor-element-3a71ff4\" data-id=\"3a71ff4\" data-element_type=\"column\" data-e-type=\"column\">\n\t\t\t<div class=\"elementor-widget-wrap elementor-element-populated\">\n\t\t\t\t\t\t<div class=\"elementor-element elementor-element-4d64e1f elementor-widget elementor-widget-testimonial\" data-id=\"4d64e1f\" data-element_type=\"widget\" data-e-type=\"widget\" data-widget_type=\"testimonial.default\">\n\t\t\t\t<div class=\"elementor-widget-container\">\n\t\t\t\t\t\t\t<div class=\"elementor-testimonial-wrapper\">\n\t\t\t\t\t\t\t<div class=\"elementor-testimonial-content\">\u00ab La Fondation Rivi\u00e8res travaille depuis 2002 \u00e0 la protection des rivi\u00e8res, l\u2019une de nos plus grandes richesses. Gr\u00e2ce \u00e0 une \u00e9quipe de b\u00e9n\u00e9voles et plusieurs artistes engag\u00e9s, on a au fil des ans mis en lumi\u00e8re plusieurs enjeux qui affectent nos rivi\u00e8res.<br> \n<br> \nLes \u00e9cosyst\u00e8mes sont fragilis\u00e9s, voire d\u00e9truits, par la pollution qui provient des rejets d\u2019eaux us\u00e9es ou agricoles. Des projets de barrages hydro\u00e9lectriques. L\u2019absence d\u2019acc\u00e8s et de lieux de baignades s\u00e9curitaires. Le remblaiement et la construction en zones inondables ou dans les milieux humides.<br> \n<br> \nPlus que jamais il est temps pour la Fondation Rivi\u00e8res de sonner l\u2019alarme, mais surtout il est essentiel d\u2019unir nos forces pour envoyer un message clair aux dirigeants afin d\u2019exiger la mise en place d\u2019une gestion durable des cours d\u2019eau. Pour en assurer la qualit\u00e9. Pour notre sant\u00e9 et celle de la biodiversit\u00e9, mais aussi pour rendre possible l\u2019acc\u00e8s \u00e0 tous.<br> \n<br> \nPour moi, \u00eatre membre de la Fondation Rivi\u00e8res, c\u2019est agir concr\u00e8tement. En tant que membre ou donateur de la Fondation Rivi\u00e8res, vous devenez un soutien direct pour nous aider \u00e0 continuer.\nEnsemble, on fait une r\u00e9elle diff\u00e9rence.\u00bb\n\n\n<\/div>\n\t\t\t\n\t\t\t\t\t\t<div class=\"elementor-testimonial-meta elementor-has-image elementor-testimonial-image-position-aside\">\n\t\t\t\t<div class=\"elementor-testimonial-meta-inner\">\n\t\t\t\t\t\t\t\t\t\t\t<div class=\"elementor-testimonial-image\">\n\t\t\t\t\t\t\t<img loading=\"lazy\" decoding=\"async\" width=\"301\" height=\"298\" src=\"https:\/\/fondationrivieres.org\/wp-content\/uploads\/2022\/12\/Roy-Dupuis-portrait-2008-08-15.jpg\" class=\"attachment-full size-full wp-image-51241\" alt=\"\" srcset=\"https:\/\/fondationrivieres.org\/wp-content\/uploads\/2022\/12\/Roy-Dupuis-portrait-2008-08-15.jpg 301w, https:\/\/fondationrivieres.org\/wp-content\/uploads\/2022\/12\/Roy-Dupuis-portrait-2008-08-15-150x150.jpg 150w, https:\/\/fondationrivieres.org\/wp-content\/uploads\/2022\/12\/Roy-Dupuis-portrait-2008-08-15-12x12.jpg 12w\" sizes=\"(max-width: 301px) 100vw, 301px\" \/>\t\t\t\t\t\t<\/div>\n\t\t\t\t\t\n\t\t\t\t\t\t\t\t\t\t<div class=\"elementor-testimonial-details\">\n\t\t\t\t\t\t\t\t\t\t\t\t\t\t<div class=\"elementor-testimonial-name\">Roy Dupuis<\/div>\n\t\t\t\t\t\t\t\t\t\t\t\t\t\t\t\t\t\t\t\t\t\t<div class=\"elementor-testimonial-job\">Com\u00e9dien, Cofondateur et porte-parole de la Fondation Rivi\u00e8res<\/div>\n\t\t\t\t\t\t\t\t\t\t\t\t\t<\/div>\n\t\t\t\t\t\t\t\t\t<\/div>\n\t\t\t<\/div>\n\t\t\t\t\t<\/div>\n\t\t\t\t\t\t<\/div>\n\t\t\t\t<\/div>\n\t\t\t\t\t<\/div>\n\t\t<\/div>\n\t\t\t\t\t<\/div>\n\t\t<\/section>\n\t\t\t\t\t<\/div>\n\t\t<\/div>\n\t\t\t\t\t<\/div>\n\t\t<\/section>\n\t\t<div class=\"jet-sticky-section elementor-element elementor-element-57cb355 e-flex e-con-boxed e-con e-parent\" style=\"height: fit-content;\" data-id=\"57cb355\" data-element_type=\"container\" data-e-type=\"container\" data-settings=\"{&quot;jet_sticky_section&quot;:&quot;yes&quot;,&quot;jet_parallax_layout_list&quot;:[],&quot;jet_sticky_section_visibility&quot;:[&quot;desktop&quot;,&quot;tablet&quot;,&quot;mobile&quot;]}\">\n\t\t\t\t\t<div class=\"e-con-inner\">\n\t\t\t\t<div class=\"elementor-element elementor-element-3ff6f72 elementor-fixed elementor-widget elementor-widget-elementskit-back-to-top\" data-id=\"3ff6f72\" data-element_type=\"widget\" data-e-type=\"widget\" data-settings=\"{&quot;_position&quot;:&quot;fixed&quot;}\" data-widget_type=\"elementskit-back-to-top.default\">\n\t\t\t\t<div class=\"elementor-widget-container\">\n\t\t\t\t\t<div class=\"ekit-wid-con\" >\t\t\t<div class=\"ekit-back-to-top-container ekit-btt icon_only\" data-settings=\"{&quot;offset_top&quot;:10,&quot;show_after&quot;:400,&quot;show_scroll&quot;:&quot;yes&quot;,&quot;style&quot;:&quot;icon_only&quot;,&quot;foreground&quot;:null,&quot;background&quot;:null}\"> \n\t\t\t\t<span class=\"ekit-btt__button yes\">\n\t\t\t\t\t<i aria-hidden=\"true\" class=\"fas fa-arrow-up\"><\/i>\t\t\t\t<\/span>\n\t\t\t<\/div>\n\t\t<\/div>\t\t\t\t<\/div>\n\t\t\t\t<\/div>\n\t\t\t\t\t<\/div>\n\t\t\t\t<\/div>\n\t\t\t\t<section class=\"elementor-section elementor-top-section elementor-element elementor-element-083a76d elementor-section-boxed elementor-section-height-default elementor-section-height-default\" data-id=\"083a76d\" data-element_type=\"section\" data-e-type=\"section\" data-settings=\"{&quot;jet_parallax_layout_list&quot;:[],&quot;background_background&quot;:&quot;classic&quot;}\">\n\t\t\t\t\t\t<div class=\"elementor-container elementor-column-gap-default\">\n\t\t\t\t\t<div class=\"elementor-column elementor-col-50 elementor-top-column elementor-element elementor-element-473fd34\" data-id=\"473fd34\" data-element_type=\"column\" data-e-type=\"column\">\n\t\t\t<div class=\"elementor-widget-wrap elementor-element-populated\">\n\t\t\t\t\t\t<div class=\"elementor-element elementor-element-7ec0848 elementor-widget elementor-widget-heading\" data-id=\"7ec0848\" data-element_type=\"widget\" data-e-type=\"widget\" id=\"#rapports\" data-widget_type=\"heading.default\">\n\t\t\t\t<div class=\"elementor-widget-container\">\n\t\t\t\t\t<h4 class=\"elementor-heading-title elementor-size-default\">Nos rapports d'activit\u00e9s<\/h4>\t\t\t\t<\/div>\n\t\t\t\t<\/div>\n\t\t\t\t<div class=\"elementor-element elementor-element-cabb3c1 elementor-widget elementor-widget-jet-button\" data-id=\"cabb3c1\" data-element_type=\"widget\" data-e-type=\"widget\" data-widget_type=\"jet-button.default\">\n\t\t\t\t<div class=\"elementor-widget-container\">\n\t\t\t\t\t<div class=\"elementor-jet-button jet-elements\"><div class=\"jet-button__container\">\n\t<a class=\"jet-button__instance jet-button__instance--icon-left hover-effect-0\" href=\"https:\/\/drive.google.com\/file\/d\/14ZRfwg84m6VnjKs8_c4oDNxEHGLqwL3c\/view?usp=sharing\" target=\"_blank\" rel=\"noopener\">\n\t\t<div class=\"jet-button__plane jet-button__plane-normal\"><\/div>\n\t\t<div class=\"jet-button__plane jet-button__plane-hover\"><\/div>\n\t\t<div class=\"jet-button__state jet-button__state-normal\">\n\t\t\t<span class=\"jet-button__label\">2023-2024<\/span>\t\t<\/div>\n\t\t<div class=\"jet-button__state jet-button__state-hover\">\n\t\t\t<span class=\"jet-button__label\">2021-2022<\/span>\t\t<\/div>\n\t<\/a>\n<\/div>\n<\/div>\t\t\t\t<\/div>\n\t\t\t\t<\/div>\n\t\t\t\t<div class=\"elementor-element elementor-element-fb8c9f5 elementor-widget elementor-widget-jet-button\" data-id=\"fb8c9f5\" data-element_type=\"widget\" data-e-type=\"widget\" data-widget_type=\"jet-button.default\">\n\t\t\t\t<div class=\"elementor-widget-container\">\n\t\t\t\t\t<div class=\"elementor-jet-button jet-elements\"><div class=\"jet-button__container\">\n\t<a class=\"jet-button__instance jet-button__instance--icon-left hover-effect-0\" href=\"https:\/\/drive.google.com\/file\/d\/1EHc3pqCSybeY9kHEDLZl7ndCA3Jyikf8\/view?usp=sharing\" target=\"_blank\" rel=\"noopener\">\n\t\t<div class=\"jet-button__plane jet-button__plane-normal\"><\/div>\n\t\t<div class=\"jet-button__plane jet-button__plane-hover\"><\/div>\n\t\t<div class=\"jet-button__state jet-button__state-normal\">\n\t\t\t<span class=\"jet-button__label\">2022-2023<\/span>\t\t<\/div>\n\t\t<div class=\"jet-button__state jet-button__state-hover\">\n\t\t\t<span class=\"jet-button__label\">2021-2022<\/span>\t\t<\/div>\n\t<\/a>\n<\/div>\n<\/div>\t\t\t\t<\/div>\n\t\t\t\t<\/div>\n\t\t\t\t<div class=\"elementor-element elementor-element-a24f3e5 elementor-widget elementor-widget-jet-button\" data-id=\"a24f3e5\" data-element_type=\"widget\" data-e-type=\"widget\" data-widget_type=\"jet-button.default\">\n\t\t\t\t<div class=\"elementor-widget-container\">\n\t\t\t\t\t<div class=\"elementor-jet-button jet-elements\"><div class=\"jet-button__container\">\n\t<a class=\"jet-button__instance jet-button__instance--icon-left hover-effect-0\" href=\"https:\/\/drive.google.com\/file\/d\/19iZAHZWteBb5KXa7X5M4Jaq7ES3-XKl1\/view?usp=share_link\" target=\"_blank\" rel=\"noopener\">\n\t\t<div class=\"jet-button__plane jet-button__plane-normal\"><\/div>\n\t\t<div class=\"jet-button__plane jet-button__plane-hover\"><\/div>\n\t\t<div class=\"jet-button__state jet-button__state-normal\">\n\t\t\t<span class=\"jet-button__label\">2021-2022<\/span>\t\t<\/div>\n\t\t<div class=\"jet-button__state jet-button__state-hover\">\n\t\t\t<span class=\"jet-button__label\">2021-2022<\/span>\t\t<\/div>\n\t<\/a>\n<\/div>\n<\/div>\t\t\t\t<\/div>\n\t\t\t\t<\/div>\n\t\t\t\t<div class=\"elementor-element elementor-element-009cab6 elementor-widget elementor-widget-jet-button\" data-id=\"009cab6\" data-element_type=\"widget\" data-e-type=\"widget\" data-widget_type=\"jet-button.default\">\n\t\t\t\t<div class=\"elementor-widget-container\">\n\t\t\t\t\t<div class=\"elementor-jet-button jet-elements\"><div class=\"jet-button__container\">\n\t<a class=\"jet-button__instance jet-button__instance--icon-left hover-effect-0\" href=\"https:\/\/drive.google.com\/file\/d\/1VshP-dopYXwnalEv_LXgOjFd4J3kR7Jq\/view?usp=share_link\" target=\"_blank\" rel=\"noopener\">\n\t\t<div class=\"jet-button__plane jet-button__plane-normal\"><\/div>\n\t\t<div class=\"jet-button__plane jet-button__plane-hover\"><\/div>\n\t\t<div class=\"jet-button__state jet-button__state-normal\">\n\t\t\t<span class=\"jet-button__label\">2020-2021<\/span>\t\t<\/div>\n\t\t<div class=\"jet-button__state jet-button__state-hover\">\n\t\t\t<span class=\"jet-button__label\">2020-20221<\/span>\t\t<\/div>\n\t<\/a>\n<\/div>\n<\/div>\t\t\t\t<\/div>\n\t\t\t\t<\/div>\n\t\t\t\t<div class=\"elementor-element elementor-element-7999496 elementor-widget elementor-widget-jet-button\" data-id=\"7999496\" data-element_type=\"widget\" data-e-type=\"widget\" data-widget_type=\"jet-button.default\">\n\t\t\t\t<div class=\"elementor-widget-container\">\n\t\t\t\t\t<div class=\"elementor-jet-button jet-elements\"><div class=\"jet-button__container\">\n\t<a class=\"jet-button__instance jet-button__instance--icon-left hover-effect-0\" href=\"https:\/\/drive.google.com\/file\/d\/1ffk_N8j-XxQK42uWUqqI3k2GabWNNsep\/view?usp=share_link\" target=\"_blank\" rel=\"noopener\">\n\t\t<div class=\"jet-button__plane jet-button__plane-normal\"><\/div>\n\t\t<div class=\"jet-button__plane jet-button__plane-hover\"><\/div>\n\t\t<div class=\"jet-button__state jet-button__state-normal\">\n\t\t\t<span class=\"jet-button__label\">2019-2020<\/span>\t\t<\/div>\n\t\t<div class=\"jet-button__state jet-button__state-hover\">\n\t\t\t<span class=\"jet-button__label\">2019-2020<\/span>\t\t<\/div>\n\t<\/a>\n<\/div>\n<\/div>\t\t\t\t<\/div>\n\t\t\t\t<\/div>\n\t\t\t\t\t<\/div>\n\t\t<\/div>\n\t\t\t\t<div class=\"elementor-column elementor-col-50 elementor-top-column elementor-element elementor-element-99301cf elementor-hidden-tablet elementor-hidden-mobile\" data-id=\"99301cf\" data-element_type=\"column\" data-e-type=\"column\">\n\t\t\t<div class=\"elementor-widget-wrap elementor-element-populated\">\n\t\t\t\t\t\t<div class=\"elementor-element elementor-element-3c8d9ed elementor-cta--layout-image-left elementor-widget__width-initial elementor-cta--skin-classic elementor-animated-content elementor-bg-transform elementor-bg-transform-zoom-in elementor-widget elementor-widget-call-to-action\" data-id=\"3c8d9ed\" data-element_type=\"widget\" data-e-type=\"widget\" data-widget_type=\"call-to-action.default\">\n\t\t\t\t<div class=\"elementor-widget-container\">\n\t\t\t\t\t\t\t<a class=\"elementor-cta\" href=\"https:\/\/give-can.keela.co\/don-fondation-rivieres-cta\" target=\"_blank\" rel=\"noopener\">\n\t\t\t\t\t\t\t<div class=\"elementor-cta__content\">\n\t\t\t\t\t\t\t\t\t<div class=\"elementor-content-item elementor-cta__content-item elementor-icon-wrapper elementor-cta__icon elementor-view-default\">\n\t\t\t\t\t\t<div class=\"elementor-icon\">\n\t\t\t\t\t\t\t<i aria-hidden=\"true\" class=\"fas fa-hand-holding-heart\"><\/i>\t\t\t\t\t\t<\/div>\n\t\t\t\t\t<\/div>\n\t\t\t\t\n\t\t\t\t\t\t\t\t\t<h4 class=\"elementor-cta__title elementor-cta__content-item elementor-content-item\">\n\t\t\t\t\t\tContribuez \u00e0 la protection des rivi\u00e8res du Qu\u00e9bec\t\t\t\t\t<\/h4>\n\t\t\t\t\n\t\t\t\t\n\t\t\t\t\t\t\t\t\t<div class=\"elementor-cta__button-wrapper elementor-cta__content-item elementor-content-item \">\n\t\t\t\t\t<span class=\"elementor-cta__button elementor-button elementor-size-\">\n\t\t\t\t\t\tFaites un don\t\t\t\t\t<\/span>\n\t\t\t\t\t<\/div>\n\t\t\t\t\t\t\t<\/div>\n\t\t\t\t\t\t<\/a>\n\t\t\t\t\t\t<\/div>\n\t\t\t\t<\/div>\n\t\t\t\t\t<\/div>\n\t\t<\/div>\n\t\t\t\t\t<\/div>\n\t\t<\/section>\n\t\t\t\t<\/div>\n\t\t","protected":false},"excerpt":{"rendered":"<p>Fondation Rivi\u00e8res Conseil d&rsquo;administration La Fondation Notre \u00c9quipe Travaillez avec nous Nos rapports d&rsquo;activit\u00e9s Cofondateurs, administrateurs et administratrices Une gouvernance rigoureuse Le conseil d&rsquo;administration de la Fondation Rivi\u00e8res est issu de diff\u00e9rents milieux. L\u2019engagement, l\u2019expertise et la diversit\u00e9 des comp\u00e9tences de celui-ci sont remarquables. Consultez leur profil et apprenez-en plus sur leurs parcours professionnels. Des [&hellip;]<\/p>\n","protected":false},"author":2,"featured_media":45692,"parent":203,"menu_order":0,"comment_status":"closed","ping_status":"closed","template":"","meta":{"footnotes":""},"class_list":["post-45367","page","type-page","status-publish","has-post-thumbnail","hentry"],"_links":{"self":[{"href":"https:\/\/fondationrivieres.org\/en\/wp-json\/wp\/v2\/pages\/45367","targetHints":{"allow":["GET"]}}],"collection":[{"href":"https:\/\/fondationrivieres.org\/en\/wp-json\/wp\/v2\/pages"}],"about":[{"href":"https:\/\/fondationrivieres.org\/en\/wp-json\/wp\/v2\/types\/page"}],"author":[{"embeddable":true,"href":"https:\/\/fondationrivieres.org\/en\/wp-json\/wp\/v2\/users\/2"}],"replies":[{"embeddable":true,"href":"https:\/\/fondationrivieres.org\/en\/wp-json\/wp\/v2\/comments?post=45367"}],"version-history":[{"count":11,"href":"https:\/\/fondationrivieres.org\/en\/wp-json\/wp\/v2\/pages\/45367\/revisions"}],"predecessor-version":[{"id":75231,"href":"https:\/\/fondationrivieres.org\/en\/wp-json\/wp\/v2\/pages\/45367\/revisions\/75231"}],"up":[{"embeddable":true,"href":"https:\/\/fondationrivieres.org\/en\/wp-json\/wp\/v2\/pages\/203"}],"wp:featuredmedia":[{"embeddable":true,"href":"https:\/\/fondationrivieres.org\/en\/wp-json\/wp\/v2\/media\/45692"}],"wp:attachment":[{"href":"https:\/\/fondationrivieres.org\/en\/wp-json\/wp\/v2\/media?parent=45367"}],"curies":[{"name":"wp","href":"https:\/\/api.w.org\/{rel}","templated":true}]}}