{"id":45348,"date":"2022-09-23T13:42:15","date_gmt":"2022-09-23T17:42:15","guid":{"rendered":"https:\/\/sandbox.cdgdeveloppeur.com\/web\/fondationrivieres_dev\/?page_id=45348"},"modified":"2026-01-15T12:00:51","modified_gmt":"2026-01-15T17:00:51","slug":"notre-equipe","status":"publish","type":"page","link":"https:\/\/fondationrivieres.org\/en\/la-fondation\/notre-equipe\/","title":{"rendered":"Our team"},"content":{"rendered":"\t\t<div data-elementor-type=\"wp-page\" data-elementor-id=\"45348\" class=\"elementor elementor-45348\" data-elementor-post-type=\"page\">\n\t\t\t\t<div class=\"elementor-element elementor-element-0e88f22 e-flex e-con-boxed e-con e-parent\" data-id=\"0e88f22\" data-element_type=\"container\" data-e-type=\"container\" data-settings=\"{&quot;background_background&quot;:&quot;classic&quot;,&quot;jet_parallax_layout_list&quot;:[]}\">\n\t\t\t\t\t<div class=\"e-con-inner\">\n\t\t<div class=\"elementor-element elementor-element-c73bdd2 e-con-full elementor-hidden-tablet elementor-hidden-mobile e-flex e-con e-child\" data-id=\"c73bdd2\" data-element_type=\"container\" data-e-type=\"container\" data-settings=\"{&quot;background_background&quot;:&quot;classic&quot;,&quot;jet_parallax_layout_list&quot;:[]}\">\n\t\t\t\t<div class=\"elementor-element elementor-element-46f6a2f elementor-widget elementor-widget-jet-breadcrumbs\" data-id=\"46f6a2f\" data-element_type=\"widget\" data-e-type=\"widget\" data-widget_type=\"jet-breadcrumbs.default\">\n\t\t\t\t<div class=\"elementor-widget-container\">\n\t\t\t\t\t<div class=\"elementor-jet-breadcrumbs jet-blocks\">\n\t\t<div class=\"jet-breadcrumbs\">\n\t\t<div class=\"jet-breadcrumbs__content\">\n\t\t<div class=\"jet-breadcrumbs__wrap\"><div class=\"jet-breadcrumbs__item\"><a href=\"https:\/\/fondationrivieres.org\/en\/\" class=\"jet-breadcrumbs__item-link is-home\" rel=\"home\" title=\"Fondation Rivi\u00e8res\">Fondation Rivi\u00e8res<\/a><\/div>\n\t\t<\/div>\n\t\t<\/div>\n\t\t<\/div><\/div>\t\t\t\t<\/div>\n\t\t\t\t<\/div>\n\t\t\t\t<div class=\"elementor-element elementor-element-c0a692c elementor-widget elementor-widget-heading\" data-id=\"c0a692c\" data-element_type=\"widget\" data-e-type=\"widget\" data-widget_type=\"heading.default\">\n\t\t\t\t<div class=\"elementor-widget-container\">\n\t\t\t\t\t<h1 class=\"elementor-heading-title elementor-size-default\">Notre \u00e9quipe<\/h1>\t\t\t\t<\/div>\n\t\t\t\t<\/div>\n\t\t\t\t<div class=\"elementor-element elementor-element-2165145 elementor-widget-divider--view-line elementor-widget elementor-widget-divider\" data-id=\"2165145\" data-element_type=\"widget\" data-e-type=\"widget\" data-widget_type=\"divider.default\">\n\t\t\t\t<div class=\"elementor-widget-container\">\n\t\t\t\t\t\t\t<div class=\"elementor-divider\">\n\t\t\t<span class=\"elementor-divider-separator\">\n\t\t\t\t\t\t<\/span>\n\t\t<\/div>\n\t\t\t\t\t\t<\/div>\n\t\t\t\t<\/div>\n\t\t\t\t<div class=\"elementor-element elementor-element-31386ca elementor-widget elementor-widget-heading\" data-id=\"31386ca\" data-element_type=\"widget\" data-e-type=\"widget\" data-widget_type=\"heading.default\">\n\t\t\t\t<div class=\"elementor-widget-container\">\n\t\t\t\t\t<p class=\"elementor-heading-title elementor-size-default\">La Fondation compte 11 employ\u00e9.e.s permanents avec une expertise diversifi\u00e9e. Consultez leurs fiches biographiques pour d\u00e9couvrir leur parcours et leur motivation \u00e0 s'impliquer pour la protection de l'environnement.\u00a0<\/p>\t\t\t\t<\/div>\n\t\t\t\t<\/div>\n\t\t\t\t<\/div>\n\t\t\t\t\t<\/div>\n\t\t\t\t<\/div>\n\t\t<div class=\"elementor-element elementor-element-3e5ae07 e-flex e-con-boxed e-con e-parent\" data-id=\"3e5ae07\" data-element_type=\"container\" data-e-type=\"container\" data-settings=\"{&quot;background_background&quot;:&quot;classic&quot;,&quot;jet_parallax_layout_list&quot;:[]}\">\n\t\t\t\t\t<div class=\"e-con-inner\">\n\t\t\t\t<div class=\"elementor-element elementor-element-7308844 elementor-widget elementor-widget-text-editor\" data-id=\"7308844\" data-element_type=\"widget\" data-e-type=\"widget\" data-widget_type=\"text-editor.default\">\n\t\t\t\t<div class=\"elementor-widget-container\">\n\t\t\t\t\t\t\t\t\t<p>La Fondation Rivi\u00e8res peut compter sur l\u2019appui d\u2019une \u00e9quipe multidisciplinaire engag\u00e9e \u00e0 d\u00e9fendre les rivi\u00e8res du Qu\u00e9bec. Cette \u00e9quipe diversifi\u00e9e regroupe des comp\u00e9tences diverses pour contribuer \u00e0 la pr\u00e9servation des cours d\u2019eau de la province.<\/p>\t\t\t\t\t\t\t\t<\/div>\n\t\t\t\t<\/div>\n\t\t\t\t\t<\/div>\n\t\t\t\t<\/div>\n\t\t<div class=\"elementor-element elementor-element-fc0daa5 e-flex e-con-boxed e-con e-parent\" data-id=\"fc0daa5\" data-element_type=\"container\" data-e-type=\"container\" data-settings=\"{&quot;background_background&quot;:&quot;classic&quot;,&quot;jet_parallax_layout_list&quot;:[]}\">\n\t\t\t\t\t<div class=\"e-con-inner\">\n\t\t\t\t\t<\/div>\n\t\t\t\t<\/div>\n\t\t<div class=\"elementor-element elementor-element-d09e12f e-flex e-con-boxed e-con e-parent\" data-id=\"d09e12f\" data-element_type=\"container\" data-e-type=\"container\" data-settings=\"{&quot;jet_parallax_layout_list&quot;:[],&quot;background_background&quot;:&quot;classic&quot;}\">\n\t\t\t\t\t<div class=\"e-con-inner\">\n\t\t<div class=\"elementor-element elementor-element-ac12331 e-con-full e-flex e-con e-child\" data-id=\"ac12331\" data-element_type=\"container\" data-e-type=\"container\" data-settings=\"{&quot;jet_parallax_layout_list&quot;:[]}\">\n\t\t\t\t<div class=\"elementor-element elementor-element-e7218b9 elementor-widget elementor-widget-spacer\" data-id=\"e7218b9\" data-element_type=\"widget\" data-e-type=\"widget\" data-widget_type=\"spacer.default\">\n\t\t\t\t<div class=\"elementor-widget-container\">\n\t\t\t\t\t\t\t<div class=\"elementor-spacer\">\n\t\t\t<div class=\"elementor-spacer-inner\"><\/div>\n\t\t<\/div>\n\t\t\t\t\t\t<\/div>\n\t\t\t\t<\/div>\n\t\t\t\t<div class=\"elementor-element elementor-element-9125c9d elementor-widget elementor-widget-heading\" data-id=\"9125c9d\" data-element_type=\"widget\" data-e-type=\"widget\" data-widget_type=\"heading.default\">\n\t\t\t\t<div class=\"elementor-widget-container\">\n\t\t\t\t\t<h3 class=\"elementor-heading-title elementor-size-default\">Ensemble, notre \u00e9quipe est outill\u00e9e sur les enjeux suivants :<\/h3>\t\t\t\t<\/div>\n\t\t\t\t<\/div>\n\t\t\t\t<div class=\"elementor-element elementor-element-ba8e806 elementor-widget elementor-widget-spacer\" data-id=\"ba8e806\" data-element_type=\"widget\" data-e-type=\"widget\" data-widget_type=\"spacer.default\">\n\t\t\t\t<div class=\"elementor-widget-container\">\n\t\t\t\t\t\t\t<div class=\"elementor-spacer\">\n\t\t\t<div class=\"elementor-spacer-inner\"><\/div>\n\t\t<\/div>\n\t\t\t\t\t\t<\/div>\n\t\t\t\t<\/div>\n\t\t<div class=\"elementor-element elementor-element-26a16e3 e-con-full e-flex e-con e-child\" data-id=\"26a16e3\" data-element_type=\"container\" data-e-type=\"container\" data-settings=\"{&quot;jet_parallax_layout_list&quot;:[]}\">\n\t\t<div class=\"elementor-element elementor-element-bc73c41 e-con-full e-flex e-con e-child\" data-id=\"bc73c41\" data-element_type=\"container\" data-e-type=\"container\" data-settings=\"{&quot;jet_parallax_layout_list&quot;:[]}\">\n\t\t\t\t<div class=\"elementor-element elementor-element-81c9343 elementor-icon-list--layout-traditional elementor-list-item-link-full_width elementor-widget elementor-widget-icon-list\" data-id=\"81c9343\" data-element_type=\"widget\" data-e-type=\"widget\" data-widget_type=\"icon-list.default\">\n\t\t\t\t<div class=\"elementor-widget-container\">\n\t\t\t\t\t\t\t<ul class=\"elementor-icon-list-items\">\n\t\t\t\t\t\t\t<li class=\"elementor-icon-list-item\">\n\t\t\t\t\t\t\t\t\t\t\t<span class=\"elementor-icon-list-icon\">\n\t\t\t\t\t\t\t<i aria-hidden=\"true\" class=\"fas fa-arrow-circle-right\"><\/i>\t\t\t\t\t\t<\/span>\n\t\t\t\t\t\t\t\t\t\t<span class=\"elementor-icon-list-text\">Acc\u00e8s aux berges et pratique de sports nautiques non motoris\u00e9es<\/span>\n\t\t\t\t\t\t\t\t\t<\/li>\n\t\t\t\t\t\t\t\t<li class=\"elementor-icon-list-item\">\n\t\t\t\t\t\t\t\t\t\t\t<span class=\"elementor-icon-list-icon\">\n\t\t\t\t\t\t\t<i aria-hidden=\"true\" class=\"fas fa-arrow-circle-right\"><\/i>\t\t\t\t\t\t<\/span>\n\t\t\t\t\t\t\t\t\t\t<span class=\"elementor-icon-list-text\">Am\u00e9nagement du territoire<\/span>\n\t\t\t\t\t\t\t\t\t<\/li>\n\t\t\t\t\t\t\t\t<li class=\"elementor-icon-list-item\">\n\t\t\t\t\t\t\t\t\t\t\t<span class=\"elementor-icon-list-icon\">\n\t\t\t\t\t\t\t<i aria-hidden=\"true\" class=\"fas fa-arrow-circle-right\"><\/i>\t\t\t\t\t\t<\/span>\n\t\t\t\t\t\t\t\t\t\t<span class=\"elementor-icon-list-text\">Assainissement des eaux us\u00e9es<\/span>\n\t\t\t\t\t\t\t\t\t<\/li>\n\t\t\t\t\t\t<\/ul>\n\t\t\t\t\t\t<\/div>\n\t\t\t\t<\/div>\n\t\t\t\t<\/div>\n\t\t<div class=\"elementor-element elementor-element-31a82ba e-con-full e-flex e-con e-child\" data-id=\"31a82ba\" data-element_type=\"container\" data-e-type=\"container\" data-settings=\"{&quot;jet_parallax_layout_list&quot;:[]}\">\n\t\t\t\t<div class=\"elementor-element elementor-element-9a1c3f0 elementor-icon-list--layout-traditional elementor-list-item-link-full_width elementor-widget elementor-widget-icon-list\" data-id=\"9a1c3f0\" data-element_type=\"widget\" data-e-type=\"widget\" data-widget_type=\"icon-list.default\">\n\t\t\t\t<div class=\"elementor-widget-container\">\n\t\t\t\t\t\t\t<ul class=\"elementor-icon-list-items\">\n\t\t\t\t\t\t\t<li class=\"elementor-icon-list-item\">\n\t\t\t\t\t\t\t\t\t\t\t<span class=\"elementor-icon-list-icon\">\n\t\t\t\t\t\t\t<i aria-hidden=\"true\" class=\"fas fa-arrow-circle-right\"><\/i>\t\t\t\t\t\t<\/span>\n\t\t\t\t\t\t\t\t\t\t<span class=\"elementor-icon-list-text\">\u00c9cosyst\u00e8mes aquatiques<\/span>\n\t\t\t\t\t\t\t\t\t<\/li>\n\t\t\t\t\t\t\t\t<li class=\"elementor-icon-list-item\">\n\t\t\t\t\t\t\t\t\t\t\t<span class=\"elementor-icon-list-icon\">\n\t\t\t\t\t\t\t<i aria-hidden=\"true\" class=\"fas fa-arrow-circle-right\"><\/i>\t\t\t\t\t\t<\/span>\n\t\t\t\t\t\t\t\t\t\t<span class=\"elementor-icon-list-text\">Gestion et protection des ressources hydriques<\/span>\n\t\t\t\t\t\t\t\t\t<\/li>\n\t\t\t\t\t\t\t\t<li class=\"elementor-icon-list-item\">\n\t\t\t\t\t\t\t\t\t\t\t<span class=\"elementor-icon-list-icon\">\n\t\t\t\t\t\t\t<i aria-hidden=\"true\" class=\"fas fa-arrow-circle-right\"><\/i>\t\t\t\t\t\t<\/span>\n\t\t\t\t\t\t\t\t\t\t<span class=\"elementor-icon-list-text\">Hydro\u00e9lectricit\u00e9 et impacts des centrales \u00e0 r\u00e9servoir et barrages au fil de l\u2019eau sur les milieux naturels et les communaut\u00e9s<\/span>\n\t\t\t\t\t\t\t\t\t<\/li>\n\t\t\t\t\t\t<\/ul>\n\t\t\t\t\t\t<\/div>\n\t\t\t\t<\/div>\n\t\t\t\t<\/div>\n\t\t\t\t<\/div>\n\t\t\t\t<div class=\"elementor-element elementor-element-30a6768 elementor-align-center elementor-widget elementor-widget-button\" data-id=\"30a6768\" data-element_type=\"widget\" data-e-type=\"widget\" data-widget_type=\"button.default\">\n\t\t\t\t<div class=\"elementor-widget-container\">\n\t\t\t\t\t\t\t\t\t<div class=\"elementor-button-wrapper\">\n\t\t\t\t\t<a class=\"elementor-button elementor-button-link elementor-size-sm\" href=\"https:\/\/fondationrivieres.org\/la-fondation\/travaillez-avec-nous\/\">\n\t\t\t\t\t\t<span class=\"elementor-button-content-wrapper\">\n\t\t\t\t\t\t<span class=\"elementor-button-icon\">\n\t\t\t\t<i aria-hidden=\"true\" class=\"fas fa-arrow-right\"><\/i>\t\t\t<\/span>\n\t\t\t\t\t\t\t\t\t<span class=\"elementor-button-text\">Pour rejoindre l'\u00e9quipe<\/span>\n\t\t\t\t\t<\/span>\n\t\t\t\t\t<\/a>\n\t\t\t\t<\/div>\n\t\t\t\t\t\t\t\t<\/div>\n\t\t\t\t<\/div>\n\t\t\t\t<\/div>\n\t\t\t\t\t<\/div>\n\t\t\t\t<\/div>\n\t\t<div class=\"elementor-element elementor-element-18282bb e-flex e-con-boxed e-con e-parent\" data-id=\"18282bb\" data-element_type=\"container\" data-e-type=\"container\" data-settings=\"{&quot;jet_parallax_layout_list&quot;:[]}\">\n\t\t\t\t\t<div class=\"e-con-inner\">\n\t\t<div class=\"elementor-element elementor-element-8543e3b e-con-full e-flex e-con e-child\" data-id=\"8543e3b\" data-element_type=\"container\" data-e-type=\"container\" data-settings=\"{&quot;jet_parallax_layout_list&quot;:[]}\">\n\t\t\t\t<div class=\"elementor-element elementor-element-8b64d62 elementor-widget elementor-widget-tlp-team\" data-id=\"8b64d62\" data-element_type=\"widget\" data-e-type=\"widget\" data-widget_type=\"tlp-team.default\">\n\t\t\t\t<div class=\"elementor-widget-container\">\n\t\t\t\t\t<div class='rt-container-fluid rt-team-container rt-pos-r rt-team-container-50880 rt-grayscale' id='rt-team-container-3691061748'  data-layout='layout2' data-desktop-col='1'  data-tab-col='2'  data-mobile-col='1' data-sc-id='50880' data-popup-bg=''><div data-title='Loading ...' class='rt-row rt-content-loader layout2 ttp-even ttp-pre-loader'><div class=\"rt-col-md-12 rt-col-sm-6 rt-col-xs-12  even-grid-item rt-grid-item round-img\" data-id=\"50765\"><div class=\"single-team-area\"><div class=\"img-area rt-col-sm-4 rt-col-xs-4 \"><figure><a class=\"\" data-id=\"50765\" target=\"_self\" href=\"https:\/\/fondationrivieres.org\/en\/team\/andre-belanger\/\"><img fetchpriority=\"high\" decoding=\"async\" width=\"800\" height=\"920\" src=\"https:\/\/fondationrivieres.org\/wp-content\/uploads\/2022\/11\/Andre\u0301-Be\u0301langer_2023-890x1024.jpeg\" class=\"img-responsive rt-team-img\" alt=\"Andr\u00e9 B\u00e9langer au Grand Splash 2023_Fondation Rivi\u00e8res\" \/><\/a><\/figure><\/div><div class=\"rttm-content-area rt-col-sm-8 rt-col-xs-8 \"><h3><span class=\"team-name\"><a class=\"\" data-id=\"50765\" target=\"_self\" title=\"Andr\u00e9 B\u00e9langer\" href=\"https:\/\/fondationrivieres.org\/en\/team\/andre-belanger\/\">Andr\u00e9 B\u00e9langer<\/a><\/span><\/h3><div class=\"tlp-position\"><a class=\"\" data-id=\"50765\" target=\"_self\" title=\"Andr\u00e9 B\u00e9langer\" href=\"https:\/\/fondationrivieres.org\/en\/team\/andre-belanger\/\">Directeur g\u00e9n\u00e9ral<\/a><\/div><div class=\"short-bio\"><p>Gestionnaire en journalisme, communications marketing et entrepreneur, Andr\u00e9 cumule plus de 25 ans d\u2019exp\u00e9rience dans des entreprises d\u2019envergure, des agences num\u00e9riques et des startups.<\/p>\n<p>Dans les derni\u00e8res ann\u00e9es, Andr\u00e9 s\u2019int\u00e9resse \u00e0 la transformation num\u00e9rique et \u00e0 l\u2019innovation au sein des organisations tout en maintenant son implication dans les organisations environnementales.<\/p>\n<p>Andr\u00e9 milite aussi au sein d\u2019organisations li\u00e9es \u00e0 l\u2019environnement et au transport collectif, et il appuie la Fondation Rivi\u00e8res depuis ses tous d\u00e9buts.<\/p>\n<\/div><div class=\"social-icons\"><a href=\"https:\/\/www.linkedin.com\/in\/andrebelanger\/\" title=\"linkedin\" target=\"_blank\" rel=\"noopener\"><i class=\"fab fa-linkedin\"><\/i><\/a><\/div><\/div><\/div><\/div><div class=\"rt-col-md-12 rt-col-sm-6 rt-col-xs-12  even-grid-item rt-grid-item round-img\" data-id=\"50766\"><div class=\"single-team-area\"><div class=\"img-area rt-col-sm-4 rt-col-xs-4 \"><figure><a class=\"\" data-id=\"50766\" target=\"_self\" href=\"https:\/\/fondationrivieres.org\/en\/team\/gabriel-cliche\/\"><img decoding=\"async\" width=\"800\" height=\"800\" src=\"https:\/\/fondationrivieres.org\/wp-content\/uploads\/2022\/11\/Poste-a\u0300-combler-1-1024x1024.png\" class=\"img-responsive rt-team-img\" alt=\"Gabriel Cliche\" \/><\/a><\/figure><\/div><div class=\"rttm-content-area rt-col-sm-8 rt-col-xs-8 \"><h3><span class=\"team-name\"><a class=\"\" data-id=\"50766\" target=\"_self\" title=\"Gabriel Cliche\" href=\"https:\/\/fondationrivieres.org\/en\/team\/gabriel-cliche\/\">Gabriel Cliche<\/a><\/span><\/h3><div class=\"tlp-position\"><a class=\"\" data-id=\"50766\" target=\"_self\" title=\"Gabriel Cliche\" href=\"https:\/\/fondationrivieres.org\/en\/team\/gabriel-cliche\/\">Expert en valorisation des connaissances et qualit\u00e9 de l&#039;eau<\/a><\/div><div class=\"short-bio\"><p>D\u00e9tenteur d\u2019un baccalaur\u00e9at en environnements naturels et am\u00e9nag\u00e9s de l\u2019Universit\u00e9 Laval ainsi que d\u2019un dipl\u00f4me d\u2019\u00e9tudes coll\u00e9giales en assainissement des eaux du C\u00e9gep de Saint-Laurent, Gabriel est \u00e0 l\u2019emploi de la Fondation Rivi\u00e8res depuis septembre 2017. Il se sp\u00e9cialise dans l\u2019obtention, l\u2019association et l\u2019interpr\u00e9tation de diverses sources de donn\u00e9es \u00e0 des fins de gestion et de protection des ressources hydriques. Ses connaissances portent sur la gestion des eaux us\u00e9es municipales et industrielles, ainsi que leurs impacts environnementaux.<\/p>\n<p>Au fil de ses ann\u00e9es de travail, Gabriel a d\u00e9velopp\u00e9 une solide exp\u00e9rience dans la recherche documentaire et la production de demandes d\u2019acc\u00e8s \u00e0 l\u2019information visant \u00e0 obtenir des donn\u00e9es pertinentes \u00e0 de nombreux dossiers port\u00e9s par la Fondation Rivi\u00e8res. Il a aussi d\u00e9velopp\u00e9 une ma\u00eetrise des outils d\u2019analyse et de visualisation Excel, PowerBI, PostgreSQL, et QGIS. Il est entre autres responsable du traitement de donn\u00e9es derri\u00e8re le Palmar\u00e8s des d\u00e9versements d\u2019eaux us\u00e9es du Qu\u00e9bec, du d\u00e9veloppement d\u2019AuditEAU et de la cr\u00e9ation d\u2019un rapport interactif sur la destruction des milieux humides et hydriques. <\/p>\n<\/div><div class=\"social-icons\"><a href=\"https:\/\/www.linkedin.com\/in\/gabriel-cliche-44471845\/\" title=\"linkedin\" target=\"_blank\" rel=\"noopener\"><i class=\"fab fa-linkedin\"><\/i><\/a><\/div><\/div><\/div><\/div><div class=\"rt-col-md-12 rt-col-sm-6 rt-col-xs-12  even-grid-item rt-grid-item round-img\" data-id=\"50769\"><div class=\"single-team-area\"><div class=\"img-area rt-col-sm-4 rt-col-xs-4 \"><figure><a class=\"\" data-id=\"50769\" target=\"_self\" href=\"https:\/\/fondationrivieres.org\/en\/team\/coralie-massey-cantin\/\"><img decoding=\"async\" width=\"331\" height=\"331\" src=\"https:\/\/fondationrivieres.org\/wp-content\/uploads\/2022\/05\/Coralie-Massey-Cantin.jpg\" class=\"img-responsive rt-team-img\" alt=\"Coralie Massey-Cantin - Fondation Rivi\u00e8res\" \/><\/a><\/figure><\/div><div class=\"rttm-content-area rt-col-sm-8 rt-col-xs-8 \"><h3><span class=\"team-name\"><a class=\"\" data-id=\"50769\" target=\"_self\" title=\"Coralie Massey-Cantin\" href=\"https:\/\/fondationrivieres.org\/en\/team\/coralie-massey-cantin\/\">Coralie Massey-Cantin<\/a><\/span><\/h3><div class=\"tlp-position\"><a class=\"\" data-id=\"50769\" target=\"_self\" title=\"Coralie Massey-Cantin\" href=\"https:\/\/fondationrivieres.org\/en\/team\/coralie-massey-cantin\/\">Responsable philanthropie et \u00e9v\u00e9nements<\/a><\/div><div class=\"short-bio\"><p>Apr\u00e8s s\u2019\u00eatre jointe \u00e0 l'\u00e9quipe en tant que stagiaire, Coralie occupe maintenant le poste de conseill\u00e8re en d\u00e9veloppement philanthropique au sein de la Fondation Rivi\u00e8res. D\u00e9tentrice d\u2019une ma\u00eetrise en gestion de l\u2019environnement, elle a eu la chance d\u2019acqu\u00e9rir plusieurs connaissances sur les milieux humides et hydriques (MHH). Venant d\u2019une famille amatrice d\u2019activit\u00e9s nautiques, elle se joint \u00e0 Fondation Rivi\u00e8res pour favoriser l\u2019acc\u00e8s \u00e0 l\u2019eau de qualit\u00e9 pour tous.<\/p>\n<\/div><div class=\"social-icons\"><a href=\"https:\/\/www.linkedin.com\/in\/coralie-massey-cantin-24453b192\/\" title=\"linkedin\" target=\"_blank\" rel=\"noopener\"><i class=\"fab fa-linkedin\"><\/i><\/a><\/div><\/div><\/div><\/div><div class=\"rt-col-md-12 rt-col-sm-6 rt-col-xs-12  even-grid-item rt-grid-item round-img\" data-id=\"60981\"><div class=\"single-team-area\"><div class=\"img-area rt-col-sm-4 rt-col-xs-4 \"><figure><a class=\"\" data-id=\"60981\" target=\"_self\" href=\"https:\/\/fondationrivieres.org\/en\/team\/normand-beaudet\/\"><img loading=\"lazy\" decoding=\"async\" width=\"800\" height=\"749\" src=\"https:\/\/fondationrivieres.org\/wp-content\/uploads\/2023\/09\/Normand-Beaudet-1024x959.jpeg\" class=\"img-responsive rt-team-img\" alt=\"Normand Beaudet, Responsable, strat\u00e9gies de mobilisation, \u00e9nergie et climat \u00e0 la Fondation Rivi\u00e8res\" \/><\/a><\/figure><\/div><div class=\"rttm-content-area rt-col-sm-8 rt-col-xs-8 \"><h3><span class=\"team-name\"><a class=\"\" data-id=\"60981\" target=\"_self\" title=\"Normand Beaudet\" href=\"https:\/\/fondationrivieres.org\/en\/team\/normand-beaudet\/\">Normand Beaudet<\/a><\/span><\/h3><div class=\"tlp-position\"><a class=\"\" data-id=\"60981\" target=\"_self\" title=\"Normand Beaudet\" href=\"https:\/\/fondationrivieres.org\/en\/team\/normand-beaudet\/\">Responsable th\u00e9matique - \u00c9nergie et strat\u00e9gies de mobilisation<\/a><\/div><div class=\"short-bio\"><p>Normand Beaudet a \u00e9tudi\u00e9 \u00e0 l\u2019Universit\u00e9 McGill en gestion des ressources naturelles renouvelables et sciences de l\u2019environnement, et a cofond\u00e9 le Centre de ressources sur la non-violence, dont il est toujours membre du conseil d'administration. <\/p>\n<p>Normand s'est sp\u00e9cialis\u00e9 dans les questions de s\u00e9curit\u00e9 et les strat\u00e9gies de mobilisation et de luttes citoyennes. Impliqu\u00e9 dans la lutte contre les \u00e9nergies fossiles, il a \u0153uvr\u00e9 \u00e0 emp\u00eacher l'inversion de la ligne 9B d\u2019Enbridge avec Action environnement Basses-Laurentides, \u00e0 enrayer les projets de m\u00e9ga pipeline \u00c9nergie-Est et GNL Qu\u00e9bec en plus d\u2019avoir contribu\u00e9 \u00e0 la campagne D\u00e9claration d'urgence climatique. R\u00e9cemment, Normand a travaill\u00e9 en faveur d'une politique de s\u00e9curisation de l'approvisionnement \u00e9nerg\u00e9tique. Il si\u00e8ge aujourd\u2019hui sur le conseil d'administration du Regroupement vigilance \u00e9nergie Qu\u00e9bec.<\/p>\n<p>En mati\u00e8re de conservation environnementale, Normand a contribu\u00e9 \u00e0 informer et sensibiliser le public \u00e0 la valeur de la derni\u00e8re zone foresti\u00e8re de la Plaine du Saint-Laurent entre Montr\u00e9al et Qu\u00e9bec \u00e0 proximit\u00e9 du fleuve (For\u00eat de la Seigneurie de Lotbini\u00e8re) ainsi que la Seigneurie et sa rivi\u00e8re du Ch\u00eane, menac\u00e9e successivement par les gazi\u00e8res et les foresti\u00e8res. <\/p>\n<\/div><div class=\"social-icons\"><a href=\"https:\/\/www.linkedin.com\/in\/normand-beaudet-054113110\/\" title=\"linkedin\" target=\"_blank\" rel=\"noopener\"><i class=\"fab fa-linkedin\"><\/i><\/a><\/div><\/div><\/div><\/div><div class=\"rt-col-md-12 rt-col-sm-6 rt-col-xs-12  even-grid-item rt-grid-item round-img\" data-id=\"65200\"><div class=\"single-team-area\"><div class=\"img-area rt-col-sm-4 rt-col-xs-4 \"><figure><a class=\"\" data-id=\"65200\" target=\"_self\" href=\"https:\/\/fondationrivieres.org\/en\/team\/benoit-girouard\/\"><img loading=\"lazy\" decoding=\"async\" width=\"800\" height=\"800\" src=\"https:\/\/fondationrivieres.org\/wp-content\/uploads\/2024\/02\/Instagram-carre_Fetes-2023-1024x1024.png\" class=\"img-responsive rt-team-img\" alt=\"Benoit Girouard\" \/><\/a><\/figure><\/div><div class=\"rttm-content-area rt-col-sm-8 rt-col-xs-8 \"><h3><span class=\"team-name\"><a class=\"\" data-id=\"65200\" target=\"_self\" title=\"Beno\u00eet Girouard\" href=\"https:\/\/fondationrivieres.org\/en\/team\/benoit-girouard\/\">Beno\u00eet Girouard<\/a><\/span><\/h3><div class=\"tlp-position\"><a class=\"\" data-id=\"65200\" target=\"_self\" title=\"Beno\u00eet Girouard\" href=\"https:\/\/fondationrivieres.org\/en\/team\/benoit-girouard\/\">Responsable du d\u00e9veloppement et des partenariats<\/a><\/div><div class=\"short-bio\"><p>Impliqu\u00e9 pendant plus d\u2019une d\u00e9cennie \u00e0 l\u2019Union paysanne, notamment \u00e0 titre de pr\u00e9sident, Beno\u00eet milite pour une r\u00e9forme agraire plus respectueuse de l\u2019environnement et des cours d\u2019eau au Qu\u00e9bec. Reconnu pour sa vision et son leadership, il a su se d\u00e9velopper une solide cr\u00e9dibilit\u00e9 tant aupr\u00e8s du grand public que du monde politique gr\u00e2ce \u00e0 sa compr\u00e9hension des enjeux d\u2019agro\u00e9cologie, d\u2019occupation du territoire, de multifonctionnalit\u00e9 de l\u2019agriculture et des biens et services environnementaux. <\/p>\n<p>Grand amateur de nature \u00e9tabli dans les Laurentides, Beno\u00eet a organis\u00e9 plusieurs nettoyages des berges. Il met aujourd\u2019hui \u00e0 profit son exp\u00e9rience au b\u00e9n\u00e9fice des rivi\u00e8res, qui ont toujours \u00e9t\u00e9 au c\u0153ur de sa r\u00e9flexion. <\/p>\n<\/div><div class=\"social-icons\"><a href=\"https:\/\/www.linkedin.com\/in\/benoit-girouard-301030207\/\" title=\"linkedin\" target=\"_blank\" rel=\"noopener\"><i class=\"fab fa-linkedin\"><\/i><\/a><\/div><\/div><\/div><\/div><div class=\"rt-col-md-12 rt-col-sm-6 rt-col-xs-12  even-grid-item rt-grid-item round-img\" data-id=\"71653\"><div class=\"single-team-area\"><div class=\"img-area rt-col-sm-4 rt-col-xs-4 \"><figure><a class=\"\" data-id=\"71653\" target=\"_self\" href=\"https:\/\/fondationrivieres.org\/en\/team\/alexandre-ostiguy\/\"><img loading=\"lazy\" decoding=\"async\" width=\"800\" height=\"800\" src=\"https:\/\/fondationrivieres.org\/wp-content\/uploads\/2025\/02\/Sans-titre-300-x-300-px.png\" class=\"img-responsive rt-team-img\" alt=\"Photo Alexandre Ostiguy\" \/><\/a><\/figure><\/div><div class=\"rttm-content-area rt-col-sm-8 rt-col-xs-8 \"><h3><span class=\"team-name\"><a class=\"\" data-id=\"71653\" target=\"_self\" title=\"Alexandre Ostiguy\" href=\"https:\/\/fondationrivieres.org\/en\/team\/alexandre-ostiguy\/\">Alexandre Ostiguy<\/a><\/span><\/h3><div class=\"tlp-position\"><a class=\"\" data-id=\"71653\" target=\"_self\" title=\"Alexandre Ostiguy\" href=\"https:\/\/fondationrivieres.org\/en\/team\/alexandre-ostiguy\/\">Charg\u00e9 de projet, micror\u00e9seaux intelligents<\/a><\/div><div class=\"short-bio\"><p>D\u00e9tenteur d'une ma\u00eetrise en science politique, Alexandre a accumul\u00e9 une exp\u00e9rience en mati\u00e8re de gestion et d'acc\u00e8s publics au territoire et au sujet des politiques \u00e9nerg\u00e9tiques en harmonie avec la nature. Ancien stagiaire de la Fondation Rivi\u00e8res pour le dossier sur l'acc\u00e8s aux berges, il met aujourd'hui son exp\u00e9rience professionnelle et sa connaissance des enjeux territoriaux au service du projet d'innovation r\u00e9glementaire de la Fondation Rivi\u00e8res sur le potentiel des micror\u00e9seaux intelligents comme outils favorisant une transition \u00e9nerg\u00e9tique et \u00e9cologique au Qu\u00e9bec. Sa passion pour les rivi\u00e8res sur lesquelles il guide des groupes de jeunes chaque \u00e9t\u00e9 font de lui un atout pour bien comprendre les r\u00e9percussion d'une transition mal ex\u00e9cut\u00e9e.<\/p>\n<\/div><div class=\"social-icons\"><a href=\"https:\/\/www.linkedin.com\/in\/alexandre-ostiguy-752261206\/\" title=\"linkedin\" target=\"_blank\" rel=\"noopener\"><i class=\"fab fa-linkedin\"><\/i><\/a><\/div><\/div><\/div><\/div><div class=\"rt-col-md-12 rt-col-sm-6 rt-col-xs-12  even-grid-item rt-grid-item round-img\" data-id=\"72539\"><div class=\"single-team-area\"><div class=\"img-area rt-col-sm-4 rt-col-xs-4 \"><figure><a class=\"\" data-id=\"72539\" target=\"_self\" href=\"https:\/\/fondationrivieres.org\/en\/team\/etienne-page\/\"><img loading=\"lazy\" decoding=\"async\" width=\"800\" height=\"800\" src=\"https:\/\/fondationrivieres.org\/wp-content\/uploads\/2025\/04\/Instagram-carre_Fetes-2023-1024x1024.png\" class=\"img-responsive rt-team-img\" alt=\"\u00c9tienne Pag\u00e9\" \/><\/a><\/figure><\/div><div class=\"rttm-content-area rt-col-sm-8 rt-col-xs-8 \"><h3><span class=\"team-name\"><a class=\"\" data-id=\"72539\" target=\"_self\" title=\"\u00c9tienne Pag\u00e9\" href=\"https:\/\/fondationrivieres.org\/en\/team\/etienne-page\/\">\u00c9tienne Pag\u00e9<\/a><\/span><\/h3><div class=\"tlp-position\"><a class=\"\" data-id=\"72539\" target=\"_self\" title=\"\u00c9tienne Pag\u00e9\" href=\"https:\/\/fondationrivieres.org\/en\/team\/etienne-page\/\">Responsable des op\u00e9rations<\/a><\/div><div class=\"short-bio\"><p>\u00c9tienne a effectu\u00e9 l'ensemble de son parcours professionnel en intervention sociale et communautaire. Ayant \u0153uvr\u00e9 dans le domaine de la pers\u00e9v\u00e9rance scolaire et ayant \u00e0 c\u0153ur la justice sociale et environnementale, il croit fermement au r\u00f4le essentiel des organisations communautaires. \u00c9tienne a particip\u00e9 \u00e0 l'\u00e9mergence de nombreux projets pilotes en pr\u00e9vention du d\u00e9crochage scolaire et en accompagnements de jeunes \u00e0 risque pour en faire des programmes \u00e9tablis, \u00e9valu\u00e9s et reconnus.<\/p>\n<p>\u00c9tienne met \u00e0 profit son exp\u00e9rience de gestionnaire d'\u00e9quipes \u00e9largies, en gestion organisationnelle et de d\u00e9veloppement de partenariats au b\u00e9n\u00e9fice de la Fondation Rivi\u00e8res qui amorce une \u00e8re de croissance et de nouveaux projets. Il occupe le poste de responsable aux op\u00e9rations.<\/p>\n<\/div><\/div><\/div><\/div><div class=\"rt-col-md-12 rt-col-sm-6 rt-col-xs-12  even-grid-item rt-grid-item round-img\" data-id=\"74320\"><div class=\"single-team-area\"><div class=\"img-area rt-col-sm-4 rt-col-xs-4 \"><figure><a class=\"\" data-id=\"74320\" target=\"_self\" href=\"https:\/\/fondationrivieres.org\/en\/team\/elia-auer\/\"><img loading=\"lazy\" decoding=\"async\" width=\"800\" height=\"800\" src=\"https:\/\/fondationrivieres.org\/wp-content\/uploads\/2025\/08\/Facebook-et-IG-1-2-3-1024x1024.png\" class=\"img-responsive rt-team-img\" alt=\"\u00c9lia Auer\" \/><\/a><\/figure><\/div><div class=\"rttm-content-area rt-col-sm-8 rt-col-xs-8 \"><h3><span class=\"team-name\"><a class=\"\" data-id=\"74320\" target=\"_self\" title=\"\u00c9lia Auer\" href=\"https:\/\/fondationrivieres.org\/en\/team\/elia-auer\/\">\u00c9lia Auer<\/a><\/span><\/h3><div class=\"tlp-position\"><a class=\"\" data-id=\"74320\" target=\"_self\" title=\"\u00c9lia Auer\" href=\"https:\/\/fondationrivieres.org\/en\/team\/elia-auer\/\">Responsable de projet - Solutions Rivi\u00e8res<\/a><\/div><div class=\"short-bio\"><p>D\u00e9tentrice d\u2019une ma\u00eetrise en sciences de l\u2019environnement, \u00c9lia a cumul\u00e9 diverses exp\u00e9riences en lien avec la protection et la restauration des milieux aquatiques et humides. Au cours de ses diverses exp\u00e9riences, elle a d\u00e9velopp\u00e9 un ensemble de comp\u00e9tences li\u00e9es \u00e0 la mobilisation, \u00e0 la recherche et au transfert de connaissances. \u00c9lia rejoint notre \u00e9quipe pour r\u00e9fl\u00e9chir \u00e0 des solutions d\u2019adaptation aux changements climatiques en contextes riverains, ainsi que pour promouvoir leur protection et faciliter leur acc\u00e8s.<\/p>\n<\/div><\/div><\/div><\/div><div class=\"rt-col-md-12 rt-col-sm-6 rt-col-xs-12  even-grid-item rt-grid-item round-img\" data-id=\"74574\"><div class=\"single-team-area\"><div class=\"img-area rt-col-sm-4 rt-col-xs-4 \"><figure><a class=\"\" data-id=\"74574\" target=\"_self\" href=\"https:\/\/fondationrivieres.org\/en\/team\/philippe-gauthier\/\"><img loading=\"lazy\" decoding=\"async\" width=\"800\" height=\"800\" src=\"https:\/\/fondationrivieres.org\/wp-content\/uploads\/2025\/11\/Poste-a\u0300-combler-5-1024x1024.png\" class=\"img-responsive rt-team-img\" alt=\"Philippe Gauthier\" \/><\/a><\/figure><\/div><div class=\"rttm-content-area rt-col-sm-8 rt-col-xs-8 \"><h3><span class=\"team-name\"><a class=\"\" data-id=\"74574\" target=\"_self\" title=\"Philippe Gauthier\" href=\"https:\/\/fondationrivieres.org\/en\/team\/philippe-gauthier\/\">Philippe Gauthier<\/a><\/span><\/h3><div class=\"tlp-position\"><a class=\"\" data-id=\"74574\" target=\"_self\" title=\"Philippe Gauthier\" href=\"https:\/\/fondationrivieres.org\/en\/team\/philippe-gauthier\/\">Expert micror\u00e9seau - documentation et contenu<\/a><\/div><div class=\"short-bio\"><p>D\u00e9tenteur d\u2019un baccalaur\u00e9at en science politique \u00e0 l\u2019Universit\u00e9 McGill et d\u2019une ma\u00eetrise en science politique de l\u2019Universit\u00e9 de Montr\u00e9al. Il est r\u00e9cemment retourn\u00e9 sur les bancs d\u2019\u00e9cole pour faire la ma\u00eetrise en management \u00e0 HEC Montr\u00e9al. Il a derri\u00e8re lui une longue carri\u00e8re de journaliste, de r\u00e9dacteur scientifique, de blogueur et de chroniqueur radio, en plus d\u2019avoir compl\u00e9t\u00e9 une grande vari\u00e9t\u00e9 de mandats de recherche pour divers organismes. On lui doit aussi une \u00e9tude prospective d\u00e9taill\u00e9e sur l\u2019avenir du Qu\u00e9bec en 2040.<br \/>\nIl s\u2019int\u00e9resse aux enjeux \u00e9nerg\u00e9tiques depuis une quinzaine d\u2019ann\u00e9es et a notamment particip\u00e9 \u00e0 l\u2019ouvrage collectif Sortir le Qu\u00e9bec du p\u00e9trole en 2015. Il a donn\u00e9 pendant quelques ann\u00e9es un cours sur l\u2019\u00e9nergie dans une universit\u00e9 fran\u00e7aise. En plus de son savoir sur le secteur p\u00e9trolier, il a acquis une connaissance fine des enjeux li\u00e9s \u00e0 l\u2019architecture des r\u00e9seaux \u00e9lectriques. Il m\u00e8ne une veille technologique pouss\u00e9e sur les pratiques \u00e9mergentes de la transition \u00e9nerg\u00e9tique. Il entretient un vaste r\u00e9seau de contacts avec des chercheurs et des penseurs un peu partout dans le monde.<\/p>\n<\/div><\/div><\/div><\/div><div class=\"rt-col-md-12 rt-col-sm-6 rt-col-xs-12  even-grid-item rt-grid-item round-img\" data-id=\"75416\"><div class=\"single-team-area\"><div class=\"img-area rt-col-sm-4 rt-col-xs-4 \"><figure><a class=\"\" data-id=\"75416\" target=\"_self\" href=\"https:\/\/fondationrivieres.org\/en\/team\/david-beauchamp\/\"><img loading=\"lazy\" decoding=\"async\" width=\"800\" height=\"804\" src=\"https:\/\/fondationrivieres.org\/wp-content\/uploads\/2026\/01\/Photo-David-Beauchamp-NB-1019x1024.jpg\" class=\"img-responsive rt-team-img\" alt=\"David Beauchamp\" \/><\/a><\/figure><\/div><div class=\"rttm-content-area rt-col-sm-8 rt-col-xs-8 \"><h3><span class=\"team-name\"><a class=\"\" data-id=\"75416\" target=\"_self\" title=\"David Beauchamp\" href=\"https:\/\/fondationrivieres.org\/en\/team\/david-beauchamp\/\">David Beauchamp<\/a><\/span><\/h3><div class=\"tlp-position\"><a class=\"\" data-id=\"75416\" target=\"_self\" title=\"David Beauchamp\" href=\"https:\/\/fondationrivieres.org\/en\/team\/david-beauchamp\/\">Responsable des communications<\/a><\/div><div class=\"short-bio\"><p>David Beauchamp a amorc\u00e9 sa carri\u00e8re comme journaliste \u00e0 Terre-Neuve, avant de poursuivre son parcours \u00e0 Montr\u00e9al au sein de salles de r\u00e9daction et de m\u00e9dias aux lignes \u00e9ditoriales vari\u00e9es. Ces exp\u00e9riences lui ont permis de d\u00e9velopper une solide capacit\u00e9 de vulgarisation, une rigueur dans le traitement de l\u2019information et une fine compr\u00e9hension des dynamiques sociales et politiques qui fa\u00e7onnent l\u2019espace public. <\/p>\n<p>Apr\u00e8s le journalisme, il choisit de mettre sa plume au service de causes qui lui tiennent \u00e0 c\u0153ur. Comme responsable des communications, il accompagne des organisations engag\u00e9es dans les enjeux d\u2019am\u00e9nagement du territoire et d\u2019environnement. Son travail vise notamment \u00e0 rendre accessibles des enjeux complexes et \u00e0 faire \u00e9merger dans le d\u00e9bat public des questions souvent sous-repr\u00e9sent\u00e9es, dont la protection des rivi\u00e8res et des milieux de vie.<\/p>\n<p>Titulaire d\u2019un baccalaur\u00e9at et d\u2019une ma\u00eetrise en histoire de l\u2019Universit\u00e9 de Montr\u00e9al, il mobilise une solide formation en recherche et en analyse pour soutenir des communications nuanc\u00e9es, accessibles et utiles \u00e0 la r\u00e9flexion collective.<\/p>\n<\/div><div class=\"social-icons\"><a href=\"https:\/\/www.linkedin.com\/in\/david-beauchamp-32b930163\/\" title=\"linkedin\" target=\"_blank\" rel=\"noopener\"><i class=\"fab fa-linkedin\"><\/i><\/a><\/div><\/div><\/div><\/div><div class=\"rt-loading-overlay\"><\/div><div class=\"rt-loading rt-ball-clip-rotate\"><div><\/div><\/div><\/div><\/div>\t\t\t\t<\/div>\n\t\t\t\t<\/div>\n\t\t\t\t<\/div>\n\t\t\t\t\t<\/div>\n\t\t\t\t<\/div>\n\t\t<div class=\"elementor-element elementor-element-5934ef3 e-flex e-con-boxed e-con e-parent\" data-id=\"5934ef3\" data-element_type=\"container\" data-e-type=\"container\" data-settings=\"{&quot;jet_parallax_layout_list&quot;:[{&quot;_id&quot;:&quot;521674d&quot;,&quot;jet_parallax_layout_image&quot;:{&quot;url&quot;:&quot;&quot;,&quot;id&quot;:&quot;&quot;,&quot;size&quot;:&quot;&quot;},&quot;jet_parallax_layout_image_tablet&quot;:{&quot;url&quot;:&quot;&quot;,&quot;id&quot;:&quot;&quot;,&quot;size&quot;:&quot;&quot;},&quot;jet_parallax_layout_image_mobile&quot;:{&quot;url&quot;:&quot;&quot;,&quot;id&quot;:&quot;&quot;,&quot;size&quot;:&quot;&quot;},&quot;jet_parallax_layout_speed&quot;:{&quot;unit&quot;:&quot;%&quot;,&quot;size&quot;:50,&quot;sizes&quot;:[]},&quot;jet_parallax_layout_type&quot;:&quot;scroll&quot;,&quot;jet_parallax_layout_direction&quot;:&quot;1&quot;,&quot;jet_parallax_layout_fx_direction&quot;:null,&quot;jet_parallax_layout_z_index&quot;:&quot;&quot;,&quot;jet_parallax_layout_bg_x&quot;:50,&quot;jet_parallax_layout_bg_x_tablet&quot;:&quot;&quot;,&quot;jet_parallax_layout_bg_x_mobile&quot;:&quot;&quot;,&quot;jet_parallax_layout_bg_y&quot;:50,&quot;jet_parallax_layout_bg_y_tablet&quot;:&quot;&quot;,&quot;jet_parallax_layout_bg_y_mobile&quot;:&quot;&quot;,&quot;jet_parallax_layout_bg_size&quot;:&quot;auto&quot;,&quot;jet_parallax_layout_bg_size_tablet&quot;:&quot;&quot;,&quot;jet_parallax_layout_bg_size_mobile&quot;:&quot;&quot;,&quot;jet_parallax_layout_animation_prop&quot;:&quot;transform&quot;,&quot;jet_parallax_layout_on&quot;:[&quot;desktop&quot;,&quot;tablet&quot;]}],&quot;background_background&quot;:&quot;classic&quot;}\">\n\t\t\t\t\t<div class=\"e-con-inner\">\n\t\t<div class=\"elementor-element elementor-element-74651d5 e-con-full e-flex e-con e-child\" data-id=\"74651d5\" data-element_type=\"container\" data-e-type=\"container\" data-settings=\"{&quot;jet_parallax_layout_list&quot;:[]}\">\n\t\t\t\t<div class=\"elementor-element elementor-element-1500ef7 elementor-widget elementor-widget-image\" data-id=\"1500ef7\" data-element_type=\"widget\" data-e-type=\"widget\" data-widget_type=\"image.default\">\n\t\t\t\t<div class=\"elementor-widget-container\">\n\t\t\t\t\t\t\t\t\t\t\t\t\t\t\t\t<a href=\"https:\/\/fondationrivieres.org\/nos-actions\/adoptez-une-riviere\/\">\n\t\t\t\t\t\t\t<img loading=\"lazy\" decoding=\"async\" width=\"600\" height=\"305\" src=\"https:\/\/fondationrivieres.org\/wp-content\/uploads\/2022\/10\/AUR_Logo2022_Blanc.png\" class=\"attachment-large size-large wp-image-49785\" alt=\"Adoptez une rivi\u00e8re - Logo - Lumea 2022\" srcset=\"https:\/\/fondationrivieres.org\/wp-content\/uploads\/2022\/10\/AUR_Logo2022_Blanc.png 600w, https:\/\/fondationrivieres.org\/wp-content\/uploads\/2022\/10\/AUR_Logo2022_Blanc-300x153.png 300w, https:\/\/fondationrivieres.org\/wp-content\/uploads\/2022\/10\/elementor\/thumbs\/AUR_Logo2022_Blanc-q6dbpucvdin4vrjfpxruuq75h0llh47r900nm8m0hs.png 252w\" sizes=\"(max-width: 600px) 100vw, 600px\" \/>\t\t\t\t\t\t\t\t<\/a>\n\t\t\t\t\t\t\t\t\t\t\t\t\t\t\t<\/div>\n\t\t\t\t<\/div>\n\t\t\t\t<div class=\"elementor-element elementor-element-cc85b55 elementor-widget elementor-widget-text-editor\" data-id=\"cc85b55\" data-element_type=\"widget\" data-e-type=\"widget\" data-widget_type=\"text-editor.default\">\n\t\t\t\t<div class=\"elementor-widget-container\">\n\t\t\t\t\t\t\t\t\t<p style=\"text-align: center;\">D\u00e9couvrez les rivi\u00e8res pour lesquelles la Fondation Rivi\u00e8res agit positivement. Contribuez \u00e0 nos actions en adoptant celle de votre choix.\u00a0<\/p>\t\t\t\t\t\t\t\t<\/div>\n\t\t\t\t<\/div>\n\t\t\t\t<div class=\"elementor-element elementor-element-0c98ffb elementor-align-center elementor-widget elementor-widget-global elementor-global-64727 elementor-widget-button\" data-id=\"0c98ffb\" data-element_type=\"widget\" data-e-type=\"widget\" data-widget_type=\"button.default\">\n\t\t\t\t<div class=\"elementor-widget-container\">\n\t\t\t\t\t\t\t\t\t<div class=\"elementor-button-wrapper\">\n\t\t\t\t\t<a class=\"elementor-button elementor-button-link elementor-size-md\" href=\"#faitesundon\">\n\t\t\t\t\t\t<span class=\"elementor-button-content-wrapper\">\n\t\t\t\t\t\t<span class=\"elementor-button-icon\">\n\t\t\t\t<i aria-hidden=\"true\" class=\"fas fa-arrow-right\"><\/i>\t\t\t<\/span>\n\t\t\t\t\t\t\t\t\t<span class=\"elementor-button-text\">Adoptez une rivi\u00e8re<\/span>\n\t\t\t\t\t<\/span>\n\t\t\t\t\t<\/a>\n\t\t\t\t<\/div>\n\t\t\t\t\t\t\t\t<\/div>\n\t\t\t\t<\/div>\n\t\t\t\t<\/div>\n\t\t<div class=\"elementor-element elementor-element-31c6086 e-con-full e-flex e-con e-child\" data-id=\"31c6086\" data-element_type=\"container\" data-e-type=\"container\" data-settings=\"{&quot;jet_parallax_layout_list&quot;:[]}\">\n\t\t\t\t<div class=\"elementor-element elementor-element-cb09cf6 elementor-cta--layout-image-left elementor-widget__width-initial elementor-cta--skin-classic elementor-animated-content elementor-widget elementor-widget-global elementor-global-65217 elementor-widget-call-to-action\" data-id=\"cb09cf6\" data-element_type=\"widget\" data-e-type=\"widget\" data-widget_type=\"call-to-action.default\">\n\t\t\t\t<div class=\"elementor-widget-container\">\n\t\t\t\t\t\t\t<a class=\"elementor-cta\" href=\"https:\/\/give-can.keela.co\/don-fondation-rivieres-cta\" target=\"_blank\" rel=\"noopener\">\n\t\t\t\t\t\t\t<div class=\"elementor-cta__content\">\n\t\t\t\t\t\t\t\t\t<div class=\"elementor-content-item elementor-cta__content-item elementor-icon-wrapper elementor-cta__icon elementor-view-default\">\n\t\t\t\t\t\t<div class=\"elementor-icon\">\n\t\t\t\t\t\t\t<i aria-hidden=\"true\" class=\"fas fa-hand-holding-heart\"><\/i>\t\t\t\t\t\t<\/div>\n\t\t\t\t\t<\/div>\n\t\t\t\t\n\t\t\t\t\t\t\t\t\t<span class=\"elementor-cta__title elementor-cta__content-item elementor-content-item\">\n\t\t\t\t\t\tContribuez \u00e0 la protection des rivi\u00e8res du Qu\u00e9bec\t\t\t\t\t<\/span>\n\t\t\t\t\n\t\t\t\t\n\t\t\t\t\t\t\t\t\t<div class=\"elementor-cta__button-wrapper elementor-cta__content-item elementor-content-item \">\n\t\t\t\t\t<span class=\"elementor-cta__button elementor-button elementor-size-\">\n\t\t\t\t\t\tFaites un don\t\t\t\t\t<\/span>\n\t\t\t\t\t<\/div>\n\t\t\t\t\t\t\t<\/div>\n\t\t\t\t\t\t<\/a>\n\t\t\t\t\t\t<\/div>\n\t\t\t\t<\/div>\n\t\t\t\t<\/div>\n\t\t\t\t\t<\/div>\n\t\t\t\t<\/div>\n\t\t\t\t<\/div>\n\t\t","protected":false},"excerpt":{"rendered":"<p>View the profiles of our team members. Fondation Rivi\u00e8res has employees from diverse backgrounds. <\/p>","protected":false},"author":2,"featured_media":56168,"parent":203,"menu_order":0,"comment_status":"closed","ping_status":"closed","template":"","meta":{"footnotes":""},"class_list":["post-45348","page","type-page","status-publish","has-post-thumbnail","hentry"],"_links":{"self":[{"href":"https:\/\/fondationrivieres.org\/en\/wp-json\/wp\/v2\/pages\/45348","targetHints":{"allow":["GET"]}}],"collection":[{"href":"https:\/\/fondationrivieres.org\/en\/wp-json\/wp\/v2\/pages"}],"about":[{"href":"https:\/\/fondationrivieres.org\/en\/wp-json\/wp\/v2\/types\/page"}],"author":[{"embeddable":true,"href":"https:\/\/fondationrivieres.org\/en\/wp-json\/wp\/v2\/users\/2"}],"replies":[{"embeddable":true,"href":"https:\/\/fondationrivieres.org\/en\/wp-json\/wp\/v2\/comments?post=45348"}],"version-history":[{"count":31,"href":"https:\/\/fondationrivieres.org\/en\/wp-json\/wp\/v2\/pages\/45348\/revisions"}],"predecessor-version":[{"id":75422,"href":"https:\/\/fondationrivieres.org\/en\/wp-json\/wp\/v2\/pages\/45348\/revisions\/75422"}],"up":[{"embeddable":true,"href":"https:\/\/fondationrivieres.org\/en\/wp-json\/wp\/v2\/pages\/203"}],"wp:featuredmedia":[{"embeddable":true,"href":"https:\/\/fondationrivieres.org\/en\/wp-json\/wp\/v2\/media\/56168"}],"wp:attachment":[{"href":"https:\/\/fondationrivieres.org\/en\/wp-json\/wp\/v2\/media?parent=45348"}],"curies":[{"name":"wp","href":"https:\/\/api.w.org\/{rel}","templated":true}]}}