{"id":45318,"date":"2022-09-23T11:26:19","date_gmt":"2022-09-23T15:26:19","guid":{"rendered":"https:\/\/sandbox.cdgdeveloppeur.com\/web\/fondationrivieres_dev\/?page_id=45318"},"modified":"2025-11-30T00:04:50","modified_gmt":"2025-11-30T05:04:50","slug":"nos-mandats","status":"publish","type":"page","link":"https:\/\/fondationrivieres.org\/en\/notre-expertise\/nos-mandats\/","title":{"rendered":"Nos mandats qualit\u00e9 de l&rsquo;eau"},"content":{"rendered":"\t\t<div data-elementor-type=\"wp-page\" data-elementor-id=\"45318\" class=\"elementor elementor-45318\" data-elementor-post-type=\"page\">\n\t\t\t\t<section class=\"elementor-element elementor-element-1cc7041 e-flex e-con-boxed e-con e-parent\" data-id=\"1cc7041\" data-element_type=\"container\" data-e-type=\"container\" data-settings=\"{&quot;background_background&quot;:&quot;classic&quot;,&quot;jet_parallax_layout_list&quot;:[{&quot;_id&quot;:&quot;5aba9f&quot;,&quot;jet_parallax_layout_speed&quot;:{&quot;unit&quot;:&quot;%&quot;,&quot;size&quot;:52,&quot;sizes&quot;:[]},&quot;jet_parallax_layout_bg_y&quot;:29,&quot;jet_parallax_layout_image&quot;:{&quot;url&quot;:&quot;&quot;,&quot;id&quot;:&quot;&quot;,&quot;size&quot;:&quot;&quot;},&quot;jet_parallax_layout_image_tablet&quot;:{&quot;url&quot;:&quot;&quot;,&quot;id&quot;:&quot;&quot;,&quot;size&quot;:&quot;&quot;},&quot;jet_parallax_layout_image_mobile&quot;:{&quot;url&quot;:&quot;&quot;,&quot;id&quot;:&quot;&quot;,&quot;size&quot;:&quot;&quot;},&quot;jet_parallax_layout_type&quot;:&quot;scroll&quot;,&quot;jet_parallax_layout_direction&quot;:&quot;1&quot;,&quot;jet_parallax_layout_fx_direction&quot;:null,&quot;jet_parallax_layout_z_index&quot;:&quot;&quot;,&quot;jet_parallax_layout_bg_x&quot;:50,&quot;jet_parallax_layout_bg_x_tablet&quot;:&quot;&quot;,&quot;jet_parallax_layout_bg_x_mobile&quot;:&quot;&quot;,&quot;jet_parallax_layout_bg_y_tablet&quot;:&quot;&quot;,&quot;jet_parallax_layout_bg_y_mobile&quot;:&quot;&quot;,&quot;jet_parallax_layout_bg_size&quot;:&quot;auto&quot;,&quot;jet_parallax_layout_bg_size_tablet&quot;:&quot;&quot;,&quot;jet_parallax_layout_bg_size_mobile&quot;:&quot;&quot;,&quot;jet_parallax_layout_animation_prop&quot;:&quot;transform&quot;,&quot;jet_parallax_layout_on&quot;:[&quot;desktop&quot;,&quot;tablet&quot;]}]}\">\n\t\t\t\t\t<div class=\"e-con-inner\">\n\t\t<div class=\"elementor-element elementor-element-0d095c5 e-con-full elementor-hidden-tablet elementor-hidden-mobile e-flex e-con e-child\" data-id=\"0d095c5\" data-element_type=\"container\" data-e-type=\"container\" data-settings=\"{&quot;background_background&quot;:&quot;classic&quot;,&quot;jet_parallax_layout_list&quot;:[]}\">\n\t\t\t\t<div class=\"elementor-element elementor-element-1edeb0e elementor-widget elementor-widget-jet-breadcrumbs\" data-id=\"1edeb0e\" data-element_type=\"widget\" data-e-type=\"widget\" data-widget_type=\"jet-breadcrumbs.default\">\n\t\t\t\t<div class=\"elementor-widget-container\">\n\t\t\t\t\t<div class=\"elementor-jet-breadcrumbs jet-blocks\">\n\t\t<div class=\"jet-breadcrumbs\">\n\t\t<div class=\"jet-breadcrumbs__content\">\n\t\t<div class=\"jet-breadcrumbs__wrap\"><div class=\"jet-breadcrumbs__item\"><a href=\"https:\/\/fondationrivieres.org\/en\/\" class=\"jet-breadcrumbs__item-link is-home\" rel=\"home\" title=\"Fondation Rivi\u00e8res\">Fondation Rivi\u00e8res<\/a><\/div>\n\t\t<\/div>\n\t\t<\/div>\n\t\t<\/div><\/div>\t\t\t\t<\/div>\n\t\t\t\t<\/div>\n\t\t\t\t<div class=\"elementor-element elementor-element-514c627 elementor-widget elementor-widget-heading\" data-id=\"514c627\" data-element_type=\"widget\" data-e-type=\"widget\" data-widget_type=\"heading.default\">\n\t\t\t\t<div class=\"elementor-widget-container\">\n\t\t\t\t\t<h1 class=\"elementor-heading-title elementor-size-default\">Nos mandats<\/h1>\t\t\t\t<\/div>\n\t\t\t\t<\/div>\n\t\t\t\t<div class=\"elementor-element elementor-element-b1ce4ff elementor-widget-divider--view-line elementor-widget elementor-widget-divider\" data-id=\"b1ce4ff\" data-element_type=\"widget\" data-e-type=\"widget\" data-widget_type=\"divider.default\">\n\t\t\t\t<div class=\"elementor-widget-container\">\n\t\t\t\t\t\t\t<div class=\"elementor-divider\">\n\t\t\t<span class=\"elementor-divider-separator\">\n\t\t\t\t\t\t<\/span>\n\t\t<\/div>\n\t\t\t\t\t\t<\/div>\n\t\t\t\t<\/div>\n\t\t\t\t<div class=\"elementor-element elementor-element-6169e18 elementor-widget elementor-widget-heading\" data-id=\"6169e18\" data-element_type=\"widget\" data-e-type=\"widget\" data-widget_type=\"heading.default\">\n\t\t\t\t<div class=\"elementor-widget-container\">\n\t\t\t\t\t<h2 class=\"elementor-heading-title elementor-size-default\">D\u00e9couvrez nos \u00e9tudes et rapports<\/h2>\t\t\t\t<\/div>\n\t\t\t\t<\/div>\n\t\t\t\t<\/div>\n\t\t\t\t\t<\/div>\n\t\t\t\t<\/section>\n\t\t<div class=\"elementor-element elementor-element-712016c e-flex e-con-boxed e-con e-parent\" data-id=\"712016c\" data-element_type=\"container\" data-e-type=\"container\" data-settings=\"{&quot;background_background&quot;:&quot;classic&quot;,&quot;jet_parallax_layout_list&quot;:[]}\">\n\t\t\t\t\t<div class=\"e-con-inner\">\n\t\t\t\t<div class=\"elementor-element elementor-element-cf257da elementor-widget elementor-widget-text-editor\" data-id=\"cf257da\" data-element_type=\"widget\" data-e-type=\"widget\" data-widget_type=\"text-editor.default\">\n\t\t\t\t<div class=\"elementor-widget-container\">\n\t\t\t\t\t\t\t\t\t<p>La Fondation Rivi\u00e8res a r\u00e9alis\u00e9 une vingtaine de projets aupr\u00e8s de municipalit\u00e9s, d&rsquo;organismes de bassins versants et d\u2019associations citoyennes pour leur permettre d&rsquo;am\u00e9liorer la qualit\u00e9 de l&rsquo;eau des rivi\u00e8res sur leur territoire. D\u00e9couvrez nos mandats ainsi que les rapports qui en d\u00e9coulent.<\/p>\t\t\t\t\t\t\t\t<\/div>\n\t\t\t\t<\/div>\n\t\t\t\t\t<\/div>\n\t\t\t\t<\/div>\n\t\t<div class=\"elementor-element elementor-element-91944d4 e-flex e-con-boxed e-con e-parent\" data-id=\"91944d4\" data-element_type=\"container\" data-e-type=\"container\" data-settings=\"{&quot;jet_parallax_layout_list&quot;:[]}\">\n\t\t\t\t\t<div class=\"e-con-inner\">\n\t\t\t\t<div class=\"elementor-element elementor-element-f147f47 elementor-widget elementor-widget-spacer\" data-id=\"f147f47\" data-element_type=\"widget\" data-e-type=\"widget\" data-widget_type=\"spacer.default\">\n\t\t\t\t<div class=\"elementor-widget-container\">\n\t\t\t\t\t\t\t<div class=\"elementor-spacer\">\n\t\t\t<div class=\"elementor-spacer-inner\"><\/div>\n\t\t<\/div>\n\t\t\t\t\t\t<\/div>\n\t\t\t\t<\/div>\n\t\t\t\t<div class=\"elementor-element elementor-element-2b438e0 elementor-widget elementor-widget-heading\" data-id=\"2b438e0\" data-element_type=\"widget\" data-e-type=\"widget\" data-widget_type=\"heading.default\">\n\t\t\t\t<div class=\"elementor-widget-container\">\n\t\t\t\t\t<h3 class=\"elementor-heading-title elementor-size-default\">Suivi de la qualit\u00e9 de l'eau<\/h3>\t\t\t\t<\/div>\n\t\t\t\t<\/div>\n\t\t\t\t<div class=\"elementor-element elementor-element-1b1f211 elementor-widget elementor-widget-text-editor\" data-id=\"1b1f211\" data-element_type=\"widget\" data-e-type=\"widget\" data-widget_type=\"text-editor.default\">\n\t\t\t\t<div class=\"elementor-widget-container\">\n\t\t\t\t\t\t\t\t\t<p>La Fondation Rivi\u00e8res proc\u00e8de \u00e0 des suivis de la qualit\u00e9 de l\u2019eau sur diff\u00e9rents cours d\u2019eau du Qu\u00e9bec pour \u00e9valuer<span style=\"font-weight: 400;\"> le potentiel de baignade et d\u2019activit\u00e9s nautiques.<\/span><\/p>\t\t\t\t\t\t\t\t<\/div>\n\t\t\t\t<\/div>\n\t\t\t\t<div class=\"elementor-element elementor-element-80b56d6 elementor-posts__hover-none elementor-grid-3 elementor-grid-tablet-2 elementor-grid-mobile-1 elementor-posts--thumbnail-top elementor-widget elementor-widget-posts\" data-id=\"80b56d6\" data-element_type=\"widget\" data-e-type=\"widget\" data-settings=\"{&quot;cards_row_gap&quot;:{&quot;unit&quot;:&quot;px&quot;,&quot;size&quot;:25,&quot;sizes&quot;:[]},&quot;cards_columns&quot;:&quot;3&quot;,&quot;cards_columns_tablet&quot;:&quot;2&quot;,&quot;cards_columns_mobile&quot;:&quot;1&quot;,&quot;cards_row_gap_tablet&quot;:{&quot;unit&quot;:&quot;px&quot;,&quot;size&quot;:&quot;&quot;,&quot;sizes&quot;:[]},&quot;cards_row_gap_mobile&quot;:{&quot;unit&quot;:&quot;px&quot;,&quot;size&quot;:&quot;&quot;,&quot;sizes&quot;:[]}}\" data-widget_type=\"posts.cards\">\n\t\t\t\t<div class=\"elementor-widget-container\">\n\t\t\t\t\t\t\t<div class=\"elementor-posts-container elementor-posts elementor-posts--skin-cards elementor-grid\" role=\"list\">\n\t\t\t\t<article class=\"elementor-post elementor-grid-item post-74201 projets type-projets status-publish has-post-thumbnail hentry types-de-projets-suivi-de-la-qualite-de-leau categories-de-projets-projets\" role=\"listitem\">\n\t\t\t<div class=\"elementor-post__card\">\n\t\t\t\t<a class=\"elementor-post__thumbnail__link\" href=\"https:\/\/fondationrivieres.org\/en\/projets\/piscine-en-eaux-vives-de-beloeil-suivi-de-la-qualite-de-leau\/\" tabindex=\"-1\" ><div class=\"elementor-post__thumbnail\"><img fetchpriority=\"high\" decoding=\"async\" width=\"800\" height=\"400\" src=\"https:\/\/fondationrivieres.org\/wp-content\/uploads\/2024\/10\/Infolettre_juillet-2024_Beloeil-1-1024x512.png\" class=\"attachment-large size-large wp-image-70040\" alt=\"Image refl\u00e9tant la piscine en eaux-vives de Beloeil: une baignade s\u00e9curitaire malgr\u00e9 les d\u00e9versements d\u2019eaux us\u00e9es\" srcset=\"https:\/\/fondationrivieres.org\/wp-content\/uploads\/2024\/10\/Infolettre_juillet-2024_Beloeil-1-1024x512.png 1024w, https:\/\/fondationrivieres.org\/wp-content\/uploads\/2024\/10\/Infolettre_juillet-2024_Beloeil-1-300x150.png 300w, https:\/\/fondationrivieres.org\/wp-content\/uploads\/2024\/10\/Infolettre_juillet-2024_Beloeil-1-768x384.png 768w, https:\/\/fondationrivieres.org\/wp-content\/uploads\/2024\/10\/Infolettre_juillet-2024_Beloeil-1-1536x768.png 1536w, https:\/\/fondationrivieres.org\/wp-content\/uploads\/2024\/10\/Infolettre_juillet-2024_Beloeil-1-2048x1024.png 2048w, https:\/\/fondationrivieres.org\/wp-content\/uploads\/2024\/10\/Infolettre_juillet-2024_Beloeil-1-18x9.png 18w\" sizes=\"(max-width: 800px) 100vw, 800px\" \/><\/div><\/a>\n\t\t\t\t<div class=\"elementor-post__text\">\n\t\t\t\t<h4 class=\"elementor-post__title\">\n\t\t\t<a href=\"https:\/\/fondationrivieres.org\/en\/projets\/piscine-en-eaux-vives-de-beloeil-suivi-de-la-qualite-de-leau\/\" >\n\t\t\t\tPiscine en eaux vives de Beloeil \u2013 Suivi de la qualit\u00e9 de l\u2019eau\t\t\t<\/a>\n\t\t<\/h4>\n\t\t\t\t<\/div>\n\t\t\t\t\t<\/div>\n\t\t<\/article>\n\t\t\t\t<article class=\"elementor-post elementor-grid-item post-71456 projets type-projets status-publish has-post-thumbnail hentry types-de-projets-suivi-de-la-qualite-de-leau categories-de-projets-projets\" role=\"listitem\">\n\t\t\t<div class=\"elementor-post__card\">\n\t\t\t\t<a class=\"elementor-post__thumbnail__link\" href=\"https:\/\/fondationrivieres.org\/en\/projets\/riviere-lassomption-suivi-de-qualite-de-leau\/\" tabindex=\"-1\" ><div class=\"elementor-post__thumbnail\"><img decoding=\"async\" width=\"800\" height=\"534\" src=\"https:\/\/fondationrivieres.org\/wp-content\/uploads\/2025\/01\/Riviere-LAssomption_Chutes-Monte-a-Peine_Credit-Axel-Drainville_CC-BY-NC-2.0.jpg\" class=\"attachment-large size-large wp-image-71457\" alt=\"Suivi de la qualit\u00e9 de l&#039;eau - Rivi\u00e8re Assomption\" srcset=\"https:\/\/fondationrivieres.org\/wp-content\/uploads\/2025\/01\/Riviere-LAssomption_Chutes-Monte-a-Peine_Credit-Axel-Drainville_CC-BY-NC-2.0.jpg 1000w, https:\/\/fondationrivieres.org\/wp-content\/uploads\/2025\/01\/Riviere-LAssomption_Chutes-Monte-a-Peine_Credit-Axel-Drainville_CC-BY-NC-2.0-300x200.jpg 300w, https:\/\/fondationrivieres.org\/wp-content\/uploads\/2025\/01\/Riviere-LAssomption_Chutes-Monte-a-Peine_Credit-Axel-Drainville_CC-BY-NC-2.0-768x512.jpg 768w, https:\/\/fondationrivieres.org\/wp-content\/uploads\/2025\/01\/Riviere-LAssomption_Chutes-Monte-a-Peine_Credit-Axel-Drainville_CC-BY-NC-2.0-18x12.jpg 18w\" sizes=\"(max-width: 800px) 100vw, 800px\" \/><\/div><\/a>\n\t\t\t\t<div class=\"elementor-post__text\">\n\t\t\t\t<h4 class=\"elementor-post__title\">\n\t\t\t<a href=\"https:\/\/fondationrivieres.org\/en\/projets\/riviere-lassomption-suivi-de-qualite-de-leau\/\" >\n\t\t\t\tRivi\u00e8re l&rsquo;Assomption : projet pilote de suivi en temps r\u00e9el de la qualit\u00e9 bact\u00e9riologique de l&rsquo;eau\t\t\t<\/a>\n\t\t<\/h4>\n\t\t\t\t<\/div>\n\t\t\t\t\t<\/div>\n\t\t<\/article>\n\t\t\t\t<article class=\"elementor-post elementor-grid-item post-68503 projets type-projets status-publish has-post-thumbnail hentry types-de-projets-depistage-de-sources-de-pollution types-de-projets-suivi-de-la-qualite-de-leau categories-de-projets-projets\" role=\"listitem\">\n\t\t\t<div class=\"elementor-post__card\">\n\t\t\t\t<a class=\"elementor-post__thumbnail__link\" href=\"https:\/\/fondationrivieres.org\/en\/projets\/depistage-des-sources-de-contamination-lac-raymond-apelrrin\/\" tabindex=\"-1\" ><div class=\"elementor-post__thumbnail\"><img decoding=\"async\" width=\"701\" height=\"526\" src=\"https:\/\/fondationrivieres.org\/wp-content\/uploads\/2024\/07\/20195006155017M0uoo_2.webp\" class=\"attachment-large size-large wp-image-68507\" alt=\"Lac Raymond APELRRIN\" srcset=\"https:\/\/fondationrivieres.org\/wp-content\/uploads\/2024\/07\/20195006155017M0uoo_2.webp 701w, https:\/\/fondationrivieres.org\/wp-content\/uploads\/2024\/07\/20195006155017M0uoo_2-300x225.webp 300w, https:\/\/fondationrivieres.org\/wp-content\/uploads\/2024\/07\/20195006155017M0uoo_2-16x12.webp 16w\" sizes=\"(max-width: 701px) 100vw, 701px\" \/><\/div><\/a>\n\t\t\t\t<div class=\"elementor-post__text\">\n\t\t\t\t<h4 class=\"elementor-post__title\">\n\t\t\t<a href=\"https:\/\/fondationrivieres.org\/en\/projets\/depistage-des-sources-de-contamination-lac-raymond-apelrrin\/\" >\n\t\t\t\tRivi\u00e8re du Nord \u2013 D\u00e9pistage des sources de contamination dans la rivi\u00e8re du Nord en amont du lac Raymond\t\t\t<\/a>\n\t\t<\/h4>\n\t\t\t\t<\/div>\n\t\t\t\t\t<\/div>\n\t\t<\/article>\n\t\t\t\t<article class=\"elementor-post elementor-grid-item post-68461 projets type-projets status-publish has-post-thumbnail hentry types-de-projets-suivi-de-la-qualite-de-leau categories-de-projets-projets\" role=\"listitem\">\n\t\t\t<div class=\"elementor-post__card\">\n\t\t\t\t<a class=\"elementor-post__thumbnail__link\" href=\"https:\/\/fondationrivieres.org\/en\/projets\/riviere-du-nord-qualite-de-leau-potentiel-dactivites-nautiques-mirabel-et-saint-andre-dargenteuil\/\" tabindex=\"-1\" ><div class=\"elementor-post__thumbnail\"><img loading=\"lazy\" decoding=\"async\" width=\"800\" height=\"450\" src=\"https:\/\/fondationrivieres.org\/wp-content\/uploads\/2024\/05\/Riviere-du-Nord_credit-Enclume_Karl-Dorais-Kinkaid_DJI_0083-1024x576.jpg\" class=\"attachment-large size-large wp-image-67446\" alt=\"Rivi\u00e8re du Nord_cr\u00e9dit Enclume\/Karl Dorais Kinkaid\" srcset=\"https:\/\/fondationrivieres.org\/wp-content\/uploads\/2024\/05\/Riviere-du-Nord_credit-Enclume_Karl-Dorais-Kinkaid_DJI_0083-1024x576.jpg 1024w, https:\/\/fondationrivieres.org\/wp-content\/uploads\/2024\/05\/Riviere-du-Nord_credit-Enclume_Karl-Dorais-Kinkaid_DJI_0083-300x169.jpg 300w, https:\/\/fondationrivieres.org\/wp-content\/uploads\/2024\/05\/Riviere-du-Nord_credit-Enclume_Karl-Dorais-Kinkaid_DJI_0083-768x432.jpg 768w, https:\/\/fondationrivieres.org\/wp-content\/uploads\/2024\/05\/Riviere-du-Nord_credit-Enclume_Karl-Dorais-Kinkaid_DJI_0083-1536x864.jpg 1536w, https:\/\/fondationrivieres.org\/wp-content\/uploads\/2024\/05\/Riviere-du-Nord_credit-Enclume_Karl-Dorais-Kinkaid_DJI_0083-2048x1152.jpg 2048w, https:\/\/fondationrivieres.org\/wp-content\/uploads\/2024\/05\/Riviere-du-Nord_credit-Enclume_Karl-Dorais-Kinkaid_DJI_0083-18x10.jpg 18w\" sizes=\"(max-width: 800px) 100vw, 800px\" \/><\/div><\/a>\n\t\t\t\t<div class=\"elementor-post__text\">\n\t\t\t\t<h4 class=\"elementor-post__title\">\n\t\t\t<a href=\"https:\/\/fondationrivieres.org\/en\/projets\/riviere-du-nord-qualite-de-leau-potentiel-dactivites-nautiques-mirabel-et-saint-andre-dargenteuil\/\" >\n\t\t\t\tRivi\u00e8re du Nord \u2013 \u00c9valuation de la qualit\u00e9 de l\u2019eau et du potentiel d\u2019activit\u00e9s nautiques non motoris\u00e9es entre Mirabel et Saint-Andr\u00e9-d\u2019Argenteuil\t\t\t<\/a>\n\t\t<\/h4>\n\t\t\t\t<\/div>\n\t\t\t\t\t<\/div>\n\t\t<\/article>\n\t\t\t\t<article class=\"elementor-post elementor-grid-item post-68014 projets type-projets status-publish has-post-thumbnail hentry types-de-projets-suivi-de-la-qualite-de-leau\" role=\"listitem\">\n\t\t\t<div class=\"elementor-post__card\">\n\t\t\t\t<a class=\"elementor-post__thumbnail__link\" href=\"https:\/\/fondationrivieres.org\/en\/projets\/bassin-de-chambly-qualite-eau-phase2\/\" tabindex=\"-1\" ><div class=\"elementor-post__thumbnail\"><img loading=\"lazy\" decoding=\"async\" width=\"800\" height=\"534\" src=\"https:\/\/fondationrivieres.org\/wp-content\/uploads\/2024\/06\/IMG_6182_Credit-Alexya-Morin_-Ville-de-Chamblyjpg-1024x683.webp\" class=\"attachment-large size-large wp-image-68242\" alt=\"Grand Splash de Chambly 2023, \u200b\u200bCentre nautique Gervais-D\u00e9sourdy, saut des baigneurs et baigneuses, cr\u00e9dit photo Alexya Morin\" srcset=\"https:\/\/fondationrivieres.org\/wp-content\/uploads\/2024\/06\/IMG_6182_Credit-Alexya-Morin_-Ville-de-Chamblyjpg-1024x683.webp 1024w, https:\/\/fondationrivieres.org\/wp-content\/uploads\/2024\/06\/IMG_6182_Credit-Alexya-Morin_-Ville-de-Chamblyjpg-300x200.webp 300w, https:\/\/fondationrivieres.org\/wp-content\/uploads\/2024\/06\/IMG_6182_Credit-Alexya-Morin_-Ville-de-Chamblyjpg-768x512.webp 768w, https:\/\/fondationrivieres.org\/wp-content\/uploads\/2024\/06\/IMG_6182_Credit-Alexya-Morin_-Ville-de-Chamblyjpg-1536x1024.webp 1536w, https:\/\/fondationrivieres.org\/wp-content\/uploads\/2024\/06\/IMG_6182_Credit-Alexya-Morin_-Ville-de-Chamblyjpg.webp 1920w, https:\/\/fondationrivieres.org\/wp-content\/uploads\/2024\/06\/IMG_6182_Credit-Alexya-Morin_-Ville-de-Chamblyjpg-18x12.webp 18w\" sizes=\"(max-width: 800px) 100vw, 800px\" \/><\/div><\/a>\n\t\t\t\t<div class=\"elementor-post__text\">\n\t\t\t\t<h4 class=\"elementor-post__title\">\n\t\t\t<a href=\"https:\/\/fondationrivieres.org\/en\/projets\/bassin-de-chambly-qualite-eau-phase2\/\" >\n\t\t\t\tBassin de Chambly \u2013 Suivi de la qualit\u00e9 de l\u2019eau, phase 2\t\t\t<\/a>\n\t\t<\/h4>\n\t\t\t\t<\/div>\n\t\t\t\t\t<\/div>\n\t\t<\/article>\n\t\t\t\t<article class=\"elementor-post elementor-grid-item post-60556 projets type-projets status-publish has-post-thumbnail hentry types-de-projets-depistage-de-sources-de-pollution types-de-projets-suivi-de-la-qualite-de-leau categories-de-projets-projets\" role=\"listitem\">\n\t\t\t<div class=\"elementor-post__card\">\n\t\t\t\t<a class=\"elementor-post__thumbnail__link\" href=\"https:\/\/fondationrivieres.org\/en\/projets\/saint-laurent-lassomption-suivi-qualite-de-leau-depistage-sources-pollution\/\" tabindex=\"-1\" ><div class=\"elementor-post__thumbnail\"><img loading=\"lazy\" decoding=\"async\" width=\"800\" height=\"600\" src=\"https:\/\/fondationrivieres.org\/wp-content\/uploads\/2023\/09\/IMG_0149-1024x768.jpg\" class=\"attachment-large size-large wp-image-60561\" alt=\"Pr\u00e9l\u00e8vement d\u2019eau \u00e0 l\u2019embouchure de la rivi\u00e8re l\u2019Assomption lors d\u2019une tourn\u00e9e de d\u00e9pistage. - l&#039;assomption Photo : Fondation Rivi\u00e8res\" srcset=\"https:\/\/fondationrivieres.org\/wp-content\/uploads\/2023\/09\/IMG_0149-1024x768.jpg 1024w, https:\/\/fondationrivieres.org\/wp-content\/uploads\/2023\/09\/IMG_0149-300x225.jpg 300w, https:\/\/fondationrivieres.org\/wp-content\/uploads\/2023\/09\/IMG_0149-768x576.jpg 768w, https:\/\/fondationrivieres.org\/wp-content\/uploads\/2023\/09\/IMG_0149-16x12.jpg 16w, https:\/\/fondationrivieres.org\/wp-content\/uploads\/2023\/09\/IMG_0149.jpg 1200w\" sizes=\"(max-width: 800px) 100vw, 800px\" \/><\/div><\/a>\n\t\t\t\t<div class=\"elementor-post__text\">\n\t\t\t\t<h4 class=\"elementor-post__title\">\n\t\t\t<a href=\"https:\/\/fondationrivieres.org\/en\/projets\/saint-laurent-lassomption-suivi-qualite-de-leau-depistage-sources-pollution\/\" >\n\t\t\t\tFleuve Saint-Laurent et rivi\u00e8re l\u2019Assomption \u2013 Suivi de la qualit\u00e9 de l\u2019eau et d\u00e9pistage de sources de pollution\t\t\t<\/a>\n\t\t<\/h4>\n\t\t\t\t<\/div>\n\t\t\t\t\t<\/div>\n\t\t<\/article>\n\t\t\t\t<\/div>\n\t\t\n\t\t\t\t\t\t<\/div>\n\t\t\t\t<\/div>\n\t\t\t\t<div class=\"elementor-element elementor-element-2c9aafb elementor-widget elementor-widget-spacer\" data-id=\"2c9aafb\" data-element_type=\"widget\" data-e-type=\"widget\" data-widget_type=\"spacer.default\">\n\t\t\t\t<div class=\"elementor-widget-container\">\n\t\t\t\t\t\t\t<div class=\"elementor-spacer\">\n\t\t\t<div class=\"elementor-spacer-inner\"><\/div>\n\t\t<\/div>\n\t\t\t\t\t\t<\/div>\n\t\t\t\t<\/div>\n\t\t\t\t<div class=\"elementor-element elementor-element-96a6673 elementor-widget-divider--view-line elementor-widget elementor-widget-divider\" data-id=\"96a6673\" data-element_type=\"widget\" data-e-type=\"widget\" data-widget_type=\"divider.default\">\n\t\t\t\t<div class=\"elementor-widget-container\">\n\t\t\t\t\t\t\t<div class=\"elementor-divider\">\n\t\t\t<span class=\"elementor-divider-separator\">\n\t\t\t\t\t\t<\/span>\n\t\t<\/div>\n\t\t\t\t\t\t<\/div>\n\t\t\t\t<\/div>\n\t\t\t\t<div class=\"elementor-element elementor-element-74eee20 elementor-widget elementor-widget-heading\" data-id=\"74eee20\" data-element_type=\"widget\" data-e-type=\"widget\" data-widget_type=\"heading.default\">\n\t\t\t\t<div class=\"elementor-widget-container\">\n\t\t\t\t\t<h3 class=\"elementor-heading-title elementor-size-default\">\u00c9valuation des syst\u00e8mes de traitement des eaux us\u00e9es<\/h3>\t\t\t\t<\/div>\n\t\t\t\t<\/div>\n\t\t\t\t<div class=\"elementor-element elementor-element-decf912 elementor-widget elementor-widget-text-editor\" data-id=\"decf912\" data-element_type=\"widget\" data-e-type=\"widget\" data-widget_type=\"text-editor.default\">\n\t\t\t\t<div class=\"elementor-widget-container\">\n\t\t\t\t\t\t\t\t\t<p>La Fondation Rivi\u00e8res produit des \u00e9valuations des ouvrages d&rsquo;assainissement des eaux us\u00e9es municipaux afin d&rsquo;optimiser leur performance et ultimement, am\u00e9liorer la qualit\u00e9 de l&rsquo;eau.<\/p>\t\t\t\t\t\t\t\t<\/div>\n\t\t\t\t<\/div>\n\t\t\t\t<div class=\"elementor-element elementor-element-21d99b1 elementor-posts__hover-none elementor-grid-3 elementor-grid-tablet-2 elementor-grid-mobile-1 elementor-posts--thumbnail-top elementor-widget elementor-widget-posts\" data-id=\"21d99b1\" data-element_type=\"widget\" data-e-type=\"widget\" data-settings=\"{&quot;cards_row_gap&quot;:{&quot;unit&quot;:&quot;px&quot;,&quot;size&quot;:25,&quot;sizes&quot;:[]},&quot;cards_columns&quot;:&quot;3&quot;,&quot;cards_columns_tablet&quot;:&quot;2&quot;,&quot;cards_columns_mobile&quot;:&quot;1&quot;,&quot;cards_row_gap_tablet&quot;:{&quot;unit&quot;:&quot;px&quot;,&quot;size&quot;:&quot;&quot;,&quot;sizes&quot;:[]},&quot;cards_row_gap_mobile&quot;:{&quot;unit&quot;:&quot;px&quot;,&quot;size&quot;:&quot;&quot;,&quot;sizes&quot;:[]}}\" data-widget_type=\"posts.cards\">\n\t\t\t\t<div class=\"elementor-widget-container\">\n\t\t\t\t\t\t\t<div class=\"elementor-posts-container elementor-posts elementor-posts--skin-cards elementor-grid\" role=\"list\">\n\t\t\t\t<article class=\"elementor-post elementor-grid-item post-57468 projets type-projets status-publish has-post-thumbnail hentry types-de-projets-evaluation-des-systemes-de-traitement-des-eaux-usees categories-de-projets-projets\" role=\"listitem\">\n\t\t\t<div class=\"elementor-post__card\">\n\t\t\t\t<a class=\"elementor-post__thumbnail__link\" href=\"https:\/\/fondationrivieres.org\/en\/projets\/bassins-versants-de-la-riviere-des-mille-iles-mise-a-jour-sur-letat-des-systemes-de-traitement-des-eaux-usees\/\" tabindex=\"-1\" ><div class=\"elementor-post__thumbnail\"><img loading=\"lazy\" decoding=\"async\" width=\"800\" height=\"600\" src=\"https:\/\/fondationrivieres.org\/wp-content\/uploads\/2023\/06\/IMG_20200808_091713154_HDR-1024x768.jpeg\" class=\"attachment-large size-large wp-image-57469\" alt=\"Rivi\u00e8re des Mille-\u00celes, \u00e0 proximit\u00e9 de l\u2019\u00eele Gagnon - ao\u00fbt 2020\" srcset=\"https:\/\/fondationrivieres.org\/wp-content\/uploads\/2023\/06\/IMG_20200808_091713154_HDR-1024x768.jpeg 1024w, https:\/\/fondationrivieres.org\/wp-content\/uploads\/2023\/06\/IMG_20200808_091713154_HDR-300x225.jpeg 300w, https:\/\/fondationrivieres.org\/wp-content\/uploads\/2023\/06\/IMG_20200808_091713154_HDR-768x576.jpeg 768w, https:\/\/fondationrivieres.org\/wp-content\/uploads\/2023\/06\/IMG_20200808_091713154_HDR-1536x1152.jpeg 1536w, https:\/\/fondationrivieres.org\/wp-content\/uploads\/2023\/06\/IMG_20200808_091713154_HDR-16x12.jpeg 16w, https:\/\/fondationrivieres.org\/wp-content\/uploads\/2023\/06\/IMG_20200808_091713154_HDR.jpeg 1600w\" sizes=\"(max-width: 800px) 100vw, 800px\" \/><\/div><\/a>\n\t\t\t\t<div class=\"elementor-post__text\">\n\t\t\t\t<h4 class=\"elementor-post__title\">\n\t\t\t<a href=\"https:\/\/fondationrivieres.org\/en\/projets\/bassins-versants-de-la-riviere-des-mille-iles-mise-a-jour-sur-letat-des-systemes-de-traitement-des-eaux-usees\/\" >\n\t\t\t\tBassins versants de la rivi\u00e8re des Mille-\u00celes \u2013Mise \u00e0 jour sur l\u2019\u00e9tat des syst\u00e8mes de traitement des eaux us\u00e9es\t\t\t<\/a>\n\t\t<\/h4>\n\t\t\t\t\t<div class=\"elementor-post__read-more-wrapper\">\n\t\t\n\t\t<a class=\"elementor-post__read-more\" href=\"https:\/\/fondationrivieres.org\/en\/projets\/bassins-versants-de-la-riviere-des-mille-iles-mise-a-jour-sur-letat-des-systemes-de-traitement-des-eaux-usees\/\" aria-label=\"Read more about Bassins versants de la rivi\u00e8re des Mille-\u00celes \u2013Mise \u00e0 jour sur l\u2019\u00e9tat des syst\u00e8mes de traitement des eaux us\u00e9es\" tabindex=\"-1\" >\n\t\t\t\t\t<\/a>\n\n\t\t\t\t\t<\/div>\n\t\t\t\t<\/div>\n\t\t\t\t\t<\/div>\n\t\t<\/article>\n\t\t\t\t<article class=\"elementor-post elementor-grid-item post-50676 projets type-projets status-publish has-post-thumbnail hentry types-de-projets-evaluation-des-systemes-de-traitement-des-eaux-usees categories-de-projets-projets\" role=\"listitem\">\n\t\t\t<div class=\"elementor-post__card\">\n\t\t\t\t<a class=\"elementor-post__thumbnail__link\" href=\"https:\/\/fondationrivieres.org\/en\/projets\/gaspesie-sud-evaluation-des-systemes-de-traitement-des-eaux-usees\/\" tabindex=\"-1\" ><div class=\"elementor-post__thumbnail\"><img loading=\"lazy\" decoding=\"async\" width=\"800\" height=\"225\" src=\"https:\/\/fondationrivieres.org\/wp-content\/uploads\/2022\/07\/Eaux-emeraudes-canot_Cre\u0301dit-CEGS-1024x288.jpg\" class=\"attachment-large size-large wp-image-40377\" alt=\"CEGS Gasp\u00e9sie Sud - Rivi\u00e8re Bonaventure\" srcset=\"https:\/\/fondationrivieres.org\/wp-content\/uploads\/2022\/07\/Eaux-emeraudes-canot_Cre\u0301dit-CEGS-1024x288.jpg 1024w, https:\/\/fondationrivieres.org\/wp-content\/uploads\/2022\/07\/Eaux-emeraudes-canot_Cre\u0301dit-CEGS-300x84.jpg 300w, https:\/\/fondationrivieres.org\/wp-content\/uploads\/2022\/07\/Eaux-emeraudes-canot_Cre\u0301dit-CEGS-768x216.jpg 768w, https:\/\/fondationrivieres.org\/wp-content\/uploads\/2022\/07\/Eaux-emeraudes-canot_Cre\u0301dit-CEGS-1536x433.jpg 1536w, https:\/\/fondationrivieres.org\/wp-content\/uploads\/2022\/07\/Eaux-emeraudes-canot_Cre\u0301dit-CEGS.jpg 1598w\" sizes=\"(max-width: 800px) 100vw, 800px\" \/><\/div><\/a>\n\t\t\t\t<div class=\"elementor-post__text\">\n\t\t\t\t<h4 class=\"elementor-post__title\">\n\t\t\t<a href=\"https:\/\/fondationrivieres.org\/en\/projets\/gaspesie-sud-evaluation-des-systemes-de-traitement-des-eaux-usees\/\" >\n\t\t\t\tGasp\u00e9sie Sud \u2013\u00a0\u00c9valuation des syst\u00e8mes de traitement des eaux us\u00e9es\t\t\t<\/a>\n\t\t<\/h4>\n\t\t\t\t\t<div class=\"elementor-post__read-more-wrapper\">\n\t\t\n\t\t<a class=\"elementor-post__read-more\" href=\"https:\/\/fondationrivieres.org\/en\/projets\/gaspesie-sud-evaluation-des-systemes-de-traitement-des-eaux-usees\/\" aria-label=\"Read more about Gasp\u00e9sie Sud \u2013\u00a0\u00c9valuation des syst\u00e8mes de traitement des eaux us\u00e9es\" tabindex=\"-1\" >\n\t\t\t\t\t<\/a>\n\n\t\t\t\t\t<\/div>\n\t\t\t\t<\/div>\n\t\t\t\t\t<\/div>\n\t\t<\/article>\n\t\t\t\t<article class=\"elementor-post elementor-grid-item post-52454 projets type-projets status-publish has-post-thumbnail hentry types-de-projets-evaluation-des-systemes-de-traitement-des-eaux-usees categories-de-projets-projets\" role=\"listitem\">\n\t\t\t<div class=\"elementor-post__card\">\n\t\t\t\t<a class=\"elementor-post__thumbnail__link\" href=\"https:\/\/fondationrivieres.org\/en\/projets\/riviere-richelieu-evaluation-des-systemes-de-traitement-des-eaux-usees-2017-2020\/\" tabindex=\"-1\" ><div class=\"elementor-post__thumbnail\"><img loading=\"lazy\" decoding=\"async\" width=\"800\" height=\"424\" src=\"https:\/\/fondationrivieres.org\/wp-content\/uploads\/2022\/07\/Rivie\u0300re-Richelieu_2_Credit-Gilles-Croteau_autorisation-donne\u0301e.jpg\" class=\"attachment-large size-large wp-image-42307\" alt=\"Rivi\u00e8re Richelieu Pont\" srcset=\"https:\/\/fondationrivieres.org\/wp-content\/uploads\/2022\/07\/Rivie\u0300re-Richelieu_2_Credit-Gilles-Croteau_autorisation-donne\u0301e.jpg 1020w, https:\/\/fondationrivieres.org\/wp-content\/uploads\/2022\/07\/Rivie\u0300re-Richelieu_2_Credit-Gilles-Croteau_autorisation-donne\u0301e-300x159.jpg 300w, https:\/\/fondationrivieres.org\/wp-content\/uploads\/2022\/07\/Rivie\u0300re-Richelieu_2_Credit-Gilles-Croteau_autorisation-donne\u0301e-768x407.jpg 768w\" sizes=\"(max-width: 800px) 100vw, 800px\" \/><\/div><\/a>\n\t\t\t\t<div class=\"elementor-post__text\">\n\t\t\t\t<h4 class=\"elementor-post__title\">\n\t\t\t<a href=\"https:\/\/fondationrivieres.org\/en\/projets\/riviere-richelieu-evaluation-des-systemes-de-traitement-des-eaux-usees-2017-2020\/\" >\n\t\t\t\tRivi\u00e8re Richelieu \u2013 \u00c9valuation des syst\u00e8mes de traitement des eaux us\u00e9es : 2017-2020\t\t\t<\/a>\n\t\t<\/h4>\n\t\t\t\t\t<div class=\"elementor-post__read-more-wrapper\">\n\t\t\n\t\t<a class=\"elementor-post__read-more\" href=\"https:\/\/fondationrivieres.org\/en\/projets\/riviere-richelieu-evaluation-des-systemes-de-traitement-des-eaux-usees-2017-2020\/\" aria-label=\"Read more about Rivi\u00e8re Richelieu \u2013 \u00c9valuation des syst\u00e8mes de traitement des eaux us\u00e9es : 2017-2020\" tabindex=\"-1\" >\n\t\t\t\t\t<\/a>\n\n\t\t\t\t\t<\/div>\n\t\t\t\t<\/div>\n\t\t\t\t\t<\/div>\n\t\t<\/article>\n\t\t\t\t<article class=\"elementor-post elementor-grid-item post-50987 projets type-projets status-publish has-post-thumbnail hentry types-de-projets-evaluation-des-systemes-de-traitement-des-eaux-usees categories-de-projets-projets\" role=\"listitem\">\n\t\t\t<div class=\"elementor-post__card\">\n\t\t\t\t<a class=\"elementor-post__thumbnail__link\" href=\"https:\/\/fondationrivieres.org\/en\/projets\/bassins-versants-riviere-mille-iles-evaluation-traitement-eaux-usees\/\" tabindex=\"-1\" ><div class=\"elementor-post__thumbnail\"><img loading=\"lazy\" decoding=\"async\" width=\"800\" height=\"533\" src=\"https:\/\/fondationrivieres.org\/wp-content\/uploads\/2022\/12\/credit-Parc-de-la-Riviere-des-Mille-Iles-1024x682.jpeg\" class=\"attachment-large size-large wp-image-50988\" alt=\"Parc de la rivi\u00e8re des Mille-\u00celes - Traitement des Eaux Us\u00e9es\" srcset=\"https:\/\/fondationrivieres.org\/wp-content\/uploads\/2022\/12\/credit-Parc-de-la-Riviere-des-Mille-Iles-1024x682.jpeg 1024w, https:\/\/fondationrivieres.org\/wp-content\/uploads\/2022\/12\/credit-Parc-de-la-Riviere-des-Mille-Iles-300x200.jpeg 300w, https:\/\/fondationrivieres.org\/wp-content\/uploads\/2022\/12\/credit-Parc-de-la-Riviere-des-Mille-Iles-768x512.jpeg 768w, https:\/\/fondationrivieres.org\/wp-content\/uploads\/2022\/12\/credit-Parc-de-la-Riviere-des-Mille-Iles-18x12.jpeg 18w, https:\/\/fondationrivieres.org\/wp-content\/uploads\/2022\/12\/credit-Parc-de-la-Riviere-des-Mille-Iles.jpeg 1280w\" sizes=\"(max-width: 800px) 100vw, 800px\" \/><\/div><\/a>\n\t\t\t\t<div class=\"elementor-post__text\">\n\t\t\t\t<h4 class=\"elementor-post__title\">\n\t\t\t<a href=\"https:\/\/fondationrivieres.org\/en\/projets\/bassins-versants-riviere-mille-iles-evaluation-traitement-eaux-usees\/\" >\n\t\t\t\tBassins versants de la rivi\u00e8re des Mille \u00celes \u2013 \u00c9valuation des syst\u00e8mes de traitement des eaux us\u00e9es\t\t\t<\/a>\n\t\t<\/h4>\n\t\t\t\t\t<div class=\"elementor-post__read-more-wrapper\">\n\t\t\n\t\t<a class=\"elementor-post__read-more\" href=\"https:\/\/fondationrivieres.org\/en\/projets\/bassins-versants-riviere-mille-iles-evaluation-traitement-eaux-usees\/\" aria-label=\"Read more about Bassins versants de la rivi\u00e8re des Mille \u00celes \u2013 \u00c9valuation des syst\u00e8mes de traitement des eaux us\u00e9es\" tabindex=\"-1\" >\n\t\t\t\t\t<\/a>\n\n\t\t\t\t\t<\/div>\n\t\t\t\t<\/div>\n\t\t\t\t\t<\/div>\n\t\t<\/article>\n\t\t\t\t<article class=\"elementor-post elementor-grid-item post-47909 projets type-projets status-publish has-post-thumbnail hentry types-de-projets-evaluation-des-systemes-de-traitement-des-eaux-usees categories-de-projets-projets\" role=\"listitem\">\n\t\t\t<div class=\"elementor-post__card\">\n\t\t\t\t<a class=\"elementor-post__thumbnail__link\" href=\"https:\/\/fondationrivieres.org\/en\/projets\/bassin-versant-baie-missisquoi-traitement-eaux-usees\/\" tabindex=\"-1\" ><div class=\"elementor-post__thumbnail\"><img loading=\"lazy\" decoding=\"async\" width=\"800\" height=\"600\" src=\"https:\/\/fondationrivieres.org\/wp-content\/uploads\/2022\/07\/Organisme-de-bassin-versant-de-la-baie-Missisquoi-OBVBM-1024x768.jpg\" class=\"attachment-large size-large wp-image-40815\" alt=\"OBV baie Missisquoi\" srcset=\"https:\/\/fondationrivieres.org\/wp-content\/uploads\/2022\/07\/Organisme-de-bassin-versant-de-la-baie-Missisquoi-OBVBM-1024x768.jpg 1024w, https:\/\/fondationrivieres.org\/wp-content\/uploads\/2022\/07\/Organisme-de-bassin-versant-de-la-baie-Missisquoi-OBVBM-300x225.jpg 300w, https:\/\/fondationrivieres.org\/wp-content\/uploads\/2022\/07\/Organisme-de-bassin-versant-de-la-baie-Missisquoi-OBVBM-768x576.jpg 768w, https:\/\/fondationrivieres.org\/wp-content\/uploads\/2022\/07\/Organisme-de-bassin-versant-de-la-baie-Missisquoi-OBVBM-1536x1152.jpg 1536w, https:\/\/fondationrivieres.org\/wp-content\/uploads\/2022\/07\/Organisme-de-bassin-versant-de-la-baie-Missisquoi-OBVBM.jpg 1632w\" sizes=\"(max-width: 800px) 100vw, 800px\" \/><\/div><\/a>\n\t\t\t\t<div class=\"elementor-post__text\">\n\t\t\t\t<h4 class=\"elementor-post__title\">\n\t\t\t<a href=\"https:\/\/fondationrivieres.org\/en\/projets\/bassin-versant-baie-missisquoi-traitement-eaux-usees\/\" >\n\t\t\t\tBassin versant de la baie Missisquoi &#8211; \u00c9valuation des syst\u00e8mes de traitement des eaux us\u00e9es\t\t\t<\/a>\n\t\t<\/h4>\n\t\t\t\t\t<div class=\"elementor-post__read-more-wrapper\">\n\t\t\n\t\t<a class=\"elementor-post__read-more\" href=\"https:\/\/fondationrivieres.org\/en\/projets\/bassin-versant-baie-missisquoi-traitement-eaux-usees\/\" aria-label=\"Read more about Bassin versant de la baie Missisquoi &#8211; \u00c9valuation des syst\u00e8mes de traitement des eaux us\u00e9es\" tabindex=\"-1\" >\n\t\t\t\t\t<\/a>\n\n\t\t\t\t\t<\/div>\n\t\t\t\t<\/div>\n\t\t\t\t\t<\/div>\n\t\t<\/article>\n\t\t\t\t<article class=\"elementor-post elementor-grid-item post-50621 projets type-projets status-publish has-post-thumbnail hentry types-de-projets-evaluation-des-systemes-de-traitement-des-eaux-usees categories-de-projets-projets\" role=\"listitem\">\n\t\t\t<div class=\"elementor-post__card\">\n\t\t\t\t<a class=\"elementor-post__thumbnail__link\" href=\"https:\/\/fondationrivieres.org\/en\/projets\/bassin-versant-zone-chateauguay-traitement-eaux-usees\/\" tabindex=\"-1\" ><div class=\"elementor-post__thumbnail\"><img loading=\"lazy\" decoding=\"async\" width=\"800\" height=\"449\" src=\"https:\/\/fondationrivieres.org\/wp-content\/uploads\/2022\/05\/Riviere-Saint-Louis_Credit_Gilles-Douaire-1-scaled-1-1024x575.jpg\" class=\"attachment-large size-large wp-image-33425\" alt=\"\u00c9valuation des ouvrages de traitement des eaux us\u00e9es - Bassin versant de la zone Ch\u00e2teauguay\" srcset=\"https:\/\/fondationrivieres.org\/wp-content\/uploads\/2022\/05\/Riviere-Saint-Louis_Credit_Gilles-Douaire-1-scaled-1-1024x575.jpg 1024w, https:\/\/fondationrivieres.org\/wp-content\/uploads\/2022\/05\/Riviere-Saint-Louis_Credit_Gilles-Douaire-1-scaled-1-300x169.jpg 300w, https:\/\/fondationrivieres.org\/wp-content\/uploads\/2022\/05\/Riviere-Saint-Louis_Credit_Gilles-Douaire-1-scaled-1-768x431.jpg 768w, https:\/\/fondationrivieres.org\/wp-content\/uploads\/2022\/05\/Riviere-Saint-Louis_Credit_Gilles-Douaire-1-scaled-1-1536x863.jpg 1536w, https:\/\/fondationrivieres.org\/wp-content\/uploads\/2022\/05\/Riviere-Saint-Louis_Credit_Gilles-Douaire-1-scaled-1-2048x1150.jpg 2048w, https:\/\/fondationrivieres.org\/wp-content\/uploads\/2022\/05\/Riviere-Saint-Louis_Credit_Gilles-Douaire-1-scaled-1.jpg 1920w\" sizes=\"(max-width: 800px) 100vw, 800px\" \/><\/div><\/a>\n\t\t\t\t<div class=\"elementor-post__text\">\n\t\t\t\t<h4 class=\"elementor-post__title\">\n\t\t\t<a href=\"https:\/\/fondationrivieres.org\/en\/projets\/bassin-versant-zone-chateauguay-traitement-eaux-usees\/\" >\n\t\t\t\tBassin versant de la zone Ch\u00e2teauguay \u2013\u00a0\u00c9valuation des syst\u00e8mes de traitement des eaux us\u00e9es\t\t\t<\/a>\n\t\t<\/h4>\n\t\t\t\t\t<div class=\"elementor-post__read-more-wrapper\">\n\t\t\n\t\t<a class=\"elementor-post__read-more\" href=\"https:\/\/fondationrivieres.org\/en\/projets\/bassin-versant-zone-chateauguay-traitement-eaux-usees\/\" aria-label=\"Read more about Bassin versant de la zone Ch\u00e2teauguay \u2013\u00a0\u00c9valuation des syst\u00e8mes de traitement des eaux us\u00e9es\" tabindex=\"-1\" >\n\t\t\t\t\t<\/a>\n\n\t\t\t\t\t<\/div>\n\t\t\t\t<\/div>\n\t\t\t\t\t<\/div>\n\t\t<\/article>\n\t\t\t\t<\/div>\n\t\t\n\t\t\t\t\t\t<\/div>\n\t\t\t\t<\/div>\n\t\t\t\t<div class=\"elementor-element elementor-element-48a58f6 elementor-widget elementor-widget-spacer\" data-id=\"48a58f6\" data-element_type=\"widget\" data-e-type=\"widget\" data-widget_type=\"spacer.default\">\n\t\t\t\t<div class=\"elementor-widget-container\">\n\t\t\t\t\t\t\t<div class=\"elementor-spacer\">\n\t\t\t<div class=\"elementor-spacer-inner\"><\/div>\n\t\t<\/div>\n\t\t\t\t\t\t<\/div>\n\t\t\t\t<\/div>\n\t\t\t\t<div class=\"elementor-element elementor-element-2ae979c elementor-widget-divider--view-line elementor-widget elementor-widget-divider\" data-id=\"2ae979c\" data-element_type=\"widget\" data-e-type=\"widget\" data-widget_type=\"divider.default\">\n\t\t\t\t<div class=\"elementor-widget-container\">\n\t\t\t\t\t\t\t<div class=\"elementor-divider\">\n\t\t\t<span class=\"elementor-divider-separator\">\n\t\t\t\t\t\t<\/span>\n\t\t<\/div>\n\t\t\t\t\t\t<\/div>\n\t\t\t\t<\/div>\n\t\t\t\t<div class=\"elementor-element elementor-element-a1f64af elementor-widget elementor-widget-heading\" data-id=\"a1f64af\" data-element_type=\"widget\" data-e-type=\"widget\" data-widget_type=\"heading.default\">\n\t\t\t\t<div class=\"elementor-widget-container\">\n\t\t\t\t\t<h3 class=\"elementor-heading-title elementor-size-default\">D\u00e9pistage de sources de pollution<\/h3>\t\t\t\t<\/div>\n\t\t\t\t<\/div>\n\t\t\t\t<div class=\"elementor-element elementor-element-dd72903 elementor-widget elementor-widget-text-editor\" data-id=\"dd72903\" data-element_type=\"widget\" data-e-type=\"widget\" data-widget_type=\"text-editor.default\">\n\t\t\t\t<div class=\"elementor-widget-container\">\n\t\t\t\t\t\t\t\t\t<p>La Fondation Rivi\u00e8res effectue des d\u00e9pistages de sources de contamination servant \u00e0 dresser un portrait de la qualit\u00e9 bact\u00e9riologique de l&rsquo;eau. Cette d\u00e9marche permet aux municipalit\u00e9s et organismes de bassins versants d&rsquo;assurer une meilleure gestion de l\u2019eau sur leur territoire, et\/ou \u00e9valuer<span style=\"font-weight: 400;\"> le potentiel de baignade et d\u2019activit\u00e9s nautiques.<\/span><\/p>\t\t\t\t\t\t\t\t<\/div>\n\t\t\t\t<\/div>\n\t\t\t\t<div class=\"elementor-element elementor-element-c9a13f6 elementor-posts__hover-none elementor-grid-3 elementor-grid-tablet-2 elementor-grid-mobile-1 elementor-posts--thumbnail-top elementor-widget elementor-widget-posts\" data-id=\"c9a13f6\" data-element_type=\"widget\" data-e-type=\"widget\" data-settings=\"{&quot;cards_row_gap&quot;:{&quot;unit&quot;:&quot;px&quot;,&quot;size&quot;:25,&quot;sizes&quot;:[]},&quot;cards_columns&quot;:&quot;3&quot;,&quot;cards_columns_tablet&quot;:&quot;2&quot;,&quot;cards_columns_mobile&quot;:&quot;1&quot;,&quot;cards_row_gap_tablet&quot;:{&quot;unit&quot;:&quot;px&quot;,&quot;size&quot;:&quot;&quot;,&quot;sizes&quot;:[]},&quot;cards_row_gap_mobile&quot;:{&quot;unit&quot;:&quot;px&quot;,&quot;size&quot;:&quot;&quot;,&quot;sizes&quot;:[]}}\" data-widget_type=\"posts.cards\">\n\t\t\t\t<div class=\"elementor-widget-container\">\n\t\t\t\t\t\t\t<div class=\"elementor-posts-container elementor-posts elementor-posts--skin-cards elementor-grid\" role=\"list\">\n\t\t\t\t<article class=\"elementor-post elementor-grid-item post-68503 projets type-projets status-publish has-post-thumbnail hentry types-de-projets-depistage-de-sources-de-pollution types-de-projets-suivi-de-la-qualite-de-leau categories-de-projets-projets\" role=\"listitem\">\n\t\t\t<div class=\"elementor-post__card\">\n\t\t\t\t<a class=\"elementor-post__thumbnail__link\" href=\"https:\/\/fondationrivieres.org\/en\/projets\/depistage-des-sources-de-contamination-lac-raymond-apelrrin\/\" tabindex=\"-1\" ><div class=\"elementor-post__thumbnail\"><img decoding=\"async\" width=\"701\" height=\"526\" src=\"https:\/\/fondationrivieres.org\/wp-content\/uploads\/2024\/07\/20195006155017M0uoo_2.webp\" class=\"attachment-large size-large wp-image-68507\" alt=\"Lac Raymond APELRRIN\" srcset=\"https:\/\/fondationrivieres.org\/wp-content\/uploads\/2024\/07\/20195006155017M0uoo_2.webp 701w, https:\/\/fondationrivieres.org\/wp-content\/uploads\/2024\/07\/20195006155017M0uoo_2-300x225.webp 300w, https:\/\/fondationrivieres.org\/wp-content\/uploads\/2024\/07\/20195006155017M0uoo_2-16x12.webp 16w\" sizes=\"(max-width: 701px) 100vw, 701px\" \/><\/div><\/a>\n\t\t\t\t<div class=\"elementor-post__text\">\n\t\t\t\t<h4 class=\"elementor-post__title\">\n\t\t\t<a href=\"https:\/\/fondationrivieres.org\/en\/projets\/depistage-des-sources-de-contamination-lac-raymond-apelrrin\/\" >\n\t\t\t\tRivi\u00e8re du Nord \u2013 D\u00e9pistage des sources de contamination dans la rivi\u00e8re du Nord en amont du lac Raymond\t\t\t<\/a>\n\t\t<\/h4>\n\t\t\t\t\t<div class=\"elementor-post__read-more-wrapper\">\n\t\t\n\t\t<a class=\"elementor-post__read-more\" href=\"https:\/\/fondationrivieres.org\/en\/projets\/depistage-des-sources-de-contamination-lac-raymond-apelrrin\/\" aria-label=\"Read more about Rivi\u00e8re du Nord \u2013 D\u00e9pistage des sources de contamination dans la rivi\u00e8re du Nord en amont du lac Raymond\" tabindex=\"-1\" >\n\t\t\t\t\t<\/a>\n\n\t\t\t\t\t<\/div>\n\t\t\t\t<\/div>\n\t\t\t\t\t<\/div>\n\t\t<\/article>\n\t\t\t\t<article class=\"elementor-post elementor-grid-item post-60556 projets type-projets status-publish has-post-thumbnail hentry types-de-projets-depistage-de-sources-de-pollution types-de-projets-suivi-de-la-qualite-de-leau categories-de-projets-projets\" role=\"listitem\">\n\t\t\t<div class=\"elementor-post__card\">\n\t\t\t\t<a class=\"elementor-post__thumbnail__link\" href=\"https:\/\/fondationrivieres.org\/en\/projets\/saint-laurent-lassomption-suivi-qualite-de-leau-depistage-sources-pollution\/\" tabindex=\"-1\" ><div class=\"elementor-post__thumbnail\"><img loading=\"lazy\" decoding=\"async\" width=\"800\" height=\"600\" src=\"https:\/\/fondationrivieres.org\/wp-content\/uploads\/2023\/09\/IMG_0149-1024x768.jpg\" class=\"attachment-large size-large wp-image-60561\" alt=\"Pr\u00e9l\u00e8vement d\u2019eau \u00e0 l\u2019embouchure de la rivi\u00e8re l\u2019Assomption lors d\u2019une tourn\u00e9e de d\u00e9pistage. - l&#039;assomption Photo : Fondation Rivi\u00e8res\" srcset=\"https:\/\/fondationrivieres.org\/wp-content\/uploads\/2023\/09\/IMG_0149-1024x768.jpg 1024w, https:\/\/fondationrivieres.org\/wp-content\/uploads\/2023\/09\/IMG_0149-300x225.jpg 300w, https:\/\/fondationrivieres.org\/wp-content\/uploads\/2023\/09\/IMG_0149-768x576.jpg 768w, https:\/\/fondationrivieres.org\/wp-content\/uploads\/2023\/09\/IMG_0149-16x12.jpg 16w, https:\/\/fondationrivieres.org\/wp-content\/uploads\/2023\/09\/IMG_0149.jpg 1200w\" sizes=\"(max-width: 800px) 100vw, 800px\" \/><\/div><\/a>\n\t\t\t\t<div class=\"elementor-post__text\">\n\t\t\t\t<h4 class=\"elementor-post__title\">\n\t\t\t<a href=\"https:\/\/fondationrivieres.org\/en\/projets\/saint-laurent-lassomption-suivi-qualite-de-leau-depistage-sources-pollution\/\" >\n\t\t\t\tFleuve Saint-Laurent et rivi\u00e8re l\u2019Assomption \u2013 Suivi de la qualit\u00e9 de l\u2019eau et d\u00e9pistage de sources de pollution\t\t\t<\/a>\n\t\t<\/h4>\n\t\t\t\t\t<div class=\"elementor-post__read-more-wrapper\">\n\t\t\n\t\t<a class=\"elementor-post__read-more\" href=\"https:\/\/fondationrivieres.org\/en\/projets\/saint-laurent-lassomption-suivi-qualite-de-leau-depistage-sources-pollution\/\" aria-label=\"Read more about Fleuve Saint-Laurent et rivi\u00e8re l\u2019Assomption \u2013 Suivi de la qualit\u00e9 de l\u2019eau et d\u00e9pistage de sources de pollution\" tabindex=\"-1\" >\n\t\t\t\t\t<\/a>\n\n\t\t\t\t\t<\/div>\n\t\t\t\t<\/div>\n\t\t\t\t\t<\/div>\n\t\t<\/article>\n\t\t\t\t<article class=\"elementor-post elementor-grid-item post-59725 projets type-projets status-publish has-post-thumbnail hentry types-de-projets-depistage-de-sources-de-pollution types-de-projets-suivi-de-la-qualite-de-leau categories-de-projets-projets\" role=\"listitem\">\n\t\t\t<div class=\"elementor-post__card\">\n\t\t\t\t<a class=\"elementor-post__thumbnail__link\" href=\"https:\/\/fondationrivieres.org\/en\/projets\/riviere-du-nord-suivi-qualite-de-leau-2\/\" tabindex=\"-1\" ><div class=\"elementor-post__thumbnail\"><img loading=\"lazy\" decoding=\"async\" width=\"800\" height=\"600\" src=\"https:\/\/fondationrivieres.org\/wp-content\/uploads\/2023\/08\/Riviere-du-Nord_Credit-Fondation-Rivieres_2_hor-1024x768.jpg\" class=\"attachment-large size-large wp-image-59726\" alt=\"Rivi\u00e8re du Nord - Cr\u00e9dit : Fondation Rivi\u00e8res\" srcset=\"https:\/\/fondationrivieres.org\/wp-content\/uploads\/2023\/08\/Riviere-du-Nord_Credit-Fondation-Rivieres_2_hor-1024x768.jpg 1024w, https:\/\/fondationrivieres.org\/wp-content\/uploads\/2023\/08\/Riviere-du-Nord_Credit-Fondation-Rivieres_2_hor-300x225.jpg 300w, https:\/\/fondationrivieres.org\/wp-content\/uploads\/2023\/08\/Riviere-du-Nord_Credit-Fondation-Rivieres_2_hor-768x576.jpg 768w, https:\/\/fondationrivieres.org\/wp-content\/uploads\/2023\/08\/Riviere-du-Nord_Credit-Fondation-Rivieres_2_hor-16x12.jpg 16w, https:\/\/fondationrivieres.org\/wp-content\/uploads\/2023\/08\/Riviere-du-Nord_Credit-Fondation-Rivieres_2_hor.jpg 1133w\" sizes=\"(max-width: 800px) 100vw, 800px\" \/><\/div><\/a>\n\t\t\t\t<div class=\"elementor-post__text\">\n\t\t\t\t<h4 class=\"elementor-post__title\">\n\t\t\t<a href=\"https:\/\/fondationrivieres.org\/en\/projets\/riviere-du-nord-suivi-qualite-de-leau-2\/\" >\n\t\t\t\tRivi\u00e8re du Nord \u2013 Suivi de la qualit\u00e9 de l\u2019eau (Saint-J\u00e9r\u00f4me et Pr\u00e9vost)\t\t\t<\/a>\n\t\t<\/h4>\n\t\t\t\t\t<div class=\"elementor-post__read-more-wrapper\">\n\t\t\n\t\t<a class=\"elementor-post__read-more\" href=\"https:\/\/fondationrivieres.org\/en\/projets\/riviere-du-nord-suivi-qualite-de-leau-2\/\" aria-label=\"Read more about Rivi\u00e8re du Nord \u2013 Suivi de la qualit\u00e9 de l\u2019eau (Saint-J\u00e9r\u00f4me et Pr\u00e9vost)\" tabindex=\"-1\" >\n\t\t\t\t\t<\/a>\n\n\t\t\t\t\t<\/div>\n\t\t\t\t<\/div>\n\t\t\t\t\t<\/div>\n\t\t<\/article>\n\t\t\t\t<article class=\"elementor-post elementor-grid-item post-57446 projets type-projets status-publish has-post-thumbnail hentry types-de-projets-depistage-de-sources-de-pollution types-de-projets-suivi-de-la-qualite-de-leau categories-de-projets-projets\" role=\"listitem\">\n\t\t\t<div class=\"elementor-post__card\">\n\t\t\t\t<a class=\"elementor-post__thumbnail__link\" href=\"https:\/\/fondationrivieres.org\/en\/projets\/chambly-suivi-qualite-de-leau-depistage-source-pollution\/\" tabindex=\"-1\" ><div class=\"elementor-post__thumbnail\"><img loading=\"lazy\" decoding=\"async\" width=\"800\" height=\"600\" src=\"https:\/\/fondationrivieres.org\/wp-content\/uploads\/2023\/06\/CN-1024x768.jpg\" class=\"attachment-large size-large wp-image-57447\" alt=\"Le bassin de Chambly, au centre nautique Gervais-D\u00e9sourdy. Photo : Fondation Rivi\u00e8res\" srcset=\"https:\/\/fondationrivieres.org\/wp-content\/uploads\/2023\/06\/CN-1024x768.jpg 1024w, https:\/\/fondationrivieres.org\/wp-content\/uploads\/2023\/06\/CN-300x225.jpg 300w, https:\/\/fondationrivieres.org\/wp-content\/uploads\/2023\/06\/CN-768x576.jpg 768w, https:\/\/fondationrivieres.org\/wp-content\/uploads\/2023\/06\/CN-1536x1152.jpg 1536w, https:\/\/fondationrivieres.org\/wp-content\/uploads\/2023\/06\/CN-2048x1536.jpg 2048w, https:\/\/fondationrivieres.org\/wp-content\/uploads\/2023\/06\/CN-16x12.jpg 16w\" sizes=\"(max-width: 800px) 100vw, 800px\" \/><\/div><\/a>\n\t\t\t\t<div class=\"elementor-post__text\">\n\t\t\t\t<h4 class=\"elementor-post__title\">\n\t\t\t<a href=\"https:\/\/fondationrivieres.org\/en\/projets\/chambly-suivi-qualite-de-leau-depistage-source-pollution\/\" >\n\t\t\t\tBassin de Chambly \u2013 Suivi de la qualit\u00e9 de l\u2019eau et d\u00e9pistage de sources de pollution\t\t\t<\/a>\n\t\t<\/h4>\n\t\t\t\t\t<div class=\"elementor-post__read-more-wrapper\">\n\t\t\n\t\t<a class=\"elementor-post__read-more\" href=\"https:\/\/fondationrivieres.org\/en\/projets\/chambly-suivi-qualite-de-leau-depistage-source-pollution\/\" aria-label=\"Read more about Bassin de Chambly \u2013 Suivi de la qualit\u00e9 de l\u2019eau et d\u00e9pistage de sources de pollution\" tabindex=\"-1\" >\n\t\t\t\t\t<\/a>\n\n\t\t\t\t\t<\/div>\n\t\t\t\t<\/div>\n\t\t\t\t\t<\/div>\n\t\t<\/article>\n\t\t\t\t<article class=\"elementor-post elementor-grid-item post-57428 projets type-projets status-publish has-post-thumbnail hentry types-de-projets-depistage-de-sources-de-pollution types-de-projets-suivi-de-la-qualite-de-leau categories-de-projets-projets\" role=\"listitem\">\n\t\t\t<div class=\"elementor-post__card\">\n\t\t\t\t<a class=\"elementor-post__thumbnail__link\" href=\"https:\/\/fondationrivieres.org\/en\/projets\/riviere-chateauguay-qualite-de-leau-depistage-sources-pollution\/\" tabindex=\"-1\" ><div class=\"elementor-post__thumbnail\"><img loading=\"lazy\" decoding=\"async\" width=\"800\" height=\"600\" src=\"https:\/\/fondationrivieres.org\/wp-content\/uploads\/2023\/06\/M3-15-septembre-2022-1-1024x768.jpg\" class=\"attachment-large size-large wp-image-57432\" alt=\"La rivi\u00e8re Ch\u00e2teauguay \u00e0 Mercier. Photo : Fondation Rivi\u00e8res\" srcset=\"https:\/\/fondationrivieres.org\/wp-content\/uploads\/2023\/06\/M3-15-septembre-2022-1-1024x768.jpg 1024w, https:\/\/fondationrivieres.org\/wp-content\/uploads\/2023\/06\/M3-15-septembre-2022-1-300x225.jpg 300w, https:\/\/fondationrivieres.org\/wp-content\/uploads\/2023\/06\/M3-15-septembre-2022-1-768x576.jpg 768w, https:\/\/fondationrivieres.org\/wp-content\/uploads\/2023\/06\/M3-15-septembre-2022-1-1536x1152.jpg 1536w, https:\/\/fondationrivieres.org\/wp-content\/uploads\/2023\/06\/M3-15-septembre-2022-1-16x12.jpg 16w, https:\/\/fondationrivieres.org\/wp-content\/uploads\/2023\/06\/M3-15-septembre-2022-1-e1691595697460.jpg 1200w\" sizes=\"(max-width: 800px) 100vw, 800px\" \/><\/div><\/a>\n\t\t\t\t<div class=\"elementor-post__text\">\n\t\t\t\t<h4 class=\"elementor-post__title\">\n\t\t\t<a href=\"https:\/\/fondationrivieres.org\/en\/projets\/riviere-chateauguay-qualite-de-leau-depistage-sources-pollution\/\" >\n\t\t\t\tRivi\u00e8re Ch\u00e2teauguay \u2013 Suivi de la qualit\u00e9 de l\u2019eau et d\u00e9pistage de sources de pollution, phase 2\t\t\t<\/a>\n\t\t<\/h4>\n\t\t\t\t\t<div class=\"elementor-post__read-more-wrapper\">\n\t\t\n\t\t<a class=\"elementor-post__read-more\" href=\"https:\/\/fondationrivieres.org\/en\/projets\/riviere-chateauguay-qualite-de-leau-depistage-sources-pollution\/\" aria-label=\"Read more about Rivi\u00e8re Ch\u00e2teauguay \u2013 Suivi de la qualit\u00e9 de l\u2019eau et d\u00e9pistage de sources de pollution, phase 2\" tabindex=\"-1\" >\n\t\t\t\t\t<\/a>\n\n\t\t\t\t\t<\/div>\n\t\t\t\t<\/div>\n\t\t\t\t\t<\/div>\n\t\t<\/article>\n\t\t\t\t<article class=\"elementor-post elementor-grid-item post-50597 projets type-projets status-publish has-post-thumbnail hentry types-de-projets-depistage-de-sources-de-pollution types-de-projets-suivi-de-la-qualite-de-leau categories-de-projets-projets\" role=\"listitem\">\n\t\t\t<div class=\"elementor-post__card\">\n\t\t\t\t<a class=\"elementor-post__thumbnail__link\" href=\"https:\/\/fondationrivieres.org\/en\/projets\/riviere-du-nord-suivi-qualite-de-leau-depistage-pollution\/\" tabindex=\"-1\" ><div class=\"elementor-post__thumbnail\"><img loading=\"lazy\" decoding=\"async\" width=\"800\" height=\"600\" src=\"https:\/\/fondationrivieres.org\/wp-content\/uploads\/2021\/11\/Cover_StJerome_Riviere-du-Nord-1024x768.jpg\" class=\"attachment-large size-large wp-image-62679\" alt=\"Rivi\u00e8re du Nord_Saint-J\u00e9r\u00f4me_Suivi de la qualit\u00e9 de l&#039;eau_sources de pollution_Fondation Rivi\u00e8res\" srcset=\"https:\/\/fondationrivieres.org\/wp-content\/uploads\/2021\/11\/Cover_StJerome_Riviere-du-Nord-1024x768.jpg 1024w, https:\/\/fondationrivieres.org\/wp-content\/uploads\/2021\/11\/Cover_StJerome_Riviere-du-Nord-300x225.jpg 300w, https:\/\/fondationrivieres.org\/wp-content\/uploads\/2021\/11\/Cover_StJerome_Riviere-du-Nord-768x576.jpg 768w, https:\/\/fondationrivieres.org\/wp-content\/uploads\/2021\/11\/Cover_StJerome_Riviere-du-Nord-16x12.jpg 16w, https:\/\/fondationrivieres.org\/wp-content\/uploads\/2021\/11\/Cover_StJerome_Riviere-du-Nord.jpg 1500w\" sizes=\"(max-width: 800px) 100vw, 800px\" \/><\/div><\/a>\n\t\t\t\t<div class=\"elementor-post__text\">\n\t\t\t\t<h4 class=\"elementor-post__title\">\n\t\t\t<a href=\"https:\/\/fondationrivieres.org\/en\/projets\/riviere-du-nord-suivi-qualite-de-leau-depistage-pollution\/\" >\n\t\t\t\tRivi\u00e8re du Nord \u2013 Suivi de la qualit\u00e9 de l\u2019eau et d\u00e9pistage de sources de pollution (Saint-J\u00e9r\u00f4me)\t\t\t<\/a>\n\t\t<\/h4>\n\t\t\t\t\t<div class=\"elementor-post__read-more-wrapper\">\n\t\t\n\t\t<a class=\"elementor-post__read-more\" href=\"https:\/\/fondationrivieres.org\/en\/projets\/riviere-du-nord-suivi-qualite-de-leau-depistage-pollution\/\" aria-label=\"Read more about Rivi\u00e8re du Nord \u2013 Suivi de la qualit\u00e9 de l\u2019eau et d\u00e9pistage de sources de pollution (Saint-J\u00e9r\u00f4me)\" tabindex=\"-1\" >\n\t\t\t\t\t<\/a>\n\n\t\t\t\t\t<\/div>\n\t\t\t\t<\/div>\n\t\t\t\t\t<\/div>\n\t\t<\/article>\n\t\t\t\t<\/div>\n\t\t\n\t\t\t\t\t\t<\/div>\n\t\t\t\t<\/div>\n\t\t\t\t<div class=\"elementor-element elementor-element-47e6eb1 elementor-widget elementor-widget-spacer\" data-id=\"47e6eb1\" data-element_type=\"widget\" data-e-type=\"widget\" data-widget_type=\"spacer.default\">\n\t\t\t\t<div class=\"elementor-widget-container\">\n\t\t\t\t\t\t\t<div class=\"elementor-spacer\">\n\t\t\t<div class=\"elementor-spacer-inner\"><\/div>\n\t\t<\/div>\n\t\t\t\t\t\t<\/div>\n\t\t\t\t<\/div>\n\t\t\t\t\t<\/div>\n\t\t\t\t<\/div>\n\t\t<div class=\"elementor-element elementor-element-e5c71c3 e-flex e-con-boxed e-con e-parent\" data-id=\"e5c71c3\" data-element_type=\"container\" data-e-type=\"container\" data-settings=\"{&quot;jet_parallax_layout_list&quot;:[],&quot;background_background&quot;:&quot;classic&quot;}\">\n\t\t\t\t\t<div class=\"e-con-inner\">\n\t\t<div class=\"elementor-element elementor-element-4891971 e-con-full e-flex e-con e-child\" data-id=\"4891971\" data-element_type=\"container\" data-e-type=\"container\" data-settings=\"{&quot;jet_parallax_layout_list&quot;:[]}\">\n\t\t\t\t<div class=\"elementor-element elementor-element-68f9518 elementor-widget elementor-widget-heading\" data-id=\"68f9518\" data-element_type=\"widget\" data-e-type=\"widget\" data-widget_type=\"heading.default\">\n\t\t\t\t<div class=\"elementor-widget-container\">\n\t\t\t\t\t<h2 class=\"elementor-heading-title elementor-size-default\">Nos projets vous int\u00e9ressent ? d\u00e9couvrez nos services-conseils !<\/h2>\t\t\t\t<\/div>\n\t\t\t\t<\/div>\n\t\t\t\t<div class=\"elementor-element elementor-element-edba6d9 elementor-widget elementor-widget-text-editor\" data-id=\"edba6d9\" data-element_type=\"widget\" data-e-type=\"widget\" data-widget_type=\"text-editor.default\">\n\t\t\t\t<div class=\"elementor-widget-container\">\n\t\t\t\t\t\t\t\t\t<p>Notre \u00e9quipe \u00e9value et recommande des am\u00e9liorations aux syst\u00e8mes d\u2019assainissement des eaux, effectue du d\u00e9pistage de sources de pollution et assure des suivis de la qualit\u00e9 de l\u2019eau.<\/p>\t\t\t\t\t\t\t\t<\/div>\n\t\t\t\t<\/div>\n\t\t\t\t<div class=\"elementor-element elementor-element-c016e68 elementor-widget elementor-widget-jet-image-accordion\" data-id=\"c016e68\" data-element_type=\"widget\" data-e-type=\"widget\" data-widget_type=\"jet-image-accordion.default\">\n\t\t\t\t<div class=\"elementor-widget-container\">\n\t\t\t\t\t<div class=\"elementor-jet-image-accordion jet-tabs-addons\"><div class=\"jet-image-accordion jet-image-accordion-vertical-orientation jet-image-accordion-circ-ease\" role=\"tablist\" data-settings=\"{&quot;orientation&quot;:&quot;vertical&quot;,&quot;activeSize&quot;:{&quot;unit&quot;:&quot;%&quot;,&quot;size&quot;:60,&quot;sizes&quot;:[]},&quot;duration&quot;:500,&quot;activeItem&quot;:0}\">\n\t<div class=\"jet-image-accordion__list\">\n<div class=\"jet-image-accordion__item title-display-mode__on_hover\" role=\"tab\" aria-selected=\"false\" tabindex=\"0\">\n<img decoding=\"async\" class=\"jet-image-accordion__image-instance\" src=\"https:\/\/fondationrivieres.org\/wp-content\/uploads\/2022\/11\/erlend-ekseth-0a5VbkqqFFE-unsplash-1024x646.jpg\" alt=\"Paysage - cours d&#039;eau - ouvrage - Evaluation des syst\u00e8mes de traitement des eaux us\u00e9es.\">\n\t\n\t<div class=\"jet-image-accordion__content\">\n\t\t<h3 class=\"jet-image-accordion__title\">\u00c9valuation des syst\u00e8mes de traitement des eaux us\u00e9es<\/h3><div class=\"jet-image-accordion__desc\">Services-conseils afin d\u2019am\u00e9liorer la performance des syst\u00e8mes de traitement des eaux us\u00e9es<\/div><a class=\"elementor-button elementor-size-md jet-image-accordion__button\" role=\"button\" tabindex=\"0\" href=\"https:\/\/fondationrivieres.org\/notre-expertise\/services-conseils\/evaluation-systemes-traitement-eaux-usees\/\">En savoir plus<\/a><\/div>\n\t<div class=\"jet-image-accordion__item-loader\"><span><\/span><\/div>\n<\/div>\n<div class=\"jet-image-accordion__item title-display-mode__on_hover\" role=\"tab\" aria-selected=\"false\" tabindex=\"0\">\n<img decoding=\"async\" class=\"jet-image-accordion__image-instance\" src=\"https:\/\/fondationrivieres.org\/wp-content\/uploads\/2023\/01\/Suivi-qualite-de-leau-et-depistage_riviere-du-Nord.jpg\" alt=\"Suivi qualit\u00e9 de l&#039;eau et d\u00e9pistage dans la rivi\u00e8re du Nord (2021)\">\n\t\n\t<div class=\"jet-image-accordion__content\">\n\t\t<h3 class=\"jet-image-accordion__title\">D\u00e9pistage de sources de pollution<\/h3><div class=\"jet-image-accordion__desc\">Services techniques de d\u00e9pistage des sources inconnues de contamination des cours d\u2019eau.<\/div><a class=\"elementor-button elementor-size-md jet-image-accordion__button\" role=\"button\" tabindex=\"0\" href=\"https:\/\/fondationrivieres.org\/notre-expertise\/services-conseils\/depistage-sources-pollution\/\">En savoir plus<\/a><\/div>\n\t<div class=\"jet-image-accordion__item-loader\"><span><\/span><\/div>\n<\/div>\n<div class=\"jet-image-accordion__item title-display-mode__on_hover\" role=\"tab\" aria-selected=\"false\" tabindex=\"0\">\n<img decoding=\"async\" class=\"jet-image-accordion__image-instance\" src=\"https:\/\/fondationrivieres.org\/wp-content\/uploads\/2023\/01\/Echantillons-e1674162182998-1024x621.jpg\" alt=\"\u00c9chantillons - suivi de la qualit\u00e9 de l&#039;eau\">\n\t\n\t<div class=\"jet-image-accordion__content\">\n\t\t<h3 class=\"jet-image-accordion__title\">Suivi de la qualit\u00e9 de l'eau<\/h3><div class=\"jet-image-accordion__desc\">Le Grand Splash a pour objectif de sensibiliser un large public, ainsi que les d\u00e9cideurs et \u00e9lu.e.s municipaux, \u00e0 l\u2019importance d\u2019am\u00e9nager des acc\u00e8s publics \u00e0 la baignade sur les rivi\u00e8res et aussi, d\u2019assurer la qualit\u00e9 de l\u2019eau.<\/div><a class=\"elementor-button elementor-size-md jet-image-accordion__button\" role=\"button\" tabindex=\"0\" href=\"https:\/\/fondationrivieres.org\/notre-expertise\/services-conseils\/suivi-de-la-qualite-de-leau\/\">En savoir plus<\/a><\/div>\n\t<div class=\"jet-image-accordion__item-loader\"><span><\/span><\/div>\n<\/div>\n<\/div>\n<\/div>\n<\/div>\t\t\t\t<\/div>\n\t\t\t\t<\/div>\n\t\t\t\t<div class=\"elementor-element elementor-element-0c3cbf3 elementor-align-center elementor-widget elementor-widget-button\" data-id=\"0c3cbf3\" data-element_type=\"widget\" data-e-type=\"widget\" data-widget_type=\"button.default\">\n\t\t\t\t<div class=\"elementor-widget-container\">\n\t\t\t\t\t\t\t\t\t<div class=\"elementor-button-wrapper\">\n\t\t\t\t\t<a class=\"elementor-button elementor-button-link elementor-size-sm\" href=\"https:\/\/fondationrivieres.org\/notre-expertise\/services-conseils\/\">\n\t\t\t\t\t\t<span class=\"elementor-button-content-wrapper\">\n\t\t\t\t\t\t<span class=\"elementor-button-icon\">\n\t\t\t\t<i aria-hidden=\"true\" class=\"fas fa-arrow-right\"><\/i>\t\t\t<\/span>\n\t\t\t\t\t\t\t\t\t<span class=\"elementor-button-text\">Nos services-conseils<\/span>\n\t\t\t\t\t<\/span>\n\t\t\t\t\t<\/a>\n\t\t\t\t<\/div>\n\t\t\t\t\t\t\t\t<\/div>\n\t\t\t\t<\/div>\n\t\t\t\t<\/div>\n\t\t\t\t\t<\/div>\n\t\t\t\t<\/div>\n\t\t<div class=\"elementor-element elementor-element-0e7a013 e-flex e-con-boxed e-con e-parent\" data-id=\"0e7a013\" data-element_type=\"container\" data-e-type=\"container\" data-settings=\"{&quot;jet_parallax_layout_list&quot;:[{&quot;_id&quot;:&quot;521674d&quot;,&quot;jet_parallax_layout_image&quot;:{&quot;url&quot;:&quot;&quot;,&quot;id&quot;:&quot;&quot;,&quot;size&quot;:&quot;&quot;},&quot;jet_parallax_layout_image_tablet&quot;:{&quot;url&quot;:&quot;&quot;,&quot;id&quot;:&quot;&quot;,&quot;size&quot;:&quot;&quot;},&quot;jet_parallax_layout_image_mobile&quot;:{&quot;url&quot;:&quot;&quot;,&quot;id&quot;:&quot;&quot;,&quot;size&quot;:&quot;&quot;},&quot;jet_parallax_layout_speed&quot;:{&quot;unit&quot;:&quot;%&quot;,&quot;size&quot;:50,&quot;sizes&quot;:[]},&quot;jet_parallax_layout_type&quot;:&quot;scroll&quot;,&quot;jet_parallax_layout_direction&quot;:&quot;1&quot;,&quot;jet_parallax_layout_fx_direction&quot;:null,&quot;jet_parallax_layout_z_index&quot;:&quot;&quot;,&quot;jet_parallax_layout_bg_x&quot;:50,&quot;jet_parallax_layout_bg_x_tablet&quot;:&quot;&quot;,&quot;jet_parallax_layout_bg_x_mobile&quot;:&quot;&quot;,&quot;jet_parallax_layout_bg_y&quot;:50,&quot;jet_parallax_layout_bg_y_tablet&quot;:&quot;&quot;,&quot;jet_parallax_layout_bg_y_mobile&quot;:&quot;&quot;,&quot;jet_parallax_layout_bg_size&quot;:&quot;auto&quot;,&quot;jet_parallax_layout_bg_size_tablet&quot;:&quot;&quot;,&quot;jet_parallax_layout_bg_size_mobile&quot;:&quot;&quot;,&quot;jet_parallax_layout_animation_prop&quot;:&quot;transform&quot;,&quot;jet_parallax_layout_on&quot;:[&quot;desktop&quot;,&quot;tablet&quot;]}],&quot;background_background&quot;:&quot;classic&quot;}\">\n\t\t\t\t\t<div class=\"e-con-inner\">\n\t\t<div class=\"elementor-element elementor-element-33f4291 e-con-full e-flex e-con e-child\" data-id=\"33f4291\" data-element_type=\"container\" data-e-type=\"container\" data-settings=\"{&quot;jet_parallax_layout_list&quot;:[],&quot;background_background&quot;:&quot;classic&quot;}\">\n\t\t\t\t<div class=\"elementor-element elementor-element-9e6b2f3 elementor-view-default elementor-widget elementor-widget-icon\" data-id=\"9e6b2f3\" data-element_type=\"widget\" data-e-type=\"widget\" data-widget_type=\"icon.default\">\n\t\t\t\t<div class=\"elementor-widget-container\">\n\t\t\t\t\t\t\t<div class=\"elementor-icon-wrapper\">\n\t\t\t<a class=\"elementor-icon\" href=\"https:\/\/fondationrivieres.org\/la-fondation\/contactez-nous\/\">\n\t\t\t<i aria-hidden=\"true\" class=\"far fa-question-circle\"><\/i>\t\t\t<\/a>\n\t\t<\/div>\n\t\t\t\t\t\t<\/div>\n\t\t\t\t<\/div>\n\t\t\t\t<div class=\"elementor-element elementor-element-b6a4161 elementor-widget elementor-widget-text-editor\" data-id=\"b6a4161\" data-element_type=\"widget\" data-e-type=\"widget\" data-widget_type=\"text-editor.default\">\n\t\t\t\t<div class=\"elementor-widget-container\">\n\t\t\t\t\t\t\t\t\t<p><span style=\"color: #ffffff;\">Pour toute question, concernant notre expertise \u00e0 la Fondation Rivi\u00e8res, veuillez communiquer avec notre conseiller en valorisation de donn\u00e9es et qualit\u00e9 de l&rsquo;eau, <strong>Gabriel Cliche au 514-272-2666, poste 303<\/strong><\/span><\/p>\t\t\t\t\t\t\t\t<\/div>\n\t\t\t\t<\/div>\n\t\t\t\t<\/div>\n\t\t\t\t\t<\/div>\n\t\t\t\t<\/div>\n\t\t\t\t<\/div>\n\t\t","protected":false},"excerpt":{"rendered":"<p>Fondation Rivi\u00e8res Nos mandats D\u00e9couvrez nos \u00e9tudes et rapports La Fondation Rivi\u00e8res a r\u00e9alis\u00e9 une vingtaine de projets aupr\u00e8s de municipalit\u00e9s, d&rsquo;organismes de bassins versants<\/p>","protected":false},"author":2,"featured_media":46109,"parent":344,"menu_order":0,"comment_status":"closed","ping_status":"closed","template":"","meta":{"footnotes":""},"class_list":["post-45318","page","type-page","status-publish","has-post-thumbnail","hentry"],"_links":{"self":[{"href":"https:\/\/fondationrivieres.org\/en\/wp-json\/wp\/v2\/pages\/45318","targetHints":{"allow":["GET"]}}],"collection":[{"href":"https:\/\/fondationrivieres.org\/en\/wp-json\/wp\/v2\/pages"}],"about":[{"href":"https:\/\/fondationrivieres.org\/en\/wp-json\/wp\/v2\/types\/page"}],"author":[{"embeddable":true,"href":"https:\/\/fondationrivieres.org\/en\/wp-json\/wp\/v2\/users\/2"}],"replies":[{"embeddable":true,"href":"https:\/\/fondationrivieres.org\/en\/wp-json\/wp\/v2\/comments?post=45318"}],"version-history":[{"count":18,"href":"https:\/\/fondationrivieres.org\/en\/wp-json\/wp\/v2\/pages\/45318\/revisions"}],"predecessor-version":[{"id":75140,"href":"https:\/\/fondationrivieres.org\/en\/wp-json\/wp\/v2\/pages\/45318\/revisions\/75140"}],"up":[{"embeddable":true,"href":"https:\/\/fondationrivieres.org\/en\/wp-json\/wp\/v2\/pages\/344"}],"wp:featuredmedia":[{"embeddable":true,"href":"https:\/\/fondationrivieres.org\/en\/wp-json\/wp\/v2\/media\/46109"}],"wp:attachment":[{"href":"https:\/\/fondationrivieres.org\/en\/wp-json\/wp\/v2\/media?parent=45318"}],"curies":[{"name":"wp","href":"https:\/\/api.w.org\/{rel}","templated":true}]}}