{"id":45272,"date":"2022-09-23T09:52:13","date_gmt":"2022-09-23T13:52:13","guid":{"rendered":"https:\/\/sandbox.cdgdeveloppeur.com\/web\/fondationrivieres_dev\/?page_id=45272"},"modified":"2026-04-24T10:56:35","modified_gmt":"2026-04-24T14:56:35","slug":"revue-de-presse","status":"publish","type":"page","link":"https:\/\/fondationrivieres.org\/en\/actualites-et-ressources\/revue-de-presse\/","title":{"rendered":"Press review"},"content":{"rendered":"\t\t<div data-elementor-type=\"wp-page\" data-elementor-id=\"45272\" class=\"elementor elementor-45272\" data-elementor-post-type=\"page\">\n\t\t\t\t<div class=\"elementor-element elementor-element-bd744bc e-flex e-con-boxed e-con e-parent\" data-id=\"bd744bc\" data-element_type=\"container\" data-e-type=\"container\" data-settings=\"{&quot;jet_parallax_layout_list&quot;:[{&quot;_id&quot;:&quot;563e08e&quot;,&quot;jet_parallax_layout_image&quot;:{&quot;url&quot;:&quot;&quot;,&quot;id&quot;:&quot;&quot;,&quot;size&quot;:&quot;&quot;},&quot;jet_parallax_layout_image_tablet&quot;:{&quot;url&quot;:&quot;&quot;,&quot;id&quot;:&quot;&quot;,&quot;size&quot;:&quot;&quot;},&quot;jet_parallax_layout_image_mobile&quot;:{&quot;url&quot;:&quot;&quot;,&quot;id&quot;:&quot;&quot;,&quot;size&quot;:&quot;&quot;},&quot;jet_parallax_layout_speed&quot;:{&quot;unit&quot;:&quot;%&quot;,&quot;size&quot;:50,&quot;sizes&quot;:[]},&quot;jet_parallax_layout_type&quot;:&quot;scroll&quot;,&quot;jet_parallax_layout_direction&quot;:&quot;1&quot;,&quot;jet_parallax_layout_fx_direction&quot;:null,&quot;jet_parallax_layout_z_index&quot;:&quot;&quot;,&quot;jet_parallax_layout_bg_x&quot;:50,&quot;jet_parallax_layout_bg_x_tablet&quot;:&quot;&quot;,&quot;jet_parallax_layout_bg_x_mobile&quot;:&quot;&quot;,&quot;jet_parallax_layout_bg_y&quot;:50,&quot;jet_parallax_layout_bg_y_tablet&quot;:&quot;&quot;,&quot;jet_parallax_layout_bg_y_mobile&quot;:&quot;&quot;,&quot;jet_parallax_layout_bg_size&quot;:&quot;auto&quot;,&quot;jet_parallax_layout_bg_size_tablet&quot;:&quot;&quot;,&quot;jet_parallax_layout_bg_size_mobile&quot;:&quot;&quot;,&quot;jet_parallax_layout_animation_prop&quot;:&quot;transform&quot;,&quot;jet_parallax_layout_on&quot;:[&quot;desktop&quot;,&quot;tablet&quot;]}],&quot;background_background&quot;:&quot;classic&quot;}\">\n\t\t\t\t\t<div class=\"e-con-inner\">\n\t\t<div class=\"elementor-element elementor-element-5329bfe e-con-full elementor-hidden-tablet elementor-hidden-mobile e-flex e-con e-child\" data-id=\"5329bfe\" data-element_type=\"container\" data-e-type=\"container\" data-settings=\"{&quot;background_background&quot;:&quot;classic&quot;,&quot;jet_parallax_layout_list&quot;:[]}\">\n\t\t\t\t<div class=\"elementor-element elementor-element-017d274 elementor-hidden-tablet elementor-hidden-mobile elementor-widget elementor-widget-jet-breadcrumbs\" data-id=\"017d274\" data-element_type=\"widget\" data-e-type=\"widget\" data-widget_type=\"jet-breadcrumbs.default\">\n\t\t\t\t<div class=\"elementor-widget-container\">\n\t\t\t\t\t<div class=\"elementor-jet-breadcrumbs jet-blocks\">\n\t\t<div class=\"jet-breadcrumbs\">\n\t\t<div class=\"jet-breadcrumbs__content\">\n\t\t<div class=\"jet-breadcrumbs__wrap\"><div class=\"jet-breadcrumbs__item\"><a href=\"https:\/\/fondationrivieres.org\/en\/\" class=\"jet-breadcrumbs__item-link is-home\" rel=\"home\" title=\"Fondation Rivi\u00e8res\">Fondation Rivi\u00e8res<\/a><\/div>\n\t\t<\/div>\n\t\t<\/div>\n\t\t<\/div><\/div>\t\t\t\t<\/div>\n\t\t\t\t<\/div>\n\t\t\t\t<div class=\"elementor-element elementor-element-be2a344 elementor-widget elementor-widget-heading\" data-id=\"be2a344\" data-element_type=\"widget\" data-e-type=\"widget\" data-widget_type=\"heading.default\">\n\t\t\t\t<div class=\"elementor-widget-container\">\n\t\t\t\t\t<h1 class=\"elementor-heading-title elementor-size-default\">Revue de presse<\/h1>\t\t\t\t<\/div>\n\t\t\t\t<\/div>\n\t\t\t\t<div class=\"elementor-element elementor-element-7817c04 elementor-widget-divider--view-line elementor-widget elementor-widget-divider\" data-id=\"7817c04\" data-element_type=\"widget\" data-e-type=\"widget\" data-widget_type=\"divider.default\">\n\t\t\t\t<div class=\"elementor-widget-container\">\n\t\t\t\t\t\t\t<div class=\"elementor-divider\">\n\t\t\t<span class=\"elementor-divider-separator\">\n\t\t\t\t\t\t<\/span>\n\t\t<\/div>\n\t\t\t\t\t\t<\/div>\n\t\t\t\t<\/div>\n\t\t\t\t<\/div>\n\t\t\t\t\t<\/div>\n\t\t\t\t<\/div>\n\t\t<div class=\"elementor-element elementor-element-9bfc178 e-flex e-con-boxed e-con e-parent\" data-id=\"9bfc178\" data-element_type=\"container\" data-e-type=\"container\" data-settings=\"{&quot;jet_parallax_layout_list&quot;:[]}\">\n\t\t\t\t\t<div class=\"e-con-inner\">\n\t\t\t\t<div class=\"elementor-element elementor-element-a1e5a94 elementor-widget elementor-widget-spacer\" data-id=\"a1e5a94\" data-element_type=\"widget\" data-e-type=\"widget\" data-widget_type=\"spacer.default\">\n\t\t\t\t<div class=\"elementor-widget-container\">\n\t\t\t\t\t\t\t<div class=\"elementor-spacer\">\n\t\t\t<div class=\"elementor-spacer-inner\"><\/div>\n\t\t<\/div>\n\t\t\t\t\t\t<\/div>\n\t\t\t\t<\/div>\n\t\t\t\t<div class=\"elementor-element elementor-element-ec58e61 elementor-widget elementor-widget-heading\" data-id=\"ec58e61\" data-element_type=\"widget\" data-e-type=\"widget\" data-widget_type=\"heading.default\">\n\t\t\t\t<div class=\"elementor-widget-container\">\n\t\t\t\t\t<h2 class=\"elementor-heading-title elementor-size-default\">La Fondation Rivi\u00e8res dans les m\u00e9dias\n<\/h2>\t\t\t\t<\/div>\n\t\t\t\t<\/div>\n\t\t\t\t<div class=\"elementor-element elementor-element-1157a8e elementor-widget elementor-widget-spacer\" data-id=\"1157a8e\" data-element_type=\"widget\" data-e-type=\"widget\" data-widget_type=\"spacer.default\">\n\t\t\t\t<div class=\"elementor-widget-container\">\n\t\t\t\t\t\t\t<div class=\"elementor-spacer\">\n\t\t\t<div class=\"elementor-spacer-inner\"><\/div>\n\t\t<\/div>\n\t\t\t\t\t\t<\/div>\n\t\t\t\t<\/div>\n\t\t\t\t<div class=\"elementor-element elementor-element-6e68667 elementor-widget elementor-widget-heading\" data-id=\"6e68667\" data-element_type=\"widget\" data-e-type=\"widget\" data-widget_type=\"heading.default\">\n\t\t\t\t<div class=\"elementor-widget-container\">\n\t\t\t\t\t<h3 class=\"elementor-heading-title elementor-size-default\">La Fondation Rivi\u00e8res est un organisme \u00e0 but non lucratif consacr\u00e9 \u00e0 la protection des rivi\u00e8res et des cours d'eau du Qu\u00e9bec.\u00a0<\/h3>\t\t\t\t<\/div>\n\t\t\t\t<\/div>\n\t\t\t\t<div class=\"elementor-element elementor-element-a6e4533 elementor-widget elementor-widget-spacer\" data-id=\"a6e4533\" data-element_type=\"widget\" data-e-type=\"widget\" data-widget_type=\"spacer.default\">\n\t\t\t\t<div class=\"elementor-widget-container\">\n\t\t\t\t\t\t\t<div class=\"elementor-spacer\">\n\t\t\t<div class=\"elementor-spacer-inner\"><\/div>\n\t\t<\/div>\n\t\t\t\t\t\t<\/div>\n\t\t\t\t<\/div>\n\t\t\t\t<div class=\"elementor-element elementor-element-f472d4c elementor-widget elementor-widget-text-editor\" data-id=\"f472d4c\" data-element_type=\"widget\" data-e-type=\"widget\" data-widget_type=\"text-editor.default\">\n\t\t\t\t<div class=\"elementor-widget-container\">\n\t\t\t\t\t\t\t\t\t<p>Retrouvez les articles de presse portant sur ses projets et ses r\u00e9actions aux enjeux comme la construction d&rsquo;\u00e9ventuels barrages hydro\u00e9lectriques, les rejets d&rsquo;eaux us\u00e9es municipales, ainsi que tout autre enjeu li\u00e9 \u00e0 sa mission.<\/p><p>La revue de presse est une ressource utile pour les journalistes, les \u00e9tudiant.e.s, les membres, ainsi que toute personne qui s&rsquo;int\u00e9resse aux actions de la Fondation et \u00e0 ce qu&rsquo;elle d\u00e9fend.<\/p>\t\t\t\t\t\t\t\t<\/div>\n\t\t\t\t<\/div>\n\t\t\t\t<div class=\"elementor-element elementor-element-c5c94fd elementor-widget elementor-widget-jet-accordion\" data-id=\"c5c94fd\" data-element_type=\"widget\" data-e-type=\"widget\" data-widget_type=\"jet-accordion.default\">\n\t\t\t\t<div class=\"elementor-widget-container\">\n\t\t\t\t\t\t\t\t\t<div class=\"jet-accordion\" data-settings=\"{&quot;collapsible&quot;:false,&quot;ajaxTemplate&quot;:false,&quot;switchScrolling&quot;:false,&quot;switchScrollingTablet&quot;:false,&quot;switchScrollingMobile&quot;:false,&quot;switchScrollingOffset&quot;:{&quot;size&quot;:0,&quot;unit&quot;:&quot;px&quot;},&quot;switchScrollingOffsetTablet&quot;:{&quot;size&quot;:0,&quot;unit&quot;:&quot;px&quot;},&quot;switchScrollingOffsetMobile&quot;:{&quot;size&quot;:0,&quot;unit&quot;:&quot;px&quot;},&quot;switchScrollingDelay&quot;:500,&quot;switchScrollingDelayTablet&quot;:500,&quot;switchScrollingDelayMobile&quot;:500}\">\n\t\t\t<div class=\"jet-accordion__inner\">\n\t\t\t\t<div class=\" jet-accordion__item jet-toggle jet-toggle-move-up-effect \">\n\t\t\t\t\t\t\t<div id=\"jet-toggle-control-2071\" class=\"jet-toggle__control elementor-menu-anchor\" data-toggle=\"1\" role=\"button\" tabindex=\"0\" aria-controls=\"jet-toggle-content-2071\" aria-expanded=\"false\" data-template-id=\"false\">\n\t\t\t\t\t\t\t\t<div class=\"jet-toggle__label-icon jet-toggle-icon-position-left\"><span class=\"jet-toggle__icon icon-normal jet-tabs-icon\"><i class=\"fas fa-plus\"><\/i><\/span><span class=\"jet-toggle__icon icon-active jet-tabs-icon\"><i class=\"fas fa-minus\"><\/i><\/span><\/div><p class=\"jet-toggle__label-text\">2026<\/p>\t\t\t\t\t\t\t<\/div>\n\t\t\t\t\t\t\t<div id=\"jet-toggle-content-2071\" class=\"jet-toggle__content\" data-toggle=\"1\" role=\"region\" data-template-id=\"false\">\n\t\t\t\t\t\t\t\t<div class=\"jet-toggle__content-inner\"><ol><li><a href=\"https:\/\/www.infodimanche.com\/actualite\/fin-du-programme-environnement-plage-les-municipalites-desormais-responsables\/\" target=\"_blank\" rel=\"noopener\">Fin du programme Environnement-Plage: le fardeau remis aux gestionnaires<\/a>, Info dimanche, 24 avril 2026<\/li><li><a href=\"https:\/\/ici.radio-canada.ca\/ohdio\/premiere\/emissions\/le-15-18\/segments\/rattrapage\/2357151\/quebec-abandonne-programmes-surveillance-qualite-eau\" target=\"_blank\" rel=\"noopener\">Qu\u00e9bec abandonne des programmes de surveillance de la qualit\u00e9 de l\u2019eau,<\/a> OHdio (Le 15-18), 23 avril 2026<\/li><li><a href=\"https:\/\/www.lecharlevoisien.com\/2026\/04\/23\/fin-denvironnement-plage-saint-aime-veut-continuer-les-tests\/\" target=\"_blank\" rel=\"noopener\">Fin d\u2019Environnement-Plage : Saint-Aim\u00e9 veut continuer les tests,<\/a> Le Charlevoisien, 23 avril 2026<\/li><li><a href=\"https:\/\/cimtchau.ca\/nouvelles\/quebec-abandonne-son-programme-environnement-plage\/\" target=\"_blank\" rel=\"noopener\">Qu\u00e9bec abandonne son programme Environnement-plage,<\/a> TVA Nouvelles, 23 avril 2026<\/li><li><a href=\"https:\/\/tvaabitibi.ca\/2026\/04\/23\/fin-du-programme-environnement-plage\/\" target=\"_blank\" rel=\"noopener\">Fin du programme Environnement-Plage,<\/a> TVA Abitibi, 23 avril 2026<\/li><li><a href=\"https:\/\/laurentides.cime.fm\/nouvelles\/772333\/profiter-d-un-plan-d-eau-sans-en-connaitre-la-qualite\" target=\"_blank\" rel=\"noopener\">Profiter d&rsquo;un plan d&rsquo;eau .. sans en conna\u00eetre la qualit\u00e9<\/a>, CIME-FM, 23 avril 2026<\/li><li><a href=\"https:\/\/ici.radio-canada.ca\/ohdio\/premiere\/emissions\/sur-le-vif\/segments\/rattrapage\/2356274\/quebec-abolit-son-programme-suivi-eau-plages\" target=\"_blank\" rel=\"noopener\">Qu\u00e9bec abolit son programme de suivi de l\u2019eau des plages,<\/a> OHdio, 22 avril 2026<\/li><li><a href=\"https:\/\/www.pressegauche.org\/Fin-du-programme-Environnement-Plage-il-ne-faut-pas-l-abolir-il-faut-l\" target=\"_blank\" rel=\"noopener\">Fin du programme Environnement Plage : il ne faut pas l&rsquo;abolir, il faut l&rsquo;am\u00e9liorer,<\/a> Presse-toi \u00e0 gauche, 22 avril 2026<\/li><li><a href=\"https:\/\/www.lanouvelle.net\/actualites\/le-projet-solutions-rivieres-suit-son-cours\/\" target=\"_blank\" rel=\"noopener\">Le projet Solutions Rivi\u00e8res suit son cours<\/a>, La Nouvelle union, 22 avril 2026<\/li><li><a href=\"https:\/\/www.lapresse.ca\/actualites\/environnement\/2026-04-22\/elections-provinciales\/la-coalition-vire-au-vert-interpelle-les-partis-politiques.php\" target=\"_blank\" rel=\"noopener\">La coalition Vire au vert interpelle les partis politiques<\/a>, La Presse, 22 avril 2026<\/li><li><a href=\"https:\/\/ici.radio-canada.ca\/nouvelle\/2248064\/abolition-suivi-eau-plages-quebec\" target=\"_blank\" rel=\"noopener\">Qu\u00e9bec abolit son programme de suivi de l\u2019eau des plages mis en place en 1970<\/a>, Radio-Canada, 22 avril 2026<\/li><li><a href=\"https:\/\/journaldesvoisins.com\/la-discussion-se-poursuit-mur-en-amont-du-barrage-simon-sicard\/\" target=\"_blank\" rel=\"noopener\">La discussion se poursuit en amont du barrage Simon-Sicard<\/a>, Journal des Voisins &#8211; Ahuntsic-Cartierville, 10 avril 2026<\/li><li><p><a href=\"https:\/\/www.cbc.ca\/player\/play\/video\/9.7145361\" target=\"_blank\" rel=\"noopener\">Waterfront park in Lachine on ice after borough administration said it isn\u2019t backing the project yet<\/a>, CBC News, 29 mars 2026<\/p><\/li><li><a href=\"https:\/\/www.lapresse.ca\/dialogue\/opinions\/2026-03-22\/proteger-nos-sources-d-eau-potable-a-la-source.php\" target=\"_blank\" rel=\"noopener\">Prot\u00e9ger nos sources d\u2019eau potable\u2026 \u00e0 la source<\/a>, La Presse, 22 mars 2026<\/li><li><a href=\"https:\/\/www.lechodemaskinonge.com\/actualites\/projet-solutions-rivieres-les-maskinongeois-interpelles-a-lautomne\/\" target=\"_blank\" rel=\"noopener\">Projet Solutions Rivi\u00e8res: les Maskinongeois interpell\u00e9s \u00e0 l\u2019automne<\/a>, L&rsquo;\u00c9cho de Maskinong\u00e9, 18 mars 2026<\/li><li><a href=\"https:\/\/www.lanouvelle.net\/actualites\/projet-solutions-rivieres-les-victoriavillois-et-nicoletains-interpelles\/\" target=\"_blank\" rel=\"noopener\">Projet Solutions Rivi\u00e8res : les Victoriavillois et Nicol\u00e9tains interpell\u00e9s<\/a>, La Nouvelle union, 18 mars 2026<\/li><li><a href=\"https:\/\/ici.radio-canada.ca\/ohdio\/premiere\/emissions\/toujours-le-matin\/segments\/rattrapage\/2323928\/ateliers-pour-trouver-solutions-a-erosion-et-aux-inondations\" target=\"_blank\" rel=\"noopener\">Des solutions pour mieux vivre avec les inondations<\/a>, Radio-Canada OHdio, 16 mars 2026<\/li><li><a href=\"https:\/\/www.lesoleil.com\/actualites\/actualites-locales\/la-capitale\/2026\/03\/11\/eaux-usees-levis-peine-a-faire-des-suivis-obligatoires-S4MJ7VRQJBCPVG7C7C27OFQLYI\/\" target=\"_blank\" rel=\"noopener\">Eaux us\u00e9es: L\u00e9vis peine \u00e0 faire des suivis obligatoires<\/a>, Le Soleil, 11 mars 2026<\/li><li><a href=\"https:\/\/ici.radio-canada.ca\/nouvelle\/2236571\/levis-saint-romuald-eaux-usees\" target=\"_blank\" rel=\"noopener\">Eaux us\u00e9es : la station de Saint-Romuald sous pression<\/a>, Radio-Canada, 11 mars 2026<\/li><li><a href=\"https:\/\/ici.radio-canada.ca\/ohdio\/premiere\/emissions\/c-est-encore-mieux-l-apres-midi\/segments\/rattrapage\/2311028\/quels-sont-impacts-deversements-a-levis\" target=\"_blank\" rel=\"noopener\">Quels sont les impacts des d\u00e9versements \u00e0 L\u00e9vis<\/a>, Radio-Canada OHdio, 27 f\u00e9vrier 2026<\/li><li><a href=\"https:\/\/www.lemanic.ca\/2026\/02\/26\/une-troisieme-turbine-qui-fait-reagir\/\" rel=\"nofollow noopener\" target=\"_blank\">Une troisi\u00e8me turbine qui fait r\u00e9agir<\/a>, Le Manic, 26 f\u00e9vrier 2026<\/li><li><a href=\"https:\/\/www.lesoleil.com\/actualites\/actualites-locales\/la-capitale\/2026\/02\/26\/eaux-usees-deversees-bonne-chance-a-la-ville-de-levis-LEBPJYRFM5F6LGZQE7Z77YS6QE\/\" target=\"_blank\" rel=\"noopener\">Eaux us\u00e9es d\u00e9vers\u00e9es: \u00abBonne chance \u00e0 la Ville de L\u00e9vis!\u00bb<\/a>, Le Soleil, 26 f\u00e9vrier 2026<\/li><li><a href=\"https:\/\/www.canada.ca\/fr\/ressources-naturelles-canada\/nouvelles\/2026\/02\/le-canada-investit-dans-une-energie-plus-propre-et-plus-abordable-au-quebec.html\" target=\"_blank\" rel=\"noopener\">Le Canada investit dans une \u00e9nergie plus propre et plus abordable au Qu\u00e9bec<\/a>, Ressources naturelles Canada, 19 f\u00e9vrier 2026<\/li><li><a href=\"https:\/\/www.newswire.ca\/fr\/news-releases\/les-microreseaux-electriques-un-projet-a-haut-potentiel-pour-le-developpement-economique-local-au-quebec-864358030.html\" target=\"_blank\" rel=\"noopener\">Les micror\u00e9seaux \u00e9lectriques : un projet \u00e0 haut potentiel pour le d\u00e9veloppement \u00e9conomique local au Qu\u00e9bec<\/a>, Newswire, 19 f\u00e9vrier 2026<\/li><li><a href=\"https:\/\/www.lemanic.ca\/2026\/02\/19\/les-microreseaux-electriques-intelligents-du-potentiel-sur-la-cote-nord\/\" target=\"_blank\" rel=\"noopener\">Les micror\u00e9seaux \u00e9lectriques intelligents : du potentiel sur la C\u00f4te-Nord<\/a>, Le Manic, 19 f\u00e9vrier 2026<\/li><li><a href=\"https:\/\/lenord-cotier.com\/2026\/02\/19\/les-microreseaux-electriques-intelligents-du-potentiel-sur-la-cote-nord\/\" target=\"_blank\" rel=\"noopener\">Les micror\u00e9seaux \u00e9lectriques intelligents : du potentiel sur la C\u00f4te-Nord<\/a>, Le Nord-C\u00f4tier, 19 f\u00e9vrier<\/li><li><a href=\"https:\/\/ici.radio-canada.ca\/ohdio\/premiere\/emissions\/bonjour-la-cote\/segments\/rattrapage\/2303293\/microreseaux-intelligents-au-lieu-barrages-hydroelectriques\" target=\"_blank\" rel=\"noopener\">Les micror\u00e9seaux intelligents au lieu de barrages hydro\u00e9lectriques?<\/a>, Bonjour la C\u00f4te (OHdio), 19 f\u00e9vrier 2026<\/li><li><a href=\"https:\/\/www.pressegauche.org\/Memoire-sur-le-projet-de-loi-5-Loi-visant-a-accelerer-l-octroi-des\" target=\"_blank\" rel=\"noopener\">M\u00e9moire sur le projet de loi 5 : Loi visant \u00e0 acc\u00e9l\u00e9rer l\u2019octroi des autorisations requises pour la r\u00e9alisation des projets prioritaires et d\u2019envergure nationale<\/a>, Presse-toi \u00e0 gauche!, 17 f\u00e9vrier 2026<\/li><li><a href=\"https:\/\/ici.radio-canada.ca\/nouvelle\/2228351\/sels-deglacage-routes-pollution\" target=\"_blank\" rel=\"noopener\">Polluant mais efficace, le sel de d\u00e9gla\u00e7age n\u2019est pas pr\u00e8s d\u2019\u00eatre remplac\u00e9<\/a>, Radio-Canada, 14 f\u00e9vrier 2026<\/li><li><a href=\"https:\/\/www.lapresse.ca\/dialogue\/opinions\/2026-02-11\/projet-de-loi-5\/quand-la-loi-s-efface-devant-les-megaprojets.php\" target=\"_blank\" rel=\"noopener\">Quand la loi s\u2019efface devant les m\u00e9gaprojets<\/a>, La Presse, 11 f\u00e9vrier 2026<\/li><li><a href=\"https:\/\/oeilregional.com\/la-fondation-rivieres-prend-position-sur-le-sondage-sur-lavenir-de-linstallation\/\" target=\"_blank\" rel=\"noopener\">La Fondation Rivi\u00e8res prend position sur le sondage sur l\u2019avenir de l\u2019installation<\/a>, L&rsquo;Oeil r\u00e9gional, 9 f\u00e9vrier 2026<\/li><li><a href=\"https:\/\/www.lapresse.ca\/dialogue\/opinions\/2026-01-28\/le-nucleaire-a-eu-sa-chance-tournons-la-page.php?sharing=true\" target=\"_blank\" rel=\"noopener\">Le nucl\u00e9aire a eu sa chance, tournons la page<\/a>, La Presse, 28 janvier 2026<\/li><li><a href=\"https:\/\/ici.radio-canada.ca\/nouvelle\/2224280\/neige-mtq-saint-maurice-deversement\" target=\"_blank\" rel=\"noopener\">De la neige souill\u00e9e jet\u00e9e dans certains cours d\u2019eau en Mauricie<\/a>, Radio-Canada, 28 janvier 2026<\/li><li><a href=\"https:\/\/vingt55.ca\/inondations-et-adaptation-victoriaville-et-six-autres-mrc-misent-sur-la-science-et-la-participation-citoyenne-pour-reduire-les-inondations\/\" target=\"_blank\" rel=\"noopener\">Inondations et adaptation : Victoriaville et six autres MRC misent sur la science et la participation citoyenne pour r\u00e9duire les inondations<\/a>, Vingt55, 23 janvier 2026<\/li><li><a href=\"https:\/\/www.leclaireurprogres.ca\/actualites\/sassocier-pour-sadapter-aux-inondations-dans-beauce-centre\/\" target=\"_blank\" rel=\"noopener\">S\u2019associer pour s\u2019adapter aux inondations dans Beauce-Centre<\/a>, L&rsquo;\u00c9claireur Progr\u00e8s, 22 janvier 2026<\/li><li><a href=\"https:\/\/www.via905.fm\/mrc-de-becancour-pas-facile-de-se-doter-dun-systeme-de-traitements-des-eaux-usees\" target=\"_blank\" rel=\"noopener\">MRC de B\u00e9cancour | Pas facile de se doter d\u2019un syst\u00e8me de traitements des eaux us\u00e9es<\/a>, Via 90,5, 22 janvier 2026<\/li><li><a href=\"https:\/\/www.pressegauche.org\/Pour-une-gestion-transparente-et-responsable-des-dechets-radioactifs\" target=\"_blank\" rel=\"noopener\">Pour une gestion transparente et responsable des d\u00e9chets radioactifs<\/a>, Presse-toi \u00e0 gauche!, 20 janvier 2026<\/li><li><a href=\"https:\/\/ici.radio-canada.ca\/nouvelle\/2221672\/plage-batiscan-acces-citoyens-eau\" target=\"_blank\" rel=\"noopener\">La plage de Batiscan maintenant ouverte au public<\/a>, Radio-Canada, 19 janvier 2026<\/li><li><a href=\"https:\/\/www.lapresse.ca\/actualites\/regional\/2026-01-15\/mauricie\/batiscan-retrouve-sa-plage.php?sharing=true\" target=\"_blank\" rel=\"noopener\">Batiscan retrouve sa plage<\/a>, La Presse, 15 janvier 2026<\/li><li><a href=\"https:\/\/www.laction.com\/article\/actualites\/la-mrc-de-matawinie-se-mobilise-avec-la-fondation-rivieres\/\" target=\"_blank\" rel=\"noopener\">La MRC de Matawinie se mobilise avec la Fondation Rivi\u00e8res<\/a>, L&rsquo;Action (M\u00e9dialo), 15 janvier 2026<\/li><li><a href=\"https:\/\/www.lechodemaskinonge.com\/actualites\/une-demarche-regionale-pour-repenser-ladaptation-aux-inondations\/\" target=\"_blank\" rel=\"noopener\">Une d\u00e9marche r\u00e9gionale pour repenser l\u2019adaptation aux inondations<\/a>, L&rsquo;\u00c9cho de Maskinong\u00e9, 15 janvier 2026<\/li><li><a href=\"https:\/\/www.lecourriersud.com\/actualites\/solutions-rivieres-sept-territoires-sunissent-pour-mieux-sadapter-aux-inondations\/\" target=\"_blank\" rel=\"noopener\">Solutions Rivi\u00e8res: sept territoires s\u2019unissent pour mieux s\u2019adapter aux inondations<\/a>, Le Courrier Sud, 15 janvier 2026<\/li><li><a href=\"https:\/\/rimq.qc.ca\/article\/municipal\/categorie\/environnement\/13\/1179368\/b-sept-municipalites-se-mobilisent-avec-la-fondation-rivieres-pour-reduire-les-impacts-des-inondations-.html&lt;\" target=\"_blank\" rel=\"noopener\">Sept municipalit\u00e9s se mobilisent avec la Fondation Rivi\u00e8res pour r\u00e9duire les impacts des inondations<\/a>, R\u00e9seau Information Municipale, 14 janvier 2026<\/li><li><a href=\"https:\/\/info-web.ca\/la-mrc-de-beauce-centre-au-coeur-dune-demarche-innovante-contre-les-inondations\/\" target=\"_blank\" rel=\"noopener\">La MRC de Beauce-Centre au c\u0153ur d\u2019une d\u00e9marche innovante contre les inondations<\/a>, Info-Web (Beauce), 13 janvier 2026<\/li><li><a href=\"https:\/\/www.lanouvelle.net\/actualites\/victoriaville-veut-reduire-les-impacts-des-inondations\/\" target=\"_blank\" rel=\"noopener\">Victoriaville veut r\u00e9duire les impacts des inondations<\/a>, La Nouvelle Union, 13 janvier 2026\u00a0<\/li><li><a href=\"https:\/\/www.newswire.ca\/fr\/news-releases\/sept-municipalites-se-mobilisent-avec-la-fondation-rivieres-pour-reduire-les-impacts-des-inondations-824984367.html\" target=\"_blank\" rel=\"noopener\">Sept municipalit\u00e9s se mobilisent avec la Fondation Rivi\u00e8res pour r\u00e9duire les impacts des inondations<\/a>, Cision, 13 janvier 2026<\/li><li><a href=\"https:\/\/mrcmaskinonge.ca\/nouvelles\/association-fondation-rivieres-reduire-impacts-inondations\/\" target=\"_blank\" rel=\"noopener\">La MRC de Maskinong\u00e9 s\u2019associe \u00e0 la Fondation Rivi\u00e8res pour r\u00e9duire les impacts des inondations<\/a>, MRC de Maskinong\u00e9, 12 janvier 2026<\/li><li><a href=\"https:\/\/www.canadafrancais.com\/actualite\/baisse-du-nombre-de-surverses-deaux-usees\/\" target=\"_blank\" rel=\"noopener\">Baisse du nombre de surverses d\u2019eaux us\u00e9es<\/a>, Le Canada Fran\u00e7ais, 8 janvier 2026<\/li><li><a href=\"https:\/\/oeilregional.com\/un-nouvel-evenement-pour-favoriser-lacces-a-leau-et-les-sports-nautiques\/\" target=\"_blank\" rel=\"noopener\">Un nouvel \u00e9v\u00e9nement pour favoriser l\u2019acc\u00e8s \u00e0 l\u2019eau et les sports nautiques<\/a>, L&rsquo;Oeil r\u00e9gional, 5 janvier 2026<\/li><\/ol><\/div>\n\t\t\t\t\t\t\t<\/div>\n\t\t\t\t\t\t<\/div>\t\t\t<\/div>\n\t\t<\/div>\n\t\t\t\t\t\t<\/div>\n\t\t\t\t<\/div>\n\t\t\t\t<div class=\"elementor-element elementor-element-98db23d elementor-widget elementor-widget-spacer\" data-id=\"98db23d\" data-element_type=\"widget\" data-e-type=\"widget\" data-widget_type=\"spacer.default\">\n\t\t\t\t<div class=\"elementor-widget-container\">\n\t\t\t\t\t\t\t<div class=\"elementor-spacer\">\n\t\t\t<div class=\"elementor-spacer-inner\"><\/div>\n\t\t<\/div>\n\t\t\t\t\t\t<\/div>\n\t\t\t\t<\/div>\n\t\t\t\t<div class=\"elementor-element elementor-element-9269a11 elementor-widget elementor-widget-jet-accordion\" data-id=\"9269a11\" data-element_type=\"widget\" data-e-type=\"widget\" data-widget_type=\"jet-accordion.default\">\n\t\t\t\t<div class=\"elementor-widget-container\">\n\t\t\t\t\t\t\t\t\t<div class=\"jet-accordion\" data-settings=\"{&quot;collapsible&quot;:false,&quot;ajaxTemplate&quot;:false,&quot;switchScrolling&quot;:false,&quot;switchScrollingTablet&quot;:false,&quot;switchScrollingMobile&quot;:false,&quot;switchScrollingOffset&quot;:{&quot;size&quot;:0,&quot;unit&quot;:&quot;px&quot;},&quot;switchScrollingOffsetTablet&quot;:{&quot;size&quot;:0,&quot;unit&quot;:&quot;px&quot;},&quot;switchScrollingOffsetMobile&quot;:{&quot;size&quot;:0,&quot;unit&quot;:&quot;px&quot;},&quot;switchScrollingDelay&quot;:500,&quot;switchScrollingDelayTablet&quot;:500,&quot;switchScrollingDelayMobile&quot;:500}\">\n\t\t\t<div class=\"jet-accordion__inner\">\n\t\t\t\t<div class=\" jet-accordion__item jet-toggle jet-toggle-move-up-effect \">\n\t\t\t\t\t\t\t<div id=\"jet-toggle-control-1531\" class=\"jet-toggle__control elementor-menu-anchor\" data-toggle=\"1\" role=\"button\" tabindex=\"0\" aria-controls=\"jet-toggle-content-1531\" aria-expanded=\"false\" data-template-id=\"false\">\n\t\t\t\t\t\t\t\t<div class=\"jet-toggle__label-icon jet-toggle-icon-position-left\"><span class=\"jet-toggle__icon icon-normal jet-tabs-icon\"><i class=\"fas fa-plus\"><\/i><\/span><span class=\"jet-toggle__icon icon-active jet-tabs-icon\"><i class=\"fas fa-minus\"><\/i><\/span><\/div><p class=\"jet-toggle__label-text\">2025<\/p>\t\t\t\t\t\t\t<\/div>\n\t\t\t\t\t\t\t<div id=\"jet-toggle-content-1531\" class=\"jet-toggle__content\" data-toggle=\"1\" role=\"region\" data-template-id=\"false\">\n\t\t\t\t\t\t\t\t<div class=\"jet-toggle__content-inner\"><ol><li><a href=\"https:\/\/www.ledevoir.com\/actualites\/environnement\/943887\/australie-texas-batteries-revolutionnent-reseaux-electriques\" target=\"_blank\" rel=\"noopener\">De l\u2019Australie au Texas, les batteries r\u00e9volutionnent les r\u00e9seaux \u00e9lectriques<\/a>, Le Devoir, 24 d\u00e9cembre 2025<\/li><li><a href=\"https:\/\/les2rives.com\/opinion-du-lecteur-bilan-environnemental-2025-une-derive-autoritaire-est-elle-en-marche\/\" target=\"_blank\" rel=\"noopener\">Bilan environnemental 2025 : une d\u00e9rive autoritaire est-elle en marche?<\/a>, Les 2 Rives, 16 d\u00e9cembre 2025<\/li><li><a href=\"https:\/\/www.youtube.com\/watch?app=desktop&amp;v=NfnfXCcOwLo\" target=\"_blank\" rel=\"noopener\">Laram\u00e9e Maintenant &#8211; Andr\u00e9 B\u00e9langer, directeur g\u00e9n\u00e9ral de la Fondation Rivi\u00e8res<\/a>, T\u00e9l\u00e9vision Rive-Sud, 11 d\u00e9cembre 2025<\/li><li><a href=\"https:\/\/www.pressegauche.org\/Bilan-environnemental-2025-une-derive-autoritaire-est-elle-en-marche\" target=\"_blank\" rel=\"noopener\">Bilan environnemental 2025 : une d\u00e9rive autoritaire est-elle en marche ?<\/a>, Presse-toi \u00e0 gauche!, 9 d\u00e9cembre 2025<\/li><li><a href=\"https:\/\/www.ledroit.com\/opinions\/2025\/12\/09\/bilan-environnemental-2025-une-derive-autoritaire-est-elle-en-marche-YCX6WGSWJBGX3AYHCXR2P7QD4U\/\" target=\"_blank\" rel=\"noopener\">Environnement: une d\u00e9rive autoritaire est-elle en marche?<\/a>, Le Droit, 9 d\u00e9cembre 2025<\/li><li><a href=\"https:\/\/www.latribune.ca\/actualites\/environnement\/2025\/12\/08\/bilan-2025-lenvironnement-sacrifie-par-quebec-et-ottawa-J37QZ5ZR2JBVRPVOIROPGKM3VE\/\" target=\"_blank\" rel=\"noopener\">Bilan 2025: l\u2019environnement \u00absacrifi\u00e9\u00bb par Qu\u00e9bec et Ottawa<\/a>, La Tribune, 8 d\u00e9cembre 2025<\/li><li><a href=\"https:\/\/www.noovo.info\/nouvelles\/environnement\/article\/politiques-environnementales-des-organismes-tirent-la-sonnette-dalarme\/\" target=\"_blank\" rel=\"noopener\">Politiques environnementales: des organismes tirent la sonnette d\u2019alarme<\/a>, Noovo Info, 8 d\u00e9cembre 2025<\/li><li><a href=\"https:\/\/www.lequotidien.com\/opinions\/2025\/12\/09\/bilan-environnemental-2025-une-derive-autoritaire-est-elle-en-marche-YCX6WGSWJBGX3AYHCXR2P7QD4U\/\" target=\"_blank\" rel=\"noopener\">Environnement: une d\u00e9rive autoritaire est-elle en marche?<\/a>, Le Quotidien, 8 d\u00e9cembre 2025<\/li><li><a href=\"https:\/\/www.lapresse.ca\/actualites\/environnement\/2025-12-08\/bilan-environnemental-2025\/un-recul-democratique-preoccupant-denoncent-des-organismes.php?sharing=true\" target=\"_blank\" rel=\"noopener\">Un \u00ab recul d\u00e9mocratique pr\u00e9occupant \u00bb, d\u00e9noncent des organismes<\/a>, La Presse, 8 d\u00e9cembre 2025<\/li><li><a href=\"https:\/\/ici.radio-canada.ca\/nouvelle\/2212385\/reculs-derives-environnement-quebec-canada\" target=\"_blank\" rel=\"noopener\">Les reculs en environnement, pr\u00e9lude \u00e0 une \u00ab d\u00e9rive autoritaire \u00bb, selon des groupes<\/a>, Radio-Canada, 8 d\u00e9cembre 2025<\/li><li><a href=\"https:\/\/www.journaldechambly.com\/actualite\/chambly-un-reseau-a-entretenir\/\" target=\"_blank\" rel=\"noopener\">Chambly : un r\u00e9seau \u00e0 entretenir, Le Journal de Chambly<\/a>, 5 d\u00e9cembre 2025<\/li><li><a href=\"https:\/\/www.lactiondautray.com\/article\/actualites\/berthierville-presente-des-deversements-importants-en-2024\/\" target=\"_blank\" rel=\"noopener\">Berthierville pr\u00e9sente des d\u00e9versements importants en 2024<\/a>, L&rsquo;Action d&rsquo;Autray, 3 d\u00e9cembre 2025<\/li><li><a href=\"https:\/\/leclairon.qc.ca\/saint-hyacinthe-a-ameliore-son-bilan-des-deversements-selon-la-fondation-rivieres\/\" target=\"_blank\" rel=\"noopener\">Saint-Hyacinthe a am\u00e9lior\u00e9 son bilan des d\u00e9versements, selon la Fondation Rivi\u00e8res<\/a>, Le Clairon de Saint-Hyacinthe et r\u00e9gion, 2 d\u00e9cembre 2025<\/li><li><a href=\"https:\/\/www.leclaireurprogres.ca\/actualites\/refonte-souhaitee-de-la-125e-rue-a-beauceville\/\" target=\"_blank\" rel=\"noopener\">Refonte souhait\u00e9e de la 125e Rue \u00e0 Beauceville<\/a>, L&rsquo;\u00c9claireur Progr\u00e8s, 2 d\u00e9cembre 2025<\/li><li><a href=\"https:\/\/www.versants.com\/actualite\/environnement-des-deversements-deaux-usees-en-2024\/\" target=\"_blank\" rel=\"noopener\">Environnement: des d\u00e9versements d\u2019eaux us\u00e9es en 2024<\/a>, Les Versants du Mont-Bruno, 2 d\u00e9cembre 2025<\/li><li><a href=\"https:\/\/www.ledevoir.com\/opinion\/idees\/937884\/roy-dupuis-raison-doubler-production-energetique-est-deraisonnable\" target=\"_blank\" rel=\"noopener\">Roy Dupuis a raison, doubler la production \u00e9nerg\u00e9tique est d\u00e9raisonnable<\/a>, Le Devoir, 1er d\u00e9cembre 2025<\/li><li><a href=\"https:\/\/www.journalleguide.com\/actualites\/deversement-deaux-usees-les-villes-et-les-municipalites-de-la-region-font-des-progres\/\" target=\"_blank\" rel=\"noopener\">D\u00e9versement d\u2019eaux us\u00e9es: les villes et les municipalit\u00e9s de la r\u00e9gion font des progr\u00e8s<\/a>, Journal Le Guide, 28 novembre 2025<\/li><li><a href=\"https:\/\/www.lavoixdusud.com\/actualites\/saint-charles-en-mode-solution\/\" target=\"_blank\" rel=\"noopener\">Eaux us\u00e9es: Saint-Charles en mode solution<\/a>, La Voix du Sud, 28 novembre 2025<\/li><li><a href=\"https:\/\/www.lanouvelle.net\/actualites\/deversement-des-eaux-usees-victo-interpelle-la-fondation-rivieres\/\" rel=\"nofollow noopener\" target=\"_blank\">D\u00e9versement des eaux us\u00e9es : Victo interpelle la Fondation Rivi\u00e8res<\/a>, La Nouvelle Union, 18 novembre 2025<\/li><li><a href=\"https:\/\/radiochnc.com\/2025\/11\/15\/sept-municipalites-depassent-les-normes-pour-le-rejet-des-eaux-usees\/\" rel=\"nofollow noopener\" target=\"_blank\">Sept municipalit\u00e9s d\u00e9passent les normes pour le rejet des eaux us\u00e9es<\/a>, Radio CHNC, 15 novembre 2025<\/li><li><a href=\"https:\/\/monvicto.com\/deversement-deaux-usees-la-ville-de-victoriaville-reagit\/\" rel=\"nofollow noopener\" target=\"_blank\">D\u00e9versement d\u2019eaux us\u00e9es : la Ville de Victoriaville r\u00e9agit<\/a>, Mon Victo, 14 novembre 2025<\/li><li><a href=\"https:\/\/www.st-hyacinthe.ca\/communiques\/2025-11-14\/deversement-palmares\" rel=\"nofollow noopener\" target=\"_blank\">D\u00e9versement d\u2019eaux us\u00e9es et pluviales &#8211; Saint-Hyacinthe r\u00e9agit au palmar\u00e8s de la Fondation Rivi\u00e8res<\/a>, Ville de Saint-Hyacinthe, 14 novembre 2025<\/li><li><a href=\"https:\/\/www.soreltracy.com\/il-faut-comprendre-le-contexte-patrick-peloquin\/\" rel=\"nofollow noopener\" target=\"_blank\">Sorel-Tracy au palmar\u00e8s des d\u00e9versements d\u2019eaux us\u00e9es \u00ab Il faut comprendre le contexte\u00bb<\/a>, Le SorelTracy Magazine, 14 novembre 2025<\/li><li><a href=\"https:\/\/cignfm.ca\/nouvelles\/174-depassements-de-deversements-deaux-usees-a-coaticook\/\" rel=\"nofollow noopener\" target=\"_blank\">174 d\u00e9passements de d\u00e9versements d\u2019eaux us\u00e9es \u00e0 Coaticook<\/a>, CIGN 96.7, 14 novembre 2025<\/li><li><a href=\"https:\/\/www.cjso.ca\/deversement-deaux-usees-sorel-tracy-en-tres-mauvaise-position-dun-palmares-de-la-fondation-rivieres\/\" rel=\"nofollow noopener\" target=\"_blank\">D\u00e9versement d\u2019eaux us\u00e9es: Sorel-Tracy en tr\u00e8s mauvaise position d\u2019un palmar\u00e8s de la Fondation Rivi\u00e8res<\/a>, CJSO 101.7, 14 novembre 2025<\/li><li><a href=\"https:\/\/www.courrierfrontenac.qc.ca\/actualites\/deversement-deaux-usees-thetford-mines-fait-mauvaise-figure\/\" rel=\"nofollow noopener\" target=\"_blank\">D\u00e9versement d\u2019eaux us\u00e9es : Thetford Mines fait mauvaise figure<\/a>, Courrier Frontenac, 14 novembre 2025<\/li><li><a href=\"https:\/\/ckaj.org\/saguenay-plus-de-2-000-deversements-deaux-usees\/\" rel=\"nofollow noopener\" target=\"_blank\">Saguenay : plus de 2 000 d\u00e9versements d\u2019eaux us\u00e9es<\/a>, 92.5 CKAJ, 14 novembre 2025<\/li><li><a href=\"https:\/\/www.985fm.ca\/audio\/737569\/deversement-des-eaux-usees-plusieurs-municipalites-outrepassent-les-normes\" rel=\"nofollow noopener\" target=\"_blank\">D\u00e9versement des eaux us\u00e9es : plusieurs municipalit\u00e9s outrepassent les normes<\/a>, Radio 98.5, 14 novembre 2025<\/li><li><a href=\"https:\/\/ici.radio-canada.ca\/ohdio\/premiere\/emissions\/des-matins-en-or\/segments\/rattrapage\/2226714\/palmares-deversements-eaux-usees\" rel=\"nofollow noopener\" target=\"_blank\">Les d\u00e9versements d\u2019eaux us\u00e9es pr\u00e9occupent la Fondation Rivi\u00e8res,<\/a> Radio-Canada Ohdio, 14 novembre 2025<\/li><li><a href=\"https:\/\/www.pressreader.com\/canada\/le-journal-de-quebec\/20251114\/281775635430716?srsltid=AfmBOopXQg0Uk1QKPM2lUoFCLlcKb7HvJdAUupmocI5U9pDEKfL1u7s0\" rel=\"nofollow noopener\" target=\"_blank\">Flush\u00e9s tout droit dans les rivi\u00e8res: Thetford Mines en t\u00eate d&rsquo;un triste palmar\u00e8s<\/a>, Journal de Qu\u00e9bec, 14 novembre 2025<\/li><li><a href=\"https:\/\/rimq.qc.ca\/article\/municipal\/region\/mauricie\/15\/1170342\/mauricie14-novembre-2025-des-centaines-de-deversements-d-eaux-usees-dans-les-cours-d-eau-en-mauricie.html\" rel=\"nofollow noopener\" target=\"_blank\">Des centaines de d\u00e9versements d&rsquo;eaux us\u00e9es dans les cours d&rsquo;eau en Mauricie<\/a>, RIM, 14 novembre 2025<\/li><li><a href=\"https:\/\/www.lanouvelle.net\/actualites\/rejet-autorise-des-eaux-usees-victoriaville-depasse-les-normes\/\" rel=\"nofollow noopener\" target=\"_blank\">Rejet autoris\u00e9 des eaux us\u00e9es : Victoriaville d\u00e9passe les normes<\/a>, La Nouvelle Union, 13 novembre 2025<\/li><li><a href=\"https:\/\/monthetford.com\/271-municipalites-depassent-les-normes-de-rejets-des-eaux-usees-sans-traitement-et-thetford-mines-aurait-le-pire-palmares\/\" rel=\"nofollow noopener\" target=\"_blank\">271 municipalit\u00e9s d\u00e9passent les normes de rejets des eaux us\u00e9es sans traitement et Thetford Mines aurait le pire bilan<\/a>, Mon Thetford, 13 novembre 2025<\/li><li><a href=\"https:\/\/ici.radio-canada.ca\/nouvelle\/2207209\/deversement-eaux-usees-fondation-riviere\" rel=\"nofollow noopener\" target=\"_blank\">Des centaines de d\u00e9versements d\u2019eaux us\u00e9es dans les cours d\u2019eau<\/a>, Radio-Canada, 13 novembre 2025<\/li><li><a href=\"https:\/\/ici.radio-canada.ca\/ohdio\/premiere\/emissions\/toujours-le-matin\/segments\/rattrapage\/2225616\/deversement-eaux-usees-infrastructures-desuetes-critiquees\" rel=\"nofollow noopener\" target=\"_blank\">Trop de d\u00e9versements d\u2019eaux us\u00e9es en Mauricie<\/a>, Toujours le matin Mauricie, 13 novembre 2025<\/li><li><a href=\"https:\/\/www.fm1069.ca\/audio\/737241\/deversements-d-eaux-usees-des-villes-depassent-la-norme-plus-de-100-fois\" rel=\"nofollow noopener\" target=\"_blank\">D\u00e9versements d\u2019eaux us\u00e9es : des villes d\u00e9passent la norme plus de 100 fois,<\/a> 106.9 Mauricie, 13 novembre 2025<\/li><li><a href=\"https:\/\/www.lecharlevoisien.com\/2025\/11\/13\/eaux-usees-legere-amelioration-de-la-malbaie\/\" rel=\"nofollow noopener\" target=\"_blank\">Eaux us\u00e9es : l\u00e9g\u00e8re am\u00e9lioration de La Malbaie<\/a>, Le Charlevoisien, 13 novembre 2025<\/li><li><a href=\"https:\/\/ici.radio-canada.ca\/info\/videos\/1-10522508\/mauvais-eleves-deversent-eaux-usees-en-mauricie\" rel=\"nofollow noopener\" target=\"_blank\">De mauvais \u00e9l\u00e8ves d\u00e9versent des eaux us\u00e9es en Mauricie<\/a>, Radio-Canada Mauricie, 13 novembre 2025<\/li><li><a href=\"https:\/\/mabeauce.com\/la-fondation-rivieres-pointe-beauceville-pour-des-deversements-interdits\/\" rel=\"nofollow noopener\" target=\"_blank\">La Fondation Rivi\u00e8res pointe Beauceville pour des d\u00e9versements interdits<\/a>, Ma Beauce, 13 novembre 2025<\/li><li><a href=\"https:\/\/www.tvanouvelles.ca\/2025\/11\/13\/saguenay-a-enregistre-2-001-deversements-deaux-usees-en-2024\" rel=\"nofollow noopener\" target=\"_blank\">Saguenay a enregistr\u00e9 2001 d\u00e9versements d\u2019eaux us\u00e9es en 2024<\/a>, TVA Nouvelles, 13 novembre 2025<\/li><li><a href=\"https:\/\/www.tvanouvelles.ca\/2025\/11\/13\/deversement-deaux-usees-dans-les-rivieres-voici-les-villes-qui-rejettent-le-plus-son-eau-de-toilette-dans-les-cours-deau\" rel=\"nofollow noopener\" target=\"_blank\">Voici les municipalit\u00e9s qui ont d\u00e9pass\u00e9 plus de 100 fois les limites minist\u00e9rielles pour le d\u00e9versement de leur eau de toilette dans des cours d\u2019eau du Qu\u00e9bec<\/a>, TVA Nouvelles, 13 novembre 2025<\/li><li><a href=\"https:\/\/www.journaldemontreal.com\/2025\/11\/13\/deversement-deaux-usees-dans-les-rivieres-voici-les-villes-qui-rejettent-le-plus-son-eau-de-toilette-dans-les-cours-deau\" rel=\"nofollow noopener\" target=\"_blank\">Voici les municipalit\u00e9s qui ont d\u00e9pass\u00e9 plus de 100 fois les limites minist\u00e9rielles pour le d\u00e9versement de leur eau de toilette dans des cours d\u2019eau du Qu\u00e9bec<\/a>, Journal de Montr\u00e9al, 13 novembre 2025<\/li><li><a href=\"https:\/\/www.journaldequebec.com\/2025\/11\/13\/deversement-deaux-usees-dans-les-rivieres-voici-les-villes-qui-rejettent-le-plus-son-eau-de-toilette-dans-les-cours-deau\" rel=\"nofollow noopener\" target=\"_blank\">Voici les municipalit\u00e9s qui ont d\u00e9pass\u00e9 plus de 100 fois les limites minist\u00e9rielles pour le d\u00e9versement de leur eau de toilette dans des cours d\u2019eau du Qu\u00e9bec<\/a>, Journal de Qu\u00e9bec, 13 novembre 2025<\/li><li><a href=\"https:\/\/www.ledevoir.com\/actualites\/environnement\/928194\/manifestants-denoncent-impacts-projet-expansion-port-contrecoeur\" rel=\"nofollow noopener\" target=\"_blank\">Des manifestants d\u00e9noncent les cons\u00e9quences du projet d\u2019expansion du port de Contrec\u0153ur<\/a>, Le Devoir, 26 octobre 2025\u00a0<\/li><li><a href=\"https:\/\/ici.radio-canada.ca\/ohdio\/premiere\/emissions\/le-15-18\/segments\/rattrapage\/2207118\/inondations-refoulements-et-penuries-eau-dans-campagne-municipale\" rel=\"nofollow noopener\" target=\"_blank\">Inondations, refoulements et p\u00e9nuries d\u2019eau dans la campagne municipale<\/a>, le 15-18, Ohdio, 22 octobre 2025<\/li><li><a href=\"https:\/\/www.ledevoir.com\/actualites\/environnement\/925749\/secheresse-pourquoi-niveau-eau-est-il-aussi-bas-quebec\" rel=\"nofollow noopener\" target=\"_blank\">Pourquoi le niveau de l\u2019eau est-il aussi bas au Qu\u00e9bec?<\/a>, Le Devoir, 16 octobre 2025\u00a0<\/li><li><a href=\"https:\/\/www.lapresse.ca\/dialogue\/opinions\/2025-10-15\/changements-climatiques\/toujours-une-priorite-pour-une-ecrasante-majorite-des-quebecois.php?sharing=true\" rel=\"nofollow noopener\" target=\"_blank\">Toujours une priorit\u00e9 pour une \u00e9crasante majorit\u00e9 des Qu\u00e9b\u00e9cois<\/a>, La Presse, 15 octobre 2025<\/li><li><a href=\"https:\/\/courrierlaval.com\/gestion-eau-5e-debat-sajoute-campagne-municipale\/\" rel=\"nofollow noopener\" target=\"_blank\">Gestion de l\u2019eau: un 5e d\u00e9bat s\u2019ajoute \u00e0 la campagne municipale<\/a>, Courrier Laval, 15 octobre 2025<\/li><li><a href=\"https:\/\/www.lapresse.ca\/actualites\/environnement\/2025-10-12\/demantelements-de-vieux-barrages-au-quebec\/je-pense-qu-on-est-rendus-la.php?sharing=true\" rel=\"nofollow noopener\" target=\"_blank\">\u00ab Je pense qu\u2019on est rendus l\u00e0 \u00bb<\/a>, LaPresse, 12 octobre 2025<\/li><li><a href=\"https:\/\/ici.radio-canada.ca\/nouvelle\/2196716\/acces-berges-lacs-rivieres-quebec-prive\" rel=\"nofollow noopener\" target=\"_blank\">Les candidats aux municipales appel\u00e9s \u00e0 se mouiller pour l\u2019acc\u00e8s \u00e0 l\u2019eau<\/a>, Radio-Canada Info, 12 octobre 2025\u00a0<\/li><li><a href=\"https:\/\/www.24heures.ca\/2025\/10\/09\/3-impacts-insoupconnes-du-niveau-deau-anormalement-bas-du-saint-laurent\" rel=\"nofollow noopener\" target=\"_blank\">3 impacts insoup\u00e7onn\u00e9s du niveau d\u2019eau anormalement bas du Saint-Laurent<\/a>, 24 heures, 9 octobre 2025<\/li><li><a href=\"https:\/\/ici.radio-canada.ca\/ohdio\/premiere\/emissions\/ca-nous-regarde\/segments\/rattrapage\/2196023\/lacs-publics-berges-privees-un-acces-limite-au-quebec-vincent-resseguier\" rel=\"nofollow noopener\" target=\"_blank\">Lacs publics, berges priv\u00e9es: un acc\u00e8s limit\u00e9 au Qu\u00e9bec<\/a>, Ohdio, 8 octobre 2025<\/li><li><a href=\"https:\/\/www.lapresse.ca\/dialogue\/opinions\/2025-10-02\/travaux-d-hydro-quebec-a-ahuntsic\/pour-une-promenade-publique-sur-la-riviere-des-prairies.php\" rel=\"nofollow noopener\" target=\"_blank\">Pour une promenade publique sur la rivi\u00e8re des Prairies<\/a>, LaPresse, 3 octobre 2025<\/li><li><a href=\"https:\/\/ici.radio-canada.ca\/nouvelle\/2194932\/ministere-environnement-coupe-134-postes-fonctionnaires\" rel=\"nofollow noopener\" target=\"_blank\">Qu\u00e9bec supprime 134 postes au minist\u00e8re de l\u2019Environnement<\/a>, Radio Canada, 24 septembre 2025<\/li><li><a href=\"https:\/\/ici.radio-canada.ca\/ohdio\/premiere\/emissions\/le-15-18\/segments\/rattrapage\/2182860\/chronique-evelyne-charuest-acces-a-eau-en-ville\" rel=\"nofollow noopener\" target=\"_blank\">Chronique d\u2019Evelyne Charuest : L\u2019acc\u00e8s \u00e0 l\u2019eau en ville<\/a>, 15-18 Ohdio, 23 septembre\u00a0<\/li><li><a href=\"https:\/\/www.lapresse.ca\/arts\/2025-09-07\/saison-6-episode-6\/juste-entre-toi-et-moi-avec-roy-dupuis.php\" rel=\"nofollow noopener\" target=\"_blank\">Juste entre toi et moi\u00a0avec Roy\u00a0Dupuis<\/a>, 11 septembre 2025, La Presse<\/li><li><p class=\"p1\"><a href=\"https:\/\/ici.radio-canada.ca\/nouvelle\/2190994\/eau-secheresse-gestion-quebec-economie\" target=\"_blank\" rel=\"noopener\">Nouvelle gestion de l\u2019eau au Qu\u00e9bec\u00a0: des r\u00e9actions positives, mais prudentes<\/a>, 8 septembre 2025, Radio-Canada<\/p><\/li><li><p class=\"p1\"><a href=\"https:\/\/www.tvanouvelles.ca\/2025\/09\/08\/shawinigan-deverse-ses-eaux-usees-dans-la-riviere-saint-maurice\" target=\"_blank\" rel=\"noopener\">Shawinigan d\u00e9verse ses eaux us\u00e9es dans la rivi\u00e8re Saint-Maurice<\/a>, 8 septembre 2025, TVA Nouvelles<\/p><\/li><li><p class=\"p1\"><a href=\"https:\/\/www.lapresse.ca\/actualites\/environnement\/2025-09-08\/manque-d-acces-aux-cours-d-eau\/un-festival-de-canot-a-frole-l-annulation.php\" target=\"_blank\" rel=\"noopener\">Un festival de\u00a0canot a fr\u00f4l\u00e9 l\u2019annulation<\/a>, 8 septembre 2025, La Presse<\/p><\/li><li><p class=\"p1\"><a href=\"https:\/\/www.ledevoir.com\/opinion\/idees\/914199\/ce-change-depuis-politique-nationale-amenagement-territoire\" target=\"_blank\" rel=\"noopener\">Ce qui a chang\u00e9 depuis la Politique nationale d\u2019am\u00e9nagement du territoire<\/a>, 4 septembre 2025, Le Devoir<\/p><\/li><li><p class=\"p1\"><a href=\"https:\/\/www.leclaireurprogres.ca\/infolettre\/trop-de-lacs-et-rivieres-fermes-au-public\/\" target=\"_blank\" rel=\"noopener\">Trop de lacs et rivi\u00e8res ferm\u00e9s au public ?<\/a>, 14 ao\u00fbt 2025, L\u2019\u00e9claireur Progr\u00e8s<\/p><\/li><li><p class=\"p1\"><a href=\"https:\/\/www.leclaireurprogres.ca\/infolettre\/comment-naviguer-sur-la-riviere-chaudiere\/\" target=\"_blank\" rel=\"noopener\">Comment naviguer sur la rivi\u00e8re Chaudi\u00e8res ?<\/a>, 13 ao\u00fbt 2025, L\u2019\u00e9claireur Progr\u00e8s<\/p><\/li><li><p class=\"p1\"><a href=\"https:\/\/www.cbc.ca\/news\/science\/algae-growth-climate-change-1.7602494\" target=\"_blank\" rel=\"noopener\">What&rsquo;s slimy, green and flourishing thanks to climate change?<\/a>, 6 ao\u00fbt 2025, CBC News<\/p><\/li><li><p class=\"p1\"><a href=\"https:\/\/journallemonteregien.com\/la-direction-de-la-sante-publique-confirme-que-la-piscine-en-eaux-vives-de-beloeil-est-securitaire\/\" rel=\"nofollow noopener\" target=\"_blank\">La Direction de la sant\u00e9 publique confirme que la piscine en eaux-vives de Beloeil est s\u00e9curitaire<\/a>, 6 ao\u00fbt 2025, Le Mont\u00e9r\u00e9gien<\/p><\/li><li><a href=\"https:\/\/www.noovo.info\/video\/tensions-autour-de-lacces-de-la-plage-batiscan.html\" rel=\"nofollow noopener\" target=\"_blank\">Tensions autour de l&rsquo;acc\u00e8s de la plage Batiscan<\/a>, 4 ao\u00fbt 2025, Noovo<\/li><li><a href=\"https:\/\/ici.radio-canada.ca\/nouvelle\/2183074\/acces-plage-batiscan-problemes-citoyens\" rel=\"nofollow noopener\" target=\"_blank\">L\u2019acc\u00e8s \u00e0 la plage de Batiscan cause encore des soucis<\/a>, 3 ao\u00fbt 2025, Radio-Canada<\/li><li><a href=\"https:\/\/www.lenouvelliste.ca\/actualites\/actualites-locales\/2025\/08\/03\/lacces-convoite-a-la-plage-de-batiscan-demeure-controverse-S6EZJMEZQNH2ZPX55O76NSI35U\/\" rel=\"nofollow noopener\" target=\"_blank\">L\u2019acc\u00e8s convoit\u00e9 \u00e0 la plage de Batiscan demeure controvers\u00e9<\/a>, 3 ao\u00fbt 2025, Le Nouvelliste\u00a0<\/li><li><a href=\"https:\/\/ici.radio-canada.ca\/tele\/le-telejournal-mauricie\/site\/episodes\/1098249\/episode-du-3-aout-2025\" target=\"_blank\" rel=\"nofollow noopener\">Le Grand Splash de Batiscan : Entrevue avec Coralie Massey-Cantin<\/a>, Radio-Canada Ici T\u00e9l\u00e9, Le T\u00e9l\u00e9journal Mauricie, 3 ao\u00fbt 2025<\/li><li><a href=\"https:\/\/ici.radio-canada.ca\/rci\/fr\/nouvelle\/2182925\/saumon-rose-russie-crainte-expansion-quebec\" rel=\"nofollow noopener\" target=\"_blank\">Qu\u00e9bec craint la propagation du saumon rose de Russie dans ses cours d\u2019eau<\/a>, 1 ao\u00fbt 2025, Radio-Canada<\/li><li><a href=\"https:\/\/www.journaldemontreal.com\/2025\/07\/31\/de-nouveaux-rejets-cancerigenes-en-provenance-du-terrain-de-northvolt-pres-dune-zone-de-baignade-dans-la-riviere-richelieu\" rel=\"nofollow noopener\" target=\"_blank\">De nouveaux rejets canc\u00e9rig\u00e8nes en provenance du terrain de Northvolt pr\u00e8s d\u2019une zone de baignade dans la rivi\u00e8re Richelieu<\/a>, 31 juillet 2025, Le Journal de Montr\u00e9al<\/li><li><a href=\"https:\/\/www.tvanouvelles.ca\/2025\/07\/31\/de-nouveaux-rejets-cancerigenes-en-provenance-du-terrain-de-northvolt-pres-dune-zone-de-baignade-dans-la-riviere-richelieu\" target=\"_blank\" rel=\"noopener\">De nouveaux rejets canc\u00e9rig\u00e8nes en provenance du terrain de Northvolt pr\u00e8s d\u2019une zone de baignade dans la rivi\u00e8re Richelieu<\/a>, 31 juillet 2025, TVA Nouvelles<\/li><li><p class=\"p1\"><a href=\"https:\/\/www.beaucemedia.ca\/infolettre\/comment-naviguer-sur-la-riviere-chaudiere\/\" target=\"_blank\" rel=\"noopener\">Comment naviguer sur la rivi\u00e8re Chaudi\u00e8res ?<\/a>, 27 juillet 2025, Beauce-M\u00e9dia<\/p><\/li><li><p class=\"p1\"><a href=\"https:\/\/ici.radio-canada.ca\/nouvelle\/2181572\/fleuve-coliforme-plage-e-coli-sante\" target=\"_blank\" rel=\"noopener\">Mauvaise qualit\u00e9 de l\u2019eau : un \u00e9t\u00e9 difficile pour la baignade \u00e0 la baie de Beauport<\/a>, 25 juillet 2025, Radio-Canada<\/p><\/li><li><a href=\"https:\/\/www.lavoixdusud.com\/infolettre\/des-municipalites-prudentes-envers-leurs-lacs\/\" target=\"_blank\" rel=\"noopener\">Des municipalit\u00e9s prudentes envers \u00ab leurs lacs\u00bb<\/a>, 21 juillet 2025, La Voix du Sud<\/li><li><a href=\"https:\/\/www.lereflet.qc.ca\/pas-grand-splash-candiac-contamination-eau\/\" target=\"_blank\" rel=\"noopener\">Pas de Grand Splash \u00e0 Candiac en raison de la contamination de l\u2019eau<\/a>, 18 juillet 2025, Le Reflet<\/li><li><a href=\"https:\/\/www.lhebdojournal.com\/nouvelles-nationales\/le-grand-splash-annule-a-montreal-en-raison-des-pluies-diluviennes\/\" target=\"_blank\" rel=\"noopener\"><span style=\"font-weight: 400;\">Le Grand splash annul\u00e9 \u00e0 Montr\u00e9al en raison des pluies diluviennes<\/span><\/a><span style=\"font-weight: 400;\">, 7 juillet 2025, L\u2019hebdo journal<\/span><\/li><li><a href=\"https:\/\/www.iheart.com\/podcast\/962-the-andrew-carter-podcast-62506089\/episode\/according-to-fondation-rivieres-nearly-40-285271833\/\" target=\"_blank\" rel=\"noopener\"><span style=\"font-weight: 400;\">According to Fondation rivi\u00e8res, nearly 40%of the city\u2019s shoreline isn\u2019t safe for swimming<\/span><\/a><span style=\"font-weight: 400;\">, 10 juillet 2025, CJAD 800 (The morning show with Andrew Carter)<\/span><\/li><li><a href=\"https:\/\/www.ctvnews.ca\/montreal\/article\/want-to-go-for-a-dip-montreals-swimming-water-quality-varies-from-east-to-west\/\" target=\"_blank\" rel=\"noopener\"><span style=\"font-weight: 400;\">Want to go for a dip? Montreal\u2019s swimming water quality varies from east to west<\/span><\/a><span style=\"font-weight: 400;\">, 9 juillet 2025, CTV News<\/span><\/li><li><a href=\"https:\/\/www.infosuroit.com\/succes-pour-le-grand-splash-de-sainte-martine\/\" target=\"_blank\" rel=\"noopener\">Succ\u00e8s pour le Grand Splash de Sainte Martine<\/a>, 8 juillet 2025, Infosuroit.com<\/li><li><a href=\"https:\/\/www.msn.com\/fr-ca\/actualites\/quebec-canada\/le-grand-splash-annul%C3%A9-%C3%A0-montr%C3%A9al-en-raison-des-pluies-diluviennes\/ar-AA1I9hct\" target=\"_blank\" rel=\"noopener\"><span style=\"font-weight: 400;\">Le Grand Splash annul\u00e9 \u00e0 Montr\u00e9al en raison des pluies diluviennes<\/span><\/a><span style=\"font-weight: 400;\">, 7 juillet 2025, MSN News<\/span><\/li><li><a href=\"https:\/\/ground.news\/article\/grand-splash-cancelled-in-montreal-due-to-heavy-rains\" target=\"_blank\" rel=\"noopener\"><span style=\"font-weight: 400;\">Grand Splash Event in Montreal Cancelled Due to Heavy Rains<\/span><\/a><span style=\"font-weight: 400;\">, 7 juillet 2025, GroundNews<\/span><\/li><li><a href=\"https:\/\/www.youtube.com\/watch?v=ay_39x_UXU8\" target=\"_blank\" rel=\"noopener\"><span style=\"font-weight: 400;\">Montreal\u2019s Grand Splash postponed by rain<\/span><\/a><span style=\"font-weight: 400;\">, 8 juillet 2025, CTV News<\/span><\/li><li><a href=\"https:\/\/www.noovo.info\/nouvelle\/le-grand-splash-annule-a-montreal-en-raison-des-pluies-diluviennes.html\" target=\"_blank\" rel=\"noopener\"><span style=\"font-weight: 400;\">Le Grand Splash annul\u00e9 \u00e0 Montr\u00e9al en raison des pluies diluviennes<\/span><\/a><span style=\"font-weight: 400;\">, 7 juillet 2025, Noovo Info<\/span><\/li><li><a href=\"https:\/\/montreal.citynews.ca\/2025\/07\/08\/big-splash-canceled-montreal-rain\/\" target=\"_blank\" rel=\"noopener\"><span style=\"font-weight: 400;\">The Big Splash canceled in Montreal due to torrential rains,<\/span><\/a><span style=\"font-weight: 400;\"> 8 juillet 2025, City News Montreal<\/span><\/li><li><a href=\"https:\/\/www.cbc.ca\/news\/canada\/montreal\/grand-splash-montreal-st-lawrence-river-water-quality-1.7579477\" target=\"_blank\" rel=\"noopener\"><span style=\"font-weight: 400;\">Grand Splash event in Montreal cancelled due to heavy rains<\/span><\/a><span style=\"font-weight: 400;\">, CBC Montreal, 8 juillet<\/span><\/li><li><a href=\"https:\/\/www.montrealgazette.com\/news\/weather-news\/article1030058.html\" target=\"_blank\" rel=\"noopener\"><span style=\"font-weight: 400;\">Grand Splash cancelled due to heavy rain in Montreal<\/span><\/a><span style=\"font-weight: 400;\">, Montreal Gazette, 8 juillet 2025<\/span><\/li><li><a href=\"https:\/\/www.tvanouvelles.ca\/2025\/07\/08\/le-grand-splash-de-montreal-annule-en-raison-des-pluies-importantes\" target=\"_blank\" rel=\"noopener\"><span style=\"font-weight: 400;\">Le Grand Splash de Montr\u00e9al annul\u00e9 en raison des pluies importantes<\/span><\/a><span style=\"font-weight: 400;\">, TVA Nouvelles, 8 juillet 2025<\/span><\/li><li><a href=\"https:\/\/www.985fm.ca\/audio\/710105\/arthabaska-l-election-partielle-aura-lieu-le-11-aout\" target=\"_blank\" rel=\"noopener\"><span style=\"font-weight: 400;\">Le Grand Splash est annul\u00e9 dans le Vieux-Port de Montr\u00e9al.<\/span><\/a><span style=\"font-weight: 400;\"> 98.5 FM, 8 juillet 2025<\/span><\/li><li><a href=\"https:\/\/www.tvanouvelles.ca\/2025\/07\/07\/comme-dans-la-seine-est-ce-quon-pourrait-se-baigner-dans-le-saint-laurent-a-montreal\" target=\"_blank\" rel=\"noopener\"><span style=\"font-weight: 400;\">Comme dans la Seine: est-ce qu\u2019on pourrait se baigner dans le Saint-Laurent \u00e0 Montr\u00e9al?<\/span><\/a><span style=\"font-weight: 400;\">, TVA Nouvelles, 7 juillet 2025<\/span><\/li><li><a href=\"https:\/\/www.qub.ca\/article\/comme-dans-la-seine-est-ce-quon-pourrait-se-baigner-dans-le-saint-laurent-a-montreal-749635815?silent_auth=true\" target=\"_blank\" rel=\"noopener\"><span style=\"font-weight: 400;\">Comme dans la Seine: est-ce qu\u2019on pourrait se baigner dans le Saint-Laurent \u00e0 Montr\u00e9al?<\/span><\/a><span style=\"font-weight: 400;\">, QUB Radio, 7 juillet 2025<\/span><\/li><li><a href=\"https:\/\/www.journaldemontreal.com\/2025\/07\/08\/le-grand-splash-de-montreal-annule-en-raison-des-pluies-importantes\" target=\"_blank\" rel=\"noopener\"><span style=\"font-weight: 400;\">Le Grand Splash de Montr\u00e9al annul\u00e9 en raison des pluies importantes<\/span><\/a><span style=\"font-weight: 400;\">, Journal de Montr\u00e9al, 8 juillet 2025<\/span><\/li><li><a href=\"https:\/\/www.ledevoir.com\/societe\/898330\/grand-splash-annule-montreal-raison-pluies-diluviennes\" target=\"_blank\" rel=\"noopener\"><span style=\"font-weight: 400;\">Le Grand Splash annul\u00e9 \u00e0 Montr\u00e9al en raison des pluies diluviennes<\/span><\/a><span style=\"font-weight: 400;\">, Le Devoir, 7 juillet 2025<\/span><\/li><li><a href=\"https:\/\/www.journallenord.com\/actualite\/lacs-rivieres-acces-baignade-navigation\/\" target=\"_blank\" rel=\"noopener\"><span style=\"font-weight: 400;\">Am\u00e9liorer l&rsquo;acc\u00e8s aux plans d&rsquo;eau<\/span><\/a><span style=\"font-weight: 400;\">, un d\u00e9fi, Le Nord, 7 juillet 2025<\/span><\/li><li><a href=\"https:\/\/www.themain.com\/bulletin\/cbc-montreal-grand-splash-event-in-montreal-cancelled-due-to-heavy-rains-cbc-news\" target=\"_blank\" rel=\"noopener\">Grand Splash event in Montreal cancelled due to heavy rains<\/a>, The main, 7 juillet 2025<\/li><li><a href=\"https:\/\/ici.radio-canada.ca\/nouvelle\/2178030\/grand-splash-montreal-annulation-pluies\" target=\"_blank\" rel=\"noopener\"><span style=\"font-weight: 400;\">Le Grand Splash annul\u00e9 \u00e0 Montr\u00e9al en raison des pluies diluviennes<\/span><\/a><span style=\"font-weight: 400;\">, Radio-Canada, 7 juillet 2025<\/span><\/li><li><a href=\"https:\/\/www.lapresse.ca\/actualites\/grand-montreal\/2025-07-07\/le-grand-splash-annule-a-montreal-en-raison-des-pluies-diluviennes.php\" target=\"_blank\" rel=\"noopener\"><span style=\"font-weight: 400;\">Le Grand Splash annul\u00e9 \u00e0 Montr\u00e9al en raison des pluies diluviennes,<\/span><\/a><span style=\"font-weight: 400;\"> La Presse, 7 juillet 2025<\/span><\/li><li><a href=\"https:\/\/www.journaldemontreal.com\/2025\/07\/07\/comme-dans-la-seine-est-ce-quon-pourrait-se-baigner-dans-le-saint-laurent-a-montreal\" target=\"_blank\" rel=\"noopener\"><span style=\"font-weight: 400;\">Comme dans la Seine: est-ce qu\u2019on pourrait se baigner dans le Saint-Laurent \u00e0 Montr\u00e9al?<\/span><\/a><span style=\"font-weight: 400;\">, Le journal de Montr\u00e9al, 7 juillet 2025<\/span><\/li><li><a href=\"https:\/\/www.newswire.ca\/fr\/news-releases\/-r-e-p-r-i-s-e-avis-aux-medias-debordement-d-eaux-usees-le-grand-splash-a-montreal-est-annule--854178625.html\" target=\"_blank\" rel=\"noopener\"><span style=\"font-weight: 400;\">R E P R I S E &#8211;AVIS AUX M\u00c9DIAS &#8211; D\u00e9bordement d&rsquo;eaux us\u00e9es: le Grand Splash \u00e0 Montr\u00e9al est annul\u00e9\/<\/span><\/a><span style=\"font-weight: 400;\">, Newswire, 8 juillet 2025<\/span><\/li><li><a href=\"https:\/\/www.newswire.ca\/fr\/news-releases\/avis-aux-medias-le-grand-splash-a-montreal-aura-lieu-le-mardi-8-juillet-a-12h30-898747640.html\" target=\"_blank\" rel=\"noopener\"><span style=\"font-weight: 400;\">AVIS AUX M\u00c9DIAS &#8211; Le Grand Splash \u00e0 Montr\u00e9al aura lieu le mardi 8 juillet \u00e0 12h30<\/span><\/a><span style=\"font-weight: 400;\">, Newswire, 7 juillet 2025<\/span><\/li><li><a href=\"https:\/\/ici.radio-canada.ca\/info\/long-format\/2177696\/nager-eaux-troubles-qualite-eau-fleuve-sante\" target=\"_blank\" rel=\"noopener\"><span style=\"font-weight: 400;\">Nager en eau trouble : portrait de la qualit\u00e9 de l\u2019eau du fleuve Saint-Laurent<\/span><\/a><span style=\"font-weight: 400;\">, Radio-Canada, 6 juillet 2025<\/span><\/li><li><a href=\"https:\/\/www.985fm.ca\/audio\/709427\/lacs-et-rivieres-publiques-98-des-berges-pourtant-inaccessibles\" target=\"_blank\" rel=\"noopener\"><span style=\"font-weight: 400;\">Lacs et rivi\u00e8res publiques: 98% des berges pourtant inaccessibles<\/span><\/a><span style=\"font-weight: 400;\">, 98.5 (\u00e9mission Le Midi), 3 juillet 2025<\/span><\/li><li><a href=\"https:\/\/www.985fm.ca\/audio\/709434\/on-assiste-a-un-embourgeoisement-des-berges-andre-belanger\" target=\"_blank\" rel=\"noopener\"><span style=\"font-weight: 400;\">\u00abOn assiste \u00e0 un embourgeoisement des berges\u00bb<\/span><\/a><span style=\"font-weight: 400;\"> -Andr\u00e9 B\u00e9langer, 98.5 (\u00e9mission Le Qu\u00e9bec maintenant), 3 juillet 2025<\/span><\/li><li><a href=\"https:\/\/www.ledevoir.com\/environnement\/896782\/pourquoi-est-il-si-difficile-avoir-acces-rives-lacs-rivieres-quebec\" target=\"_blank\" rel=\"noopener\"><span style=\"font-weight: 400;\">Pourquoi est-il si difficile d\u2019avoir acc\u00e8s aux rives des lacs et des rivi\u00e8res au Qu\u00e9bec?<\/span><\/a><span style=\"font-weight: 400;\">, Le Devoir, 3 juillet 2025<\/span><\/li><li><a href=\"https:\/\/cihofm.com\/news\/cest-un-enorme-frein-pierre-lavoie-prend-position-contre-le-train-de-charlevoix\/\" target=\"_blank\" rel=\"noopener\">\u00ab C\u2019est un \u00e9norme frein \u00bb : Pierre Lavoie prend position contre le Train de Charlevoix<\/a>, Charlevoix 96,3, 25 juin 2025<\/li><li><a href=\"https:\/\/www.tvaplus.ca\/video\/salut-bonjour-episode-du-19-juin-2025-2131834178\" target=\"_blank\" rel=\"noopener\">Entrevue de la Fondation Rivi\u00e8res sur les acc\u00e8s aux lacs et rivi\u00e8res<\/a>, TVA Nouvelles (\u00c9mission Salut Bonjour), 19 juin 2025<\/li><li><a href=\"https:\/\/www.cbc.ca\/listen\/live-radio\/1-383-lets-go\/clip\/16153540-most-quebecers-dont-access-lakes\" target=\"_blank\" rel=\"noopener\">Most Quebecers don&rsquo;t have access to lakes<\/a>, CBC Radio (Let&rsquo;s go with Sabrina Marandola), 18 juin 2025<\/li><li><a href=\"https:\/\/neomedia.com\/actualites-nationale\/etude-98-des-plans-d-eau-inaccessibles-au-public\/31122\" target=\"_blank\" rel=\"noopener\">\u00c9tude: 98% des berges ne sont pas accessibles au Qu\u00e9bec<\/a>, Neomedia, 18 juin 2025<\/li><li><a href=\"https:\/\/www.lesoleil.com\/actualites\/2025\/06\/18\/acces-aux-plans-deau-quebec-doit-prendre-ses-responsabilites-GQUQZSFSQJGT7L33JKATOEDTWY\/\" target=\"_blank\" rel=\"noopener\">Acc\u00e8s aux plans d\u2019eau: Qu\u00e9bec \u00abdoit prendre ses responsabilit\u00e9s\u00bb<\/a>, Le Soleil, 18 juin 2025<\/li><li><a href=\"https:\/\/www.957kyk.com\/audio\/706842\/98-des-berges-sont-inaccessibles-au-quebec\" target=\"_blank\" rel=\"noopener\">98 % des berges sont inaccessibles au Qu\u00e9bec<\/a>, 95,7 Kyk (\u00e9mission midi pile), 18 juin 2025<\/li><li><a href=\"https:\/\/www.msn.com\/fr-ca\/actualites\/quebec-canada\/%C3%A9tude-98-des-plans-d-eau-inaccessibles-au-public\/ar-AA1GY62k\" target=\"_blank\" rel=\"noopener\">\u00c9tude: 98% des plans d&rsquo;eau inaccessibles au Qu\u00e9bec<\/a>, MSN, 18 juin 2025<\/li><li><a href=\"https:\/\/www.noovo.info\/video\/etude-98-des-plans-deau-inaccessibles-au-public.html#:~:text=L%27article%20920%20du%20Code,utilisation%20de%20l%27eau%C2%BB\" target=\"_blank\" rel=\"noopener\">\u00c9tude: 98% des plans d\u2019eau inaccessibles au public<\/a>, Noovo Info, 18 juin 2025<\/li><li><a href=\"https:\/\/ici.radio-canada.ca\/ohdio\/premiere\/emissions\/midi-info\/segments\/rattrapage\/2099625\/loi-pour-acces-a-eau-reclamee-par-fondation-rivieres\" target=\"_blank\" rel=\"noopener\">Loi pour l\u2019acc\u00e8s \u00e0 l\u2019eau r\u00e9clam\u00e9e par la Fondation Rivi\u00e8res<\/a>, Radio-Canada (\u00e9mission Midi Info avec Alec Castonguay), 18 juin 2025<\/li><li><a href=\"https:\/\/www.985fm.ca\/audio\/706682\/l-idee-c-est-de-permettre-de-traverser-le-terrain-prive-pour-acceder-a-l-eau\" target=\"_blank\" rel=\"noopener\">\u00abL&rsquo;id\u00e9e, c&rsquo;est de permettre de traverser le terrain priv\u00e9 pour acc\u00e9der \u00e0 l&rsquo;eau\u00bb<\/a>, 98.5 (\u00e9mission Lagac\u00e9 le matin), 18 juin 2025<\/li><li><a href=\"https:\/\/www.enbeauce.com\/actualites\/environnement\/642184\/une-etude-montre-que-98-des-plans-deau-sont-inaccessibles-au-public\" target=\"_blank\" rel=\"noopener\">Une \u00e9tude montre que 98% des plans d&rsquo;eau sont inaccessibles au public,<\/a> En Beauce, 18 juin 2025<\/li><li><a href=\"https:\/\/monjoliette.com\/seulement-2-des-plans-deau-au-quebec-sont-accessible-au-public-revele-une-etude\/\" target=\"_blank\" rel=\"noopener\">Seulement 2 % des plans d\u2019eau au Qu\u00e9bec sont accessible au public, r\u00e9v\u00e8le une \u00e9tude<\/a>, Mont Joliette, 18 juin 2025<\/li><li><a href=\"https:\/\/www.lenouvelliste.ca\/actualites\/2025\/06\/18\/des-riverains-croient-que-les-rivieres-sont-a-eux-CLEBUHZWUFGK5EZXPDAFV7DF24\/\" target=\"_blank\" rel=\"noopener\">Des riverains \u00abcroient que les rivi\u00e8res sont \u00e0 eux\u00bb<\/a>, Le Nouvelliste, 18 juin 2025<\/li><li><a href=\"https:\/\/www.ledroit.com\/actualites\/2025\/06\/18\/des-riverains-croient-que-les-rivieres-sont-a-eux-CLEBUHZWUFGK5EZXPDAFV7DF24\/\" target=\"_blank\" rel=\"noopener\">Des riverains \u00abcroient que les rivi\u00e8res sont \u00e0 eux\u00bb<\/a>, Le Droit, 18 juin 2025<\/li><li><a href=\"https:\/\/www.lequotidien.com\/actualites\/2025\/06\/18\/des-riverains-croient-que-les-rivieres-sont-a-eux-CLEBUHZWUFGK5EZXPDAFV7DF24\/\" target=\"_blank\" rel=\"noopener\">Des riverains \u00abcroient que les rivi\u00e8res sont \u00e0 eux\u00bb<\/a>, Le Quotidien, 18 juin 2025<\/li><li><a href=\"https:\/\/www.lavoixdelest.ca\/actualites\/2025\/06\/18\/des-riverains-croient-que-les-rivieres-sont-a-eux-CLEBUHZWUFGK5EZXPDAFV7DF24\/\" target=\"_blank\" rel=\"noopener\">Des riverains \u00abcroient que les rivi\u00e8res sont \u00e0 eux\u00bb<\/a>, La voix de l&rsquo;Est, 18 juin 2025<\/li><li><a href=\"https:\/\/www.lequotidien.com\/actualites\/2025\/06\/18\/acces-aux-plans-deau-quebec-doit-prendre-ses-responsabilites-GQUQZSFSQJGT7L33JKATOEDTWY\/\" target=\"_blank\" rel=\"noopener\">Acc\u00e8s aux plans d&rsquo;eau : \u00abQu\u00e9bec doit prendre ses responsabilit\u00e9s\u00bb<\/a>, Le Quotidien, 18 juin 2025<\/li><li><a href=\"https:\/\/www.latribune.ca\/actualites\/2025\/06\/18\/acces-aux-plans-deau-quebec-doit-prendre-ses-responsabilites-GQUQZSFSQJGT7L33JKATOEDTWY\/\" target=\"_blank\" rel=\"noopener\">Acc\u00e8s aux plans d&rsquo;eau : \u00abQu\u00e9bec doit prendre ses responsabilit\u00e9s\u00bb<\/a>, La Tribune, 18 juin 2025<\/li><li><a href=\"https:\/\/www.latribune.ca\/actualites\/2025\/06\/18\/des-riverains-croient-que-les-rivieres-sont-a-eux-CLEBUHZWUFGK5EZXPDAFV7DF24\/\" target=\"_blank\" rel=\"noopener\">Des riverains \u00abcroient que les rivi\u00e8res sont \u00e0 eux\u00bb<\/a>, La Tribune, 18 juin 2025<\/li><li><a href=\"https:\/\/www.lechodelaval.ca\/actualites-nationale\/etude-98-des-plans-d-eau-inaccessibles-au-public\/31122\" target=\"_blank\" rel=\"noopener\">\u00c9tude: 98% des plans d\u2019eau inaccessibles au public<\/a>, l&rsquo;\u00c9cho de Laval, 18 juin 2025<\/li><li><a href=\"https:\/\/lactualite.com\/actualites\/etude-98-des-plans-deau-inaccessibles-au-public\/\" target=\"_blank\" rel=\"noopener\">\u00c9tude: 98% des plans d\u2019eau inaccessibles au public<\/a>, L&rsquo;Actualit\u00e9, 18 juin 2025<\/li><li><a href=\"https:\/\/www.ledevoir.com\/environnement\/892291\/solutions-rendre-public-acces-eau-selon-fondation-rivieres\" target=\"_blank\" rel=\"noopener\">Des solutions pour rendre public l\u2019acc\u00e8s \u00e0 l\u2019eau, selon la Fondation Rivi\u00e8res<\/a>, Le Devoir, 18 juin 2025<\/li><li><a href=\"https:\/\/www.lapresse.ca\/actualites\/environnement\/2025-06-18\/l-acces-aux-lacs-et-aux-rivieres-de-plus-en-plus-difficile-au-quebec.php\" target=\"_blank\" rel=\"noopener\">L\u2019acc\u00e8s aux lacs et aux rivi\u00e8res de plus en plus difficile au Qu\u00e9bec<\/a>, La Presse, 18 juin 2025<\/li><li><a href=\"https:\/\/ici.radio-canada.ca\/ohdio\/premiere\/emissions\/cest-jamais-pareil\/segments\/rattrapage\/2099959\/pietre-accessibilite-aux-cours-eau-quebec\" target=\"_blank\" rel=\"noopener\">La Fondation Rivi\u00e8res veut assurer un meilleur acc\u00e8s aux plans d\u2019eau publics<\/a>, Radio-Canada (Ohdio, \u00e9mission\u00ab C\u2019est jamais pareil \u00bb, 18 juin 2025<\/li><li><a href=\"https:\/\/ici.radio-canada.ca\/nouvelle\/2173086\/berges-rives-acces-eau-fondation-rivieres-loi-reglementation\" target=\"_blank\" rel=\"noopener\">98 % des berges inaccessibles : la Fondation Rivi\u00e8res r\u00e9clame une loi pour l\u2019acc\u00e8s \u00e0 l\u2019eau<\/a>, Radio-Canada (Estrie), 18 juin 2025,\u00a0<\/li><li><a href=\"https:\/\/www.newswire.ca\/fr\/news-releases\/98-des-lacs-sont-inaccessibles-la-fondation-rivieres-propose-des-solutions-875059475.html\" target=\"_blank\" rel=\"noopener\">98% des lacs sont inaccessibles: la Fondation Rivi\u00e8res propose des solutions<\/a>, Newswire, 18 juin 2025<\/li><li><a href=\"https:\/\/www.newswire.ca\/fr\/news-releases\/quand-ton-droit-d-acces-a-l-eau-depend-de-ton-code-postal-un-encadrement-provincial-devient-urgent-809338863.html\" target=\"_blank\" rel=\"noopener\">Quand ton droit d&rsquo;acc\u00e8s \u00e0 l&rsquo;eau d\u00e9pend de ton code postal : un encadrement provincial devient urgent<\/a>, Newswire, Nautisme Qu\u00e9bec, 5 juin 2025<\/li><li><a href=\"https:\/\/www.ledevoir.com\/opinion\/idees\/883726\/idees-pipelines-quebec-mouvement-citoyen-dit-non-retour-arriere\" target=\"_blank\" rel=\"noopener\">Des pipelines au Qu\u00e9bec ? Le mouvement citoyen dit non \u00e0 un retour en arri\u00e8re !<\/a>, Le Devoir, 26 mai 2025<\/li><li><a href=\"https:\/\/www.laveniretdesrivieres.com\/infolettre\/deversements-deaux-usees-farnham-et-bedford-sattaquent-au-probleme\/\" target=\"_blank\" rel=\"noopener\">D\u00e9versements d\u2019eaux us\u00e9es: Farnham et Bedford s\u2019attaquent au probl\u00e8me<\/a>, L&rsquo;Avenir et des Rivi\u00e8res, 8 mai 2025<\/li><li><a href=\"https:\/\/www.ledevoir.com\/opinion\/idees\/876001\/idees-batir-canada-fort-resilient\" target=\"_blank\" rel=\"noopener\">B\u00e2tir un Canada fort et r\u00e9silient<\/a>, Le Devoir, 6 mai 2025<\/li><li><a href=\"https:\/\/www.ledevoir.com\/opinion\/idees\/875224\/idees-lueur-espoir-front-climatique\" target=\"_blank\" rel=\"noopener\">Une lueur d&rsquo;espoir sur le front climatique<\/a>, Le Devoir, 3 mai 2025<\/li><li><a href=\"https:\/\/www.lavoixdusud.com\/infolettre\/eaux-usees-saint-charles-obtient-lassurance-de-quebec\/\" rel=\"nofollow noopener\" target=\"_blank\">Eaux us\u00e9es: Saint-Charles obtient l\u2019assurance de Qu\u00e9bec<\/a>, la Voix du Sud, 17 avril 2025<\/li><li><a href=\"https:\/\/www.lapresse.ca\/elections-federales\/2025-04-16\/environnement\/les-partis-prennent-position-sauf-les-conservateurs.php\" rel=\"nofollow noopener\" target=\"_blank\">Les partis prennent position, sauf les conservateurs<\/a>, La Presse, 17 avril 2025<\/li><li><a href=\"https:\/\/infodunordtremblant.ca\/actualites\/2025\/04\/18\/pres-dune-trentaine-de-municipalites-sunissent-pour-proteger-la-qualite-de-leau\/\" target=\"_blank\" rel=\"noopener\">Pr\u00e8s d\u2019une trentaine de municipalit\u00e9s s\u2019unissent pour prot\u00e9ger la qualit\u00e9 de l\u2019eau, l&rsquo;Info du Nord<\/a>, 15 avril 2025<\/li><li><a href=\"https:\/\/ici.radio-canada.ca\/nouvelle\/2153250\/deversement-produit-egout-acide-barinox-dangereux-environnement\" rel=\"nofollow noopener\" target=\"_blank\">Une usine de Sherbrooke \u00e9pingl\u00e9e pour avoir rejet\u00e9 de l\u2019acide dans les \u00e9gouts<\/a>, Radio-Canada, 07 avril 2025<\/li><li><a href=\"https:\/\/lactualite.com\/actualites\/vague-dopposition-au-projet-dagrandissement-dun-depotoir-de-dechets-dangereux\/\" rel=\"nofollow noopener\" target=\"_blank\">Vague d&rsquo;opposition au projet d&rsquo;agrandissement d&rsquo;un d\u00e9potoir de d\u00e9chets dangereux<\/a>, L&rsquo;actualit\u00e9, 20 mars 2025\u00a0<\/li><li><a href=\"https:\/\/lenord-cotier.com\/2025\/03\/14\/cote-nord-40-rivieres-auraient-un-potentiel-hydroelectrique-2\/\" target=\"_blank\" rel=\"noopener\">C\u00f4te-Nord : 40 rivi\u00e8res auraient un potentiel hydro\u00e9lectrique<\/a>, 14 mars 2025, Le Nord-C\u00f4tier<\/li><li><a href=\"https:\/\/www.lapresse.ca\/dialogue\/opinions\/2025-03-13\/gestion-des-infrastructures-d-eaux\/on-ne-voit-que-la-pointe-de-l-iceberg.php\" rel=\"nofollow noopener\" target=\"_blank\">On ne voit que la pointe de l&rsquo;iceberg<\/a>, La Presse (Lettre d&rsquo;opinion &#8211; Alain Saladzius), 13 mars 2025<\/li><li><a href=\"https:\/\/www.lapresse.ca\/affaires\/journee-internationale-des-droits-des-femmes\/une-pionniere-de-la-biere-se-tourne-vers-les-rivieres\/2025-03-08\/laura-urtnowski-cofondatrice-des-brasseurs-du-nord\/une-defricheuse-impliquee-et-creative.php\" rel=\"nofollow noopener\" target=\"_blank\">Une pionni\u00e8re de la bi\u00e8re se tourne vers les rivi\u00e8res<\/a>, La Presse, 08 mars 2025<\/li><li><a href=\"https:\/\/www.youtube.com\/watch?v=cSomN-yXPs8&amp;t=33s\" rel=\"nofollow noopener\" target=\"_blank\">Connect\u00e9 Baie-Comeau : Tirer plus d&rsquo;\u00e9nergie des rivi\u00e8res de la C\u00f4te-Nord<\/a>, nousTV, 05 mars 2025<\/li><li><a href=\"https:\/\/macotenord.com\/fondation-rivieres-reflechit-avec-les-nord-cotiers-sur-les-enjeux-energetiques\/\" rel=\"nofollow noopener\" target=\"_blank\">Fondation Rivi\u00e8res r\u00e9fl\u00e9chit avec des Nord-C\u00f4tiers sur les enjeux \u00e9nerg\u00e9tiques<\/a>, ma c\u00f4te-nord, 05 mars 2025<\/li><li><a href=\"https:\/\/www.noovo.info\/video\/crise-de-lhabitation-et-crise-reliee-aux-egouts-le-maire-lamarche-se-retrouve-les-mains-liees.html\" rel=\"nofollow noopener\" target=\"_blank\">Crise de l&rsquo;habitation et crise reli\u00e9e aux \u00e9gouts : le maire Lamarche se retrouve les mains li\u00e9es<\/a>, Noovo info, 25 f\u00e9vrier 2025<\/li><li><a href=\"https:\/\/www.journalhcn.com\/2025\/02\/25\/cote-nord-40-rivieres-auraient-un-potentiel-hydroelectrique\/\" rel=\"nofollow noopener\" target=\"_blank\">C\u00f4te-Nord : 40 rivi\u00e8res auraient un potentiel hydro\u00e9lectrique<\/a>, Journal Le Haute-C\u00f4te-Nord, 25 f\u00e9vrier 2025<\/li><li><a href=\"https:\/\/ici.radio-canada.ca\/ohdio\/premiere\/emissions\/bonjour-la-cote\/segments\/rattrapage\/2002770\/soiree-echange-sur-enjeux-energetiques-cote-nord\" rel=\"nofollow noopener\" target=\"_blank\">Soir\u00e9e d&rsquo;\u00e9changes sur les enjeux \u00e9nerg\u00e9tiques de la C\u00f4te Nord, Radio-Canada Ohdio<\/a>, 25 f\u00e9vrier 2025\u00a0<\/li><li><a href=\"https:\/\/ici.radio-canada.ca\/nouvelle\/2141211\/usine-pollution-deversement-eauxusees-ctbm\" rel=\"nofollow noopener\" target=\"_blank\">Qu\u00e9bec autorise une usine a rejeter des contaminants en trop forte concentration<\/a>, Radio-Canada &#8211; ICI Estrie, 20 f\u00e9vrier 2025\u00a0<\/li><li><a href=\"https:\/\/pivot.quebec\/2025\/02\/11\/pl-81-concentration-des-pouvoirs-en-matiere-de-protection-de-lenvironnement\/\" rel=\"nofollow noopener\" target=\"_blank\">PL 81: concentration des pouvoirs en mati\u00e8re de protection de l&rsquo;environnement<\/a>, Pivot, 11 f\u00e9vrier 2025<\/li><li><a href=\"https:\/\/www.lapresse.ca\/actualites\/environnement\/2025-01-29\/restauration-des-milieux-humides\/la-fondation-rivieres-denonce-un-assouplissement-des-regles.php\" rel=\"nofollow noopener\" target=\"_blank\">La Fondation Rivi\u00e8res d\u00e9nonce un assouplissement des r\u00e8gles<\/a>, La Presse, 20 janvier 2025<\/li><li>\u00ab\u00a0<a href=\"https:\/\/oeilregional.com\/la-glace-est-brisee-a-beloeil-selon-le-president-de-la-fondation-rivieres\/\" rel=\"nofollow noopener\" target=\"_blank\">La glace est bris\u00e9e `Beloeil<\/a>\u00ab\u00a0, selon le pr\u00e9sident de la Fondation Rivi\u00e8res, L&rsquo;\u0152il r\u00e9gional, 20 janvier 2025,\u00a0<\/li><li><a href=\"https:\/\/oeilregional.com\/une-etude-plus-nuancee-sur-la-qualite-de-leau-du-richelieu\/\" rel=\"nofollow noopener\" target=\"_blank\">Une \u00e9tude plus nuanc\u00e9e sur la qualit\u00e9 de l&rsquo;eau du Richelieu<\/a>, L&rsquo;\u0152il r\u00e9gional, 13 janvier 2025<\/li><li><a href=\"https:\/\/val-ouest.com\/environnement-racine-ecope-une-sanction-de-10-000\/\" rel=\"nofollow noopener\" target=\"_blank\">Environnement : Racine \u00e9cope d&rsquo;un sanction de 10 000 $<\/a>, le Val-Ouest, 9 janvier 2025<\/li><li><a href=\"https:\/\/www.sciencepresse.qc.ca\/vote-pour-science\/2025\/01\/08\/flusher-plus-vert\" rel=\"nofollow noopener\" target=\"_blank\">Flusher plus vert &#8211; Entrevue avec Yves Comeau et Andr\u00e9 B\u00e9langer<\/a>, Agence Science Presse , 8 janvier 2025<\/li><\/ol><\/div>\n\t\t\t\t\t\t\t<\/div>\n\t\t\t\t\t\t<\/div>\t\t\t<\/div>\n\t\t<\/div>\n\t\t\t\t\t\t<\/div>\n\t\t\t\t<\/div>\n\t\t\t\t<div class=\"elementor-element elementor-element-62e5f65 elementor-widget elementor-widget-spacer\" data-id=\"62e5f65\" data-element_type=\"widget\" data-e-type=\"widget\" data-widget_type=\"spacer.default\">\n\t\t\t\t<div class=\"elementor-widget-container\">\n\t\t\t\t\t\t\t<div class=\"elementor-spacer\">\n\t\t\t<div class=\"elementor-spacer-inner\"><\/div>\n\t\t<\/div>\n\t\t\t\t\t\t<\/div>\n\t\t\t\t<\/div>\n\t\t\t\t<div class=\"elementor-element elementor-element-40d9077 elementor-widget elementor-widget-jet-accordion\" data-id=\"40d9077\" data-element_type=\"widget\" data-e-type=\"widget\" data-widget_type=\"jet-accordion.default\">\n\t\t\t\t<div class=\"elementor-widget-container\">\n\t\t\t\t\t\t\t\t\t<div class=\"jet-accordion\" data-settings=\"{&quot;collapsible&quot;:false,&quot;ajaxTemplate&quot;:false,&quot;switchScrolling&quot;:false,&quot;switchScrollingTablet&quot;:false,&quot;switchScrollingMobile&quot;:false,&quot;switchScrollingOffset&quot;:{&quot;size&quot;:0,&quot;unit&quot;:&quot;px&quot;},&quot;switchScrollingOffsetTablet&quot;:{&quot;size&quot;:0,&quot;unit&quot;:&quot;px&quot;},&quot;switchScrollingOffsetMobile&quot;:{&quot;size&quot;:0,&quot;unit&quot;:&quot;px&quot;},&quot;switchScrollingDelay&quot;:500,&quot;switchScrollingDelayTablet&quot;:500,&quot;switchScrollingDelayMobile&quot;:500}\">\n\t\t\t<div class=\"jet-accordion__inner\">\n\t\t\t\t<div class=\" jet-accordion__item jet-toggle jet-toggle-move-up-effect \">\n\t\t\t\t\t\t\t<div id=\"jet-toggle-control-6791\" class=\"jet-toggle__control elementor-menu-anchor\" data-toggle=\"1\" role=\"button\" tabindex=\"0\" aria-controls=\"jet-toggle-content-6791\" aria-expanded=\"false\" data-template-id=\"false\">\n\t\t\t\t\t\t\t\t<div class=\"jet-toggle__label-icon jet-toggle-icon-position-left\"><span class=\"jet-toggle__icon icon-normal jet-tabs-icon\"><i class=\"fas fa-plus\"><\/i><\/span><span class=\"jet-toggle__icon icon-active jet-tabs-icon\"><i class=\"fas fa-minus\"><\/i><\/span><\/div><p class=\"jet-toggle__label-text\">2024<\/p>\t\t\t\t\t\t\t<\/div>\n\t\t\t\t\t\t\t<div id=\"jet-toggle-content-6791\" class=\"jet-toggle__content\" data-toggle=\"1\" role=\"region\" data-template-id=\"false\">\n\t\t\t\t\t\t\t\t<div class=\"jet-toggle__content-inner\"><ol><li><a href=\"https:\/\/www.lapresse.ca\/actualites\/2024-12-12\/plage-de-batiscan\/des-amenagements-ne-sont-pas-conformes-confirme-quebec.php?sharing=true\" rel=\"nofollow noopener\" target=\"_blank\">Des am\u00e9nagements ne sont pas conformes, confirme Qu\u00e9bec<\/a>, La Presse, 12 d\u00e9cembre 2024<\/li><li><a href=\"https:\/\/val-ouest.com\/deversement-deaux-usees-a-richmond-un-cas-qui-nest-pas-unique\/#:~:text=La%20Fondation%20Rivi%C3%A8res%20comptabilise%20tous,a%20eu%2056%20%C3%A0%20Richmond.\" rel=\"nofollow noopener\" target=\"_blank\">D\u00e9versements d&rsquo;eaux us\u00e9es \u00e0 Richmond<\/a> : Un cas qui n&rsquo;est pas unique\u00a0<\/li><li><a href=\"https:\/\/www.ledevoir.com\/opinion\/idees\/825708\/idees-recours-comme-dernier-recours-face-inaction-quebec\" rel=\"nofollow noopener\" target=\"_blank\">Un recours comme derniers recours face \u00e0 l&rsquo;inaction de Qu\u00e9bec, Le Devoir<\/a>, 11d\u00e9cembre 2024<\/li><li><a href=\"https:\/\/m105.ca\/nouvelle\/palmares-2023-moins-de-deversements-mais-de-plus-en-plus-deaux-usees-dans-nos-rivieres\/\" rel=\"nofollow noopener\" target=\"_blank\">Palmar\u00e8s 2023, moins de d\u00e9versements mais de plus en plus d&rsquo;eaux us\u00e9es dans nos rivi\u00e8res<\/a>, M1015, 10 d\u00e9cembre 2024<\/li><li><a href=\"https:\/\/www.lavoixdelest.ca\/actualites\/actualites-locales\/2024\/12\/10\/deversements-deaux-usees-six-municipalites-dans-le-rouge-E6PEUYP67BAILAMCUZDZHJWEIM\/\" target=\"_blank\" rel=\"noopener\">D\u00e9versements d&rsquo;eaux us\u00e9es : 6 municipalit\u00e9s dans le rouge<\/a>, la Voix de l&rsquo;Est, 10 d\u00e9cembre 2024<\/li><li><a href=\"https:\/\/www.coupdoeil.info\/actualites\/alexandre-belliard-devient-la-voix-du-richelieu\/\" target=\"_blank\" rel=\"noopener\">Alexandre Belliard devient la voix du Richelieu<\/a>, Coup d&rsquo;\u0153il, 07 d\u00e9cembre 2024<\/li><li><a href=\"https:\/\/www.noovo.info\/video\/deversement-deaux-usees-de-richmond-des-impacts-pour-la-riviere-saint-francois.html\" rel=\"nofollow noopener\" target=\"_blank\">D\u00e9versements d&rsquo;eaux us\u00e9es : \u00abil n&rsquo;y a pas d&rsquo;autres techniques\u00bb<\/a>, se d\u00e9fend la ville Richmond, Noovo info, 03 d\u00e9cembre 2024<\/li><li><a href=\"https:\/\/ici.radio-canada.ca\/nouvelle\/2123325\/soleno-profectus-construction-egout-pluie\" rel=\"nofollow noopener\" target=\"_blank\">Des tuyaux g\u00e9ants pour r\u00e9gler les probl\u00e8mes d&rsquo;eaux us\u00e9es de Thetford<\/a>, Radio-Canada ICI-Qu\u00e9bec, 02 d\u00e9cembre 2024<\/li><li><a href=\"https:\/\/www.lenouvelliste.ca\/actualites\/actualites-locales\/2024\/11\/27\/isabelle-blais-joint-sa-voix-au-collectif-toujours-maitres-chez-nous-FEQMLEJOWRBSFBV6TTU6NTNBJY\/\" rel=\"nofollow noopener\" target=\"_blank\">Isabelle Blais joint sa voix au collectif Toujours ma\u00eetres chez nous<\/a>, le Nouvelliste, 27 novembre 2024<\/li><li><a href=\"https:\/\/www.lhebdomekinacdeschenaux.ca\/infolettre\/toujours-maitres-chez-vous-recolte-lappui-de-la-comedienne-isabelle-blais\/\" rel=\"nofollow noopener\" target=\"_blank\">Toujours ma\u00eetre chez nous r\u00e9colte l&rsquo;appui de la com\u00e9dienne Isabelle Blais<\/a>, l&rsquo;Hebdo M\u00e9kinac | des Chenaux, 27 novembre 2024<\/li><li><a href=\"https:\/\/www.ledevoir.com\/environnement\/824812\/plus-1000-autorisations-interventions-milieux-humides-deux-ans\" rel=\"nofollow noopener\" target=\"_blank\">Plus de 1000 autorisation d&rsquo;intervention en milieux humides en deux ans<\/a>, Le Devoir, 02 novembre 2024<\/li><li><a href=\"https:\/\/lecourrier.qc.ca\/deversements-dans-la-riviere-la-situation-sameliore-a-saint-hyacinthe\/\" rel=\"nofollow noopener\" target=\"_blank\">D\u00e9versement dans la rivi\u00e8re : la situation s&rsquo;am\u00e9liore \u00e0 Saint-Hyacinthe<\/a>, Le Courrier de Saint-Hyacinthe , 28 novembre 2024<\/li><li><a href=\"https:\/\/www.fm1033.ca\/la-monteregie-est-tristement-championne-des-deversements-deaux-usees\/\" rel=\"nofollow noopener\" target=\"_blank\">La Mont\u00e9r\u00e9gie est tristement championne des d\u00e9versements d&rsquo;eaux us\u00e9es<\/a>, F&rsquo;M 103.3, 27 novembre 2024<\/li><li><a href=\"https:\/\/courrierlaval.com\/surverses-derivations-eaux-usees-laval-pietre\/\" rel=\"nofollow noopener\" target=\"_blank\">Surverses et d\u00e9rivations d&rsquo;eaux us\u00e9es : Laval fait toujours pi\u00e8tre figure<\/a>, Courrier Laval, 27 novembre 2024<\/li><li><a href=\"https:\/\/noovo.info\/video\/deversement-des-eaux-usees-le-bilan-du-saguenay-lac-saint-jean-devoile.html#:~:text=au%20Moyen-Orient-,D%C3%A9versements%20des%20eaux%20us%C3%A9es%3A%20le%20bilan%20du,-Lac-Saint-Jean%20d%C3%A9voil%C3%A9&amp;text=La%20Fondation%20Rivi%C3%A8res%20a%20d%C3%A9voil%C3%A9,15%25%20lors%20de%20cette%20ann%C3%A9e.\" rel=\"nofollow noopener\" target=\"_blank\">D\u00e9versement des eaux us\u00e9es, le bilan du Saguenay-Lac-Saint-Jean d\u00e9voil\u00e9<\/a>, Noovo info, 24 novembre 2024<\/li><li><a href=\"https:\/\/cieufm.com\/entrevue\/lacunes-dans-la-gestion-des-eaux-usees-et-la-protection-de-trois-grandes-rivieres-a-saumon-de-la-gaspesie\/\" rel=\"nofollow noopener\" target=\"_blank\">Lacune dans la gestion des eaux us\u00e9es et la protection de trois grandes rivi\u00e8res \u00e0 saumon de la Gasp\u00e9sie<\/a>, 94.9 &#8211; CIEU FM, 25 novembre 2024<\/li><li><a href=\"https:\/\/www.lhebdodustmaurice.com\/infolettre\/saint-tite-shawinigan-et-la-tuque-se-demarquent\/\" rel=\"nofollow noopener\" target=\"_blank\">Saint-Tite, Shawinigan et La Tuque se d\u00e9marquent<\/a>, l&rsquo;Hebdo du St-Maurice, 21 novembre 2024<\/li><li><a href=\"https:\/\/cimtchau.ca\/nouvelles\/palmares-des-deversements-deaux-usees-plusieurs-municipalites-de-la-region-en-haut-de-la-liste\/\" rel=\"nofollow noopener\" target=\"_blank\">Palmar\u00e8s des d\u00e9versements d&rsquo;eaux us\u00e9es : plusieurs municipalit\u00e9 de la r\u00e9gion en haut de la liste<\/a>, Tva Nouvelles CIMT\/CHAU, 21 novembre 2024<\/li><li><a href=\"https:\/\/cihofm.com\/news\/deversement-des-eaux-usees-la-malbaie-reduit-son-bilan-de-moitie-en-2023\/\" rel=\"nofollow noopener\" target=\"_blank\">D\u00e9versements des eaux us\u00e9es : la Malbaie r\u00e9duit son bilan de moiti\u00e9 en 2023<\/a>, CIHO FM &#8211; Charlevoix, 21 novembre 2024<\/li><li><a href=\"https:\/\/www.journalhcn.com\/2024\/11\/21\/palmares-des-deversements-deaux-usees-port-cartier-dernier-sur-la-cote-nord\/\" rel=\"nofollow noopener\" target=\"_blank\">Palmar\u00e8s des d\u00e9versement des eaux us\u00e9es : Port-Cartier dernier sur la C\u00f4te-Nord<\/a>, le Haute-C\u00f4te-Nord, 21 novembre 2024\u00a0<\/li><li><a href=\"https:\/\/www.lecharlevoisien.com\/2024\/11\/22\/deversement-des-eaux-usees-saint-fidele-fait-la-difference\/\" rel=\"nofollow noopener\" target=\"_blank\">D\u00e9versements des eaux us\u00e9es : Saint-Fid\u00e8le fait la diff\u00e9rence<\/a>, le Charlevoisien, 21 novembre 2024<\/li><li><a href=\"https:\/\/www.lecharlevoisien.com\/2024\/11\/21\/deversement-deaux-usees-charlevoix-sameliore\/\" rel=\"nofollow noopener\" target=\"_blank\">D\u00e9versement d&rsquo;eaux us\u00e9es : Charlevoix s&rsquo;am\u00e9liore<\/a>, le Charlevoisien, 21 novembre 2024<\/li><li><a href=\"https:\/\/www.fm1077.ca\/audio\/661693\/moins-de-debordements-mais-plus-de-volume-d-eau\" rel=\"nofollow noopener\" target=\"_blank\">Estrie : moins de d\u00e9bordements, mais plus de volume d&rsquo;eau<\/a>, 107.7 Estrie &#8211; Cogeco M\u00e9dia, 21 novembre 2024<\/li><li><a href=\"https:\/\/www.lenouvelliste.ca\/actualites\/actualites-locales\/2024\/11\/21\/deversements-deaux-usees-plusieurs-municipalites-mauriciennes-en-tete-du-palmares-O4TJCZFWNRFSRCEYD3MZFXZYDQ\/\" rel=\"nofollow noopener\" target=\"_blank\">D\u00e9versements d&rsquo;eaux us\u00e9es : plusieurs municipalit\u00e9s mauriciennes en t\u00eate du palmar\u00e8s<\/a>, le Nouvelliste, 21 novembre 2024<\/li><li><a href=\"https:\/\/ici.radio-canada.ca\/ohdio\/premiere\/emissions\/au-coeur-du-monde\/segments\/rattrapage\/1921206\/entrevue-avec-andre-belanger\" rel=\"nofollow noopener\" target=\"_blank\">La Fondation Rivi\u00e8res d\u00e9voile son Palmar\u00e8s 2023 des d\u00e9versements d&rsquo;eaux us\u00e9es<\/a>, Au c\u0153ur du monde : Radio-Canada, 21 novembre 2024<\/li><li><a href=\"https:\/\/ici.radio-canada.ca\/ohdio\/premiere\/emissions\/info-reveil\/segments\/rattrapage\/1920616\/deversements-eaux-usees-sont-moins-nombreux-mais-durent-plus-longtemps\" rel=\"nofollow noopener\" target=\"_blank\">Les d\u00e9versements d&rsquo;eaux us\u00e9es sont moins nombreux, mais durent plus longtemps<\/a>, Info-R\u00e9veil : Radio-Canada, 21 novembre 2024<\/li><li><a href=\"https:\/\/ici.radio-canada.ca\/ohdio\/premiere\/emissions\/toujours-le-matin\/episodes\/927241\/rattrapage-jeudi-21-novembre-2024\" rel=\"nofollow noopener\" target=\"_blank\">Le Palmar\u00e8s des d\u00e9versement de la Fondation Rivi\u00e8res<\/a>, Toujours le matin : Radio-Canada, 21 novembre 2024<\/li><li><a href=\"https:\/\/ici.radio-canada.ca\/ohdio\/premiere\/emissions\/bonjour-la-cote\/segments\/rattrapage\/1920642\/moins-deversements-mais-plus-en-plus-eaux-usees-dans-nos-rivieres\" rel=\"nofollow noopener\" target=\"_blank\">Moins de d\u00e9versements, mais de plus en plus d&rsquo;eaux us\u00e9es dans nos rivi\u00e8res<\/a>, Bonjour la C\u00f4te : Radio-Canada, 21 novembre 2024<\/li><li><a href=\"https:\/\/ici.radio-canada.ca\/nouvelle\/2121274\/deversement-eaux-usees-shawinigan-quebec\" rel=\"nofollow noopener\" target=\"_blank\">Eaux us\u00e9es : Shawinigan en t\u00eate du nombre de d\u00e9versement en 2023<\/a>, Radio-Canada (Mauricie), 21 novembre 2024\u00a0<\/li><li><a href=\"https:\/\/www.latribune.ca\/actualites\/actualites-locales\/estrie-et-regions\/2024\/11\/21\/de-plus-en-plus-deaux-usees-dans-les-cours-deau-selon-la-fondation-rivieres-XYLN7XR5VZC33JILL33BW67F6Y\/\" rel=\"nofollow noopener\" target=\"_blank\">De plus en plus d&rsquo;eaux us\u00e9es dans les rivi\u00e8res, selon la Fondation Rivi\u00e8res<\/a>, La Tribune, 21 novembre 2024<\/li><li><a href=\"https:\/\/www.lapresse.ca\/actualites\/environnement\/2024-11-21\/eaux-usees\/des-deversements-de-plus-en-plus-intenses-en-2023.php\" rel=\"nofollow noopener\" target=\"_blank\">Des d\u00e9versements de plus en plus intenses en 2023<\/a>, La Presse, 21 novembre 2023\u00a0<\/li><li><a href=\"https:\/\/mediat.ca\/nouvelles\/2024\/11\/la-riviere-kipawa-est-elle-menacee-par-le-projet-de-loi-69\" rel=\"nofollow noopener\" target=\"_blank\">La rivi\u00e8re Kipawa est-elle menac\u00e9e par le projet de loi 69?<\/a>, M\u00e9diAT, 20 novembre 2024<\/li><li><a href=\"https:\/\/cimtchau.ca\/nouvelles\/production-hydro-electrique-la-riviere-bonaventure-a-les-criteres-selon-le-projet-de-loi-69\/\" rel=\"nofollow noopener\" target=\"_blank\">Production hydro-\u00e9lectrique : la rivi\u00e8re Bonaventures a les crit\u00e8res selon le projet de loi 69<\/a>, TVA Nouvelles CIM\/CHAU, 18 novembre 2024<\/li><li><a href=\"https:\/\/ici.radio-canada.ca\/nouvelle\/2120411\/projet-loi-energie-barrage-fondation-rivieres\" rel=\"nofollow noopener\" target=\"_blank\">R\u00e9forme de l&rsquo;\u00e9nergie : des rivi\u00e8res gasp\u00e9siennes menac\u00e9es ?<\/a>, Radio-Canada, 15 novembre 2024<\/li><li><a href=\"https:\/\/www.ledevoir.com\/environnement\/823459\/adopter-riviere-nord-comme-on-adopte-enfant?utm_source=%C3%80+LA+UNE+%7C++Semaine+...+%28Email+Marketing+cr%C3%A9%C3%A9%28es%29+le+2024-11-12%29&amp;utm_medium=Email\" rel=\"nofollow noopener\" target=\"_blank\">Adoptez la rivi\u00e8re du Nord comme on adopte un enfant<\/a>, le Devoir, 09 novembre 2024<\/li><li><span data-sheets-root=\"1\"><a href=\"https:\/\/www.ledevoir.com\/economie\/823530\/vaudreuil-dorion-projet-logements-abordables-zone-bientot-inondable\" rel=\"nofollow noopener\" target=\"_blank\">Un projet de logements abordables dans une zone inondable<\/a>, le Devoir, 13 novembre 2024<\/span><\/li><li><a href=\"https:\/\/cihofm.com\/news\/note-parfaite-au-lac-nairne-des-resultats-qui-peuvent-etre-destabilisants-pour-les-baigneurs\/\" rel=\"nofollow noopener\" target=\"_blank\">Note parfaite au lac Nairne : des r\u00e9sultats qui peuvent \u00eatre d\u00e9stabilisants pour les baigneurs<\/a>, CIHO FM : Charlevoix (96.3), 28 octobre 2024<\/li><li><span data-sheets-root=\"1\"><a href=\"https:\/\/www.lapresse.ca\/sports\/2024-10-25\/nage-sous-les-ponts-de-new-york\/l-hypothermie-force-guillaume-filion-a-abandonner.php\" rel=\"nofollow noopener\" target=\"_blank\">L\u2019hypothermie force Guillaume Filion \u00e0 abandonner<\/a>, La Presse, 25 octobre 2024<\/span><\/li><li><a href=\"https:\/\/www.journaldemontreal.com\/2024\/10\/22\/parcs-eoliens-ils-accusent-quebec-de-ne-pas-respecter-les-regles\" rel=\"nofollow noopener\" target=\"_blank\">Parcs \u00e9oliens : ils accusent Qu\u00e9bec de ne pas respecter les r\u00e8gles<\/a>, Journal de Montr\u00e9al, 22 octobre 2024<\/li><li><a href=\"https:\/\/ici.radio-canada.ca\/ohdio\/premiere\/emissions\/tout-un-matin\/segments\/rattrapage\/1883765\/sports-avec-olivier-pellerin?fbclid=IwY2xjawGEeF9leHRuA2FlbQIxMAABHclHm63WebdLFZthKYm3HfUBsSwKFe5-21pE6CGenjgVvI0UxmPgsLwU3A_aem_6lDGsR1xEmeeje1Oic8dng\" rel=\"nofollow noopener\" target=\"_blank\">Sports avec Olivier Pellerin : Le d\u00e9fi \u00ab20 Bridges Swim\u00bb de Guillaume Filion, Radio-Canada Ohdio<\/a>, 21 octobre 2024<\/li><li><a href=\"https:\/\/www.jdc.quebec\/2024\/10\/18\/la-grande-descente\/\" rel=\"nofollow noopener\" target=\"_blank\">La Grande Descente<\/a>, Journal des citoyens, 18 octobre 2024<\/li><li><a href=\"https:\/\/infodunordsainteagathe.ca\/actualites\/2024\/10\/16\/50-ans-de-protection-environnementale\/\" rel=\"nofollow noopener\" target=\"_blank\">Appelrin : 50 ans de protection environnementale<\/a>, l&rsquo;Info du Nord, 17 octobre 2024<\/li><li><a href=\"https:\/\/www.ledevoir.com\/opinion\/idees\/821225\/idees-zones-inondables-ne-tirez-pas-messager\" rel=\"nofollow noopener\" target=\"_blank\">Zones inondables : ne tirez pas sur le messager<\/a>, Le Devoir, 7 octobre 2024<\/li><li><a href=\"https:\/\/leveil.com\/environnement\/la-premiere-edition-de-la-grande-descente-est-un-succes\" rel=\"nofollow noopener\" target=\"_blank\">La premi\u00e8re \u00e9dition de la Grande Descente est un succ\u00e8s<\/a>, L&rsquo;\u00c9veil, 11 octobre 2024<\/li><li><span data-sheets-root=\"1\"><a href=\"https:\/\/www.lapresse.ca\/actualites\/environnement\/2024-10-04\/le-facteur-humain\/de-l-evier-a-la-riviere.php\" rel=\"nofollow noopener\" target=\"_blank\">De l\u2019\u00e9vier \u00e0 la rivi\u00e8re<\/a>, La Presse, 4 octobre 2024<\/span><\/li><li><a href=\"https:\/\/www.ledevoir.com\/opinion\/chroniques\/820483\/chronique-grande-descente\" rel=\"nofollow noopener\" target=\"_blank\">La Grande Descente<\/a>, par Salom\u00e9 Corbo, Le Devoir, 25 septembre 2024<\/li><li><a href=\"https:\/\/ici.radio-canada.ca\/ohdio\/premiere\/emissions\/dessine-moi-un-matin\/episodes\/946459\/rattrapage-du-21-sept-2024-une-injection-efficace-pour-prevenir-le-vih-et-lagriculture-comme-moyen-dechapper-a-la-ville\" rel=\"nofollow noopener\" target=\"_blank\">Entrevue avec Paul Pich\u00e9 : la grande descente de la Rivi\u00e8re-du-Nord<\/a>, Radio-Canada Dessine moi un matin, 21 septembre 2024<\/li><li><a href=\"https:\/\/ici.radio-canada.ca\/tele\/la-semaine-verte\/site\/episodes\/973482\/riviere-kapawa-baleines-bd-martin-pm\" rel=\"nofollow noopener\" target=\"_blank\">Prot\u00e9ger ou exploiter la rivi\u00e8re Kipawa?<\/a>, Radio-Canada (ICI-T\u00e9l\u00e9), 21 septembre 2024<\/li><li><a href=\"https:\/\/www.theglobeandmail.com\/investing\/markets\/markets-news\/Newswire.ca\/28574064\/le-projet-de-loi-69-risque-de-tuer-lacceptabilite-sociale-de-lenergie-eolienne-et-douvrir-la-porte-a-la-multiplication-des-barrages-sur-les-rivieres\/\" rel=\"nofollow noopener\" target=\"_blank\">Le projet de loi 69 risque de tuer l&rsquo;acceptabilit\u00e9 sociale de l&rsquo;\u00e9nergie \u00e9olienne et d&rsquo;ouvrir la porte \u00e0 la multiplication des barrages sur les rivi\u00e8res<\/a>, The Globe and Mail, 17 septembre 2024<\/li><li><a href=\"https:\/\/www.journalacces.ca\/actualite\/le-22-septembre-cest-la-grande-descente-de-la-riviere-du-nord\/\" rel=\"nofollow noopener\" target=\"_blank\">Le 22 septembre, c\u2019est la Grande Descente de la rivi\u00e8re du Nord<\/a>, Journal l&rsquo;acc\u00e8s, 17 septembre 2024<\/li><li><a href=\"https:\/\/podcasts.apple.com\/us\/podcast\/leffet-durable-09-10-2024-10-00\/id1646679850?i=1000669038765\" rel=\"nofollow noopener\" target=\"_blank\">L&rsquo;Effet Durable : Segment du 10-09-2024<\/a>, CIBL &#8211; 101.5, 10 septembre 2024\u00a0<\/li><li><a href=\"https:\/\/www.journaldemontreal.com\/2024\/09\/09\/le-caribou-seteint-et-lindignation-monte\" rel=\"nofollow noopener\" target=\"_blank\"><span style=\"font-weight: 400;\">Lettre ouverte &#8211; Le caribou s&rsquo;\u00e9teint et l&rsquo;indignation monte<\/span><\/a><span style=\"font-weight: 400;\">, Le Journal de Montr\u00e9al, 9 septembre 2024<\/span><\/li><li><a href=\"https:\/\/lenord-cotier.com\/2024\/08\/30\/prolongement-de-la-138-premier-pas-vers-le-harnachement-de-nouvelles-rivieres\/\" rel=\"nofollow noopener\" target=\"_blank\">Prolongement de la 138 \/ Premier pas vers le harnachement de nouvelles rivi\u00e8res ?<\/a>, Le Nord-C\u00f4tier, 30 ao\u00fbt 2024<\/li><li><a href=\"https:\/\/www.pressegauche.org\/La-Grande-Descente-sur-la-riviere-du-Nord-avec-Paul-Piche-et-Salome-Corbo\" rel=\"nofollow noopener\" target=\"_blank\">La Grande Descente sur la rivi\u00e8re du Nord avec Paul Pich\u00e9 et Salom\u00e9 Corbo<\/a>, Presse-toi \u00e0 gauche, Vendredi 23 ao\u00fbt\u00a0<\/li><li><span data-sheets-root=\"1\"><a href=\"https:\/\/oeilregional.com\/des-temeraires-font-aussi-le-grand-saut-a-saint-denis-sur-richelieu\/\" rel=\"nofollow noopener\" target=\"_blank\">Des t\u00e9m\u00e9raires font aussi le grand saut \u00e0 Saint-Denis-sur-Richelieu<\/a>, L&rsquo;\u0153il r\u00e9gional, 26 ao\u00fbt 2024<\/span><\/li><li><span data-sheets-root=\"1\"><a href=\"https:\/\/oeilregional.com\/une-journee-pour-se-reapproprier-la-riviere\/\" rel=\"nofollow noopener\" target=\"_blank\">Une journ\u00e9e pour se r\u00e9approprier la rivi\u00e8re, L&rsquo;\u0153il r\u00e9gional<\/a>, 26 ao\u00fbt 2024<\/span><\/li><li><a href=\"https:\/\/www.pressegauche.org\/Mine-de-fer-du-Lac-Bloom-le-gouvernement-federal-autorise-a-son-tour-la\" rel=\"nofollow noopener\" target=\"_blank\">Mise de fer du Lac Bloom : le gouvernement f\u00e9d\u00e9ral autorise \u00e0 son tour la destruction totale de 37 plans d&rsquo;eau pour y d\u00e9verser des d\u00e9chets miniers alors que des solution de rechange existent<\/a>, Presse-toi \u00e0 gauche, 21 ao\u00fbt 2024<\/li><li><a href=\"https:\/\/ici.radio-canada.ca\/tele\/le-telejournal-mauricie\/site\/episodes\/965534\/episode-du-18-aout-2024\" rel=\"nofollow noopener\" target=\"_blank\">Le Grand Splash de Batiscan : Entrevue avec Coralie Massey-Cantin<\/a>, Radio-Canada Ici T\u00e9l\u00e9, Le T\u00e9l\u00e9journal Mauricie, 18 ao\u00fbt 2024<\/li><li><span data-sheets-root=\"1\"><a href=\"https:\/\/ici.radio-canada.ca\/ohdio\/premiere\/emissions\/dessine-moi-un-matin\/segments\/rattrapage\/1830497\/grand-splash-batiscan-entrevue-avec-andre-belanger\" rel=\"nofollow noopener\" target=\"_blank\">Le grand splash de Batiscan : Entrevue avec Andr\u00e9 B\u00e9langer<\/a>, Radio-Canada Ici Premi\u00e8re, 17 ao\u00fbt 2024<\/span><\/li><li><span data-sheets-root=\"1\" data-sheets-value=\"{&quot;1&quot;:2,&quot;2&quot;:&quot;Paris 2024 : tout savoir sur E. Coli, cette bact\u00e9rie au c\u0153ur de la pol\u00e9mique&quot;}\" data-sheets-userformat=\"{&quot;2&quot;:769,&quot;3&quot;:{&quot;1&quot;:0},&quot;11&quot;:4,&quot;12&quot;:0}\"><a href=\"https:\/\/www.laprovence.com\/article\/sante\/4735161650166914\/paris-2024-tout-savoir-sur-e-coli-cette-bacterie-au-coeur-de-la-polemique\" rel=\"nofollow noopener\" target=\"_blank\">Paris 2024 : tout savoir sur E. Coli, cette bact\u00e9rie au c\u0153ur de la pol\u00e9mique<\/a>, La Provence, 8 ao\u00fbt 2024<\/span><\/li><li><a href=\"https:\/\/oeilregional.com\/un-nouvel-evenement-intermunicipal-voit-le-jour\/\" rel=\"nofollow noopener\" target=\"_blank\">Un nouvel \u00e9v\u00e9nement intermunicipal voit le jour<\/a>, L&rsquo;oeil R\u00e9gional, 5 ao\u00fbt 2024<\/li><li><a href=\"https:\/\/www.noovo.info\/nouvelle\/plomb-benzene-et-egouts-pas-de-plage-dans-lest-de-montreal-avant-2028.html\" rel=\"nofollow noopener\" target=\"_blank\">Plomb, benz\u00e8ne et \u00e9gouts: pas de plage dans l&rsquo;est de Montr\u00e9al avant 2028<\/a>, Novoo info, 2 ao\u00fbt 2024<\/li><li><a href=\"https:\/\/montreal.ctvnews.ca\/swimming-restricted-at-montreal-beach-due-to-contamination-1.6986672\" rel=\"nofollow sponsored noopener\" target=\"_blank\">No beach in Montreal&rsquo;s east end before 2028 due to health concerns<\/a>, CTV News, 1 ao\u00fbt 2024<\/li><li><a href=\"https:\/\/www.cbc.ca\/news\/canada\/montreal\/public-health-beach-promenade-bellerive-park-1.7279739\" rel=\"nofollow sponsored noopener\" target=\"_blank\">Popular beach in Montreal&rsquo;s east end has contaminated soil, says Public Health<\/a>, CBC News, 31 juillet 2024<\/li><li><span data-sheets-root=\"1\" data-sheets-value=\"{&quot;1&quot;:2,&quot;2&quot;:&quot;La baignade peut-elle \u00eatre s\u00e9curitaire dans l'est ?&quot;}\" data-sheets-userformat=\"{&quot;2&quot;:11073,&quot;3&quot;:{&quot;1&quot;:0},&quot;9&quot;:0,&quot;11&quot;:4,&quot;12&quot;:0,&quot;14&quot;:{&quot;1&quot;:2,&quot;2&quot;:0},&quot;16&quot;:11}\"><a href=\"https:\/\/estmediamontreal.com\/la-baignade-peut-elle-etre-securitaire-est\/#:~:text=Les%20cinq%20points%20offrant%20un,extr%C3%A9mit%C3%A9%20est%20de%20l%27%C3%AEle.\" target=\"_blank\" rel=\"noopener\">La baignade peut-elle \u00eatre s\u00e9curitaire dans l&rsquo;est ?<\/a>, Est M\u00e9dia Montr\u00e9al, 31 juillet 2024<\/span><\/li><li><a href=\"https:\/\/www.985fm.ca\/audio\/639165\/pas-de-baignade-au-parc-de-la-promenade-bellerive-c-est-a-cause-du-sol\" rel=\"nofollow sponsored noopener\" target=\"_blank\">Pas de baignade au parc de la Promenade-Bellerive: \u00abC&rsquo;est \u00e0 cause du sol\u00bb<\/a>, 98,5, 31 juillet 2024<\/li><li><a href=\"https:\/\/www.tvanouvelles.ca\/2024\/07\/30\/piscine-en-eaux-vives-a-beloeil-une-preparation-et-une-gestion-enorme-pour-le-projet-pilote\" rel=\"nofollow noopener\" target=\"_blank\"><span data-sheets-root=\"1\" data-sheets-value=\"{&quot;1&quot;:2,&quot;2&quot;:&quot;Un projet pilote qui pourrait faire des petits ?&quot;}\" data-sheets-userformat=\"{&quot;2&quot;:11073,&quot;3&quot;:{&quot;1&quot;:0},&quot;9&quot;:0,&quot;11&quot;:4,&quot;12&quot;:0,&quot;14&quot;:{&quot;1&quot;:2,&quot;2&quot;:16711680},&quot;16&quot;:11}\">Un projet pilote qui pourrait faire des petits ?<\/span><\/a>, TVA Nouvelles, 30 juillet 2024<\/li><li><a href=\"https:\/\/www.noovo.info\/video\/une-plage-a-verdun-mais-pas-a-la-promenade-bellerive-ce-quil-faut-savoir-sur-leau-a-montreal.html\" rel=\"nofollow sponsored noopener\" target=\"_blank\">Une plage \u00e0 Verdun, mais pas \u00e0 la Promenade-Bellerive : ce qu&rsquo;il faut savoir sur l&rsquo;eau \u00e0 Montr\u00e9al<\/a>, Noovo Info, 30 juillet 2024\u00a0<\/li><li><span data-sheets-root=\"1\" data-sheets-value=\"{&quot;1&quot;:2,&quot;2&quot;:&quot;Pourquoi la nappe d'huile sur le fleuve a-t-elle refait surface?&quot;}\" data-sheets-userformat=\"{&quot;2&quot;:11073,&quot;3&quot;:{&quot;1&quot;:0},&quot;9&quot;:0,&quot;11&quot;:4,&quot;12&quot;:0,&quot;14&quot;:{&quot;1&quot;:2,&quot;2&quot;:0},&quot;16&quot;:11}\"><a href=\"https:\/\/www.985fm.ca\/audio\/638571\/pourquoi-la-nappe-d-huile-sur-le-fleuve-a-t-elle-refait-surface\" rel=\"nofollow sponsored noopener\" target=\"_blank\">Pourquoi la nappe d&rsquo;huile sur le fleuve a-t-elle refait surface?<\/a>, 98.5, 26 juillet 2024<\/span><\/li><li><span data-sheets-root=\"1\" data-sheets-value=\"{&quot;1&quot;:2,&quot;2&quot;:&quot;Nappe d'huile dans le Saint-Laurent&quot;}\" data-sheets-userformat=\"{&quot;2&quot;:11073,&quot;3&quot;:{&quot;1&quot;:0},&quot;9&quot;:0,&quot;11&quot;:4,&quot;12&quot;:0,&quot;14&quot;:{&quot;1&quot;:2,&quot;2&quot;:0},&quot;16&quot;:11}\"><a href=\"https:\/\/ici.radio-canada.ca\/tele\/le-telejournal-18h\/site\/segments\/reportage\/1815603\/fleuve-huile-nettoyage-saint-laurent\" rel=\"nofollow sponsored noopener\" target=\"_blank\">Nappe d&rsquo;huile dans le Saint-Laurent<\/a>, Radio Canada, 26 juillet 2024<\/span><\/li><li><a href=\"https:\/\/globalnews.ca\/video\/10646509\/locals-in-montreals-east-end-upset-looking-for-answers-after-second-major-oil-spill\/\" rel=\"nofollow sponsored noopener\" target=\"_blank\">Locals in Montreal\u2019s east end upset, looking for answers after second major oil spill<\/a>, Global News, 26 juillet 2024<\/li><li><span data-sheets-root=\"1\" data-sheets-value=\"{&quot;1&quot;:2,&quot;2&quot;:&quot;Nouveau d\u00e9versement d'huile pr\u00e8s de la marina de Pointe-aux-Trembles&quot;}\" data-sheets-userformat=\"{&quot;2&quot;:11073,&quot;3&quot;:{&quot;1&quot;:0},&quot;9&quot;:0,&quot;11&quot;:4,&quot;12&quot;:0,&quot;14&quot;:{&quot;1&quot;:2,&quot;2&quot;:0},&quot;16&quot;:11}\"><a href=\"https:\/\/www.noovo.info\/nouvelle\/nouveau-deversement-dhuile-pres-de-la-marina-de-pointe-aux-trembles.html\" rel=\"nofollow sponsored noopener\" target=\"_blank\">Nouveau d\u00e9versement d&rsquo;huile pr\u00e8s de la marina de Pointe-aux-Trembles<\/a>, Noovo Info, 25 juillet 2024<\/span><\/li><li><a href=\"https:\/\/montreal.ctvnews.ca\/laurentians-municipality-mulls-banning-wakesurfing-1.6977731\" rel=\"nofollow sponsored noopener\" target=\"_blank\">Laurentians municipality mulls banning wakesurfing<\/a>, CTV News, 25 juillet 2024<\/li><li><a href=\"https:\/\/www.lapresse.ca\/actualites\/grand-montreal\/2024-07-25\/pointe-aux-trembles\/une-nouvelle-nappe-d-huile-fait-son-apparition-une-source-potentielle-identifiee.php\" rel=\"nofollow sponsored noopener\" target=\"_blank\">La source des nappes d\u2019huile identifi\u00e9e apr\u00e8s une nouvelle \u00ab mar\u00e9e noire \u00bb<\/a>, <span data-sheets-root=\"1\" data-sheets-value=\"{&quot;1&quot;:2,&quot;2&quot;:&quot;La Presse&quot;}\" data-sheets-userformat=\"{&quot;2&quot;:11201,&quot;3&quot;:{&quot;1&quot;:0},&quot;9&quot;:0,&quot;10&quot;:2,&quot;11&quot;:4,&quot;12&quot;:0,&quot;14&quot;:{&quot;1&quot;:2,&quot;2&quot;:0},&quot;16&quot;:11}\">La Presse, 25 juillet 2024<\/span><\/li><li><a href=\"https:\/\/journaldesvoisins.com\/les-berges-dahuntsic-cartierville-en-eaux-troubles\/\" rel=\"nofollow sponsored noopener\" target=\"_blank\">Les berges d&rsquo;Ahuntsic-Cartierville en eaux troubles ?,<\/a> <span data-sheets-root=\"1\" data-sheets-value=\"{&quot;1&quot;:2,&quot;2&quot;:&quot;Journal des Voisins&quot;}\" data-sheets-userformat=\"{&quot;2&quot;:11201,&quot;3&quot;:{&quot;1&quot;:0},&quot;9&quot;:0,&quot;10&quot;:2,&quot;11&quot;:4,&quot;12&quot;:0,&quot;14&quot;:{&quot;1&quot;:2,&quot;2&quot;:0},&quot;16&quot;:11}\">Journal des Voisins, 23 juillet 2024<\/span><\/li><li><a href=\"https:\/\/ici.radio-canada.ca\/ohdio\/premiere\/emissions\/le-15-18\/segments\/rattrapage\/1810012\/on-regle-ca-avec-hugo-lavoie-acces-au-fleuve-st-laurent-a-montreal\" rel=\"nofollow sponsored noopener\" target=\"_blank\">On r\u00e8gle \u00e7a avec Hugo Lavoie : L\u2019acc\u00e8s au fleuve St-Laurent \u00e0 Montr\u00e9al<\/a>, Radio-Canada Ohdio, 19 juillet 2024<\/li><li><a href=\"https:\/\/www.tvanouvelles.ca\/2024\/07\/18\/comme-dans-la-seine-a-paris-pourrait-on-et-devrait-on-se-baigner-dans-le-saint-laurent\" rel=\"nofollow sponsored noopener\" target=\"_blank\">Comme dans la Seine \u00e0 Paris: pourrait-on (et devrait-on) se baigner dans le Saint-Laurent?<\/a>, TVA Nouvelles, 18 juillet 2024<\/li><li><a href=\"https:\/\/www.lapresse.ca\/actualites\/2024-07-18\/beloeil\/plongeon-dans-la-premiere-piscine-en-eaux-vives-du-quebec.php\" rel=\"nofollow sponsored noopener\" target=\"_blank\"><span data-sheets-root=\"1\" data-sheets-value=\"{&quot;1&quot;:2,&quot;2&quot;:&quot;Plongeon dans la premi\u00e8re piscine en eaux vives du Qu\u00e9bec&quot;}\" data-sheets-userformat=\"{&quot;2&quot;:11073,&quot;3&quot;:{&quot;1&quot;:0},&quot;9&quot;:0,&quot;11&quot;:4,&quot;12&quot;:0,&quot;14&quot;:{&quot;1&quot;:2,&quot;2&quot;:0},&quot;16&quot;:11}\">Plongeon dans la premi\u00e8re piscine en eaux vives du Qu\u00e9bec<\/span><\/a>, La Presse, 18 juillet 2024<\/li><li><span data-sheets-root=\"1\" data-sheets-value=\"{&quot;1&quot;:2,&quot;2&quot;:&quot;La pollution dans le fleuve vient d\u2019un d\u00e9versement d\u2019huile \u00e0 moteur&quot;}\" data-sheets-userformat=\"{&quot;2&quot;:11073,&quot;3&quot;:{&quot;1&quot;:0},&quot;9&quot;:0,&quot;11&quot;:4,&quot;12&quot;:0,&quot;14&quot;:{&quot;1&quot;:2,&quot;2&quot;:0},&quot;16&quot;:11}\"><a href=\"https:\/\/www.lapresse.ca\/actualites\/grand-montreal\/2024-07-12\/est-de-montreal\/la-pollution-dans-le-fleuve-vient-d-un-deversement-d-huile-a-moteur.php\" rel=\"nofollow sponsored noopener\" target=\"_blank\">La pollution dans le fleuve vient d\u2019un d\u00e9versement d\u2019huile \u00e0 moteu<\/a><a href=\"https:\/\/www.lapresse.ca\/actualites\/grand-montreal\/2024-07-12\/est-de-montreal\/la-pollution-dans-le-fleuve-vient-d-un-deversement-d-huile-a-moteur.php\" rel=\"nofollow noopener\" target=\"_blank\">r<\/a>, La Presse, 17 juillet 2024<\/span><\/li><li><span data-sheets-root=\"1\" data-sheets-value=\"{&quot;1&quot;:2,&quot;2&quot;:&quot;Pr\u00e9vost s\u2019engage \u00e0 prot\u00e9ger la rivi\u00e8re du Nord&quot;}\" data-sheets-userformat=\"{&quot;2&quot;:11073,&quot;3&quot;:{&quot;1&quot;:0},&quot;9&quot;:0,&quot;11&quot;:4,&quot;12&quot;:0,&quot;14&quot;:{&quot;1&quot;:2,&quot;2&quot;:0},&quot;16&quot;:11}\"><a href=\"https:\/\/www.journallenord.com\/actualite\/prevost-sengage-a-proteger-la-riviere-du-nord\/\" rel=\"nofollow sponsored noopener\" target=\"_blank\">Pr\u00e9vost s\u2019engage \u00e0 prot\u00e9ger la rivi\u00e8re du Nord<\/a>, Le Nord, 16 juillet 2024<\/span><\/li><li><a href=\"https:\/\/www.lapresse.ca\/actualites\/grand-montreal\/2024-07-15\/maree-noire-a-pointe-aux-trembles\/quebec-suspend-son-enquete-sur-l-origine-du-deversement.php?sharing=true\" rel=\"nofollow sponsored noopener\" target=\"_blank\">Qu\u00e9bec suspend son enqu\u00eate sur l\u2019origine du d\u00e9versement<\/a>, La Presse, 15 juillet 2024<\/li><li><a href=\"https:\/\/www.laveniretdesrivieres.com\/nouvelles-nationales\/maree-noire-dans-le-fleuve-oiseaux-souilles-et-rivage-pollue-par-de-lhuile-a-moteur\/\" rel=\"nofollow sponsored noopener\" target=\"_blank\"><span data-sheets-root=\"1\" data-sheets-value=\"{&quot;1&quot;:2,&quot;2&quot;:&quot;Mar\u00e9e noire dans le fleuve: oiseaux souill\u00e9s et rivage pollu\u00e9 par de l\u2019huile \u00e0 moteur&quot;}\" data-sheets-userformat=\"{&quot;2&quot;:11073,&quot;3&quot;:{&quot;1&quot;:0},&quot;9&quot;:0,&quot;11&quot;:4,&quot;12&quot;:0,&quot;14&quot;:{&quot;1&quot;:2,&quot;2&quot;:0},&quot;16&quot;:11}\">Mar\u00e9e noire dans le fleuve: oiseaux souill\u00e9s et rivage pollu\u00e9 par de l\u2019huile \u00e0 moteur<\/span><\/a>, <span data-sheets-root=\"1\" data-sheets-value=\"{&quot;1&quot;:2,&quot;2&quot;:&quot;L'avenir et des rivi\u00e8res&quot;}\" data-sheets-userformat=\"{&quot;2&quot;:11201,&quot;3&quot;:{&quot;1&quot;:0},&quot;9&quot;:0,&quot;10&quot;:2,&quot;11&quot;:4,&quot;12&quot;:0,&quot;14&quot;:{&quot;1&quot;:2,&quot;2&quot;:0},&quot;16&quot;:11}\">L&rsquo;avenir et des rivi\u00e8res, 12 juillet 2024<\/span><\/li><li><a href=\"https:\/\/www.noovo.info\/nouvelle\/pointe-aux-trembles-une-maree-noire-sur-le-fleuve-saint-laurent.html\" rel=\"nofollow sponsored noopener\" target=\"_blank\"><span data-sheets-root=\"1\" data-sheets-value=\"{&quot;1&quot;:2,&quot;2&quot;:&quot;Mar\u00e9e noire dans le fleuve: oiseaux souill\u00e9s et rivage pollu\u00e9 par de l'huile \u00e0 moteur&quot;}\" data-sheets-userformat=\"{&quot;2&quot;:11073,&quot;3&quot;:{&quot;1&quot;:0},&quot;9&quot;:0,&quot;11&quot;:4,&quot;12&quot;:0,&quot;14&quot;:{&quot;1&quot;:2,&quot;2&quot;:0},&quot;16&quot;:11}\">Mar\u00e9e noire dans le fleuve: oiseaux souill\u00e9s et rivage pollu\u00e9 par de l&rsquo;huile \u00e0 moteur<\/span><\/a>, Novoo, 12 juillet 2024<\/li><li><a href=\"https:\/\/www.qub.ca\/radio\/balado\/francis-gosselin?audio=1099051766\" rel=\"nofollow sponsored noopener\" target=\"_blank\"><span data-sheets-root=\"1\" data-sheets-value=\"{&quot;1&quot;:2,&quot;2&quot;:&quot;Le Saint-Laurent pollu\u00e9 par de l\u2019huile \u00e0 moteur au niveau de Pointe-aux-Trembles&quot;}\" data-sheets-userformat=\"{&quot;2&quot;:11073,&quot;3&quot;:{&quot;1&quot;:0},&quot;9&quot;:0,&quot;11&quot;:4,&quot;12&quot;:0,&quot;14&quot;:{&quot;1&quot;:2,&quot;2&quot;:0},&quot;16&quot;:11}\">Le Saint-Laurent pollu\u00e9 par de l\u2019huile \u00e0 moteur au niveau de Pointe-aux-Trembles<\/span><\/a>, <span data-sheets-root=\"1\" data-sheets-value=\"{&quot;1&quot;:2,&quot;2&quot;:&quot;QUB&quot;}\" data-sheets-userformat=\"{&quot;2&quot;:11201,&quot;3&quot;:{&quot;1&quot;:0},&quot;9&quot;:0,&quot;10&quot;:2,&quot;11&quot;:4,&quot;12&quot;:0,&quot;14&quot;:{&quot;1&quot;:2,&quot;2&quot;:0},&quot;16&quot;:11}\">QUB, 12 juillet 2024<\/span><\/li><li><a href=\"https:\/\/www.985fm.ca\/audio\/636347\/d-apres-les-images-que-j-ai-vues-c-est-vraiment-du-petrole\" rel=\"nofollow sponsored noopener\" target=\"_blank\">\u00abD&rsquo;apr\u00e8s les images que j&rsquo;ai vues, c&rsquo;est vraiment du p\u00e9trole\u00bb,<\/a> 98,5, 12 juillet 2024<\/li><li><a href=\"https:\/\/www.lapresse.ca\/actualites\/grand-montreal\/2024-07-11\/maree-noire-a-pointe-aux-trembles.php\" rel=\"nofollow sponsored noopener\" target=\"_blank\">\u00ab Mar\u00e9e noire \u00bb \u00e0 Pointe-aux-Trembles<\/a>, La Presse, 11 juillet 2024<\/li><li><a href=\"https:\/\/www.ledevoir.com\/environnement\/816249\/ressources-naturelles-ottawa-autorise-destruction-37-cours-eau-quebec-stocker-residus-miniers\" rel=\"nofollow sponsored noopener\" target=\"_blank\">Ottawa autorise la destruction de 37 cours d\u2019eau du Qu\u00e9bec pour stocker des r\u00e9sidus miniers<\/a>, Le Devoir, <a class=\"waffle-rich-text-link\" data-sheets-formula-bar-text-link=\"https:\/\/www.ledevoir.com\/auteur\/alexandre-shields\" data-sheets-formula-bar-text-style=\"font-size:15px;color:#000000;font-weight:normal;text-decoration:none;font-family:'docs-Calibri';font-style:normal;text-decoration-skip-ink:none;\">Alexandre Shields, 10 juillet 2024<\/a><\/li><li><a href=\"https:\/\/ici.radio-canada.ca\/ohdio\/premiere\/emissions\/le-15-18\/segments\/rattrapage\/1801087\/pollution-eau-fleau-eaux-usees-mal-raccordes-alain-saladzius\" rel=\"nofollow sponsored noopener\" target=\"_blank\">Des eaux us\u00e9es d\u2019une \u00e9cole dans la rivi\u00e8re des Prairies<\/a>, Radio-Canada Ohdio, 8 juillet 2024<\/li><li><a href=\"https:\/\/omny.fm\/shows\/karima-brikh\/seine-pollu-e-paris-a-fait-ce-qu-elle-pouvait-dit\" rel=\"nofollow sponsored noopener\" target=\"_blank\">Seine pollu\u00e9e: Paris \u00aba fait ce qu\u2019elle pouvait\u00bb, dit le directeur de la Fondation Rivi\u00e8res<\/a>, QUB, 5 juillet 2024<\/li><li><a href=\"https:\/\/www.newswire.ca\/fr\/news-releases\/grand-splash-100-personnes-sautent-a-l-eau-du-vieux-port-pour-pousser-les-elu-e-s-a-offrir-de-nouveaux-acces-a-la-baignade-a-montreal-881029589.html\" rel=\"nofollow sponsored noopener\" target=\"_blank\">Grand Splash : 100 personnes sautent \u00e0 l&rsquo;eau du Vieux-Port pour pousser les \u00e9lu.e.s \u00e0 offrir de nouveaux acc\u00e8s \u00e0 la baignade \u00e0 Montr\u00e9al<\/a>, NewsWire, 4 juillet 2024<\/li><li><a href=\"https:\/\/www.tvanouvelles.ca\/2024\/07\/04\/un-grand-splash-et-un-grand-projet\" rel=\"nofollow sponsored noopener\" target=\"_blank\">Un Grand Splash et un grand projet<\/a>, TVA Nouvelles, 4 juillet 2024<\/li><li><a href=\"https:\/\/www.journaldemontreal.com\/2024\/07\/04\/un-grand-splash-et-un-grand-projet\" rel=\"nofollow sponsored noopener\" target=\"_blank\">Un Grand Splash et un grand projet<\/a>, Journal de Montr\u00e9al, 4 juillet 2024<\/li><li><a href=\"https:\/\/www.ledevoir.com\/environnement\/815956\/centaine-personnes-font-grand-saut-vieux-port-revendiquer-acces-eau\" rel=\"nofollow sponsored noopener\" target=\"_blank\">Une centaine de personnes font le grand saut au Vieux-Port pour revendiquer l\u2019acc\u00e8s \u00e0 l\u2019eau<\/a>, Le Devoir, 4 juillet 2024<\/li><li><a href=\"https:\/\/www.noovo.info\/video\/grand-splash-100-personnes-sautent-a-leau-au-vieux-port-de-montreal.html\" rel=\"nofollow sponsored noopener\" target=\"_blank\">GRAND SPLASH: 100 PERSONNES SAUTENT \u00c0 L&rsquo;EAU AU VIEUX-PORT DE MONTR\u00c9AL<\/a>, Noovo info, 4 juillet 2024<\/li><li><a href=\"https:\/\/www.lapresse.ca\/actualites\/grand-montreal\/2024-07-05\/grand-splash-2024\/splish-splash-plouf-les-montrealais-plongent-dans-le-fleuve.php\" rel=\"nofollow sponsored noopener\" target=\"_blank\">Splish, splash, plouf : les Montr\u00e9alais plongent dans le fleuve<\/a>, La Presse, 4 juillet 2024<\/li><li><a href=\"https:\/\/montreal.ctvnews.ca\/video\/c2952476-making-a-splash-in-old-montreal\" rel=\"nofollow sponsored noopener\" target=\"_blank\">Making a splash in Old Montreal<\/a>, CTV News, 4 juillet 2024<\/li><li><a href=\"https:\/\/ici.radio-canada.ca\/ohdio\/premiere\/emissions\/tout-un-matin\/segments\/rattrapage\/1798207\/entrevue-avec-andre-belanger-grand-splash\" rel=\"nofollow sponsored noopener\" target=\"_blank\">Entrevue avec Andr\u00e9 B\u00e9langer: Grand Splash<\/a>, Radio-Canada Ohdio, 4 juillet 2024<\/li><li><a href=\"https:\/\/oeilregional.com\/beloeil-a-maintenant-sa-piscine-en-eau-vive\/\" rel=\"nofollow sponsored noopener\" target=\"_blank\">Bel\u0153il a maintenant sa piscine en eau vive<\/a>, L&rsquo;Oeil r\u00e9gional, 2 juillet 2024<\/li><li><a href=\"https:\/\/youtu.be\/GeSIIlgyaFw?si=Zg4qsCg_95SoCC9v\" rel=\"nofollow sponsored noopener\" target=\"_blank\">Why can&rsquo;t you swim at Montreal&rsquo;s Old Port?<\/a>, CBC, 28 juin 2024<\/li><li><a href=\"https:\/\/ici.radio-canada.ca\/ohdio\/premiere\/emissions\/boreale-138\/segments\/rattrapage\/1787510\/breves-regionales\" rel=\"nofollow sponsored noopener\" target=\"_blank\">Br\u00e8ves r\u00e9gionales<\/a>, Bor\u00e9ale 138 &#8211; Radio-Canada C\u00f4te-Nord, 19 juin 2024<\/li><li><a href=\"https:\/\/ici.radio-canada.ca\/nouvelle\/2079083\/eaux-usees-nature-egouts?partageApp=rcca_appmobile_appinfo_android%E2%80%A6\" rel=\"nofollow sponsored noopener\" target=\"_blank\">77 municipalit\u00e9s du Qu\u00e9bec jettent leurs eaux us\u00e9es dans la nature<\/a>, Radio-Canada &#8211; Ici Qu\u00e9bec, 16 juin 2024<\/li><li><span class=\"text\"><a href=\"https:\/\/ici.radio-canada.ca\/ohdio\/premiere\/emissions\/bonjour-la-cote\/segments\/entrevue\/1779740\/projet-de-loi-fitzgibbon-et-developpement-hydroelectrique\" rel=\"nofollow sponsored noopener\" target=\"_blank\">Projet de loi Fitzgibbon et d\u00e9veloppement hydro\u00e9lectrique<\/a>, Radio-Canda &#8211; Bonjour la C\u00f4te, 12 juin 2024<\/span><\/li><li><a href=\"https:\/\/www.noovo.info\/video\/acces-a-la-plage-de-batiscan-cest-limpasse.html\" rel=\"nofollow sponsored noopener\" target=\"_blank\">Acc\u00e8s \u00e0 la plage de Batiscan: c&rsquo;est l&rsquo;impasse<\/a>, info Novoo, 12 juin<\/li><li><span class=\"s1\"><a href=\"https:\/\/www.ledevoir.com\/opinion\/idees\/814554\/idees-ouvrons-pas-porte-destruction-rivieres-profit-predateurs\" rel=\"nofollow sponsored noopener\" target=\"_blank\">N\u2019ouvrons pas la porte \u00e0 la destruction des rivi\u00e8res au profit des pr\u00e9dateurs<\/a>, Le Devoir, 10 juin<\/span><\/li><li><a href=\"https:\/\/ici.radio-canada.ca\/nouvelle\/2079662\/plage-batiscan-plainte-fondation-rivieres\" rel=\"nofollow sponsored noopener\" target=\"_blank\">Berges \u00e0 Batiscan : plainte au minist\u00e8re de l&rsquo;Environnement<\/a>, ICI Mauricie-Centre-du-Qu\u00e9bec, 10 juin 2024<\/li><li><a href=\"https:\/\/www.lapresse.ca\/actualites\/tensions-sur-fond-de-sable-blond\/2024-06-09\/plage-de-batiscan\/une-plage-en-eaux-troubles.php\" rel=\"nofollow sponsored noopener\" target=\"_blank\">Plage de Batiscan: Une plage en eaux troubles<\/a>, La Presse, 9 juin 2024<\/li><li><a href=\"https:\/\/www.lapresse.ca\/actualites\/tensions-sur-fond-de-sable-blond\/2024-06-09\/des-plaintes-au-ministere-de-l-environnement.php\" rel=\"nofollow sponsored noopener\" target=\"_blank\">Des plaintes au minist\u00e8re de l\u2019Environnement<\/a>, La Presse, 9 juin 2024<\/li><li><a href=\"https:\/\/www.lapresse.ca\/actualites\/plage-de-batiscan\/tensions-sur-fond-de-sable-blond\/2024-06-09\/la-disparition-de-la-plage-de-batiscan.php\" rel=\"nofollow sponsored noopener\" target=\"_blank\">La disparition de la plage de Batiscan, La Presse<\/a>, 9 juin 2024<\/li><li><a href=\"https:\/\/www.lesoleil.com\/actualites\/le-fil-des-coops\/2024\/05\/23\/deversements-deaux-usees-les-villes-doivent-etre-mieux-accompagnees-AE6HE36WAVDNXOJ3TJWPGEJYQ4\/\" rel=\"nofollow sponsored noopener\" target=\"_blank\">D\u00e9versements d\u2019eaux us\u00e9es: les villes doivent \u00eatre mieux accompagn\u00e9es<\/a>, Le Soleil, 23 mai 2024<\/li><li><a href=\"https:\/\/www.lapresse.ca\/dialogue\/opinions\/2024-05-06\/tes-canada\/pour-une-politique-energetique-claire-au-dela-des-dollars-et-des-megawatts.php\" rel=\"nofollow sponsored noopener\" target=\"_blank\">Pour une politique \u00e9nerg\u00e9tique claire au-del\u00e0 des dollars et des m\u00e9gawatts<\/a>, La Presse, 6 mai<\/li><li><span data-sheets-root=\"1\" data-sheets-value=\"{&quot;1&quot;:2,&quot;2&quot;:&quot;Des eaux us\u00e9es toxiques pr\u00e8s de la rivi\u00e8re des Outaouais&quot;}\" data-sheets-userformat=\"{&quot;2&quot;:11073,&quot;3&quot;:{&quot;1&quot;:0},&quot;9&quot;:0,&quot;11&quot;:4,&quot;12&quot;:0,&quot;14&quot;:{&quot;1&quot;:2,&quot;2&quot;:0},&quot;16&quot;:11}\"><a href=\"https:\/\/tvagatineau.ca\/midi13-3-mai-2024\/\" rel=\"nofollow sponsored noopener\" target=\"_blank\">Des eaux us\u00e9es toxiques pr\u00e8s de la rivi\u00e8re des Outaouais<\/a>, TVA, 3 mai 2024<\/span><\/li><li><a href=\"https:\/\/ici.radio-canada.ca\/info\/videos\/1-8932668\/contaminants-eternels-depotoirs-polluent-en-toute-legalite?isAutoPlay=1\" rel=\"nofollow sponsored noopener\" target=\"_blank\">Contaminants \u00e9ternels : les d\u00e9potoirs polluent en toute l\u00e9galit\u00e9<\/a>, Radio-Canada (t\u00e9l\u00e9vision), 2 mai 2024<\/li><li><a href=\"https:\/\/ici.radio-canada.ca\/ohdio\/premiere\/emissions\/midi-info\/episodes\/790472\/rattrapage-jeudi-2-mai-2024\/4\" rel=\"nofollow sponsored noopener\" target=\"_blank\">Rejet de contaminants \u00e9ternels dans les rivi\u00e8res du Qu\u00e9bec : Entrevue (radio)<\/a>, Radio-Canada, 2 mai 2024<\/li><li><a href=\"https:\/\/ici.radio-canada.ca\/nouvelle\/2069409\/pfas-pollution-eau-potable-lieux-enfouissement\" rel=\"nofollow sponsored noopener\" target=\"_blank\">Des d\u00e9potoirs rejettent des contaminants \u00e9ternels dans les rivi\u00e8res avec l\u2019aval de Qu\u00e9bec<\/a>, Radio-Canada Estrie, 2 mai 2024<\/li><li><a href=\"https:\/\/www.journallenord.com\/actualite\/le-dore-jaune-se-reproduit-bel-et-bien-dans-la-riviere-du-nord\/\" rel=\"nofollow sponsored noopener\" target=\"_blank\">Le dor\u00e9 jaune se reproduit bel et bien dans la rivi\u00e8re du Nord<\/a>, Journal Le Nord, 30 avril 2024<\/li><li><a href=\"https:\/\/www.lapresse.ca\/dialogue\/opinions\/2024-04-25\/les-municipalites-entre-l-arbre-et-l-ecorce-sur-les-questions-energetiques.php\" rel=\"nofollow sponsored noopener\" target=\"_blank\">Les municipalit\u00e9s entre l\u2019arbre et l\u2019\u00e9corce sur les questions \u00e9nerg\u00e9tiques<\/a>, La Presse, 25 avril 2024<\/li><li><a href=\"https:\/\/ici.radio-canada.ca\/nouvelle\/2067071\/toilette-dechets-plastique-egouts-eau\" rel=\"nofollow sponsored noopener\" target=\"_blank\">La toilette n\u2019est pas une poubelle : des d\u00e9chets dans nos \u00e9gouts<\/a>, Radio-Canada, 24 avril 2024<\/li><li><a href=\"https:\/\/www.ledevoir.com\/environnement\/811458\/environnement-northvolt-demande-premiere-autorisation-rejet-eau-riviere-richelieu\" rel=\"nofollow sponsored noopener\" target=\"_blank\">Northvolt demande une premi\u00e8re autorisation de rejet d\u2019eau dans la rivi\u00e8re Richelieu<\/a>, Le Devoir, 23 avril 2024<\/li><li><a href=\"https:\/\/www.fm1033.ca\/northvolt-demande-une-premiere-autorisation-de-rejet-deau\/\" rel=\"nofollow sponsored noopener\" target=\"_blank\">Northvolt demande une premi\u00e8re autorisation de rejet d\u2019eau<\/a>, FM 103,3, 24 avril 2024<\/li><li><a href=\"https:\/\/www.ledroit.com\/actualites\/actualites-locales\/2024\/04\/20\/des-projets-de-barrages-sur-la-riviere-gatineau-refont-surface-HOIUZY2T5BGDFCKWEQXRA2IEQA\/\" rel=\"nofollow sponsored noopener\" target=\"_blank\">Des projets de barrages sur la rivi\u00e8re Gatineau refont surface<\/a>, Le Droit, 21 avril 2024<\/li><li><a href=\"https:\/\/www.ledevoir.com\/opinion\/idees\/811310\/planete-brule-mais-solutions-ne-sont-pas-notres\" rel=\"nofollow sponsored noopener\" target=\"_blank\">La plan\u00e8te br\u00fble, mais leurs solutions ne sont pas les n\u00f4tres<\/a>, Le Devoir, 20 avril 2024<\/li><li><a href=\"https:\/\/www.985fm.ca\/audio\/619903\/comment-paris-a-reussi-a-nettoyer-la-seine\" rel=\"nofollow sponsored noopener\" target=\"_blank\">Comment Paris a r\u00e9ussi \u00e0 nettoyer la Seine?<\/a>, 98,5, 16 avril 2024<\/li><li><a href=\"https:\/\/www.24heures.ca\/2024\/04\/16\/on-pourrait-amenager-des-endroits-ou-se-baigner-des-cet-ete-voici-a-quoi-pourrait-ressembler-montreal-si-on-exploitait-son-potentiel-nautique\" rel=\"nofollow sponsored noopener\" target=\"_blank\">Baignade, surf et plages: voici \u00e0 quoi ressemblerait Montr\u00e9al si on exploitait son potentiel nautique<\/a>, 24 heures, 16 avril 2024<\/li><li><a href=\"https:\/\/www.chga.fm\/la-fondation-rivieres-soppose-au-projet-de-centrales-hydroelectriques-sur-la-gatineau\/\" rel=\"nofollow sponsored noopener\" target=\"_blank\">La Fondation Rivi\u00e8res s\u2019oppose au projet de centrales hydro\u00e9lectriques sur la Gatineau,<\/a> CHGA 97.3, 26 mars 2024<\/li><li><a href=\"https:\/\/www.cbc.ca\/news\/canada\/montreal\/dead-fish-montreal-south-shore-1.7139638\" rel=\"nofollow sponsored noopener\" target=\"_blank\">Environmentalists puzzled over large number of dead fish on Montreal&rsquo;s South Shore<\/a>, CBC, 10 mars 2024<\/li><li><a href=\"https:\/\/www.pressegauche.org\/Decarbonation-ou-propulsion-industrielle\" rel=\"nofollow sponsored noopener\" target=\"_blank\"><span data-sheets-root=\"1\" data-sheets-value=\"{&quot;1&quot;:2,&quot;2&quot;:&quot;D\u00e9carbonation ou propulsion industrielle ?&quot;}\" data-sheets-userformat=\"{&quot;2&quot;:10819,&quot;3&quot;:{&quot;1&quot;:0},&quot;4&quot;:{&quot;1&quot;:2,&quot;2&quot;:65535},&quot;9&quot;:0,&quot;12&quot;:0,&quot;14&quot;:{&quot;1&quot;:2,&quot;2&quot;:0},&quot;16&quot;:11}\">D\u00e9carbonation ou propulsion industrielle?<\/span><\/a>, Presse-toi \u00e0 gauche, 5 mars 2024<\/li><li><span data-sheets-root=\"1\" data-sheets-value=\"{&quot;1&quot;:2,&quot;2&quot;:&quot;Lettre ouverte | Pour en finir avec le free mining&quot;}\" data-sheets-userformat=\"{&quot;2&quot;:10819,&quot;3&quot;:{&quot;1&quot;:0},&quot;4&quot;:{&quot;1&quot;:2,&quot;2&quot;:65535},&quot;9&quot;:0,&quot;12&quot;:0,&quot;14&quot;:{&quot;1&quot;:2,&quot;2&quot;:0},&quot;16&quot;:11}\"><a href=\"https:\/\/www.fm1033.ca\/la-force-du-courant-de-la-riviere-richelieu-analyse\/\" rel=\"nofollow sponsored noopener\" target=\"_blank\">La force du courant de la Rivi\u00e8re Richelieu analys\u00e9<\/a>, FM 103,3, 6 mars 2024<\/span><\/li><li><a href=\"https:\/\/www.ledevoir.com\/environnement\/807456\/environnement-sols-contamines-site-northvolt-posent-ils-risque-riviere-richelieu\" rel=\"nofollow sponsored noopener\" target=\"_blank\">Les sols contamin\u00e9s du site de Northvolt posent-ils un risque pour la rivi\u00e8re Richelieu?<\/a>, Le Devoir, 19 f\u00e9vrier 2024<\/li><li><a href=\"https:\/\/www.lenouvelliste.ca\/actualites\/actualites-locales\/2024\/02\/18\/tes-canada-le-maire-de-saint-thecle-veut-prendre-son-temps-EB5ZGEJAYVB5DJRSHKIPXU45T4\/\" rel=\"nofollow sponsored noopener\" target=\"_blank\">TES Canada : le maire de Sainte-Th\u00e8cle veut prendre son temps<\/a>,<br \/>Le Nouveliste, 18 f\u00e9vrier 2024<\/li><li><a href=\"https:\/\/www.coupdoeil.info\/infolettre\/une-concertation-recreotouristique-pour-la-riviere-richelieu\/\" rel=\"nofollow sponsored noopener\" target=\"_blank\">Une concertation r\u00e9cr\u00e9otouristique pour la rivi\u00e8re Richelieu<\/a>, Coup d&rsquo;oeil, 18 janvier 2024<\/li><li><a href=\"https:\/\/www.enbeauce.com\/actualites-nationale\/northvolt-des-groupes-denoncent-le-debut-des-travaux-et-reclament-une-evaluation\/19815\" rel=\"nofollow sponsored noopener\" target=\"_blank\">Northvolt: des groupes d\u00e9noncent le d\u00e9but des travaux et r\u00e9clament une \u00e9valuation<\/a>, En Beauce, 17 janvier 2024<\/li><li><a href=\"https:\/\/www.journalleguide.com\/actualites\/retour-sur-les-evenements-marquants-de-novembre\/\" rel=\"nofollow sponsored noopener\" target=\"_blank\">Retour sur les \u00e9v\u00e9nements marquants de novembre<\/a>, Journal Le Guide, 2 janvier 2024<\/li><li><a href=\"https:\/\/www.lapresse.ca\/actualites\/environnement\/2024-01-04\/environnement-et-conservation\/certains-organismes-versent-une-remuneration-etonnante.php?sharing=true\" rel=\"nofollow sponsored noopener\" target=\"_blank\">Certains organismes versent une r\u00e9mun\u00e9ration \u00e9tonnante<\/a>, La Presse, 4 janvier 2024<\/li><\/ol><\/div>\n\t\t\t\t\t\t\t<\/div>\n\t\t\t\t\t\t<\/div>\t\t\t<\/div>\n\t\t<\/div>\n\t\t\t\t\t\t<\/div>\n\t\t\t\t<\/div>\n\t\t\t\t<div class=\"elementor-element elementor-element-c46f54e elementor-widget elementor-widget-spacer\" data-id=\"c46f54e\" data-element_type=\"widget\" data-e-type=\"widget\" data-widget_type=\"spacer.default\">\n\t\t\t\t<div class=\"elementor-widget-container\">\n\t\t\t\t\t\t\t<div class=\"elementor-spacer\">\n\t\t\t<div class=\"elementor-spacer-inner\"><\/div>\n\t\t<\/div>\n\t\t\t\t\t\t<\/div>\n\t\t\t\t<\/div>\n\t\t\t\t<div class=\"elementor-element elementor-element-5d1fb67 elementor-widget elementor-widget-jet-accordion\" data-id=\"5d1fb67\" data-element_type=\"widget\" data-e-type=\"widget\" data-widget_type=\"jet-accordion.default\">\n\t\t\t\t<div class=\"elementor-widget-container\">\n\t\t\t\t\t\t\t\t\t<div class=\"jet-accordion\" data-settings=\"{&quot;collapsible&quot;:false,&quot;ajaxTemplate&quot;:false,&quot;switchScrolling&quot;:false,&quot;switchScrollingTablet&quot;:false,&quot;switchScrollingMobile&quot;:false,&quot;switchScrollingOffset&quot;:{&quot;size&quot;:0,&quot;unit&quot;:&quot;px&quot;},&quot;switchScrollingOffsetTablet&quot;:{&quot;size&quot;:0,&quot;unit&quot;:&quot;px&quot;},&quot;switchScrollingOffsetMobile&quot;:{&quot;size&quot;:0,&quot;unit&quot;:&quot;px&quot;},&quot;switchScrollingDelay&quot;:500,&quot;switchScrollingDelayTablet&quot;:500,&quot;switchScrollingDelayMobile&quot;:500}\">\n\t\t\t<div class=\"jet-accordion__inner\">\n\t\t\t\t<div class=\" jet-accordion__item jet-toggle jet-toggle-move-up-effect \">\n\t\t\t\t\t\t\t<div id=\"jet-toggle-control-9761\" class=\"jet-toggle__control elementor-menu-anchor\" data-toggle=\"1\" role=\"button\" tabindex=\"0\" aria-controls=\"jet-toggle-content-9761\" aria-expanded=\"false\" data-template-id=\"false\">\n\t\t\t\t\t\t\t\t<div class=\"jet-toggle__label-icon jet-toggle-icon-position-left\"><span class=\"jet-toggle__icon icon-normal jet-tabs-icon\"><i class=\"fas fa-plus\"><\/i><\/span><span class=\"jet-toggle__icon icon-active jet-tabs-icon\"><i class=\"fas fa-minus\"><\/i><\/span><\/div><p class=\"jet-toggle__label-text\">2023<\/p>\t\t\t\t\t\t\t<\/div>\n\t\t\t\t\t\t\t<div id=\"jet-toggle-content-9761\" class=\"jet-toggle__content\" data-toggle=\"1\" role=\"region\" data-template-id=\"false\">\n\t\t\t\t\t\t\t\t<div class=\"jet-toggle__content-inner\"><ol><li><a href=\"https:\/\/journalmobiles.com\/environnement\/palmares-des-deversements-le-temps-nest-pas-aux-rejouissances\/\" target=\"_blank\" rel=\"nofollow noopener\">D\u00e9versements d\u2019eaux us\u00e9es : le temps n&rsquo;est pas aux r\u00e9jouissances<\/a>, Journal Mobiles, 21 d\u00e9cembre 2023<\/li><li><a href=\"https:\/\/ici.radio-canada.ca\/nouvelle\/2036063\/environnement-eaux-usees-deversement-paspebiac-amende\" target=\"_blank\" rel=\"nofollow noopener\">Pasp\u00e9biac devra payer plus de 48 000 $ pour des d\u00e9bordements d\u2019eaux us\u00e9es<\/a>, Radio-Canada Gasp\u00e9sie\u2013\u00celes-de-la-Madeleine, 19 d\u00e9cembre 2023<\/li><li><a href=\"https:\/\/www.journalacces.ca\/actualite\/de-sainte-agathe-au-lac-raymond-la-riviere-du-nord-sera-encore-plus-propre\/\" target=\"_blank\" rel=\"nofollow noopener\">De Sainte-Agathe au lac Raymond, la rivi\u00e8re du Nord sera encore plus propre<\/a>, Journal Acc\u00e8s, 12 d\u00e9cembre 2023<\/li><li><a href=\"https:\/\/www.lenouvelliste.ca\/actualites\/actualites-locales\/trois-rivieres\/2023\/12\/05\/trois-rivieres-planifie-un-deversement-de-plus-de-100-millions-de-litres-deaux-usees-2W7WT2CIORGVFE3J275QQV3P3E\/\" target=\"_blank\" rel=\"nofollow noopener\">Trois-Rivi\u00e8res va encore faire un d\u00e9versement majeur d&rsquo;eaux us\u00e9es en 2024<\/a>, 106.9 FM, 5 d\u00e9cembre 2023<\/li><li><a href=\"https:\/\/www.lenouvelliste.ca\/actualites\/actualites-locales\/trois-rivieres\/2023\/12\/05\/trois-rivieres-planifie-un-deversement-de-plus-de-100-millions-de-litres-deaux-usees-2W7WT2CIORGVFE3J275QQV3P3E\/\" target=\"_blank\" rel=\"nofollow noopener\">Trois-Rivi\u00e8res planifie un d\u00e9versement de plus de 100 millions de litres d\u2019eaux us\u00e9es<\/a>, Le Nouvelliste, 5 d\u00e9cembre 2023<\/li><li><a href=\"https:\/\/www.noovo.info\/video\/debut-des-deversements-deaux-usees-dans-la-riviere-saint-maurice.html\" target=\"_blank\" rel=\"nofollow noopener\">D\u00e9versements d&rsquo;eaux us\u00e9es \u00e0 Shawinigan<\/a>, Noovo Info Mauricie, 4 d\u00e9cembre 2023<\/li><li><a href=\"https:\/\/tvagatineau.ca\/masson-angers-deux-deversements-deaux-usees-lies-a-des-travaux\/\" target=\"_blank\" rel=\"nofollow noopener\">Masson-Angers: deux d\u00e9versements d\u2019eaux us\u00e9es li\u00e9s \u00e0 des travaux<\/a>, TVA Ottawa-Gatineau, 28 novembre 2023<\/li><li><a href=\"https:\/\/www.journaldechambly.com\/actualite\/environnement-unis-pour-le-richelieu\/\" target=\"_blank\" rel=\"nofollow noopener\">Environnement : unis pour le Richelieu<\/a>, Le Journal de Chambly, 20 novembre 2023<\/li><li><a href=\"https:\/\/www.jdc.quebec\/2023\/11\/19\/un-gentil-pirate-a-la-rescousse-de-lor-bleu\/\" target=\"_blank\" rel=\"nofollow noopener\">Un gentil pirate \u00e0 la rescousse de l\u2019or bleu<\/a>, Le Journal des Citoyens, 19 novembre 2023<\/li><li><a href=\"https:\/\/www.topolocal.ca\/2023\/11\/17\/uqo-doctorat-honorifique-protecteur-des-rivieres-alain-saladzius\/\" target=\"_blank\" rel=\"nofollow noopener\">L\u2019UQO d\u00e9cerne un doctorat honorifique au protecteur des rivi\u00e8res Alain Saladzius<\/a>, TopoLocal, 17 novembre 2023<\/li><li><a href=\"https:\/\/www.lerefletdulac.com\/infolettre\/deversements-deaux-usees-dans-la-nature-la-fondation-rivieres-apprecie-la-gestion-de-magog\/\" target=\"_blank\" rel=\"nofollow noopener\">D\u00e9versements d\u2019eaux us\u00e9es dans la nature: la Fondation Rivi\u00e8res appr\u00e9cie la gestion de Magog<\/a>, Le Reflet du Lac, 17 novembre 2023<\/li><li><a href=\"https:\/\/www.journalleguide.com\/infolettre\/cowansville-dans-le-top-20-du-palmares-de-la-fondation-rivieres\/\" target=\"_blank\" rel=\"nofollow noopener\">Cowansville dans le top 20 du palmar\u00e8s de la Fondation Rivi\u00e8res<\/a>, Journal Le Guide, 17 novembre 2023<\/li><li><a href=\"https:\/\/www.laveniretdesrivieres.com\/actualites\/intensite-des-deversements-deaux-usees-par-habitant-farnham-et-bedford-dans-le-top-15-du-palmares-de-la-fondation-rivieres\/\" target=\"_blank\" rel=\"nofollow noopener\">Intensit\u00e9 des d\u00e9versements d\u2019eaux us\u00e9es par habitant: Farnham et Bedford dans le top 15 du palmar\u00e8s<\/a>, L&rsquo;Avenir et des Rivi\u00e8res, 15 novembre 2023<\/li><li><a href=\"https:\/\/www.beaucemedia.ca\/infolettre\/tring-jonction-et-sainte-marie-en-mode-solution\/\" target=\"_blank\" rel=\"nofollow noopener\">Tring-Jonction et Sainte-Marie en mode solution<\/a>, Beauce M\u00e9dia, 13 novembre 2023<\/li><li><a href=\"https:\/\/www.canadafrancais.com\/actualite\/plus-de-1555-deversements-deaux-usees-dans-le-richelieu-en-un-an\/\" target=\"_blank\" rel=\"nofollow noopener\">Plus de 1555 d\u00e9versements d\u2019eaux us\u00e9es dans le Richelieu en un an <\/a>, Le Canada Fran\u00e7ais, 10 novembre 2023<\/li><li><a href=\"https:\/\/www.lavoixdelest.ca\/actualites\/politique\/2023\/11\/09\/des-groupes-environnementalistes-demandent-un-moratoire-sur-les-blocs-denergie-L5DT547LWZAAFHCULLNE4UT42Q\/\" target=\"_blank\" rel=\"nofollow noopener\">Des groupes environnementalistes demandent un moratoire sur les blocs d\u2019\u00e9nergie<\/a>, La Voix de l&rsquo;Est, 9 novembre 2023<\/li><li><a href=\"https:\/\/www.leclaireurprogres.ca\/nouvelles-nationales\/blocs-denergie-au-quebec-moratoire-demande-par-des-groupes-environnementalistes\/\" target=\"_blank\" rel=\"nofollow noopener\">Blocs d\u2019\u00e9nergie au Qu\u00e9bec : moratoire demand\u00e9 par des groupes environnementalistes<\/a>, L&rsquo;\u00c9claireur Progr\u00e8s, 9 novembre 2023<\/li><li><a href=\"https:\/\/www.lecharlevoisien.com\/2023\/11\/09\/blocs-denergie-au-quebec-moratoire-demande-par-des-groupes-environnementalistes\/\" target=\"_blank\" rel=\"nofollow noopener\">Blocs d\u2019\u00e9nergie au Qu\u00e9bec : moratoire demand\u00e9 par des groupes environnementalistes<\/a>, Le Charlevoisien, 9 novembre 2023<\/li><li><a href=\"https:\/\/www.journalhcn.com\/2023\/11\/09\/blocs-denergie-au-quebec-moratoire-demande-par-des-groupes-environnementalistes\/\" target=\"_blank\" rel=\"nofollow noopener\">Blocs d\u2019\u00e9nergie au Qu\u00e9bec : moratoire demand\u00e9 par des groupes environnementalistes<\/a>, La Haute-C\u00f4te-Nord, 9 novembre 2023<\/li><li><a href=\"https:\/\/lenord-cotier.com\/2023\/11\/09\/blocs-denergie-au-quebec-moratoire-demande-par-des-groupes-environnementalistes\/\" target=\"_blank\" rel=\"nofollow noopener\">Blocs d\u2019\u00e9nergie au Qu\u00e9bec : moratoire demand\u00e9 par des groupes environnementalistes<\/a>, Le Nord-C\u00f4tier, 9 novembre 2023<\/li><li><a href=\"https:\/\/www.lemanic.ca\/2023\/11\/09\/blocs-denergie-au-quebec-moratoire-demande-par-des-groupes-environnementalistes\/\" target=\"_blank\" rel=\"nofollow noopener\">Blocs d\u2019\u00e9nergie au Qu\u00e9bec : moratoire demand\u00e9 par des groupes environnementalistes<\/a>, Le Manic, 9 novembre 2023<\/li><li><a href=\"https:\/\/ici.radio-canada.ca\/nouvelle\/2025345\/moratoire-hydro-quebec-energie-industrielle\" target=\"_blank\" rel=\"nofollow noopener\">Blocs d\u2019\u00e9nergie au Qu\u00e9bec : moratoire demand\u00e9 par des groupes environnementalistes<\/a>, Radio-Canada, 9 novembre 2023<\/li><li><a href=\"https:\/\/lactualite.com\/actualites\/blocs-denergie-au-quebec-moratoire-demande-par-des-groupes-environnementalistes\/\" target=\"_blank\" rel=\"nofollow noopener\">Blocs d\u2019\u00e9nergie au Qu\u00e9bec : moratoire demand\u00e9 par des groupes environnementalistes<\/a>, L&rsquo;Actualit\u00e9, 9 novembre 2023<\/li><li><a href=\"https:\/\/lenord-cotier.com\/2023\/11\/08\/deversement-deaux-usees-port-cartier-fera-mieux\/\" target=\"_blank\" rel=\"nofollow noopener\">D\u00e9versement d\u2019eaux us\u00e9es : Port-Cartier fera mieux<\/a>, Le Nord-C\u00f4tier, 8 novembre 2023<\/li><li><a href=\"https:\/\/www.lhebdomekinacdeschenaux.ca\/actualites\/eaux-usees-saint-tite-au-4e-rang-en-province\/\" target=\"_blank\" rel=\"nofollow noopener\">Eaux us\u00e9es: Saint-tite au 4e rang en province<\/a>, L&rsquo;Hebdo M\u00e9kinac\/des Chenaux, 6 novembre 2023<\/li><li><a href=\"https:\/\/www.lhebdojournal.com\/infolettre\/trois-rivieres-avec-une-nette-amelioration\/\" target=\"_blank\" rel=\"nofollow noopener\">D\u00e9versements d\u2019eaux us\u00e9es: une am\u00e9lioration \u00e0 Trois-Rivi\u00e8res<\/a>, L&rsquo;Hebdo Journal, 6 novembre 2023<\/li><li><a href=\"https:\/\/www.lecourriersud.com\/actualites\/eaux-usees-un-portrait-positif-pour-le-centre-du-quebec\/\" target=\"_blank\" rel=\"nofollow noopener\">Eaux us\u00e9es: Un portrait positif pour le Centre-du-Qu\u00e9bec<\/a>, Le Courrier du Sud, 6 novembre 2023<\/li><li><a href=\"https:\/\/www.lechodemaskinonge.com\/actualites\/louiseville-au-42e-rang-au-quebec\/\" target=\"_blank\" rel=\"nofollow noopener\">Louiseville au 42e rang au Qu\u00e9bec<\/a>, L&rsquo;\u00c9cho de Maskinong\u00e9, 6 novembre 2023<\/li><li><a href=\"https:\/\/www.lecourrierdusud.ca\/deversements-deaux-usees-la-situation-sameliore-a-longueuil-selon-fondation-rivieres\" target=\"_blank\" rel=\"nofollow noopener\">D\u00e9versements d\u2019eaux us\u00e9es : la situation s\u2019am\u00e9liore \u00e0 Longueuil, selon Fondation Rivi\u00e8res<\/a>, La Voix du Sud, 2 novembre 2023<\/li><li><a href=\"https:\/\/lecourrier.qc.ca\/saint-hyacinthe-dans-le-top-10-des-villes-ayant-les-plus-grands-deversementspalmares-des-deversements-deaux-usees-dans-les-cours-deau-de-la-region\/\" target=\"_blank\" rel=\"nofollow noopener\">D\u00e9versements d\u2019eaux us\u00e9es: un traitement \u00e0 deux vitesses sur la Rive-Sud<\/a>, FM 103,3, 2 novembre 2023<\/li><li><a href=\"https:\/\/lecourrier.qc.ca\/saint-hyacinthe-dans-le-top-10-des-villes-ayant-les-plus-grands-deversementspalmares-des-deversements-deaux-usees-dans-les-cours-deau-de-la-region\/\" target=\"_blank\" rel=\"nofollow noopener\">Saint-Hyacinthe dans le top 10 des villes ayant les plus grands d\u00e9versements<\/a>, Le Courrier de St-Hyacinthe, 2 novembre 2023<\/li><li><a href=\"https:\/\/tvrs.ca\/emissions\/laramee-maintenant\/a23\/episode-232\/segment-3#video\" target=\"_blank\" rel=\"nofollow noopener\">D\u00e9versements d&rsquo;eaux us\u00e9es avec Gabriel Cliche, conseiller en valorisation de donn\u00e9es et qualit\u00e9 de l&rsquo;eau \u00e0 la Fondation Rivi\u00e8res<\/a>, TVR5, 2 novembre 2023<\/li><li><a href=\"https:\/\/www.lemanic.ca\/2023\/11\/01\/palmares-des-deversements-deaux-usees-port-cartier-mauvais-eleve\/\" target=\"_blank\" rel=\"nofollow noopener\">Palmar\u00e8s des d\u00e9versements d\u2019eaux us\u00e9es : Port-Cartier mauvais \u00e9l\u00e8ve<\/a>, Le Manic, 1 novembre 2023<\/li><li><a href=\"https:\/\/lenord-cotier.com\/2023\/11\/01\/palmares-des-deversements-deaux-usees-port-cartier-mauvais-eleve\/\" target=\"_blank\" rel=\"nofollow noopener\">Palmar\u00e8s des d\u00e9versements d\u2019eaux us\u00e9es : Port-Cartier mauvais \u00e9l\u00e8ve<\/a>, Le Nord-C\u00f4tier, 1 novembre 2023<\/li><li><a href=\"https:\/\/cfnj.net\/hausse-des-deversements-deaux-usees-dans-lenvironnement\/\" target=\"_blank\" rel=\"nofollow noopener\">Hausse des d\u00e9versements d\u2019eaux us\u00e9es dans l\u2019environnement<\/a>, FM 99,1 CFNJ, 1 novembre 2023<\/li><li><a href=\"https:\/\/tvaabitibi.ca\/2023\/11\/01\/rejet-des-eaux-usees-la-region-ne-fait-pas-bonne-figure-selon-un-palmares\/\" target=\"_blank\" rel=\"nofollow noopener\">Rejet des eaux us\u00e9es : La r\u00e9gion ne fait pas bonne figure selon un palmar\u00e8s<\/a>, TVA Abitibi-T\u00e9miscamingue, 1 novembre 2023<\/li><li><a href=\"https:\/\/www.coolfm.biz\/nouvelle\/11796-deversement-des-eaux-usees-la-ville-de-thetford-fait-le-point\" target=\"_blank\" rel=\"nofollow noopener\">D\u00e9versements d&rsquo;eaux us\u00e9es : la Ville de Thetford fait le point<\/a>, FM 103,5, 31 octobre 2023<\/li><li><a href=\"https:\/\/www.lereflet.qc.ca\/bassin-de-la-prairie-augmentation-de-lintensite-des-deversements\" target=\"_blank\" rel=\"nofollow noopener\">Bassin de La Prairie : augmentation de l\u2019intensit\u00e9 des d\u00e9versements<\/a>, Le Reflet, 30 octobre 2023<\/li><li><a href=\"https:\/\/cimtchau.ca\/nouvelles\/deversements-deaux-usees-toujours-problematique-dans-certaines-municipalites\/\" target=\"_blank\" rel=\"nofollow noopener\">D\u00e9versements d\u2019eaux us\u00e9es : Toujours probl\u00e9matique dans certaines municipalit\u00e9s<\/a>, CIMT CHAU TVA Rivi\u00e8re-du-Loup, 30 octobre 2023<\/li><li><a href=\"https:\/\/ici.radio-canada.ca\/ohdio\/premiere\/emissions\/bonjour-la-cote\/segments\/entrevue\/460350\/deversements-eaux-usees-lacs-rivieres-cote-nord-andre-belanger-fondation-rivieres\" target=\"_blank\" rel=\"nofollow noopener\">Des d\u00e9versements d&rsquo;eaux us\u00e9es dans les lacs et rivi\u00e8res de la C\u00f4te-Nord<\/a>, Radio-Canada, Bonjour la C\u00f4te, 30 octobre 2023<\/li><li><a href=\"https:\/\/ici.radio-canada.ca\/nouvelle\/2022511\/egout-eau-use-deversement\" target=\"_blank\" rel=\"nofollow noopener\">Port-Cartier coule le test de la Fondation Rivi\u00e8res<\/a>, Radio-Canada C\u00f4te-Nord, 30 octobre 2023<\/li><li><a href=\"https:\/\/soundcloud.com\/radiobleufm-22224623\/fondation-riviere?utm_source=clipboard&amp;utm_campaign=wtshare&amp;utm_medium=widget&amp;utm_content=https%253A%252F%252Fsoundcloud.com%252Fradiobleufm-22224623%252Ffondation-riviere\" target=\"_blank\" rel=\"nofollow noopener\">Midis-Lunch \u2013 30 octobre 2023 \u2013 Fondation Rivi\u00e8res<\/a>, 96,3 Bleu FM, 30 octobre 2023<\/li><li><a href=\"https:\/\/www.journalexpress.ca\/2023\/10\/29\/ce-que-vous-avez-manque-cette-semaine-33\/\" target=\"_blank\" rel=\"nofollow noopener\">Ce que vous avez manqu\u00e9 cette semaine<\/a>, Journal L&rsquo;Express, 29 octobre 2023<\/li><li><a href=\"https:\/\/www.lequotidien.com\/opinions\/2023\/10\/28\/la-semaine-sur-pause-28-octobre-4N4FDBASPJFCDIJVTSUHSKXZQY\/\" target=\"_blank\" rel=\"nofollow noopener\">Semaine sur pause &#8211; Citation de la semaine<\/a>, Le Quotidien, 28 octobre 2023<\/li><li><a href=\"https:\/\/infodunordsainteagathe.ca\/accueil\/2023\/10\/27\/plusieurs-sources-de-contaminants-identifies-dans-la-riviere-du-nord\/\" target=\"_blank\" rel=\"nofollow noopener\">Plusieurs sources de contaminants identifi\u00e9s dans la rivi\u00e8re du Nord<\/a>, L&rsquo;Info du Nord, 27 octobre 2023<\/li><li><a href=\"https:\/\/cihofm.com\/news\/deversements-deaux-usees-charlevoix-toujours-en-bonne-position\/\" target=\"_blank\" rel=\"nofollow noopener\">D\u00e9versements d\u2019eaux us\u00e9es : Charlevoix toujours en bonne position<\/a>, CIHO FM Charlevoix, 27 octobre 2023<\/li><li><a href=\"https:\/\/cimtchau.ca\/nouvelles\/environnement-caplan-en-tete-au-palmares-des-deversements-deaux-usees\/\" rel=\"nofollow noopener\" target=\"_blank\">Environnement : Caplan en t\u00eate au palmar\u00e8s des d\u00e9versements d\u2019eaux us\u00e9es<\/a>, TVA CIMT-CHAU, 27 octobre 2023<\/li><li><a href=\"https:\/\/ici.radio-canada.ca\/nouvelle\/2021903\/eaux-usees-deversement-aqueduc-pluie-fondation-rivieres\" rel=\"nofollow noopener\" target=\"_blank\">Des d\u00e9versements d\u2019eaux us\u00e9es de plus en plus nombreux \u00e0 Gasp\u00e9<\/a>, Radio Canada &#8211; Gasp\u00e9sie\u2014Bas-Saint-Laurent, 27 octobre 2023<\/li><li><a href=\"https:\/\/ckaj.org\/les-deversements-deaux-usees-et-palmares-de-la-fondation-rivieres-precisions-apportees-avec-audios\/\" target=\"_blank\" rel=\"nofollow noopener\">Les d\u00e9versements d\u2019eaux us\u00e9es et palmar\u00e8s de la Fondation Rivi\u00e8res: pr\u00e9cisions apport\u00e9es (avec audios)<\/a>, FM 92,5, 27 octobre 2023<\/li><li><a href=\"https:\/\/roberval.planeteradio.ca\/audio\/586929\/alma-la-pire-ville-du-lac\" rel=\"nofollow noopener\" target=\"_blank\">Rejets des eaux us\u00e9s sans traitement : Alma, la pire ville du lac<\/a>, FM 99,5 Debout la Plan\u00e8te, 27 octobre 2023<\/li><li><a href=\"https:\/\/alma.planeteradio.ca\/nouvelles\/586975\/alma-est-le-cancre-du-saguenay-lac-saint-jean\" target=\"_blank\" rel=\"nofollow noopener\">Rejets des eaux us\u00e9es sans traitement : Alma est le cancre du Saguenay-Lac-Saint-Jean<\/a>, FM 104,5, 27 octobre 2023<\/li><li><a href=\"https:\/\/mabeauce.com\/deversements-deaux-usees-sainte-marie-sameliore-tring-jonction-et-thetford-mines-font-mauvaise-figure\/\" target=\"_blank\" rel=\"nofollow noopener\">D\u00e9versements d\u2019eaux us\u00e9es: Sainte-Marie s\u2019am\u00e9liore, Tring-Jonction et Thetford Mines font mauvaise figure<\/a>, FM 101,5 &#8211; Ma Beauce, 27 octobre 2023<\/li><li><a href=\"https:\/\/monvicto.com\/deversements-deaux-usees-plessisville-sameliore-grandement\/\" target=\"_blank\" rel=\"noopener\">D\u00e9versements d\u2019eaux us\u00e9es | Plessisville s\u2019am\u00e9liore grandement<\/a>, FM 97,3 &#8211; Mon Victo, 27 octobre 2023<\/li><li><a href=\"https:\/\/www.journalsaint-francois.ca\/deversements-deaux-usees-une-bonne-note-pour-beauharnois\/\" target=\"_blank\" rel=\"noopener\">D\u00e9versements d&rsquo;eaux us\u00e9es: une bonne note pour Beauharnois<\/a>, Le Journal Saint-Fran\u00e7ois, 27 octobre 2023<\/li><li><a href=\"https:\/\/www.courrierfrontenac.qc.ca\/infolettre\/thetford-mines-montree-du-doigt-pour-ses-rejets-deaux-usees-dans-lenvironnement\/\" target=\"_blank\" rel=\"noopener\">Thetford Mines montr\u00e9e du doigt pour ses rejets d\u2019eaux us\u00e9es dans l\u2019environnement<\/a>, Courrier Frontenac, 27 octobre 2023<\/li><li><a href=\"https:\/\/www.latribune.ca\/actualites\/actualites-locales\/sherbrooke\/2023\/10\/27\/la-fondation-rivieres-reclame-de-meilleures-donnees-des-deversements-deaux-usees-incluant-a-sherbrooke-SBD7473U2BEVJHKXY3VZH3AGVA\/\" target=\"_blank\" rel=\"noopener\">La Fondation Rivi\u00e8res r\u00e9clame de meilleures donn\u00e9es des d\u00e9versements d\u2019eaux us\u00e9es&#8230; incluant \u00e0 Sherbrooke<\/a>, La Tribune, 27 octobre 2023<\/li><li><a href=\"https:\/\/shawi.countrypop.ca\/deversements-deaux-usees-louiseville-et-shawinigan-dans-le-palmares\/\" target=\"_blank\" rel=\"noopener\">D\u00e9versements d\u2019eaux us\u00e9es : Louiseville et Shawinigan dans le palmar\u00e8s<\/a>, FM 92,9, 26 octobre 2023<\/li><li><a href=\"https:\/\/www.ledroit.com\/actualites\/2023\/10\/26\/deversements-deaux-usees-saint-tite-sainte-anne-de-la-perade-et-la-tuque-au-sommet-du-palmares-HGUG2APRG5GV5HY3WSIVPX33GY\/\" target=\"_blank\" rel=\"noopener\">D\u00e9versements d\u2019eaux us\u00e9es: Saint-Tite, Sainte-Anne-de-la-P\u00e9rade et La Tuque au sommet du palmar\u00e8s<\/a>, Le Droit, 26 octobre 2023<\/li><li><a href=\"https:\/\/www.lenouvelliste.ca\/actualites\/actualites-locales\/2023\/10\/26\/deversements-deaux-usees-saint-tite-sainte-anne-de-la-perade-et-la-tuque-au-sommet-du-palmares-HGUG2APRG5GV5HY3WSIVPX33GY\/\" target=\"_blank\" rel=\"noopener\">D\u00e9versements d\u2019eaux us\u00e9es: Saint-Tite, Sainte-Anne-de-la-P\u00e9rade et La Tuque au sommet du palmar\u00e8s<\/a>, Le Nouvelliste, 26 octobre 2023<\/li><li><a href=\"https:\/\/www.lesoleil.com\/actualites\/actualites-locales\/2023\/10\/26\/deversements-deaux-usees-saint-tite-sainte-anne-de-la-perade-et-la-tuque-au-sommet-du-palmares-HGUG2APRG5GV5HY3WSIVPX33GY\/\" target=\"_blank\" rel=\"noopener\">D\u00e9versements d\u2019eaux us\u00e9es: Saint-Tite, Sainte-Anne-de-la-P\u00e9rade et La Tuque au sommet du palmar\u00e8s<\/a>, Le Soleil, 26 octobre 2023<\/li><li><a href=\"https:\/\/ici.radio-canada.ca\/nouvelle\/2021364\/deversement-eaux-usees-fondation-rivieres\" target=\"_blank\" rel=\"noopener\">Eaux us\u00e9es : entre am\u00e9liorations et d\u00e9ceptions dans la r\u00e9gion, selon la Fondation Rivi\u00e8res<\/a>, Radio-Canada Mauricie\u2014Centre-du-Qu\u00e9bec, 26 octobre 2023<\/li><li><a href=\"https:\/\/ici.radio-canada.ca\/ohdio\/premiere\/emissions\/toujours-le-matin\/episodes\/749743\/rattrapage-jeudi-26-octobre-2023\/28\" target=\"_blank\" rel=\"noopener\">Fondation Rivi\u00e8res : mauvais bilan pour La Tuque<\/a>, Radio-Canada Mauricie\u2014Centre-du-Qu\u00e9bec, Toujours le matin, 26 octobre 2023<\/li><li><a href=\"https:\/\/www.tvanouvelles.ca\/2023\/10\/26\/8-municipalites-quebecoises-toujours-sans-station-depuration\" target=\"_blank\" rel=\"noopener\">Centre-du-Qu\u00e9bec: huit municipalit\u00e9s toujours sans station d&rsquo;\u00e9puration,<\/a> TVA Centre-du-Qu\u00e9bec, 26 octobre 2023<\/li><li><a href=\"https:\/\/www.journalexpress.ca\/2023\/10\/26\/deversement-des-eaux-usees-drummondville-au-138e-rang\/\" target=\"_blank\" rel=\"noopener\">D\u00e9versement des eaux us\u00e9es : Drummondville au 138e rang,<\/a> Journal L&rsquo;Express, 26 octobre 2023<\/li><li><a href=\"https:\/\/www.lequotidien.com\/actualites\/actualites-locales\/2023\/10\/26\/saguenay-affirme-investir-plusieurs-millions-de-dollars-pour-prevenir-les-deversements-XOESK7TKOZE6ZFCUOG4XF2N7IE\/\" target=\"_blank\" rel=\"noopener\">Saguenay affirme investir plusieurs millions de dollars pour pr\u00e9venir les d\u00e9versements,<\/a> Le Quotidien, 26 octobre 2023<\/li><li><a href=\"https:\/\/www.lequotidien.com\/actualites\/actualites-locales\/2023\/10\/26\/saguenay-championne-des-deversements-deaux-usees-BDGOD7MS3VHVXFRDJMMEEZQ6EY\/\" target=\"_blank\" rel=\"noopener\">Saguenay championne des d\u00e9versements d\u2019eaux us\u00e9es<\/a>, Le Quotidien, 26 octobre 2023<\/li><li><a href=\"https:\/\/www.ledroit.com\/actualites\/le-fil-des-coops\/2023\/10\/26\/saguenay-championne-des-deversements-deaux-usees-BDGOD7MS3VHVXFRDJMMEEZQ6EY\/\" target=\"_blank\" rel=\"noopener\">Saguenay championne des d\u00e9versements d\u2019eaux us\u00e9es<\/a>, Le Droit, 26 octobre 2023<\/li><li><a href=\"https:\/\/ckaj.org\/deversement-deaux-usees-un-bilan-loin-detre-glorieux-pour-saguenay\/\" target=\"_blank\" rel=\"noopener\">D\u00e9versement d\u2019eaux us\u00e9es: un bilan loin d\u2019\u00eatre glorieux pour Saguenay<\/a>, FM 92,5, 26 octobre 2023<\/li><li><a href=\"https:\/\/www.tvanouvelles.ca\/2023\/10\/26\/eaux-usees-saguenay-deverse-beaucoup-mais-pas-necessairement-plus-que-les-autres\" target=\"_blank\" rel=\"noopener\">Eaux us\u00e9es : Saguenay d\u00e9verse beaucoup, mais pas n\u00e9cessairement plus que les autres<\/a>, TVA Nouvelles Saguenay\u2014Lac-Saint-Jean, 26 octobre 2023<\/li><li><a href=\"https:\/\/ici.radio-canada.ca\/info\/videos\/1-8843267\/saguenay-trone-au-sommet-palmares-deversements-eaux-usees\" target=\"_blank\" rel=\"noopener\">Saguenay tr\u00f4ne au sommet du palmar\u00e8s des d\u00e9versements d\u2019eaux us\u00e9es<\/a>, Radio-Canada Saguenay\u2014Lac-Saint-Jean, Le vid\u00e9ojournal, 26 octobre 2023<\/li><li><a href=\"https:\/\/ici.radio-canada.ca\/nouvelle\/2021375\/debordement-rivieres-fondation-rivieres\" target=\"_blank\" rel=\"noopener\">Saguenay montr\u00e9e du doigt pour ses d\u00e9versements d\u2019eaux us\u00e9es<\/a>, Radio-Canada Saguenay\u2014Lac-Saint-Jean, 26 octobre 2023<\/li><li><a href=\"https:\/\/www.lavoixdusud.com\/nouvelles-nationales\/palmares-la-monteregie-au-1er-rang-des-regions-pour-les-deversements-deaux-usees\/\" target=\"_blank\" rel=\"noopener\">La Mont\u00e9r\u00e9gie au 1er rang des r\u00e9gions pour les d\u00e9versements d\u2019eaux us\u00e9es<\/a>, La Voix du Sud, 26 octobre 2023<\/li><li><a href=\"https:\/\/www.lechodetroisrivieres.ca\/actualites-nationale\/palmares-la-monteregie-au-1er-rang-des-regions-pour-les-deversements-d-eaux-usees\/18102\" target=\"_blank\" rel=\"noopener\">La Mont\u00e9r\u00e9gie au 1er rang des r\u00e9gions pour les d\u00e9versements d\u2019eaux us\u00e9es<\/a>, L&rsquo;\u00c9cho de Trois-Rivi\u00e8res, 26 octobre 2023<\/li><li><a href=\"https:\/\/www.enbeauce.com\/actualites-nationale\/palmares-la-monteregie-au-1er-rang-des-regions-pour-les-deversements-d-eaux-usees\/18102\" target=\"_blank\" rel=\"noopener\">La Mont\u00e9r\u00e9gie au 1er rang des r\u00e9gions pour les d\u00e9versements d\u2019eaux us\u00e9es<\/a>, En Beauce, 26 octobre 2023<\/li><li><a href=\"https:\/\/www.iheartradio.ca\/energie\/energie-montreal\/nouvelles\/palmares-la-monteregie-au-1er-rang-des-regions-pour-les-deversements-d-eaux-usees-1.20411282\" target=\"_blank\" rel=\"noopener\">La Mont\u00e9r\u00e9gie au 1er rang des r\u00e9gions pour les d\u00e9versements d\u2019eaux us\u00e9es<\/a>, FM 94,3, 26 octobre<\/li><li><a href=\"https:\/\/www.fm1033.ca\/la-monteregie-grande-perdante-pour-les-deversements-deaux-usees\/\" target=\"_blank\" rel=\"noopener\">La Mont\u00e9r\u00e9gie au 1er rang des r\u00e9gions pour les d\u00e9versements d\u2019eaux us\u00e9es<\/a>, FM 102,3, 26 octobre 2023<\/li><li><a href=\"https:\/\/www.lapresse.ca\/actualites\/environnement\/2023-10-26\/deversements-d-eaux-usees\/la-monteregie-au-premier-rang-des-regions.php\" target=\"_blank\" rel=\"noopener\">La Mont\u00e9r\u00e9gie au 1er rang des r\u00e9gions pour les d\u00e9versements d\u2019eaux us\u00e9es<\/a>, La Presse, 26 octobre 2023<\/li><li><a href=\"https:\/\/ici.radio-canada.ca\/nouvelle\/2021520\/monteregie-eaux-usees-deversements-pollution\" target=\"_blank\" rel=\"noopener\">La Mont\u00e9r\u00e9gie au 1er rang des r\u00e9gions pour les d\u00e9versements d\u2019eaux us\u00e9es<\/a>, Radio-Canada &#8211; Grand Montr\u00e9al, 26 octobre 2023<\/li><li><a href=\"https:\/\/www.tvanouvelles.ca\/2023\/10\/26\/pres-de-57--plus-de-deversements-deaux-usees-en-2022-a-trois-rivieres\" target=\"_blank\" rel=\"noopener\">Les d\u00e9versements d\u2019eaux us\u00e9es ont augment\u00e9 de 57% en 2022 au Qu\u00e9bec<\/a>, TVA Nouvelles, 26 octobre<\/li><li><a href=\"https:\/\/www.ledevoir.com\/environnement\/800741\/plus-57-000-deversements-eaux-usees-2022-quebec\" target=\"_blank\" rel=\"noopener\">Plus de 57 000 d\u00e9versements d\u2019eaux us\u00e9es en 2022 au Qu\u00e9bec<\/a>, Le Devoir, 26 octobre 2023<\/li><li><a href=\"https:\/\/www.24heures.ca\/2023\/10\/26\/des-tonnes-deaux-usees-rejetees-dans-les-cours-deau-du-quebec-en-2022\" target=\"_blank\" rel=\"noopener\">On a d\u00e9vers\u00e9 57% plus d&rsquo;eaux us\u00e9es non trait\u00e9es au Qu\u00e9bec en 2022 et Longueuil fait pi\u00e8tre figure<\/a>, 24 h, 26 octobre 2023<\/li><li><a href=\"http:\/\/radionewscast.concordia.ca\/\" target=\"_blank\" rel=\"noopener\">Water discharge in Qu\u00e9bec<\/a>, Concordia Radio Newsroom, 26 octobre 2023<\/li><li><a href=\"https:\/\/ici.radio-canada.ca\/tele\/le-telejournal-mauricie\/site\/episodes\/827128\/episode-du-24-octobre-2023\" target=\"_blank\" rel=\"noopener\">D\u00e9versements \u00e0 Trois-Rivi\u00e8res : de nouveaux secteurs touch\u00e9s<\/a>, Radio-Canada Mauricie\u2014Centre-du-Qu\u00e9bec, 24 octobre 2023 (4 min 30)<\/li><li><a href=\"https:\/\/www.noovo.info\/nouvelle\/deversement-deaux-usees-dans-le-fleuve-st-laurent-a-trois-rivieres.html\" target=\"_blank\" rel=\"noopener\">Trois-Rivi\u00e8res: fermeture des stations de pompage De Sienne et Du Fleuve<\/a>, Noovo Info Mauricie, 24 octobre 2023<\/li><li><a href=\"https:\/\/www.noovo.info\/video\/noovo-info-mauricie-24-octobre-2023.html\" target=\"_blank\" rel=\"noopener\">D\u00e9versement d&rsquo;eaux us\u00e9es dans le fleuve Saint-Laurent \u00e0 Trois-Rivi\u00e8res<\/a>, Noovo Info Mauricie, 24 octobre 2023 (3 min 43)<\/li><li><a href=\"https:\/\/www.tvanouvelles.ca\/2023\/10\/24\/deversement-a-trois-rivieres-des-millions-de-litres-deaux-usees-jetes-quotidiennement-dans-le-fleuve\" target=\"_blank\" rel=\"noopener\">D\u00e9versement \u00e0 Trois-Rivi\u00e8res: des millions de litres d\u2019eaux us\u00e9es jet\u00e9s quotidiennement dans le fleuve<\/a>, TVA Nouvelles Mauricie, 24 octobre 2023<\/li><li><a href=\"https:\/\/ici.radio-canada.ca\/nouvelle\/2020593\/deversement-eaux-usees-trois-rivieres\" target=\"_blank\" rel=\"noopener\">D\u00e9versement d\u2019eaux us\u00e9es dans le fleuve Saint-Laurent \u00e0 Trois-Rivi\u00e8res<\/a>, Radio-Canada Mauricie\u2014Centre-du-Qu\u00e9bec, 24 octobre 2023<\/li><li><a href=\"https:\/\/ici.radio-canada.ca\/ohdio\/premiere\/emissions\/toujours-le-matin\/segments\/entrevue\/459735\/deversement-eaux-usees-trois-rivieres\" target=\"_blank\" rel=\"noopener\">D\u00e9versements d&rsquo;eaux us\u00e9es : Trois-Rivi\u00e8res s&rsquo;am\u00e9liore<\/a>, Radio-Canada, Toujours le matin, 24 octobre 2023<\/li><li><a href=\"https:\/\/www.lenouvelliste.ca\/chroniques\/paule-vermot-desroches\/2023\/10\/23\/deversement-les-eaux-usees-defi-titanesque-des-prochaines-annees-RZHVBAICCNGDHGRHFFXJPOVU3Y\/\" target=\"_blank\" rel=\"noopener\">D\u00e9versement: les eaux us\u00e9es, d\u00e9fi titanesque des prochaines ann\u00e9es<\/a>, Le Nouvelliste, 23 octobre 2023<\/li><li><a href=\"https:\/\/www.jdc.quebec\/2023\/10\/22\/alain-saladzius-honore\/\" target=\"_blank\" rel=\"noopener\">Alain Saladzius honor\u00e9<\/a>, Journal des Citoyens, 14 octobre 2023<\/li><li><a href=\"https:\/\/www.journallenord.com\/actualite\/luqo-rend-hommage-a-alain-saladzius-le-defenseur-des-rivieres\/\" target=\"_blank\" rel=\"noopener\">L\u2019UQO rend hommage \u00e0 Alain Saladzius, le d\u00e9fenseur des rivi\u00e8res,<\/a> Journal Le Nord, 17 octobre 2023<\/li><li><a href=\"https:\/\/ici.radio-canada.ca\/nouvelle\/2017730\/electricite-dechets-recyclage-batterie-hydrogene\" target=\"_blank\" rel=\"noopener\">La revue de presse <em>En mode solutions<\/em> du 13 octobre 2023,<\/a> Radio-Canada, 13 octobre 2023<\/li><li><a href=\"https:\/\/lenord-cotier.com\/2023\/10\/13\/complexe-la-romaine-un-mauvais-exemple-dutilisation-des-fonds-publics-selon-la-fondation-rivieres\/\" target=\"_blank\" rel=\"noopener\">Complexe La Romaine : un \u00ab mauvais exemple d\u2019utilisation des fonds publics \u00bb, selon la Fondation Rivi\u00e8res,<\/a> Le Nord-C\u00f4tier, 13 octobre 2023<\/li><li><a href=\"https:\/\/macotenord.com\/le-complexe-la-romaine-passera-a-lhistoire-comme-un-mauvais-choix-de-depense-de-fonds-publics\/\" target=\"_blank\" rel=\"noopener\">\u00abLe complexe La Romaine passera \u00e0 l\u2019histoire comme un mauvais choix de d\u00e9pense de fonds publics\u00bb,<\/a> Ma C\u00f4te-Nord, 13 octobre 2023<\/li><li><a href=\"https:\/\/ici.radio-canada.ca\/ohdio\/premiere\/emissions\/boreale-138\/episodes\/751720\/rattrapage-jeudi-12-octobre-2023\/10\" target=\"_blank\" rel=\"noopener\">Complexe La Romaine : R\u00e9action de la Fondation Rivi\u00e8res,<\/a> Radio-Canada, Bor\u00e9ale 138, 12 octobre 2023<\/li><li><a href=\"https:\/\/omny.fm\/shows\/mario-dumont-vincent-dessureault\/m-legault-nous-fait-un-peu-de-l-illusion-autour-de\" target=\"_blank\" rel=\"noopener\">\u00abM. Legault nous fait un peu de l\u2019illusion autour des barrages\u00bb, dit le directeur g\u00e9n\u00e9ral de la Fondation Rivi\u00e8res,<\/a> QUB Radio, 12 octobre 2023<\/li><li><a href=\"https:\/\/ici.radio-canada.ca\/nouvelle\/2017320\/inauguration-complexe-romaine-hydroelectricite-barrage\" target=\"_blank\" rel=\"noopener\">Inauguration de la Romaine : Qu\u00e9bec croit que l\u2019hydro\u00e9lectricit\u00e9 est le \u00ab meilleur choix \u00bb,<\/a> Radio-Canada, 12 octobre 2023<\/li><li><a href=\"https:\/\/www.journallenord.com\/actualite\/fondation-rivieres-rectifie-des-propos-du-maire-bourcier\/\" target=\"_blank\" rel=\"noopener\">Fondation Rivi\u00e8res rectifie des propos du maire Bourcier,<\/a> Journal Le Nord, 3 octobre 2023<\/li><li><a href=\"https:\/\/www.journalacces.ca\/actualite\/saint-jerome-demande-aux-pays-den-haut-de-faire-mieux\/\" target=\"_blank\" rel=\"noopener\">Saint-J\u00e9r\u00f4me demande aux Pays-d\u2019en-Haut de faire mieux,<\/a> Journal Acc\u00e8s, 3 octobre 2023<\/li><li><a href=\"https:\/\/www.journallenord.com\/actualite\/riviere-du-nord-bourcier-demande-aux-villes-dagir\/\" target=\"_blank\" rel=\"noopener\">Rivi\u00e8re du Nord : Bourcier demande aux villes d\u2019agir,<\/a> Journal Le Nord, 26 septembre 2023<\/li><li><a href=\"https:\/\/ici.radio-canada.ca\/ohdio\/premiere\/emissions\/toujours-le-matin\/segments\/entrevue\/456789\/plage-batiscan-maire\" target=\"_blank\" rel=\"noopener\">Plage \u00e0 Batiscan : c&rsquo;est un dossier complexe selon le maire de Batiscan,<\/a> Radio-Canada, Toujours le matin, 26 septembre 2023<\/li><li><a href=\"https:\/\/macotenord.com\/la-fondation-rivieres-mobilise-la-population-contre-les-projets-de-barrages-en-basse-cote-nord\/\" target=\"_blank\" rel=\"noopener\">La Fondation Rivi\u00e8res mobilise la population contre les projets de barrages en Basse-C\u00f4te-Nord,<\/a> Ma C\u00f4te-Nord, 25 septembre 2023<\/li><li><a href=\"https:\/\/ici.radio-canada.ca\/nouvelle\/2013138\/shawinigan-deversement-eaux-usees-egouts\" target=\"_blank\" rel=\"noopener\">Shawinigan tr\u00f4ne au sommet du nombre de d\u00e9versements d\u2019eaux us\u00e9es,<\/a> Radio-Canada Mauricie\u2014Centre-du-Qu\u00e9bec, 25 septembre 2023<\/li><li><a href=\"https:\/\/ici.radio-canada.ca\/tele\/le-telejournal-mauricie\/site\/episodes\/810509\/episode-du-25-septembre-2023\" target=\"_blank\" rel=\"noopener\">13 000 d\u00e9versements dans le Saint-Maurice,<\/a> Radio-Canada Mauricie\u2014Centre-du-Qu\u00e9bec, 25 septembre 2023 (4 min 03)<\/li><li><a href=\"https:\/\/www.jdc.quebec\/2023\/09\/24\/regard-critique-de-fondation-rivieres\/\" target=\"_blank\" rel=\"noopener\">Regard critique de Fondation Rivi\u00e8res &#8211; La raison d\u2019\u00eatre des organismes de bassins versants\u2009: un coup d\u2019\u00e9p\u00e9e dans l\u2019eau?,<\/a> Le Journal des Citoyens, 24 septembre 2023<\/li><li><a href=\"https:\/\/www.lenouvelliste.ca\/actualites\/actualites-locales\/2023\/09\/23\/13-333-debordements-deaux-usees-a-shawinigan-depuis-2015-56XU4MFU2NBS7OPN5SX3ZKAHRA\/\" target=\"_blank\" rel=\"noopener\">13 333 d\u00e9bordements d\u2019eaux us\u00e9es \u00e0 Shawinigan depuis 2015,<\/a> Le Nouvelliste, 23 septembre 2023<\/li><li><a href=\"https:\/\/ici.radio-canada.ca\/nouvelle\/2011303\/barrage-electrique-opposition-twh\" target=\"_blank\" rel=\"noopener\">Lev\u00e9e de boucliers contre un potentiel projet de barrage sur la rivi\u00e8re du Petit M\u00e9catina,<\/a> Radio-Canada C\u00f4te-Nord, 19 septembre 2023<\/li><li><a href=\"https:\/\/www.lapresse.ca\/actualites\/2023-09-18\/programme-d-infrastructures-municipales-d-eau\/quebec-finance-la-refection-d-egouts-meme-s-ils-se-deversent-dans-des-cours-d-eau.php?sharing=true\" target=\"_blank\" rel=\"noopener\">Qu\u00e9bec finance la r\u00e9fection d\u2019\u00e9gouts m\u00eame s\u2019ils se d\u00e9versent dans des cours d\u2019eau,<\/a> La Presse, 18 septembre 2023<\/li><li><a href=\"https:\/\/www.lenouvelliste.ca\/actualites\/actualites-locales\/2023\/09\/12\/acces-a-la-plage-de-batiscan-le-littoral-est-public-reitere-la-fondation-rivieres-STGYRCGHPFFSFAFOUWL7DOO3MY\/\" target=\"_blank\" rel=\"noopener\">Acc\u00e8s \u00e0 la plage de Batiscan: le littoral est public, r\u00e9it\u00e8re la Fondation Rivi\u00e8res,<\/a> Le Nouvelliste, 12 septembre 2023<\/li><li><a href=\"https:\/\/ici.radio-canada.ca\/nouvelle\/2009650\/plage-batiscan-annulation-reunion-fondation\" target=\"_blank\" rel=\"noopener\">Plage de Batiscan : la Municipalit\u00e9 annule une rencontre avec les citoyens,<\/a> Radio-Canada Mauricie\u2014Centre-du-Qu\u00e9bec, 12 septembre 2023<\/li><li><a href=\"https:\/\/www.iheartradio.ca\/energie\/energie-mauricie\/nouvelles\/revirement-de-situation-a-batiscan-1.20235964\" target=\"_blank\" rel=\"noopener\">Revirement de situation \u00e0 Batiscan,<\/a> \u00c9nergie 102,3 FM, 11 septembre 2023<\/li><li><a href=\"https:\/\/www.lapresse.ca\/actualites\/national\/2023-09-09\/la-vie-des-rivieres-riviere-du-nord\/a-la-recherche-des-coupables.php\" target=\"_blank\" rel=\"noopener\">La vie des rivi\u00e8res &#8211; Rivi\u00e8re du Nord | \u00c0 la recherche des coupables,<\/a> La Presse, 9 septembre 2023<\/li><li><a href=\"https:\/\/www.journaldemontreal.com\/2023\/08\/30\/trois-rivieres-mythiques-de-loutaouais-seront-protegees\" target=\"_blank\" rel=\"noopener\">\u00c9tude sur la qualit\u00e9 de l\u2019eau | La correction des raccordements invers\u00e9s favoriserait l\u2019acc\u00e8s \u00e0 la baignade \u00e0 Repentigny,<\/a> Mon Joliette, 8 septembre 2023<\/li><li><a href=\"https:\/\/www.journaldemontreal.com\/2023\/08\/30\/trois-rivieres-mythiques-de-loutaouais-seront-protegees\" target=\"_blank\" rel=\"noopener\">Trois rivi\u00e8res mythiques de l\u2019Outaouais seront prot\u00e9g\u00e9es,<\/a> Le Journal de Montr\u00e9al, 30 ao\u00fbt 2023<\/li><li><a href=\"https:\/\/www.chga.fm\/une-fin-de-semaine-reussie-pour-le-festival-deau-vive-de-la-haute-gatineau\/\" target=\"_blank\" rel=\"noopener\">Une fin de semaine r\u00e9ussie pour le Festival d\u2019eau vive de la Haute-Gatineau,<\/a> CHGA 97.3 FM, 28 ao\u00fbt 2023<\/li><li><a href=\"https:\/\/ici.radio-canada.ca\/nouvelle\/2006038\/eaux-usees-ville-quebec-debordement\" target=\"_blank\" rel=\"noopener\">Des centaines de millions de litres d\u2019eaux us\u00e9es d\u00e9vers\u00e9es dans le fleuve \u00e0 Qu\u00e9bec,<\/a> Radio-Canada, 25 ao\u00fbt 2023<\/li><li><a href=\"https:\/\/ici.radio-canada.ca\/ohdio\/premiere\/emissions\/premiere-heure\/episodes\/748821\/rattrapage-mardi-22-aout-2023\/6\" target=\"_blank\" rel=\"noopener\">En Gr\u00e8ce, le mouvement des serviettes,<\/a> Radio-Canada, Premi\u00e8re heure, 22 ao\u00fbt 2023<\/li><li><a href=\"https:\/\/www.jdc.quebec\/2023\/08\/20\/une-eau-loin-detre-verte\/\" target=\"_blank\" rel=\"noopener\">Une eau loin d&rsquo;\u00eatre verte,<\/a> Le Journal des citoyens, 20 ao\u00fbt 2023<\/li><li><a href=\"https:\/\/www.qub.ca\/tvaplus\/video\/trois-rivieres-le-tva-nouvelles-de-18h-du-18-aout-2023-1098098831\" target=\"_blank\" rel=\"noopener\">Acc\u00e8s public aux plages : une centaine de personnes ont manifest\u00e9,<\/a> TVA Nouvelles, 18 ao\u00fbt 2023 (4 min 35)<\/li><li><a href=\"https:\/\/www.noovo.info\/video\/des-citoyens-manifestent-pour-un-acces-public-a-la-plage-de-batiscan.html\" target=\"_blank\" rel=\"noopener\">Des citoyens manifestent pour l&rsquo;acc\u00e8s public \u00e0 la plage de Batiscan,<\/a> Noovo Info, 18 ao\u00fbt 2023<\/li><li><a href=\"https:\/\/www.lenouvelliste.ca\/actualites\/actualites-locales\/2023\/08\/18\/plage-des-citoyens-de-bastican-demandent-au-maire-de-mettre-son-pied-a-terre-YKZM3GHPKVGJDMUWXVTWGWSOCE\/\" target=\"_blank\" rel=\"noopener\">Plage: des citoyens de Bastican demandent au maire de mettre son pied \u00e0 terre,<\/a> Le Nouvelliste, 18 ao\u00fbt 2023<\/li><li><a href=\"https:\/\/ici.radio-canada.ca\/tele\/le-telejournal-mauricie\/site\/episodes\/804545\/episode-du-18-aout-2023\" target=\"_blank\" rel=\"noopener\">Acc\u00e8s \u00e0 la plage publique de Batiscan,<\/a> Radio-Canada Mauricie\u2014Centre-du-Qu\u00e9bec, 18 ao\u00fbt 2023 (12 min 35)\u00a0<\/li><li><a href=\"https:\/\/ici.radio-canada.ca\/nouvelle\/2004276\/acces-public-plage-batiscan\" target=\"_blank\" rel=\"noopener\">Manifestation pour l\u2019acc\u00e8s public \u00e0 la plage de Batiscan,<\/a> Radio-Canada Mauricie\u2014Centre-du-Qu\u00e9bec, 18 ao\u00fbt 2023<\/li><li><a href=\"https:\/\/ici.radio-canada.ca\/ohdio\/premiere\/emissions\/le-15-18\/episodes\/723992\/rattrapage-jeudi-17-aout-2023\/1\" target=\"_blank\" rel=\"noopener\">Mieux traiter les eaux us\u00e9es pour se baigner dans la rivi\u00e8re du Nord,<\/a> Radio-Canada, Le 15-18, 17 ao\u00fbt 2023<\/li><li><a href=\"https:\/\/www.journalacces.ca\/actualite\/les-villes-sont-deja-en-action-pour-decontaminer-la-riviere-du-nord\/\" target=\"_blank\" rel=\"noopener\">Les villes sont d\u00e9j\u00e0 en action pour d\u00e9contaminer la rivi\u00e8re du Nord,<\/a> Journal Acc\u00e8s, 14 ao\u00fbt 2023<\/li><li>Entrevue avec Philippe Maisonneuve, charg\u00e9 de projet de l&rsquo;\u00e9tude d&rsquo;\u00e9valuation du potentiel d\u2019activit\u00e9s<br \/>nautiques non motoris\u00e9es et de baignade dans la rivi\u00e8re du Nord entre Pr\u00e9vost et Saint-J\u00e9r\u00f4me, Cogeco m\u00e9dia, 14 ao\u00fbt 2023<\/li><li><a href=\"https:\/\/www.journaldemontreal.com\/2023\/08\/11\/plus-dun-milliard-de-litres-deaux-usees-dans-le-fleuve-en-raison-de-lete-pluvieux\" target=\"_blank\" rel=\"noopener\">Plus d\u2019un milliard de litres d\u2019eaux us\u00e9es dans le fleuve en raison de l\u2019\u00e9t\u00e9 pluvieux,<\/a> Journal de Montr\u00e9al, 11 ao\u00fbt 2023<\/li><li><a href=\"https:\/\/www.journaldemontreal.com\/2023\/08\/11\/eaux-usees-un-meilleur-traitement-necessaire-pour-se-baigner-entre-prevost-et-saint-jerome\" target=\"_blank\" rel=\"noopener\">Eaux us\u00e9es: un meilleur traitement n\u00e9cessaire pour se baigner entre Pr\u00e9vost et Saint-J\u00e9r\u00f4me,<\/a> Journal de Montr\u00e9al, 11 ao\u00fbt 2023<\/li><li><a href=\"https:\/\/www.journalacces.ca\/actualite\/la-riviere-du-nord-pourrait-etre-baignable-si-les-eaux-usees-etaient-mieux-traitees\/\" target=\"_blank\" rel=\"noopener\">La rivi\u00e8re du Nord pourrait \u00eatre baignable, si les eaux us\u00e9es \u00e9taient mieux trait\u00e9es,<\/a> Journal Acc\u00e8s, 11 ao\u00fbt 2023<\/li><li><a href=\"https:\/\/www.noovo.info\/video\/lacces-aux-berges-a-batiscan-que-dit-la-loi-.html\" target=\"_blank\" rel=\"noopener\">L&rsquo;acc\u00e8s aux berges \u00e0 Batiscan: que dit la loi?,<\/a> Noovo Info, 8 ao\u00fbt 2023<\/li><li><a href=\"https:\/\/www.tvanouvelles.ca\/2023\/08\/07\/une-petition-pour-lacces-a-la-plage-de-batiscan-en-mauricie\" target=\"_blank\" rel=\"noopener\">Une p\u00e9tition pour l&rsquo;acc\u00e8s \u00e0 la plage de Batiscan en Mauricie,<\/a> TVA Nouvelles, 7 ao\u00fbt 2023<\/li><li><a href=\"https:\/\/ici.radio-canada.ca\/tele\/le-telejournal-mauricie\/site\/episodes\/795431\/episode-du-6-aout-2023\" target=\"_blank\" rel=\"noopener\">Mobilisation \u00e0 Batiscan pour l&rsquo;acc\u00e8s aux berges,<\/a> Radio-Canada, Le T\u00e9l\u00e9journal Mauricie, 6 ao\u00fbt 2023<\/li><li><a href=\"https:\/\/www.lapresse.ca\/voyage\/plein-air\/2023-07-29\/une-petite-saucette-a-montreal.php\" target=\"_blank\" rel=\"noopener\">Une petite saucette \u00e0 Montr\u00e9al,<\/a> La Presse, 29 juillet 2023<\/li><li><a href=\"https:\/\/www.lapresse.ca\/actualites\/chroniques\/2023-07-27\/plonger-dans-le-beau.php\" target=\"_blank\" rel=\"noopener\">Plonger dans le beau,<\/a> La Presse, 27 juillet 2023<\/li><li><a href=\"https:\/\/www.journaldemontreal.com\/2023\/07\/26\/de-leau-usee-souvent-rejetee-directement-dans-le-fleuve\" target=\"_blank\" rel=\"noopener\">De l\u2019eau us\u00e9e de la grande r\u00e9gion de Montr\u00e9al souvent rejet\u00e9e directement dans le fleuve,<\/a> Le Journal de Montr\u00e9al, 26 juillet 2023<\/li><li><a href=\"https:\/\/courrierlaval.com\/qualite-eau-chemin-a-faire\/\" target=\"_blank\" rel=\"noopener\">Qualit\u00e9 de l\u2019eau: du chemin \u00e0 faire,<\/a> Courrier Laval, 24 juillet 2023<\/li><li><a href=\"https:\/\/www.fm1033.ca\/le-grand-saut-hilairemontais-est-de-retour-cet-ete\/\" target=\"_blank\" rel=\"noopener\">Le Grand Saut hilairemontais est de retour cet \u00e9t\u00e9,<\/a> FM 103,3, 23 juillet 2023<\/li><li><a href=\"https:\/\/ici.radio-canada.ca\/tele\/le-telejournal-18h\/site\/episodes\/784898\/episode-du-20-juillet-2023\" target=\"_blank\" rel=\"noopener\">Baignade en ville : 2e jour de fermeture pour la plage Jean-Dor\u00e9,<\/a> Le T\u00e9l\u00e9journal Montr\u00e9al, Radio-Canada, 20 juillet 2023<\/li><li><a href=\"https:\/\/www.noovo.info\/video\/mauvaise-qualite-de-leau-dans-les-lacs-on-va-vivre-avec-ces-realites-la-soutient-andre-belanger.html\" target=\"_blank\" rel=\"noopener\">Plusieurs plages ferm\u00e9es apr\u00e8s les pluies diluviennes : pourquoi?,<\/a> Noovo Info, 20 juillet 2023<\/li><li><a href=\"https:\/\/www.lapresse.ca\/debats\/editoriaux\/2023-07-20\/notre-or-bleu-souille.php\" target=\"_blank\" rel=\"noopener\">Notre or bleu\u2026 souill\u00e9,<\/a> La Presse, 20 juillet 2023<\/li><li><a href=\"https:\/\/dehors.urbania.ca\/article\/gros-remous-en-eau-vive\" target=\"_blank\" rel=\"noopener\">Gros remous en eau vive,<\/a> Dehors &#8211; Urbania, 13 juillet 2023<\/li><li><a href=\"https:\/\/www.lapresse.ca\/actualites\/politique\/2023-07-11\/une-grosse-eponge-pour-regler-la-gestion-des-eaux-de-laval.php\" target=\"_blank\" rel=\"noopener\">\u00ab Une grosse \u00e9ponge \u00bb pour r\u00e9gler la gestion des eaux de Laval,<\/a> La Presse, 12 juillet 2023<\/li><li><a href=\"https:\/\/issuu.com\/mountainlifemedia\/docs\/vem-ete-automne-2023?fr=sZjA3ZTM0ODU2NTk\" target=\"_blank\" rel=\"noopener\">\u00c0 vos pagaies et boucliers pour la rivi\u00e8re Magpie,<\/a> Vie en montagne, \u00c9dition \u00e9t\u00e9\/automne 2023<\/li><li><a href=\"https:\/\/ici.radio-canada.ca\/ohdio\/premiere\/emissions\/premiere-heure\/episodes\/734892\/rattrapage-mardi-11-juillet-2023\/11\" target=\"_blank\" rel=\"noopener\">Saint-Antoine-de-Tilly manque d&rsquo;eau potable,<\/a> Premi\u00e8re heure estivale, Radio-Canada, 11 juillet 2023<\/li><li><a href=\"https:\/\/www.lapresse.ca\/actualites\/2023-07-11\/saint-antoine-de-tilly\/menaces-d-expropriation-pour-leur-eau-potable.php\" target=\"_blank\" rel=\"noopener\">Saint-Antoine-de-Tilly : Menac\u00e9s d\u2019expropriation pour leur eau potable,<\/a>La Presse, 11 juillet 2023<\/li><li><a href=\"https:\/\/www.cjso.ca\/grand-splash-dizaine-de-personnes-se-jettent-a-leau-fleuve\/\" target=\"_blank\" rel=\"noopener\">Grand Splash: Une dizaine de personnes se jettent \u00e0 l\u2019eau du fleuve,<\/a> CJSO 101.7 FM, 10 juillet 2023<\/li><li>Grand Splash et acc\u00e8s aux berges, RDI D&rsquo;abord l&rsquo;info, 9 juillet 2023<\/li><li><a href=\"https:\/\/www.journalacces.ca\/actualite\/riviere-du-nord-baignade-a-vos-risques\/\" target=\"_blank\" rel=\"noopener\">Rivi\u00e8re du Nord : Baignade \u00e0 vos risques,<\/a> Journal Acc\u00e8s, 4 juillet 2023<\/li><li><a href=\"https:\/\/courrierlaval.com\/un-seul-endroit-propice-baignade-berges-de-laval\/\" target=\"_blank\" rel=\"noopener\">Un seul endroit propice \u00e0 la baignade sur les berges de Laval<\/a>, Courrier Laval, 2 juillet 2023<\/li><li><a href=\"https:\/\/www.noovo.info\/video\/grand-splash-a-la-rencontre-de-baigneurs-qui-nont-pas-peur-de-se-mouiller.html\" target=\"_blank\" rel=\"noopener\">Grand Splash : \u00e0 la rencontre de baigneurs qui n&rsquo;ont pas peur de se mouiller<\/a>, Noovo Info, 30 juin 2023<\/li><li><a href=\"https:\/\/www.ledevoir.com\/societe\/793888\/mouiller-le-maillot-pour-un-bain-dans-le-vieux-port\" target=\"_blank\" rel=\"noopener\">Mouiller le maillot pour un bain dans le Vieux-Port<\/a>, Le Devoir, 30 juin 2023<\/li><li><a href=\"https:\/\/ici.radio-canada.ca\/ohdio\/premiere\/emissions\/tout-un-matin\/episodes\/723917\/rattrapage-vendredi-30-juin-2023\/8\" target=\"_blank\" rel=\"noopener\">Entrevue avec Andr\u00e9 B\u00e9langer : Grand Splash au Vieux-Port de Montr\u00e9al<\/a>, Tout un matin, Radio-Canada, 30 juin 2023<\/li><li><a href=\"https:\/\/montreal.citycrunch.ca\/2023\/06\/29\/quoi-faire-cette-fin-de-semaine-a-montreal-30-juin-1er-2-juillet-2023\/\" target=\"_blank\" rel=\"noopener\">Quoi faire cette fin de semaine \u00e0 Montr\u00e9al?<\/a>, City Crunch, 29 juin 2023<\/li><li><a href=\"https:\/\/journalmetro.com\/actualites\/montreal\/3112061\/baignade-bon-bulletin-pour-montreal\/\" target=\"_blank\" rel=\"noopener\">Baignade: un bon bulletin pour Montr\u00e9al<\/a>, Journal M\u00e9tro, 28 juin 2023<\/li><li><a href=\"https:\/\/www.cjso.ca\/saint-joseph-de-sorel-invitation-grand-splash-2-juillet\/\" target=\"_blank\" rel=\"noopener\">Saint-Joseph-de-Sorel: Invitation au Grand Splash le 2 juillet<\/a>, CJSO 101.7 FM, 23 juin 2023<\/li><li><a href=\"https:\/\/les2rives.com\/les-citoyens-invites-a-se-baigner-au-parc-de-la-pointe-aux-pins-le-2-juillet\/\" target=\"_blank\" rel=\"noopener\">Les citoyens invit\u00e9s \u00e0 se baigner au parc de la Pointe-aux-Pins le 2 juillet<\/a>, Les 2 Rives, 22 juin 2023<\/li><li><a href=\"https:\/\/www.soreltracy.com\/participez-au-grand-splash-a-saint-joseph-de-sorel-le-2-juillet-2023\/\" target=\"_blank\" rel=\"noopener\">Participez au Grand Splash \u00e0 Saint-Joseph-de-Sorel le 2 juillet 2023<\/a>, Sorel-Tracy Magazine, 22 juin 2023<\/li><li><a href=\"https:\/\/baladoquebec.ca\/cibl-101-5-fm-les-aurores-montreal\/les-aurores-montreal-06222023-0900\" target=\"_blank\" rel=\"noopener\">Le Grand Splash de Montr\u00e9al &#8211; entrevue avec la Fondation Rivi\u00e8res<\/a>, CIBL 101.5 FM, 22 juin 2023<\/li><li><a href=\"https:\/\/baladoquebec.ca\/cibl-101-5-fm-les-aurores-montreal\" target=\"_blank\" rel=\"noopener\">Le Grand Splash de Montr\u00e9al<\/a>, CIBL 101.5 FM, 15 juin 2023<\/li><li><a href=\"https:\/\/journalmetro.com\/inspiration\/3099886\/un-troisieme-grand-splash-eclaboussera-le-vieux-port\/\" target=\"_blank\" rel=\"noopener\">Un troisi\u00e8me Grand Splash \u00e9claboussera le Vieux-Port,<\/a> Journal M\u00e9tro, 14 juin 2023<\/li><li><a href=\"https:\/\/www.chamblymatin.com\/information\/nouvelles\/manchettes-locales\/ville-de-chambly-bassin-de-chambly-qualite-de-l-eau-etude.html\" target=\"_blank\" rel=\"noopener\">La qualit\u00e9 de l&rsquo;eau permettrait la baignade \u00e0 Chambly<\/a>, Journal M\u00e9tro, 13 juin 2023<\/li><li><a href=\"https:\/\/www.noovo.info\/nouvelle\/la-qualite-de-leau-permettrait-la-baignade-dans-le-bassin-de-chambly.html\" target=\"_blank\" rel=\"noopener\">La qualit\u00e9 de l&rsquo;eau permettrait la baignade \u00e0 Chambly<\/a>, Noovo Info, 13 juin 2023<\/li><li><a href=\"https:\/\/www.iheartradio.ca\/boom\/boom-106-5\/nouvelles\/la-qualite-de-l-eau-permettrait-la-baignade-dans-le-bassin-de-chambly-1.19776398\" target=\"_blank\" rel=\"noopener\">La qualit\u00e9 de l&rsquo;eau permettrait la baignade \u00e0 Chambly<\/a>, iHeart Radio, 13 juin 2023<\/li><li><a href=\"https:\/\/www.cybersoleil.com\/riviere-chateauguay-a-mercier-une-eau-dexcellente-qualite-pour-la-baignade-et-les-activites-non-motorisees\/\" target=\"_blank\" rel=\"noopener\">Rivi\u00e8re Ch\u00e2teauguay \u00e0 Mercier : une eau d\u2019\u00abexcellente qualit\u00e9\u00bb pour la baignade et les activit\u00e9s non motoris\u00e9es<\/a>, Le Soleil de Ch\u00e2teauguay, 11 juin 2023<\/li><li><a href=\"https:\/\/www.fm1033.ca\/de-leau-de-qualite-dans-la-riviere-chateauguay\/\" target=\"_blank\" rel=\"noopener\">De l\u2019eau de qualit\u00e9 dans la rivi\u00e8re Ch\u00e2teauguay<\/a>, FM 103,3, 11 juin 2023<\/li><li><a href=\"https:\/\/www.cjso.ca\/baignade-dans-le-fleuve-une-etude-encourageante\/\" target=\"_blank\" rel=\"noopener\">Baignade dans le fleuve : Une \u00e9tude encourageante<\/a>, CJSO 101.7 FM, 6 juin 2023<\/li><li><a href=\"https:\/\/www.tvanouvelles.ca\/2023\/06\/06\/voici-pourquoi-la-baignade-sera-maintenant-possible-dans-la-region-de-sorel\" target=\"_blank\" rel=\"noopener\">Voici pourquoi la baignade sera maintenant possible dans la r\u00e9gion de Sorel<\/a>, TVA Nouvelles, 6 juin 2023<\/li><li><a href=\"https:\/\/www.cybersoleil.com\/le-cinema-au-service-de-la-nature\/\" target=\"_blank\" rel=\"noopener\">Le cin\u00e9ma au service de la nature<\/a>, Le Soleil de Ch\u00e2teauguay, \u00c9dition 17 mai 2023<\/li><li><a href=\"http:\/\/magazine.espaces.ca\/reader\/33e99f33-d387-4567-aa59-f798ccf48c3a?origin=%2Fespaces%2Fespaces%2F2023-04-06\" target=\"_blank\" rel=\"noopener\">Le Saint-Laurent sous respirateur?<\/a>, Espaces, \u00c9dition printemps 2023<\/li><li><a href=\"https:\/\/www.cbc.ca\/listen\/live-radio\/1-79-breakaway\/clip\/15983868-how-much-companies-pay-water\" target=\"_blank\" rel=\"noopener\">How much should compagnies pay for water?<\/a>, CBC Radio, Breakaway, 10 mai 2023<\/li><li><a href=\"https:\/\/ici.radio-canada.ca\/ohdio\/premiere\/emissions\/bonjour-la-cote\/segments\/entrevue\/441438\/barrage-fondation-rivieres\" target=\"_blank\" rel=\"noopener\">\u00c9tude sur le potentiel hydro\u00e9lectrique en Basse-C\u00f4te-Nord : injustifi\u00e9e?<\/a>, Bonjour la C\u00f4te, Radio-Canada, 26 avril 2023<\/li><li><a href=\"https:\/\/www.ledevoir.com\/societe\/789577\/le-royaume-du-vent\" target=\"_blank\" rel=\"noopener\">Le royaume du vent<\/a>, Le Devoir, 22 avril 2023<\/li><li><a href=\"https:\/\/www.ledevoir.com\/opinion\/libre-opinion\/789532\/idees-pour-une-transition-energetique-respectueuse-des-dernieres-rivieres-sauvages\" target=\"_blank\" rel=\"noopener\">Pour une transition \u00e9nerg\u00e9tique respectueuse des derni\u00e8res rivi\u00e8res sauvages<\/a>, Le Devoir, 21 avril 2023<\/li><li><a href=\"https:\/\/macotenord.com\/des-ecologistes-jugent-inutile-letude-du-potentiel-hydroelectrique-en-basse-cote-nord\/\" target=\"_blank\" rel=\"noopener\">Des \u00e9cologistes jugent inutile l\u2019\u00e9tude du potentiel hydro\u00e9lectrique en Basse-C\u00f4te-Nord<\/a>, Ma C\u00f4te-Nord, 20 avril 2023<\/li><li><a href=\"https:\/\/www.ledevoir.com\/environnement\/789269\/environnement-apres-la-romaine-ou-imaginer-le-quebec-au-dela-des-barrages\" target=\"_blank\" rel=\"noopener\">\u00abApr\u00e8s la Romaine\u00bb ou imaginer le Qu\u00e9bec au-del\u00e0 des barrages<\/a>, Le Devoir, 18 avril 2023<\/li><li><a href=\"https:\/\/www.ledevoir.com\/environnement\/789269\/environnement-apres-la-romaine-ou-imaginer-le-quebec-au-dela-des-barrages\" target=\"_blank\" rel=\"noopener\">Culture avec Eug\u00e9nie L\u00e9pine-Blondeau : Le documentaire Apr\u00e8s la Romaine<\/a>, Tout un matin, Radio-Canada, 18 avril 2023<\/li><li><a href=\"https:\/\/ici.radio-canada.ca\/ohdio\/premiere\/emissions\/feu-vert\/episodes\/700439\/rattrapage-du-dimanche-16-avril-2023\" target=\"_blank\" rel=\"noopener\">Apr\u00e8s la Romaine, avec Roy Dupuis,<\/a> Feu vert, Radio-Canada, 16 avril 2023<\/li><li><a href=\"https:\/\/lactualite.com\/sports\/surfer-a-montreal\/\" target=\"_blank\" rel=\"noopener\">Surfer \u00e0 Montr\u00e9al<\/a>, L&rsquo;Actualit\u00e9, 5 avril 2023<\/li><li><a href=\"https:\/\/ici.radio-canada.ca\/nouvelle\/1968692\/hydro-quebec-petit-mecatina-innus-centrale-legault\" target=\"_blank\" rel=\"noopener\">Hydro-Qu\u00e9bec r\u00e9\u00e9valuera le potentiel de la rivi\u00e8re du Petit M\u00e9catina<\/a>, Radio-Canada, 4 avril 2023<\/li><li><a href=\"https:\/\/www.ledevoir.com\/environnement\/787942\/hydro-quebec-etudie-le-potentiel-de-la-riviere-du-petit-mecatina\" target=\"_blank\" rel=\"noopener\">Hydro-Qu\u00e9bec \u00e9tudie le potentiel de la rivi\u00e8re du Petit M\u00e9catina<\/a>, Le Devoir, 4 avril 2023<\/li><li><a href=\"https:\/\/www.lapresse.ca\/contexte\/2023-03-12\/energie\/objectif-100-twh.php\" target=\"_blank\" rel=\"noopener\">Objectif 100 TWh<\/a>, La Presse, 12 mars 2023<\/li><li><a href=\"https:\/\/www.journalacces.ca\/actualite\/qualite-de-leau-cest-la-dose-qui-fait-le-poison\/\" target=\"_blank\" rel=\"noopener\">Qualit\u00e9 de l\u2019eau : \u00ab C\u2019est la dose qui fait le poison \u00bb<\/a>, Journal Acc\u00e8s, 7 mars 2023<\/li><li><a href=\"https:\/\/www.lapresse.ca\/actualites\/environnement\/2023-03-07\/rejets-industriels\/polluer-coutera-beaucoup-plus-cher-aux-entreprises.php\" target=\"_blank\" rel=\"noopener\">Polluer co\u00fbtera beaucoup plus cher aux entreprises<\/a>, La Presse, 7 mars 2023<\/li><li><a href=\"https:\/\/www.lemanic.ca\/2023\/03\/06\/mine-du-lac-bloom-7-lacs-dans-la-mire-pour-lentreposage-de-residus-miniers\/\" target=\"_blank\" rel=\"noopener\">Mine du lac Bloom: 7 lacs dans la mire pour l\u2019entreposage de r\u00e9sidus miniers<\/a>, Le Manic, 6 mars 2023<\/li><li><a href=\"https:\/\/www.lemanic.ca\/2023\/03\/01\/lenvers-dune-energie-verte-un-peu-de-mercure-avec-votre-poisson\/\" target=\"_blank\" rel=\"noopener\">L\u2019envers d\u2019une \u00e9nergie verte: Un peu de mercure avec votre poisson?<\/a> Le Manic, 1 mars 2023<\/li><li><a href=\"https:\/\/www.24heures.ca\/2023\/02\/28\/des-lacs-et-des-rivieres-menaces-de-destruction-par-une-mine-de-fermont\" target=\"_blank\" rel=\"noopener\">Des lacs et des rivi\u00e8res menac\u00e9s de destruction par une mine de Fermont <\/a>Le 24 heures, 28 f\u00e9vrier 2023<\/li><li><a href=\"https:\/\/www.journaldelevis.com\/1120\/Soci%C3%A9t%C3%A9_.html?id=105464\" target=\"_blank\" rel=\"noopener\">Eau : de bonnes tapes dans le dos pour L\u00e9vis<\/a>, Journal Le Journal de L\u00e9vis, 17 f\u00e9vrier 2023<\/li><li><a href=\"https:\/\/lp.ca\/aSz2dP?sharing=true\" target=\"_blank\" rel=\"noopener\">Pour des tarifs d\u2019\u00e9lectricit\u00e9 justes<\/a>, La Presse, 13 f\u00e9vrier 2023<\/li><li><a href=\"https:\/\/lenord-cotier.com\/2023\/02\/07\/voyage-initiatique-sur-le-nitassinan-pour-10-jeunes-montrealais\/\" target=\"_blank\" rel=\"noopener\">Voyage initiatique sur le Nitassinan pour 10 jeunes Montr\u00e9alais<\/a>, Journal Le Nord-C\u00f4tier, 7 f\u00e9vrier 2023<\/li><li><a href=\"https:\/\/www.journallenord.com\/actualite\/la-fondation-rivieres-etudie-a-nouveau-la-qualite-de-leau\/\" target=\"_blank\" rel=\"noopener\">La Fondation Rivi\u00e8res \u00e9tudie \u00e0 nouveau la qualit\u00e9 de l&rsquo;eau<\/a>, Journal Le Nord, 30 janvier 2023<\/li><li><a href=\"http:\/\/www.journalhorizon.com\/un-mandat-plus-fort-pour-le-forum-daction-sur-leau\/\" target=\"_blank\" rel=\"noopener\">Un mandat plus fort pour le Forum d\u2019action sur l\u2019eau<\/a>, L&rsquo;Horizon, 24 janvier 2023<\/li><li><a href=\"https:\/\/ici.radio-canada.ca\/nouvelle\/1950447\/depot-neige-magog-environnement-riviere\" target=\"_blank\" rel=\"noopener\">Un d\u00e9p\u00f4t \u00e0 neige situ\u00e9 \u00e0 proximit\u00e9 de la rivi\u00e8re pr\u00e9occupe \u00e0 Magog<\/a>, Radio-Canada Estrie, 23 janvier 2023<\/li><li><a href=\"https:\/\/www.ledevoir.com\/opinion\/idees\/778126\/environnement-un-vrai-debat-energetique-s-impose-au-quebec\" target=\"_blank\" rel=\"noopener\">Un vrai d\u00e9bat \u00e9nerg\u00e9tique s\u2019impose au Qu\u00e9bec,<\/a> Le Devoir (lettre ouverte), 17 janvier 2023<\/li><\/ol><\/div>\n\t\t\t\t\t\t\t<\/div>\n\t\t\t\t\t\t<\/div>\t\t\t<\/div>\n\t\t<\/div>\n\t\t\t\t\t\t<\/div>\n\t\t\t\t<\/div>\n\t\t\t\t<div class=\"elementor-element elementor-element-f8c8f0d elementor-widget elementor-widget-spacer\" data-id=\"f8c8f0d\" data-element_type=\"widget\" data-e-type=\"widget\" data-widget_type=\"spacer.default\">\n\t\t\t\t<div class=\"elementor-widget-container\">\n\t\t\t\t\t\t\t<div class=\"elementor-spacer\">\n\t\t\t<div class=\"elementor-spacer-inner\"><\/div>\n\t\t<\/div>\n\t\t\t\t\t\t<\/div>\n\t\t\t\t<\/div>\n\t\t\t\t<div class=\"elementor-element elementor-element-a0eedad elementor-widget elementor-widget-jet-accordion\" data-id=\"a0eedad\" data-element_type=\"widget\" data-e-type=\"widget\" data-widget_type=\"jet-accordion.default\">\n\t\t\t\t<div class=\"elementor-widget-container\">\n\t\t\t\t\t\t\t\t\t<div class=\"jet-accordion\" data-settings=\"{&quot;collapsible&quot;:false,&quot;ajaxTemplate&quot;:false,&quot;switchScrolling&quot;:false,&quot;switchScrollingTablet&quot;:false,&quot;switchScrollingMobile&quot;:false,&quot;switchScrollingOffset&quot;:{&quot;size&quot;:0,&quot;unit&quot;:&quot;px&quot;},&quot;switchScrollingOffsetTablet&quot;:{&quot;size&quot;:0,&quot;unit&quot;:&quot;px&quot;},&quot;switchScrollingOffsetMobile&quot;:{&quot;size&quot;:0,&quot;unit&quot;:&quot;px&quot;},&quot;switchScrollingDelay&quot;:500,&quot;switchScrollingDelayTablet&quot;:500,&quot;switchScrollingDelayMobile&quot;:500}\">\n\t\t\t<div class=\"jet-accordion__inner\">\n\t\t\t\t<div class=\" jet-accordion__item jet-toggle jet-toggle-move-up-effect \">\n\t\t\t\t\t\t\t<div id=\"jet-toggle-control-1681\" class=\"jet-toggle__control elementor-menu-anchor\" data-toggle=\"1\" role=\"button\" tabindex=\"0\" aria-controls=\"jet-toggle-content-1681\" aria-expanded=\"false\" data-template-id=\"false\">\n\t\t\t\t\t\t\t\t<div class=\"jet-toggle__label-icon jet-toggle-icon-position-left\"><span class=\"jet-toggle__icon icon-normal jet-tabs-icon\"><i class=\"fas fa-plus\"><\/i><\/span><span class=\"jet-toggle__icon icon-active jet-tabs-icon\"><i class=\"fas fa-minus\"><\/i><\/span><\/div><p class=\"jet-toggle__label-text\">2022<\/p>\t\t\t\t\t\t\t<\/div>\n\t\t\t\t\t\t\t<div id=\"jet-toggle-content-1681\" class=\"jet-toggle__content\" data-toggle=\"1\" role=\"region\" data-template-id=\"false\">\n\t\t\t\t\t\t\t\t<div class=\"jet-toggle__content-inner\"><ol><li><a href=\"https:\/\/www.ledevoir.com\/opinion\/idees\/774676\/idees-le-gouvernement-manque-t-il-de-vision-avec-la-riviere-magpie\" target=\"_blank\" rel=\"noopener\">Le gouvernement manque-t-il de vision avec la rivi\u00e8re Magpie?,<\/a> 15 d\u00e9cembre 2022, Le Devoir<\/li><li><a href=\"https:\/\/ici.radio-canada.ca\/ohdio\/premiere\/emissions\/les-grands-entretiens\/episodes\/671731\/rattrapage-du-mercredi-14-decembre-2022\" target=\"_blank\" rel=\"noopener\">St\u00e9phane Leclair rencontre Roy Dupuis et Marina Orsini,<\/a> 14 d\u00e9cembre 2022, Ohdio &#8211; Les Grands Entretiens (\u00e0 00:32:15)<\/li><li><a href=\"https:\/\/www.ledevoir.com\/opinion\/idees\/773770\/cop15-l-eau-doit-faire-partie-des-discussions\" target=\"_blank\" rel=\"noopener\">L&rsquo;eau doit faire partie des discussions,<\/a> 8 d\u00e9cembre 2022, Le Devoir<\/li><li><a href=\"https:\/\/courrierlaval.com\/berges-publiques-biodiversite-laval\/\" target=\"_blank\" rel=\"noopener\">Plusieurs des 45 berges publiques compromettraient la biodiversit\u00e9 \u00e0 Laval,<\/a> 7 d\u00e9cembre 2022, Le Courrier de Laval<\/li><li><a href=\"https:\/\/courrierlaval.com\/rejets-eaux-usees-laval-derniers-de-classe\/\" target=\"_blank\" rel=\"noopener\">Rejets des eaux us\u00e9es: Laval parmi les derniers de classe,<\/a> 5 d\u00e9cembre 2022, Le Courrier de Laval<\/li><li><a href=\"https:\/\/www.lapresse.ca\/debats\/editoriaux\/2022-12-03\/cop15-a-montreal-sur-la-biodiversite\/l-espece-menacee-c-est-aussi-nous.php\" target=\"_blank\" rel=\"noopener\">COP15 \u00e0 Montr\u00e9al sur la biodiversit\u00e9 : L\u2019esp\u00e8ce menac\u00e9e, c\u2019est aussi nous,<\/a> 3 d\u00e9cembre 2022, La Presse<\/li><li><a href=\"https:\/\/www.laterre.ca\/actualites\/vie-rurale\/pas-de-surplus-de-phosphore-mais-le-moratoire-reste-en-place\" target=\"_blank\" rel=\"noopener\">Pas de surplus de phosphore, mais le moratoire reste en place,<\/a> 1 d\u00e9cembre 2022, La Terre de chez nous<\/li><li><a href=\"https:\/\/www.cbc.ca\/listen\/live-radio\/1-79\/clip\/15951671\" target=\"_blank\" rel=\"noopener\">Reflection on a two decades old water policy,<\/a> 28 novembre 2022, CBC Radio, Breakaway<\/li><li><a href=\"https:\/\/www.noovo.info\/video\/la-politique-quebecoise-de-leau-a-20-ans.html\" target=\"_blank\" rel=\"noopener\">20 ans de la Politique nationale de l&rsquo;eau,<\/a> 26 novembre 2022, Noovo\u00a0<\/li><li><a href=\"https:\/\/plus.lapresse.ca\/screens\/ecfebd22-fc6a-4562-8bc5-888ee3982f54__7C___0.html\" target=\"_blank\" rel=\"noopener\">La Politique nationale de l\u2019eau a 20 ans : une avanc\u00e9e qui fait du surplace,<\/a> 26 novembre 2022, La Presse<\/li><li><a href=\"https:\/\/www.qub.ca\/radio\/balado\/benoit-dutrizac?audio=1085983027\" target=\"_blank\" rel=\"noopener\">On ne s&rsquo;int\u00e9resse pas \u00e0 notre eau, s&rsquo;attriste Benoit Dutrizac,<\/a> 23 novembre 2022, Qub radio<\/li><li><a href=\"https:\/\/www.qub.ca\/article\/assainissement-des-eaux-usees-il-faudra-beaucoup-plus-que-le-fonds-bleu-1085938118\" target=\"_blank\" rel=\"noopener\">Assainissement des eaux us\u00e9es: il faudra beaucoup plus que le Fonds bleu,<\/a> 22 novembre 2022, Qub radio<\/li><li><a href=\"https:\/\/www.journaldequebec.com\/2022\/11\/22\/assainissement-des-eaux-usees-il-faudra-beaucoup-plus-que-le-fonds-bleu\" target=\"_blank\" rel=\"noopener\">Assainissement des eaux us\u00e9es: il faudra beaucoup plus que le Fonds bleu,<\/a> 22 novembre 2022, Journal de Qu\u00e9bec<\/li><li><a href=\"https:\/\/www.journaldemontreal.com\/2022\/11\/22\/assainissement-des-eaux-usees-il-faudra-beaucoup-plus-que-le-fonds-bleu\" target=\"_blank\" rel=\"noopener\">Assainissement des eaux us\u00e9es: il faudra beaucoup plus que le Fonds bleu,<\/a> 22 novembre 2022, Journal de Montr\u00e9al<\/li><li><a href=\"https:\/\/www.lapresse.ca\/debats\/opinions\/2022-11-21\/assainissement-des-eaux-usees\/il-faudra-beaucoup-plus-que-le-fonds-bleu.php\" target=\"_blank\" rel=\"noopener\">Assainissement des eaux us\u00e9es: il faudra beaucoup plus que le Fonds bleu,<\/a> 21 novembre 2022, La Presse<\/li><li><a href=\"https:\/\/www.ledevoir.com\/societe\/771598\/devoir-de-cite-une-gestion-de-l-eau-complexe-et-couteuse-pour-les-villes\" target=\"_blank\" rel=\"noopener\">Une gestion de l\u2019eau complexe et co\u00fbteuse pour les villes<\/a>, 21 novembre 2022, Le Devoir<\/li><li><a href=\"https:\/\/ici.radio-canada.ca\/ohdio\/premiere\/emissions\/en-direct\/episodes\/668744\/rattrapage-du-jeudi-17-novembre-2022\" target=\"_blank\" rel=\"noopener\">\u00c0 quelques jours de la COP15, entrevue avec A. Saladzius de la Fond. Rivi\u00e8res<\/a>, 17 novembre 2022, Radio-Canada Mauricie-Centre-du-Qu\u00e9bec<\/li><li><a href=\"https:\/\/www.ledevoir.com\/opinion\/idees\/770935\/idees-il-faudra-beaucoup-plus-que-le-fonds-bleu-pour-assainir-nos-eaux-usees\" target=\"_blank\" rel=\"noopener\">Il faudra beaucoup plus que le Fonds bleu pour assainir nos eaux us\u00e9es<\/a>, 16 novembre 2022, Le Devoir<\/li><li><a href=\"https:\/\/www.latribune.ca\/2022\/11\/12\/arroser-les-terrains-sportifs-a-leau-de-pluie-85bf4eac1cba020fa1383bfd80a7344d\" target=\"_blank\" rel=\"noopener\">Arroser les terrains sportifs \u00e0 l\u2019eau de pluie<\/a>, 12 novembre 2022, La Tribune<\/li><li><a href=\"https:\/\/www.latribune.ca\/2022\/11\/12\/sherbrooke-et-les-autres-villes-du-quebec-devront-reduire-leurs-deversements-uses-dfb2c8b4c8ca6306ab74dc0114d0a83f\" target=\"_blank\" rel=\"noopener\">Sherbrooke et les autres villes du Qu\u00e9bec devront r\u00e9duire leurs d\u00e9versements us\u00e9s<\/a>, 12 novembre 2022, La Tribune<\/li><li><a href=\"https:\/\/www.latribune.ca\/2022\/11\/12\/eaux-usees--des-developpements-immobiliers-freines-par-les-nouvelles-normes--aa8c0a47c19994bb918b328fa9360aab\" target=\"_blank\" rel=\"noopener\">Eaux us\u00e9es : Des d\u00e9veloppements immobiliers frein\u00e9s par les nouvelles normes?<\/a>, 12 novembre 2022, La Tribune<\/li><li><a href=\"https:\/\/cihofm.com\/news\/deversement-des-eaux-usees-charlevoix-bon-eleve\/\" target=\"_blank\" rel=\"noopener\">D\u00e9versements d\u2019eaux us\u00e9es : Charlevoix bon \u00e9l\u00e8ve<\/a>, 11 novembre 2022, CIHO 96.3<\/li><li><a href=\"https:\/\/www.lejournaldejoliette.ca\/actualites\/societe\/475356\/les-deversements-deaux-usees-en-baisse-de-30-au-quebec-en-2021\" target=\"_blank\" rel=\"noopener\">Les d\u00e9versements d\u2019eaux us\u00e9es en baisse de 30 % au Qu\u00e9bec en 2021<\/a>, 11 novembre 2022, Le Journal de Joliette<\/li><li><a href=\"https:\/\/www.newswire.ca\/fr\/news-releases\/la-contamination-de-e-coli-dans-la-riviere-aux-sables-a-saguenay-et-le-devoilement-du-palmares-de-la-fondation-rivieres-mettent-en-exergue-le-role-fondamental-des-microbiologistes-pour-la-protection-du-public-842980991.html\" target=\"_blank\" rel=\"noopener\">La contamination de <em>E. Coli<\/em> dans la rivi\u00e8re aux Sables \u00e0 Saguenay et le d\u00e9voilement du palmar\u00e8s de la Fondation Rivi\u00e8res mettent en exergue le r\u00f4le fondamental des microbiologistes pour la protection du public<\/a>, 8 novembre 2022, CNW &#8211; Association des microbiologistes du Qu\u00e9bec<\/li><li><a href=\"https:\/\/infodelabasselievre.ca\/actualites\/2022\/11\/08\/beaucoup-damelioration-dans-le-palmares-2021-de-la-fondation-rivieres\/\" target=\"_blank\" rel=\"noopener\">Beaucoup d\u2019am\u00e9lioration dans le palmar\u00e8s 2021 de la Fondation Rivi\u00e8res<\/a>, 8 novembre 2022, L&rsquo;Info de la Basse-Li\u00e8vre<\/li><li><a href=\"https:\/\/macotenord.com\/deversement-deaux-usees-%e2%80%89-lindice-de-sept-iles-est-tres-bon-pour-le-directeur-general-de-la-fondation-rivieres\/\" target=\"_blank\" rel=\"noopener\">D\u00e9versement d\u2019eaux us\u00e9es | \u2009\u00ab L\u2019indice de Sept-\u00celes est tr\u00e8s bon \u00bb pour le directeur g\u00e9n\u00e9ral de la Fondation Rivi\u00e8res<\/a>, 8 novembre 2022, 94.1 Radio Plaisir<\/li><li><a href=\"https:\/\/ici.radio-canada.ca\/nouvelle\/1930724\/eau-usee-deversement-fondation-riviere-palmares\" target=\"_blank\" rel=\"noopener\">Les d\u00e9versements d\u2019eaux us\u00e9es en baisse en Abitibi-T\u00e9miscamingue<\/a>, 6 novembre 2022, Radio-Canada &#8211; Abitibi-T\u00e9miscamingue<\/li><li><a href=\"https:\/\/www.lecharlevoisien.com\/2022\/11\/04\/palmares-des-deversements-deaux-usees-la-malbaie-pire-municipalite-charlevoisienne\/\" target=\"_blank\" rel=\"noopener\">Palmar\u00e8s des d\u00e9versements d\u2019eaux us\u00e9es: La Malbaie pire municipalit\u00e9 charlevoisienne<\/a>, 4 novembre 2022, Le Charlevoisien<\/li><li><a href=\"https:\/\/www.lemanic.ca\/2022\/11\/04\/deversements-deaux-usees-port-cartier-parmi-les-pires-villes-quebecoise\/\" target=\"_blank\" rel=\"noopener\">D\u00e9versements d\u2019eaux us\u00e9es : Port-Cartier parmi les pires villes qu\u00e9b\u00e9coises<\/a>, 4 novembre 2022, Le Manic<\/li><li><a href=\"https:\/\/cimtchau.ca\/nouvelles\/moins-de-deversements-deaux-usees-au-bas-saint-laurent\/\" target=\"_blank\" rel=\"noopener\">Moins de d\u00e9versements d\u2019eaux us\u00e9es au Bas-Saint-Laurent<\/a>, 4 novembre 2022, TVA\u00a0CIMT CHAU<\/li><li><a href=\"https:\/\/ici.radio-canada.ca\/nouvelle\/1930078\/deversements-eaux-usees-palmares-est-quebec-2023\" target=\"_blank\" rel=\"noopener\">Moins de d\u00e9versements d\u2019eaux us\u00e9es au Bas-Saint-Laurent en 2021<\/a>, 4 novembre 2022, Radio-Canada &#8211; Bas-Saint-Laurent<\/li><li><a href=\"https:\/\/cimtchau.ca\/nouvelles\/palmares-des-deversements-de-la-fondation-rivieres-des-localites-de-la-gaspesie-parmi-les-pires\/\" target=\"_blank\" rel=\"noopener\">Palmar\u00e8s des d\u00e9versements de la Fondation Rivi\u00e8res: des localit\u00e9s de la Gasp\u00e9sie parmi les pires<\/a>, 4 novembre 2022, TVA\u00a0CIMT CHAU<\/li><li><a href=\"https:\/\/ici.radio-canada.ca\/nouvelle\/1930333\/deversement-eaux-usees-solution-cote-nord\" target=\"_blank\" rel=\"noopener\">Port-Cartier et Baie-Comeau montr\u00e9es du doigt par la Fondation Rivi\u00e8res<\/a>, 4 novembre 2022, Radio-Canada &#8211; C\u00f4te-Nord<\/li><li><a href=\"https:\/\/m105.ca\/actualite\/moins-de-deversements-deaux-usees-a-granby\/\" target=\"_blank\" rel=\"noopener\">Moins de d\u00e9versements d\u2019eaux us\u00e9es \u00e0 Granby<\/a>, 4 novembre 2022, M104.5<\/li><li><a href=\"https:\/\/www.granbyexpress.com\/actualite\/deversements-deaux-usees-la-situation-sameliore-a-granby\/\" target=\"_blank\" rel=\"noopener\">D\u00e9versements d\u2019eaux us\u00e9es: la situation s\u2019am\u00e9liore \u00e0 Granby<\/a>, 3 novembre 2022, Granby Express<\/li><li><a href=\"https:\/\/www.lenouvelliste.ca\/2022\/11\/03\/amelioration-des-deversements-deaux-usees-dans-la-region-une-simple-question-de-pluie-5b8c5b87301f2241ed31b28816269f4b\" target=\"_blank\" rel=\"noopener\">Am\u00e9lioration des d\u00e9versements d\u2019eaux us\u00e9es dans la r\u00e9gion: une simple question de pluie?<\/a>, 3 novembre 2022, Le Nouvelliste<\/li><li><a href=\"https:\/\/ici.radio-canada.ca\/nouvelle\/1930047\/deversement-eau-ville-fondation-riviere\" target=\"_blank\" rel=\"noopener\">D\u00e9versement d\u2019eaux us\u00e9es : 3 municipalit\u00e9s gasp\u00e9siennes parmi les pires au Qu\u00e9bec<\/a>, 3 novembre 2022, Radio-Canada &#8211; Gasp\u00e9sie\u2013\u00celes-de-la-Madeleine<\/li><li><a href=\"https:\/\/ici.radio-canada.ca\/ohdio\/premiere\/emissions\/bonjour-la-cote\/segments\/entrevue\/420978\/deversements-eaux-usees-palmares-2021-fondation-rivieres-cote-nord-port-cartier-baie-comeau\" target=\"_blank\" rel=\"noopener\">D\u00e9versements des eaux us\u00e9es : le palmar\u00e8s 2021 de la Fondation Rivi\u00e8res<\/a>, 3 novembre 2022, Radio-Canada &#8211; C\u00f4te-Nord<\/li><li><a href=\"https:\/\/ici.radio-canada.ca\/nouvelle\/1930250\/environnement-muicipalites-province-changements-climatiques?partageApp=rcca_appmobile_appinfo_android\" target=\"_blank\" rel=\"noopener\">Les d\u00e9versements d\u2019eaux us\u00e9es en baisse de 30 % au Qu\u00e9bec en 2021<\/a>, 3 novembre 2022, Radio-Canada<\/li><li><a href=\"https:\/\/www.lanouvelle.net\/nouvelles-nationales\/les-deversements-deaux-usees-en-baisse-de-30-au-quebec-en-2021\/\" target=\"_blank\" rel=\"noopener\">Les d\u00e9versements d\u2019eaux us\u00e9es en baisse de 30 % au Qu\u00e9bec en 2021<\/a>, 3 novembre 2022, La Nouvelle union<\/li><li><a href=\"https:\/\/www.lerefletdulac.com\/nouvelles-nationales\/les-deversements-deaux-usees-en-baisse-de-30-au-quebec-en-2021\/\" target=\"_blank\" rel=\"noopener\">Les d\u00e9versements d\u2019eaux us\u00e9es en baisse de 30 % au Qu\u00e9bec en 2021<\/a>, 3 novembre 2022, Le Reflet du Lac<\/li><li><a href=\"https:\/\/www.lesoleil.com\/2022\/11\/03\/les-deversements-deaux-usees-en-baisse-de-30-au-quebec-en-2021-f25bfb9211187fa4db3060ec533a5420\" target=\"_blank\" rel=\"noopener\">Les municipalit\u00e9s ont d\u00e9vers\u00e9 30 % moins d\u2019eaux us\u00e9es en 2021,<\/a> 3 novembre 2022, Le Soleil<\/li><li><a href=\"https:\/\/www.lapresse.ca\/actualites\/environnement\/2022-11-03\/quebec\/les-municipalites-ont-deverse-30-moins-d-eaux-usees-en-2021.php\" target=\"_blank\" rel=\"noopener\">Les municipalit\u00e9s ont d\u00e9vers\u00e9 30 % moins d\u2019eaux us\u00e9es en 2021,<\/a> 3 novembre 2022, La Presse<\/li><li><a href=\"https:\/\/www.lequotidien.com\/2022\/11\/03\/moins-de-deversements-des-eaux-usees-en-2021-mais-2022-sannonce-moins-reluisante-80785a817236cb2b2ac557466d43391a\" target=\"_blank\" rel=\"noopener\">Moins de d\u00e9versements des eaux us\u00e9es en 2021, mais 2022 s\u2019annonce moins reluisante,<\/a> 3 novembre 2022, Le Quotidien<\/li><li><a href=\"https:\/\/cimtchau.ca\/nouvelles\/chandler-et-gaspe-dans-le-top-10-du-palmares-des-deversements-deaux-usees\/\" target=\"_blank\" rel=\"noopener\">Chandler et Gasp\u00e9 dans le top 10 du palmar\u00e8s des d\u00e9versements d\u2019eaux us\u00e9es<\/a>, 27 octobre 2022, TVA CIMT CHAU<\/li><li><a href=\"https:\/\/www.tvanouvelles.ca\/2022\/10\/26\/toujours-81-municipalites-sans-station-depuration-en-2022\" target=\"_blank\" rel=\"noopener\">Toujours 81 municipalit\u00e9s sans station d\u2019\u00e9puration en 2022<\/a>, 26 octobre 2022, TVA Nouvelles<\/li><li><a href=\"https:\/\/plus.lapresse.ca\/screens\/d7bc4c8b-42a4-4453-8d04-fa9ee788a6c5__7C___0.html\" target=\"_blank\" rel=\"noopener\">Accroissement de la production d&rsquo;\u00e9lectricit\u00e9 : Hydro-Qu\u00e9bec est sur la bonne voie<\/a>, 20 octobre 2022, La Presse<\/li><li><a href=\"https:\/\/www.ledevoir.com\/environnement\/764975\/environnement-destruction-de-milieux-humides-pour-assurer-le-developpement-immobilier-a-laval\" target=\"_blank\" rel=\"noopener\">Destruction de milieux humides pour assurer le d\u00e9veloppement immobilier \u00e0 Laval<\/a>, 18 octobre 2022, Le Devoir<\/li><li><a href=\"https:\/\/www.lanouvelle.net\/actualite\/laplti-recolte-un-peu-plus-de-12-000-pour-son-dernier-souper-benefice\/\" target=\"_blank\" rel=\"noopener\">L\u2019APLTI r\u00e9colte un peu plus de 12 000\u2009$ pour son dernier souper-b\u00e9n\u00e9fice<\/a>, 13 octobre 2022, La Nouvelle Union<\/li><li><a href=\"https:\/\/www.ledevoir.com\/opinion\/idees\/763247\/idees-un-defi-vert-pour-le-gouvernement-caquiste\" target=\"_blank\" rel=\"noopener\">Un d\u00e9fi vert pour le gouvernement caquiste<\/a>, 12 octobre 2022, Le Devoir<\/li><li><a href=\"https:\/\/www.lequotidien.com\/2022\/10\/11\/deversements-des-eaux-usees-un-debut-dete-desastreux-a-saguenay-b0bfd5f5817265492915e1d9d72ed7b3\" target=\"_blank\" rel=\"noopener\">D\u00e9versements des eaux us\u00e9es: un d\u00e9but d\u2019\u00e9t\u00e9 d\u00e9sastreux \u00e0 Saguenay<\/a>, 11 octobre 2022, Le Quotidien<\/li><li><a href=\"https:\/\/www.lapresse.ca\/actualites\/environnement\/2022-10-08\/des-solutions-pour-les-milieux-humides.php\" target=\"_blank\" rel=\"noopener\">Des solutions pour les milieux humides<\/a>, 8 octobre 2022, La Presse<\/li><li><a href=\"https:\/\/www.lapresse.ca\/actualites\/environnement\/2022-10-07\/compensations-pour-la-destruction-de-milieux-humides\/pres-de-100-millions-dorment-a-quebec.php\" target=\"_blank\" rel=\"noopener\">Compensations pour la destruction de milieux humides : Pr\u00e8s de 100 millions dorment \u00e0 Qu\u00e9bec<\/a>, 7 octobre 2022, La Presse<\/li><li><a href=\"https:\/\/plus.lapresse.ca\/screens\/5efe6c8c-3fea-46b7-8c64-036da090389d__7C___0.html\" target=\"_blank\" rel=\"noopener\">Agence canadienne de l&rsquo;eau : le Grand Montr\u00e9al, le choix logique<\/a>, 3 octobre 2022, La Presse<\/li><li><a href=\"https:\/\/www.journaldemontreal.com\/2022\/10\/01\/votons-car-lavenir-en-depend\" target=\"_blank\" rel=\"noopener\">Votons, car l&rsquo;avenir en d\u00e9pend<\/a>, 1 octobre 2022, Le Journal de Montr\u00e9al\u00a0<\/li><li><a href=\"https:\/\/www.ledevoir.com\/environnement\/759751\/hydroelectricite-bras-de-fer-federal-provincial-en-vue-quant-aux-barrages\" target=\"_blank\" rel=\"noopener\">Bras de fer f\u00e9d\u00e9ral-provincial en vue quant aux barrages<\/a>, 29 septembre 2022, La Presse<\/li><li><a href=\"https:\/\/www.lapresse.ca\/debats\/opinions\/2022-09-24\/notre-alimentation-a-hauts-risques-climatiques.php\" target=\"_blank\" rel=\"noopener\">Notre alimentation \u00e0 hauts risques climatiques<\/a>, 24 septembre 2022, La Presse<\/li><li><a href=\"https:\/\/www.cybersoleil.com\/video-la-riviere-chateauguay-coloree-dune-algue-verte\/\" target=\"_blank\" rel=\"noopener\">VID\u00c9O &#8211; La rivi\u00e8re Ch\u00e2teauguay color\u00e9e d\u2019une algue verte<\/a>, 22 septembre 2022, Le Soleil de Ch\u00e2teauguay<\/li><li><a href=\"https:\/\/www.noovo.ca\/emissions\/la-semaine-des-4-julie\/on-parle-a-roy-dupuis-lactiviste-s4\" target=\"_blank\" rel=\"noopener\">On a parl\u00e9 \u00e0 Roy Dupuis l&rsquo;activiste<\/a>, 13 septembre 2022, La semaine des 4 Julie, Noovo<\/li><li><a href=\"https:\/\/ici.radio-canada.ca\/nouvelle\/1912713\/longueuil-eau-potable-usees-usine-fournier-quebec\" target=\"_blank\" rel=\"noopener\">Longueuil doit trouver 1 milliard $ pour r\u00e9pondre \u00e0 ses besoins en eau<\/a>, 13 septembre 2022, Radio-Canada Grand Montr\u00e9al<\/li><li><a href=\"https:\/\/www.moutonnoir.com\/2022\/09\/pour-mettre-lenvironnement-au-coeur-des-debats-electoraux\" target=\"_blank\" rel=\"noopener\">Pour mettre l\u2019environnement au c\u0153ur des d\u00e9bats \u00e9lectoraux<\/a>, 9 septembre 2022, Le mouton noir<\/li><li><a href=\"https:\/\/www.youtube.com\/watch?v=LXoDiX4qrkk&amp;t=1s\" target=\"_blank\" rel=\"noopener\">Construction de nouveaux barrages hydro\u00e9lectriques: l&rsquo;avis de Fondation Rivi\u00e8res<\/a>, 9 septembre 2022, Radio CPAM1410<\/li><li><a href=\"https:\/\/www.journaldequebec.com\/2022\/09\/07\/les-grands-barrages-produisent-plein-de-gaz-a-effet-de-serre\" target=\"_blank\" rel=\"noopener\">Hydro\u00e9lectricit\u00e9: les grands barrages produisent plein de gaz \u00e0 effet de serre<\/a>, 7 septembre 2022, Le Journal de Qu\u00e9bec<\/li><li><a href=\"https:\/\/www.qub.ca\/article\/pas-trop-vite-avec-les-barrages-hydroelectriques-1080187371\" target=\"_blank\" rel=\"noopener\">\u00c9oliennes et efficacit\u00e9 \u00e9nerg\u00e9tique: pas trop vite avec les barrages hydro\u00e9lectriques<\/a>, 6 septembre 2022, Le Journal de Qu\u00e9bec<\/li><li><a href=\"https:\/\/www.noovo.ca\/emissions\/noovo-le-fil-22-50205\/le-fil-22-06-09-2022-lactualite-par-noovo-info-s2e257\" target=\"_blank\" rel=\"noopener\">Le chef de la Coalition Avenir Qu\u00e9bec, Fran\u00e7ois Legault, souhaite construire des nouveaux barrages pour augmenter la production d&rsquo;hydro\u00e9lectricit\u00e9<\/a>, 6 septembre 2022, Noovo (02:55)<\/li><li><a href=\"https:\/\/ici.radio-canada.ca\/ohdio\/premiere\/emissions\/en-direct\/episodes\/652422\/rattrapage-du-mardi-6-septembre-2022\/15\" target=\"_blank\" rel=\"noopener\">La CAQ ouvre la porte \u00e0 de nouveaux barrages : r\u00e9action de la Fond. Rivi\u00e8res<\/a>, 6 septembre 2022, Radio-Canada Mauricie-Centre-du-Qu\u00e9bec<\/li><li><a href=\"https:\/\/ici.radio-canada.ca\/nouvelle\/1911499\/francois-legault-barrages-hydro-quebec-environnement-elections\" target=\"_blank\" rel=\"noopener\">Nouveaux barrages hydro\u00e9lectriques: des co\u00fbts environnementaux \u00abtrop \u00e9lev\u00e9s\u00bb<\/a>, 6 septembre 2022, Radio-Canada<\/li><li><a href=\"https:\/\/www.enbeauce.com\/actualites-nationale\/nouveaux-barrages-hydro-electriques-des-couts-environnementaux-trop-eleves\/7678\" target=\"_blank\" rel=\"noopener\">Nouveaux barrages hydro\u00e9lectriques: des co\u00fbts environnementaux \u00abtrop \u00e9lev\u00e9s\u00bb<\/a>, 6 septembre 2022, En Beauce<\/li><li><a href=\"https:\/\/www.lesaffaires.com\/secteurs\/general\/nouveaux-barrages-hydroelectriques-des-couts-environnementaux-trop-eleves\/635674\" target=\"_blank\" rel=\"noopener\">Nouveaux barrages hydro\u00e9lectriques: des co\u00fbts environnementaux \u00abtrop \u00e9lev\u00e9s\u00bb<\/a>, 6 septembre 2022, Les Affaires<\/li><li><a href=\"http:\/\/magazine.espaces.ca\/reader\/fd967d9b-e6cb-4317-8434-3f91391f590a?origin=%2Fespaces%2Fespaces%2F2022-09-08\" target=\"_blank\" rel=\"noopener\">L&rsquo;environnement est-il au programme?<\/a>, septembre 2022, Espaces (p. 26)<\/li><li><a href=\"https:\/\/www.lapresse.ca\/voyage\/plein-air\/2022-08-25\/le-difficile-acces-a-l-eau.php\" target=\"_blank\" rel=\"noopener\">Le difficile acc\u00e8s \u00e0 l&rsquo;eau<\/a>, 25 ao\u00fbt 2022, La Presse<\/li><li><a href=\"https:\/\/www.noovo.ca\/emissions\/noovo-le-fil-22-50205\/le-fil-22-23-08-2022-lactualite-par-noovo-info-s2e247\" target=\"_blank\" rel=\"noopener\">Le Fonds bleu \u00e0 la rescousse des cours d&rsquo;eau du Qu\u00e9bec<\/a>, 23 ao\u00fbt 2022, Noovo<\/li><li><a href=\"https:\/\/ici.radio-canada.ca\/ohdio\/premiere\/emissions\/en-direct\/episodes\/649588\/rattrapage-du-mardi-23-aout-2022\" target=\"_blank\" rel=\"noopener\">La CAQ s&rsquo;engage \u00e0 cr\u00e9er un Fonds bleu : r\u00e9action de la Fondation Rivi\u00e8res<\/a>, 23 ao\u00fbt 2022, Radio-Canada Mauricie-Centre-du-Qu\u00e9bec<\/li><li><a href=\"https:\/\/infodelavallee.ca\/en-vedette\/2022\/08\/18\/la-preservation-des-rivieres-toujours-au-coeur-du-festival\/\" target=\"_blank\" rel=\"noopener\">25e \u00e9dition du Festival de l\u2019Eau Vive Haute-Gatineau : La pr\u00e9servation des rivi\u00e8res toujours au coeur du Festival<\/a>, 18 ao\u00fbt 2022, L&rsquo;Info de la Vall\u00e9e<\/li><li><a href=\"https:\/\/ici.radio-canada.ca\/nouvelle\/1905872\/attestations-assainissement-89-quebec\" target=\"_blank\" rel=\"noopener\">Voici les 89 entreprises polluantes que Qu\u00e9bec autorise \u00e0 d\u00e9roger \u00e0 la loi<\/a>, 17 ao\u00fbt 2022, Radio-Canada<\/li><li><a href=\"https:\/\/montreal.ctvnews.ca\/cap-saint-jacques-beach-still-closed-due-to-e-coli-contamination-1.6025328\" target=\"_blank\" rel=\"noopener\">Cap-Saint-Jacques beach still closed due to E. coli contamination<\/a>, 12 ao\u00fbt 2022, CTV News<\/li><li><a href=\"https:\/\/ici.radio-canada.ca\/ohdio\/premiere\/emissions\/en-direct\/episodes\/647437\/rattrapage-du-vendredi-12-aout-2022\" target=\"_blank\" rel=\"noopener\">Rendre l&rsquo;acc\u00e8s aux cours d&rsquo;eau plus \u00e9quitable : Andr\u00e9 B\u00e9langer, Fond. Rivi\u00e8res<\/a>, 12 ao\u00fbt 2022, Radio-Canada &#8211; Mauricie Centre du Qu\u00e9bec\u00a0<\/li><li><a href=\"https:\/\/ici.radio-canada.ca\/ohdio\/premiere\/emissions\/midi-info\/segments\/entrevue\/411114\/appel-acces-equitable-plan-eau\" target=\"_blank\" rel=\"noopener\">L&rsquo;acc\u00e8s aux cours d\u2019eau au Qu\u00e9bec : Entrevue avec Andr\u00e9 B\u00e9langer<\/a>, 12 ao\u00fbt 2022, Radio-Canada Midi Info<\/li><li><a href=\"https:\/\/www.lesaffaires.com\/blogues\/le-courrier-des-lecteurs\/pour-un-acces-equitable-aux-plans-d-eau-publics-du-quebec\/635123\" target=\"_blank\" rel=\"noopener\">Pour un acc\u00e8s \u00e9quitable aux plans d&rsquo;eau publics du Qu\u00e9bec<\/a>, 11 ao\u00fbt 2022, Les Affaires<\/li><li><a href=\"https:\/\/www.latribune.ca\/2022\/07\/30\/votre-replique-integrale-de-la-tribune-du-30-juillet-au-5-aout-ac998c1d64468cff1bc0a3581322f5b7\" target=\"_blank\" rel=\"noopener\">Votre r\u00e9plique int\u00e9grale de La Tribune du 30 juillet au 5 ao\u00fbt<\/a>, 30 juillet 2022, La Tribune<\/li><li><a href=\"https:\/\/www.latribune.ca\/2022\/07\/30\/un-fleau-ignore-par-quebec-deplore-la-fondation-rivieres-ad872f21d8bbde9e6b2d56369c3ad6b4\" target=\"_blank\" rel=\"noopener\">Un fl\u00e9au ignor\u00e9 par Qu\u00e9bec, d\u00e9plore la Fondation Rivi\u00e8res<\/a>, 29 juillet 2022, La Tribune<\/li><li><a href=\"https:\/\/www.latribune.ca\/2022\/07\/30\/un-travail-de-moine-pour-ameliorer-la-sante-des-cours-deau-34a9acd0d0f23cda7bc577bc443de30d\" target=\"_blank\" rel=\"noopener\">Un travail de moine pour am\u00e9liorer la sant\u00e9 des cours d\u2019eau<\/a>, 29 juillet 2022, La Tribune<\/li><li><a href=\"https:\/\/nouvellesdici.com\/actu\/baignade-en-eau-libre-lachine-verdun-lasalle-generalement-interdit-risque-montreal\/\" target=\"_blank\" rel=\"noopener\">Se baigner en eau libre \u00e0 Lachine, Verdun ou LaSalle?<\/a>, 15 juillet 2022, Nouvelles d&rsquo;ici<\/li><li><a href=\"https:\/\/www.lapresse.ca\/actualites\/2022-07-13\/se-baigner-dans-le-fleuve-en-ville.php\" target=\"_blank\" rel=\"noopener\">Se baigner dans le fleuve en ville?<\/a>, 13 juillet 2022, La Presse<\/li><li><a href=\"https:\/\/www.journalacces.ca\/actualite\/saint-jerome-refuse-de-rendre-le-rapport-public\/\" target=\"_blank\" rel=\"noopener\">Saint-J\u00e9r\u00f4me refuse de rendre le rapport public<\/a>, 12 juillet 2022, Journal Acc\u00e8s<\/li><li><a href=\"https:\/\/journaldesvoisins.com\/deux-endroits-avec-un-fort-potentiel-de-baignade-sur-les-berges-de-cartierville\/\" target=\"_blank\" rel=\"noopener\">Deux endroits avec un fort potentiel de baignade sur les berges de Cartierville<\/a>, 11 juillet 2022, Journal des voisins<\/li><li><a href=\"https:\/\/plus.lapresse.ca\/screens\/f2b17f20-8152-4106-81aa-7a74b5fd9673__7C___0.html?utm_content=email&amp;utm_source=\" target=\"_blank\" rel=\"noopener\">Oser les eaux du fleuve<\/a>, 10 juillet 2022, La Presse<\/li><li><a href=\"https:\/\/www.lapresse.ca\/actualites\/grand-montreal\/2022-07-09\/ville-marie\/une-piscine-dans-un-conteneur-contre-les-ilots-de-chaleur.php\" target=\"_blank\" rel=\"noopener\">Une piscine dans un conteneur contre les \u00eelots de chaleur<\/a>, 9 juillet 2022, La Presse<\/li><li><a href=\"https:\/\/les2rives.com\/une-trentaine-de-personnes-profitent-dune-baignade-ponctuelle-dans-leau-du-fleuve\/\" target=\"_blank\" rel=\"noopener\">Une trentaine de personnes profitent d\u2019une baignade ponctuelle dans l\u2019eau du fleuve<\/a>, 7 juillet 2022, Les 2 Rives<\/li><li><a href=\"https:\/\/www.journaldequebec.com\/2022\/07\/03\/le-temiscamingue-divise-par-le-projet-de-deux-centrales\" target=\"_blank\" rel=\"noopener\">Le T\u00e9miscamingue divis\u00e9 par le projet de deux centrales<\/a>, 3 juillet 2022, Le Journal de Qu\u00e9bec<\/li><li><a href=\"https:\/\/www.lenouvelliste.ca\/2022\/07\/02\/trois-rivieres-participe-au-grand-splash-2299f74325038e0fbc7c5485cddc3ed5\" target=\"_blank\" rel=\"noopener\">Trois-Rivi\u00e8res participe au Grand Splash!<\/a>, 3 juillet 2022, Le Nouvelliste<\/li><li><a href=\"https:\/\/montreal.ctvnews.ca\/group-says-over-50-places-could-be-sites-for-beaches-in-montreal-just-3-exist-1.5971839\" target=\"_blank\" rel=\"noopener\">Group says over 50 places could be sites for beaches in Montreal, just 3 exist<\/a>, 2 juillet 2022, CTV News<\/li><li><a href=\"https:\/\/ici.radio-canada.ca\/ohdio\/premiere\/emissions\/le-15-18\/episodes\/638161\/rattrapage-du-vendredi-1-juillet-2022\" target=\"_blank\" rel=\"noopener\">Le Grand Splash et l&rsquo;acc\u00e8s aux plages de Montr\u00e9al : Entrevue avec Andr\u00e9 B\u00e9langer<\/a>, 1 juillet 2022, Radio-Canada Ohdio &#8211; Le 15-18<\/li><li><a href=\"https:\/\/www.noovo.ca\/emissions\/noovo-le-fil-17-50204\/le-fil-17-01-07-2022-lactualite-par-noovo-info-s2e210\" target=\"_blank\" rel=\"noopener\">Pr\u00e8s d&rsquo;une centaine de courageux se sont lanc\u00e9s \u00e0 l&rsquo;eau dans le Vieux-Port de Montr\u00e9al pour le Grand Splash<\/a>, 1 juillet 2022, Noovo (21:03)<\/li><li><a href=\"https:\/\/www.qub.ca\/tvaplus\/video\/le-tva-nouvelles-de-12h-du-1er-juillet-2022-1075423434\" target=\"_blank\" rel=\"noopener\">Les Montr\u00e9alais profitent du fleuve<\/a>, 1 juillet 2022, TVA Nouvelles (26:40)<\/li><li><a href=\"https:\/\/www.tvanouvelles.ca\/2022\/07\/01\/les-montrealais-reclament-un-bain-portuaire\" target=\"_blank\" rel=\"noopener\">Les Montr\u00e9alais r\u00e9clament un bain portuaire<\/a>, 1 juillet 2022, TVA Nouvelles<\/li><li><a href=\"https:\/\/www.journaldemontreal.com\/2022\/07\/01\/les-montrealais-reclament-un-bain-portuaire-1\" target=\"_blank\" rel=\"noopener\">Les Montr\u00e9alais r\u00e9clament un bain portuaire<\/a>, 1 juillet 2022, Le Journal de Montr\u00e9al<\/li><li><a href=\"https:\/\/www.lapresse.ca\/actualites\/grand-montreal\/2022-07-01\/grand-splash\/l-avenir-du-bain-portuaire-dans-le-vieux-port-encore-nebuleux.php\" target=\"_blank\" rel=\"noopener\">L\u2019avenir du bain portuaire dans le Vieux-Port encore n\u00e9buleux<\/a>, 1 juillet 2022, La Presse<\/li><li><a href=\"https:\/\/www.ledevoir.com\/societe\/728904\/quoi-surveiller-aujourd-hui\" target=\"_blank\" rel=\"noopener\">Quoi surveiller aujourd&rsquo;hui : Le \u00ab grand splash \u00bb<\/a>, 1 juillet 2022, Le Devoir<\/li><li><a href=\"https:\/\/www.noovo.ca\/emissions\/noovo-le-fil-mauricie-50209\/le-fil-mauricie-30-06-2022-lactualite-par-noovo-info-s2e209\" target=\"_blank\" rel=\"noopener\">Deuxi\u00e8me \u00e9dition du Grand Splash \u00e0 Trois-Rivi\u00e8res<\/a>, 30 juin 2022, Noovo (6:40)<\/li><li><a href=\"https:\/\/www.noovo.info\/nouvelle\/50-endroits-sur-les-berges-de-montreal-ou-leau-est-baignable.html\" target=\"_blank\" rel=\"noopener\">Oui, il est possible de se baigner \u00e0 Montr\u00e9al<\/a>, 30 juin 2022, Noovo\u00a0<\/li><li><a href=\"https:\/\/www.journaldequebec.com\/2022\/06\/30\/montreal-pourrait-avoir-bien-plus-que-deux-plages\" target=\"_blank\" rel=\"noopener\">Montr\u00e9al pourrait avoir bien plus que deux plages<\/a>, 30 juin 2022, Journal de Qu\u00e9bec<\/li><li><a href=\"https:\/\/www.journaldemontreal.com\/2022\/06\/30\/montreal-pourrait-avoir-bien-plus-que-deux-plages\" target=\"_blank\" rel=\"noopener\">Montr\u00e9al pourrait avoir bien plus que deux plages<\/a>, 30 juin 2022, Journal de Montr\u00e9al<\/li><li><a href=\"https:\/\/ici.radio-canada.ca\/ohdio\/premiere\/emissions\/des-matins-en-or\/episodes\/637682\/rattrapage-du-mercredi-29-juin-2022\" target=\"_blank\" rel=\"noopener\">Ce que pense la Fondation Rivi\u00e8res des projets de mini-centrales<\/a>, 29 juin 2022, Radio-Canada Abitibi-T\u00e9miscamingue<\/li><li><a href=\"https:\/\/www.lechodetroisrivieres.ca\/actualites\/societe\/466619\/un-grand-splash-a-la-plage-de-lile-saint-quentin\" target=\"_blank\" rel=\"noopener\">Un Grand Splash \u00e0 la plage de l\u2019\u00eele Saint-Quentin<\/a>, 28 juin 2022, N\u00e9om\u00e9dia<\/li><li><a href=\"https:\/\/www.lenouvelliste.ca\/2022\/06\/28\/le-grand-splash-de-retour-a-trois-rivieres-pour-un-meilleur-acces-a-la-baignade-c46c7fdd02468e5039346c774802e66f\" target=\"_blank\" rel=\"noopener\">Le Grand Splash de retour \u00e0 Trois-Rivi\u00e8res pour un meilleur acc\u00e8s \u00e0 la baignade<\/a>, 28 juin 2022, Le Nouvelliste<\/li><li><a href=\"https:\/\/www.cjso.ca\/sainte-anne-saint-joseph-de-sorel-invitent-a\/\" target=\"_blank\" rel=\"noopener\">Sainte-Anne et Saint-Joseph-de-Sorel nous invitent \u00e0 leur \u00ab Grand Splash \u00bb<\/a>, 27 juin 2022, CSJO 101.7 FM<\/li><li><a href=\"https:\/\/www.soreltracy.com\/le-grand-splash-a-sainte-anne-de-sorel-aura-lieu-le-2-juillet\/\" target=\"_blank\" rel=\"noopener\">Le Grand Splash \u00e0 Sainte-Anne-de-Sorel aura lieu le 2 juillet<\/a>, 24 juin 2022, Sorel Tracy Magazine<\/li><li><a href=\"https:\/\/www.hebdorivenord.com\/article\/2022\/06\/21\/baignade-et-pratique-d-activites-nautiques-aux-abords-du-fleuve-saint-laurent\" target=\"_blank\" rel=\"noopener\">Baignade et pratique d\u2019activit\u00e9s nautiques aux abords du fleuve Saint-Laurent :<br \/>une \u00e9tude pour en \u00e9valuer le potentiel<\/a>, 21 juin 2022, Hebdo Rive-Nord<\/li><li><a href=\"https:\/\/journalmetro.com\/local\/ids-verdun\/2848463\/sauter-dans-fleuve-revendiquer-acces-baignade\/\" target=\"_blank\" rel=\"noopener\">Sauter dans le fleuve pour revendiquer l\u2019acc\u00e8s \u00e0 la baignade<\/a>, 20 juin 2022, Journal M\u00e9tro<\/li><li><a href=\"https:\/\/www.lhebdojournal.com\/actualite\/un-grand-splash-pour-militer-pour-un-meilleur-acces-a-leau\/\" target=\"_blank\" rel=\"noopener\">Un Grand Splash pour militer pour un meilleur acc\u00e8s \u00e0 l\u2019eau<\/a>, 20 juin 2022, L&rsquo;Hebdo Journal<\/li><li><a href=\"https:\/\/www.journaldemontreal.com\/2022\/06\/17\/pas-de-baigneurs-a-la-plage-de-lest-avant-longtemps\" target=\"_blank\" rel=\"noopener\">Pas de baigneurs \u00e0 la plage de l\u2019Est avant longtemps<\/a>, 20 juin 2022, Journal de Montr\u00e9al<\/li><li><a href=\"https:\/\/ici.radio-canada.ca\/nouvelle\/1891865\/traitements-eau-potable-sherbrooke-investissement-majeur\" target=\"_blank\" rel=\"noopener\">\u00ab 40 \u00e0 50 M$ minimum \u00bb pour l\u2019usine d\u2019eaux us\u00e9es de Sherbrooke<\/a>, 17 juin 2022, Radio-Canada &#8211; Estrie<\/li><li><a href=\"https:\/\/www.lapresse.ca\/actualites\/environnement\/2022-06-17\/urgence-climatique\/le-grand-prix-au-pilori.php\" target=\"_blank\" rel=\"noopener\">Urgence climatique : le Grand Prix au pilori<\/a>, 17 juin 2022, La Presse<\/li><li><a href=\"https:\/\/monjoliette.com\/la-ville-de-repentigny-etudie-la-possibilite-de-baignade-sur-son-territoire\/\" target=\"_blank\" rel=\"noopener\">La Ville de Repentigny \u00e9tudie la possibilit\u00e9 de baignade sur son territoire<\/a>, 16 juin 2022, Mon Joliette<\/li><li><a href=\"https:\/\/tvrm.ca\/baignade-et-pratique-dactivites-nautiques-aux-abords-du-fleuve-saint-laurent-une-etude-pour-en-evaluer-le-potentiel\/\" target=\"_blank\" rel=\"noopener\">Baignade et pratique d\u2019activit\u00e9s nautiques aux abords du fleuve Saint-Laurent : une \u00e9tude pour en \u00e9valuer le potentiel<\/a>, 13 juin 2022, T\u00e9l\u00e9vision R\u00e9gionale des Moulins<\/li><li class=\"p2\"><span class=\"s1\"><a href=\"https:\/\/ici.radio-canada.ca\/nouvelle\/1890240\/banc-coquilier-peche-coque-gaspesie-analyse-eau\" target=\"_blank\" rel=\"noopener\">Qu\u00e9bec interpelle Ottawa sur l\u2019acc\u00e8s aux bancs coquilliers de la Gasp\u00e9sie, <\/a><\/span><span class=\"s2\">10 juin 2022, Radio-Canada &#8211; Gasp\u00e9sie\u2013\u00celes-de-la-Madeleine<\/span><\/li><li class=\"p2\"><span class=\"s1\"><a href=\"https:\/\/www.ledroit.com\/2022\/06\/09\/barrage-de-lac-simon-une-coalition-dintervenants-demande-lintervention-de-quebec-71e07cf708c21a4e2cb1d7b957596366\" target=\"_blank\" rel=\"noopener\">Barrage de Lac-Simon: une coalition d\u2019intervenants demande l\u2019intervention de Qu\u00e9bec<\/a><\/span><span class=\"s2\">, 9 juin, 2022, Le Droit<\/span><\/li><li class=\"p2\"><span class=\"s1\"><a href=\"https:\/\/tvagatineau.ca\/?p=15793\" target=\"_blank\" rel=\"noopener\">Ass\u00e8chement de la rivi\u00e8re : Qu\u00e9bec press\u00e9 d\u2019intervenir<\/a><\/span><span class=\"s2\">, 9 juin 2022, TVA Gatineau<\/span><\/li><li class=\"p2\"><span class=\"s1\"><a href=\"https:\/\/ici.radio-canada.ca\/nouvelle\/1888735\/municipalite-ministere-environnement-eaux-usees-soutien\" target=\"_blank\" rel=\"noopener\">Minist\u00e8re de l\u2019Environnement: des maires veulent de l&rsquo;aide, pas une police<\/a><\/span><span class=\"s2\">, 6 juin 2022, Radio-Canada &#8211; Gasp\u00e9sie\u2013\u00celes-de-la-Madeleine<\/span><\/li><li class=\"p2\"><span class=\"s1\"><a href=\"https:\/\/cimtchau.ca\/nouvelles\/eaux-usees-prevenir-plutot-que-guerir\/\" target=\"_blank\" rel=\"noopener\">Eaux us\u00e9es: Pr\u00e9venir plut\u00f4t que gu\u00e9rir<\/a><\/span><span class=\"s2\">, 2 juin 2022, CIMT-CHAU TVA<\/span><\/li><li class=\"p2\"><span class=\"s1\"><a href=\"https:\/\/ici.radio-canada.ca\/nouvelle\/1887890\/riviere-saumon-algues-protection-riviere-environnement-ministere-eaux-usees\" target=\"_blank\" rel=\"noopener\">Des municipalit\u00e9s sans soutien pour prot\u00e9ger leurs rivi\u00e8res \u00e0 saumon<\/a><\/span><span class=\"s2\">, 2 juin 2022, Radio-Canada &#8211; Gasp\u00e9sie\u2013\u00celes-de-la-Madeleine<\/span><\/li><li class=\"p2\"><span class=\"s1\"><a href=\"https:\/\/ici.radio-canada.ca\/ohdio\/premiere\/emissions\/257\/bon-pied-bonne-heure\" target=\"_blank\" rel=\"noopener\">Gestion des eaux us\u00e9es : la Baie-des-Chaleurs dans l&rsquo;angle mort du MELCC<\/a><\/span><span class=\"s2\">, 2 juin 2022, Radio-Canada Ohdio &#8211; Bon pied, bonne heure!<\/span><\/li><li class=\"p3\"><span class=\"s3\"><a href=\"https:\/\/lactualite.com\/societe\/la-bataille-du-richelieu\/\" target=\"_blank\" rel=\"noopener\">La bataille du Richelieu<\/a><\/span>, 2 juin 2022, L&rsquo;Actualit\u00e9<\/li><li class=\"p2\"><span class=\"s1\"><a href=\"http:\/\/www.radiochnc.com\/nouvelles\/item\/le-rejet-de-phosphore-est-pr%C3%A9occupant-sur-certaines-rivi%C3%A8res-de-la-baie-des-chaleurs.html\" target=\"_blank\" rel=\"noopener\">Le rejet de phosphore est pr\u00e9occupant sur certaines rivi\u00e8res de la Baie-des-Chaleurs<\/a><\/span><span class=\"s2\">, 1 juin 2022, Radio CHNC<\/span><\/li><li class=\"p2\"><span class=\"s1\"><a href=\"https:\/\/journalmetro.com\/actualites\/montreal\/2834583\/baignade-venir-port-quebec-quand-tour-montreal\/\" target=\"_blank\" rel=\"noopener\">Baignade \u00e0 venir dans le Port de Qu\u00e9bec\u2026 \u00ab\u00e0 quand le tour de Montr\u00e9al?\u00bb<\/a><\/span><span class=\"s2\">, 1 juin 2022, Journal M\u00e9tro<\/span><\/li><li class=\"p2\"><span class=\"s1\"><a href=\"https:\/\/www.noovo.info\/nouvelle\/bientot-une-aire-de-baignade-au-vieux-port-de-montreal.html\" target=\"_blank\" rel=\"noopener\">Bient\u00f4t une aire de baignade au Vieux-Port de Montr\u00e9al?<\/a><\/span><span class=\"s2\">, 31 mai 2022, Noovo<\/span><\/li><li class=\"p3\"><a href=\"https:\/\/www.lapresse.ca\/actualites\/2022-05-31\/quebec-aura-son-bain-portuaire-avant-montreal.php\" target=\"_blank\" rel=\"noopener\">Qu\u00e9bec aura son bain portuaire avant Montr\u00e9al<\/a>, 31 mai 2022, La Presse<\/li><li class=\"p3\"><a href=\"https:\/\/www.ledroit.com\/2022\/04\/06\/le-barrage-de-lac-simon-continue-de-susciter-la-discorde-5cec248976a292113b731d1a392f0467\" target=\"_blank\" rel=\"noopener\">Le barrage de Lac-Simon continue de susciter la discorde<\/a>, 6 avril 2022, Le Droit<\/li><li><a href=\"https:\/\/www.noovo.info\/video\/louiseville-sert-la-vis-a-ceux-qui-deversent-dans-la-riviere.html\" target=\"_blank\" rel=\"noopener\">Louiseville sert la vis \u00e0 ceux qui d\u00e9versent dans la rivi\u00e8re<\/a><span class=\"s1\">, 28 mars 2022, Noovo<\/span><\/li><li class=\"p1\"><a href=\"https:\/\/www.lapresse.ca\/actualites\/environnement\/2022-03-22\/journee-mondiale-de-l-eau\/gerer-les-porcheries-par-bassins-versants.php\" target=\"_blank\" rel=\"noopener\">G\u00e9rer les porcheries par bassins versants<\/a><span class=\"s1\">, 22 mars 2022, La Presse<\/span><\/li><li class=\"p1\"><a href=\"https:\/\/nous.tv\/node\/323191?c=baie-comeau\" target=\"_blank\" rel=\"noopener\">La sant\u00e9 de Trois Lacs \u00e0 Baie-Comeau pr\u00e9occupe la Fondation Rivi\u00e8res<\/a><span class=\"s1\">, 16 mars 2022, NousTV C\u00f4te-Nord<\/span><\/li><li class=\"p1\"><a href=\"https:\/\/www.ledevoir.com\/societe\/687090\/travaux-a-l-usine-d-epuration-des-rejets-d-eaux-usees-dans-le-fleuve-a-prevoir\" target=\"_blank\" rel=\"noopener\">L\u2019implantation d\u2019un syst\u00e8me de traitement \u00e0 l\u2019ozone laisse pr\u00e9voir des rejets d\u2019eaux us\u00e9es dans le fleuve<\/a>,16 mars 2022, Le Devoir<\/li><li class=\"p1\"><a href=\"https:\/\/www.journaldequebec.com\/2022\/03\/07\/pas-question-de-remplir-des-lacs-de-residus-miniers-tonnent-des-environnementalistes-1\" target=\"_blank\" rel=\"noopener\">Pas question de remplir des lacs de r\u00e9sidus miniers, tonnent des environnementalistes<\/a><span class=\"s1\">, 7 mars 2022, Journal de Qu\u00e9bec<\/span><\/li><li class=\"p1\"><a href=\"https:\/\/macotenord.com\/des-ecologistes-veulent-que-quebec-dise-non-a-lutilisation-de-lacs-comme-poubelles-pour-les-dechets-du-lac-bloom\/\" target=\"_blank\" rel=\"noopener\">Des \u00e9cologistes veulent que Qu\u00e9bec dise non \u00e0 l\u2019utilisation de lacs comme \u00abpoubelles\u00bb pour les d\u00e9chets du Lac Bloom<\/a><span class=\"s1\">, 7 mars 2022, Ma C\u00f4te-Nord<\/span><\/li><li class=\"p1\"><a href=\"https:\/\/ici.radio-canada.ca\/info\/videos\/media-8576128\/un-ministere-environnement-impuissant\" target=\"_blank\" rel=\"noopener\">Un minist\u00e8re de l\u2019environnement impuissant?<\/a><span class=\"s1\">, 1 mars 2022, RDI Zone \u00e9conomie<\/span><\/li><li class=\"p1\"><a href=\"https:\/\/nous.tv\/node\/321651?c=baie-comeau\" target=\"_blank\" rel=\"noopener\">Une entente entre R\u00e9solu et la Ville pour traiter des millions de litres d\u2019eau pollu\u00e9e<\/a><span class=\"s1\">, 25 f\u00e9vrier 2022, Nous TV &#8211; Connect\u00e9 Baie Comeau &#8211; Cogeco <\/span><\/li><li class=\"p1\"><a href=\"https:\/\/inrs.ca\/actualites\/analyser-ladn-environnemental-pour-gerer-les-contaminations-fecales\/\" target=\"_blank\" rel=\"noopener\">Analyser l\u2019ADN environnemental pour g\u00e9rer les contaminations f\u00e9cales<\/a><span class=\"s1\">, 24 f\u00e9vrier 2022, INRS\u00a0<\/span><\/li><li class=\"p3\"><span class=\"s2\"><a href=\"https:\/\/www.viva-media.ca\/la-voix-regionale-vaudreuil-soulanges\/actualite-vs\/environnement-vs\/la-baignade-est-possible-dans-la-riviere-chateauguay\/\" target=\"_blank\" rel=\"noopener\">La baignade est possible dans la rivi\u00e8re Ch\u00e2teauguay<\/a><\/span>, 23 f\u00e9vrier 2022\u00a0, Voix R\u00e9gionale Vaudreuil-Soulanges<\/li><li class=\"p1\"><a href=\"https:\/\/www.cybersoleil.com\/la-baignade-est-possible-dans-la-riviere-chateauguay-selon-une-etude\/\" target=\"_blank\" rel=\"noopener\">La baignade est possible dans la rivi\u00e8re Ch\u00e2teauguay selon une \u00e9tude<\/a><span class=\"s1\">, 22 f\u00e9vrier 2022, Le Soleil de Ch\u00e2teauguay<\/span><\/li><li class=\"p1\"><a href=\"https:\/\/ici.radio-canada.ca\/ohdio\/premiere\/emissions\/le-15-18\/episodes\/608277\/rattrapage-du-mardi-22-fevrier-2022\" target=\"_blank\" rel=\"noopener\">Urbanisme avec Richard Bergeron : \u00c9nergie \u00e9olienne et hydraulique<\/a><span class=\"s1\">, 22 f\u00e9vrier 2022, Radio-Canada Ohdio &#8211; Le 15-18<\/span><\/li><li class=\"p1\"><a href=\"https:\/\/www.quebecmunicipal.qc.ca\/index.asp?module=articles&amp;action=details&amp;id=126810\" target=\"_blank\" rel=\"noopener\">Qualit\u00e9 de l\u2019eau de la rivi\u00e8re Ch\u00e2teauguay : Une \u00e9tude r\u00e9v\u00e8le que la baignade est possible!<\/a><span class=\"s1\">, 21 f\u00e9vrier 2022, Qu\u00e9bec municipal<\/span><\/li><li class=\"p1\"><a href=\"https:\/\/www.infosuroit.com\/baignade-possible-dans-la-riviere-chateauguay\/\" target=\"_blank\" rel=\"noopener\">Baignade possible dans la rivi\u00e8re Ch\u00e2teauguay<\/a><span class=\"s1\">, 18 f\u00e9vrier 2022, Info Suroit<\/span><\/li><li class=\"p1\"><a href=\"https:\/\/oeilregional.com\/le-milieu-nautique-demande-une-table-de-concertation\/\" target=\"_blank\" rel=\"noopener\">Le milieu nautique demande une table de concertation<\/a><span class=\"s1\">, 9 f\u00e9vrier 2022, L&rsquo;Oeil r\u00e9gional<\/span><\/li><li class=\"p1\"><a href=\"https:\/\/les2rives.com\/vitesse-sur-la-riviere-richelieu-pas-de-consensus-des-quatre-villages\/\" target=\"_blank\" rel=\"noopener\">Vitesse sur la rivi\u00e8re Richelieu : pas de consensus des quatre villages<\/a><span class=\"s1\">, 8 f\u00e9vrier 2022, \u00a0Les 2 Rives<\/span><\/li><li class=\"p1\"><a href=\"https:\/\/ici.radio-canada.ca\/nouvelle\/1859751\/longueuil-risque-deverser-eaux-usees-fleuve-travaux?fromApp=appInfoIos&amp;partageApp=appInfoiOS&amp;accesVia=partage\" target=\"_blank\" rel=\"noopener\">Risque de d\u00e9versement d\u2019eaux us\u00e9es : r\u00e9duisez les douches, dit Longueuil<\/a><span class=\"s1\">, 4 f\u00e9vrier 2022, Radio-Canada<\/span><\/li><li class=\"p1\"><a href=\"https:\/\/ici.radio-canada.ca\/tele\/le-telejournal-18h\/site\/episodes\/603213\/episode-du-4-fevrier-2022\" target=\"_blank\" rel=\"noopener\">Longueuil demande l\u2019aide des citoyens<\/a><span class=\"s1\">, 4 f\u00e9vrier 2022<\/span>, Radio-Canada &#8211; T\u00e9l\u00e9journal Montr\u00e9al &#8211; Bulletin d&rsquo;information<\/li><li class=\"p1\"><a href=\"https:\/\/www.lenouvelliste.ca\/2022\/01\/31\/porcheries-de-saint-adelphe-le-projet-mis-sur-pause-68abc8a8549baeb9e6689afad95706f0\" target=\"_blank\" rel=\"noopener\">Porcheries de Saint-Adelphe: le projet mis sur pause<\/a><span class=\"s1\">, 31 janvier 2022, Le Nouvelliste<\/span><\/li><li class=\"p1\"><a href=\"https:\/\/courrierlaval.com\/rejets-deaux-usees-laval-en-milieu-de-peloton\" target=\"_blank\" rel=\"noopener\">Rejets d\u2019eaux us\u00e9es: Laval en milieu de peloton<\/a><span class=\"s1\">, 5 janvier 2022, Le courrier de Laval<\/span><\/li><\/ol><\/div>\n\t\t\t\t\t\t\t<\/div>\n\t\t\t\t\t\t<\/div>\t\t\t<\/div>\n\t\t<\/div>\n\t\t\t\t\t\t<\/div>\n\t\t\t\t<\/div>\n\t\t\t\t<div class=\"elementor-element elementor-element-4eacad8 elementor-widget elementor-widget-spacer\" data-id=\"4eacad8\" data-element_type=\"widget\" data-e-type=\"widget\" data-widget_type=\"spacer.default\">\n\t\t\t\t<div class=\"elementor-widget-container\">\n\t\t\t\t\t\t\t<div class=\"elementor-spacer\">\n\t\t\t<div class=\"elementor-spacer-inner\"><\/div>\n\t\t<\/div>\n\t\t\t\t\t\t<\/div>\n\t\t\t\t<\/div>\n\t\t\t\t<div class=\"elementor-element elementor-element-15064dd elementor-widget elementor-widget-jet-accordion\" data-id=\"15064dd\" data-element_type=\"widget\" data-e-type=\"widget\" data-widget_type=\"jet-accordion.default\">\n\t\t\t\t<div class=\"elementor-widget-container\">\n\t\t\t\t\t\t\t\t\t<div class=\"jet-accordion\" data-settings=\"{&quot;collapsible&quot;:false,&quot;ajaxTemplate&quot;:false,&quot;switchScrolling&quot;:false,&quot;switchScrollingTablet&quot;:false,&quot;switchScrollingMobile&quot;:false,&quot;switchScrollingOffset&quot;:{&quot;size&quot;:0,&quot;unit&quot;:&quot;px&quot;},&quot;switchScrollingOffsetTablet&quot;:{&quot;size&quot;:0,&quot;unit&quot;:&quot;px&quot;},&quot;switchScrollingOffsetMobile&quot;:{&quot;size&quot;:0,&quot;unit&quot;:&quot;px&quot;},&quot;switchScrollingDelay&quot;:500,&quot;switchScrollingDelayTablet&quot;:500,&quot;switchScrollingDelayMobile&quot;:500}\">\n\t\t\t<div class=\"jet-accordion__inner\">\n\t\t\t\t<div class=\" jet-accordion__item jet-toggle jet-toggle-move-up-effect \">\n\t\t\t\t\t\t\t<div id=\"jet-toggle-control-2201\" class=\"jet-toggle__control elementor-menu-anchor\" data-toggle=\"1\" role=\"button\" tabindex=\"0\" aria-controls=\"jet-toggle-content-2201\" aria-expanded=\"false\" data-template-id=\"false\">\n\t\t\t\t\t\t\t\t<div class=\"jet-toggle__label-icon jet-toggle-icon-position-left\"><span class=\"jet-toggle__icon icon-normal jet-tabs-icon\"><i class=\"fas fa-plus\"><\/i><\/span><span class=\"jet-toggle__icon icon-active jet-tabs-icon\"><i class=\"fas fa-minus\"><\/i><\/span><\/div><p class=\"jet-toggle__label-text\">2021<\/p>\t\t\t\t\t\t\t<\/div>\n\t\t\t\t\t\t\t<div id=\"jet-toggle-content-2201\" class=\"jet-toggle__content\" data-toggle=\"1\" role=\"region\" data-template-id=\"false\">\n\t\t\t\t\t\t\t\t<div class=\"jet-toggle__content-inner\"><ol><li class=\"p1\"><a href=\"https:\/\/oeilregional.com\/les-elus-proposent-un-compromis-sur-le-10-km-h\/\" target=\"_blank\" rel=\"noopener\">Limite de vitesse sur la rivi\u00e8re : Les \u00e9lus proposent un compromis sur le 10 km\/h<\/a><span class=\"s1\">, 14 d\u00e9cembre 2021, L&rsquo;Oeil R\u00e9gional (Beloeil)\u00a0<\/span><\/li><li class=\"p3\"><span class=\"s2\"><a href=\"https:\/\/www.youtube.com\/watch?v=Ln-wfeIiJr0\" target=\"_blank\" rel=\"noopener\">Palmar\u00e8s des eaux us\u00e9es 2020<\/a><\/span>, 14 d\u00e9cembre 2021, TVC de La Matap\u00e9dia<\/li><li class=\"p1\"><a href=\"https:\/\/oeilregional.com\/la-fondation-rivieres-demande-lappui-de-la-population\/\" target=\"_blank\" rel=\"noopener\">La Fondation Rivi\u00e8res demande l\u2019appui de la population<\/a><span class=\"s1\">, 01 d\u00e9cembre 2021, L&rsquo;Oeil R\u00e9gional (Beloeil)\u00a0<\/span><\/li><li class=\"p1\"><a href=\"https:\/\/www.lactiondautray.com\/article\/2021\/11\/30\/la-situation-s-ameliore-dans-la-mrc-de-d-autray\" target=\"_blank\" rel=\"noopener\">La situation s\u2019am\u00e9liore dans la MRC de D\u2019Autray<\/a><span class=\"s1\">, 30 novembre 2021, \u00a0L&rsquo;Action d&rsquo;Autrey<\/span><\/li><li class=\"p1\"><a href=\"https:\/\/www.lapresse.ca\/actualites\/environnement\/2021-11-16\/riviere-richelieu\/un-reglement-pour-encadrer-le-far-west-menace.php\" target=\"_blank\" rel=\"noopener\">Un r\u00e8glement pour encadrer le \u00ab far west \u00bb menac\u00e9<\/a><span class=\"s1\">, 16 novembre 2021, La Presse<\/span><\/li><li class=\"p1\"><a href=\"https:\/\/www.lareleve.qc.ca\/2021\/11\/03\/longueuil-boucherville-brossard-et-saint-lambert-toujours-au-sommet-des-pires-pollueurs-du-saint-laurent\/\" target=\"_blank\" rel=\"noopener\">Longueuil, Boucherville, Brossard et Saint-Lambert, toujours au sommet des pires pollueurs du Saint-Laurent<\/a><span class=\"s1\">, 03 novembre 2021, La Rel\u00e8ve<\/span><\/li><li class=\"p1\"><a href=\"https:\/\/www.chga.fm\/baladodiffusions\/entrevues\/entrevue-avec-andre-belanger-directeur-general-de-fondation-riviere\/\" target=\"_blank\" rel=\"noopener\">Maniwaki \u2013 Entrevue avec Andr\u00e9 B\u00e9langer, directeur g\u00e9n\u00e9ral de Fondation Rivi\u00e8res<\/a><span class=\"s1\">, 03 novembre 2021, CHGA 97.3<\/span><\/li><li class=\"p1\"><a href=\"https:\/\/www.latribune.ca\/actualites\/elections-municipales-2021\/sherbrooke-citoyen-entend-sattaquer-aux-debordements-c9b8465445b515e344682e248fc428f8\" target=\"_blank\" rel=\"noopener\">Sherbrooke Citoyen entend s\u2019attaquer aux d\u00e9bordements<\/a><span class=\"s1\">, 02 novembre 2021, La Tribune<\/span><\/li><li class=\"p1\"><a href=\"https:\/\/ici.radio-canada.ca\/nouvelle\/1835428\/eaux-usees-note-deversement-egouts-pollution\" target=\"_blank\" rel=\"noopener\">Des eaux us\u00e9es parfois d\u00e9vers\u00e9es dans l\u2019environnement plut\u00f4t que trait\u00e9es<\/a><span class=\"s1\">, 28 octobre 2021, \u00a0Radio-Canada Abitibi-T\u00e9miscamingue<\/span><\/li><li class=\"p1\"><a href=\"https:\/\/lezigzag.ca\/deversements-deaux-usees-fondation-rivieres-rend-public-le-triste-palmares-des-municipalites-2020\/\" target=\"_blank\" rel=\"noopener\">D\u00e9versements d\u2019eaux us\u00e9es: Fondation Rivi\u00e8res rend public le triste palmar\u00e8s des municipalit\u00e9s 2020<\/a><span class=\"s1\">, 28 octobre 2021, Le Zigzag<\/span><\/li><li class=\"p1\"><a href=\"https:\/\/ici.radio-canada.ca\/nouvelle\/1834830\/egouts-eau-pollution-longueuil-quebec\" target=\"_blank\" rel=\"noopener\">D\u00e9versement d\u2019eaux us\u00e9es : votre ville figure-t-elle parmi les pires au Qu\u00e9bec?, <\/a>7 octobre 2021, Radio-Canada<\/li><li class=\"p1\"><a href=\"https:\/\/www.iheartradio.ca\/boom\/boom-1041\/nouvelles\/deversements-longueuil-est-la-pire-ville-selon-la-fondation-rivieres-1.16364902\" target=\"_blank\" rel=\"noopener\">D\u00e9versements: Longueuil est la pire ville selon la Fondation Rivi\u00e8res<\/a><span class=\"s1\">, 27 octobre 2021\u00a0<\/span><\/li><li class=\"p2\"><a href=\"https:\/\/www.lesoleil.com\/actualite\/le-fil-groupe-capitales-medias\/deversements-trois-rivieres-un-cancre-a-cause-du-flushgate-9808e626cff2bdb984818b9ba782d7dc\" target=\"_blank\" rel=\"noopener\">D\u00e9versements: Trois-Rivi\u00e8res, un cancre \u00e0 cause du \u00abflushgate\u00bb<\/a><span class=\"s1\">, 27 octobre 2021, Le Soleil<\/span><\/li><li class=\"p2\"><a href=\"https:\/\/cimtchau.ca\/nouvelles\/caplan-et-paspebiac-en-mauvaise-posture-dans-un-palmares-des-deversements-deaux-usees\/\" target=\"_blank\" rel=\"noopener\">Caplan et Pasp\u00e9biac en mauvaise posture dans un palmar\u00e8s des d\u00e9versements d\u2019eaux us\u00e9es<\/a><span class=\"s1\">, 27 octobre 2021, TVA Nouvelles<\/span><\/li><li class=\"p2\"><a href=\"https:\/\/www.lanouvelle.net\/2021\/10\/27\/deversements-deaux-usees-victoriaville-affiche-une-amelioration-significative\/\" target=\"_blank\" rel=\"noopener\">D\u00e9versements d\u2019eaux us\u00e9es : Victoriaville affiche une am\u00e9lioration significative<\/a><span class=\"s1\">, 27 octobre 2021, La Nouvelle Union\u00a0<\/span><\/li><li class=\"p2\"><a href=\"https:\/\/www.lecourrierdusud.ca\/deversements-deaux-usees-longueuil-conserve-son-bonnet-dane\/\" target=\"_blank\" rel=\"noopener\">D\u00e9versements d\u2019eaux us\u00e9es : Longueuil conserve son bonnet d\u2019\u00e2ne<\/a><span class=\"s1\">, 27 octobre 2021, Le Courrier du Sud<\/span><\/li><li class=\"p2\"><a href=\"https:\/\/www.ledevoir.com\/societe\/environnement\/643095\/plus-de-52-000-deversements-d-eaux-usees-au-quebec-en-2020\" target=\"_blank\" rel=\"noopener\">Plus de 52 000 d\u00e9versements d\u2019eaux us\u00e9es au Qu\u00e9bec en 2020<\/a><span class=\"s1\">, 27 octobre 2021, Le Devoir\u00a0<\/span><\/li><li class=\"p2\"><a href=\"https:\/\/www.lapresse.ca\/actualites\/politique\/2021-10-27\/elections-municipales\/l-environnement-la-question-de-l-urne.php\" target=\"_blank\" rel=\"noopener\">L\u2019environnement, la \u00ab question de l\u2019urne \u00bb ?<\/a><span class=\"s1\">, 27 octobre 2021, La Presse<\/span><\/li><li class=\"p2\"><a href=\"https:\/\/www.iheartradio.ca\/rouge-fm\/rouge-fm-rimouski\/nouvelles\/rimouski-parmi-les-municipalites-avec-le-plus-de-deversements-d-eaux-usees-1.16363099\" target=\"_blank\" rel=\"noopener\">Rimouski parmi les municipalit\u00e9s avec le plus de d\u00e9versements d\u2019eaux us\u00e9es<\/a><span class=\"s1\">, 27 octobre 2021, IHeart Radio<\/span><\/li><li class=\"p2\"><a href=\"https:\/\/www.chga.fm\/maniwaki-continue-dameliorer-sa-situation-au-niveau-des-deversements-deaux-uses\/\" target=\"_blank\" rel=\"noopener\">Maniwaki continue d\u2019am\u00e9liorer sa situation au niveau des d\u00e9versements d\u2019eaux us\u00e9es<\/a><span class=\"s1\">, 27 octobre 2021, CHGA 97.3<\/span><\/li><li class=\"p2\"><a href=\"https:\/\/www.24heures.ca\/2021\/10\/28\/longueuil-championne-des-eaux-usees-non-traitees\" target=\"_blank\" rel=\"noopener\">Longueuil championne des eaux us\u00e9es non trait\u00e9es<\/a><span class=\"s1\">, 27 octobre 2021, 24 heures\u00a0<\/span><\/li><li class=\"p2\"><a href=\"https:\/\/www.tvrs.ca\/blog\/longueuil-avec-le-pire-bilan-de-deversements-des-eaux-usees-encore-cette-annee\" target=\"_blank\" rel=\"noopener\">Longueuil avec le pire bilan de d\u00e9versements des eaux us\u00e9es encore cette ann\u00e9e<\/a><span class=\"s1\">, 27 octobre 2021, TVRS\u00a0<\/span><\/li><li class=\"p2\"><a href=\"https:\/\/ici.radio-canada.ca\/ohdio\/premiere\/emissions\/le-15-18\/segments\/entrevue\/376642\/eau-rejets-ville-dechets\" target=\"_blank\" rel=\"noopener\">Longueuil et d\u00e9versements d\u2019eaux us\u00e9es<\/a><span class=\"s1\">, 27 octobre 2021, Radio-Canada<\/span><\/li><li class=\"p2\"><a href=\"https:\/\/monvicto.com\/moins-de-deversements-deaux-usees-a-victoriaville\/\" target=\"_blank\" rel=\"noopener\">Moins de d\u00e9versements d\u2019eaux us\u00e9es \u00e0 Victoriaville<\/a><span class=\"s1\">, 27 octobre 2021, Mon Victo\u00a0<\/span><\/li><li class=\"p2\"><a href=\"https:\/\/www.noovo.ca\/emissions\/noovo-le-fil-17-50204\/le-fil-17-27-10-2021-lactualite-par-noovo-info-s2e33\" target=\"_blank\" rel=\"noopener\">D\u00e9versements d\u2019eaux us\u00e9es<\/a><span class=\"s1\">, 27 octobre 2021, Noovo<\/span><\/li><li class=\"p2\"><a href=\"https:\/\/ici.radio-canada.ca\/nouvelle\/1835006\/municipalites-deversements-eaux-usees-fondation-riviere-bas-saint-laurent-gaspesie-cote-nord\" target=\"_blank\" rel=\"noopener\">Des municipalit\u00e9s de l\u2019Est-du-Qu\u00e9bec cancres pour le d\u00e9versement d\u2019eaux us\u00e9es<\/a><span class=\"s1\">, 27 octobre 2021, Radio-Canada Bas-Saint-Laurent\u00a0<\/span><\/li><li class=\"p2\"><a href=\"https:\/\/www.957kyk.com\/audio\/434923\/le-point-sur-la-carte-des-deversements-au-quebecet-dans-la-region-avec-la-fondation-rivieres\" target=\"_blank\" rel=\"noopener\">Le point sur la carte des d\u00e9versements au Qu\u00e9bec\u2026et dans la r\u00e9gion avec la Fondation Rivi\u00e8res<\/a><span class=\"s1\">, 27 octobre 2021, 95.7 Kyk Saguenay Lac-Saint-Jean<\/span><\/li><li class=\"p2\"><a href=\"https:\/\/cimtchau.ca\/nouvelles\/deversement-deaux-usees-des-municipalites-de-nos-regions-parmi-les-pires-du-quebec\/\" target=\"_blank\" rel=\"noopener\">D\u00e9versement d\u2019eaux us\u00e9es: des municipalit\u00e9s de nos r\u00e9gions parmi les pires du Qu\u00e9bec<\/a><span class=\"s1\">, 27 octobre 2021, TVA Nouvelles\u00a0<\/span><\/li><li class=\"p2\"><a href=\"https:\/\/ici.radio-canada.ca\/tele\/le-telejournal-mauricie\/site\/episodes\/580133\/episode-du-27-octobre-2021\" target=\"_blank\" rel=\"noopener\">D\u00e9versement d\u2019eaux us\u00e9es: des villes de la r\u00e9gion parmi les pires du Qu\u00e9bec<\/a><span class=\"s1\">, 27 octobre 2021, Radio-Canada<\/span><\/li><li class=\"p3\"><span class=\"s2\"><a href=\"https:\/\/lecourrier.qc.ca\/des-deversements-en-quantite-a-saint-hyacinthe\/\" target=\"_blank\" rel=\"noopener\">Des d\u00e9versements en quantit\u00e9 \u00e0 Saint-Hyacinthe<\/a><\/span>, 27 octobre 2021, Le Courrier de Saint-Hyacinthe<\/li><li class=\"p2\"><a href=\"https:\/\/ici.radio-canada.ca\/util\/postier\/suggerer-go.asp?nID=4749306\" target=\"_blank\" rel=\"noopener\">Importantes quantit\u00e9s d\u2019eaux us\u00e9es sont rejet\u00e9es au Qu\u00e9bec<\/a><span class=\"s1\">, 27 octobre 2021, Radio-Canada Ohdio\u00a0<\/span><\/li><li class=\"p3\"><span class=\"s2\"><a href=\"https:\/\/www.jdc.quebec\/2021\/08\/21\/riviere-du-nord-3\/\" target=\"_blank\" rel=\"noopener\">Aux sources de la contamination<\/a><\/span>, 12 octobre 2021, Journal des Citoyens\u00a0<\/li><li class=\"p3\"><span class=\"s2\"><a href=\"https:\/\/www.journallenord.com\/aux-sources-de-la-contamination\/\" target=\"_blank\" rel=\"noopener\">Aux sources de la contamination<\/a><\/span>, 12 octobre 2021, Journal Le Nord<\/li><li class=\"p2\"><a href=\"https:\/\/www.lapresse.ca\/actualites\/2021-10-01\/lingettes-jetables-dans-les-toilettes\/un-fleau-couteux-pour-les-municipalites.php\" target=\"_blank\" rel=\"noopener\">Lingettes \u00ab jetables dans les toilettes \u00bb Un \u00ab fl\u00e9au \u00bb co\u00fbteux pour les municipalit\u00e9s<\/a><span class=\"s1\">, 01 octobre 2021, La Presse\u00a0<\/span><\/li><li class=\"p2\"><a href=\"https:\/\/www.journalacces.ca\/une-table-de-concertation-sur-les-barrages\/\" target=\"_blank\" rel=\"noopener\">Une table de concertation sur les barrages<\/a><span class=\"s1\">, 21 septembre 2021, Journal Acc\u00e8s\u00a0<\/span><\/li><li class=\"p2\"><a href=\"https:\/\/www.journaldemontreal.com\/2021\/09\/15\/un-ruisseau-a-montreal-seme-la-controverse\" target=\"_blank\" rel=\"noopener\">Un ruisseau \u00e0 Montr\u00e9al s\u00e8me la controverse<\/a><span class=\"s1\">, 16 septembre 2021, Journal de Montr\u00e9al<\/span><\/li><li class=\"p3\"><span class=\"s2\"><a href=\"https:\/\/www.journallenord.com\/redonner-acces-a-la-riviere-du-nord\/\" target=\"_blank\" rel=\"noopener\">Redonner acc\u00e8s \u00e0 la Rivi\u00e8re du Nord<\/a><\/span>, 08 septembre 2021, Journal Le Nord<\/li><li class=\"p2\"><a href=\"https:\/\/www.journalacces.ca\/redonner-acces-a-la-riviere-du-nord\/\" target=\"_blank\" rel=\"noopener\">Redonner acc\u00e8s \u00e0 la rivi\u00e8re du Nord<\/a><span class=\"s1\">, 31 ao\u00fbt 2021, <\/span>Journal Acc\u00e8s<\/li><li class=\"p2\"><a href=\"https:\/\/www.ledevoir.com\/opinion\/lettres\/627492\/le-fonds-de-solidarite-ftq-doit-se-preoccuper-de-protection-de-l-environnement\" target=\"_blank\" rel=\"noopener\">Le Fonds de solidarit\u00e9 FTQ doit se pr\u00e9occuper de protection de l\u2019environnement<\/a><span class=\"s1\">, 26 ao\u00fbt 2021, Le Devoir<\/span><\/li><li class=\"p2\"><a href=\"https:\/\/www.jdc.quebec\/2021\/08\/21\/riviere-du-nord-3\/\" target=\"_blank\" rel=\"noopener\">Rivi\u00e8re du Nord \u2013 Les probl\u00e8mes de surverses persistent<\/a><span class=\"s1\">, 21 ao\u00fbt 2021, Journal des Citoyens<\/span><\/li><li class=\"p2\"><a href=\"https:\/\/www.lapresse.ca\/debats\/editoriaux\/2021-08-05\/on-veut-juste-se-baigner.php\" target=\"_blank\" rel=\"noopener\">On veut juste se baigner !<\/a><span class=\"s1\">, 05 ao\u00fbt 2021, La Presse<\/span><\/li><li class=\"p2\"><a href=\"https:\/\/ici.radio-canada.ca\/ohdio\/premiere\/emissions\/le-15-18\/segments\/entrevue\/363461\/plan-eau-lacs-rivieres-acces-prive\" target=\"_blank\" rel=\"noopener\">Accessibilit\u00e9 aux lacs et aux rivi\u00e8res : \u00ab Un d\u00e9bat public \u00e0 tenir \u00bb, dit le DG de la Fondation Rivi\u00e8res<\/a><span class=\"s1\">, 16 juillet 2021, Radio-Canada Ohdio<\/span><\/li><li class=\"p3\"><span class=\"s2\"><a href=\"https:\/\/www.gazettemauricie.com\/le-droit-de-se-rafraichir\/\" target=\"_blank\" rel=\"noopener\">Grand Splash : le droit de se rafra\u00eechir<\/a><\/span>, 14 juillet 2021, La Gazette de la Mauricie<\/li><li class=\"p2\"><a href=\"https:\/\/www.lesoleil.com\/actualite\/la-capitale\/quinze-minutes-pour-determiner-si-leau-est-propice-a-la-baignade-037e99a40bf4b0e2f4666efc96c3874d\" target=\"_blank\" rel=\"noopener\">Quinze minutes pour d\u00e9terminer si l\u2019eau est propice \u00e0 la baignade<\/a><span class=\"s1\">, 12 juillet 2021, Le Soleil<\/span><\/li><li class=\"p2\"><a href=\"https:\/\/www.journallenord.com\/saint-jerome-rendre-la-riviere-du-nord-baignable\/\" target=\"_blank\" rel=\"noopener\">Saint-J\u00e9r\u00f4me: Rendre la Rivi\u00e8re du Nord baignable<\/a><span class=\"s1\">, 06 juillet 2021,\u00a0Journal Le Nord<\/span><\/li><li class=\"p2\"><a href=\"https:\/\/montrealgazette.com\/news\/local-news\/dozens-brave-cold-waters-near-montreals-old-port-in-annual-big-splash\" target=\"_blank\" rel=\"noopener\">Dozens brave cold waters near Montreal\u2019s Old Port in annual Big Splash<\/a><span class=\"s1\">, 04 juillet 2021, Montreal Gazette\u00a0<\/span><\/li><li class=\"p2\"><a href=\"https:\/\/montreal.ctvnews.ca\/thirty-brave-souls-go-swimming-in-the-old-port-of-montreal-demanding-safe-access-to-water-1.5495408\" target=\"_blank\" rel=\"noopener\">Thirty brave souls go swimming in the Old Port of Montreal demanding safe access to water<\/a><span class=\"s1\">, 03 juillet 2021, Montr\u00e9al CTV News<\/span><\/li><li class=\"p2\"><a href=\"https:\/\/www.lequotidien.com\/actualites\/un-grand-splash-a-la-baie-pour-une-meilleure-qualite-de-leau-cd3fc4358b8e43c1d3bc803020a445d3\" target=\"_blank\" rel=\"noopener\">Un Grand Splash \u00e0 La Baie pour une meilleure qualit\u00e9 de l\u2019eau<\/a><span class=\"s1\">, 03 juillet 2021, Le Quotidien<\/span><\/li><li class=\"p2\"><a href=\"https:\/\/www.ledevoir.com\/societe\/615561\/pour-votre-info-quoi-surveiller-cette-fin-de-semaine\" target=\"_blank\" rel=\"noopener\">Quoi surveiller cette fin de semaine?<\/a><span class=\"s1\">, 03 juillet 2021, Le Devoir\u00a0<\/span><\/li><li class=\"p2\"><a href=\"https:\/\/www.lapresse.ca\/actualites\/grand-montreal\/2021-07-03\/grand-splash\/nouvelle-mobilisation-pour-un-bain-portuaire-dans-le-vieux-port.php\" target=\"_blank\" rel=\"noopener\">Nouvelle mobilisation pour un bain portuaire dans le Vieux-Port<\/a><span class=\"s1\">, 03 juillet 2021, La Presse<\/span><\/li><li class=\"p2\"><a href=\"https:\/\/ici.radio-canada.ca\/nouvelle\/1806352\/baignade-fleuve-saint-laurent-montreal-bassin\" target=\"_blank\" rel=\"noopener\">Baignade au Vieux-Port de Montr\u00e9al : une trentaine de braves sautent \u00e0 l\u2019eau<\/a><span class=\"s1\">, 03 juillet 2021, Radio-Canada<\/span><\/li><li class=\"p2\"><a href=\"https:\/\/www.lesoleil.com\/actualite\/le-fil-groupe-capitales-medias\/ils-sautent-a-leau-a-montreal-pour-un-meilleur-acces-a-la-baignade-180584dec5511b38ae1050a68dab7721\" target=\"_blank\" rel=\"noopener\">Ils sautent \u00e0 l\u2019eau \u00e0 Montr\u00e9al pour un meilleur acc\u00e8s \u00e0 la baignade<\/a><span class=\"s1\">, 03 juillet 2021, Le Soleil<\/span><\/li><li class=\"p2\"><a href=\"https:\/\/www.ledevoir.com\/societe\/615585\/quelques-dizaines-de-braves-se-sont-jetes-a-l-eau-au-vieux-port-de-montreal\" target=\"_blank\" rel=\"noopener\">Quelques dizaines de braves se sont jet\u00e9s \u00e0 l\u2019eau au Vieux-Port de Montr\u00e9al<\/a><span class=\"s1\">, 03 juillet 2021, Le Devoir<\/span><\/li><li class=\"p2\"><a href=\"https:\/\/lactualite.com\/actualites\/baignade-au-vieux-port-de-montreal-une-trentaine-de-braves-sautent-a-leau\/\" target=\"_blank\" rel=\"noopener\">Baignade au Vieux-Port de Montr\u00e9al: une trentaine de braves sautent \u00e0 l\u2019eau<\/a><span class=\"s1\">, 03 juillet 2021, L\u2019Actualit\u00e9<\/span><\/li><li class=\"p2\"><a href=\"https:\/\/journalmetro.com\/actualites\/2663820\/trentaine-baigneurs-reclament-acces-securitaire-vieux-port\/\" target=\"_blank\" rel=\"noopener\">Une trentaine de baigneurs r\u00e9clament un acc\u00e8s aux eaux du Vieux-Port<\/a><span class=\"s1\">, 03 juillet 2021, Journal M\u00e9tro<\/span><\/li><li class=\"p2\"><a href=\"https:\/\/ici.radio-canada.ca\/ohdio\/premiere\/emissions\/toujours-le-matin\/episodes\/545315\/rattrapage-du-vendredi-2-juillet-2021\/3\" target=\"_blank\" rel=\"noopener\">La Fondation Rivi\u00e8res organise le Grand Splash \u00e0 Trois-Rivi\u00e8res<\/a><span class=\"s1\">, 02 juillet 2021, Radio-Canada Ohdio<\/span><\/li><li class=\"p2\"><a href=\"https:\/\/ici.radio-canada.ca\/ohdio\/premiere\/emissions\/toujours-le-matin\/episodes\/545315\/rattrapage-du-vendredi-2-juillet-2021\/18\" target=\"_blank\" rel=\"noopener\">Jean-Fran\u00e7ois Aubin parle du Grand Splash de la Fondation Rivi\u00e8res<\/a><span class=\"s1\">, 02 juillet 2021, Radio-Canada Ohdio<\/span><\/li><li class=\"p2\"><a href=\"https:\/\/www.lhebdojournal.com\/un-premier-grand-splash-a-trois-rivieres\/\" target=\"_blank\" rel=\"noopener\">Un premier Grand Splash \u00e0 Trois-Rivi\u00e8res<\/a><span class=\"s1\">, 02 juillet 2021, L\u2019Hebdo Journal<\/span><\/li><li class=\"p2\"><a href=\"https:\/\/ici.radio-canada.ca\/nouvelle\/1806034\/grand-splash-la-baie-acces-rives?depuisRecherche=true\" target=\"_blank\" rel=\"noopener\">Un Grand splash pour r\u00e9clamer un meilleur acc\u00e8s aux rives \u00e0 La Baie<\/a><span class=\"s1\">, 02 juillet 2021, Radio-Canada<\/span><\/li><li class=\"p3\"><span class=\"s2\"><a href=\"https:\/\/ici.radio-canada.ca\/tele\/le-telejournal-mauricie\/site\/episodes\/545520\/episode-du-2-juillet-2021\" target=\"_blank\" rel=\"noopener\">\u00c0 l\u2019eau!<\/a><\/span>, 02 juillet 2021, Radio-Canada\u00a0<\/li><li class=\"p2\"><a href=\"https:\/\/www.lequotidien.com\/actualites\/un-grand-splash-pour-lacces-aux-cours-deau-8ad0f908d3801084f91135a4de36b024\" target=\"_blank\" rel=\"noopener\">Un Grand Splash pour l\u2019acc\u00e8s aux cours d\u2019eau<\/a><span class=\"s1\">, 02 juillet 2021, Le Quotidien<\/span><\/li><li class=\"p2\"><a href=\"https:\/\/www.lesoleil.com\/actualite\/la-capitale\/une-premiere-baignade-legale-au-bassin-louise-bf47da30b407b972fca3ada0ef5ccb9b\" target=\"_blank\" rel=\"noopener\">Une premi\u00e8re baignade l\u00e9gale au bassin Louise<\/a><span class=\"s1\">, 01 juillet 2021, Le Soleil<\/span><\/li><li class=\"p2\"><a href=\"https:\/\/nouvellesdici.com\/actu\/grand-splash-des-douzaines-se-jettent-a-leau-au-nouveau-parc-riverain-de-lachine\/\" target=\"_blank\" rel=\"noopener\">Grand Splash : des douzaines se jettent \u00e0 l\u2019eau au nouveau parc riverain de Lachine<\/a><span class=\"s1\">, 01 juillet 2021, Nouvelles d\u2019ici<\/span><\/li><li class=\"p2\"><a href=\"https:\/\/www.chga.fm\/une-premiere-edition-du-grand-splash-ce-samedi-a-gracefield\/\" target=\"_blank\" rel=\"noopener\">Une premi\u00e8re \u00e9dition du Grand Splash ce samedi \u00e0 Gracefield<\/a><span class=\"s1\">, 30 juin 2021, CHGA 97.3<\/span><\/li><li class=\"p2\"><a href=\"https:\/\/ici.radio-canada.ca\/nouvelle\/1805285\/baignade-bassin-louise-2022\" target=\"_blank\" rel=\"noopener\">De la baignade dans le bassin Louise d\u00e8s 2022<\/a><span class=\"s1\">, 30 juin 2021, Radio- Canada<\/span><\/li><li class=\"p3\"><span class=\"s2\"><a href=\"https:\/\/www.chamblymatin.com\/environnement\/nouvelles\/environnement\/ville-de-chambly-mairesse-de-chambly-alexandra-labbe-le-grand-splash-bassin-de-chambly.html\" target=\"_blank\" rel=\"noopener\">Mini-splash \u00e0 Chambly<\/a><\/span>, 29 juin 2021, Chambly Matin\u00a0<\/li><li class=\"p2\"><a href=\"https:\/\/www.lereflet.qc.ca\/invitation-a-un-grand-splash-dans-la-riviere-chateauguay\/\" target=\"_blank\" rel=\"noopener\">Invitation \u00e0 un Grand Splash dans la rivi\u00e8re Ch\u00e2teauguay<\/a><span class=\"s1\">, 21 juin 2021, Le Reflet\u00a0<\/span><\/li><li class=\"p2\"><a href=\"https:\/\/www.cybersoleil.com\/invitation-grand-splash-sainte-martine-dimanche-27-juin-parc-paul-leveille\/\" target=\"_blank\" rel=\"noopener\">Invitation \u00e0 un Grand Splash \u00e0 Sainte-Martine<\/a><span class=\"s1\">, 20 juin 2021,\u00a0Le Soleil de Ch\u00e2teauguay<\/span><\/li><li class=\"p2\"><a href=\"https:\/\/www.gazettemauricie.com\/sauter-a-leau-pour-reclamer-lacces-public-aux-lacs-et-aux-rivieres\/\" target=\"_blank\" rel=\"noopener\">Sauter \u00e0 l\u2019eau pour r\u00e9clamer l\u2019acc\u00e8s public aux lacs et aux rivi\u00e8res<\/a><span class=\"s1\">, 14 juin 2021, La Gazette de la Mauricie\u00a0<\/span><\/li><li class=\"p2\"><a href=\"https:\/\/www.lapresse.ca\/actualites\/2021-06-11\/la-fondation-rivieres-reclame-l-acces-a-l-eau-des-rivieres-et-des-lacs-pour-tous.php\" target=\"_blank\" rel=\"noopener\">La Fondation Rivi\u00e8res revendique l\u2019acc\u00e8s \u00e0 l\u2019eau des rivi\u00e8res et des lacs pour tous<\/a><span class=\"s1\">, 11 juin 2021, La Presse<\/span><\/li><li class=\"p2\"><a href=\"https:\/\/ici.radio-canada.ca\/amp\/1801005\/fondation-rivieres-revendique-acces-rivieres-lacs-baignade\" target=\"_blank\" rel=\"noopener\">La Fondation Rivi\u00e8res revendique l\u2019acc\u00e8s pour tous aux lacs et rivi\u00e8res du Qu\u00e9bec<\/a><span class=\"s1\">, 11 juin 2021, Radio-Canada\u00a0<\/span><\/li><li class=\"p2\"><a href=\"https:\/\/lactualite.com\/actualites\/la-fondation-rivieres-prone-lacces-a-leau-des-rivieres-et-des-lacs-pour-tous\/\" target=\"_blank\" rel=\"noopener\">La Fondation Rivi\u00e8res revendique l\u2019acc\u00e8s \u00e0 l\u2019eau des rivi\u00e8res et des lacs pour tous<\/a><span class=\"s1\">, 11 juin 2021, L\u2019Actualit\u00e9<\/span><\/li><li class=\"p2\"><a href=\"https:\/\/www.ledevoir.com\/societe\/610356\/la-semaine-du-6-juin-dans-l-oeil-de-nos-photographes\" target=\"_blank\" rel=\"noopener\">La semaine du 6 juin dans l\u2019oeil de nos photographes<\/a><span class=\"s1\">, 11 juin 2021, Le Devoir<\/span><\/li><li class=\"p2\"><a href=\"https:\/\/globalnews.ca\/news\/7942779\/quebec-waterfront-access\/\" target=\"_blank\" rel=\"noopener\">Making a splash: Quebecers will plunge into lakes, rivers to fight lack of waterfront access<\/a><span class=\"s1\">, 11 juin 2021, Global News<\/span><\/li><li class=\"p2\"><a href=\"https:\/\/www.youtube.com\/watch?v=SPnExBQdC5I\" target=\"_blank\" rel=\"noopener\">Difficile acc\u00e8s \u00e0 l\u2019eau : plaidoyer pour la baignade<\/a><span class=\"s1\">, 11 juin 2021, Radio-Canada<\/span><\/li><li class=\"p2\"><a href=\"https:\/\/ici.radio-canada.ca\/ohdio\/premiere\/emissions\/le-15-18\/segments\/entrevue\/359111\/baignade-eau-fleuve-rivieres-montreal-qualite\" target=\"_blank\" rel=\"noopener\">Peu de sites de baignade \u00e0 Montr\u00e9al : Andr\u00e9 B\u00e9langer, dir Fondation Rivi\u00e8res<\/a><span class=\"s1\">, 11 juin 2021, Radio-Canada Ohdio<\/span><\/li><li class=\"p2\"><a href=\"https:\/\/www.ledevoir.com\/opinion\/libre-opinion\/605238\/libre-opinion-pour-une-meilleure-cohabitation-sur-les-rivieres-et-les-lacs\" target=\"_blank\" rel=\"noopener\">Pour une meilleure cohabitation sur les rivi\u00e8res et les lacs<\/a><span class=\"s1\">, 28 mai 2021, Le Devoir\u00a0<\/span><\/li><li class=\"p2\"><a href=\"https:\/\/www.cybersoleil.com\/une-nouvelle-technologie-pourrait-permettre-la-baignade-dans-la-riviere-chateauguay\/\" target=\"_blank\" rel=\"noopener\">Une nouvelle technologie pourrait permettre la baignade dans la rivi\u00e8re Ch\u00e2teauguay<\/a><span class=\"s1\">, 19 mai 2021, Le Soleil de Ch\u00e2teauguay<\/span><\/li><li class=\"p2\"><a href=\"https:\/\/www.lecourrierdusud.ca\/ministere-de-lenvironnement-les-regles-regissant-les-lieux-delimination-de-neige-sont-en-cours-de-revision\/\" target=\"_blank\" rel=\"noopener\">Minist\u00e8re de l\u2019Environnement: les r\u00e8gles r\u00e9gissant les lieux d\u2019\u00e9limination de neige sont en cours de r\u00e9vision<\/a><span class=\"s1\">, 23 avril 2021, Le Courrier du Sud<\/span><\/li><li class=\"p2\"><a href=\"https:\/\/ici.radio-canada.ca\/nouvelle\/1786203\/arbres-ministere-forets-requete-peribonka-moratoire\" target=\"_blank\" rel=\"noopener\">Un moratoire sur les coupes foresti\u00e8res r\u00e9clam\u00e9 le long de la rivi\u00e8re P\u00e9ribonka<\/a><span class=\"s1\">, 21 avril 2021, Radio-Canada Saguenay-Lac-Saint-Jean\u00a0<\/span><\/li><li class=\"p2\"><a href=\"https:\/\/www.journaldemontreal.com\/2021\/04\/16\/pollution-des-rivieres-la-ville-de-longueuil-refute-les-allegations-1\" target=\"_blank\" rel=\"noopener\">Pollution des rivi\u00e8res: la Ville de Longueuil r\u00e9fute les all\u00e9gations<\/a><span class=\"s1\">, 16 avril 2021, Journal de Montr\u00e9al<\/span><\/li><li class=\"p2\"><a href=\"https:\/\/www.tvanouvelles.ca\/2021\/04\/15\/longueuil-depots-a-neige-source-de-pollution-des-rivieres-1?fbclid=IwAR0IYdGQhoWdo6X-wgzNFqA7Se-EY5IFGH4162Chx8jsr180JetrxMNfoNQ\" target=\"_blank\" rel=\"noopener\">Longueuil: d\u00e9p\u00f4ts \u00e0 neige, source de pollution des rivi\u00e8res<\/a><span class=\"s1\">, 15 avril 2021,\u00a0TVA Nouvelles<\/span><\/li><li class=\"p2\"><a href=\"https:\/\/www.journaldemontreal.com\/2021\/04\/15\/longueuil-depots-a-neige-source-de-pollution-des-rivieres?fbclid=IwAR3sJMC7h7LArsQRk7tFvdpI__hmZSvwbcsDAMkzN0WEpEjijPFMglCz-3A\" target=\"_blank\" rel=\"noopener\">Longueuil: d\u00e9p\u00f4ts \u00e0 neige, source de pollution des rivi\u00e8res<\/a><span class=\"s1\">, 15 avril 2021,\u00a0Journal de Montr\u00e9al<\/span><\/li><li class=\"p2\"><a href=\"https:\/\/www.lecourrierdusud.ca\/de-leau-blanchatre-du-depot-a-neiges-coule-dans-le-boise-du-tremblay\/?fbclid=IwAR1ItkMHMwsOzTxH_ccGNzKm32T3X2JVa1Q4pvATLtVA3ceKFeLSXo_szkU\" target=\"_blank\" rel=\"noopener\">De l\u2019eau blanch\u00e2tre du d\u00e9p\u00f4t \u00e0 neiges coule dans le Bois\u00e9 Du Tremblay<\/a><span class=\"s1\">, 15 avril 2021, Le Courrier du Sud\u00a0<\/span><\/li><li class=\"p2\"><a href=\"https:\/\/ici.radio-canada.ca\/ohdio\/premiere\/emissions\/le-15-18\/segments\/reportage\/351287\/rainette-faux-grillon-amphibien-environnement-neige-pollution?fbclid=IwAR2_893uz8Wq7bn4F6BhuiL3oguVwm-F-cLzznNtqNPOwj6sck-lAzH7YqU\" target=\"_blank\" rel=\"noopener\">La rainette faux-grillon menac\u00e9e \u00e0 Longueuil : Un d\u00e9p\u00f4t \u00e0 neige montr\u00e9 du doigt<\/a><span class=\"s1\">, 14 avril 2021, Radio-Canada Ohdio\u00a0<\/span><\/li><li class=\"p2\"><a href=\"https:\/\/www.lareleve.qc.ca\/2021\/04\/14\/la-fondation-rivieres-sonne-lalarme-dans-le-boise-du-tremblay-les-eaux-usees-du-depot-a-neige-sy-ecoulent\/?fbclid=IwAR1xmlJueltMFvFzcHrHDxMi4BePAV16Z5IQhAFxdMoakz31hnobHZfq-Bw\" target=\"_blank\" rel=\"noopener\">La Fondation Rivi\u00e8res sonne l\u2019alarme dans le Bois\u00e9 du Tremblay : les eaux us\u00e9es du d\u00e9p\u00f4t \u00e0 neige s\u2019y \u00e9coulent<\/a><span class=\"s1\">, 14 avril 2021, La Rel\u00e8ve de Varennes<\/span><\/li><li class=\"p2\"><a href=\"https:\/\/www.pressegauche.org\/Pollution-majeure-a-Longueuil-Des-depots-a-neige-intoxiquent-nos-rivieres\" target=\"_blank\" rel=\"noopener\">Pollution majeure \u00e0 Longueuil \u2013 Des d\u00e9p\u00f4ts \u00e0 neige intoxiquent nos rivi\u00e8res<\/a><span class=\"s1\">, 14 avril 2021, Presse-toi \u00e0 Gauche!\u00a0<\/span><\/li><li class=\"p2\"><a href=\"https:\/\/cimtchau.ca\/nouvelles\/riviere-bonaventure-un-plan-qui-cree-des-remous\/\" target=\"_blank\" rel=\"noopener\">Rivi\u00e8re Bonaventure: un plan qui cr\u00e9e des remous<\/a><span class=\"s1\">, 06 avril 2021, TVA Nouvelles\u00a0<\/span><\/li><li class=\"p2\"><a href=\"https:\/\/www.journaldequebec.com\/2021\/04\/05\/bannissons-le-gaz-naturel-dans-la-nouvelle-construction-au-quebec?fbclid=IwAR2AydQqyZIZCJJ4xNgVOwC5bfxwX8PiwIcNc7j7jfQpTflbpIPaBdEvnss\" target=\"_blank\" rel=\"noopener\">Bannissons le gaz naturel dans la nouvelle construction au Qu\u00e9bec<\/a><span class=\"s1\">, 05 avril 2021, Journal de Qu\u00e9bec<\/span><\/li><li class=\"p2\"><a href=\"https:\/\/www.journaldemontreal.com\/2021\/04\/05\/bannissons-le-gaz-naturel-dans-la-nouvelle-construction-au-quebec\" target=\"_blank\" rel=\"noopener\">Bannissons le gaz naturel dans la nouvelle construction au Qu\u00e9bec<\/a><span class=\"s1\">, 05 avril 2021, Journal de Montr\u00e9al\u00a0<\/span><\/li><li class=\"p2\"><a href=\"https:\/\/www.tvanouvelles.ca\/2021\/04\/08\/bannissons-le-gaz-naturel-dans-la-nouvelle-construction-au-quebec\" target=\"_blank\" rel=\"noopener\">Bannissons le gaz naturel dans la nouvelle construction au Qu\u00e9bec<\/a><span class=\"s1\">, 05 avril 2021, TVA Nouvelles\u00a0<\/span><\/li><li class=\"p2\"><a href=\"https:\/\/www.hebdorivenord.com\/article\/2021\/03\/29\/une-etude-revele-que-la-baignade-est-possible-en-%C3%A9t%C3%A9\" target=\"_blank\" rel=\"noopener\">Une \u00e9tude r\u00e9v\u00e8le que la baignade est possible en \u00e9t\u00e9<\/a><span class=\"s1\">, 29 mars 2021,\u00a0Hebdo Rive-Nord<\/span><\/li><li class=\"p2\"><a href=\"https:\/\/www.journaldemontreal.com\/2021\/03\/23\/leau-de-la-riviere-lassomption-est-baignable\" target=\"_blank\" rel=\"noopener\">On peut se baigner dans la rivi\u00e8re L\u2019Assomption<\/a><span class=\"s1\">, 23 mars 2021, Journal de Montr\u00e9al\u00a0<\/span><\/li><li class=\"p2\"><a href=\"https:\/\/www.tvanouvelles.ca\/2021\/03\/23\/leau-de-la-riviere-lassomption-est-baignable-1\" target=\"_blank\" rel=\"noopener\">L\u2019eau de la rivi\u00e8re L\u2019Assomption est baignable<\/a><span class=\"s1\">, 23 mars 2021, TVA Nouvelles\u00a0<\/span><\/li><li class=\"p2\"><a href=\"https:\/\/www.ledevoir.com\/societe\/environnement\/596968\/le-quebec-exhorte-a-mieux-traiter-ses-eaux-usees\" target=\"_blank\" rel=\"noopener\">Le Qu\u00e9bec exhort\u00e9 \u00e0 mieux traiter ses eaux us\u00e9es<\/a><span class=\"s1\">, 16 mars 2021, Le Devoir<\/span><\/li><li class=\"p2\"><a href=\"https:\/\/www.canadafrancais.com\/2021\/03\/10\/deversement-dans-la-riviere-richelieu\/\" target=\"_blank\" rel=\"noopener\">D\u00e9versement dans la rivi\u00e8re Richelieu<\/a><span class=\"s1\">, 10 mars 2021, Le Canada Fran\u00e7ais\u00a0<\/span><\/li><li class=\"p2\"><a href=\"https:\/\/www.journaldechambly.com\/riviere-richelieu-25-000-m3-deaux-usees-deversees-aujourdhui\/?fbclid=IwAR2FJW-JhEybTI8HdiQ-1RP98QQeN7LRyrNCgg-qTKAVYYgY0RX0gdrnv_c\" target=\"_blank\" rel=\"noopener\">Rivi\u00e8re Richelieu : 25 000 m3 d\u2019eaux us\u00e9es d\u00e9vers\u00e9es aujourd\u2019hui<\/a><span class=\"s1\">, 10 mars 2021, Journal de Chambly\u00a0<\/span><\/li><li class=\"p2\"><a href=\"https:\/\/www.iheartradio.ca\/energie\/energie-montreal\/nouvelles\/saint-jean-sur-richelieu-deverse-encore-ses-eaux-usees-dans-la-riviere-1.14741996\" target=\"_blank\" rel=\"noopener\">Saint-Jean-sur-Richelieu d\u00e9verse (encore) ses eaux us\u00e9es dans la rivi\u00e8re<\/a><span class=\"s1\">, 10 mars 2021, \u00c9nergie 94.3\u00a0<\/span><\/li><li class=\"p2\"><a href=\"https:\/\/www.ledevoir.com\/societe\/environnement\/596631\/environnement-quatrieme-deversement-d-eaux-usees-en-trois-ans\" target=\"_blank\" rel=\"noopener\">Quatri\u00e8me d\u00e9versement d\u2019eaux us\u00e9es en trois ans \u00e0 Saint-Jean-sur-Richelieu<\/a><span class=\"s1\">, 10 mars 2021, Le Devoir\u00a0<\/span><\/li><li class=\"p2\"><a href=\"https:\/\/ici.radio-canada.ca\/nouvelle\/1775516\/rapport-bape-lac-blom-minerai-fer-residus-miniers-mine-fondation-riviere?fbclid=IwAR2wCGyP-n-WvsQHbsg98LkN8CS-9SjMXu_CTcl1REtOsneFUTqoPG3Mm-8\" target=\"_blank\" rel=\"noopener\">Mine du lac Bloom : soulagement de groupes environnementaux apr\u00e8s le rapport du BAPE<\/a><span class=\"s1\">, 07 mars 2021, Radio-Canada<\/span><\/li><li class=\"p3\"><span class=\"s2\"><a href=\"https:\/\/ici.radio-canada.ca\/tele\/le-telejournal-est-du-quebec\/site\/episodes\/517575\/episode-du-6-mars-2021\" target=\"_blank\" rel=\"noopener\">Mine du lac Bloom : un rapport bien accueilli<\/a><\/span>, 06 mars 2021,\u00a0Radio-Canada &#8211; T\u00e9l\u00e9journal Est du Qu\u00e9bec &#8211; Bulletin de nouvelles<\/li><li class=\"p2\"><a href=\"https:\/\/journaldesvoisins.com\/simon-sicard-cascade-de-bonnes-idees-et-barrage-d-insatisfactions\/\" target=\"_blank\" rel=\"noopener\">Simon-Sicard: cascade d\u2019id\u00e9es et barrage d\u2019insatisfactions<\/a><span class=\"s1\">, 26 f\u00e9vrier 2021, Journal des Voisins<\/span><\/li><li class=\"p2\"><a href=\"https:\/\/www.cybersoleil.com\/le-probleme-des-eaux-usees-de-chateauguay-dans-la-riviere-a-letude\/\" target=\"_blank\" rel=\"noopener\">Le probl\u00e8me des eaux us\u00e9es de Ch\u00e2teauguay dans la rivi\u00e8re \u00e0 l\u2019\u00e9tude<\/a><span class=\"s1\">, 18 f\u00e9vrier 2021, Le Soleil de Ch\u00e2teauguay<\/span><\/li><li class=\"p2\"><a href=\"https:\/\/www.letoiledulac.com\/actualite\/gibbons-doute-de-la-volonte-du-ministere-de-lenvironnement\/\" target=\"_blank\" rel=\"noopener\">Gibbons doute de la volont\u00e9 du minist\u00e8re de l\u2019Environnement<\/a><span class=\"s1\">, 30 janvier 2021, L\u2019\u00e9toile du lac\u00a0<\/span><\/li><li class=\"p3\"><span class=\"s2\"><a href=\"https:\/\/www.letoiledulac.com\/actualite\/le-ministere-pas-presse\/\" target=\"_blank\" rel=\"noopener\">Le minist\u00e8re pas press\u00e9<\/a><\/span>, 29 janvier 2021, L\u2019\u00e9toile du lac<\/li><li class=\"p2\"><a href=\"https:\/\/www.lequotidien.com\/actualites\/protection-de-la-riviere-ashuapmushuan-luc-gibbons-veut-mobiliser-la-region-6ca3714259f644810ea379dca5f21684\" target=\"_blank\" rel=\"noopener\">Protection de la rivi\u00e8re Ashuapmushuan: Luc Gibbons veut mobiliser la r\u00e9gion, <\/a>23 janvier 2021, Le Quotidien<\/li><li class=\"p2\"><a href=\"https:\/\/alma.planeteradio.ca\/nouvelles\/faits-divers\/364406\/resolu-deversera-pendant-un-mois-dans-l-ashuapmushuan\" target=\"_blank\" rel=\"noopener\">R\u00e9solu d\u00e9versera pendant un mois dans l\u2019Ashuapmushuan<\/a><span class=\"s1\">, 18 janvier 2021, Plan\u00e8te Radio 104.5<\/span><\/li><\/ol><\/div>\n\t\t\t\t\t\t\t<\/div>\n\t\t\t\t\t\t<\/div>\t\t\t<\/div>\n\t\t<\/div>\n\t\t\t\t\t\t<\/div>\n\t\t\t\t<\/div>\n\t\t\t\t<div class=\"elementor-element elementor-element-900bbf0 elementor-widget elementor-widget-spacer\" data-id=\"900bbf0\" data-element_type=\"widget\" data-e-type=\"widget\" data-widget_type=\"spacer.default\">\n\t\t\t\t<div class=\"elementor-widget-container\">\n\t\t\t\t\t\t\t<div class=\"elementor-spacer\">\n\t\t\t<div class=\"elementor-spacer-inner\"><\/div>\n\t\t<\/div>\n\t\t\t\t\t\t<\/div>\n\t\t\t\t<\/div>\n\t\t\t\t\t<\/div>\n\t\t\t\t<\/div>\n\t\t<div class=\"elementor-element elementor-element-eb42bae e-flex e-con-boxed e-con e-parent\" data-id=\"eb42bae\" data-element_type=\"container\" data-e-type=\"container\" data-settings=\"{&quot;jet_parallax_layout_list&quot;:[],&quot;background_background&quot;:&quot;classic&quot;}\">\n\t\t\t\t\t<div class=\"e-con-inner\">\n\t\t<div class=\"elementor-element elementor-element-274cc68 e-con-full e-flex e-con e-child\" data-id=\"274cc68\" data-element_type=\"container\" data-e-type=\"container\" data-settings=\"{&quot;jet_parallax_layout_list&quot;:[]}\">\n\t\t\t\t<div class=\"elementor-element elementor-element-53e76ed elementor-widget elementor-widget-heading\" data-id=\"53e76ed\" data-element_type=\"widget\" data-e-type=\"widget\" data-widget_type=\"heading.default\">\n\t\t\t\t<div class=\"elementor-widget-container\">\n\t\t\t\t\t<h4 class=\"elementor-heading-title elementor-size-default\">Pour une demande d\u2019entrevue ou d\u2019information<\/h4>\t\t\t\t<\/div>\n\t\t\t\t<\/div>\n\t\t\t\t<div class=\"elementor-element elementor-element-d5d307c elementor-align-left elementor-widget elementor-widget-button\" data-id=\"d5d307c\" data-element_type=\"widget\" data-e-type=\"widget\" data-widget_type=\"button.default\">\n\t\t\t\t<div class=\"elementor-widget-container\">\n\t\t\t\t\t\t\t\t\t<div class=\"elementor-button-wrapper\">\n\t\t\t\t\t<a class=\"elementor-button elementor-button-link elementor-size-sm\" href=\"https:\/\/fondationrivieres.org\/la-fondation\/contactez-nous\/\">\n\t\t\t\t\t\t<span class=\"elementor-button-content-wrapper\">\n\t\t\t\t\t\t<span class=\"elementor-button-icon\">\n\t\t\t\t<i aria-hidden=\"true\" class=\"fas fa-arrow-right\"><\/i>\t\t\t<\/span>\n\t\t\t\t\t\t\t\t\t<span class=\"elementor-button-text\">Contactez-nous<\/span>\n\t\t\t\t\t<\/span>\n\t\t\t\t\t<\/a>\n\t\t\t\t<\/div>\n\t\t\t\t\t\t\t\t<\/div>\n\t\t\t\t<\/div>\n\t\t\t\t<div class=\"elementor-element elementor-element-112c89f elementor-widget elementor-widget-text-editor\" data-id=\"112c89f\" data-element_type=\"widget\" data-e-type=\"widget\" data-widget_type=\"text-editor.default\">\n\t\t\t\t<div class=\"elementor-widget-container\">\n\t\t\t\t\t\t\t\t\t<p>David Beauchamp<\/p><p>Responsable des communications<\/p><p>514 272-2666, poste 307<\/p>\t\t\t\t\t\t\t\t<\/div>\n\t\t\t\t<\/div>\n\t\t\t\t<\/div>\n\t\t<div class=\"elementor-element elementor-element-73b8c47 e-con-full e-flex e-con e-child\" data-id=\"73b8c47\" data-element_type=\"container\" data-e-type=\"container\" data-settings=\"{&quot;background_background&quot;:&quot;classic&quot;,&quot;jet_parallax_layout_list&quot;:[]}\">\n\t\t\t\t<div class=\"elementor-element elementor-element-2d1cd3c elementor-view-default elementor-widget elementor-widget-icon\" data-id=\"2d1cd3c\" data-element_type=\"widget\" data-e-type=\"widget\" data-widget_type=\"icon.default\">\n\t\t\t\t<div class=\"elementor-widget-container\">\n\t\t\t\t\t\t\t<div class=\"elementor-icon-wrapper\">\n\t\t\t<div class=\"elementor-icon\">\n\t\t\t<i aria-hidden=\"true\" class=\"fas fa-newspaper\"><\/i>\t\t\t<\/div>\n\t\t<\/div>\n\t\t\t\t\t\t<\/div>\n\t\t\t\t<\/div>\n\t\t\t\t<div class=\"elementor-element elementor-element-4143345 elementor-widget elementor-widget-heading\" data-id=\"4143345\" data-element_type=\"widget\" data-e-type=\"widget\" data-widget_type=\"heading.default\">\n\t\t\t\t<div class=\"elementor-widget-container\">\n\t\t\t\t\t<h5 class=\"elementor-heading-title elementor-size-default\">Consultez nos communiqu\u00e9s de presse et lettres ouvertes<\/h5>\t\t\t\t<\/div>\n\t\t\t\t<\/div>\n\t\t\t\t<div class=\"elementor-element elementor-element-9361e42 elementor-widget elementor-widget-spacer\" data-id=\"9361e42\" data-element_type=\"widget\" data-e-type=\"widget\" data-widget_type=\"spacer.default\">\n\t\t\t\t<div class=\"elementor-widget-container\">\n\t\t\t\t\t\t\t<div class=\"elementor-spacer\">\n\t\t\t<div class=\"elementor-spacer-inner\"><\/div>\n\t\t<\/div>\n\t\t\t\t\t\t<\/div>\n\t\t\t\t<\/div>\n\t\t\t\t<div class=\"elementor-element elementor-element-aab39d5 elementor-align-left elementor-widget elementor-widget-button\" data-id=\"aab39d5\" data-element_type=\"widget\" data-e-type=\"widget\" data-widget_type=\"button.default\">\n\t\t\t\t<div class=\"elementor-widget-container\">\n\t\t\t\t\t\t\t\t\t<div class=\"elementor-button-wrapper\">\n\t\t\t\t\t<a class=\"elementor-button elementor-button-link elementor-size-sm\" href=\"https:\/\/fondationrivieres.org\/category\/communiques\/\">\n\t\t\t\t\t\t<span class=\"elementor-button-content-wrapper\">\n\t\t\t\t\t\t<span class=\"elementor-button-icon\">\n\t\t\t\t<i aria-hidden=\"true\" class=\"fas fa-arrow-right\"><\/i>\t\t\t<\/span>\n\t\t\t\t\t\t\t\t\t<span class=\"elementor-button-text\">Communiqu\u00e9s et lettres ouvertes<\/span>\n\t\t\t\t\t<\/span>\n\t\t\t\t\t<\/a>\n\t\t\t\t<\/div>\n\t\t\t\t\t\t\t\t<\/div>\n\t\t\t\t<\/div>\n\t\t\t\t<\/div>\n\t\t\t\t\t<\/div>\n\t\t\t\t<\/div>\n\t\t\t\t<\/div>\n\t\t","protected":false},"excerpt":{"rendered":"<p>Fondation Rivi\u00e8res Revue de presse La Fondation Rivi\u00e8res dans les m\u00e9dias La Fondation Rivi\u00e8res est un organisme \u00e0 but non lucratif consacr\u00e9 \u00e0 la protection des rivi\u00e8res et des cours d&rsquo;eau du Qu\u00e9bec.\u00a0 Retrouvez les articles de presse portant sur ses projets et ses r\u00e9actions aux enjeux comme la construction d&rsquo;\u00e9ventuels barrages hydro\u00e9lectriques, les rejets [&hellip;]<\/p>\n","protected":false},"author":2,"featured_media":44277,"parent":43837,"menu_order":0,"comment_status":"closed","ping_status":"closed","template":"","meta":{"footnotes":""},"class_list":["post-45272","page","type-page","status-publish","has-post-thumbnail","hentry"],"_links":{"self":[{"href":"https:\/\/fondationrivieres.org\/en\/wp-json\/wp\/v2\/pages\/45272","targetHints":{"allow":["GET"]}}],"collection":[{"href":"https:\/\/fondationrivieres.org\/en\/wp-json\/wp\/v2\/pages"}],"about":[{"href":"https:\/\/fondationrivieres.org\/en\/wp-json\/wp\/v2\/types\/page"}],"author":[{"embeddable":true,"href":"https:\/\/fondationrivieres.org\/en\/wp-json\/wp\/v2\/users\/2"}],"replies":[{"embeddable":true,"href":"https:\/\/fondationrivieres.org\/en\/wp-json\/wp\/v2\/comments?post=45272"}],"version-history":[{"count":784,"href":"https:\/\/fondationrivieres.org\/en\/wp-json\/wp\/v2\/pages\/45272\/revisions"}],"predecessor-version":[{"id":76485,"href":"https:\/\/fondationrivieres.org\/en\/wp-json\/wp\/v2\/pages\/45272\/revisions\/76485"}],"up":[{"embeddable":true,"href":"https:\/\/fondationrivieres.org\/en\/wp-json\/wp\/v2\/pages\/43837"}],"wp:featuredmedia":[{"embeddable":true,"href":"https:\/\/fondationrivieres.org\/en\/wp-json\/wp\/v2\/media\/44277"}],"wp:attachment":[{"href":"https:\/\/fondationrivieres.org\/en\/wp-json\/wp\/v2\/media?parent=45272"}],"curies":[{"name":"wp","href":"https:\/\/api.w.org\/{rel}","templated":true}]}}