{"id":44826,"date":"2022-09-15T15:36:09","date_gmt":"2022-09-15T19:36:09","guid":{"rendered":"https:\/\/sandbox.cdgdeveloppeur.com\/web\/fondationrivieres_dev\/?page_id=44826"},"modified":"2025-05-23T11:08:00","modified_gmt":"2025-05-23T15:08:00","slug":"baignade","status":"publish","type":"page","link":"https:\/\/fondationrivieres.org\/en\/notre-expertise\/boite-a-outils\/baignade\/","title":{"rendered":"Ouverture d&rsquo;une zone de baignade : les facteurs \u00e0 prendre en compte"},"content":{"rendered":"\t\t<div data-elementor-type=\"wp-page\" data-elementor-id=\"44826\" class=\"elementor elementor-44826\" data-elementor-post-type=\"page\">\n\t\t\t\t<div class=\"elementor-element elementor-element-d3abe23 e-flex e-con-boxed e-con e-parent\" data-id=\"d3abe23\" data-element_type=\"container\" data-e-type=\"container\" data-settings=\"{&quot;jet_parallax_layout_list&quot;:[{&quot;_id&quot;:&quot;563e08e&quot;,&quot;jet_parallax_layout_image&quot;:{&quot;url&quot;:&quot;&quot;,&quot;id&quot;:&quot;&quot;,&quot;size&quot;:&quot;&quot;},&quot;jet_parallax_layout_image_tablet&quot;:{&quot;url&quot;:&quot;&quot;,&quot;id&quot;:&quot;&quot;,&quot;size&quot;:&quot;&quot;},&quot;jet_parallax_layout_image_mobile&quot;:{&quot;url&quot;:&quot;&quot;,&quot;id&quot;:&quot;&quot;,&quot;size&quot;:&quot;&quot;},&quot;jet_parallax_layout_speed&quot;:{&quot;unit&quot;:&quot;%&quot;,&quot;size&quot;:50,&quot;sizes&quot;:[]},&quot;jet_parallax_layout_type&quot;:&quot;scroll&quot;,&quot;jet_parallax_layout_direction&quot;:&quot;1&quot;,&quot;jet_parallax_layout_fx_direction&quot;:null,&quot;jet_parallax_layout_z_index&quot;:&quot;&quot;,&quot;jet_parallax_layout_bg_x&quot;:50,&quot;jet_parallax_layout_bg_x_tablet&quot;:&quot;&quot;,&quot;jet_parallax_layout_bg_x_mobile&quot;:&quot;&quot;,&quot;jet_parallax_layout_bg_y&quot;:50,&quot;jet_parallax_layout_bg_y_tablet&quot;:&quot;&quot;,&quot;jet_parallax_layout_bg_y_mobile&quot;:&quot;&quot;,&quot;jet_parallax_layout_bg_size&quot;:&quot;auto&quot;,&quot;jet_parallax_layout_bg_size_tablet&quot;:&quot;&quot;,&quot;jet_parallax_layout_bg_size_mobile&quot;:&quot;&quot;,&quot;jet_parallax_layout_animation_prop&quot;:&quot;transform&quot;,&quot;jet_parallax_layout_on&quot;:[&quot;desktop&quot;,&quot;tablet&quot;]}],&quot;background_background&quot;:&quot;classic&quot;}\">\n\t\t\t\t\t<div class=\"e-con-inner\">\n\t\t<div class=\"elementor-element elementor-element-b7a4ed3 e-con-full elementor-hidden-tablet elementor-hidden-mobile e-flex e-con e-child\" data-id=\"b7a4ed3\" data-element_type=\"container\" data-e-type=\"container\" data-settings=\"{&quot;background_background&quot;:&quot;classic&quot;,&quot;jet_parallax_layout_list&quot;:[]}\">\n\t\t\t\t<div class=\"elementor-element elementor-element-2570deb elementor-widget elementor-widget-jet-breadcrumbs\" data-id=\"2570deb\" data-element_type=\"widget\" data-e-type=\"widget\" data-widget_type=\"jet-breadcrumbs.default\">\n\t\t\t\t<div class=\"elementor-widget-container\">\n\t\t\t\t\t<div class=\"elementor-jet-breadcrumbs jet-blocks\">\n\t\t<div class=\"jet-breadcrumbs\">\n\t\t<div class=\"jet-breadcrumbs__content\">\n\t\t<div class=\"jet-breadcrumbs__wrap\"><div class=\"jet-breadcrumbs__item\"><a href=\"https:\/\/fondationrivieres.org\/en\/\" class=\"jet-breadcrumbs__item-link is-home\" rel=\"home\" title=\"Fondation Rivi\u00e8res\">Fondation Rivi\u00e8res<\/a><\/div>\n\t\t<\/div>\n\t\t<\/div>\n\t\t<\/div><\/div>\t\t\t\t<\/div>\n\t\t\t\t<\/div>\n\t\t\t\t<div class=\"elementor-element elementor-element-24b9755 elementor-widget elementor-widget-heading\" data-id=\"24b9755\" data-element_type=\"widget\" data-e-type=\"widget\" data-widget_type=\"heading.default\">\n\t\t\t\t<div class=\"elementor-widget-container\">\n\t\t\t\t\t<h1 class=\"elementor-heading-title elementor-size-default\">Ouverture de zone de baignade : ne pas oublier la qualit\u00e9 de l\u2019eau !<\/h1>\t\t\t\t<\/div>\n\t\t\t\t<\/div>\n\t\t\t\t<div class=\"elementor-element elementor-element-74a00cd elementor-widget-divider--view-line elementor-widget elementor-widget-divider\" data-id=\"74a00cd\" data-element_type=\"widget\" data-e-type=\"widget\" data-widget_type=\"divider.default\">\n\t\t\t\t<div class=\"elementor-widget-container\">\n\t\t\t\t\t\t\t<div class=\"elementor-divider\">\n\t\t\t<span class=\"elementor-divider-separator\">\n\t\t\t\t\t\t<\/span>\n\t\t<\/div>\n\t\t\t\t\t\t<\/div>\n\t\t\t\t<\/div>\n\t\t\t\t<\/div>\n\t\t\t\t\t<\/div>\n\t\t\t\t<\/div>\n\t\t<div class=\"elementor-element elementor-element-e1b3e9d e-flex e-con-boxed e-con e-parent\" data-id=\"e1b3e9d\" data-element_type=\"container\" data-e-type=\"container\" data-settings=\"{&quot;jet_parallax_layout_list&quot;:[]}\">\n\t\t\t\t\t<div class=\"e-con-inner\">\n\t\t\t\t<div class=\"elementor-element elementor-element-b02af81 elementor-widget elementor-widget-text-editor\" data-id=\"b02af81\" data-element_type=\"widget\" data-e-type=\"widget\" data-widget_type=\"text-editor.default\">\n\t\t\t\t<div class=\"elementor-widget-container\">\n\t\t\t\t\t\t\t\t\t<p><span style=\"font-weight: 400;\">Lors de l\u2019ouverture d\u2019une zone de baignade, de multiples facteurs doivent \u00eatre pris en compte pour assurer la s\u00e9curit\u00e9 des visiteurs: la pente de la rive, la vitesse de l\u2019eau, l\u2019\u00e9cosyst\u00e8me (les zones sensibles, etc.), l\u2019\u00e9ventuelle pr\u00e9sence de sauveteurs, etc. Ils sont expliqu\u00e9s dans le <\/span><a href=\"https:\/\/societedesauvetage.org\/wp-content\/uploads\/2019\/12\/Guide-de-bonnes-pratiques-%C3%A0-l%E2%80%99intention-des-propri%C3%A9taires-et-exploitants-de-sites-riverains.pdf\" target=\"_blank\" rel=\"noopener\">Guide de bonnes pratiques \u00e0 l\u2019intention des propri\u00e9taires et exploitants de sites riverains.<\/a><\/p><p>Le principal aspect \u00e0 consid\u00e9rer pour la s\u00e9curit\u00e9 des visiteurs est la qualit\u00e9 de l\u2019eau qui doit avoir une concentration de moins de 235 UFC\/100 mL selon les normes de Sant\u00e9 Canada. Elle peut varier dans les rivi\u00e8res de mani\u00e8re ponctuelle, notamment en cas de fortes pluies qui entra\u00eenent parfois des d\u00e9versements d\u2019eaux us\u00e9es ), lors des \u00e9pandages en milieu agricole qui ruissellent dans les rivi\u00e8res, de fortes quantit\u00e9s de d\u00e9jections d\u2019oiseaux dans la rivi\u00e8re ou lorsque des fosses septiques ne sont pas aux normes. Il peut aussi y avoir une contamination par les sols.<\/p><p>Il est donc essentiel de consid\u00e9rer la qualit\u00e9 de l\u2019eau et ses variations quand on veut ouvrir une zone de baignade.<\/p>\t\t\t\t\t\t\t\t<\/div>\n\t\t\t\t<\/div>\n\t\t\t\t\t<\/div>\n\t\t\t\t<\/div>\n\t\t<div class=\"elementor-element elementor-element-5999c01 e-flex e-con-boxed e-con e-parent\" data-id=\"5999c01\" data-element_type=\"container\" data-e-type=\"container\" data-settings=\"{&quot;jet_parallax_layout_list&quot;:[]}\">\n\t\t\t\t\t<div class=\"e-con-inner\">\n\t\t\t\t<div class=\"elementor-element elementor-element-21f1350 elementor-widget elementor-widget-heading\" data-id=\"21f1350\" data-element_type=\"widget\" data-e-type=\"widget\" data-widget_type=\"heading.default\">\n\t\t\t\t<div class=\"elementor-widget-container\">\n\t\t\t\t\t<h2 class=\"elementor-heading-title elementor-size-default\">\u00c9tape 1 : \u00c9valuer la vuln\u00e9rabilit\u00e9 du site<\/h2>\t\t\t\t<\/div>\n\t\t\t\t<\/div>\n\t\t\t\t<div class=\"elementor-element elementor-element-fe220df elementor-widget elementor-widget-text-editor\" data-id=\"fe220df\" data-element_type=\"widget\" data-e-type=\"widget\" data-widget_type=\"text-editor.default\">\n\t\t\t\t<div class=\"elementor-widget-container\">\n\t\t\t\t\t\t\t\t\t<p><span style=\"font-weight: 400;\">Pour \u00e9valuer le risque de contamination de la rivi\u00e8re, il y a deux aspects \u00e0 consid\u00e9rer :<\/span><\/p>\t\t\t\t\t\t\t\t<\/div>\n\t\t\t\t<\/div>\n\t\t\t\t<div class=\"elementor-element elementor-element-1e3e9b8 elementor-widget elementor-widget-jet-accordion\" data-id=\"1e3e9b8\" data-element_type=\"widget\" data-e-type=\"widget\" data-widget_type=\"jet-accordion.default\">\n\t\t\t\t<div class=\"elementor-widget-container\">\n\t\t\t\t\t\t\t\t\t<div class=\"jet-accordion\" data-settings=\"{&quot;collapsible&quot;:false,&quot;ajaxTemplate&quot;:false,&quot;switchScrolling&quot;:false,&quot;switchScrollingTablet&quot;:false,&quot;switchScrollingMobile&quot;:false,&quot;switchScrollingOffset&quot;:{&quot;size&quot;:0,&quot;unit&quot;:&quot;px&quot;},&quot;switchScrollingOffsetTablet&quot;:{&quot;size&quot;:0,&quot;unit&quot;:&quot;px&quot;},&quot;switchScrollingOffsetMobile&quot;:{&quot;size&quot;:0,&quot;unit&quot;:&quot;px&quot;},&quot;switchScrollingDelay&quot;:500,&quot;switchScrollingDelayTablet&quot;:500,&quot;switchScrollingDelayMobile&quot;:500}\">\n\t\t\t<div class=\"jet-accordion__inner\">\n\t\t\t\t<div class=\" jet-accordion__item jet-toggle jet-toggle-move-up-effect \">\n\t\t\t\t\t\t\t<div id=\"jet-toggle-control-3171\" class=\"jet-toggle__control elementor-menu-anchor\" data-toggle=\"1\" role=\"button\" tabindex=\"0\" aria-controls=\"jet-toggle-content-3171\" aria-expanded=\"false\" data-template-id=\"false\">\n\t\t\t\t\t\t\t\t<div class=\"jet-toggle__label-icon jet-toggle-icon-position-left\"><span class=\"jet-toggle__icon icon-normal jet-tabs-icon\"><i class=\"fas fa-plus\"><\/i><\/span><span class=\"jet-toggle__icon icon-active jet-tabs-icon\"><i class=\"fas fa-minus\"><\/i><\/span><\/div><h3 class=\"jet-toggle__label-text\">La qualit\u00e9 bact\u00e9riologique<\/h3>\t\t\t\t\t\t\t<\/div>\n\t\t\t\t\t\t\t<div id=\"jet-toggle-content-3171\" class=\"jet-toggle__content\" data-toggle=\"1\" role=\"region\" data-template-id=\"false\">\n\t\t\t\t\t\t\t\t<div class=\"jet-toggle__content-inner\"><p><span style=\"font-weight: 400;\">La contamination bact\u00e9riologique dans les rivi\u00e8res du Qu\u00e9bec est principalement caus\u00e9e par des d\u00e9bordements de r\u00e9seaux d\u2019\u00e9gout, des fosses septiques non conformes ou par des d\u00e9jections animales (ex : oiseaux, animaux d\u2019\u00e9levages). <\/span><\/p><p><span style=\"font-weight: 400;\">Des niveaux trop \u00e9lev\u00e9s de coliformes f\u00e9caux ou d\u2019E. coli (plus de 235 UFC\/100 mL) indiquent un risque pour la sant\u00e9 et peuvent compromettre la baignade.\u00a0<\/span><\/p><p><span style=\"font-weight: 400;\">On peut \u00e9valuer de fa\u00e7on pr\u00e9liminaire le niveau de vuln\u00e9rabilit\u00e9 d\u2019un site en prenant en compte l\u2019historique de qualit\u00e9 de l\u2019eau de la rivi\u00e8re, la fr\u00e9quence des surverses, les niveaux de coliformes f\u00e9caux des effluents \u00e0 proximit\u00e9, la pr\u00e9sence de fermes d\u2019\u00e9levage ainsi que la capacit\u00e9 de dilution du milieu. <\/span><\/p><p><span style=\"font-weight: 400;\">Par contre, pour avoir un portrait fid\u00e8le, il est n\u00e9cessaire de prendre des \u00e9chantillons \u00e0 diff\u00e9rents endroits de la rivi\u00e8re afin de d\u00e9finir un clair patron de contamination.<\/span><\/p><\/div>\n\t\t\t\t\t\t\t<\/div>\n\t\t\t\t\t\t<\/div><div class=\" jet-accordion__item jet-toggle jet-toggle-move-up-effect \">\n\t\t\t\t\t\t\t<div id=\"jet-toggle-control-3172\" class=\"jet-toggle__control elementor-menu-anchor\" data-toggle=\"2\" role=\"button\" tabindex=\"0\" aria-controls=\"jet-toggle-content-3172\" aria-expanded=\"false\" data-template-id=\"false\">\n\t\t\t\t\t\t\t\t<div class=\"jet-toggle__label-icon jet-toggle-icon-position-left\"><span class=\"jet-toggle__icon icon-normal jet-tabs-icon\"><i class=\"fas fa-plus\"><\/i><\/span><span class=\"jet-toggle__icon icon-active jet-tabs-icon\"><i class=\"fas fa-minus\"><\/i><\/span><\/div><h3 class=\"jet-toggle__label-text\">La qualit\u00e9 des sols<\/h3>\t\t\t\t\t\t\t<\/div>\n\t\t\t\t\t\t\t<div id=\"jet-toggle-content-3172\" class=\"jet-toggle__content\" data-toggle=\"2\" role=\"region\" data-template-id=\"false\">\n\t\t\t\t\t\t\t\t<div class=\"jet-toggle__content-inner\"><p><span style=\"font-weight: 400;\">Les s\u00e9diments d\u2019un site de baignade potentiel peuvent repr\u00e9senter un risque pour la sant\u00e9 s\u2019ils sont remis en suspension lors de la baignade. <\/span><\/p><p><span style=\"font-weight: 400;\">Y a-t-il un historique de rejets industriels \u00e0 proximit\u00e9 du site de baignade projet\u00e9? Si c\u2019est le cas, il est n\u00e9cessaire de faire analyser les s\u00e9diments du site pour s\u2019assurer que les concentrations de m\u00e9taux lourds, d\u2019hydrocarbures et autres contaminants toxiques sont n\u00e9gligeables. <\/span><\/p><p><span style=\"font-weight: 400;\">Dans le cas d\u2019un site contamin\u00e9, il pourrait \u00eatre n\u00e9cessaire de recouvrir le fond de site de baignade d\u2019une couche de sable pour emp\u00eacher la resuspension et le brassage du sol ou de proc\u00e9der \u00e0 des travaux de d\u00e9contamination. <\/span><span style=\"font-weight: 400;\">Pour d\u00e9terminer les sources potentielles de contamination d\u2019un site, il faut croiser les r\u00e9sultats d\u2019\u00e9chantillonnage aux diff\u00e9rents facteurs de contamination, tels que les donn\u00e9es de surverse, les donn\u00e9es pluviom\u00e9triques, la pr\u00e9sence aviaire journali\u00e8re et m\u00eame l\u2019origine bact\u00e9riologique de la contamination.<\/span><\/p><\/div>\n\t\t\t\t\t\t\t<\/div>\n\t\t\t\t\t\t<\/div>\t\t\t<\/div>\n\t\t<\/div>\n\t\t\t\t\t\t<\/div>\n\t\t\t\t<\/div>\n\t\t\t\t\t<\/div>\n\t\t\t\t<\/div>\n\t\t<div class=\"elementor-element elementor-element-940a2a3 e-flex e-con-boxed e-con e-parent\" data-id=\"940a2a3\" data-element_type=\"container\" data-e-type=\"container\" data-settings=\"{&quot;jet_parallax_layout_list&quot;:[]}\">\n\t\t\t\t\t<div class=\"e-con-inner\">\n\t\t<div class=\"elementor-element elementor-element-198b911 e-con-full e-flex e-con e-child\" data-id=\"198b911\" data-element_type=\"container\" data-e-type=\"container\" data-settings=\"{&quot;jet_parallax_layout_list&quot;:[],&quot;background_background&quot;:&quot;classic&quot;}\">\n\t\t<div class=\"elementor-element elementor-element-8abbfa8 e-con-full e-flex e-con e-child\" data-id=\"8abbfa8\" data-element_type=\"container\" data-e-type=\"container\" data-settings=\"{&quot;jet_parallax_layout_list&quot;:[]}\">\n\t\t\t\t<div class=\"elementor-element elementor-element-659e4c1 elementor-widget elementor-widget-heading\" data-id=\"659e4c1\" data-element_type=\"widget\" data-e-type=\"widget\" data-widget_type=\"heading.default\">\n\t\t\t\t<div class=\"elementor-widget-container\">\n\t\t\t\t\t<h4 class=\"elementor-heading-title elementor-size-default\">Vous aimeriez que l\u2019on \u00e9value la vuln\u00e9rabilit\u00e9 d\u2019un de vos sites?\u00a0<\/h4>\t\t\t\t<\/div>\n\t\t\t\t<\/div>\n\t\t\t\t<div class=\"elementor-element elementor-element-bb1fb65 elementor-widget__width-initial elementor-widget elementor-widget-text-editor\" data-id=\"bb1fb65\" data-element_type=\"widget\" data-e-type=\"widget\" data-widget_type=\"text-editor.default\">\n\t\t\t\t<div class=\"elementor-widget-container\">\n\t\t\t\t\t\t\t\t\t<p>La Fondation Rivi\u00e8re vous offre ses service pour le suivi de la qualit\u00e9 de l\u2019eau et l&rsquo;accompagnement dans l\u2019ouverture d\u2019un site de plage qui pr\u00e9sente d\u00e9j\u00e0 un bon potentiel!<\/p>\t\t\t\t\t\t\t\t<\/div>\n\t\t\t\t<\/div>\n\t\t\t\t<div class=\"elementor-element elementor-element-a92b053 elementor-widget elementor-widget-jet-button\" data-id=\"a92b053\" data-element_type=\"widget\" data-e-type=\"widget\" data-widget_type=\"jet-button.default\">\n\t\t\t\t<div class=\"elementor-widget-container\">\n\t\t\t\t\t<div class=\"elementor-jet-button jet-elements\"><div class=\"jet-button__container\">\n\t<a class=\"jet-button__instance jet-button__instance--icon-left hover-effect-0\" href=\"https:\/\/fondationrivieres.org\/la-fondation\/contactez-nous\/\">\n\t\t<div class=\"jet-button__plane jet-button__plane-normal\"><\/div>\n\t\t<div class=\"jet-button__plane jet-button__plane-hover\"><\/div>\n\t\t<div class=\"jet-button__state jet-button__state-normal\">\n\t\t\t<span class=\"jet-button__label\">Contactez nous<\/span>\t\t<\/div>\n\t\t<div class=\"jet-button__state jet-button__state-hover\">\n\t\t\t<span class=\"jet-button__label\">Nous pouvons vous accompagner<\/span>\t\t<\/div>\n\t<\/a>\n<\/div>\n<\/div>\t\t\t\t<\/div>\n\t\t\t\t<\/div>\n\t\t\t\t<\/div>\n\t\t<div class=\"elementor-element elementor-element-f4414bc e-con-full e-flex e-con e-child\" data-id=\"f4414bc\" data-element_type=\"container\" data-e-type=\"container\" data-settings=\"{&quot;jet_parallax_layout_list&quot;:[]}\">\n\t\t\t\t<div class=\"elementor-element elementor-element-24fe74f elementor-widget__width-initial elementor-widget elementor-widget-image\" data-id=\"24fe74f\" data-element_type=\"widget\" data-e-type=\"widget\" data-widget_type=\"image.default\">\n\t\t\t\t<div class=\"elementor-widget-container\">\n\t\t\t\t\t\t\t\t\t\t\t\t\t\t\t<img fetchpriority=\"high\" decoding=\"async\" width=\"800\" height=\"533\" src=\"https:\/\/fondationrivieres.org\/wp-content\/uploads\/2018\/06\/Baignade_Andrew-Ly_Unsplash-1024x682.jpg\" class=\"attachment-large size-large wp-image-51830\" alt=\"Baignade dans un lac\" srcset=\"https:\/\/fondationrivieres.org\/wp-content\/uploads\/2018\/06\/Baignade_Andrew-Ly_Unsplash-1024x682.jpg 1024w, https:\/\/fondationrivieres.org\/wp-content\/uploads\/2018\/06\/Baignade_Andrew-Ly_Unsplash-300x200.jpg 300w, https:\/\/fondationrivieres.org\/wp-content\/uploads\/2018\/06\/Baignade_Andrew-Ly_Unsplash-768x511.jpg 768w, https:\/\/fondationrivieres.org\/wp-content\/uploads\/2018\/06\/Baignade_Andrew-Ly_Unsplash-18x12.jpg 18w, https:\/\/fondationrivieres.org\/wp-content\/uploads\/2018\/06\/Baignade_Andrew-Ly_Unsplash.jpg 1500w\" sizes=\"(max-width: 800px) 100vw, 800px\" \/>\t\t\t\t\t\t\t\t\t\t\t\t\t\t\t<\/div>\n\t\t\t\t<\/div>\n\t\t\t\t<\/div>\n\t\t\t\t<\/div>\n\t\t\t\t\t<\/div>\n\t\t\t\t<\/div>\n\t\t<div class=\"elementor-element elementor-element-5ac0a23 e-flex e-con-boxed e-con e-parent\" data-id=\"5ac0a23\" data-element_type=\"container\" data-e-type=\"container\" data-settings=\"{&quot;jet_parallax_layout_list&quot;:[]}\">\n\t\t\t\t\t<div class=\"e-con-inner\">\n\t\t\t\t<div class=\"elementor-element elementor-element-02d341e elementor-widget elementor-widget-heading\" data-id=\"02d341e\" data-element_type=\"widget\" data-e-type=\"widget\" data-widget_type=\"heading.default\">\n\t\t\t\t<div class=\"elementor-widget-container\">\n\t\t\t\t\t<h2 class=\"elementor-heading-title elementor-size-default\">\u00c9tape 2 : Limiter la vuln\u00e9rabilit\u00e9 du site<\/h2>\t\t\t\t<\/div>\n\t\t\t\t<\/div>\n\t\t\t\t<div class=\"elementor-element elementor-element-79be1a4 elementor-widget elementor-widget-text-editor\" data-id=\"79be1a4\" data-element_type=\"widget\" data-e-type=\"widget\" data-widget_type=\"text-editor.default\">\n\t\t\t\t<div class=\"elementor-widget-container\">\n\t\t\t\t\t\t\t\t\t<p><span style=\"font-weight: 400;\">L\u2019analyse des donn\u00e9es de qualit\u00e9 de l\u2019eau permet de d\u00e9terminer le patron de contamination de la rivi\u00e8re. Autrement dit, il nous permet de d\u00e9terminer de quelle mani\u00e8re la contamination se d\u00e9place dans la rivi\u00e8re et combien de temps cela prend avant que la qualit\u00e9 de l\u2019eau redevienne normale. <\/span><\/p><p><span style=\"font-weight: 400;\">Gr\u00e2ce aux donn\u00e9es collect\u00e9es, on peut m\u00eame d\u00e9terminer un protocole de fermeture d\u00e9taillant un seuil de vuln\u00e9rabilit\u00e9 face aux pr\u00e9cipitations avant que la qualit\u00e9 de l\u2019eau se d\u00e9grade. Par exemple, nous avons d\u00e9termin\u00e9 qu\u2019\u00e0 <\/span><a href=\"https:\/\/fondationrivieres.org\/projets\/bassin-de-chambly-qualite-eau-phase2\/\"><span style=\"font-weight: 400;\">Chambly<\/span><\/a><span style=\"font-weight: 400;\">, pr\u00e8s du centre nautique, que si les pr\u00e9cipitations d\u00e9passent un total de 26mm dans les trois derniers jours, il est n\u00e9cessaire de fermer le site pour une journ\u00e9e avant que la qualit\u00e9 de l\u2019eau revienne \u00e0 la normale.<\/span>\u00a0<\/p>\t\t\t\t\t\t\t\t<\/div>\n\t\t\t\t<\/div>\n\t\t\t\t\t<\/div>\n\t\t\t\t<\/div>\n\t\t<div class=\"elementor-element elementor-element-3e79b56 e-flex e-con-boxed e-con e-parent\" data-id=\"3e79b56\" data-element_type=\"container\" data-e-type=\"container\" data-settings=\"{&quot;jet_parallax_layout_list&quot;:[]}\">\n\t\t\t\t\t<div class=\"e-con-inner\">\n\t\t\t\t<div class=\"elementor-element elementor-element-bca0db1 elementor-widget__width-initial elementor-widget-tablet__width-initial elementor-hidden-tablet elementor-hidden-mobile elementor-widget elementor-widget-image\" data-id=\"bca0db1\" data-element_type=\"widget\" data-e-type=\"widget\" data-widget_type=\"image.default\">\n\t\t\t\t<div class=\"elementor-widget-container\">\n\t\t\t\t\t\t\t\t\t\t\t\t\t\t\t<img decoding=\"async\" width=\"768\" height=\"1024\" src=\"https:\/\/fondationrivieres.org\/wp-content\/uploads\/2022\/07\/R3-Quai-Marina-de-la-Rive-Nord_Repentigny-scaled-1-768x1024.jpg\" class=\"attachment-large size-large wp-image-41704\" alt=\"[R3] Quai Marina de la Rive Nord_Repentigny_2022_Cr\u00e9dit Coralie Massey-Cantin\" srcset=\"https:\/\/fondationrivieres.org\/wp-content\/uploads\/2022\/07\/R3-Quai-Marina-de-la-Rive-Nord_Repentigny-scaled-1-768x1024.jpg 768w, https:\/\/fondationrivieres.org\/wp-content\/uploads\/2022\/07\/R3-Quai-Marina-de-la-Rive-Nord_Repentigny-scaled-1-225x300.jpg 225w, https:\/\/fondationrivieres.org\/wp-content\/uploads\/2022\/07\/R3-Quai-Marina-de-la-Rive-Nord_Repentigny-scaled-1-1152x1536.jpg 1152w, https:\/\/fondationrivieres.org\/wp-content\/uploads\/2022\/07\/R3-Quai-Marina-de-la-Rive-Nord_Repentigny-scaled-1-1536x2048.jpg 1536w, https:\/\/fondationrivieres.org\/wp-content\/uploads\/2022\/07\/R3-Quai-Marina-de-la-Rive-Nord_Repentigny-scaled-1.jpg 1440w\" sizes=\"(max-width: 768px) 100vw, 768px\" \/>\t\t\t\t\t\t\t\t\t\t\t\t\t\t\t<\/div>\n\t\t\t\t<\/div>\n\t\t\t\t<div class=\"elementor-element elementor-element-37e9c88 elementor-widget elementor-widget-text-editor\" data-id=\"37e9c88\" data-element_type=\"widget\" data-e-type=\"widget\" data-widget_type=\"text-editor.default\">\n\t\t\t\t<div class=\"elementor-widget-container\">\n\t\t\t\t\t\t\t\t\t<p><span style=\"font-weight: 400;\">De plus, nous sommes aussi en mesure d\u2019identifier les sources de contamination de la rivi\u00e8re. Cela peut \u00eatre caus\u00e9 par des raccordements crois\u00e9s, des fosses septiques non conformes, des ouvrages de surverses particuli\u00e8rement sollicit\u00e9s, des industries, etc. Une fois les sources identifi\u00e9es, nous sommes aussi d\u2019effectuer des recommandations pour limiter la vuln\u00e9rabilit\u00e9 du site. Ces recommandations peuvent \u00eatre :\u00a0<\/span><\/p><ul><li style=\"font-weight: 400;\" aria-level=\"1\"><span style=\"font-weight: 400;\">L\u2019identification et la correction de contamination par temps sec (quand il ne pleut pas), qui peut \u00eatre caus\u00e9e par des raccordements crois\u00e9s.<\/span><\/li><li style=\"font-weight: 400;\" aria-level=\"1\"><span style=\"font-weight: 400;\">L\u2019identification et la mise \u00e0 niveau de fosses septiques non conforme.<\/span><\/li><li style=\"font-weight: 400;\" aria-level=\"1\"><span style=\"font-weight: 400;\">etc.\u00a0<\/span><\/li><\/ul><p><span style=\"font-weight: 400;\">Dans des cas plus pr\u00e9cis, lors d\u2019une <\/span><a href=\"https:\/\/fondationrivieres.org\/riviere-du-nord-traitement-des-eaux-usees-se-baigner-entre-prevost-saint-jerome\/\"><span style=\"font-weight: 400;\">\u00e9tude r\u00e9alis\u00e9e sur la rivi\u00e8re du Nord<\/span><\/a><span style=\"font-weight: 400;\">, nous avons remarqu\u00e9 le manque d\u2019efficacit\u00e9 du traitement UV de la station d\u2019\u00e9puration de Saint-Ad\u00e8le. Maintenant, ils proc\u00e8dent <\/span><span style=\"font-weight: 400;\">au nettoyage des lampes UV chaque mois ce qui a d\u00e9finitivement am\u00e9lior\u00e9 la qualit\u00e9 de l\u2019eau. Dans le cadre d\u2019une autre \u00e9tude, nous avons identifi\u00e9 l\u2019obstruction d\u2019une conduite d\u00e9bordant par une bouche d\u2019\u00e9go\u00fbt dans le ruisseau des Hauteurs qui se jette dans la rivi\u00e8re du Nord. Le responsable? Les lingettes humides.\u00a0<\/span><\/p>\t\t\t\t\t\t\t\t<\/div>\n\t\t\t\t<\/div>\n\t\t\t\t\t<\/div>\n\t\t\t\t<\/div>\n\t\t<div class=\"elementor-element elementor-element-96103b4 e-flex e-con-boxed e-con e-parent\" data-id=\"96103b4\" data-element_type=\"container\" data-e-type=\"container\" data-settings=\"{&quot;jet_parallax_layout_list&quot;:[]}\">\n\t\t\t\t\t<div class=\"e-con-inner\">\n\t\t\t\t<div class=\"elementor-element elementor-element-404f260 elementor-widget elementor-widget-text-editor\" data-id=\"404f260\" data-element_type=\"widget\" data-e-type=\"widget\" data-widget_type=\"text-editor.default\">\n\t\t\t\t<div class=\"elementor-widget-container\">\n\t\t\t\t\t\t\t\t\t<p><span style=\"font-weight: 400;\">Avec ce seuil de vuln\u00e9rabilit\u00e9 et des recommandations pour am\u00e9liorer la qualit\u00e9 de l&rsquo;eau de vos rivi\u00e8res, vous serez outill\u00e9 pour ouvrir un espace de baignade.<\/span><\/p>\t\t\t\t\t\t\t\t<\/div>\n\t\t\t\t<\/div>\n\t\t\t\t\t<\/div>\n\t\t\t\t<\/div>\n\t\t\t\t<section class=\"elementor-section elementor-top-section elementor-element elementor-element-72b4a8b elementor-section-boxed elementor-section-height-default elementor-section-height-default\" data-id=\"72b4a8b\" data-element_type=\"section\" data-e-type=\"section\" data-settings=\"{&quot;jet_parallax_layout_list&quot;:[]}\">\n\t\t\t\t\t\t<div class=\"elementor-container elementor-column-gap-default\">\n\t\t\t\t\t<div class=\"elementor-column elementor-col-100 elementor-top-column elementor-element elementor-element-9966e75\" data-id=\"9966e75\" data-element_type=\"column\" data-e-type=\"column\">\n\t\t\t<div class=\"elementor-widget-wrap elementor-element-populated\">\n\t\t\t\t\t\t<div class=\"elementor-element elementor-element-423eed5 elementor-widget elementor-widget-text-editor\" data-id=\"423eed5\" data-element_type=\"widget\" data-e-type=\"widget\" data-widget_type=\"text-editor.default\">\n\t\t\t\t<div class=\"elementor-widget-container\">\n\t\t\t\t\t\t\t\t\t<h2>D\u00e9couvrez les municipalit\u00e9s qui ont collabor\u00e9 avec la Fondation Rivi\u00e8res pour l\u2019\u00e9valuation d\u2019ouverture d\u2019un site de baignade<\/h2>\t\t\t\t\t\t\t\t<\/div>\n\t\t\t\t<\/div>\n\t\t\t\t<div class=\"elementor-element elementor-element-2f80f49 elementor-grid-3 elementor-grid-tablet-2 elementor-grid-mobile-1 elementor-posts--thumbnail-top elementor-card-shadow-yes elementor-posts__hover-gradient elementor-widget elementor-widget-posts\" data-id=\"2f80f49\" data-element_type=\"widget\" data-e-type=\"widget\" data-settings=\"{&quot;cards_columns&quot;:&quot;3&quot;,&quot;cards_columns_tablet&quot;:&quot;2&quot;,&quot;cards_columns_mobile&quot;:&quot;1&quot;,&quot;cards_row_gap&quot;:{&quot;unit&quot;:&quot;px&quot;,&quot;size&quot;:35,&quot;sizes&quot;:[]},&quot;cards_row_gap_tablet&quot;:{&quot;unit&quot;:&quot;px&quot;,&quot;size&quot;:&quot;&quot;,&quot;sizes&quot;:[]},&quot;cards_row_gap_mobile&quot;:{&quot;unit&quot;:&quot;px&quot;,&quot;size&quot;:&quot;&quot;,&quot;sizes&quot;:[]}}\" data-widget_type=\"posts.cards\">\n\t\t\t\t<div class=\"elementor-widget-container\">\n\t\t\t\t\t\t\t<div class=\"elementor-posts-container elementor-posts elementor-posts--skin-cards elementor-grid\" role=\"list\">\n\t\t\t\t<article class=\"elementor-post elementor-grid-item post-50588 projets type-projets status-publish has-post-thumbnail hentry types-de-projets-suivi-de-la-qualite-de-leau categories-de-projets-projets\" role=\"listitem\">\n\t\t\t<div class=\"elementor-post__card\">\n\t\t\t\t<a class=\"elementor-post__thumbnail__link\" href=\"https:\/\/fondationrivieres.org\/en\/projets\/riviere-chateauguay-suivi-qualite-de-leau\/\" tabindex=\"-1\"><div class=\"elementor-post__thumbnail\"><img decoding=\"async\" width=\"1920\" height=\"1440\" src=\"https:\/\/fondationrivieres.org\/wp-content\/uploads\/2022\/02\/M2-scaled-1.jpg\" class=\"attachment-full size-full wp-image-30198\" alt=\"Rivi\u00e8re Ch\u00e2teauguay\" srcset=\"https:\/\/fondationrivieres.org\/wp-content\/uploads\/2022\/02\/M2-scaled-1.jpg 1920w, https:\/\/fondationrivieres.org\/wp-content\/uploads\/2022\/02\/M2-scaled-1-300x225.jpg 300w, https:\/\/fondationrivieres.org\/wp-content\/uploads\/2022\/02\/M2-scaled-1-1024x768.jpg 1024w, https:\/\/fondationrivieres.org\/wp-content\/uploads\/2022\/02\/M2-scaled-1-768x576.jpg 768w, https:\/\/fondationrivieres.org\/wp-content\/uploads\/2022\/02\/M2-scaled-1-1536x1152.jpg 1536w, https:\/\/fondationrivieres.org\/wp-content\/uploads\/2022\/02\/M2-scaled-1-2048x1536.jpg 2048w\" sizes=\"(max-width: 1920px) 100vw, 1920px\" \/><\/div><\/a>\n\t\t\t\t<div class=\"elementor-post__text\">\n\t\t\t\t<h3 class=\"elementor-post__title\">\n\t\t\t<a href=\"https:\/\/fondationrivieres.org\/en\/projets\/riviere-chateauguay-suivi-qualite-de-leau\/\">\n\t\t\t\tRivi\u00e8re Ch\u00e2teauguay &#8211; Suivi de la qualit\u00e9 de l\u2019eau\t\t\t<\/a>\n\t\t<\/h3>\n\t\t\n\t\t<a class=\"elementor-post__read-more\" href=\"https:\/\/fondationrivieres.org\/en\/projets\/riviere-chateauguay-suivi-qualite-de-leau\/\" aria-label=\"Read more about Rivi\u00e8re Ch\u00e2teauguay &#8211; Suivi de la qualit\u00e9 de l\u2019eau\" tabindex=\"-1\">\n\t\t\tLire la suite \u00bb\t\t<\/a>\n\n\t\t\t\t<\/div>\n\t\t\t\t\t<\/div>\n\t\t<\/article>\n\t\t\t\t<article class=\"elementor-post elementor-grid-item post-50597 projets type-projets status-publish has-post-thumbnail hentry types-de-projets-depistage-de-sources-de-pollution types-de-projets-suivi-de-la-qualite-de-leau categories-de-projets-projets\" role=\"listitem\">\n\t\t\t<div class=\"elementor-post__card\">\n\t\t\t\t<a class=\"elementor-post__thumbnail__link\" href=\"https:\/\/fondationrivieres.org\/en\/projets\/riviere-du-nord-suivi-qualite-de-leau-depistage-pollution\/\" tabindex=\"-1\"><div class=\"elementor-post__thumbnail\"><img loading=\"lazy\" decoding=\"async\" width=\"1500\" height=\"1125\" src=\"https:\/\/fondationrivieres.org\/wp-content\/uploads\/2021\/11\/Cover_StJerome_Riviere-du-Nord.jpg\" class=\"attachment-full size-full wp-image-62679\" alt=\"Rivi\u00e8re du Nord_Saint-J\u00e9r\u00f4me_Suivi de la qualit\u00e9 de l&#039;eau_sources de pollution_Fondation Rivi\u00e8res\" srcset=\"https:\/\/fondationrivieres.org\/wp-content\/uploads\/2021\/11\/Cover_StJerome_Riviere-du-Nord.jpg 1500w, https:\/\/fondationrivieres.org\/wp-content\/uploads\/2021\/11\/Cover_StJerome_Riviere-du-Nord-300x225.jpg 300w, https:\/\/fondationrivieres.org\/wp-content\/uploads\/2021\/11\/Cover_StJerome_Riviere-du-Nord-1024x768.jpg 1024w, https:\/\/fondationrivieres.org\/wp-content\/uploads\/2021\/11\/Cover_StJerome_Riviere-du-Nord-768x576.jpg 768w, https:\/\/fondationrivieres.org\/wp-content\/uploads\/2021\/11\/Cover_StJerome_Riviere-du-Nord-16x12.jpg 16w\" sizes=\"(max-width: 1500px) 100vw, 1500px\" \/><\/div><\/a>\n\t\t\t\t<div class=\"elementor-post__text\">\n\t\t\t\t<h3 class=\"elementor-post__title\">\n\t\t\t<a href=\"https:\/\/fondationrivieres.org\/en\/projets\/riviere-du-nord-suivi-qualite-de-leau-depistage-pollution\/\">\n\t\t\t\tRivi\u00e8re du Nord \u2013 Suivi de la qualit\u00e9 de l\u2019eau et d\u00e9pistage de sources de pollution (Saint-J\u00e9r\u00f4me)\t\t\t<\/a>\n\t\t<\/h3>\n\t\t\n\t\t<a class=\"elementor-post__read-more\" href=\"https:\/\/fondationrivieres.org\/en\/projets\/riviere-du-nord-suivi-qualite-de-leau-depistage-pollution\/\" aria-label=\"Read more about Rivi\u00e8re du Nord \u2013 Suivi de la qualit\u00e9 de l\u2019eau et d\u00e9pistage de sources de pollution (Saint-J\u00e9r\u00f4me)\" tabindex=\"-1\">\n\t\t\tLire la suite \u00bb\t\t<\/a>\n\n\t\t\t\t<\/div>\n\t\t\t\t\t<\/div>\n\t\t<\/article>\n\t\t\t\t<article class=\"elementor-post elementor-grid-item post-47787 projets type-projets status-publish has-post-thumbnail hentry types-de-projets-suivi-de-la-qualite-de-leau categories-de-projets-projets\" role=\"listitem\">\n\t\t\t<div class=\"elementor-post__card\">\n\t\t\t\t<a class=\"elementor-post__thumbnail__link\" href=\"https:\/\/fondationrivieres.org\/en\/projets\/assomption-suivi-qualite-de-leau\/\" tabindex=\"-1\"><div class=\"elementor-post__thumbnail\"><img loading=\"lazy\" decoding=\"async\" width=\"1920\" height=\"1440\" src=\"https:\/\/fondationrivieres.org\/wp-content\/uploads\/2022\/03\/plage-de-lassomption-1-scaled-1.jpeg\" class=\"attachment-full size-full wp-image-31648\" alt=\"Plage L&#039;Assomption L\u00e9o Jacques - Fondation Rivi\u00e8res\" srcset=\"https:\/\/fondationrivieres.org\/wp-content\/uploads\/2022\/03\/plage-de-lassomption-1-scaled-1.jpeg 1920w, https:\/\/fondationrivieres.org\/wp-content\/uploads\/2022\/03\/plage-de-lassomption-1-scaled-1-300x225.jpeg 300w, https:\/\/fondationrivieres.org\/wp-content\/uploads\/2022\/03\/plage-de-lassomption-1-scaled-1-1024x768.jpeg 1024w, https:\/\/fondationrivieres.org\/wp-content\/uploads\/2022\/03\/plage-de-lassomption-1-scaled-1-768x576.jpeg 768w, https:\/\/fondationrivieres.org\/wp-content\/uploads\/2022\/03\/plage-de-lassomption-1-scaled-1-1536x1152.jpeg 1536w, https:\/\/fondationrivieres.org\/wp-content\/uploads\/2022\/03\/plage-de-lassomption-1-scaled-1-2048x1536.jpeg 2048w\" sizes=\"(max-width: 1920px) 100vw, 1920px\" \/><\/div><\/a>\n\t\t\t\t<div class=\"elementor-post__text\">\n\t\t\t\t<h3 class=\"elementor-post__title\">\n\t\t\t<a href=\"https:\/\/fondationrivieres.org\/en\/projets\/assomption-suivi-qualite-de-leau\/\">\n\t\t\t\tRivi\u00e8re L\u2019Assomption \u2013 Suivi de la qualit\u00e9 de l\u2019eau\t\t\t<\/a>\n\t\t<\/h3>\n\t\t\n\t\t<a class=\"elementor-post__read-more\" href=\"https:\/\/fondationrivieres.org\/en\/projets\/assomption-suivi-qualite-de-leau\/\" aria-label=\"Read more about Rivi\u00e8re L\u2019Assomption \u2013 Suivi de la qualit\u00e9 de l\u2019eau\" tabindex=\"-1\">\n\t\t\tLire la suite \u00bb\t\t<\/a>\n\n\t\t\t\t<\/div>\n\t\t\t\t\t<\/div>\n\t\t<\/article>\n\t\t\t\t<\/div>\n\t\t\n\t\t\t\t\t\t<\/div>\n\t\t\t\t<\/div>\n\t\t\t\t<div class=\"elementor-element elementor-element-560675d elementor-widget elementor-widget-spacer\" data-id=\"560675d\" data-element_type=\"widget\" data-e-type=\"widget\" data-widget_type=\"spacer.default\">\n\t\t\t\t<div class=\"elementor-widget-container\">\n\t\t\t\t\t\t\t<div class=\"elementor-spacer\">\n\t\t\t<div class=\"elementor-spacer-inner\"><\/div>\n\t\t<\/div>\n\t\t\t\t\t\t<\/div>\n\t\t\t\t<\/div>\n\t\t\t\t\t<\/div>\n\t\t<\/div>\n\t\t\t\t\t<\/div>\n\t\t<\/section>\n\t\t\t\t<section class=\"elementor-section elementor-top-section elementor-element elementor-element-03da637 elementor-section-boxed elementor-section-height-default elementor-section-height-default\" data-id=\"03da637\" data-element_type=\"section\" data-e-type=\"section\" data-settings=\"{&quot;jet_parallax_layout_list&quot;:[],&quot;background_background&quot;:&quot;classic&quot;}\">\n\t\t\t\t\t\t<div class=\"elementor-container elementor-column-gap-default\">\n\t\t\t\t\t<div class=\"elementor-column elementor-col-100 elementor-top-column elementor-element elementor-element-42deb1a\" data-id=\"42deb1a\" data-element_type=\"column\" data-e-type=\"column\" data-settings=\"{&quot;background_background&quot;:&quot;classic&quot;}\">\n\t\t\t<div class=\"elementor-widget-wrap elementor-element-populated\">\n\t\t\t\t\t\t<div class=\"elementor-element elementor-element-fd0f0b4 elementor-view-default elementor-widget elementor-widget-icon\" data-id=\"fd0f0b4\" data-element_type=\"widget\" data-e-type=\"widget\" data-widget_type=\"icon.default\">\n\t\t\t\t<div class=\"elementor-widget-container\">\n\t\t\t\t\t\t\t<div class=\"elementor-icon-wrapper\">\n\t\t\t<div class=\"elementor-icon\">\n\t\t\t<i aria-hidden=\"true\" class=\"fas fa-exclamation-triangle\"><\/i>\t\t\t<\/div>\n\t\t<\/div>\n\t\t\t\t\t\t<\/div>\n\t\t\t\t<\/div>\n\t\t\t\t<div class=\"elementor-element elementor-element-05335c8 elementor-widget elementor-widget-text-editor\" data-id=\"05335c8\" data-element_type=\"widget\" data-e-type=\"widget\" data-widget_type=\"text-editor.default\">\n\t\t\t\t<div class=\"elementor-widget-container\">\n\t\t\t\t\t\t\t\t\t<p><strong><span style=\"color: #ffffff;\">Avertissement :\u00a0<\/span><\/strong><\/p><p>Ce guide d\u2019ouverture est une adaptation simplifi\u00e9e des <strong><a href=\"https:\/\/www.canada.ca\/content\/dam\/canada\/health-canada\/migration\/healthy-canadians\/publications\/healthy-living-vie-saine\/water-recreational-recreative-eau\/alt\/pdf\/water-recreational-recreative-eau-fra.pdf\" target=\"_blank\" rel=\"noopener\">Recommandations au sujet de la qualit\u00e9 des eaux utilis\u00e9es \u00e0 des fins r\u00e9cr\u00e9atives au Canada<\/a> <\/strong>et d\u00e9crit le processus g\u00e9n\u00e9ral pr\u00e9alable \u00e0 l\u2019ouverture d\u2019un site de baignade. Des enjeux de s\u00e9curit\u00e9 sp\u00e9cifiques \u00e0 certains sites peuvent n\u00e9cessiter une approche particuli\u00e8re (ex : pr\u00e9sence de mar\u00e9es, vagues produites par les embarcations \u00e0 moteur, historique de prolif\u00e9ration d\u2019algues bleu-vert). Si vous d\u00e9cidez d\u2019aller de l\u2019avant avec l\u2019ouverture d\u2019un site de baignade sans l\u2019accompagnement de la Fondation Rivi\u00e8res, il est fortement recommand\u00e9 de se r\u00e9f\u00e9rer \u00e0 ce guide et de r\u00e9aliser une enqu\u00eate relative \u00e0 la s\u00e9curit\u00e9 et \u00e0 l\u2019hygi\u00e8ne du milieu avant la premi\u00e8re ouverture ainsi qu\u2019avant le d\u00e9but de chaque saison de baignade.<\/p>\t\t\t\t\t\t\t\t<\/div>\n\t\t\t\t<\/div>\n\t\t\t\t\t<\/div>\n\t\t<\/div>\n\t\t\t\t\t<\/div>\n\t\t<\/section>\n\t\t<div class=\"elementor-element elementor-element-844f7cb e-flex e-con-boxed e-con e-parent\" data-id=\"844f7cb\" data-element_type=\"container\" data-e-type=\"container\" data-settings=\"{&quot;jet_parallax_layout_list&quot;:[]}\">\n\t\t\t\t\t<div class=\"e-con-inner\">\n\t\t\t\t<div class=\"elementor-element elementor-element-6257b8c elementor-widget elementor-widget-spacer\" data-id=\"6257b8c\" data-element_type=\"widget\" data-e-type=\"widget\" data-widget_type=\"spacer.default\">\n\t\t\t\t<div class=\"elementor-widget-container\">\n\t\t\t\t\t\t\t<div class=\"elementor-spacer\">\n\t\t\t<div class=\"elementor-spacer-inner\"><\/div>\n\t\t<\/div>\n\t\t\t\t\t\t<\/div>\n\t\t\t\t<\/div>\n\t\t\t\t\t<\/div>\n\t\t\t\t<\/div>\n\t\t\t\t<\/div>\n\t\t","protected":false},"excerpt":{"rendered":"<p>Fondation Rivi\u00e8res Ouverture de zone de baignade : ne pas oublier la qualit\u00e9 de l\u2019eau ! Lors de l\u2019ouverture d\u2019une zone de baignade, de multiples<\/p>","protected":false},"author":2,"featured_media":50957,"parent":45352,"menu_order":0,"comment_status":"closed","ping_status":"closed","template":"","meta":{"footnotes":""},"class_list":["post-44826","page","type-page","status-publish","has-post-thumbnail","hentry"],"_links":{"self":[{"href":"https:\/\/fondationrivieres.org\/en\/wp-json\/wp\/v2\/pages\/44826","targetHints":{"allow":["GET"]}}],"collection":[{"href":"https:\/\/fondationrivieres.org\/en\/wp-json\/wp\/v2\/pages"}],"about":[{"href":"https:\/\/fondationrivieres.org\/en\/wp-json\/wp\/v2\/types\/page"}],"author":[{"embeddable":true,"href":"https:\/\/fondationrivieres.org\/en\/wp-json\/wp\/v2\/users\/2"}],"replies":[{"embeddable":true,"href":"https:\/\/fondationrivieres.org\/en\/wp-json\/wp\/v2\/comments?post=44826"}],"version-history":[{"count":35,"href":"https:\/\/fondationrivieres.org\/en\/wp-json\/wp\/v2\/pages\/44826\/revisions"}],"predecessor-version":[{"id":73187,"href":"https:\/\/fondationrivieres.org\/en\/wp-json\/wp\/v2\/pages\/44826\/revisions\/73187"}],"up":[{"embeddable":true,"href":"https:\/\/fondationrivieres.org\/en\/wp-json\/wp\/v2\/pages\/45352"}],"wp:featuredmedia":[{"embeddable":true,"href":"https:\/\/fondationrivieres.org\/en\/wp-json\/wp\/v2\/media\/50957"}],"wp:attachment":[{"href":"https:\/\/fondationrivieres.org\/en\/wp-json\/wp\/v2\/media?parent=44826"}],"curies":[{"name":"wp","href":"https:\/\/api.w.org\/{rel}","templated":true}]}}