{"id":43837,"date":"2022-09-06T12:41:19","date_gmt":"2022-09-06T16:41:19","guid":{"rendered":"https:\/\/sandbox.cdgdeveloppeur.com\/web\/fondationrivieres_dev\/?page_id=43837"},"modified":"2025-05-23T10:18:36","modified_gmt":"2025-05-23T14:18:36","slug":"actualites-et-ressources","status":"publish","type":"page","link":"https:\/\/fondationrivieres.org\/en\/actualites-et-ressources\/","title":{"rendered":"News and Resources"},"content":{"rendered":"\t\t<div data-elementor-type=\"wp-page\" data-elementor-id=\"43837\" class=\"elementor elementor-43837\" data-elementor-post-type=\"page\">\n\t\t\t\t<div class=\"elementor-element elementor-element-09edeb7 e-flex e-con-boxed e-con e-parent\" data-id=\"09edeb7\" data-element_type=\"container\" data-e-type=\"container\" data-settings=\"{&quot;background_background&quot;:&quot;classic&quot;,&quot;jet_parallax_layout_list&quot;:[]}\">\n\t\t\t\t\t<div class=\"e-con-inner\">\n\t\t<div class=\"elementor-element elementor-element-d44a3b4 e-con-full e-flex e-con e-child\" data-id=\"d44a3b4\" data-element_type=\"container\" data-e-type=\"container\" data-settings=\"{&quot;jet_parallax_layout_list&quot;:[]}\">\n\t\t\t\t<div class=\"elementor-element elementor-element-011ecfb elementor-widget elementor-widget-jet-breadcrumbs\" data-id=\"011ecfb\" data-element_type=\"widget\" data-e-type=\"widget\" data-widget_type=\"jet-breadcrumbs.default\">\n\t\t\t\t<div class=\"elementor-widget-container\">\n\t\t\t\t\t<div class=\"elementor-jet-breadcrumbs jet-blocks\">\n\t\t<div class=\"jet-breadcrumbs\">\n\t\t<div class=\"jet-breadcrumbs__content\">\n\t\t<div class=\"jet-breadcrumbs__wrap\"><div class=\"jet-breadcrumbs__item\"><a href=\"https:\/\/fondationrivieres.org\/en\/\" class=\"jet-breadcrumbs__item-link is-home\" rel=\"home\" title=\"Fondation Rivi\u00e8res\">Fondation Rivi\u00e8res<\/a><\/div>\n\t\t<\/div>\n\t\t<\/div>\n\t\t<\/div><\/div>\t\t\t\t<\/div>\n\t\t\t\t<\/div>\n\t\t\t\t<div class=\"elementor-element elementor-element-aebd38f elementor-widget elementor-widget-heading\" data-id=\"aebd38f\" data-element_type=\"widget\" data-e-type=\"widget\" data-widget_type=\"heading.default\">\n\t\t\t\t<div class=\"elementor-widget-container\">\n\t\t\t\t\t<h1 class=\"elementor-heading-title elementor-size-default\">Actualit\u00e9s et ressources<\/h1>\t\t\t\t<\/div>\n\t\t\t\t<\/div>\n\t\t\t\t<div class=\"elementor-element elementor-element-b64891b elementor-widget-divider--view-line elementor-widget elementor-widget-divider\" data-id=\"b64891b\" data-element_type=\"widget\" data-e-type=\"widget\" data-widget_type=\"divider.default\">\n\t\t\t\t<div class=\"elementor-widget-container\">\n\t\t\t\t\t\t\t<div class=\"elementor-divider\">\n\t\t\t<span class=\"elementor-divider-separator\">\n\t\t\t\t\t\t<\/span>\n\t\t<\/div>\n\t\t\t\t\t\t<\/div>\n\t\t\t\t<\/div>\n\t\t\t\t<div class=\"elementor-element elementor-element-0260bd5 elementor-widget elementor-widget-heading\" data-id=\"0260bd5\" data-element_type=\"widget\" data-e-type=\"widget\" data-widget_type=\"heading.default\">\n\t\t\t\t<div class=\"elementor-widget-container\">\n\t\t\t\t\t<h2 class=\"elementor-heading-title elementor-size-default\">Plongez dans nos derni\u00e8res actualit\u00e9s<\/h2>\t\t\t\t<\/div>\n\t\t\t\t<\/div>\n\t\t\t\t<\/div>\n\t\t<div class=\"elementor-element elementor-element-780c8fa e-con-full e-flex e-con e-child\" data-id=\"780c8fa\" data-element_type=\"container\" data-e-type=\"container\" data-settings=\"{&quot;jet_parallax_layout_list&quot;:[]}\">\n\t\t\t\t<div class=\"elementor-element elementor-element-eb80e92 elementor-widget elementor-widget-jet-mobile-menu\" data-id=\"eb80e92\" data-element_type=\"widget\" data-e-type=\"widget\" data-widget_type=\"jet-mobile-menu.default\">\n\t\t\t\t<div class=\"elementor-widget-container\">\n\t\t\t\t\t<div  id=\"jet-mobile-menu-69ec59c33b15c\" class=\"jet-mobile-menu jet-mobile-menu--location-elementor\" data-menu-id=\"149\" data-menu-options=\"{&quot;menuUniqId&quot;:&quot;69ec59c33b15c&quot;,&quot;menuId&quot;:&quot;149&quot;,&quot;mobileMenuId&quot;:&quot;&quot;,&quot;location&quot;:&quot;elementor&quot;,&quot;menuLocation&quot;:false,&quot;menuLayout&quot;:&quot;dropdown&quot;,&quot;togglePosition&quot;:&quot;default&quot;,&quot;menuPosition&quot;:&quot;right&quot;,&quot;headerTemplate&quot;:&quot;&quot;,&quot;beforeTemplate&quot;:&quot;&quot;,&quot;afterTemplate&quot;:&quot;&quot;,&quot;useBreadcrumb&quot;:true,&quot;breadcrumbPath&quot;:&quot;full&quot;,&quot;toggleText&quot;:&quot;&quot;,&quot;toggleLoader&quot;:true,&quot;backText&quot;:&quot;&quot;,&quot;itemIconVisible&quot;:true,&quot;itemBadgeVisible&quot;:true,&quot;itemDescVisible&quot;:false,&quot;loaderColor&quot;:&quot;#3a3a3a&quot;,&quot;subEvent&quot;:&quot;click&quot;,&quot;subTrigger&quot;:&quot;item&quot;,&quot;subOpenLayout&quot;:&quot;slide-in&quot;,&quot;closeAfterNavigate&quot;:false,&quot;fillSvgIcon&quot;:true,&quot;megaAjaxLoad&quot;:false}\">\n\t\t\t<mobile-menu><\/mobile-menu><div class=\"jet-mobile-menu__refs\"><div ref=\"toggleClosedIcon\"><i class=\"fas fa-bars\"><\/i><\/div><div ref=\"toggleOpenedIcon\"><i class=\"fas fa-times\"><\/i><\/div><div ref=\"closeIcon\"><i class=\"fas fa-times\"><\/i><\/div><div ref=\"backIcon\"><i class=\"fas fa-angle-left\"><\/i><\/div><div ref=\"dropdownIcon\"><i class=\"fas fa-angle-right\"><\/i><\/div><div ref=\"dropdownOpenedIcon\"><i class=\"fas fa-angle-down\"><\/i><\/div><div ref=\"breadcrumbIcon\"><i class=\"fas fa-angle-right\"><\/i><\/div><\/div><\/div><script id=\"jetMenuMobileWidgetRenderData69ec59c33b15c\" type=\"application\/json\">\n            {\"items\":{\"item-45384\":{\"id\":\"item-45384\",\"name\":\"Actualit\\u00e9s\",\"attrTitle\":false,\"description\":\"\",\"url\":\"https:\\\/\\\/fondationrivieres.org\\\/en\\\/category\\\/actualites\\\/\",\"target\":false,\"xfn\":false,\"itemParent\":false,\"itemId\":45384,\"megaTemplateId\":false,\"megaContent\":false,\"megaContentType\":\"default\",\"open\":false,\"badgeContent\":false,\"itemIcon\":\"\",\"hideItemText\":false,\"classes\":[\"\"],\"signature\":\"\"},\"item-45382\":{\"id\":\"item-45382\",\"name\":\"Communiqu\\u00e9s de presse\",\"attrTitle\":false,\"description\":\"\",\"url\":\"https:\\\/\\\/fondationrivieres.org\\\/en\\\/category\\\/communiques\\\/\",\"target\":false,\"xfn\":false,\"itemParent\":false,\"itemId\":45382,\"megaTemplateId\":false,\"megaContent\":false,\"megaContentType\":\"default\",\"open\":false,\"badgeContent\":false,\"itemIcon\":\"\",\"hideItemText\":false,\"classes\":[\"\"],\"signature\":\"\"},\"item-45386\":{\"id\":\"item-45386\",\"name\":\"Chroniques\",\"attrTitle\":false,\"description\":\"\",\"url\":\"https:\\\/\\\/fondationrivieres.org\\\/en\\\/category\\\/chroniques\\\/\",\"target\":false,\"xfn\":false,\"itemParent\":false,\"itemId\":45386,\"megaTemplateId\":false,\"megaContent\":false,\"megaContentType\":\"default\",\"open\":false,\"badgeContent\":false,\"itemIcon\":\"\",\"hideItemText\":false,\"classes\":[\"\"],\"signature\":\"\"},\"item-45383\":{\"id\":\"item-45383\",\"name\":\"Prises de position\",\"attrTitle\":false,\"description\":\"\",\"url\":\"https:\\\/\\\/fondationrivieres.org\\\/en\\\/category\\\/prises-de-position\\\/\",\"target\":false,\"xfn\":false,\"itemParent\":false,\"itemId\":45383,\"megaTemplateId\":false,\"megaContent\":false,\"megaContentType\":\"default\",\"open\":false,\"badgeContent\":false,\"itemIcon\":\"\",\"hideItemText\":false,\"classes\":[\"\"],\"signature\":\"\"},\"item-45385\":{\"id\":\"item-45385\",\"name\":\"Plaintes et lettres aux gouvernements\",\"attrTitle\":false,\"description\":\"\",\"url\":\"https:\\\/\\\/fondationrivieres.org\\\/en\\\/category\\\/plaintes-lettres-aux-gouvernements\\\/\",\"target\":false,\"xfn\":false,\"itemParent\":false,\"itemId\":45385,\"megaTemplateId\":false,\"megaContent\":false,\"megaContentType\":\"default\",\"open\":false,\"badgeContent\":false,\"itemIcon\":\"\",\"hideItemText\":false,\"classes\":[\"\"],\"signature\":\"\"},\"item-45387\":{\"id\":\"item-45387\",\"name\":\"\\u00c9tudes et rapports\",\"attrTitle\":false,\"description\":\"\",\"url\":\"https:\\\/\\\/fondationrivieres.org\\\/en\\\/category\\\/etudes-rapports\\\/\",\"target\":false,\"xfn\":false,\"itemParent\":false,\"itemId\":45387,\"megaTemplateId\":false,\"megaContent\":false,\"megaContentType\":\"default\",\"open\":false,\"badgeContent\":false,\"itemIcon\":\"\",\"hideItemText\":false,\"classes\":[\"\"],\"signature\":\"\"},\"item-45388\":{\"id\":\"item-45388\",\"name\":\"Guides et conseils\",\"attrTitle\":false,\"description\":\"\",\"url\":\"https:\\\/\\\/fondationrivieres.org\\\/en\\\/category\\\/guides-et-conseils\\\/\",\"target\":false,\"xfn\":false,\"itemParent\":false,\"itemId\":45388,\"megaTemplateId\":false,\"megaContent\":false,\"megaContentType\":\"default\",\"open\":false,\"badgeContent\":false,\"itemIcon\":\"\",\"hideItemText\":false,\"classes\":[\"\"],\"signature\":\"\"}}}        <\/script>\t\t\t\t<\/div>\n\t\t\t\t<\/div>\n\t\t\t\t<\/div>\n\t\t\t\t\t<\/div>\n\t\t\t\t<\/div>\n\t\t<div class=\"elementor-element elementor-element-5703702d e-flex e-con-boxed e-con e-parent\" data-id=\"5703702d\" data-element_type=\"container\" data-e-type=\"container\" data-settings=\"{&quot;background_background&quot;:&quot;classic&quot;,&quot;jet_parallax_layout_list&quot;:[]}\">\n\t\t\t\t\t<div class=\"e-con-inner\">\n\t\t\t\t<div class=\"elementor-element elementor-element-3e81fc2 elementor-widget elementor-widget-spacer\" data-id=\"3e81fc2\" data-element_type=\"widget\" data-e-type=\"widget\" data-widget_type=\"spacer.default\">\n\t\t\t\t<div class=\"elementor-widget-container\">\n\t\t\t\t\t\t\t<div class=\"elementor-spacer\">\n\t\t\t<div class=\"elementor-spacer-inner\"><\/div>\n\t\t<\/div>\n\t\t\t\t\t\t<\/div>\n\t\t\t\t<\/div>\n\t\t\t\t<div class=\"elementor-element elementor-element-2c6ba504 elementor-widget elementor-widget-heading\" data-id=\"2c6ba504\" data-element_type=\"widget\" data-e-type=\"widget\" data-widget_type=\"heading.default\">\n\t\t\t\t<div class=\"elementor-widget-container\">\n\t\t\t\t\t<h3 class=\"elementor-heading-title elementor-size-default\">Nos actualit\u00e9s r\u00e9centes\n<\/h3>\t\t\t\t<\/div>\n\t\t\t\t<\/div>\n\t\t\t\t<div class=\"elementor-element elementor-element-16aaddb elementor-posts--align-left elementor-grid-3 elementor-grid-tablet-2 elementor-grid-mobile-1 elementor-posts--thumbnail-top elementor-card-shadow-yes elementor-posts__hover-gradient elementor-widget elementor-widget-posts\" data-id=\"16aaddb\" data-element_type=\"widget\" data-e-type=\"widget\" data-settings=\"{&quot;pagination_type&quot;:&quot;numbers&quot;,&quot;cards_columns&quot;:&quot;3&quot;,&quot;cards_columns_tablet&quot;:&quot;2&quot;,&quot;cards_columns_mobile&quot;:&quot;1&quot;,&quot;cards_row_gap&quot;:{&quot;unit&quot;:&quot;px&quot;,&quot;size&quot;:35,&quot;sizes&quot;:[]},&quot;cards_row_gap_tablet&quot;:{&quot;unit&quot;:&quot;px&quot;,&quot;size&quot;:&quot;&quot;,&quot;sizes&quot;:[]},&quot;cards_row_gap_mobile&quot;:{&quot;unit&quot;:&quot;px&quot;,&quot;size&quot;:&quot;&quot;,&quot;sizes&quot;:[]}}\" data-widget_type=\"posts.cards\">\n\t\t\t\t<div class=\"elementor-widget-container\">\n\t\t\t\t\t\t\t<div class=\"elementor-posts-container elementor-posts elementor-posts--skin-cards elementor-grid\" role=\"list\">\n\t\t\t\t<article class=\"elementor-post elementor-grid-item post-76466 post type-post status-publish format-standard has-post-thumbnail hentry category-communiques category-actualites tag-programme-environnement-plage\" role=\"listitem\">\n\t\t\t<div class=\"elementor-post__card\">\n\t\t\t\t<a class=\"elementor-post__thumbnail__link\" href=\"https:\/\/fondationrivieres.org\/en\/fin-du-programme-environnement-plage\/\" tabindex=\"-1\" ><div class=\"elementor-post__thumbnail\"><img fetchpriority=\"high\" decoding=\"async\" width=\"800\" height=\"519\" src=\"https:\/\/fondationrivieres.org\/wp-content\/uploads\/2023\/09\/Plage-de-Verdun_credit-ville-de-Montre\u0301al_horizontale-1024x664.jpeg\" class=\"attachment-large size-large wp-image-61202\" alt=\"Plage de Verdun \u00e0 Montr\u00e9al - L&#039;eau \u00e0 Mont\u00e9al\" srcset=\"https:\/\/fondationrivieres.org\/wp-content\/uploads\/2023\/09\/Plage-de-Verdun_credit-ville-de-Montre\u0301al_horizontale-1024x664.jpeg 1024w, https:\/\/fondationrivieres.org\/wp-content\/uploads\/2023\/09\/Plage-de-Verdun_credit-ville-de-Montre\u0301al_horizontale-300x195.jpeg 300w, https:\/\/fondationrivieres.org\/wp-content\/uploads\/2023\/09\/Plage-de-Verdun_credit-ville-de-Montre\u0301al_horizontale-768x498.jpeg 768w, https:\/\/fondationrivieres.org\/wp-content\/uploads\/2023\/09\/Plage-de-Verdun_credit-ville-de-Montre\u0301al_horizontale-18x12.jpeg 18w, https:\/\/fondationrivieres.org\/wp-content\/uploads\/2023\/09\/Plage-de-Verdun_credit-ville-de-Montre\u0301al_horizontale.jpeg 1200w\" sizes=\"(max-width: 800px) 100vw, 800px\" \/><\/div><\/a>\n\t\t\t\t<div class=\"elementor-post__badge\">Communiqu\u00e9s de presse<\/div>\n\t\t\t\t<div class=\"elementor-post__text\">\n\t\t\t\t<h4 class=\"elementor-post__title\">\n\t\t\t<a href=\"https:\/\/fondationrivieres.org\/en\/fin-du-programme-environnement-plage\/\" >\n\t\t\t\tFin du programme Environnement Plage : il ne faut pas l\u2019abolir, il faut l\u2019am\u00e9liorer\t\t\t<\/a>\n\t\t<\/h4>\n\t\t\t\t\t<div class=\"elementor-post__read-more-wrapper\">\n\t\t\n\t\t<a class=\"elementor-post__read-more\" href=\"https:\/\/fondationrivieres.org\/en\/fin-du-programme-environnement-plage\/\" aria-label=\"Read more about Fin du programme Environnement Plage : il ne faut pas l\u2019abolir, il faut l\u2019am\u00e9liorer\" tabindex=\"-1\" >\n\t\t\tLire la suite \u00bb\t\t<\/a>\n\n\t\t\t\t\t<\/div>\n\t\t\t\t<\/div>\n\t\t\t\t<div class=\"elementor-post__meta-data\">\n\t\t\t\t\t<span class=\"elementor-post-date\">\n\t\t\t23 April 2026\t\t<\/span>\n\t\t\t\t<\/div>\n\t\t\t\t\t<\/div>\n\t\t<\/article>\n\t\t\t\t<article class=\"elementor-post elementor-grid-item post-76418 post type-post status-publish format-standard has-post-thumbnail hentry category-communiques category-actualites\" role=\"listitem\">\n\t\t\t<div class=\"elementor-post__card\">\n\t\t\t\t<a class=\"elementor-post__thumbnail__link\" href=\"https:\/\/fondationrivieres.org\/en\/jour-de-la-terre-vire-au-vert\/\" tabindex=\"-1\" ><div class=\"elementor-post__thumbnail\"><img decoding=\"async\" width=\"800\" height=\"450\" src=\"https:\/\/fondationrivieres.org\/wp-content\/uploads\/2026\/04\/Rivie\u0300re-du-Nord_cre\u0301dit-Enclume_Karl-Dorais-Kinkaid_DJI_0083-1024x576.jpg\" class=\"attachment-large size-large wp-image-76421\" alt=\"Rivie\u0300re-du-Nord_Karl-Dorais\" srcset=\"https:\/\/fondationrivieres.org\/wp-content\/uploads\/2026\/04\/Rivie\u0300re-du-Nord_cre\u0301dit-Enclume_Karl-Dorais-Kinkaid_DJI_0083-1024x576.jpg 1024w, https:\/\/fondationrivieres.org\/wp-content\/uploads\/2026\/04\/Rivie\u0300re-du-Nord_cre\u0301dit-Enclume_Karl-Dorais-Kinkaid_DJI_0083-300x169.jpg 300w, https:\/\/fondationrivieres.org\/wp-content\/uploads\/2026\/04\/Rivie\u0300re-du-Nord_cre\u0301dit-Enclume_Karl-Dorais-Kinkaid_DJI_0083-768x432.jpg 768w, https:\/\/fondationrivieres.org\/wp-content\/uploads\/2026\/04\/Rivie\u0300re-du-Nord_cre\u0301dit-Enclume_Karl-Dorais-Kinkaid_DJI_0083-1536x864.jpg 1536w, https:\/\/fondationrivieres.org\/wp-content\/uploads\/2026\/04\/Rivie\u0300re-du-Nord_cre\u0301dit-Enclume_Karl-Dorais-Kinkaid_DJI_0083-2048x1152.jpg 2048w, https:\/\/fondationrivieres.org\/wp-content\/uploads\/2026\/04\/Rivie\u0300re-du-Nord_cre\u0301dit-Enclume_Karl-Dorais-Kinkaid_DJI_0083-18x10.jpg 18w\" sizes=\"(max-width: 800px) 100vw, 800px\" \/><\/div><\/a>\n\t\t\t\t<div class=\"elementor-post__badge\">Communiqu\u00e9s de presse<\/div>\n\t\t\t\t<div class=\"elementor-post__text\">\n\t\t\t\t<h4 class=\"elementor-post__title\">\n\t\t\t<a href=\"https:\/\/fondationrivieres.org\/en\/jour-de-la-terre-vire-au-vert\/\" >\n\t\t\t\tJour de la Terre : la coalition Vire au vert veut des \u00e9lections provinciales connect\u00e9es aux \u00ab besoins urgents \u00bb des Qu\u00e9b\u00e9cois(e)s\t\t\t<\/a>\n\t\t<\/h4>\n\t\t\t\t\t<div class=\"elementor-post__read-more-wrapper\">\n\t\t\n\t\t<a class=\"elementor-post__read-more\" href=\"https:\/\/fondationrivieres.org\/en\/jour-de-la-terre-vire-au-vert\/\" aria-label=\"Read more about Jour de la Terre : la coalition Vire au vert veut des \u00e9lections provinciales connect\u00e9es aux \u00ab besoins urgents \u00bb des Qu\u00e9b\u00e9cois(e)s\" tabindex=\"-1\" >\n\t\t\tLire la suite \u00bb\t\t<\/a>\n\n\t\t\t\t\t<\/div>\n\t\t\t\t<\/div>\n\t\t\t\t<div class=\"elementor-post__meta-data\">\n\t\t\t\t\t<span class=\"elementor-post-date\">\n\t\t\t22 April 2026\t\t<\/span>\n\t\t\t\t<\/div>\n\t\t\t\t\t<\/div>\n\t\t<\/article>\n\t\t\t\t<article class=\"elementor-post elementor-grid-item post-76310 post type-post status-publish format-standard has-post-thumbnail hentry category-actualites category-prises-de-position\" role=\"listitem\">\n\t\t\t<div class=\"elementor-post__card\">\n\t\t\t\t<a class=\"elementor-post__thumbnail__link\" href=\"https:\/\/fondationrivieres.org\/en\/mediation-audience-publique-simon-sicard\/\" tabindex=\"-1\" ><div class=\"elementor-post__thumbnail\"><img decoding=\"async\" width=\"800\" height=\"450\" src=\"https:\/\/fondationrivieres.org\/wp-content\/uploads\/2026\/04\/0003B_bi_001_simf_Louis-HebertSud_241030_LowRes-1-3-1024x576.jpg\" class=\"attachment-large size-large wp-image-76311\" alt=\"Barrage Simon-Sicard\" srcset=\"https:\/\/fondationrivieres.org\/wp-content\/uploads\/2026\/04\/0003B_bi_001_simf_Louis-HebertSud_241030_LowRes-1-3-1024x576.jpg 1024w, https:\/\/fondationrivieres.org\/wp-content\/uploads\/2026\/04\/0003B_bi_001_simf_Louis-HebertSud_241030_LowRes-1-3-300x169.jpg 300w, https:\/\/fondationrivieres.org\/wp-content\/uploads\/2026\/04\/0003B_bi_001_simf_Louis-HebertSud_241030_LowRes-1-3-768x432.jpg 768w, https:\/\/fondationrivieres.org\/wp-content\/uploads\/2026\/04\/0003B_bi_001_simf_Louis-HebertSud_241030_LowRes-1-3-1536x864.jpg 1536w, https:\/\/fondationrivieres.org\/wp-content\/uploads\/2026\/04\/0003B_bi_001_simf_Louis-HebertSud_241030_LowRes-1-3-2048x1152.jpg 2048w, https:\/\/fondationrivieres.org\/wp-content\/uploads\/2026\/04\/0003B_bi_001_simf_Louis-HebertSud_241030_LowRes-1-3-18x10.jpg 18w\" sizes=\"(max-width: 800px) 100vw, 800px\" \/><\/div><\/a>\n\t\t\t\t<div class=\"elementor-post__badge\">Actualit\u00e9s<\/div>\n\t\t\t\t<div class=\"elementor-post__text\">\n\t\t\t\t<h4 class=\"elementor-post__title\">\n\t\t\t<a href=\"https:\/\/fondationrivieres.org\/en\/mediation-audience-publique-simon-sicard\/\" >\n\t\t\t\tDemande d\u2019audience publique avec m\u00e9diation pr\u00e9alable &#8211; R\u00e9fection du mur de sout\u00e8nement du barrage Simon-Sicard\t\t\t<\/a>\n\t\t<\/h4>\n\t\t\t\t\t<div class=\"elementor-post__read-more-wrapper\">\n\t\t\n\t\t<a class=\"elementor-post__read-more\" href=\"https:\/\/fondationrivieres.org\/en\/mediation-audience-publique-simon-sicard\/\" aria-label=\"Read more about Demande d\u2019audience publique avec m\u00e9diation pr\u00e9alable &#8211; R\u00e9fection du mur de sout\u00e8nement du barrage Simon-Sicard\" tabindex=\"-1\" >\n\t\t\tLire la suite \u00bb\t\t<\/a>\n\n\t\t\t\t\t<\/div>\n\t\t\t\t<\/div>\n\t\t\t\t<div class=\"elementor-post__meta-data\">\n\t\t\t\t\t<span class=\"elementor-post-date\">\n\t\t\t17 April 2026\t\t<\/span>\n\t\t\t\t<\/div>\n\t\t\t\t\t<\/div>\n\t\t<\/article>\n\t\t\t\t<article class=\"elementor-post elementor-grid-item post-76281 post type-post status-publish format-standard has-post-thumbnail hentry category-emploi category-actualites tag-offre-demploi tag-relations-gouvernementales\" role=\"listitem\">\n\t\t\t<div class=\"elementor-post__card\">\n\t\t\t\t<a class=\"elementor-post__thumbnail__link\" href=\"https:\/\/fondationrivieres.org\/en\/responsable-des-relations-gouvernementales\/\" tabindex=\"-1\" ><div class=\"elementor-post__thumbnail\"><img loading=\"lazy\" decoding=\"async\" width=\"800\" height=\"800\" src=\"https:\/\/fondationrivieres.org\/wp-content\/uploads\/2026\/04\/Facebook-recrutement-Publication-LinkedIn-1024x1024.png\" class=\"attachment-large size-large wp-image-76297\" alt=\"Recrutement affaires gouvernementales\" srcset=\"https:\/\/fondationrivieres.org\/wp-content\/uploads\/2026\/04\/Facebook-recrutement-Publication-LinkedIn-1024x1024.png 1024w, https:\/\/fondationrivieres.org\/wp-content\/uploads\/2026\/04\/Facebook-recrutement-Publication-LinkedIn-300x300.png 300w, https:\/\/fondationrivieres.org\/wp-content\/uploads\/2026\/04\/Facebook-recrutement-Publication-LinkedIn-150x150.png 150w, https:\/\/fondationrivieres.org\/wp-content\/uploads\/2026\/04\/Facebook-recrutement-Publication-LinkedIn-768x768.png 768w, https:\/\/fondationrivieres.org\/wp-content\/uploads\/2026\/04\/Facebook-recrutement-Publication-LinkedIn-12x12.png 12w, https:\/\/fondationrivieres.org\/wp-content\/uploads\/2026\/04\/Facebook-recrutement-Publication-LinkedIn-400x400.png 400w, https:\/\/fondationrivieres.org\/wp-content\/uploads\/2026\/04\/Facebook-recrutement-Publication-LinkedIn.png 1200w\" sizes=\"(max-width: 800px) 100vw, 800px\" \/><\/div><\/a>\n\t\t\t\t<div class=\"elementor-post__badge\">Offre d&#039;emploi<\/div>\n\t\t\t\t<div class=\"elementor-post__text\">\n\t\t\t\t<h4 class=\"elementor-post__title\">\n\t\t\t<a href=\"https:\/\/fondationrivieres.org\/en\/responsable-des-relations-gouvernementales\/\" >\n\t\t\t\tResponsable des relations gouvernementales\t\t\t<\/a>\n\t\t<\/h4>\n\t\t\t\t\t<div class=\"elementor-post__read-more-wrapper\">\n\t\t\n\t\t<a class=\"elementor-post__read-more\" href=\"https:\/\/fondationrivieres.org\/en\/responsable-des-relations-gouvernementales\/\" aria-label=\"Read more about Responsable des relations gouvernementales\" tabindex=\"-1\" >\n\t\t\tLire la suite \u00bb\t\t<\/a>\n\n\t\t\t\t\t<\/div>\n\t\t\t\t<\/div>\n\t\t\t\t<div class=\"elementor-post__meta-data\">\n\t\t\t\t\t<span class=\"elementor-post-date\">\n\t\t\t16 April 2026\t\t<\/span>\n\t\t\t\t<\/div>\n\t\t\t\t\t<\/div>\n\t\t<\/article>\n\t\t\t\t<article class=\"elementor-post elementor-grid-item post-76242 post type-post status-publish format-standard has-post-thumbnail hentry category-etudes-rapports category-actualites tag-agriculture tag-memoire tag-qualite-de-leau\" role=\"listitem\">\n\t\t\t<div class=\"elementor-post__card\">\n\t\t\t\t<a class=\"elementor-post__thumbnail__link\" href=\"https:\/\/fondationrivieres.org\/en\/memoire-cadre-reglementaire-agricole-rpae\/\" tabindex=\"-1\" ><div class=\"elementor-post__thumbnail\"><img loading=\"lazy\" decoding=\"async\" width=\"800\" height=\"500\" src=\"https:\/\/fondationrivieres.org\/wp-content\/uploads\/2026\/04\/Pollution-agricole_Credit-Hindrik-Sijens_Flickr-1024x640.jpg\" class=\"attachment-large size-large wp-image-76252\" alt=\"rpae agricole m\u00e9moire\" srcset=\"https:\/\/fondationrivieres.org\/wp-content\/uploads\/2026\/04\/Pollution-agricole_Credit-Hindrik-Sijens_Flickr-1024x640.jpg 1024w, https:\/\/fondationrivieres.org\/wp-content\/uploads\/2026\/04\/Pollution-agricole_Credit-Hindrik-Sijens_Flickr-300x188.jpg 300w, https:\/\/fondationrivieres.org\/wp-content\/uploads\/2026\/04\/Pollution-agricole_Credit-Hindrik-Sijens_Flickr-768x480.jpg 768w, https:\/\/fondationrivieres.org\/wp-content\/uploads\/2026\/04\/Pollution-agricole_Credit-Hindrik-Sijens_Flickr-1536x960.jpg 1536w, https:\/\/fondationrivieres.org\/wp-content\/uploads\/2026\/04\/Pollution-agricole_Credit-Hindrik-Sijens_Flickr-18x12.jpg 18w, https:\/\/fondationrivieres.org\/wp-content\/uploads\/2026\/04\/Pollution-agricole_Credit-Hindrik-Sijens_Flickr.jpg 2039w\" sizes=\"(max-width: 800px) 100vw, 800px\" \/><\/div><\/a>\n\t\t\t\t<div class=\"elementor-post__badge\">\u00c9tudes et rapports<\/div>\n\t\t\t\t<div class=\"elementor-post__text\">\n\t\t\t\t<h4 class=\"elementor-post__title\">\n\t\t\t<a href=\"https:\/\/fondationrivieres.org\/en\/memoire-cadre-reglementaire-agricole-rpae\/\" >\n\t\t\t\tM\u00e9moire sur le nouveau cadre r\u00e9glementaire agricole &#8211; Projet de r\u00e8glement sur les pratiques agroenvironnementales (RPAE)\t\t\t<\/a>\n\t\t<\/h4>\n\t\t\t\t\t<div class=\"elementor-post__read-more-wrapper\">\n\t\t\n\t\t<a class=\"elementor-post__read-more\" href=\"https:\/\/fondationrivieres.org\/en\/memoire-cadre-reglementaire-agricole-rpae\/\" aria-label=\"Read more about M\u00e9moire sur le nouveau cadre r\u00e9glementaire agricole &#8211; Projet de r\u00e8glement sur les pratiques agroenvironnementales (RPAE)\" tabindex=\"-1\" >\n\t\t\tLire la suite \u00bb\t\t<\/a>\n\n\t\t\t\t\t<\/div>\n\t\t\t\t<\/div>\n\t\t\t\t<div class=\"elementor-post__meta-data\">\n\t\t\t\t\t<span class=\"elementor-post-date\">\n\t\t\t13 April 2026\t\t<\/span>\n\t\t\t\t<\/div>\n\t\t\t\t\t<\/div>\n\t\t<\/article>\n\t\t\t\t<article class=\"elementor-post elementor-grid-item post-76142 post type-post status-publish format-standard has-post-thumbnail hentry category-actualites tag-aga-2026 tag-assemblee-generale-annuelle\" role=\"listitem\">\n\t\t\t<div class=\"elementor-post__card\">\n\t\t\t\t<a class=\"elementor-post__thumbnail__link\" href=\"https:\/\/fondationrivieres.org\/en\/assemble-generale-annuelle-2026\/\" tabindex=\"-1\" ><div class=\"elementor-post__thumbnail\"><img loading=\"lazy\" decoding=\"async\" width=\"800\" height=\"600\" src=\"https:\/\/fondationrivieres.org\/wp-content\/uploads\/2026\/03\/AGAcouverture-1024x768.jpeg\" class=\"attachment-large size-large wp-image-76160\" alt=\"AGA2026\" srcset=\"https:\/\/fondationrivieres.org\/wp-content\/uploads\/2026\/03\/AGAcouverture-1024x768.jpeg 1024w, https:\/\/fondationrivieres.org\/wp-content\/uploads\/2026\/03\/AGAcouverture-300x225.jpeg 300w, https:\/\/fondationrivieres.org\/wp-content\/uploads\/2026\/03\/AGAcouverture-768x576.jpeg 768w, https:\/\/fondationrivieres.org\/wp-content\/uploads\/2026\/03\/AGAcouverture-1536x1152.jpeg 1536w, https:\/\/fondationrivieres.org\/wp-content\/uploads\/2026\/03\/AGAcouverture-16x12.jpeg 16w, https:\/\/fondationrivieres.org\/wp-content\/uploads\/2026\/03\/AGAcouverture.jpeg 1600w\" sizes=\"(max-width: 800px) 100vw, 800px\" \/><\/div><\/a>\n\t\t\t\t<div class=\"elementor-post__badge\">Actualit\u00e9s<\/div>\n\t\t\t\t<div class=\"elementor-post__text\">\n\t\t\t\t<h4 class=\"elementor-post__title\">\n\t\t\t<a href=\"https:\/\/fondationrivieres.org\/en\/assemble-generale-annuelle-2026\/\" >\n\t\t\t\tRetour sur l\u2019assembl\u00e9e g\u00e9n\u00e9rale annuelle 2026 : une nouvelle structure et de nouvelles figures au sein du conseil d\u2019administration\t\t\t<\/a>\n\t\t<\/h4>\n\t\t\t\t\t<div class=\"elementor-post__read-more-wrapper\">\n\t\t\n\t\t<a class=\"elementor-post__read-more\" href=\"https:\/\/fondationrivieres.org\/en\/assemble-generale-annuelle-2026\/\" aria-label=\"Read more about Retour sur l\u2019assembl\u00e9e g\u00e9n\u00e9rale annuelle 2026 : une nouvelle structure et de nouvelles figures au sein du conseil d\u2019administration\" tabindex=\"-1\" >\n\t\t\tLire la suite \u00bb\t\t<\/a>\n\n\t\t\t\t\t<\/div>\n\t\t\t\t<\/div>\n\t\t\t\t<div class=\"elementor-post__meta-data\">\n\t\t\t\t\t<span class=\"elementor-post-date\">\n\t\t\t26 March 2026\t\t<\/span>\n\t\t\t\t<\/div>\n\t\t\t\t\t<\/div>\n\t\t<\/article>\n\t\t\t\t<article class=\"elementor-post elementor-grid-item post-76121 post type-post status-publish format-standard has-post-thumbnail hentry category-actualites tag-deversements tag-gestiondeseaux tag-qualite-de-leau\" role=\"listitem\">\n\t\t\t<div class=\"elementor-post__card\">\n\t\t\t\t<a class=\"elementor-post__thumbnail__link\" href=\"https:\/\/fondationrivieres.org\/en\/sources-eau-potable\/\" tabindex=\"-1\" ><div class=\"elementor-post__thumbnail\"><img loading=\"lazy\" decoding=\"async\" width=\"800\" height=\"526\" src=\"https:\/\/fondationrivieres.org\/wp-content\/uploads\/2023\/01\/Suivi-qualite-de-leau-et-depistage_riviere-du-Nord.jpg\" class=\"attachment-large size-large wp-image-52194\" alt=\"Suivi qualit\u00e9 de l&#039;eau et d\u00e9pistage dans la rivi\u00e8re du Nord (2021)\" srcset=\"https:\/\/fondationrivieres.org\/wp-content\/uploads\/2023\/01\/Suivi-qualite-de-leau-et-depistage_riviere-du-Nord.jpg 1000w, https:\/\/fondationrivieres.org\/wp-content\/uploads\/2023\/01\/Suivi-qualite-de-leau-et-depistage_riviere-du-Nord-300x197.jpg 300w, https:\/\/fondationrivieres.org\/wp-content\/uploads\/2023\/01\/Suivi-qualite-de-leau-et-depistage_riviere-du-Nord-768x505.jpg 768w, https:\/\/fondationrivieres.org\/wp-content\/uploads\/2023\/01\/Suivi-qualite-de-leau-et-depistage_riviere-du-Nord-18x12.jpg 18w\" sizes=\"(max-width: 800px) 100vw, 800px\" \/><\/div><\/a>\n\t\t\t\t<div class=\"elementor-post__badge\">Actualit\u00e9s<\/div>\n\t\t\t\t<div class=\"elementor-post__text\">\n\t\t\t\t<h4 class=\"elementor-post__title\">\n\t\t\t<a href=\"https:\/\/fondationrivieres.org\/en\/sources-eau-potable\/\" >\n\t\t\t\tProt\u00e9ger nos sources d\u2019eau potable\u2026 \u00e0 la source\t\t\t<\/a>\n\t\t<\/h4>\n\t\t\t\t\t<div class=\"elementor-post__read-more-wrapper\">\n\t\t\n\t\t<a class=\"elementor-post__read-more\" href=\"https:\/\/fondationrivieres.org\/en\/sources-eau-potable\/\" aria-label=\"Read more about Prot\u00e9ger nos sources d\u2019eau potable\u2026 \u00e0 la source\" tabindex=\"-1\" >\n\t\t\tLire la suite \u00bb\t\t<\/a>\n\n\t\t\t\t\t<\/div>\n\t\t\t\t<\/div>\n\t\t\t\t<div class=\"elementor-post__meta-data\">\n\t\t\t\t\t<span class=\"elementor-post-date\">\n\t\t\t23 March 2026\t\t<\/span>\n\t\t\t\t<\/div>\n\t\t\t\t\t<\/div>\n\t\t<\/article>\n\t\t\t\t<article class=\"elementor-post elementor-grid-item post-76059 post type-post status-publish format-standard has-post-thumbnail hentry category-actualites tag-aga-2026 tag-assemblee-generale-annuelle\" role=\"listitem\">\n\t\t\t<div class=\"elementor-post__card\">\n\t\t\t\t<a class=\"elementor-post__thumbnail__link\" href=\"https:\/\/fondationrivieres.org\/en\/assemblee-generale-annuelle-2026\/\" tabindex=\"-1\" ><div class=\"elementor-post__thumbnail\"><img loading=\"lazy\" decoding=\"async\" width=\"800\" height=\"400\" src=\"https:\/\/fondationrivieres.org\/wp-content\/uploads\/2026\/03\/AGA-2026-Couverture-E\u0301ve\u0301nement-Facebook-1200-x-600-px-1-1024x512.png\" class=\"attachment-large size-large wp-image-76060\" alt=\"AGA 2026\" srcset=\"https:\/\/fondationrivieres.org\/wp-content\/uploads\/2026\/03\/AGA-2026-Couverture-E\u0301ve\u0301nement-Facebook-1200-x-600-px-1-1024x512.png 1024w, https:\/\/fondationrivieres.org\/wp-content\/uploads\/2026\/03\/AGA-2026-Couverture-E\u0301ve\u0301nement-Facebook-1200-x-600-px-1-300x150.png 300w, https:\/\/fondationrivieres.org\/wp-content\/uploads\/2026\/03\/AGA-2026-Couverture-E\u0301ve\u0301nement-Facebook-1200-x-600-px-1-768x384.png 768w, https:\/\/fondationrivieres.org\/wp-content\/uploads\/2026\/03\/AGA-2026-Couverture-E\u0301ve\u0301nement-Facebook-1200-x-600-px-1-18x9.png 18w, https:\/\/fondationrivieres.org\/wp-content\/uploads\/2026\/03\/AGA-2026-Couverture-E\u0301ve\u0301nement-Facebook-1200-x-600-px-1.png 1200w\" sizes=\"(max-width: 800px) 100vw, 800px\" \/><\/div><\/a>\n\t\t\t\t<div class=\"elementor-post__badge\">Actualit\u00e9s<\/div>\n\t\t\t\t<div class=\"elementor-post__text\">\n\t\t\t\t<h4 class=\"elementor-post__title\">\n\t\t\t<a href=\"https:\/\/fondationrivieres.org\/en\/assemblee-generale-annuelle-2026\/\" >\n\t\t\t\tParticipez \u00e0 notre assembl\u00e9e g\u00e9n\u00e9rale annuelle 2026\t\t\t<\/a>\n\t\t<\/h4>\n\t\t\t\t\t<div class=\"elementor-post__read-more-wrapper\">\n\t\t\n\t\t<a class=\"elementor-post__read-more\" href=\"https:\/\/fondationrivieres.org\/en\/assemblee-generale-annuelle-2026\/\" aria-label=\"Read more about Participez \u00e0 notre assembl\u00e9e g\u00e9n\u00e9rale annuelle 2026\" tabindex=\"-1\" >\n\t\t\tLire la suite \u00bb\t\t<\/a>\n\n\t\t\t\t\t<\/div>\n\t\t\t\t<\/div>\n\t\t\t\t<div class=\"elementor-post__meta-data\">\n\t\t\t\t\t<span class=\"elementor-post-date\">\n\t\t\t16 March 2026\t\t<\/span>\n\t\t\t\t<\/div>\n\t\t\t\t\t<\/div>\n\t\t<\/article>\n\t\t\t\t<article class=\"elementor-post elementor-grid-item post-75899 post type-post status-publish format-standard has-post-thumbnail hentry category-actualites category-prises-de-position tag-energie tag-transition-energetique\" role=\"listitem\">\n\t\t\t<div class=\"elementor-post__card\">\n\t\t\t\t<a class=\"elementor-post__thumbnail__link\" href=\"https:\/\/fondationrivieres.org\/en\/transition-energetique-detournement\/\" tabindex=\"-1\" ><div class=\"elementor-post__thumbnail\"><img loading=\"lazy\" decoding=\"async\" width=\"800\" height=\"534\" src=\"https:\/\/fondationrivieres.org\/wp-content\/uploads\/2009\/10\/Lignes_electricite_Alexander-Schimmeck_Unsplash-1024x683.jpg\" class=\"attachment-large size-large wp-image-52278\" alt=\"Ligne \u00e0 haute tension\" srcset=\"https:\/\/fondationrivieres.org\/wp-content\/uploads\/2009\/10\/Lignes_electricite_Alexander-Schimmeck_Unsplash-1024x683.jpg 1024w, https:\/\/fondationrivieres.org\/wp-content\/uploads\/2009\/10\/Lignes_electricite_Alexander-Schimmeck_Unsplash-300x200.jpg 300w, https:\/\/fondationrivieres.org\/wp-content\/uploads\/2009\/10\/Lignes_electricite_Alexander-Schimmeck_Unsplash-768x512.jpg 768w, https:\/\/fondationrivieres.org\/wp-content\/uploads\/2009\/10\/Lignes_electricite_Alexander-Schimmeck_Unsplash-18x12.jpg 18w, https:\/\/fondationrivieres.org\/wp-content\/uploads\/2009\/10\/Lignes_electricite_Alexander-Schimmeck_Unsplash.jpg 1500w\" sizes=\"(max-width: 800px) 100vw, 800px\" \/><\/div><\/a>\n\t\t\t\t<div class=\"elementor-post__badge\">Actualit\u00e9s<\/div>\n\t\t\t\t<div class=\"elementor-post__text\">\n\t\t\t\t<h4 class=\"elementor-post__title\">\n\t\t\t<a href=\"https:\/\/fondationrivieres.org\/en\/transition-energetique-detournement\/\" >\n\t\t\t\tLe d\u00e9tournement de la transition \u00e9nerg\u00e9tique doit cesser\t\t\t<\/a>\n\t\t<\/h4>\n\t\t\t\t\t<div class=\"elementor-post__read-more-wrapper\">\n\t\t\n\t\t<a class=\"elementor-post__read-more\" href=\"https:\/\/fondationrivieres.org\/en\/transition-energetique-detournement\/\" aria-label=\"Read more about Le d\u00e9tournement de la transition \u00e9nerg\u00e9tique doit cesser\" tabindex=\"-1\" >\n\t\t\tLire la suite \u00bb\t\t<\/a>\n\n\t\t\t\t\t<\/div>\n\t\t\t\t<\/div>\n\t\t\t\t<div class=\"elementor-post__meta-data\">\n\t\t\t\t\t<span class=\"elementor-post-date\">\n\t\t\t3 March 2026\t\t<\/span>\n\t\t\t\t<\/div>\n\t\t\t\t\t<\/div>\n\t\t<\/article>\n\t\t\t\t<article class=\"elementor-post elementor-grid-item post-75784 post type-post status-publish format-standard has-post-thumbnail hentry category-communiques category-actualites tag-energie tag-politique\" role=\"listitem\">\n\t\t\t<div class=\"elementor-post__card\">\n\t\t\t\t<a class=\"elementor-post__thumbnail__link\" href=\"https:\/\/fondationrivieres.org\/en\/microreseaux-electriques-quebec\/\" tabindex=\"-1\" ><div class=\"elementor-post__thumbnail\"><img loading=\"lazy\" decoding=\"async\" width=\"800\" height=\"408\" src=\"https:\/\/fondationrivieres.org\/wp-content\/uploads\/2026\/02\/PXL_20260219_163459005-1-e1771523106671-1024x522.jpeg\" class=\"attachment-large size-large wp-image-75802\" alt=\"conf\u00e9rence de presse rncan microreseaux (19 f\u00e9vrier 2026)\" srcset=\"https:\/\/fondationrivieres.org\/wp-content\/uploads\/2026\/02\/PXL_20260219_163459005-1-e1771523106671-1024x522.jpeg 1024w, https:\/\/fondationrivieres.org\/wp-content\/uploads\/2026\/02\/PXL_20260219_163459005-1-e1771523106671-300x153.jpeg 300w, https:\/\/fondationrivieres.org\/wp-content\/uploads\/2026\/02\/PXL_20260219_163459005-1-e1771523106671-768x391.jpeg 768w, https:\/\/fondationrivieres.org\/wp-content\/uploads\/2026\/02\/PXL_20260219_163459005-1-e1771523106671-1536x783.jpeg 1536w, https:\/\/fondationrivieres.org\/wp-content\/uploads\/2026\/02\/PXL_20260219_163459005-1-e1771523106671-18x9.jpeg 18w, https:\/\/fondationrivieres.org\/wp-content\/uploads\/2026\/02\/PXL_20260219_163459005-1-e1771523106671.jpeg 1550w\" sizes=\"(max-width: 800px) 100vw, 800px\" \/><\/div><\/a>\n\t\t\t\t<div class=\"elementor-post__badge\">Communiqu\u00e9s de presse<\/div>\n\t\t\t\t<div class=\"elementor-post__text\">\n\t\t\t\t<h4 class=\"elementor-post__title\">\n\t\t\t<a href=\"https:\/\/fondationrivieres.org\/en\/microreseaux-electriques-quebec\/\" >\n\t\t\t\tLes micror\u00e9seaux \u00e9lectriques : un projet \u00e0 haut potentiel pour le d\u00e9veloppement \u00e9conomique local au Qu\u00e9bec\t\t\t<\/a>\n\t\t<\/h4>\n\t\t\t\t\t<div class=\"elementor-post__read-more-wrapper\">\n\t\t\n\t\t<a class=\"elementor-post__read-more\" href=\"https:\/\/fondationrivieres.org\/en\/microreseaux-electriques-quebec\/\" aria-label=\"Read more about Les micror\u00e9seaux \u00e9lectriques : un projet \u00e0 haut potentiel pour le d\u00e9veloppement \u00e9conomique local au Qu\u00e9bec\" tabindex=\"-1\" >\n\t\t\tLire la suite \u00bb\t\t<\/a>\n\n\t\t\t\t\t<\/div>\n\t\t\t\t<\/div>\n\t\t\t\t<div class=\"elementor-post__meta-data\">\n\t\t\t\t\t<span class=\"elementor-post-date\">\n\t\t\t19 February 2026\t\t<\/span>\n\t\t\t\t<\/div>\n\t\t\t\t\t<\/div>\n\t\t<\/article>\n\t\t\t\t<article class=\"elementor-post elementor-grid-item post-75739 post type-post status-publish format-standard has-post-thumbnail hentry category-prises-de-position category-actualites tag-environnement tag-projet-de-loi\" role=\"listitem\">\n\t\t\t<div class=\"elementor-post__card\">\n\t\t\t\t<a class=\"elementor-post__thumbnail__link\" href=\"https:\/\/fondationrivieres.org\/en\/projet-loi-5\/\" tabindex=\"-1\" ><div class=\"elementor-post__thumbnail\"><img loading=\"lazy\" decoding=\"async\" width=\"800\" height=\"536\" src=\"https:\/\/fondationrivieres.org\/wp-content\/uploads\/2026\/02\/Capture-decran-2026-02-12-085224.png\" class=\"attachment-large size-large wp-image-75740\" alt=\"pl5\" srcset=\"https:\/\/fondationrivieres.org\/wp-content\/uploads\/2026\/02\/Capture-decran-2026-02-12-085224.png 919w, https:\/\/fondationrivieres.org\/wp-content\/uploads\/2026\/02\/Capture-decran-2026-02-12-085224-300x201.png 300w, https:\/\/fondationrivieres.org\/wp-content\/uploads\/2026\/02\/Capture-decran-2026-02-12-085224-768x515.png 768w, https:\/\/fondationrivieres.org\/wp-content\/uploads\/2026\/02\/Capture-decran-2026-02-12-085224-18x12.png 18w\" sizes=\"(max-width: 800px) 100vw, 800px\" \/><\/div><\/a>\n\t\t\t\t<div class=\"elementor-post__badge\">Prises de position<\/div>\n\t\t\t\t<div class=\"elementor-post__text\">\n\t\t\t\t<h4 class=\"elementor-post__title\">\n\t\t\t<a href=\"https:\/\/fondationrivieres.org\/en\/projet-loi-5\/\" >\n\t\t\t\tQuand la loi s\u2019efface devant les m\u00e9gaprojets\t\t\t<\/a>\n\t\t<\/h4>\n\t\t\t\t\t<div class=\"elementor-post__read-more-wrapper\">\n\t\t\n\t\t<a class=\"elementor-post__read-more\" href=\"https:\/\/fondationrivieres.org\/en\/projet-loi-5\/\" aria-label=\"Read more about Quand la loi s\u2019efface devant les m\u00e9gaprojets\" tabindex=\"-1\" >\n\t\t\tLire la suite \u00bb\t\t<\/a>\n\n\t\t\t\t\t<\/div>\n\t\t\t\t<\/div>\n\t\t\t\t<div class=\"elementor-post__meta-data\">\n\t\t\t\t\t<span class=\"elementor-post-date\">\n\t\t\t12 February 2026\t\t<\/span>\n\t\t\t\t<\/div>\n\t\t\t\t\t<\/div>\n\t\t<\/article>\n\t\t\t\t<article class=\"elementor-post elementor-grid-item post-75682 post type-post status-publish format-standard has-post-thumbnail hentry category-etudes-rapports category-actualites tag-memoire tag-projet-de-loi tag-quebec\" role=\"listitem\">\n\t\t\t<div class=\"elementor-post__card\">\n\t\t\t\t<a class=\"elementor-post__thumbnail__link\" href=\"https:\/\/fondationrivieres.org\/en\/memoire-projet-loi-5\/\" tabindex=\"-1\" ><div class=\"elementor-post__thumbnail\"><img loading=\"lazy\" decoding=\"async\" width=\"800\" height=\"534\" src=\"https:\/\/fondationrivieres.org\/wp-content\/uploads\/2026\/02\/Riviere-Etchemin-St-Odilon-de-Cranbourne-1-1024x683.jpg\" class=\"attachment-large size-large wp-image-75684\" alt=\"Rivi\u00e8re Etchemin St-Odilon-de-Cranbourne\" srcset=\"https:\/\/fondationrivieres.org\/wp-content\/uploads\/2026\/02\/Riviere-Etchemin-St-Odilon-de-Cranbourne-1-1024x683.jpg 1024w, https:\/\/fondationrivieres.org\/wp-content\/uploads\/2026\/02\/Riviere-Etchemin-St-Odilon-de-Cranbourne-1-300x200.jpg 300w, https:\/\/fondationrivieres.org\/wp-content\/uploads\/2026\/02\/Riviere-Etchemin-St-Odilon-de-Cranbourne-1-768x512.jpg 768w, https:\/\/fondationrivieres.org\/wp-content\/uploads\/2026\/02\/Riviere-Etchemin-St-Odilon-de-Cranbourne-1-1536x1024.jpg 1536w, https:\/\/fondationrivieres.org\/wp-content\/uploads\/2026\/02\/Riviere-Etchemin-St-Odilon-de-Cranbourne-1-2048x1365.jpg 2048w, https:\/\/fondationrivieres.org\/wp-content\/uploads\/2026\/02\/Riviere-Etchemin-St-Odilon-de-Cranbourne-1-18x12.jpg 18w\" sizes=\"(max-width: 800px) 100vw, 800px\" \/><\/div><\/a>\n\t\t\t\t<div class=\"elementor-post__badge\">\u00c9tudes et rapports<\/div>\n\t\t\t\t<div class=\"elementor-post__text\">\n\t\t\t\t<h4 class=\"elementor-post__title\">\n\t\t\t<a href=\"https:\/\/fondationrivieres.org\/en\/memoire-projet-loi-5\/\" >\n\t\t\t\tM\u00e9moire sur le projet de loi 5\u00a0: Loi visant \u00e0 acc\u00e9l\u00e9rer l\u2019octroi des autorisations requises pour la r\u00e9alisation des projets prioritaires et d\u2019envergure nationale\t\t\t<\/a>\n\t\t<\/h4>\n\t\t\t\t\t<div class=\"elementor-post__read-more-wrapper\">\n\t\t\n\t\t<a class=\"elementor-post__read-more\" href=\"https:\/\/fondationrivieres.org\/en\/memoire-projet-loi-5\/\" aria-label=\"Read more about M\u00e9moire sur le projet de loi 5\u00a0: Loi visant \u00e0 acc\u00e9l\u00e9rer l\u2019octroi des autorisations requises pour la r\u00e9alisation des projets prioritaires et d\u2019envergure nationale\" tabindex=\"-1\" >\n\t\t\tLire la suite \u00bb\t\t<\/a>\n\n\t\t\t\t\t<\/div>\n\t\t\t\t<\/div>\n\t\t\t\t<div class=\"elementor-post__meta-data\">\n\t\t\t\t\t<span class=\"elementor-post-date\">\n\t\t\t9 February 2026\t\t<\/span>\n\t\t\t\t<\/div>\n\t\t\t\t\t<\/div>\n\t\t<\/article>\n\t\t\t\t<article class=\"elementor-post elementor-grid-item post-75643 post type-post status-publish format-standard has-post-thumbnail hentry category-prises-de-position category-actualites category-chroniques tag-blogue tag-energie\" role=\"listitem\">\n\t\t\t<div class=\"elementor-post__card\">\n\t\t\t\t<a class=\"elementor-post__thumbnail__link\" href=\"https:\/\/fondationrivieres.org\/en\/nucleaire-energies-renouvelables\/\" tabindex=\"-1\" ><div class=\"elementor-post__thumbnail\"><img loading=\"lazy\" decoding=\"async\" width=\"800\" height=\"535\" src=\"https:\/\/fondationrivieres.org\/wp-content\/uploads\/2026\/01\/Capture-decran-2026-01-30-135515.png\" class=\"attachment-large size-large wp-image-75652\" alt=\"Centrale de Gentilly-2\" srcset=\"https:\/\/fondationrivieres.org\/wp-content\/uploads\/2026\/01\/Capture-decran-2026-01-30-135515.png 926w, https:\/\/fondationrivieres.org\/wp-content\/uploads\/2026\/01\/Capture-decran-2026-01-30-135515-300x201.png 300w, https:\/\/fondationrivieres.org\/wp-content\/uploads\/2026\/01\/Capture-decran-2026-01-30-135515-768x513.png 768w, https:\/\/fondationrivieres.org\/wp-content\/uploads\/2026\/01\/Capture-decran-2026-01-30-135515-18x12.png 18w\" sizes=\"(max-width: 800px) 100vw, 800px\" \/><\/div><\/a>\n\t\t\t\t<div class=\"elementor-post__badge\">Prises de position<\/div>\n\t\t\t\t<div class=\"elementor-post__text\">\n\t\t\t\t<h4 class=\"elementor-post__title\">\n\t\t\t<a href=\"https:\/\/fondationrivieres.org\/en\/nucleaire-energies-renouvelables\/\" >\n\t\t\t\tLe nucl\u00e9aire a eu sa chance, tournons la page\t\t\t<\/a>\n\t\t<\/h4>\n\t\t\t\t\t<div class=\"elementor-post__read-more-wrapper\">\n\t\t\n\t\t<a class=\"elementor-post__read-more\" href=\"https:\/\/fondationrivieres.org\/en\/nucleaire-energies-renouvelables\/\" aria-label=\"Read more about Le nucl\u00e9aire a eu sa chance, tournons la page\" tabindex=\"-1\" >\n\t\t\tLire la suite \u00bb\t\t<\/a>\n\n\t\t\t\t\t<\/div>\n\t\t\t\t<\/div>\n\t\t\t\t<div class=\"elementor-post__meta-data\">\n\t\t\t\t\t<span class=\"elementor-post-date\">\n\t\t\t30 January 2026\t\t<\/span>\n\t\t\t\t<\/div>\n\t\t\t\t\t<\/div>\n\t\t<\/article>\n\t\t\t\t<article class=\"elementor-post elementor-grid-item post-75600 post type-post status-publish format-standard has-post-thumbnail hentry category-communiques category-actualites tag-environnement tag-pollution tag-quebec\" role=\"listitem\">\n\t\t\t<div class=\"elementor-post__card\">\n\t\t\t\t<a class=\"elementor-post__thumbnail__link\" href=\"https:\/\/fondationrivieres.org\/en\/commission-parlementaire-groupes-q-5\/\" tabindex=\"-1\" ><div class=\"elementor-post__thumbnail\"><img loading=\"lazy\" decoding=\"async\" width=\"800\" height=\"438\" src=\"https:\/\/fondationrivieres.org\/wp-content\/uploads\/2022\/05\/FondationRivieres_LacArchambault-1024x560.png\" class=\"attachment-large size-large wp-image-33209\" alt=\"Lac Archambault - Milieux humides\" srcset=\"https:\/\/fondationrivieres.org\/wp-content\/uploads\/2022\/05\/FondationRivieres_LacArchambault-1024x560.png 1024w, https:\/\/fondationrivieres.org\/wp-content\/uploads\/2022\/05\/FondationRivieres_LacArchambault-300x164.png 300w, https:\/\/fondationrivieres.org\/wp-content\/uploads\/2022\/05\/FondationRivieres_LacArchambault-768x420.png 768w, https:\/\/fondationrivieres.org\/wp-content\/uploads\/2022\/05\/FondationRivieres_LacArchambault.png 1100w\" sizes=\"(max-width: 800px) 100vw, 800px\" \/><\/div><\/a>\n\t\t\t\t<div class=\"elementor-post__badge\">Communiqu\u00e9s de presse<\/div>\n\t\t\t\t<div class=\"elementor-post__text\">\n\t\t\t\t<h4 class=\"elementor-post__title\">\n\t\t\t<a href=\"https:\/\/fondationrivieres.org\/en\/commission-parlementaire-groupes-q-5\/\" >\n\t\t\t\tLes groupes environnementaux d\u00e9noncent leur mise \u00e0 l\u2019\u00e9cart de la commission parlementaire sur la loi \u00ab Q-5 \u00bb\t\t\t<\/a>\n\t\t<\/h4>\n\t\t\t\t\t<div class=\"elementor-post__read-more-wrapper\">\n\t\t\n\t\t<a class=\"elementor-post__read-more\" href=\"https:\/\/fondationrivieres.org\/en\/commission-parlementaire-groupes-q-5\/\" aria-label=\"Read more about Les groupes environnementaux d\u00e9noncent leur mise \u00e0 l\u2019\u00e9cart de la commission parlementaire sur la loi \u00ab Q-5 \u00bb\" tabindex=\"-1\" >\n\t\t\tLire la suite \u00bb\t\t<\/a>\n\n\t\t\t\t\t<\/div>\n\t\t\t\t<\/div>\n\t\t\t\t<div class=\"elementor-post__meta-data\">\n\t\t\t\t\t<span class=\"elementor-post-date\">\n\t\t\t29 January 2026\t\t<\/span>\n\t\t\t\t<\/div>\n\t\t\t\t\t<\/div>\n\t\t<\/article>\n\t\t\t\t<article class=\"elementor-post elementor-grid-item post-75492 post type-post status-publish format-standard has-post-thumbnail hentry category-communiques category-actualites tag-environnement tag-pollution tag-quebec\" role=\"listitem\">\n\t\t\t<div class=\"elementor-post__card\">\n\t\t\t\t<a class=\"elementor-post__thumbnail__link\" href=\"https:\/\/fondationrivieres.org\/en\/bilan-climatique-gouvernement\/\" tabindex=\"-1\" ><div class=\"elementor-post__thumbnail\"><img loading=\"lazy\" decoding=\"async\" width=\"800\" height=\"533\" src=\"https:\/\/fondationrivieres.org\/wp-content\/uploads\/2026\/01\/Pollution-d-elair_Alexei-Scutari_Unsplash_OS-1024x682.jpg\" class=\"attachment-large size-large wp-image-75519\" alt=\"pollution qu\u00e9bec\" srcset=\"https:\/\/fondationrivieres.org\/wp-content\/uploads\/2026\/01\/Pollution-d-elair_Alexei-Scutari_Unsplash_OS-1024x682.jpg 1024w, https:\/\/fondationrivieres.org\/wp-content\/uploads\/2026\/01\/Pollution-d-elair_Alexei-Scutari_Unsplash_OS-300x200.jpg 300w, https:\/\/fondationrivieres.org\/wp-content\/uploads\/2026\/01\/Pollution-d-elair_Alexei-Scutari_Unsplash_OS-768x512.jpg 768w, https:\/\/fondationrivieres.org\/wp-content\/uploads\/2026\/01\/Pollution-d-elair_Alexei-Scutari_Unsplash_OS-1536x1024.jpg 1536w, https:\/\/fondationrivieres.org\/wp-content\/uploads\/2026\/01\/Pollution-d-elair_Alexei-Scutari_Unsplash_OS-2048x1365.jpg 2048w, https:\/\/fondationrivieres.org\/wp-content\/uploads\/2026\/01\/Pollution-d-elair_Alexei-Scutari_Unsplash_OS-18x12.jpg 18w\" sizes=\"(max-width: 800px) 100vw, 800px\" \/><\/div><\/a>\n\t\t\t\t<div class=\"elementor-post__badge\">Communiqu\u00e9s de presse<\/div>\n\t\t\t\t<div class=\"elementor-post__text\">\n\t\t\t\t<h4 class=\"elementor-post__title\">\n\t\t\t<a href=\"https:\/\/fondationrivieres.org\/en\/bilan-climatique-gouvernement\/\" >\n\t\t\t\tLe bilan climatique du gouvernement s\u2019\u00e9croule, d\u00e9plorent des organisations environnementales\t\t\t<\/a>\n\t\t<\/h4>\n\t\t\t\t\t<div class=\"elementor-post__read-more-wrapper\">\n\t\t\n\t\t<a class=\"elementor-post__read-more\" href=\"https:\/\/fondationrivieres.org\/en\/bilan-climatique-gouvernement\/\" aria-label=\"Read more about Le bilan climatique du gouvernement s\u2019\u00e9croule, d\u00e9plorent des organisations environnementales\" tabindex=\"-1\" >\n\t\t\tLire la suite \u00bb\t\t<\/a>\n\n\t\t\t\t\t<\/div>\n\t\t\t\t<\/div>\n\t\t\t\t<div class=\"elementor-post__meta-data\">\n\t\t\t\t\t<span class=\"elementor-post-date\">\n\t\t\t22 January 2026\t\t<\/span>\n\t\t\t\t<\/div>\n\t\t\t\t\t<\/div>\n\t\t<\/article>\n\t\t\t\t<article class=\"elementor-post elementor-grid-item post-75447 post type-post status-publish format-standard has-post-thumbnail hentry category-chroniques tag-baignade\" role=\"listitem\">\n\t\t\t<div class=\"elementor-post__card\">\n\t\t\t\t<a class=\"elementor-post__thumbnail__link\" href=\"https:\/\/fondationrivieres.org\/en\/recit-expedition-riviere-mouchalagane\/\" tabindex=\"-1\" ><div class=\"elementor-post__thumbnail\"><img loading=\"lazy\" decoding=\"async\" width=\"800\" height=\"450\" src=\"https:\/\/fondationrivieres.org\/wp-content\/uploads\/2026\/01\/DJI_0529-1024x576.jpg\" class=\"attachment-large size-large wp-image-75448\" alt=\"rivi\u00e8re Mouchalagane\" srcset=\"https:\/\/fondationrivieres.org\/wp-content\/uploads\/2026\/01\/DJI_0529-1024x576.jpg 1024w, https:\/\/fondationrivieres.org\/wp-content\/uploads\/2026\/01\/DJI_0529-300x169.jpg 300w, https:\/\/fondationrivieres.org\/wp-content\/uploads\/2026\/01\/DJI_0529-768x432.jpg 768w, https:\/\/fondationrivieres.org\/wp-content\/uploads\/2026\/01\/DJI_0529-1536x864.jpg 1536w, https:\/\/fondationrivieres.org\/wp-content\/uploads\/2026\/01\/DJI_0529-2048x1152.jpg 2048w, https:\/\/fondationrivieres.org\/wp-content\/uploads\/2026\/01\/DJI_0529-18x10.jpg 18w\" sizes=\"(max-width: 800px) 100vw, 800px\" \/><\/div><\/a>\n\t\t\t\t<div class=\"elementor-post__badge\">Chroniques<\/div>\n\t\t\t\t<div class=\"elementor-post__text\">\n\t\t\t\t<h4 class=\"elementor-post__title\">\n\t\t\t<a href=\"https:\/\/fondationrivieres.org\/en\/recit-expedition-riviere-mouchalagane\/\" >\n\t\t\t\tR\u00e9cit d\u2019exp\u00e9dition sur la rivi\u00e8re Mouchalagane\t\t\t<\/a>\n\t\t<\/h4>\n\t\t\t\t\t<div class=\"elementor-post__read-more-wrapper\">\n\t\t\n\t\t<a class=\"elementor-post__read-more\" href=\"https:\/\/fondationrivieres.org\/en\/recit-expedition-riviere-mouchalagane\/\" aria-label=\"Read more about R\u00e9cit d\u2019exp\u00e9dition sur la rivi\u00e8re Mouchalagane\" tabindex=\"-1\" >\n\t\t\tLire la suite \u00bb\t\t<\/a>\n\n\t\t\t\t\t<\/div>\n\t\t\t\t<\/div>\n\t\t\t\t<div class=\"elementor-post__meta-data\">\n\t\t\t\t\t<span class=\"elementor-post-date\">\n\t\t\t19 January 2026\t\t<\/span>\n\t\t\t\t<\/div>\n\t\t\t\t\t<\/div>\n\t\t<\/article>\n\t\t\t\t<article class=\"elementor-post elementor-grid-item post-75373 post type-post status-publish format-standard has-post-thumbnail hentry category-guides-et-conseils tag-blogue tag-energie\" role=\"listitem\">\n\t\t\t<div class=\"elementor-post__card\">\n\t\t\t\t<a class=\"elementor-post__thumbnail__link\" href=\"https:\/\/fondationrivieres.org\/en\/energie-solaire-arctique\/\" tabindex=\"-1\" ><div class=\"elementor-post__thumbnail\"><img loading=\"lazy\" decoding=\"async\" width=\"800\" height=\"450\" src=\"https:\/\/fondationrivieres.org\/wp-content\/uploads\/2026\/01\/1000006054-1024x576.jpeg\" class=\"attachment-large size-large wp-image-75375\" alt=\"\u00c9nergie solaire hiver\" srcset=\"https:\/\/fondationrivieres.org\/wp-content\/uploads\/2026\/01\/1000006054-1024x576.jpeg 1024w, https:\/\/fondationrivieres.org\/wp-content\/uploads\/2026\/01\/1000006054-300x169.jpeg 300w, https:\/\/fondationrivieres.org\/wp-content\/uploads\/2026\/01\/1000006054-768x432.jpeg 768w, https:\/\/fondationrivieres.org\/wp-content\/uploads\/2026\/01\/1000006054-1536x864.jpeg 1536w, https:\/\/fondationrivieres.org\/wp-content\/uploads\/2026\/01\/1000006054-18x10.jpeg 18w, https:\/\/fondationrivieres.org\/wp-content\/uploads\/2026\/01\/1000006054.jpeg 1600w\" sizes=\"(max-width: 800px) 100vw, 800px\" \/><\/div><\/a>\n\t\t\t\t<div class=\"elementor-post__badge\">Guides et conseils<\/div>\n\t\t\t\t<div class=\"elementor-post__text\">\n\t\t\t\t<h4 class=\"elementor-post__title\">\n\t\t\t<a href=\"https:\/\/fondationrivieres.org\/en\/energie-solaire-arctique\/\" >\n\t\t\t\tL&rsquo;\u00e9nergie solaire dans l\u2019Arctique, c\u2019est possible!\t\t\t<\/a>\n\t\t<\/h4>\n\t\t\t\t\t<div class=\"elementor-post__read-more-wrapper\">\n\t\t\n\t\t<a class=\"elementor-post__read-more\" href=\"https:\/\/fondationrivieres.org\/en\/energie-solaire-arctique\/\" aria-label=\"Read more about L&rsquo;\u00e9nergie solaire dans l\u2019Arctique, c\u2019est possible!\" tabindex=\"-1\" >\n\t\t\tLire la suite \u00bb\t\t<\/a>\n\n\t\t\t\t\t<\/div>\n\t\t\t\t<\/div>\n\t\t\t\t<div class=\"elementor-post__meta-data\">\n\t\t\t\t\t<span class=\"elementor-post-date\">\n\t\t\t15 January 2026\t\t<\/span>\n\t\t\t\t<\/div>\n\t\t\t\t\t<\/div>\n\t\t<\/article>\n\t\t\t\t<article class=\"elementor-post elementor-grid-item post-75334 post type-post status-publish format-standard has-post-thumbnail hentry category-communiques category-actualites tag-inondation tag-municipalites\" role=\"listitem\">\n\t\t\t<div class=\"elementor-post__card\">\n\t\t\t\t<a class=\"elementor-post__thumbnail__link\" href=\"https:\/\/fondationrivieres.org\/en\/fondation-rivieres-inondations-solutions\/\" tabindex=\"-1\" ><div class=\"elementor-post__thumbnail\"><img loading=\"lazy\" decoding=\"async\" width=\"800\" height=\"671\" src=\"https:\/\/fondationrivieres.org\/wp-content\/uploads\/2026\/01\/485356731_1040740031422045_2534416620020549476_n.jpg\" class=\"attachment-large size-large wp-image-75335\" alt=\"Solutions Rivi\u00e8res\" srcset=\"https:\/\/fondationrivieres.org\/wp-content\/uploads\/2026\/01\/485356731_1040740031422045_2534416620020549476_n.jpg 940w, https:\/\/fondationrivieres.org\/wp-content\/uploads\/2026\/01\/485356731_1040740031422045_2534416620020549476_n-300x251.jpg 300w, https:\/\/fondationrivieres.org\/wp-content\/uploads\/2026\/01\/485356731_1040740031422045_2534416620020549476_n-768x644.jpg 768w, https:\/\/fondationrivieres.org\/wp-content\/uploads\/2026\/01\/485356731_1040740031422045_2534416620020549476_n-14x12.jpg 14w\" sizes=\"(max-width: 800px) 100vw, 800px\" \/><\/div><\/a>\n\t\t\t\t<div class=\"elementor-post__badge\">Communiqu\u00e9s de presse<\/div>\n\t\t\t\t<div class=\"elementor-post__text\">\n\t\t\t\t<h4 class=\"elementor-post__title\">\n\t\t\t<a href=\"https:\/\/fondationrivieres.org\/en\/fondation-rivieres-inondations-solutions\/\" >\n\t\t\t\tSept municipalit\u00e9s se mobilisent avec la Fondation Rivi\u00e8res pour r\u00e9duire les impacts des inondations\t\t\t<\/a>\n\t\t<\/h4>\n\t\t\t\t\t<div class=\"elementor-post__read-more-wrapper\">\n\t\t\n\t\t<a class=\"elementor-post__read-more\" href=\"https:\/\/fondationrivieres.org\/en\/fondation-rivieres-inondations-solutions\/\" aria-label=\"Read more about Sept municipalit\u00e9s se mobilisent avec la Fondation Rivi\u00e8res pour r\u00e9duire les impacts des inondations\" tabindex=\"-1\" >\n\t\t\tLire la suite \u00bb\t\t<\/a>\n\n\t\t\t\t\t<\/div>\n\t\t\t\t<\/div>\n\t\t\t\t<div class=\"elementor-post__meta-data\">\n\t\t\t\t\t<span class=\"elementor-post-date\">\n\t\t\t13 January 2026\t\t<\/span>\n\t\t\t\t<\/div>\n\t\t\t\t\t<\/div>\n\t\t<\/article>\n\t\t\t\t<\/div>\n\t\t\n\t\t\t\t<div class=\"e-load-more-anchor\" data-page=\"1\" data-max-page=\"19\" data-next-page=\"https:\/\/fondationrivieres.org\/en\/wp-json\/wp\/v2\/pages\/43837\/page\/2\/\"><\/div>\n\t\t\t\t<nav class=\"elementor-pagination\" aria-label=\"Pagination\">\n\t\t\t<span aria-current=\"page\" class=\"page-numbers current\"><span class=\"elementor-screen-only\">Page<\/span>1<\/span>\n<a class=\"page-numbers\" href=\"https:\/\/fondationrivieres.org\/en\/wp-json\/wp\/v2\/pages\/43837\/page\/2\/\"><span class=\"elementor-screen-only\">Page<\/span>2<\/a>\n<a class=\"page-numbers\" href=\"https:\/\/fondationrivieres.org\/en\/wp-json\/wp\/v2\/pages\/43837\/page\/3\/\"><span class=\"elementor-screen-only\">Page<\/span>3<\/a>\n<a class=\"page-numbers\" href=\"https:\/\/fondationrivieres.org\/en\/wp-json\/wp\/v2\/pages\/43837\/page\/4\/\"><span class=\"elementor-screen-only\">Page<\/span>4<\/a>\n<a class=\"page-numbers\" href=\"https:\/\/fondationrivieres.org\/en\/wp-json\/wp\/v2\/pages\/43837\/page\/5\/\"><span class=\"elementor-screen-only\">Page<\/span>5<\/a>\n<a class=\"page-numbers\" href=\"https:\/\/fondationrivieres.org\/en\/wp-json\/wp\/v2\/pages\/43837\/page\/6\/\"><span class=\"elementor-screen-only\">Page<\/span>6<\/a>\n<a class=\"page-numbers\" href=\"https:\/\/fondationrivieres.org\/en\/wp-json\/wp\/v2\/pages\/43837\/page\/7\/\"><span class=\"elementor-screen-only\">Page<\/span>7<\/a>\n<a class=\"page-numbers\" href=\"https:\/\/fondationrivieres.org\/en\/wp-json\/wp\/v2\/pages\/43837\/page\/8\/\"><span class=\"elementor-screen-only\">Page<\/span>8<\/a>\n<a class=\"page-numbers\" href=\"https:\/\/fondationrivieres.org\/en\/wp-json\/wp\/v2\/pages\/43837\/page\/9\/\"><span class=\"elementor-screen-only\">Page<\/span>9<\/a>\t\t<\/nav>\n\t\t\t\t\t\t<\/div>\n\t\t\t\t<\/div>\n\t\t\t\t<div class=\"elementor-element elementor-element-5f9918e elementor-widget elementor-widget-html\" data-id=\"5f9918e\" data-element_type=\"widget\" data-e-type=\"widget\" data-widget_type=\"html.default\">\n\t\t\t\t<div class=\"elementor-widget-container\">\n\t\t\t\t\t<script>\njQuery(document).ready(function(){ \n    \/\/ Iterate through each pagination link\n    jQuery('a.page-numbers').each(function(index) { \n        \/\/ Get the current URL of the pagination link\n        var oldUrl = jQuery(this).attr('href'); \n\n        \/\/ Define a regular expression pattern to match the numeric portion of the URL\n        var pattern = \/\\\/[0-9]\\\/\/;\n        \n        \/\/ Extract the matched numeric portion\n        var matchedResult = oldUrl.match(pattern);\n\n        \/\/ Construct the new URL by appending '\/page' to the matched numeric portion\n        var newResult = '\/page' + matchedResult;\n\n        \/\/ Replace the old numeric portion with the new one in the URL\n        var newUrl = oldUrl.replace(matchedResult, newResult);\n\n        \/\/ Update the href attribute of the pagination link with the modified URL\n        jQuery(this).attr('href', newUrl);\n    }); \n});\n<\/script>\t\t\t\t<\/div>\n\t\t\t\t<\/div>\n\t\t\t\t<div class=\"elementor-element elementor-element-8d286c7 elementor-widget elementor-widget-spacer\" data-id=\"8d286c7\" data-element_type=\"widget\" data-e-type=\"widget\" data-widget_type=\"spacer.default\">\n\t\t\t\t<div class=\"elementor-widget-container\">\n\t\t\t\t\t\t\t<div class=\"elementor-spacer\">\n\t\t\t<div class=\"elementor-spacer-inner\"><\/div>\n\t\t<\/div>\n\t\t\t\t\t\t<\/div>\n\t\t\t\t<\/div>\n\t\t\t\t\t<\/div>\n\t\t\t\t<\/div>\n\t\t<div class=\"elementor-element elementor-element-4de91e3 e-flex e-con-boxed e-con e-parent\" data-id=\"4de91e3\" data-element_type=\"container\" data-e-type=\"container\" data-settings=\"{&quot;background_background&quot;:&quot;classic&quot;,&quot;jet_parallax_layout_list&quot;:[]}\">\n\t\t\t\t\t<div class=\"e-con-inner\">\n\t\t\t\t<div class=\"elementor-element elementor-element-7577362c elementor-widget elementor-widget-heading\" data-id=\"7577362c\" data-element_type=\"widget\" data-e-type=\"widget\" data-widget_type=\"heading.default\">\n\t\t\t\t<div class=\"elementor-widget-container\">\n\t\t\t\t\t<h3 class=\"elementor-heading-title elementor-size-default\">Parcourez nos th\u00e9matiques<\/h3>\t\t\t\t<\/div>\n\t\t\t\t<\/div>\n\t\t\t\t<div class=\"elementor-element elementor-element-405480ca elementor-widget elementor-widget-jet-carousel\" data-id=\"405480ca\" data-element_type=\"widget\" data-e-type=\"widget\" data-settings=\"{&quot;slides_to_show&quot;:&quot;4&quot;,&quot;slides_to_scroll&quot;:&quot;2&quot;,&quot;slides_to_show_mobile&quot;:&quot;2&quot;,&quot;slides_to_scroll_mobile&quot;:&quot;2&quot;}\" data-widget_type=\"jet-carousel.default\">\n\t\t\t\t<div class=\"elementor-widget-container\">\n\t\t\t\t\t<div class=\"elementor-jet-carousel jet-elements\"><div class=\"jet-carousel-wrap jet-equal-cols\">\n\t<div class=\"jet-carousel\" data-slider_options=\"{&quot;autoplaySpeed&quot;:5000,&quot;autoplay&quot;:true,&quot;infinite&quot;:true,&quot;centerMode&quot;:false,&quot;centerPadding&quot;:&quot;50px&quot;,&quot;pauseOnHover&quot;:false,&quot;speed&quot;:500,&quot;arrows&quot;:false,&quot;dots&quot;:true,&quot;variableWidth&quot;:false,&quot;prevArrow&quot;:&quot;.jet-carousel__prev-arrow-405480ca&quot;,&quot;nextArrow&quot;:&quot;.jet-carousel__next-arrow-405480ca&quot;,&quot;rtl&quot;:false,&quot;fractionNav&quot;:false}\" dir=\"ltr\">\n\t<div class=\"elementor-slick-slider\">\n<div class=\"jet-carousel__item\">\n\t<div class=\"jet-carousel__item-inner\">\n\t<figure class=\"jet-banner jet-effect-sadie\"><a href=\"https:\/\/fondationrivieres.org\/tag\/pollution\" class=\"jet-banner__link\"><div class=\"jet-banner__overlay\"><\/div><img decoding=\"async\" src=\"https:\/\/fondationrivieres.org\/wp-content\/uploads\/2022\/07\/kayla-gibson-Qv0qZfsoGEk-unsplash-1024x683.jpg\" class=\"jet-banner__img\" alt=\"Kayla_Gibson_Unsplash_OS - Eutrophisation cours d&#039;eau\" loading=\"lazy\"><figcaption class=\"jet-banner__content\"><div class=\"jet-banner__content-wrap\"><p class=\"jet-banner__title\">Pollution<\/p><\/div><\/figcaption><\/a><\/figure>\n\t<\/div>\n<\/div><div class=\"jet-carousel__item\">\n\t<div class=\"jet-carousel__item-inner\">\n\t<figure class=\"jet-banner jet-effect-sadie\"><a href=\"https:\/\/fondationrivieres.org\/tag\/energie\" class=\"jet-banner__link\"><div class=\"jet-banner__overlay\"><\/div><img decoding=\"async\" src=\"https:\/\/fondationrivieres.org\/wp-content\/uploads\/2024\/01\/e\u0301oliennes_hiver_jason-blackeye-nyL-rzwP-Mk-unsplash-1024x683.jpg\" class=\"jet-banner__img\" alt=\"\u00c9oliennes_hiver_jason-blackeye_unsplash_privatiser notre \u00e9lectricit\u00e9_alternatives aux barrages\" loading=\"lazy\"><figcaption class=\"jet-banner__content\"><div class=\"jet-banner__content-wrap\"><p class=\"jet-banner__title\">\u00c9nergie<\/p><\/div><\/figcaption><\/a><\/figure>\n\t<\/div>\n<\/div><div class=\"jet-carousel__item\">\n\t<div class=\"jet-carousel__item-inner\">\n\t<figure class=\"jet-banner jet-effect-sadie\"><a href=\"Biodiversit\u00e9\" class=\"jet-banner__link\"><div class=\"jet-banner__overlay\"><\/div><img decoding=\"async\" src=\"https:\/\/fondationrivieres.org\/wp-content\/uploads\/2022\/12\/Riviere-des-Mille-Iles_Biodiversite_Andre-Chevrier-1024x681.jpg\" class=\"jet-banner__img\" alt=\"Rivi\u00e8re des Mille \u00celes\" loading=\"lazy\"><figcaption class=\"jet-banner__content\"><div class=\"jet-banner__content-wrap\"><p class=\"jet-banner__title\">Biodiversit\u00e9<\/p><\/div><\/figcaption><\/a><\/figure>\n\t<\/div>\n<\/div><div class=\"jet-carousel__item\">\n\t<div class=\"jet-carousel__item-inner\">\n\t<figure class=\"jet-banner jet-effect-sadie\"><a href=\"Baignade et sports nautiques\" class=\"jet-banner__link\"><div class=\"jet-banner__overlay\"><\/div><img decoding=\"async\" src=\"https:\/\/fondationrivieres.org\/wp-content\/uploads\/2023\/06\/iStock-1189800489-1024x683.jpg\" class=\"jet-banner__img\" alt=\"Grand Splash - Saint-Joseph de Sorel 2023 - Istock\" loading=\"lazy\"><figcaption class=\"jet-banner__content\"><div class=\"jet-banner__content-wrap\"><p class=\"jet-banner__title\">Baignade et sports nautiques<\/p><\/div><\/figcaption><\/a><\/figure>\n\t<\/div>\n<\/div><div class=\"jet-carousel__item\">\n\t<div class=\"jet-carousel__item-inner\">\n\t<figure class=\"jet-banner jet-effect-sadie\"><a href=\"https:\/\/fondationrivieres.org\/tag\/adoptez-une-riviere\/\" class=\"jet-banner__link\"><div class=\"jet-banner__overlay\"><\/div><img decoding=\"async\" src=\"https:\/\/fondationrivieres.org\/wp-content\/uploads\/2023\/03\/Riviere-Sainte-Anne_Adoptez-une-riviere_fonce-boite-CTA.jpg\" class=\"jet-banner__img\" alt=\"Adoptez une rivi\u00e8re\" loading=\"lazy\"><figcaption class=\"jet-banner__content\"><div class=\"jet-banner__content-wrap\"><p class=\"jet-banner__title\">Adoptez une rivi\u00e8re<\/p><\/div><\/figcaption><\/a><\/figure>\n\t<\/div>\n<\/div><div class=\"jet-carousel__item\">\n\t<div class=\"jet-carousel__item-inner\">\n\t<figure class=\"jet-banner jet-effect-sadie\"><a href=\"https:\/\/fondationrivieres.org\/tag\/preservation\" class=\"jet-banner__link\"><div class=\"jet-banner__overlay\"><\/div><img decoding=\"async\" src=\"https:\/\/fondationrivieres.org\/wp-content\/uploads\/2021\/11\/St-Jerome_Riviere-du-Nord_1-1024x768.jpg\" class=\"jet-banner__img\" alt=\"Philippe Maisonneuve_Rivi\u00e8re-du-Nord_Saint-J\u00e9r\u00f4me_Fondation-Rivi\u00e8res\" loading=\"lazy\"><figcaption class=\"jet-banner__content\"><div class=\"jet-banner__content-wrap\"><p class=\"jet-banner__title\">Pr\u00e9servation<\/p><\/div><\/figcaption><\/a><\/figure>\n\t<\/div>\n<\/div><div class=\"jet-carousel__item\">\n\t<div class=\"jet-carousel__item-inner\">\n\t<figure class=\"jet-banner jet-effect-sadie\"><a href=\"https:\/\/fondationrivieres.org\/tag\/culture-et-communautes\/\" class=\"jet-banner__link\"><div class=\"jet-banner__overlay\"><\/div><img decoding=\"async\" src=\"https:\/\/fondationrivieres.org\/wp-content\/uploads\/2024\/01\/ALR_STILLS_002_-cre\u0301dit-Rapide-Blanc-1024x576.jpeg\" class=\"jet-banner__img\" alt=\"ALR_STILLS_Cr\u00e9dit : Rapide Blanc - Apr\u00e8s la Romaine - Roy Dupuis\" loading=\"lazy\"><figcaption class=\"jet-banner__content\"><div class=\"jet-banner__content-wrap\"><p class=\"jet-banner__title\">Culture et communaut\u00e9<\/p><\/div><\/figcaption><\/a><\/figure>\n\t<\/div>\n<\/div><div class=\"jet-carousel__item\">\n\t<div class=\"jet-carousel__item-inner\">\n\t<figure class=\"jet-banner jet-effect-sadie\"><a href=\"https:\/\/fondationrivieres.org\/tag\/climat\" class=\"jet-banner__link\"><div class=\"jet-banner__overlay\"><\/div><img decoding=\"async\" src=\"https:\/\/fondationrivieres.org\/wp-content\/uploads\/2024\/01\/annie-spratt-O_Lyb6Et9Hw-unsplash.jpeg\" class=\"jet-banner__img\" alt=\"Annie Spratt_Unsplash_climat\" loading=\"lazy\"><figcaption class=\"jet-banner__content\"><div class=\"jet-banner__content-wrap\"><p class=\"jet-banner__title\">Climat<\/p><\/div><\/figcaption><\/a><\/figure>\n\t<\/div>\n<\/div><\/div><\/div>\n<\/div>\n<\/div>\t\t\t\t<\/div>\n\t\t\t\t<\/div>\n\t\t\t\t\t<\/div>\n\t\t\t\t<\/div>\n\t\t<div class=\"elementor-element elementor-element-330abf59 e-flex e-con-boxed e-con e-parent\" data-id=\"330abf59\" data-element_type=\"container\" data-e-type=\"container\" data-settings=\"{&quot;jet_parallax_layout_list&quot;:[],&quot;background_background&quot;:&quot;classic&quot;}\">\n\t\t\t\t\t<div class=\"e-con-inner\">\n\t\t\t\t<div class=\"elementor-element elementor-element-e15f2f8 elementor-view-default elementor-widget elementor-widget-icon\" data-id=\"e15f2f8\" data-element_type=\"widget\" data-e-type=\"widget\" data-widget_type=\"icon.default\">\n\t\t\t\t<div class=\"elementor-widget-container\">\n\t\t\t\t\t\t\t<div class=\"elementor-icon-wrapper\">\n\t\t\t<a class=\"elementor-icon\" href=\"https:\/\/fondationrivieres.org\/la-fondation\/contactez-nous\/\">\n\t\t\t<i aria-hidden=\"true\" class=\"fas fa-mail-bulk\"><\/i>\t\t\t<\/a>\n\t\t<\/div>\n\t\t\t\t\t\t<\/div>\n\t\t\t\t<\/div>\n\t\t\t\t<div class=\"elementor-element elementor-element-d75a877 elementor-widget elementor-widget-text-editor\" data-id=\"d75a877\" data-element_type=\"widget\" data-e-type=\"widget\" data-widget_type=\"text-editor.default\">\n\t\t\t\t<div class=\"elementor-widget-container\">\n\t\t\t\t\t\t\t\t\t<h4 style=\"text-align: center;\"><span style=\"color: #ffffff;\">Pour une demande d&rsquo;entrevue ou d&rsquo;information<\/span><\/h4>\t\t\t\t\t\t\t\t<\/div>\n\t\t\t\t<\/div>\n\t\t\t\t<div class=\"elementor-element elementor-element-e3bd67f elementor-align-center elementor-widget elementor-widget-global elementor-global-65123 elementor-widget-button\" data-id=\"e3bd67f\" data-element_type=\"widget\" data-e-type=\"widget\" data-widget_type=\"button.default\">\n\t\t\t\t<div class=\"elementor-widget-container\">\n\t\t\t\t\t\t\t\t\t<div class=\"elementor-button-wrapper\">\n\t\t\t\t\t<a class=\"elementor-button elementor-button-link elementor-size-md\" href=\"https:\/\/fondationrivieres.org\/la-fondation\/contactez-nous\/\">\n\t\t\t\t\t\t<span class=\"elementor-button-content-wrapper\">\n\t\t\t\t\t\t<span class=\"elementor-button-icon\">\n\t\t\t\t<i aria-hidden=\"true\" class=\"fas fa-arrow-right\"><\/i>\t\t\t<\/span>\n\t\t\t\t\t\t\t\t\t<span class=\"elementor-button-text\">Contactez-nous<\/span>\n\t\t\t\t\t<\/span>\n\t\t\t\t\t<\/a>\n\t\t\t\t<\/div>\n\t\t\t\t\t\t\t\t<\/div>\n\t\t\t\t<\/div>\n\t\t\t\t\t<\/div>\n\t\t\t\t<\/div>\n\t\t\t\t<\/div>\n\t\t","protected":false},"excerpt":{"rendered":"<p>Les derni\u00e8res actualit\u00e9s et ressources de la Fondation Rivi\u00e8res. Explorez \u00e9galement nos th\u00e9matiques reli\u00e9es \u00e0 la protection des rivi\u00e8res et cours d&rsquo;eau du Qu\u00e9bec.<\/p>","protected":false},"author":2,"featured_media":65131,"parent":0,"menu_order":0,"comment_status":"closed","ping_status":"closed","template":"","meta":{"footnotes":""},"class_list":["post-43837","page","type-page","status-publish","has-post-thumbnail","hentry"],"_links":{"self":[{"href":"https:\/\/fondationrivieres.org\/en\/wp-json\/wp\/v2\/pages\/43837","targetHints":{"allow":["GET"]}}],"collection":[{"href":"https:\/\/fondationrivieres.org\/en\/wp-json\/wp\/v2\/pages"}],"about":[{"href":"https:\/\/fondationrivieres.org\/en\/wp-json\/wp\/v2\/types\/page"}],"author":[{"embeddable":true,"href":"https:\/\/fondationrivieres.org\/en\/wp-json\/wp\/v2\/users\/2"}],"replies":[{"embeddable":true,"href":"https:\/\/fondationrivieres.org\/en\/wp-json\/wp\/v2\/comments?post=43837"}],"version-history":[{"count":94,"href":"https:\/\/fondationrivieres.org\/en\/wp-json\/wp\/v2\/pages\/43837\/revisions"}],"predecessor-version":[{"id":73153,"href":"https:\/\/fondationrivieres.org\/en\/wp-json\/wp\/v2\/pages\/43837\/revisions\/73153"}],"wp:featuredmedia":[{"embeddable":true,"href":"https:\/\/fondationrivieres.org\/en\/wp-json\/wp\/v2\/media\/65131"}],"wp:attachment":[{"href":"https:\/\/fondationrivieres.org\/en\/wp-json\/wp\/v2\/media?parent=43837"}],"curies":[{"name":"wp","href":"https:\/\/api.w.org\/{rel}","templated":true}]}}